{"id":60189,"date":"2026-03-01T15:00:45","date_gmt":"2026-03-01T14:00:45","guid":{"rendered":"https:\/\/www.urbanbiker.com\/?post_type=product&#038;p=60189"},"modified":"2026-04-17T13:39:10","modified_gmt":"2026-04-17T11:39:10","slug":"ub310b-e-bike-montanha-motor-central","status":"publish","type":"product","link":"https:\/\/www.urbanbiker.com\/pt-pt\/produto\/ub310b-e-bike-montanha-motor-central\/","title":{"rendered":"UB310B | E-Bike Montanha | Motor Central"},"content":{"rendered":"\t\t<div data-elementor-type=\"wp-post\" data-elementor-id=\"60189\" class=\"elementor elementor-60189 elementor-60171\">\n\t\t\t\t\t\t<section class=\"elementor-section elementor-top-section elementor-element elementor-element-7a7f464 elementor-section-boxed elementor-section-height-default elementor-section-height-default\" data-id=\"7a7f464\" data-element_type=\"section\" data-e-type=\"section\">\n\t\t\t\t\t\t<div class=\"elementor-container elementor-column-gap-default\">\n\t\t\t\t\t<div class=\"elementor-column elementor-col-100 elementor-top-column elementor-element elementor-element-7cc48a35\" data-id=\"7cc48a35\" data-element_type=\"column\" data-e-type=\"column\">\n\t\t\t<div class=\"elementor-widget-wrap elementor-element-populated\">\n\t\t\t\t\n\t\t<div class=\"elementor-element elementor-element-6133a932 elementor-widget elementor-widget-text-editor\" data-id=\"6133a932\" data-element_type=\"widget\" data-e-type=\"widget\" data-widget_type=\"text-editor.default\">\n\t\t\t\t<div class=\"elementor-widget-container\">\n\t\t\t\t\t\t\t\t\t<h2 style=\"text-align: center;\"><strong>Bicicleta El\u00e9trica de Montanha UB310B Semirr\u00edgida<\/strong><\/h2><p><strong>Motor central, para pedalar com mais equil\u00edbrio e naturalidade<\/strong><\/p><ul><li><strong>Motor central Bafang M510 \u2013 110 Nm de bin\u00e1rio:<\/strong> Localizado no centro do quadro para uma distribui\u00e7\u00e3o de pesos equilibrada. O motor central oferece uma assist\u00eancia suave e progressiva que acompanha a pedalagem de forma natural, ajudando especialmente quando o terreno se inclina ou o caminho se torna mais irregular. Assiste at\u00e9 25 km\/h, facilitando o avan\u00e7o sem exigir um esfor\u00e7o excessivo.<\/li><li><strong>Bateria integrada no quadro com Smart BMS. 48 V e 720 Wh (15 Ah) (remov\u00edvel):<\/strong> Grande capacidade para realizar percursos longos sem se preocupar com a autonomia. At\u00e9 140 km em modo ECO. Integrada no quadro para maior estabilidade, com sistema antirroubo e extra\u00e7\u00e3o simples para a recarga. Carregador inclu\u00eddo.<\/li><li><strong>Trav\u00f5es de disco hidr\u00e1ulicos Shimano:<\/strong> Discos de 180 mm \u00e0 frente e 160 mm atr\u00e1s que oferecem uma travagem segura, est\u00e1vel e f\u00e1cil de dosear, transmitindo confian\u00e7a em qualquer situa\u00e7\u00e3o.<\/li><li><strong>Display Bafang TFT DP C080 com Bluetooth:<\/strong> Ecr\u00e3 a cores claro e f\u00e1cil de usar. Permite consultar a velocidade, o n\u00edvel de assist\u00eancia, a dist\u00e2ncia e a autonomia restante num relance. Inclui conectividade Bluetooth e porta de carregamento para dispositivos.<\/li><\/ul><p>A <strong>UB310B<\/strong> \u00e9 uma bicicleta el\u00e9trica de montanha semirr\u00edgida com motor central, orientada para uma condu\u00e7\u00e3o equilibrada e natural em trilhos e caminhos.<\/p><p>A <strong>UB310B<\/strong> foi pensada para que o utilizador se sinta confort\u00e1vel e seguro desde o primeiro momento. O <strong>motor central<\/strong> ajuda a manter uma sensa\u00e7\u00e3o de pedalagem equilibrada, evitando solavancos e melhorando a estabilidade geral da bicicleta. As rodas de 29\u201d, a geometria do quadro e a suspens\u00e3o dianteira trabalham em conjunto para <strong>absorver as irregularidades<\/strong> do terreno, manter a trajet\u00f3ria e reduzir o cansa\u00e7o em percursos longos.<\/p><p>A transmiss\u00e3o Shimano de 10 velocidades, com cassete 11\u201343, permite adaptar o ritmo com facilidade, enquanto a posi\u00e7\u00e3o de pedalada favorece uma condu\u00e7\u00e3o relaxada e acess\u00edvel, pensada para desfrutar do caminho.<\/p>\t\t\t\t\t\t\t\t<\/div>\n\t\t\t\t<\/div>\n\t\t\t\t\t<\/div>\n\t\t<\/div>\n\t\t\t\t\t<\/div>\n\t\t<\/section>\n\t\t\t\t<section class=\"elementor-section elementor-top-section elementor-element elementor-element-923693c elementor-section-boxed elementor-section-height-default elementor-section-height-default\" data-id=\"923693c\" data-element_type=\"section\" data-e-type=\"section\">\n\t\t\t\t\t\t<div class=\"elementor-container elementor-column-gap-default\">\n\t\t\t\t\t<div class=\"elementor-column elementor-col-50 elementor-top-column elementor-element elementor-element-236b255\" data-id=\"236b255\" data-element_type=\"column\" data-e-type=\"column\">\n\t\t\t<div class=\"elementor-widget-wrap elementor-element-populated\">\n\t\t\t\t\t\t<div class=\"elementor-element elementor-element-8de6a4e elementor-widget elementor-widget-video\" data-id=\"8de6a4e\" data-element_type=\"widget\" data-e-type=\"widget\" data-settings=\"{&quot;youtube_url&quot;:&quot;https:\\\/\\\/www.youtube.com\\\/watch?v=jd8cSRfJmsc&quot;,&quot;video_type&quot;:&quot;youtube&quot;}\" data-widget_type=\"video.default\">\n\t\t\t\t<div class=\"elementor-widget-container\">\n\t\t\t\t\t\t\t<div class=\"elementor-wrapper elementor-open-inline\">\n\t\t\t<div class=\"elementor-video\"><\/div>\t\t<\/div>\n\t\t\t\t\t\t<\/div>\n\t\t\t\t<\/div>\n\t\t\t\t\t<\/div>\n\t\t<\/div>\n\t\t\t\t<div class=\"elementor-column elementor-col-50 elementor-top-column elementor-element elementor-element-d5bff8a\" data-id=\"d5bff8a\" data-element_type=\"column\" data-e-type=\"column\">\n\t\t\t<div class=\"elementor-widget-wrap elementor-element-populated\">\n\t\t\t\t\t\t<div class=\"elementor-element elementor-element-ab7c6a4 elementor-widget elementor-widget-video\" data-id=\"ab7c6a4\" data-element_type=\"widget\" data-e-type=\"widget\" data-settings=\"{&quot;youtube_url&quot;:&quot;https:\\\/\\\/youtu.be\\\/OGHeSgzJ9No&quot;,&quot;video_type&quot;:&quot;youtube&quot;}\" data-widget_type=\"video.default\">\n\t\t\t\t<div class=\"elementor-widget-container\">\n\t\t\t\t\t\t\t<div class=\"elementor-wrapper elementor-open-inline\">\n\t\t\t<div class=\"elementor-video\"><\/div>\t\t<\/div>\n\t\t\t\t\t\t<\/div>\n\t\t\t\t<\/div>\n\t\t\t\t\t<\/div>\n\t\t<\/div>\n\t\t\t\t\t<\/div>\n\t\t<\/section>\n\t\t\t\t<section class=\"elementor-section elementor-top-section elementor-element elementor-element-4f27456 elementor-section-boxed elementor-section-height-default elementor-section-height-default\" data-id=\"4f27456\" data-element_type=\"section\" data-e-type=\"section\">\n\t\t\t\t\t\t<div class=\"elementor-container elementor-column-gap-default\">\n\t\t\t\t\t<div class=\"elementor-column elementor-col-100 elementor-top-column elementor-element elementor-element-6a530dd\" data-id=\"6a530dd\" data-element_type=\"column\" data-e-type=\"column\">\n\t\t\t<div class=\"elementor-widget-wrap elementor-element-populated\">\n\t\t\t\t\t\t<div class=\"elementor-element elementor-element-566fe44 elementor-widget elementor-widget-text-editor\" data-id=\"566fe44\" data-element_type=\"widget\" data-e-type=\"widget\" data-widget_type=\"text-editor.default\">\n\t\t\t\t<div class=\"elementor-widget-container\">\n\t\t\t\t\t\t\t\t\t<h5><strong>Para quem quer subir de n\u00edvel na montanha<\/strong><\/h5><p><strong>A UB310B foi pensada para quem procura uma e-bike de montanha com motor central<\/strong>, maior controlo e sensa\u00e7\u00f5es mais pr\u00f3ximas da pedalagem tradicional, sem renunciar \u00e0 pot\u00eancia nem \u00e0 autonomia.<\/p><p>Uma bicicleta para desfrutar mais do caminho, gerir melhor o esfor\u00e7o e chegar mais longe com confian\u00e7a.<\/p><p><strong>Certifica\u00e7\u00f5es de qualidade e durabilidade<\/strong><br \/>A bicicleta el\u00e9trica de montanha <strong>UB310B<\/strong> cumpre com a norma europeia EN 15194, garantindo os mais elevados padr\u00f5es de seguran\u00e7a e qualidade.<\/p><p><em>*As especifica\u00e7\u00f5es podem variar consoante a disponibilidade, mas mantemos sempre o n\u00edvel mais elevado de exig\u00eancia.<\/em><\/p>\t\t\t\t\t\t\t\t<\/div>\n\t\t\t\t<\/div>\n\t\t\t\t\t<\/div>\n\t\t<\/div>\n\t\t\t\t\t<\/div>\n\t\t<\/section>\n\t\t\t\t<section class=\"elementor-section elementor-top-section elementor-element elementor-element-594dcdf elementor-section-boxed elementor-section-height-default elementor-section-height-default\" data-id=\"594dcdf\" data-element_type=\"section\" data-e-type=\"section\">\n\t\t\t\t\t\t<div class=\"elementor-container elementor-column-gap-default\">\n\t\t\t\t\t<div class=\"elementor-column elementor-col-100 elementor-top-column elementor-element elementor-element-e282c4f\" data-id=\"e282c4f\" data-element_type=\"column\" data-e-type=\"column\">\n\t\t\t<div class=\"elementor-widget-wrap elementor-element-populated\">\n\t\t\t\t\t\t<div class=\"elementor-element elementor-element-c8fc913 elementor-widget elementor-widget-text-editor\" data-id=\"c8fc913\" data-element_type=\"widget\" data-e-type=\"widget\" data-widget_type=\"text-editor.default\">\n\t\t\t\t<div class=\"elementor-widget-container\">\n\t\t\t\t\t\t\t\t\t<h3 style=\"text-align: center;\"><strong>Suporte UrbanBiker<\/strong><\/h3>\t\t\t\t\t\t\t\t<\/div>\n\t\t\t\t<\/div>\n\t\t\t\t\t<\/div>\n\t\t<\/div>\n\t\t\t\t\t<\/div>\n\t\t<\/section>\n\t\t\t\t<section class=\"elementor-section elementor-top-section elementor-element elementor-element-678e2566 elementor-section-boxed elementor-section-height-default elementor-section-height-default\" data-id=\"678e2566\" data-element_type=\"section\" data-e-type=\"section\">\n\t\t\t\t\t\t<div class=\"elementor-container elementor-column-gap-default\">\n\t\t\t\t\t<div class=\"elementor-column elementor-col-50 elementor-top-column elementor-element elementor-element-3c61e00d\" data-id=\"3c61e00d\" data-element_type=\"column\" data-e-type=\"column\">\n\t\t\t<div class=\"elementor-widget-wrap elementor-element-populated\">\n\t\t\t\t\t\t<div class=\"elementor-element elementor-element-545e48f4 elementor-widget elementor-widget-text-editor\" data-id=\"545e48f4\" data-element_type=\"widget\" data-e-type=\"widget\" data-widget_type=\"text-editor.default\">\n\t\t\t\t<div class=\"elementor-widget-container\">\n\t\t\t\t\t\t\t\t\t<h4><strong>Manuten\u00e7\u00e3o e repara\u00e7\u00e3o<\/strong><\/h4><p>Guias e instru\u00e7\u00f5es, tutoriais passo a passo, pe\u00e7as sobresselentes compat\u00edveis: encontre todas as informa\u00e7\u00f5es de que necessita para manter e reparar facilmente o seu produto.<\/p>\t\t\t\t\t\t\t\t<\/div>\n\t\t\t\t<\/div>\n\t\t\t\t<section class=\"elementor-section elementor-inner-section elementor-element elementor-element-36227256 elementor-section-boxed elementor-section-height-default elementor-section-height-default\" data-id=\"36227256\" data-element_type=\"section\" data-e-type=\"section\">\n\t\t\t\t\t\t<div class=\"elementor-container elementor-column-gap-default\">\n\t\t\t\t\t<div class=\"elementor-column elementor-col-50 elementor-inner-column elementor-element elementor-element-34d693a0\" data-id=\"34d693a0\" data-element_type=\"column\" data-e-type=\"column\">\n\t\t\t<div class=\"elementor-widget-wrap elementor-element-populated\">\n\t\t\t\t\t\t<div class=\"elementor-element elementor-element-757732f8 elementor-align-center elementor-button-outline elementor-widget elementor-widget-button\" data-id=\"757732f8\" data-element_type=\"widget\" data-e-type=\"widget\" data-widget_type=\"button.default\">\n\t\t\t\t<div class=\"elementor-widget-container\">\n\t\t\t\t\t\t\t\t\t<div class=\"elementor-button-wrapper\">\n\t\t\t\t\t<a class=\"elementor-button elementor-button-link elementor-size-sm\" href=\"https:\/\/urbanbiker.zendesk.com\/\">\n\t\t\t\t\t\t<span class=\"elementor-button-content-wrapper\">\n\t\t\t\t\t\t\t\t\t<span class=\"elementor-button-text\">Centro de<br>Ajuda<\/span>\n\t\t\t\t\t<\/span>\n\t\t\t\t\t<\/a>\n\t\t\t\t<\/div>\n\t\t\t\t\t\t\t\t<\/div>\n\t\t\t\t<\/div>\n\t\t\t\t\t<\/div>\n\t\t<\/div>\n\t\t\t\t<div class=\"elementor-column elementor-col-50 elementor-inner-column elementor-element elementor-element-75aa9913\" data-id=\"75aa9913\" data-element_type=\"column\" data-e-type=\"column\">\n\t\t\t<div class=\"elementor-widget-wrap elementor-element-populated\">\n\t\t\t\t\t\t<div class=\"elementor-element elementor-element-550df1a elementor-align-center elementor-button-default elementor-widget elementor-widget-button\" data-id=\"550df1a\" data-element_type=\"widget\" data-e-type=\"widget\" data-widget_type=\"button.default\">\n\t\t\t\t<div class=\"elementor-widget-container\">\n\t\t\t\t\t\t\t\t\t<div class=\"elementor-button-wrapper\">\n\t\t\t\t\t<a class=\"elementor-button elementor-button-link elementor-size-sm\" href=\"https:\/\/www.urbanbiker.com\/pt-pt\/categoria-produto\/componentes\/?filter_ebike=ub310b\">\n\t\t\t\t\t\t<span class=\"elementor-button-content-wrapper\">\n\t\t\t\t\t\t\t\t\t<span class=\"elementor-button-text\">Pe\u00e7as de<br>reposi\u00e7\u00e3o<\/span>\n\t\t\t\t\t<\/span>\n\t\t\t\t\t<\/a>\n\t\t\t\t<\/div>\n\t\t\t\t\t\t\t\t<\/div>\n\t\t\t\t<\/div>\n\t\t\t\t\t<\/div>\n\t\t<\/div>\n\t\t\t\t\t<\/div>\n\t\t<\/section>\n\t\t\t\t<div class=\"elementor-element elementor-element-47b8b609 elementor-align-justify elementor-button-info elementor-widget elementor-widget-button\" data-id=\"47b8b609\" data-element_type=\"widget\" data-e-type=\"widget\" data-widget_type=\"button.default\">\n\t\t\t\t<div class=\"elementor-widget-container\">\n\t\t\t\t\t\t\t\t\t<div class=\"elementor-button-wrapper\">\n\t\t\t\t\t<a class=\"elementor-button elementor-button-link elementor-size-sm\" href=\"https:\/\/www.urbanbiker.com\/pt-pt\/distribuidores-oficiais\/\">\n\t\t\t\t\t\t<span class=\"elementor-button-content-wrapper\">\n\t\t\t\t\t\t\t\t\t<span class=\"elementor-button-text\">Encontrar a loja \/ oficina mais pr\u00f3xima<\/span>\n\t\t\t\t\t<\/span>\n\t\t\t\t\t<\/a>\n\t\t\t\t<\/div>\n\t\t\t\t\t\t\t\t<\/div>\n\t\t\t\t<\/div>\n\t\t\t\t\t<\/div>\n\t\t<\/div>\n\t\t\t\t<div class=\"elementor-column elementor-col-50 elementor-top-column elementor-element elementor-element-4165b059\" data-id=\"4165b059\" data-element_type=\"column\" data-e-type=\"column\">\n\t\t\t<div class=\"elementor-widget-wrap elementor-element-populated\">\n\t\t\t\t\t\t<div class=\"elementor-element elementor-element-4956b94e elementor-widget elementor-widget-image\" data-id=\"4956b94e\" data-element_type=\"widget\" data-e-type=\"widget\" data-widget_type=\"image.default\">\n\t\t\t\t<div class=\"elementor-widget-container\">\n\t\t\t\t\t\t\t\t\t\t\t\t\t\t\t<img fetchpriority=\"high\" decoding=\"async\" width=\"980\" height=\"654\" src=\"https:\/\/www.urbanbiker.com\/wp-content\/uploads\/2024\/11\/servicio-tecnico-1024x683.jpg\" class=\"attachment-large size-large wp-image-35004\" alt=\"\" srcset=\"https:\/\/www.urbanbiker.com\/wp-content\/uploads\/2024\/11\/servicio-tecnico-1024x683.jpg 1024w, https:\/\/www.urbanbiker.com\/wp-content\/uploads\/2024\/11\/servicio-tecnico-300x200.jpg 300w, https:\/\/www.urbanbiker.com\/wp-content\/uploads\/2024\/11\/servicio-tecnico-768x512.jpg 768w, https:\/\/www.urbanbiker.com\/wp-content\/uploads\/2024\/11\/servicio-tecnico-800x533.jpg 800w, https:\/\/www.urbanbiker.com\/wp-content\/uploads\/2024\/11\/servicio-tecnico.jpg 1200w\" sizes=\"(max-width: 980px) 100vw, 980px\" \/>\t\t\t\t\t\t\t\t\t\t\t\t\t\t\t<\/div>\n\t\t\t\t<\/div>\n\t\t\t\t\t<\/div>\n\t\t<\/div>\n\t\t\t\t\t<\/div>\n\t\t<\/section>\n\t\t\t\t<\/div>\n\t\t","protected":false},"excerpt":{"rendered":"<h6 data-path-to-node=\"23\"><b data-path-to-node=\"23\" data-index-in-node=\"0\">UB310B: Bicicleta de montanha el\u00e9trica com motor central<\/b><\/h6>\n<p data-path-to-node=\"24\">A <b data-path-to-node=\"24\" data-index-in-node=\"2\">UB310B<\/b> \u00e9 uma e-MTB com <b data-path-to-node=\"24\" data-index-in-node=\"25\">motor central<\/b> muito silencioso que surpreende pela <b data-path-to-node=\"24\" data-index-in-node=\"76\">for\u00e7a<\/b> com que responde desde o primeiro momento. O impulso \u00e9 imediato, constante e muito superior ao dos motores de cubo traseiro, marcando um antes e um depois em sensa\u00e7\u00f5es e controlo. Foi concebida para quem procura uma assist\u00eancia natural, <b data-path-to-node=\"24\" data-index-in-node=\"319\">muito bin\u00e1rio<\/b> e maior <b data-path-to-node=\"24\" data-index-in-node=\"341\">controlo<\/b> em caminhos e trilhos exigentes, com um salto claro face aos motores traseiros, tanto em sensa\u00e7\u00f5es como em desempenho.<\/p>\n<p data-path-to-node=\"25\">uma el\u00e9trica que facilita a pedalagem, distribui melhor o esfor\u00e7o e permite desfrutar do percurso sem que as subidas ou o peso da bicicleta se tornem uma barreira.<\/p>\n<p><a href=\"https:\/\/www.urbanbiker.com\/wp-content\/uploads\/2025\/06\/UrbanBiker-Service-PT.png\"><img decoding=\"async\" class=\"alignnone size-medium wp-image-51962\" src=\"https:\/\/www.urbanbiker.com\/wp-content\/uploads\/2025\/06\/UrbanBiker-Service-PT-300x89.png\" alt=\"UrbanBiker Service - PT\" width=\"300\" height=\"89\" srcset=\"https:\/\/www.urbanbiker.com\/wp-content\/uploads\/2025\/06\/UrbanBiker-Service-PT-300x89.png 300w, https:\/\/www.urbanbiker.com\/wp-content\/uploads\/2025\/06\/UrbanBiker-Service-PT-1024x303.png 1024w, https:\/\/www.urbanbiker.com\/wp-content\/uploads\/2025\/06\/UrbanBiker-Service-PT-768x227.png 768w, https:\/\/www.urbanbiker.com\/wp-content\/uploads\/2025\/06\/UrbanBiker-Service-PT-1140x340.png 1140w, https:\/\/www.urbanbiker.com\/wp-content\/uploads\/2025\/06\/UrbanBiker-Service-PT-800x237.png 800w, https:\/\/www.urbanbiker.com\/wp-content\/uploads\/2025\/06\/UrbanBiker-Service-PT.png 1150w\" sizes=\"(max-width: 300px) 100vw, 300px\" \/><\/a><\/p>\n","protected":false},"featured_media":60433,"template":"","meta":[],"product_cat":[153,243,216],"product_tag":[],"class_list":{"0":"post-60189","1":"product","2":"type-product","3":"status-publish","4":"has-post-thumbnail","6":"product_cat-ebikes","7":"product_cat-bicicletas-de-montanha-electricas","8":"product_cat-bicicletas-electricas-com-motor-central","9":"pa_capacidad-bateria-720wh","10":"pa_color-azul-marinho","11":"pa_ebike-ub310b","12":"pa_talla-cuadro-l","13":"pa_talla-cuadro-m","14":"pa_tamano-rueda-29-pt-pt","16":"first","17":"instock","18":"featured","19":"taxable","20":"shipping-taxable","21":"purchasable","22":"product-type-variable"},"atum_controlled":true,"out_stock_date":null,"out_stock_threshold":null,"inheritable":true,"stock_on_hold":1,"sold_today":0,"sales_last_days":0,"out_stock_days":0,"lost_sales":0,"update_date":"2026-05-02T00:34:58","atum_locations":[],"atum_stock_status":"instock","restock_status":false,"low_stock_amount":"","sales_update_date":"2026-05-02T00:34:56","calc_backorders":null,"yoast_head":"<!-- This site is optimized with the Yoast SEO plugin v27.5 - https:\/\/yoast.com\/product\/yoast-seo-wordpress\/ -->\n<title>UB310B | E-Bike Montanha | Motor Central | UrbanBiker<\/title>\n<meta name=\"description\" content=\"A UB310B \u00e9 uma e-MTB com motor central muito silencioso que surpreende pela for\u00e7a com que responde desde o primeiro momento | UrbanBiker\" \/>\n<meta name=\"robots\" content=\"index, follow, max-snippet:-1, max-image-preview:large, max-video-preview:-1\" \/>\n<link rel=\"canonical\" href=\"https:\/\/www.urbanbiker.com\/pt-pt\/produto\/ub310b-e-bike-montanha-motor-central\/\" \/>\n<meta property=\"og:locale\" content=\"pt_PT\" \/>\n<meta property=\"og:type\" content=\"article\" \/>\n<meta property=\"og:title\" content=\"UB310B | E-Bike Montanha | Motor Central | UrbanBiker\" \/>\n<meta property=\"og:description\" content=\"A UB310B \u00e9 uma e-MTB com motor central muito silencioso que surpreende pela for\u00e7a com que responde desde o primeiro momento | UrbanBiker\" \/>\n<meta property=\"og:url\" content=\"https:\/\/www.urbanbiker.com\/pt-pt\/produto\/ub310b-e-bike-montanha-motor-central\/\" \/>\n<meta property=\"og:site_name\" content=\"UrbanBiker\" \/>\n<meta property=\"article:publisher\" content=\"https:\/\/www.facebook.com\/Urbanbikerbiciselectricas\" \/>\n<meta property=\"article:modified_time\" content=\"2026-04-17T11:39:10+00:00\" \/>\n<meta property=\"og:image\" content=\"https:\/\/www.urbanbiker.com\/wp-content\/uploads\/2026\/01\/UB310B-01.jpg\" \/>\n\t<meta property=\"og:image:width\" content=\"1080\" \/>\n\t<meta property=\"og:image:height\" content=\"1080\" \/>\n\t<meta property=\"og:image:type\" content=\"image\/jpeg\" \/>\n<meta name=\"twitter:card\" content=\"summary_large_image\" \/>\n<meta name=\"twitter:label1\" content=\"Tempo estimado de leitura\" \/>\n\t<meta name=\"twitter:data1\" content=\"3 minutos\" \/>\n<script type=\"application\/ld+json\" class=\"yoast-schema-graph\">{\"@context\":\"https:\\\/\\\/schema.org\",\"@graph\":[{\"@type\":\"WebPage\",\"@id\":\"https:\\\/\\\/www.urbanbiker.com\\\/pt-pt\\\/produto\\\/ub310b-e-bike-montanha-motor-central\\\/\",\"url\":\"https:\\\/\\\/www.urbanbiker.com\\\/pt-pt\\\/produto\\\/ub310b-e-bike-montanha-motor-central\\\/\",\"name\":\"UB310B | E-Bike Montanha | Motor Central | UrbanBiker\",\"isPartOf\":{\"@id\":\"https:\\\/\\\/www.urbanbiker.com\\\/pt-pt\\\/#website\"},\"primaryImageOfPage\":{\"@id\":\"https:\\\/\\\/www.urbanbiker.com\\\/pt-pt\\\/produto\\\/ub310b-e-bike-montanha-motor-central\\\/#primaryimage\"},\"image\":{\"@id\":\"https:\\\/\\\/www.urbanbiker.com\\\/pt-pt\\\/produto\\\/ub310b-e-bike-montanha-motor-central\\\/#primaryimage\"},\"thumbnailUrl\":\"https:\\\/\\\/www.urbanbiker.com\\\/wp-content\\\/uploads\\\/2026\\\/01\\\/UB310B-01.jpg\",\"datePublished\":\"2026-03-01T14:00:45+00:00\",\"dateModified\":\"2026-04-17T11:39:10+00:00\",\"description\":\"A UB310B \u00e9 uma e-MTB com motor central muito silencioso que surpreende pela for\u00e7a com que responde desde o primeiro momento | UrbanBiker\",\"breadcrumb\":{\"@id\":\"https:\\\/\\\/www.urbanbiker.com\\\/pt-pt\\\/produto\\\/ub310b-e-bike-montanha-motor-central\\\/#breadcrumb\"},\"inLanguage\":\"pt-PT\",\"potentialAction\":[{\"@type\":\"ReadAction\",\"target\":[\"https:\\\/\\\/www.urbanbiker.com\\\/pt-pt\\\/produto\\\/ub310b-e-bike-montanha-motor-central\\\/\"]}]},{\"@type\":\"ImageObject\",\"inLanguage\":\"pt-PT\",\"@id\":\"https:\\\/\\\/www.urbanbiker.com\\\/pt-pt\\\/produto\\\/ub310b-e-bike-montanha-motor-central\\\/#primaryimage\",\"url\":\"https:\\\/\\\/www.urbanbiker.com\\\/wp-content\\\/uploads\\\/2026\\\/01\\\/UB310B-01.jpg\",\"contentUrl\":\"https:\\\/\\\/www.urbanbiker.com\\\/wp-content\\\/uploads\\\/2026\\\/01\\\/UB310B-01.jpg\",\"width\":1080,\"height\":1080,\"caption\":\"UB310B-01\"},{\"@type\":\"BreadcrumbList\",\"@id\":\"https:\\\/\\\/www.urbanbiker.com\\\/pt-pt\\\/produto\\\/ub310b-e-bike-montanha-motor-central\\\/#breadcrumb\",\"itemListElement\":[{\"@type\":\"ListItem\",\"position\":1,\"name\":\"Portada\",\"item\":\"https:\\\/\\\/www.urbanbiker.com\\\/pt-pt\\\/\"},{\"@type\":\"ListItem\",\"position\":2,\"name\":\"Loja Bicicletas El\u00e9ctricas\",\"item\":\"https:\\\/\\\/www.urbanbiker.com\\\/pt-pt\\\/ebike-shop\\\/\"},{\"@type\":\"ListItem\",\"position\":3,\"name\":\"UB310B | E-Bike Montanha | Motor Central\"}]},{\"@type\":\"WebSite\",\"@id\":\"https:\\\/\\\/www.urbanbiker.com\\\/pt-pt\\\/#website\",\"url\":\"https:\\\/\\\/www.urbanbiker.com\\\/pt-pt\\\/\",\"name\":\"UrbanBiker\",\"description\":\"Bicicletas el\u00e9ctricas\",\"publisher\":{\"@id\":\"https:\\\/\\\/www.urbanbiker.com\\\/pt-pt\\\/#organization\"},\"potentialAction\":[{\"@type\":\"SearchAction\",\"target\":{\"@type\":\"EntryPoint\",\"urlTemplate\":\"https:\\\/\\\/www.urbanbiker.com\\\/pt-pt\\\/?s={search_term_string}\"},\"query-input\":{\"@type\":\"PropertyValueSpecification\",\"valueRequired\":true,\"valueName\":\"search_term_string\"}}],\"inLanguage\":\"pt-PT\"},{\"@type\":\"Organization\",\"@id\":\"https:\\\/\\\/www.urbanbiker.com\\\/pt-pt\\\/#organization\",\"name\":\"UrbanBiker\",\"url\":\"https:\\\/\\\/www.urbanbiker.com\\\/pt-pt\\\/\",\"logo\":{\"@type\":\"ImageObject\",\"inLanguage\":\"pt-PT\",\"@id\":\"https:\\\/\\\/www.urbanbiker.com\\\/pt-pt\\\/#\\\/schema\\\/logo\\\/image\\\/\",\"url\":\"https:\\\/\\\/www.urbanbiker.com\\\/wp-content\\\/uploads\\\/2022\\\/09\\\/Logo-principal-sin-fondo.png\",\"contentUrl\":\"https:\\\/\\\/www.urbanbiker.com\\\/wp-content\\\/uploads\\\/2022\\\/09\\\/Logo-principal-sin-fondo.png\",\"width\":2560,\"height\":934,\"caption\":\"UrbanBiker\"},\"image\":{\"@id\":\"https:\\\/\\\/www.urbanbiker.com\\\/pt-pt\\\/#\\\/schema\\\/logo\\\/image\\\/\"},\"sameAs\":[\"https:\\\/\\\/www.facebook.com\\\/Urbanbikerbiciselectricas\",\"https:\\\/\\\/www.instagram.com\\\/urbanbiker_\\\/\",\"https:\\\/\\\/www.linkedin.com\\\/company\\\/2454235\",\"https:\\\/\\\/www.youtube.com\\\/channel\\\/UCWR__uH_RWJF-OhPfz-9-Qw\"]}]}<\/script>\n<!-- \/ Yoast SEO plugin. -->","yoast_head_json":{"title":"UB310B | E-Bike Montanha | Motor Central | UrbanBiker","description":"A UB310B \u00e9 uma e-MTB com motor central muito silencioso que surpreende pela for\u00e7a com que responde desde o primeiro momento | UrbanBiker","robots":{"index":"index","follow":"follow","max-snippet":"max-snippet:-1","max-image-preview":"max-image-preview:large","max-video-preview":"max-video-preview:-1"},"canonical":"https:\/\/www.urbanbiker.com\/pt-pt\/produto\/ub310b-e-bike-montanha-motor-central\/","og_locale":"pt_PT","og_type":"article","og_title":"UB310B | E-Bike Montanha | Motor Central | UrbanBiker","og_description":"A UB310B \u00e9 uma e-MTB com motor central muito silencioso que surpreende pela for\u00e7a com que responde desde o primeiro momento | UrbanBiker","og_url":"https:\/\/www.urbanbiker.com\/pt-pt\/produto\/ub310b-e-bike-montanha-motor-central\/","og_site_name":"UrbanBiker","article_publisher":"https:\/\/www.facebook.com\/Urbanbikerbiciselectricas","article_modified_time":"2026-04-17T11:39:10+00:00","og_image":[{"width":1080,"height":1080,"url":"https:\/\/www.urbanbiker.com\/wp-content\/uploads\/2026\/01\/UB310B-01.jpg","type":"image\/jpeg"}],"twitter_card":"summary_large_image","twitter_misc":{"Tempo estimado de leitura":"3 minutos"},"schema":{"@context":"https:\/\/schema.org","@graph":[{"@type":"WebPage","@id":"https:\/\/www.urbanbiker.com\/pt-pt\/produto\/ub310b-e-bike-montanha-motor-central\/","url":"https:\/\/www.urbanbiker.com\/pt-pt\/produto\/ub310b-e-bike-montanha-motor-central\/","name":"UB310B | E-Bike Montanha | Motor Central | UrbanBiker","isPartOf":{"@id":"https:\/\/www.urbanbiker.com\/pt-pt\/#website"},"primaryImageOfPage":{"@id":"https:\/\/www.urbanbiker.com\/pt-pt\/produto\/ub310b-e-bike-montanha-motor-central\/#primaryimage"},"image":{"@id":"https:\/\/www.urbanbiker.com\/pt-pt\/produto\/ub310b-e-bike-montanha-motor-central\/#primaryimage"},"thumbnailUrl":"https:\/\/www.urbanbiker.com\/wp-content\/uploads\/2026\/01\/UB310B-01.jpg","datePublished":"2026-03-01T14:00:45+00:00","dateModified":"2026-04-17T11:39:10+00:00","description":"A UB310B \u00e9 uma e-MTB com motor central muito silencioso que surpreende pela for\u00e7a com que responde desde o primeiro momento | UrbanBiker","breadcrumb":{"@id":"https:\/\/www.urbanbiker.com\/pt-pt\/produto\/ub310b-e-bike-montanha-motor-central\/#breadcrumb"},"inLanguage":"pt-PT","potentialAction":[{"@type":"ReadAction","target":["https:\/\/www.urbanbiker.com\/pt-pt\/produto\/ub310b-e-bike-montanha-motor-central\/"]}]},{"@type":"ImageObject","inLanguage":"pt-PT","@id":"https:\/\/www.urbanbiker.com\/pt-pt\/produto\/ub310b-e-bike-montanha-motor-central\/#primaryimage","url":"https:\/\/www.urbanbiker.com\/wp-content\/uploads\/2026\/01\/UB310B-01.jpg","contentUrl":"https:\/\/www.urbanbiker.com\/wp-content\/uploads\/2026\/01\/UB310B-01.jpg","width":1080,"height":1080,"caption":"UB310B-01"},{"@type":"BreadcrumbList","@id":"https:\/\/www.urbanbiker.com\/pt-pt\/produto\/ub310b-e-bike-montanha-motor-central\/#breadcrumb","itemListElement":[{"@type":"ListItem","position":1,"name":"Portada","item":"https:\/\/www.urbanbiker.com\/pt-pt\/"},{"@type":"ListItem","position":2,"name":"Loja Bicicletas El\u00e9ctricas","item":"https:\/\/www.urbanbiker.com\/pt-pt\/ebike-shop\/"},{"@type":"ListItem","position":3,"name":"UB310B | E-Bike Montanha | Motor Central"}]},{"@type":"WebSite","@id":"https:\/\/www.urbanbiker.com\/pt-pt\/#website","url":"https:\/\/www.urbanbiker.com\/pt-pt\/","name":"UrbanBiker","description":"Bicicletas el\u00e9ctricas","publisher":{"@id":"https:\/\/www.urbanbiker.com\/pt-pt\/#organization"},"potentialAction":[{"@type":"SearchAction","target":{"@type":"EntryPoint","urlTemplate":"https:\/\/www.urbanbiker.com\/pt-pt\/?s={search_term_string}"},"query-input":{"@type":"PropertyValueSpecification","valueRequired":true,"valueName":"search_term_string"}}],"inLanguage":"pt-PT"},{"@type":"Organization","@id":"https:\/\/www.urbanbiker.com\/pt-pt\/#organization","name":"UrbanBiker","url":"https:\/\/www.urbanbiker.com\/pt-pt\/","logo":{"@type":"ImageObject","inLanguage":"pt-PT","@id":"https:\/\/www.urbanbiker.com\/pt-pt\/#\/schema\/logo\/image\/","url":"https:\/\/www.urbanbiker.com\/wp-content\/uploads\/2022\/09\/Logo-principal-sin-fondo.png","contentUrl":"https:\/\/www.urbanbiker.com\/wp-content\/uploads\/2022\/09\/Logo-principal-sin-fondo.png","width":2560,"height":934,"caption":"UrbanBiker"},"image":{"@id":"https:\/\/www.urbanbiker.com\/pt-pt\/#\/schema\/logo\/image\/"},"sameAs":["https:\/\/www.facebook.com\/Urbanbikerbiciselectricas","https:\/\/www.instagram.com\/urbanbiker_\/","https:\/\/www.linkedin.com\/company\/2454235","https:\/\/www.youtube.com\/channel\/UCWR__uH_RWJF-OhPfz-9-Qw"]}]}},"_links":{"self":[{"href":"https:\/\/www.urbanbiker.com\/pt-pt\/wp-json\/wp\/v2\/product\/60189","targetHints":{"allow":["GET"]}}],"collection":[{"href":"https:\/\/www.urbanbiker.com\/pt-pt\/wp-json\/wp\/v2\/product"}],"about":[{"href":"https:\/\/www.urbanbiker.com\/pt-pt\/wp-json\/wp\/v2\/types\/product"}],"version-history":[{"count":12,"href":"https:\/\/www.urbanbiker.com\/pt-pt\/wp-json\/wp\/v2\/product\/60189\/revisions"}],"predecessor-version":[{"id":61014,"href":"https:\/\/www.urbanbiker.com\/pt-pt\/wp-json\/wp\/v2\/product\/60189\/revisions\/61014"}],"wp:featuredmedia":[{"embeddable":true,"href":"https:\/\/www.urbanbiker.com\/pt-pt\/wp-json\/wp\/v2\/media\/60433"}],"wp:attachment":[{"href":"https:\/\/www.urbanbiker.com\/pt-pt\/wp-json\/wp\/v2\/media?parent=60189"}],"wp:term":[{"taxonomy":"product_cat","embeddable":true,"href":"https:\/\/www.urbanbiker.com\/pt-pt\/wp-json\/wp\/v2\/product_cat?post=60189"},{"taxonomy":"product_tag","embeddable":true,"href":"https:\/\/www.urbanbiker.com\/pt-pt\/wp-json\/wp\/v2\/product_tag?post=60189"}],"curies":[{"name":"wp","href":"https:\/\/api.w.org\/{rel}","templated":true}]}}