{"id":35300,"date":"2025-04-13T15:54:11","date_gmt":"2025-04-13T13:54:11","guid":{"rendered":"https:\/\/www.urbanbiker.com\/tienda-bicicletas-electricas\/sem%20categoria\/mini-plus\/"},"modified":"2025-11-04T09:38:55","modified_gmt":"2025-11-04T08:38:55","slug":"mini-plus-e-bike-dobravewl-motor-central","status":"publish","type":"product","link":"https:\/\/www.urbanbiker.com\/pt-pt\/produto\/mini-plus-e-bike-dobravewl-motor-central\/","title":{"rendered":"Mini PLUS | E-Bike Dobr\u00e1vel | Motor Central"},"content":{"rendered":"\t\t<div data-elementor-type=\"wp-post\" data-elementor-id=\"35300\" class=\"elementor elementor-35300 elementor-31596\">\n\t\t\t\t\t\t<section class=\"elementor-section elementor-top-section elementor-element elementor-element-7a7f464 elementor-section-boxed elementor-section-height-default elementor-section-height-default\" data-id=\"7a7f464\" data-element_type=\"section\" data-e-type=\"section\">\n\t\t\t\t\t\t<div class=\"elementor-container elementor-column-gap-no\">\n\t\t\t\t\t<div class=\"elementor-column elementor-col-100 elementor-top-column elementor-element elementor-element-7cc48a35\" data-id=\"7cc48a35\" data-element_type=\"column\" data-e-type=\"column\">\n\t\t\t<div class=\"elementor-widget-wrap elementor-element-populated\">\n\t\t\t\t\n\t\t<div class=\"elementor-element elementor-element-6133a932 elementor-widget elementor-widget-text-editor\" data-id=\"6133a932\" data-element_type=\"widget\" data-e-type=\"widget\" data-widget_type=\"text-editor.default\">\n\t\t\t\t<div class=\"elementor-widget-container\">\n\t\t\t\t\t\t\t\t\t<h2 style=\"text-align: center;\">Bicicleta el\u00e9ctrica urbana dobr\u00e1vel com motor central Mini Plus<\/h2><p>Dobra, desdobra e pedala. A Mini Plus torna as desloca\u00e7\u00f5es pela cidade simples e eficientes porque \u00e9 dobr\u00e1vel, compacta e port\u00e1til. Sistema de desengate r\u00e1pido na roda dianteira. Leva-a contigo em comboios, autocarros, elevadores ou at\u00e9 mesmo guarda-a em casa sem ocupar espa\u00e7o. Combina-a com os transportes p\u00fablicos ou, se necess\u00e1rio, guarda-a na bagageira do carro.    <\/p><ul><li>O motor central UBK MID-S de 50 Nm transforma cada pedalada numa experi\u00eancia suave e perfeita porque oferece uma assist\u00eancia natural, adaptando-se perfeitamente ao teu esfor\u00e7o.<\/li><li>Bateria amov\u00edvel de 36V 15Ah (540W) com c\u00e9lulas Tesla 2170. Desfruta de uma autonomia de at\u00e9 100 km em modo ECO. Carregador inclu\u00eddo.  <\/li><li>Trav\u00f5es hidr\u00e1ulicos para um controlo e seguran\u00e7a em todas as manobras de travagem. Os pneus Schwalbe Big Apple Plus s\u00e3o \u00e0 prova de furos, para que possas desfrutar de cada passeio sem preocupa\u00e7\u00f5es. <\/li><li>UBK Systems Walk Mode 6 km\/h LCD Display: Perfeito para caminhar sem esfor\u00e7o com a tua bicicleta em subidas ou atravessar zonas pedonais.<\/li><\/ul><p>Com a Mini Plus, desfrutar de passeios de ebike n\u00e3o \u00e9 apenas f\u00e1cil, \u00e9 tamb\u00e9m confort\u00e1vel. Concebida a pensar em ti, com todos os componentes optimizados para o teu esfor\u00e7o: selim ergon\u00f3mico com gel para o m\u00e1ximo conforto durante longos dias de bicicleta, adaptado \u00e0s necessidades do ciclista urbano com punhos ergon\u00f3micos para um apoio confort\u00e1vel e seguro. <\/p>\t\t\t\t\t\t\t\t<\/div>\n\t\t\t\t<\/div>\n\t\t\t\t\t<\/div>\n\t\t<\/div>\n\t\t\t\t\t<\/div>\n\t\t<\/section>\n\t\t\t\t<section class=\"elementor-section elementor-top-section elementor-element elementor-element-b0b3488 elementor-section-boxed elementor-section-height-default elementor-section-height-default\" data-id=\"b0b3488\" data-element_type=\"section\" data-e-type=\"section\">\n\t\t\t\t\t\t<div class=\"elementor-container elementor-column-gap-default\">\n\t\t\t\t\t<div class=\"elementor-column elementor-col-50 elementor-top-column elementor-element elementor-element-9ee0a28\" data-id=\"9ee0a28\" data-element_type=\"column\" data-e-type=\"column\">\n\t\t\t<div class=\"elementor-widget-wrap elementor-element-populated\">\n\t\t\t\t\t\t<div class=\"elementor-element elementor-element-c80e85d elementor-widget elementor-widget-video\" data-id=\"c80e85d\" data-element_type=\"widget\" data-e-type=\"widget\" data-settings=\"{&quot;youtube_url&quot;:&quot;https:\\\/\\\/www.youtube.com\\\/watch?v=y6e3iRCKEjU&quot;,&quot;video_type&quot;:&quot;youtube&quot;}\" data-widget_type=\"video.default\">\n\t\t\t\t<div class=\"elementor-widget-container\">\n\t\t\t\t\t\t\t<div class=\"elementor-wrapper elementor-open-inline\">\n\t\t\t<div class=\"elementor-video\"><\/div>\t\t<\/div>\n\t\t\t\t\t\t<\/div>\n\t\t\t\t<\/div>\n\t\t\t\t\t<\/div>\n\t\t<\/div>\n\t\t\t\t<div class=\"elementor-column elementor-col-50 elementor-top-column elementor-element elementor-element-fa76fc3\" data-id=\"fa76fc3\" data-element_type=\"column\" data-e-type=\"column\">\n\t\t\t<div class=\"elementor-widget-wrap elementor-element-populated\">\n\t\t\t\t\t\t<div class=\"elementor-element elementor-element-b90617f elementor-widget elementor-widget-video\" data-id=\"b90617f\" data-element_type=\"widget\" data-e-type=\"widget\" data-settings=\"{&quot;youtube_url&quot;:&quot;https:\\\/\\\/www.youtube.com\\\/watch?v=eFsTFlwOxkk&quot;,&quot;video_type&quot;:&quot;youtube&quot;}\" data-widget_type=\"video.default\">\n\t\t\t\t<div class=\"elementor-widget-container\">\n\t\t\t\t\t\t\t<div class=\"elementor-wrapper elementor-open-inline\">\n\t\t\t<div class=\"elementor-video\"><\/div>\t\t<\/div>\n\t\t\t\t\t\t<\/div>\n\t\t\t\t<\/div>\n\t\t\t\t\t<\/div>\n\t\t<\/div>\n\t\t\t\t\t<\/div>\n\t\t<\/section>\n\t\t\t\t<section class=\"elementor-section elementor-top-section elementor-element elementor-element-4f27456 elementor-section-boxed elementor-section-height-default elementor-section-height-default\" data-id=\"4f27456\" data-element_type=\"section\" data-e-type=\"section\">\n\t\t\t\t\t\t<div class=\"elementor-container elementor-column-gap-no\">\n\t\t\t\t\t<div class=\"elementor-column elementor-col-100 elementor-top-column elementor-element elementor-element-6a530dd\" data-id=\"6a530dd\" data-element_type=\"column\" data-e-type=\"column\">\n\t\t\t<div class=\"elementor-widget-wrap elementor-element-populated\">\n\t\t\t\t\t\t<div class=\"elementor-element elementor-element-566fe44 elementor-widget elementor-widget-text-editor\" data-id=\"566fe44\" data-element_type=\"widget\" data-e-type=\"widget\" data-widget_type=\"text-editor.default\">\n\t\t\t\t<div class=\"elementor-widget-container\">\n\t\t\t\t\t\t\t\t\t<p>Compra online agora e descobre uma nova forma de te deslocares &#8211; com o Mini Plus, deslocares-te nunca foi t\u00e3o f\u00e1cil e divertido! <\/p><p><strong>Certifica\u00e7\u00e3o europeia de qualidade e durabilidade<\/strong>: A <strong>bicicleta urbana el\u00e9ctrica dobr\u00e1vel Mini<\/strong> <strong>PLUS<\/strong> est\u00e1 certificada de acordo com as normas europeias (2006\/42\/CE e 2004\/10\/CE), garantindo a m\u00e1xima seguran\u00e7a e qualidade.<\/p><p>*Embora as especifica\u00e7\u00f5es possam variar consoante a disponibilidade, s\u00e3o sempre mantidos os mais elevados padr\u00f5es.<\/p>\t\t\t\t\t\t\t\t<\/div>\n\t\t\t\t<\/div>\n\t\t\t\t\t<\/div>\n\t\t<\/div>\n\t\t\t\t\t<\/div>\n\t\t<\/section>\n\t\t\t\t<section class=\"elementor-section elementor-top-section elementor-element elementor-element-1f81b09 elementor-section-boxed elementor-section-height-default elementor-section-height-default\" data-id=\"1f81b09\" data-element_type=\"section\" data-e-type=\"section\">\n\t\t\t\t\t\t<div class=\"elementor-container elementor-column-gap-default\">\n\t\t\t\t\t<div class=\"elementor-column elementor-col-100 elementor-top-column elementor-element elementor-element-18f2a55\" data-id=\"18f2a55\" data-element_type=\"column\" data-e-type=\"column\">\n\t\t\t<div class=\"elementor-widget-wrap elementor-element-populated\">\n\t\t\t\t\t\t<div class=\"elementor-element elementor-element-293f743 elementor-widget elementor-widget-text-editor\" data-id=\"293f743\" data-element_type=\"widget\" data-e-type=\"widget\" data-widget_type=\"text-editor.default\">\n\t\t\t\t<div class=\"elementor-widget-container\">\n\t\t\t\t\t\t\t\t\t<h3 style=\"text-align: center;\"><strong>Suporte UrbanBiker<\/strong><\/h3>\t\t\t\t\t\t\t\t<\/div>\n\t\t\t\t<\/div>\n\t\t\t\t\t<\/div>\n\t\t<\/div>\n\t\t\t\t\t<\/div>\n\t\t<\/section>\n\t\t\t\t<section class=\"elementor-section elementor-top-section elementor-element elementor-element-3b333cb2 elementor-section-boxed elementor-section-height-default elementor-section-height-default\" data-id=\"3b333cb2\" data-element_type=\"section\" data-e-type=\"section\">\n\t\t\t\t\t\t<div class=\"elementor-container elementor-column-gap-default\">\n\t\t\t\t\t<div class=\"elementor-column elementor-col-50 elementor-top-column elementor-element elementor-element-79032369\" data-id=\"79032369\" data-element_type=\"column\" data-e-type=\"column\">\n\t\t\t<div class=\"elementor-widget-wrap elementor-element-populated\">\n\t\t\t\t\t\t<div class=\"elementor-element elementor-element-6f1aade6 elementor-widget elementor-widget-text-editor\" data-id=\"6f1aade6\" data-element_type=\"widget\" data-e-type=\"widget\" data-widget_type=\"text-editor.default\">\n\t\t\t\t<div class=\"elementor-widget-container\">\n\t\t\t\t\t\t\t\t\t<h4><strong>Manuten\u00e7\u00e3o e repara\u00e7\u00e3o<\/strong><\/h4><p>Guias e instru\u00e7\u00f5es, tutoriais passo a passo, pe\u00e7as sobresselentes compat\u00edveis: encontre todas as informa\u00e7\u00f5es de que necessita para manter e reparar facilmente o seu produto.<\/p>\t\t\t\t\t\t\t\t<\/div>\n\t\t\t\t<\/div>\n\t\t\t\t<section class=\"elementor-section elementor-inner-section elementor-element elementor-element-5adedd55 elementor-section-boxed elementor-section-height-default elementor-section-height-default\" data-id=\"5adedd55\" data-element_type=\"section\" data-e-type=\"section\">\n\t\t\t\t\t\t<div class=\"elementor-container elementor-column-gap-default\">\n\t\t\t\t\t<div class=\"elementor-column elementor-col-50 elementor-inner-column elementor-element elementor-element-3d62c026\" data-id=\"3d62c026\" data-element_type=\"column\" data-e-type=\"column\">\n\t\t\t<div class=\"elementor-widget-wrap elementor-element-populated\">\n\t\t\t\t\t\t<div class=\"elementor-element elementor-element-198564af elementor-align-center elementor-button-outline elementor-widget elementor-widget-button\" data-id=\"198564af\" data-element_type=\"widget\" data-e-type=\"widget\" data-widget_type=\"button.default\">\n\t\t\t\t<div class=\"elementor-widget-container\">\n\t\t\t\t\t\t\t\t\t<div class=\"elementor-button-wrapper\">\n\t\t\t\t\t<a class=\"elementor-button elementor-button-link elementor-size-sm\" href=\"https:\/\/urbanbiker.zendesk.com\/\">\n\t\t\t\t\t\t<span class=\"elementor-button-content-wrapper\">\n\t\t\t\t\t\t\t\t\t<span class=\"elementor-button-text\">Centro de<br>Ajuda<\/span>\n\t\t\t\t\t<\/span>\n\t\t\t\t\t<\/a>\n\t\t\t\t<\/div>\n\t\t\t\t\t\t\t\t<\/div>\n\t\t\t\t<\/div>\n\t\t\t\t\t<\/div>\n\t\t<\/div>\n\t\t\t\t<div class=\"elementor-column elementor-col-50 elementor-inner-column elementor-element elementor-element-5b1fcce2\" data-id=\"5b1fcce2\" data-element_type=\"column\" data-e-type=\"column\">\n\t\t\t<div class=\"elementor-widget-wrap elementor-element-populated\">\n\t\t\t\t\t\t<div class=\"elementor-element elementor-element-2c7cbf55 elementor-align-center elementor-button-default elementor-widget elementor-widget-button\" data-id=\"2c7cbf55\" data-element_type=\"widget\" data-e-type=\"widget\" data-widget_type=\"button.default\">\n\t\t\t\t<div class=\"elementor-widget-container\">\n\t\t\t\t\t\t\t\t\t<div class=\"elementor-button-wrapper\">\n\t\t\t\t\t<a class=\"elementor-button elementor-button-link elementor-size-sm\" href=\"https:\/\/www.urbanbiker.com\/pt-pt\/categoria-produto\/componentes\/?filter_ebike=mini-plus\">\n\t\t\t\t\t\t<span class=\"elementor-button-content-wrapper\">\n\t\t\t\t\t\t\t\t\t<span class=\"elementor-button-text\">Pe\u00e7as de<br>reposi\u00e7\u00e3o<\/span>\n\t\t\t\t\t<\/span>\n\t\t\t\t\t<\/a>\n\t\t\t\t<\/div>\n\t\t\t\t\t\t\t\t<\/div>\n\t\t\t\t<\/div>\n\t\t\t\t\t<\/div>\n\t\t<\/div>\n\t\t\t\t\t<\/div>\n\t\t<\/section>\n\t\t\t\t<div class=\"elementor-element elementor-element-d3a3c0d elementor-align-justify elementor-button-info elementor-widget elementor-widget-button\" data-id=\"d3a3c0d\" data-element_type=\"widget\" data-e-type=\"widget\" data-widget_type=\"button.default\">\n\t\t\t\t<div class=\"elementor-widget-container\">\n\t\t\t\t\t\t\t\t\t<div class=\"elementor-button-wrapper\">\n\t\t\t\t\t<a class=\"elementor-button elementor-button-link elementor-size-sm\" href=\"https:\/\/www.urbanbiker.com\/pt-pt\/distribuidores-oficiais\/\">\n\t\t\t\t\t\t<span class=\"elementor-button-content-wrapper\">\n\t\t\t\t\t\t\t\t\t<span class=\"elementor-button-text\">Encontrar a loja \/ oficina mais pr\u00f3xima<\/span>\n\t\t\t\t\t<\/span>\n\t\t\t\t\t<\/a>\n\t\t\t\t<\/div>\n\t\t\t\t\t\t\t\t<\/div>\n\t\t\t\t<\/div>\n\t\t\t\t\t<\/div>\n\t\t<\/div>\n\t\t\t\t<div class=\"elementor-column elementor-col-50 elementor-top-column elementor-element elementor-element-3c5b21c0\" data-id=\"3c5b21c0\" data-element_type=\"column\" data-e-type=\"column\">\n\t\t\t<div class=\"elementor-widget-wrap elementor-element-populated\">\n\t\t\t\t\t\t<div class=\"elementor-element elementor-element-3ea0414f elementor-widget elementor-widget-image\" data-id=\"3ea0414f\" data-element_type=\"widget\" data-e-type=\"widget\" data-widget_type=\"image.default\">\n\t\t\t\t<div class=\"elementor-widget-container\">\n\t\t\t\t\t\t\t\t\t\t\t\t\t\t\t<img fetchpriority=\"high\" decoding=\"async\" width=\"980\" height=\"654\" src=\"https:\/\/www.urbanbiker.com\/wp-content\/uploads\/2024\/11\/servicio-tecnico-1024x683.jpg\" class=\"attachment-large size-large wp-image-35004\" alt=\"\" srcset=\"https:\/\/www.urbanbiker.com\/wp-content\/uploads\/2024\/11\/servicio-tecnico-1024x683.jpg 1024w, https:\/\/www.urbanbiker.com\/wp-content\/uploads\/2024\/11\/servicio-tecnico-300x200.jpg 300w, https:\/\/www.urbanbiker.com\/wp-content\/uploads\/2024\/11\/servicio-tecnico-768x512.jpg 768w, https:\/\/www.urbanbiker.com\/wp-content\/uploads\/2024\/11\/servicio-tecnico-800x533.jpg 800w, https:\/\/www.urbanbiker.com\/wp-content\/uploads\/2024\/11\/servicio-tecnico.jpg 1200w\" sizes=\"(max-width: 980px) 100vw, 980px\" \/>\t\t\t\t\t\t\t\t\t\t\t\t\t\t\t<\/div>\n\t\t\t\t<\/div>\n\t\t\t\t\t<\/div>\n\t\t<\/div>\n\t\t\t\t\t<\/div>\n\t\t<\/section>\n\t\t\t\t<\/div>\n\t\t","protected":false},"excerpt":{"rendered":"<h6><strong>Mini PLUS: A E-Bike dobr\u00e1vel com motor central que vai onde tu fores com um motor de m\u00e9dia pot\u00eancia<\/strong><\/h6>\n<p>Esquece os engarrafamentos, as longas esperas e as limita\u00e7\u00f5es. A <strong>Mini PLUS<\/strong>, uma bicicleta el\u00e9ctrica urbana dobr\u00e1vel de motor central, foi concebida para se adaptar ao teu estilo de vida. Leve, pr\u00e1tica e ergon\u00f3mica, permite-te combinar facilmente diferentes modos de transporte, desfrutando de viagens sem esfor\u00e7o e confort\u00e1veis.<\/p>\n<p><a href=\"https:\/\/www.urbanbiker.com\/wp-content\/uploads\/2025\/06\/UrbanBiker-Service-PT.png\"><img decoding=\"async\" class=\"alignnone size-medium wp-image-51962\" src=\"https:\/\/www.urbanbiker.com\/wp-content\/uploads\/2025\/06\/UrbanBiker-Service-PT-300x89.png\" alt=\"UrbanBiker Service - PT\" width=\"300\" height=\"89\" srcset=\"https:\/\/www.urbanbiker.com\/wp-content\/uploads\/2025\/06\/UrbanBiker-Service-PT-300x89.png 300w, https:\/\/www.urbanbiker.com\/wp-content\/uploads\/2025\/06\/UrbanBiker-Service-PT-1024x303.png 1024w, https:\/\/www.urbanbiker.com\/wp-content\/uploads\/2025\/06\/UrbanBiker-Service-PT-768x227.png 768w, https:\/\/www.urbanbiker.com\/wp-content\/uploads\/2025\/06\/UrbanBiker-Service-PT-1140x340.png 1140w, https:\/\/www.urbanbiker.com\/wp-content\/uploads\/2025\/06\/UrbanBiker-Service-PT-800x237.png 800w, https:\/\/www.urbanbiker.com\/wp-content\/uploads\/2025\/06\/UrbanBiker-Service-PT.png 1150w\" sizes=\"(max-width: 300px) 100vw, 300px\" \/><\/a><\/p>\n","protected":false},"featured_media":34752,"template":"","meta":[],"product_cat":[217,153,216,169],"product_tag":[],"class_list":{"0":"post-35300","1":"product","2":"type-product","3":"status-publish","4":"has-post-thumbnail","6":"product_cat-bicicletas-electricas-dobraveis-urbanas","7":"product_cat-ebikes","8":"product_cat-bicicletas-electricas-com-motor-central","9":"product_cat-bicicletas-electricas-urbanas","10":"pa_capacidad-bateria-540wh","11":"pa_color-cinzento-metalizado","12":"pa_ebike-mini-plus","13":"pa_tamano-rueda-20-pt-pt","15":"first","16":"outofstock","17":"featured","18":"taxable","19":"shipping-taxable","20":"purchasable","21":"product-type-simple"},"atum_controlled":true,"out_stock_date":null,"out_stock_threshold":null,"inheritable":false,"stock_on_hold":0,"sold_today":0,"sales_last_days":0,"out_stock_days":0,"lost_sales":0,"update_date":"2026-04-30T00:28:26","atum_locations":[],"atum_stock_status":"outofstock","restock_status":false,"low_stock_amount":"","sales_update_date":"2026-04-30T00:28:25","calc_backorders":null,"yoast_head":"<!-- This site is optimized with the Yoast SEO plugin v27.5 - https:\/\/yoast.com\/product\/yoast-seo-wordpress\/ -->\n<title>Mini PLUS | Bicicleta el\u00e9ctrica urbana dobr\u00e1vel com motor central<\/title>\n<meta name=\"description\" content=\"A Mini PLUS \u00e9 uma bicicleta el\u00e9ctrica urbana dobr\u00e1vel de motor central, r\u00e1pida, vers\u00e1til e leve. Dobra, desdobra, pedala.\" \/>\n<meta name=\"robots\" content=\"index, follow, max-snippet:-1, max-image-preview:large, max-video-preview:-1\" \/>\n<link rel=\"canonical\" href=\"https:\/\/www.urbanbiker.com\/pt-pt\/produto\/mini-plus-e-bike-dobravewl-motor-central\/\" \/>\n<meta property=\"og:locale\" content=\"pt_PT\" \/>\n<meta property=\"og:type\" content=\"article\" \/>\n<meta property=\"og:title\" content=\"Mini PLUS | Bicicleta el\u00e9ctrica urbana dobr\u00e1vel com motor central\" \/>\n<meta property=\"og:description\" content=\"A Mini PLUS \u00e9 uma bicicleta el\u00e9ctrica urbana dobr\u00e1vel de motor central, r\u00e1pida, vers\u00e1til e leve. Dobra, desdobra, pedala.\" \/>\n<meta property=\"og:url\" content=\"https:\/\/www.urbanbiker.com\/pt-pt\/produto\/mini-plus-e-bike-dobravewl-motor-central\/\" \/>\n<meta property=\"og:site_name\" content=\"UrbanBiker\" \/>\n<meta property=\"article:publisher\" content=\"https:\/\/www.facebook.com\/Urbanbikerbiciselectricas\" \/>\n<meta property=\"article:modified_time\" content=\"2025-11-04T08:38:55+00:00\" \/>\n<meta property=\"og:image\" content=\"https:\/\/www.urbanbiker.com\/wp-content\/uploads\/2024\/11\/1-Urbanbiker-Mini-Plus.jpg\" \/>\n\t<meta property=\"og:image:width\" content=\"1080\" \/>\n\t<meta property=\"og:image:height\" content=\"1080\" \/>\n\t<meta property=\"og:image:type\" content=\"image\/jpeg\" \/>\n<meta name=\"twitter:card\" content=\"summary_large_image\" \/>\n<meta name=\"twitter:label1\" content=\"Tempo estimado de leitura\" \/>\n\t<meta name=\"twitter:data1\" content=\"3 minutos\" \/>\n<script type=\"application\/ld+json\" class=\"yoast-schema-graph\">{\"@context\":\"https:\\\/\\\/schema.org\",\"@graph\":[{\"@type\":\"WebPage\",\"@id\":\"https:\\\/\\\/www.urbanbiker.com\\\/pt-pt\\\/produto\\\/mini-plus-e-bike-dobravewl-motor-central\\\/\",\"url\":\"https:\\\/\\\/www.urbanbiker.com\\\/pt-pt\\\/produto\\\/mini-plus-e-bike-dobravewl-motor-central\\\/\",\"name\":\"Mini PLUS | Bicicleta el\u00e9ctrica urbana dobr\u00e1vel com motor central\",\"isPartOf\":{\"@id\":\"https:\\\/\\\/www.urbanbiker.com\\\/pt-pt\\\/#website\"},\"primaryImageOfPage\":{\"@id\":\"https:\\\/\\\/www.urbanbiker.com\\\/pt-pt\\\/produto\\\/mini-plus-e-bike-dobravewl-motor-central\\\/#primaryimage\"},\"image\":{\"@id\":\"https:\\\/\\\/www.urbanbiker.com\\\/pt-pt\\\/produto\\\/mini-plus-e-bike-dobravewl-motor-central\\\/#primaryimage\"},\"thumbnailUrl\":\"https:\\\/\\\/www.urbanbiker.com\\\/wp-content\\\/uploads\\\/2024\\\/11\\\/1-Urbanbiker-Mini-Plus.jpg\",\"datePublished\":\"2025-04-13T13:54:11+00:00\",\"dateModified\":\"2025-11-04T08:38:55+00:00\",\"description\":\"A Mini PLUS \u00e9 uma bicicleta el\u00e9ctrica urbana dobr\u00e1vel de motor central, r\u00e1pida, vers\u00e1til e leve. Dobra, desdobra, pedala.\",\"breadcrumb\":{\"@id\":\"https:\\\/\\\/www.urbanbiker.com\\\/pt-pt\\\/produto\\\/mini-plus-e-bike-dobravewl-motor-central\\\/#breadcrumb\"},\"inLanguage\":\"pt-PT\",\"potentialAction\":[{\"@type\":\"ReadAction\",\"target\":[\"https:\\\/\\\/www.urbanbiker.com\\\/pt-pt\\\/produto\\\/mini-plus-e-bike-dobravewl-motor-central\\\/\"]}]},{\"@type\":\"ImageObject\",\"inLanguage\":\"pt-PT\",\"@id\":\"https:\\\/\\\/www.urbanbiker.com\\\/pt-pt\\\/produto\\\/mini-plus-e-bike-dobravewl-motor-central\\\/#primaryimage\",\"url\":\"https:\\\/\\\/www.urbanbiker.com\\\/wp-content\\\/uploads\\\/2024\\\/11\\\/1-Urbanbiker-Mini-Plus.jpg\",\"contentUrl\":\"https:\\\/\\\/www.urbanbiker.com\\\/wp-content\\\/uploads\\\/2024\\\/11\\\/1-Urbanbiker-Mini-Plus.jpg\",\"width\":1080,\"height\":1080,\"caption\":\"Bicicleta el\u00e9ctrica urbana dobr\u00e1vel com motor central\"},{\"@type\":\"BreadcrumbList\",\"@id\":\"https:\\\/\\\/www.urbanbiker.com\\\/pt-pt\\\/produto\\\/mini-plus-e-bike-dobravewl-motor-central\\\/#breadcrumb\",\"itemListElement\":[{\"@type\":\"ListItem\",\"position\":1,\"name\":\"Portada\",\"item\":\"https:\\\/\\\/www.urbanbiker.com\\\/pt-pt\\\/\"},{\"@type\":\"ListItem\",\"position\":2,\"name\":\"Loja Bicicletas El\u00e9ctricas\",\"item\":\"https:\\\/\\\/www.urbanbiker.com\\\/pt-pt\\\/ebike-shop\\\/\"},{\"@type\":\"ListItem\",\"position\":3,\"name\":\"Mini PLUS | E-Bike Dobr\u00e1vel | Motor Central\"}]},{\"@type\":\"WebSite\",\"@id\":\"https:\\\/\\\/www.urbanbiker.com\\\/pt-pt\\\/#website\",\"url\":\"https:\\\/\\\/www.urbanbiker.com\\\/pt-pt\\\/\",\"name\":\"UrbanBiker\",\"description\":\"Bicicletas el\u00e9ctricas\",\"publisher\":{\"@id\":\"https:\\\/\\\/www.urbanbiker.com\\\/pt-pt\\\/#organization\"},\"potentialAction\":[{\"@type\":\"SearchAction\",\"target\":{\"@type\":\"EntryPoint\",\"urlTemplate\":\"https:\\\/\\\/www.urbanbiker.com\\\/pt-pt\\\/?s={search_term_string}\"},\"query-input\":{\"@type\":\"PropertyValueSpecification\",\"valueRequired\":true,\"valueName\":\"search_term_string\"}}],\"inLanguage\":\"pt-PT\"},{\"@type\":\"Organization\",\"@id\":\"https:\\\/\\\/www.urbanbiker.com\\\/pt-pt\\\/#organization\",\"name\":\"UrbanBiker\",\"url\":\"https:\\\/\\\/www.urbanbiker.com\\\/pt-pt\\\/\",\"logo\":{\"@type\":\"ImageObject\",\"inLanguage\":\"pt-PT\",\"@id\":\"https:\\\/\\\/www.urbanbiker.com\\\/pt-pt\\\/#\\\/schema\\\/logo\\\/image\\\/\",\"url\":\"https:\\\/\\\/www.urbanbiker.com\\\/wp-content\\\/uploads\\\/2022\\\/09\\\/Logo-principal-sin-fondo.png\",\"contentUrl\":\"https:\\\/\\\/www.urbanbiker.com\\\/wp-content\\\/uploads\\\/2022\\\/09\\\/Logo-principal-sin-fondo.png\",\"width\":2560,\"height\":934,\"caption\":\"UrbanBiker\"},\"image\":{\"@id\":\"https:\\\/\\\/www.urbanbiker.com\\\/pt-pt\\\/#\\\/schema\\\/logo\\\/image\\\/\"},\"sameAs\":[\"https:\\\/\\\/www.facebook.com\\\/Urbanbikerbiciselectricas\",\"https:\\\/\\\/www.instagram.com\\\/urbanbiker_\\\/\",\"https:\\\/\\\/www.linkedin.com\\\/company\\\/2454235\",\"https:\\\/\\\/www.youtube.com\\\/channel\\\/UCWR__uH_RWJF-OhPfz-9-Qw\"]}]}<\/script>\n<!-- \/ Yoast SEO plugin. -->","yoast_head_json":{"title":"Mini PLUS | Bicicleta el\u00e9ctrica urbana dobr\u00e1vel com motor central","description":"A Mini PLUS \u00e9 uma bicicleta el\u00e9ctrica urbana dobr\u00e1vel de motor central, r\u00e1pida, vers\u00e1til e leve. Dobra, desdobra, pedala.","robots":{"index":"index","follow":"follow","max-snippet":"max-snippet:-1","max-image-preview":"max-image-preview:large","max-video-preview":"max-video-preview:-1"},"canonical":"https:\/\/www.urbanbiker.com\/pt-pt\/produto\/mini-plus-e-bike-dobravewl-motor-central\/","og_locale":"pt_PT","og_type":"article","og_title":"Mini PLUS | Bicicleta el\u00e9ctrica urbana dobr\u00e1vel com motor central","og_description":"A Mini PLUS \u00e9 uma bicicleta el\u00e9ctrica urbana dobr\u00e1vel de motor central, r\u00e1pida, vers\u00e1til e leve. Dobra, desdobra, pedala.","og_url":"https:\/\/www.urbanbiker.com\/pt-pt\/produto\/mini-plus-e-bike-dobravewl-motor-central\/","og_site_name":"UrbanBiker","article_publisher":"https:\/\/www.facebook.com\/Urbanbikerbiciselectricas","article_modified_time":"2025-11-04T08:38:55+00:00","og_image":[{"width":1080,"height":1080,"url":"https:\/\/www.urbanbiker.com\/wp-content\/uploads\/2024\/11\/1-Urbanbiker-Mini-Plus.jpg","type":"image\/jpeg"}],"twitter_card":"summary_large_image","twitter_misc":{"Tempo estimado de leitura":"3 minutos"},"schema":{"@context":"https:\/\/schema.org","@graph":[{"@type":"WebPage","@id":"https:\/\/www.urbanbiker.com\/pt-pt\/produto\/mini-plus-e-bike-dobravewl-motor-central\/","url":"https:\/\/www.urbanbiker.com\/pt-pt\/produto\/mini-plus-e-bike-dobravewl-motor-central\/","name":"Mini PLUS | Bicicleta el\u00e9ctrica urbana dobr\u00e1vel com motor central","isPartOf":{"@id":"https:\/\/www.urbanbiker.com\/pt-pt\/#website"},"primaryImageOfPage":{"@id":"https:\/\/www.urbanbiker.com\/pt-pt\/produto\/mini-plus-e-bike-dobravewl-motor-central\/#primaryimage"},"image":{"@id":"https:\/\/www.urbanbiker.com\/pt-pt\/produto\/mini-plus-e-bike-dobravewl-motor-central\/#primaryimage"},"thumbnailUrl":"https:\/\/www.urbanbiker.com\/wp-content\/uploads\/2024\/11\/1-Urbanbiker-Mini-Plus.jpg","datePublished":"2025-04-13T13:54:11+00:00","dateModified":"2025-11-04T08:38:55+00:00","description":"A Mini PLUS \u00e9 uma bicicleta el\u00e9ctrica urbana dobr\u00e1vel de motor central, r\u00e1pida, vers\u00e1til e leve. Dobra, desdobra, pedala.","breadcrumb":{"@id":"https:\/\/www.urbanbiker.com\/pt-pt\/produto\/mini-plus-e-bike-dobravewl-motor-central\/#breadcrumb"},"inLanguage":"pt-PT","potentialAction":[{"@type":"ReadAction","target":["https:\/\/www.urbanbiker.com\/pt-pt\/produto\/mini-plus-e-bike-dobravewl-motor-central\/"]}]},{"@type":"ImageObject","inLanguage":"pt-PT","@id":"https:\/\/www.urbanbiker.com\/pt-pt\/produto\/mini-plus-e-bike-dobravewl-motor-central\/#primaryimage","url":"https:\/\/www.urbanbiker.com\/wp-content\/uploads\/2024\/11\/1-Urbanbiker-Mini-Plus.jpg","contentUrl":"https:\/\/www.urbanbiker.com\/wp-content\/uploads\/2024\/11\/1-Urbanbiker-Mini-Plus.jpg","width":1080,"height":1080,"caption":"Bicicleta el\u00e9ctrica urbana dobr\u00e1vel com motor central"},{"@type":"BreadcrumbList","@id":"https:\/\/www.urbanbiker.com\/pt-pt\/produto\/mini-plus-e-bike-dobravewl-motor-central\/#breadcrumb","itemListElement":[{"@type":"ListItem","position":1,"name":"Portada","item":"https:\/\/www.urbanbiker.com\/pt-pt\/"},{"@type":"ListItem","position":2,"name":"Loja Bicicletas El\u00e9ctricas","item":"https:\/\/www.urbanbiker.com\/pt-pt\/ebike-shop\/"},{"@type":"ListItem","position":3,"name":"Mini PLUS | E-Bike Dobr\u00e1vel | Motor Central"}]},{"@type":"WebSite","@id":"https:\/\/www.urbanbiker.com\/pt-pt\/#website","url":"https:\/\/www.urbanbiker.com\/pt-pt\/","name":"UrbanBiker","description":"Bicicletas el\u00e9ctricas","publisher":{"@id":"https:\/\/www.urbanbiker.com\/pt-pt\/#organization"},"potentialAction":[{"@type":"SearchAction","target":{"@type":"EntryPoint","urlTemplate":"https:\/\/www.urbanbiker.com\/pt-pt\/?s={search_term_string}"},"query-input":{"@type":"PropertyValueSpecification","valueRequired":true,"valueName":"search_term_string"}}],"inLanguage":"pt-PT"},{"@type":"Organization","@id":"https:\/\/www.urbanbiker.com\/pt-pt\/#organization","name":"UrbanBiker","url":"https:\/\/www.urbanbiker.com\/pt-pt\/","logo":{"@type":"ImageObject","inLanguage":"pt-PT","@id":"https:\/\/www.urbanbiker.com\/pt-pt\/#\/schema\/logo\/image\/","url":"https:\/\/www.urbanbiker.com\/wp-content\/uploads\/2022\/09\/Logo-principal-sin-fondo.png","contentUrl":"https:\/\/www.urbanbiker.com\/wp-content\/uploads\/2022\/09\/Logo-principal-sin-fondo.png","width":2560,"height":934,"caption":"UrbanBiker"},"image":{"@id":"https:\/\/www.urbanbiker.com\/pt-pt\/#\/schema\/logo\/image\/"},"sameAs":["https:\/\/www.facebook.com\/Urbanbikerbiciselectricas","https:\/\/www.instagram.com\/urbanbiker_\/","https:\/\/www.linkedin.com\/company\/2454235","https:\/\/www.youtube.com\/channel\/UCWR__uH_RWJF-OhPfz-9-Qw"]}]}},"_links":{"self":[{"href":"https:\/\/www.urbanbiker.com\/pt-pt\/wp-json\/wp\/v2\/product\/35300","targetHints":{"allow":["GET"]}}],"collection":[{"href":"https:\/\/www.urbanbiker.com\/pt-pt\/wp-json\/wp\/v2\/product"}],"about":[{"href":"https:\/\/www.urbanbiker.com\/pt-pt\/wp-json\/wp\/v2\/types\/product"}],"version-history":[{"count":13,"href":"https:\/\/www.urbanbiker.com\/pt-pt\/wp-json\/wp\/v2\/product\/35300\/revisions"}],"predecessor-version":[{"id":52051,"href":"https:\/\/www.urbanbiker.com\/pt-pt\/wp-json\/wp\/v2\/product\/35300\/revisions\/52051"}],"wp:featuredmedia":[{"embeddable":true,"href":"https:\/\/www.urbanbiker.com\/pt-pt\/wp-json\/wp\/v2\/media\/34752"}],"wp:attachment":[{"href":"https:\/\/www.urbanbiker.com\/pt-pt\/wp-json\/wp\/v2\/media?parent=35300"}],"wp:term":[{"taxonomy":"product_cat","embeddable":true,"href":"https:\/\/www.urbanbiker.com\/pt-pt\/wp-json\/wp\/v2\/product_cat?post=35300"},{"taxonomy":"product_tag","embeddable":true,"href":"https:\/\/www.urbanbiker.com\/pt-pt\/wp-json\/wp\/v2\/product_tag?post=35300"}],"curies":[{"name":"wp","href":"https:\/\/api.w.org\/{rel}","templated":true}]}}