{"id":35259,"date":"2025-04-13T17:13:41","date_gmt":"2025-04-13T15:13:41","guid":{"rendered":"https:\/\/www.urbanbiker.com\/tienda-bicicletas-electricas\/sem%20categoria\/mini\/"},"modified":"2026-04-17T13:12:36","modified_gmt":"2026-04-17T11:12:36","slug":"mini-bicicleta-electrica-urbana-dobravel","status":"publish","type":"product","link":"https:\/\/www.urbanbiker.com\/pt-pt\/produto\/mini-bicicleta-electrica-urbana-dobravel\/","title":{"rendered":"Mini | E-Bike Dobr\u00e1vel"},"content":{"rendered":"\t\t<div data-elementor-type=\"wp-post\" data-elementor-id=\"35259\" class=\"elementor elementor-35259 elementor-31561\">\n\t\t\t\t\t\t<section class=\"elementor-section elementor-top-section elementor-element elementor-element-7a7f464 elementor-section-boxed elementor-section-height-default elementor-section-height-default\" data-id=\"7a7f464\" data-element_type=\"section\" data-e-type=\"section\">\n\t\t\t\t\t\t<div class=\"elementor-container elementor-column-gap-default\">\n\t\t\t\t\t<div class=\"elementor-column elementor-col-100 elementor-top-column elementor-element elementor-element-7cc48a35\" data-id=\"7cc48a35\" data-element_type=\"column\" data-e-type=\"column\">\n\t\t\t<div class=\"elementor-widget-wrap elementor-element-populated\">\n\t\t\t\t\n\t\t<div class=\"elementor-element elementor-element-6133a932 elementor-widget elementor-widget-text-editor\" data-id=\"6133a932\" data-element_type=\"widget\" data-e-type=\"widget\" data-widget_type=\"text-editor.default\">\n\t\t\t\t<div class=\"elementor-widget-container\">\n\t\t\t\t\t\t\t\t\t<h2 style=\"text-align: center;\">Mini Bicicleta El\u00e9ctrica Urbana Dobr\u00e1vel<\/h2><p><strong>J\u00e1 n\u00e3o precisas de ser recolhido ou deixado em casa<\/strong>. Com a <strong>bicicleta el\u00e9ctrica Mini com sistema Bafang<\/strong>, podes ir onde quiseres, quando quiseres. O seu design <strong>dobr\u00e1vel<\/strong> torna-a perfeita para a combinares <strong>com outros transportes ou<\/strong> para <strong>a guardares sem ocupares espa\u00e7o<\/strong> em casa <strong>.<\/strong><\/p><ul><li><strong>250W Motor da roda traseira<\/strong> <strong>de sistema Bafang<\/strong> <strong>para uma estabilidade total<\/strong> com pot\u00eancia suficiente para atingir 25 km\/h (m\u00e1ximo permitido por lei).<\/li><li>Bateria amov\u00edvel (c\u00e9lulas Samsung) 36 V 540 Wh (15 Ah) que oferece <strong>at\u00e9 90 km de autonomia em modo ECO<\/strong>. Combina pot\u00eancia e leveza para que possa desfrutar das suas viagens sem se preocupar com a carga.<\/li><li>Trav\u00f5es de disco hidr\u00e1ulicos para proporcionar <strong>controlo e seguran\u00e7a em cada paragem<\/strong>. Pneus Schwalbe Big Apple Plus \u00e0 prova de furos com suspens\u00e3o natural para uma condu\u00e7\u00e3o suave e confort\u00e1vel, mesmo no asfalto. Mobilidade urbana sem stress nem vibra\u00e7\u00f5es inc\u00f3modas.<\/li><li><strong>TFT-Ecr\u00e3 Bafang <\/strong>com <strong>todas as informa\u00e7\u00f5es necess\u00e1rias na ponta dos teus dedos<\/strong>, 5 n\u00edveis de assist\u00eancia, modo de caminhada inclu\u00eddo para um arranque f\u00e1cil. Outras carater\u00edsticas de conforto incluem um selim ergon\u00f3mico em gel e punhos ergon\u00f3micos, porque o conforto \u00e9 uma prioridade.<\/li><\/ul><p>O <strong>bicicleta el\u00e9ctrica urbana dobr\u00e1vel Mini com sistema Bafang<\/strong> foi concebido para se adaptar a ti. O seu sistema de dobragem r\u00e1pida e o seu tamanho compacto permitem-te transport\u00e1-la facilmente na bagageira do teu carro, lev\u00e1-la no comboio ou guard\u00e1-la sem esfor\u00e7o em espa\u00e7os pequenos.<\/p>\t\t\t\t\t\t\t\t<\/div>\n\t\t\t\t<\/div>\n\t\t\t\t\t<\/div>\n\t\t<\/div>\n\t\t\t\t\t<\/div>\n\t\t<\/section>\n\t\t\t\t<section class=\"elementor-section elementor-top-section elementor-element elementor-element-923693c elementor-section-boxed elementor-section-height-default elementor-section-height-default\" data-id=\"923693c\" data-element_type=\"section\" data-e-type=\"section\">\n\t\t\t\t\t\t<div class=\"elementor-container elementor-column-gap-default\">\n\t\t\t\t\t<div class=\"elementor-column elementor-col-50 elementor-top-column elementor-element elementor-element-236b255\" data-id=\"236b255\" data-element_type=\"column\" data-e-type=\"column\">\n\t\t\t<div class=\"elementor-widget-wrap elementor-element-populated\">\n\t\t\t\t\t\t<div class=\"elementor-element elementor-element-8de6a4e elementor-widget elementor-widget-video\" data-id=\"8de6a4e\" data-element_type=\"widget\" data-e-type=\"widget\" data-settings=\"{&quot;youtube_url&quot;:&quot;https:\\\/\\\/www.youtube.com\\\/watch?v=y6e3iRCKEjU&quot;,&quot;video_type&quot;:&quot;youtube&quot;}\" data-widget_type=\"video.default\">\n\t\t\t\t<div class=\"elementor-widget-container\">\n\t\t\t\t\t\t\t<div class=\"elementor-wrapper elementor-open-inline\">\n\t\t\t<div class=\"elementor-video\"><\/div>\t\t<\/div>\n\t\t\t\t\t\t<\/div>\n\t\t\t\t<\/div>\n\t\t\t\t\t<\/div>\n\t\t<\/div>\n\t\t\t\t<div class=\"elementor-column elementor-col-50 elementor-top-column elementor-element elementor-element-d5bff8a\" data-id=\"d5bff8a\" data-element_type=\"column\" data-e-type=\"column\">\n\t\t\t<div class=\"elementor-widget-wrap elementor-element-populated\">\n\t\t\t\t\t\t<div class=\"elementor-element elementor-element-ab7c6a4 elementor-widget elementor-widget-video\" data-id=\"ab7c6a4\" data-element_type=\"widget\" data-e-type=\"widget\" data-settings=\"{&quot;youtube_url&quot;:&quot;https:\\\/\\\/www.youtube.com\\\/watch?v=eFsTFlwOxkk&quot;,&quot;video_type&quot;:&quot;youtube&quot;}\" data-widget_type=\"video.default\">\n\t\t\t\t<div class=\"elementor-widget-container\">\n\t\t\t\t\t\t\t<div class=\"elementor-wrapper elementor-open-inline\">\n\t\t\t<div class=\"elementor-video\"><\/div>\t\t<\/div>\n\t\t\t\t\t\t<\/div>\n\t\t\t\t<\/div>\n\t\t\t\t\t<\/div>\n\t\t<\/div>\n\t\t\t\t\t<\/div>\n\t\t<\/section>\n\t\t\t\t<section class=\"elementor-section elementor-top-section elementor-element elementor-element-4f27456 elementor-section-boxed elementor-section-height-default elementor-section-height-default\" data-id=\"4f27456\" data-element_type=\"section\" data-e-type=\"section\">\n\t\t\t\t\t\t<div class=\"elementor-container elementor-column-gap-default\">\n\t\t\t\t\t<div class=\"elementor-column elementor-col-100 elementor-top-column elementor-element elementor-element-6a530dd\" data-id=\"6a530dd\" data-element_type=\"column\" data-e-type=\"column\">\n\t\t\t<div class=\"elementor-widget-wrap elementor-element-populated\">\n\t\t\t\t\t\t<div class=\"elementor-element elementor-element-566fe44 elementor-widget elementor-widget-text-editor\" data-id=\"566fe44\" data-element_type=\"widget\" data-e-type=\"widget\" data-widget_type=\"text-editor.default\">\n\t\t\t\t<div class=\"elementor-widget-container\">\n\t\t\t\t\t\t\t\t\t<p>A vida \u00e9 demasiado curta para dependeres dos outros. Com a <strong>bicicleta urbana el\u00e9ctrica dobr\u00e1vel Minicom sistema Bafang<\/strong>, vais recuperar a tua liberdade e desfrutar de cada momento na estrada.<\/p><p><strong>Est\u00e1 pronto para dar o salto?<\/strong><br \/>D\u00ea o salto hoje e transforme a sua mobilidade!<\/p><p><strong>Certifica\u00e7\u00f5es de qualidade e durabilidade<\/strong><br \/>A <strong>bicicleta urbana el\u00e9ctrica dobr\u00e1vel Mini<\/strong> est\u00e1 homologada de acordo com as normas europeias (2006\/42\/CE e 2004\/10\/CE), garantindo a m\u00e1xima seguran\u00e7a e qualidade.<\/p><p><em>*Embora as especifica\u00e7\u00f5es possam variar consoante a disponibilidade, s\u00e3o sempre mantidos os mais elevados padr\u00f5es.<\/em><\/p>\t\t\t\t\t\t\t\t<\/div>\n\t\t\t\t<\/div>\n\t\t\t\t\t<\/div>\n\t\t<\/div>\n\t\t\t\t\t<\/div>\n\t\t<\/section>\n\t\t\t\t<section class=\"elementor-section elementor-top-section elementor-element elementor-element-2c78690 elementor-section-boxed elementor-section-height-default elementor-section-height-default\" data-id=\"2c78690\" data-element_type=\"section\" data-e-type=\"section\">\n\t\t\t\t\t\t<div class=\"elementor-container elementor-column-gap-default\">\n\t\t\t\t\t<div class=\"elementor-column elementor-col-100 elementor-top-column elementor-element elementor-element-10e0840\" data-id=\"10e0840\" data-element_type=\"column\" data-e-type=\"column\">\n\t\t\t<div class=\"elementor-widget-wrap elementor-element-populated\">\n\t\t\t\t\t\t<div class=\"elementor-element elementor-element-67af23b elementor-widget elementor-widget-text-editor\" data-id=\"67af23b\" data-element_type=\"widget\" data-e-type=\"widget\" data-widget_type=\"text-editor.default\">\n\t\t\t\t<div class=\"elementor-widget-container\">\n\t\t\t\t\t\t\t\t\t<h3 style=\"text-align: center;\"><strong>Suporte UrbanBiker<\/strong><\/h3>\t\t\t\t\t\t\t\t<\/div>\n\t\t\t\t<\/div>\n\t\t\t\t\t<\/div>\n\t\t<\/div>\n\t\t\t\t\t<\/div>\n\t\t<\/section>\n\t\t\t\t<section class=\"elementor-section elementor-top-section elementor-element elementor-element-2d08a86f elementor-section-boxed elementor-section-height-default elementor-section-height-default\" data-id=\"2d08a86f\" data-element_type=\"section\" data-e-type=\"section\">\n\t\t\t\t\t\t<div class=\"elementor-container elementor-column-gap-default\">\n\t\t\t\t\t<div class=\"elementor-column elementor-col-50 elementor-top-column elementor-element elementor-element-25829950\" data-id=\"25829950\" data-element_type=\"column\" data-e-type=\"column\">\n\t\t\t<div class=\"elementor-widget-wrap elementor-element-populated\">\n\t\t\t\t\t\t<div class=\"elementor-element elementor-element-778f55f7 elementor-widget elementor-widget-text-editor\" data-id=\"778f55f7\" data-element_type=\"widget\" data-e-type=\"widget\" data-widget_type=\"text-editor.default\">\n\t\t\t\t<div class=\"elementor-widget-container\">\n\t\t\t\t\t\t\t\t\t<h4><strong>Manuten\u00e7\u00e3o e repara\u00e7\u00e3o<\/strong><\/h4><p>Guias e instru\u00e7\u00f5es, tutoriais passo a passo, pe\u00e7as sobresselentes compat\u00edveis: encontre todas as informa\u00e7\u00f5es de que necessita para manter e reparar facilmente o seu produto.<\/p>\t\t\t\t\t\t\t\t<\/div>\n\t\t\t\t<\/div>\n\t\t\t\t<section class=\"elementor-section elementor-inner-section elementor-element elementor-element-24b24eb9 elementor-section-boxed elementor-section-height-default elementor-section-height-default\" data-id=\"24b24eb9\" data-element_type=\"section\" data-e-type=\"section\">\n\t\t\t\t\t\t<div class=\"elementor-container elementor-column-gap-default\">\n\t\t\t\t\t<div class=\"elementor-column elementor-col-50 elementor-inner-column elementor-element elementor-element-37f9ebd7\" data-id=\"37f9ebd7\" data-element_type=\"column\" data-e-type=\"column\">\n\t\t\t<div class=\"elementor-widget-wrap elementor-element-populated\">\n\t\t\t\t\t\t<div class=\"elementor-element elementor-element-179d1475 elementor-align-center elementor-button-outline elementor-widget elementor-widget-button\" data-id=\"179d1475\" data-element_type=\"widget\" data-e-type=\"widget\" data-widget_type=\"button.default\">\n\t\t\t\t<div class=\"elementor-widget-container\">\n\t\t\t\t\t\t\t\t\t<div class=\"elementor-button-wrapper\">\n\t\t\t\t\t<a class=\"elementor-button elementor-button-link elementor-size-sm\" href=\"https:\/\/urbanbiker.zendesk.com\/\">\n\t\t\t\t\t\t<span class=\"elementor-button-content-wrapper\">\n\t\t\t\t\t\t\t\t\t<span class=\"elementor-button-text\">Centro de<br>Ajuda<\/span>\n\t\t\t\t\t<\/span>\n\t\t\t\t\t<\/a>\n\t\t\t\t<\/div>\n\t\t\t\t\t\t\t\t<\/div>\n\t\t\t\t<\/div>\n\t\t\t\t\t<\/div>\n\t\t<\/div>\n\t\t\t\t<div class=\"elementor-column elementor-col-50 elementor-inner-column elementor-element elementor-element-66b786de\" data-id=\"66b786de\" data-element_type=\"column\" data-e-type=\"column\">\n\t\t\t<div class=\"elementor-widget-wrap elementor-element-populated\">\n\t\t\t\t\t\t<div class=\"elementor-element elementor-element-7bfc82f4 elementor-align-center elementor-button-default elementor-widget elementor-widget-button\" data-id=\"7bfc82f4\" data-element_type=\"widget\" data-e-type=\"widget\" data-widget_type=\"button.default\">\n\t\t\t\t<div class=\"elementor-widget-container\">\n\t\t\t\t\t\t\t\t\t<div class=\"elementor-button-wrapper\">\n\t\t\t\t\t<a class=\"elementor-button elementor-button-link elementor-size-sm\" href=\"https:\/\/www.urbanbiker.com\/pt-pt\/categoria-produto\/componentes\/?filter_ebike=mini\">\n\t\t\t\t\t\t<span class=\"elementor-button-content-wrapper\">\n\t\t\t\t\t\t\t\t\t<span class=\"elementor-button-text\">Pe\u00e7as de<br>reposi\u00e7\u00e3o<\/span>\n\t\t\t\t\t<\/span>\n\t\t\t\t\t<\/a>\n\t\t\t\t<\/div>\n\t\t\t\t\t\t\t\t<\/div>\n\t\t\t\t<\/div>\n\t\t\t\t\t<\/div>\n\t\t<\/div>\n\t\t\t\t\t<\/div>\n\t\t<\/section>\n\t\t\t\t<div class=\"elementor-element elementor-element-1819eb53 elementor-align-justify elementor-button-info elementor-widget elementor-widget-button\" data-id=\"1819eb53\" data-element_type=\"widget\" data-e-type=\"widget\" data-widget_type=\"button.default\">\n\t\t\t\t<div class=\"elementor-widget-container\">\n\t\t\t\t\t\t\t\t\t<div class=\"elementor-button-wrapper\">\n\t\t\t\t\t<a class=\"elementor-button elementor-button-link elementor-size-sm\" href=\"https:\/\/www.urbanbiker.com\/pt-pt\/distribuidores-oficiais\/\">\n\t\t\t\t\t\t<span class=\"elementor-button-content-wrapper\">\n\t\t\t\t\t\t\t\t\t<span class=\"elementor-button-text\">Encontrar a loja \/ oficina mais pr\u00f3xima<\/span>\n\t\t\t\t\t<\/span>\n\t\t\t\t\t<\/a>\n\t\t\t\t<\/div>\n\t\t\t\t\t\t\t\t<\/div>\n\t\t\t\t<\/div>\n\t\t\t\t\t<\/div>\n\t\t<\/div>\n\t\t\t\t<div class=\"elementor-column elementor-col-50 elementor-top-column elementor-element elementor-element-1b8af921\" data-id=\"1b8af921\" data-element_type=\"column\" data-e-type=\"column\">\n\t\t\t<div class=\"elementor-widget-wrap elementor-element-populated\">\n\t\t\t\t\t\t<div class=\"elementor-element elementor-element-1eff098d elementor-widget elementor-widget-image\" data-id=\"1eff098d\" data-element_type=\"widget\" data-e-type=\"widget\" data-widget_type=\"image.default\">\n\t\t\t\t<div class=\"elementor-widget-container\">\n\t\t\t\t\t\t\t\t\t\t\t\t\t\t\t<img fetchpriority=\"high\" decoding=\"async\" width=\"980\" height=\"654\" src=\"https:\/\/www.urbanbiker.com\/wp-content\/uploads\/2024\/11\/servicio-tecnico-1024x683.jpg\" class=\"attachment-large size-large wp-image-35004\" alt=\"\" srcset=\"https:\/\/www.urbanbiker.com\/wp-content\/uploads\/2024\/11\/servicio-tecnico-1024x683.jpg 1024w, https:\/\/www.urbanbiker.com\/wp-content\/uploads\/2024\/11\/servicio-tecnico-300x200.jpg 300w, https:\/\/www.urbanbiker.com\/wp-content\/uploads\/2024\/11\/servicio-tecnico-768x512.jpg 768w, https:\/\/www.urbanbiker.com\/wp-content\/uploads\/2024\/11\/servicio-tecnico-800x533.jpg 800w, https:\/\/www.urbanbiker.com\/wp-content\/uploads\/2024\/11\/servicio-tecnico.jpg 1200w\" sizes=\"(max-width: 980px) 100vw, 980px\" \/>\t\t\t\t\t\t\t\t\t\t\t\t\t\t\t<\/div>\n\t\t\t\t<\/div>\n\t\t\t\t\t<\/div>\n\t\t<\/div>\n\t\t\t\t\t<\/div>\n\t\t<\/section>\n\t\t\t\t<\/div>\n\t\t","protected":false},"excerpt":{"rendered":"<p><strong>Mini: A Ebike dobr\u00e1vel que vai para onde tu fores<\/strong><\/p>\n<p><strong>Recupera a tua liberdade e assume o controlo das tuas desloca\u00e7\u00f5es<\/strong> com a <strong>bicicleta el\u00e9ctrica urbana dobr\u00e1vel Mini com sistema Bafang<\/strong>. Esquece a depend\u00eancia de hor\u00e1rios ou de outras pessoas. Com um design pr\u00e1tico e f\u00e1cil de usar, esta <strong>bicicleta<\/strong> n\u00e3o s\u00f3 te leva onde queres ir, como tamb\u00e9m te devolve a independ\u00eancia que mereces. Leve, confort\u00e1vel e criada para simplificar o teu dia a dia, \u00e9 mais do que um simples meio de transporte: \u00e9 a tua solu\u00e7\u00e3o para te deslocares com total autonomia e desfrutares do teu tempo \u00e0 tua maneira.<\/p>\n<p><a href=\"https:\/\/www.urbanbiker.com\/wp-content\/uploads\/2025\/06\/UrbanBiker-Service-PT.png\"><img decoding=\"async\" class=\"alignnone size-medium wp-image-51962\" src=\"https:\/\/www.urbanbiker.com\/wp-content\/uploads\/2025\/06\/UrbanBiker-Service-PT-300x89.png\" alt=\"UrbanBiker Service - PT\" width=\"300\" height=\"89\" srcset=\"https:\/\/www.urbanbiker.com\/wp-content\/uploads\/2025\/06\/UrbanBiker-Service-PT-300x89.png 300w, https:\/\/www.urbanbiker.com\/wp-content\/uploads\/2025\/06\/UrbanBiker-Service-PT-1024x303.png 1024w, https:\/\/www.urbanbiker.com\/wp-content\/uploads\/2025\/06\/UrbanBiker-Service-PT-768x227.png 768w, https:\/\/www.urbanbiker.com\/wp-content\/uploads\/2025\/06\/UrbanBiker-Service-PT-1140x340.png 1140w, https:\/\/www.urbanbiker.com\/wp-content\/uploads\/2025\/06\/UrbanBiker-Service-PT-800x237.png 800w, https:\/\/www.urbanbiker.com\/wp-content\/uploads\/2025\/06\/UrbanBiker-Service-PT.png 1150w\" sizes=\"(max-width: 300px) 100vw, 300px\" \/><\/a><\/p>\n","protected":false},"featured_media":57557,"template":"","meta":[],"product_cat":[217,153,169],"product_tag":[],"class_list":{"0":"post-35259","1":"product","2":"type-product","3":"status-publish","4":"has-post-thumbnail","6":"product_cat-bicicletas-electricas-dobraveis-urbanas","7":"product_cat-ebikes","8":"product_cat-bicicletas-electricas-urbanas","9":"pa_capacidad-bateria-540wh","10":"pa_color-branco","11":"pa_color-preto","12":"pa_ebike-mini","14":"first","15":"instock","16":"taxable","17":"shipping-taxable","18":"purchasable","19":"product-type-variable"},"atum_controlled":true,"out_stock_date":null,"out_stock_threshold":null,"inheritable":true,"stock_on_hold":1,"sold_today":0,"sales_last_days":0,"out_stock_days":0,"lost_sales":0,"update_date":"2026-04-29T00:31:25","atum_locations":[],"atum_stock_status":"instock","restock_status":false,"low_stock_amount":"","sales_update_date":"2026-04-29T00:31:25","calc_backorders":null,"yoast_head":"<!-- This site is optimized with the Yoast SEO plugin v27.5 - https:\/\/yoast.com\/product\/yoast-seo-wordpress\/ -->\n<title>Bicicleta El\u00e9ctrica Urbana Dobr\u00e1vel | UrbanBiker Mini<\/title>\n<meta name=\"description\" content=\"A bicicleta el\u00e9ctrica urbana dobr\u00e1vel Mini com sistema Bafang foi concebida para o ciclista urbano e \u00e9 r\u00e1pida, vers\u00e1til e leve. Dobra, desdobra e pedala.\" \/>\n<meta name=\"robots\" content=\"index, follow, max-snippet:-1, max-image-preview:large, max-video-preview:-1\" \/>\n<link rel=\"canonical\" href=\"https:\/\/www.urbanbiker.com\/pt-pt\/produto\/mini-bicicleta-electrica-urbana-dobravel\/\" \/>\n<meta property=\"og:locale\" content=\"pt_PT\" \/>\n<meta property=\"og:type\" content=\"article\" \/>\n<meta property=\"og:title\" content=\"Bicicleta El\u00e9ctrica Urbana Dobr\u00e1vel | UrbanBiker Mini\" \/>\n<meta property=\"og:description\" content=\"A bicicleta el\u00e9ctrica urbana dobr\u00e1vel Mini com sistema Bafang foi concebida para o ciclista urbano e \u00e9 r\u00e1pida, vers\u00e1til e leve. Dobra, desdobra e pedala.\" \/>\n<meta property=\"og:url\" content=\"https:\/\/www.urbanbiker.com\/pt-pt\/produto\/mini-bicicleta-electrica-urbana-dobravel\/\" \/>\n<meta property=\"og:site_name\" content=\"UrbanBiker\" \/>\n<meta property=\"article:publisher\" content=\"https:\/\/www.facebook.com\/Urbanbikerbiciselectricas\" \/>\n<meta property=\"article:modified_time\" content=\"2026-04-17T11:12:36+00:00\" \/>\n<meta property=\"og:image\" content=\"https:\/\/www.urbanbiker.com\/wp-content\/uploads\/2025\/04\/UrbanBiker-Mini-Blanca-25.jpg\" \/>\n\t<meta property=\"og:image:width\" content=\"1080\" \/>\n\t<meta property=\"og:image:height\" content=\"1080\" \/>\n\t<meta property=\"og:image:type\" content=\"image\/jpeg\" \/>\n<meta name=\"twitter:card\" content=\"summary_large_image\" \/>\n<meta name=\"twitter:label1\" content=\"Tempo estimado de leitura\" \/>\n\t<meta name=\"twitter:data1\" content=\"3 minutos\" \/>\n<script type=\"application\/ld+json\" class=\"yoast-schema-graph\">{\"@context\":\"https:\\\/\\\/schema.org\",\"@graph\":[{\"@type\":\"WebPage\",\"@id\":\"https:\\\/\\\/www.urbanbiker.com\\\/pt-pt\\\/produto\\\/mini-bicicleta-electrica-urbana-dobravel\\\/\",\"url\":\"https:\\\/\\\/www.urbanbiker.com\\\/pt-pt\\\/produto\\\/mini-bicicleta-electrica-urbana-dobravel\\\/\",\"name\":\"Bicicleta El\u00e9ctrica Urbana Dobr\u00e1vel | UrbanBiker Mini\",\"isPartOf\":{\"@id\":\"https:\\\/\\\/www.urbanbiker.com\\\/pt-pt\\\/#website\"},\"primaryImageOfPage\":{\"@id\":\"https:\\\/\\\/www.urbanbiker.com\\\/pt-pt\\\/produto\\\/mini-bicicleta-electrica-urbana-dobravel\\\/#primaryimage\"},\"image\":{\"@id\":\"https:\\\/\\\/www.urbanbiker.com\\\/pt-pt\\\/produto\\\/mini-bicicleta-electrica-urbana-dobravel\\\/#primaryimage\"},\"thumbnailUrl\":\"https:\\\/\\\/www.urbanbiker.com\\\/wp-content\\\/uploads\\\/2025\\\/04\\\/UrbanBiker-Mini-Blanca-25.jpg\",\"datePublished\":\"2025-04-13T15:13:41+00:00\",\"dateModified\":\"2026-04-17T11:12:36+00:00\",\"description\":\"A bicicleta el\u00e9ctrica urbana dobr\u00e1vel Mini com sistema Bafang foi concebida para o ciclista urbano e \u00e9 r\u00e1pida, vers\u00e1til e leve. Dobra, desdobra e pedala.\",\"breadcrumb\":{\"@id\":\"https:\\\/\\\/www.urbanbiker.com\\\/pt-pt\\\/produto\\\/mini-bicicleta-electrica-urbana-dobravel\\\/#breadcrumb\"},\"inLanguage\":\"pt-PT\",\"potentialAction\":[{\"@type\":\"ReadAction\",\"target\":[\"https:\\\/\\\/www.urbanbiker.com\\\/pt-pt\\\/produto\\\/mini-bicicleta-electrica-urbana-dobravel\\\/\"]}]},{\"@type\":\"ImageObject\",\"inLanguage\":\"pt-PT\",\"@id\":\"https:\\\/\\\/www.urbanbiker.com\\\/pt-pt\\\/produto\\\/mini-bicicleta-electrica-urbana-dobravel\\\/#primaryimage\",\"url\":\"https:\\\/\\\/www.urbanbiker.com\\\/wp-content\\\/uploads\\\/2025\\\/04\\\/UrbanBiker-Mini-Blanca-25.jpg\",\"contentUrl\":\"https:\\\/\\\/www.urbanbiker.com\\\/wp-content\\\/uploads\\\/2025\\\/04\\\/UrbanBiker-Mini-Blanca-25.jpg\",\"width\":1080,\"height\":1080,\"caption\":\"UrbanBiker Mini Blanca 25\"},{\"@type\":\"BreadcrumbList\",\"@id\":\"https:\\\/\\\/www.urbanbiker.com\\\/pt-pt\\\/produto\\\/mini-bicicleta-electrica-urbana-dobravel\\\/#breadcrumb\",\"itemListElement\":[{\"@type\":\"ListItem\",\"position\":1,\"name\":\"Portada\",\"item\":\"https:\\\/\\\/www.urbanbiker.com\\\/pt-pt\\\/\"},{\"@type\":\"ListItem\",\"position\":2,\"name\":\"Loja Bicicletas El\u00e9ctricas\",\"item\":\"https:\\\/\\\/www.urbanbiker.com\\\/pt-pt\\\/ebike-shop\\\/\"},{\"@type\":\"ListItem\",\"position\":3,\"name\":\"Mini | E-Bike Dobr\u00e1vel\"}]},{\"@type\":\"WebSite\",\"@id\":\"https:\\\/\\\/www.urbanbiker.com\\\/pt-pt\\\/#website\",\"url\":\"https:\\\/\\\/www.urbanbiker.com\\\/pt-pt\\\/\",\"name\":\"UrbanBiker\",\"description\":\"Bicicletas el\u00e9ctricas\",\"publisher\":{\"@id\":\"https:\\\/\\\/www.urbanbiker.com\\\/pt-pt\\\/#organization\"},\"potentialAction\":[{\"@type\":\"SearchAction\",\"target\":{\"@type\":\"EntryPoint\",\"urlTemplate\":\"https:\\\/\\\/www.urbanbiker.com\\\/pt-pt\\\/?s={search_term_string}\"},\"query-input\":{\"@type\":\"PropertyValueSpecification\",\"valueRequired\":true,\"valueName\":\"search_term_string\"}}],\"inLanguage\":\"pt-PT\"},{\"@type\":\"Organization\",\"@id\":\"https:\\\/\\\/www.urbanbiker.com\\\/pt-pt\\\/#organization\",\"name\":\"UrbanBiker\",\"url\":\"https:\\\/\\\/www.urbanbiker.com\\\/pt-pt\\\/\",\"logo\":{\"@type\":\"ImageObject\",\"inLanguage\":\"pt-PT\",\"@id\":\"https:\\\/\\\/www.urbanbiker.com\\\/pt-pt\\\/#\\\/schema\\\/logo\\\/image\\\/\",\"url\":\"https:\\\/\\\/www.urbanbiker.com\\\/wp-content\\\/uploads\\\/2022\\\/09\\\/Logo-principal-sin-fondo.png\",\"contentUrl\":\"https:\\\/\\\/www.urbanbiker.com\\\/wp-content\\\/uploads\\\/2022\\\/09\\\/Logo-principal-sin-fondo.png\",\"width\":2560,\"height\":934,\"caption\":\"UrbanBiker\"},\"image\":{\"@id\":\"https:\\\/\\\/www.urbanbiker.com\\\/pt-pt\\\/#\\\/schema\\\/logo\\\/image\\\/\"},\"sameAs\":[\"https:\\\/\\\/www.facebook.com\\\/Urbanbikerbiciselectricas\",\"https:\\\/\\\/www.instagram.com\\\/urbanbiker_\\\/\",\"https:\\\/\\\/www.linkedin.com\\\/company\\\/2454235\",\"https:\\\/\\\/www.youtube.com\\\/channel\\\/UCWR__uH_RWJF-OhPfz-9-Qw\"]}]}<\/script>\n<!-- \/ Yoast SEO plugin. -->","yoast_head_json":{"title":"Bicicleta El\u00e9ctrica Urbana Dobr\u00e1vel | UrbanBiker Mini","description":"A bicicleta el\u00e9ctrica urbana dobr\u00e1vel Mini com sistema Bafang foi concebida para o ciclista urbano e \u00e9 r\u00e1pida, vers\u00e1til e leve. Dobra, desdobra e pedala.","robots":{"index":"index","follow":"follow","max-snippet":"max-snippet:-1","max-image-preview":"max-image-preview:large","max-video-preview":"max-video-preview:-1"},"canonical":"https:\/\/www.urbanbiker.com\/pt-pt\/produto\/mini-bicicleta-electrica-urbana-dobravel\/","og_locale":"pt_PT","og_type":"article","og_title":"Bicicleta El\u00e9ctrica Urbana Dobr\u00e1vel | UrbanBiker Mini","og_description":"A bicicleta el\u00e9ctrica urbana dobr\u00e1vel Mini com sistema Bafang foi concebida para o ciclista urbano e \u00e9 r\u00e1pida, vers\u00e1til e leve. Dobra, desdobra e pedala.","og_url":"https:\/\/www.urbanbiker.com\/pt-pt\/produto\/mini-bicicleta-electrica-urbana-dobravel\/","og_site_name":"UrbanBiker","article_publisher":"https:\/\/www.facebook.com\/Urbanbikerbiciselectricas","article_modified_time":"2026-04-17T11:12:36+00:00","og_image":[{"width":1080,"height":1080,"url":"https:\/\/www.urbanbiker.com\/wp-content\/uploads\/2025\/04\/UrbanBiker-Mini-Blanca-25.jpg","type":"image\/jpeg"}],"twitter_card":"summary_large_image","twitter_misc":{"Tempo estimado de leitura":"3 minutos"},"schema":{"@context":"https:\/\/schema.org","@graph":[{"@type":"WebPage","@id":"https:\/\/www.urbanbiker.com\/pt-pt\/produto\/mini-bicicleta-electrica-urbana-dobravel\/","url":"https:\/\/www.urbanbiker.com\/pt-pt\/produto\/mini-bicicleta-electrica-urbana-dobravel\/","name":"Bicicleta El\u00e9ctrica Urbana Dobr\u00e1vel | UrbanBiker Mini","isPartOf":{"@id":"https:\/\/www.urbanbiker.com\/pt-pt\/#website"},"primaryImageOfPage":{"@id":"https:\/\/www.urbanbiker.com\/pt-pt\/produto\/mini-bicicleta-electrica-urbana-dobravel\/#primaryimage"},"image":{"@id":"https:\/\/www.urbanbiker.com\/pt-pt\/produto\/mini-bicicleta-electrica-urbana-dobravel\/#primaryimage"},"thumbnailUrl":"https:\/\/www.urbanbiker.com\/wp-content\/uploads\/2025\/04\/UrbanBiker-Mini-Blanca-25.jpg","datePublished":"2025-04-13T15:13:41+00:00","dateModified":"2026-04-17T11:12:36+00:00","description":"A bicicleta el\u00e9ctrica urbana dobr\u00e1vel Mini com sistema Bafang foi concebida para o ciclista urbano e \u00e9 r\u00e1pida, vers\u00e1til e leve. Dobra, desdobra e pedala.","breadcrumb":{"@id":"https:\/\/www.urbanbiker.com\/pt-pt\/produto\/mini-bicicleta-electrica-urbana-dobravel\/#breadcrumb"},"inLanguage":"pt-PT","potentialAction":[{"@type":"ReadAction","target":["https:\/\/www.urbanbiker.com\/pt-pt\/produto\/mini-bicicleta-electrica-urbana-dobravel\/"]}]},{"@type":"ImageObject","inLanguage":"pt-PT","@id":"https:\/\/www.urbanbiker.com\/pt-pt\/produto\/mini-bicicleta-electrica-urbana-dobravel\/#primaryimage","url":"https:\/\/www.urbanbiker.com\/wp-content\/uploads\/2025\/04\/UrbanBiker-Mini-Blanca-25.jpg","contentUrl":"https:\/\/www.urbanbiker.com\/wp-content\/uploads\/2025\/04\/UrbanBiker-Mini-Blanca-25.jpg","width":1080,"height":1080,"caption":"UrbanBiker Mini Blanca 25"},{"@type":"BreadcrumbList","@id":"https:\/\/www.urbanbiker.com\/pt-pt\/produto\/mini-bicicleta-electrica-urbana-dobravel\/#breadcrumb","itemListElement":[{"@type":"ListItem","position":1,"name":"Portada","item":"https:\/\/www.urbanbiker.com\/pt-pt\/"},{"@type":"ListItem","position":2,"name":"Loja Bicicletas El\u00e9ctricas","item":"https:\/\/www.urbanbiker.com\/pt-pt\/ebike-shop\/"},{"@type":"ListItem","position":3,"name":"Mini | E-Bike Dobr\u00e1vel"}]},{"@type":"WebSite","@id":"https:\/\/www.urbanbiker.com\/pt-pt\/#website","url":"https:\/\/www.urbanbiker.com\/pt-pt\/","name":"UrbanBiker","description":"Bicicletas el\u00e9ctricas","publisher":{"@id":"https:\/\/www.urbanbiker.com\/pt-pt\/#organization"},"potentialAction":[{"@type":"SearchAction","target":{"@type":"EntryPoint","urlTemplate":"https:\/\/www.urbanbiker.com\/pt-pt\/?s={search_term_string}"},"query-input":{"@type":"PropertyValueSpecification","valueRequired":true,"valueName":"search_term_string"}}],"inLanguage":"pt-PT"},{"@type":"Organization","@id":"https:\/\/www.urbanbiker.com\/pt-pt\/#organization","name":"UrbanBiker","url":"https:\/\/www.urbanbiker.com\/pt-pt\/","logo":{"@type":"ImageObject","inLanguage":"pt-PT","@id":"https:\/\/www.urbanbiker.com\/pt-pt\/#\/schema\/logo\/image\/","url":"https:\/\/www.urbanbiker.com\/wp-content\/uploads\/2022\/09\/Logo-principal-sin-fondo.png","contentUrl":"https:\/\/www.urbanbiker.com\/wp-content\/uploads\/2022\/09\/Logo-principal-sin-fondo.png","width":2560,"height":934,"caption":"UrbanBiker"},"image":{"@id":"https:\/\/www.urbanbiker.com\/pt-pt\/#\/schema\/logo\/image\/"},"sameAs":["https:\/\/www.facebook.com\/Urbanbikerbiciselectricas","https:\/\/www.instagram.com\/urbanbiker_\/","https:\/\/www.linkedin.com\/company\/2454235","https:\/\/www.youtube.com\/channel\/UCWR__uH_RWJF-OhPfz-9-Qw"]}]}},"_links":{"self":[{"href":"https:\/\/www.urbanbiker.com\/pt-pt\/wp-json\/wp\/v2\/product\/35259","targetHints":{"allow":["GET"]}}],"collection":[{"href":"https:\/\/www.urbanbiker.com\/pt-pt\/wp-json\/wp\/v2\/product"}],"about":[{"href":"https:\/\/www.urbanbiker.com\/pt-pt\/wp-json\/wp\/v2\/types\/product"}],"version-history":[{"count":5,"href":"https:\/\/www.urbanbiker.com\/pt-pt\/wp-json\/wp\/v2\/product\/35259\/revisions"}],"predecessor-version":[{"id":62452,"href":"https:\/\/www.urbanbiker.com\/pt-pt\/wp-json\/wp\/v2\/product\/35259\/revisions\/62452"}],"wp:featuredmedia":[{"embeddable":true,"href":"https:\/\/www.urbanbiker.com\/pt-pt\/wp-json\/wp\/v2\/media\/57557"}],"wp:attachment":[{"href":"https:\/\/www.urbanbiker.com\/pt-pt\/wp-json\/wp\/v2\/media?parent=35259"}],"wp:term":[{"taxonomy":"product_cat","embeddable":true,"href":"https:\/\/www.urbanbiker.com\/pt-pt\/wp-json\/wp\/v2\/product_cat?post=35259"},{"taxonomy":"product_tag","embeddable":true,"href":"https:\/\/www.urbanbiker.com\/pt-pt\/wp-json\/wp\/v2\/product_tag?post=35259"}],"curies":[{"name":"wp","href":"https:\/\/api.w.org\/{rel}","templated":true}]}}