
{"id":39029,"date":"2025-03-11T16:49:14","date_gmt":"2025-03-11T15:49:14","guid":{"rendered":"https:\/\/www.urbanbiker.com\/movilidad-sostenible\/"},"modified":"2025-03-16T16:41:01","modified_gmt":"2025-03-16T15:41:01","slug":"mobilidade-sustentavel","status":"publish","type":"page","link":"https:\/\/www.urbanbiker.com\/pt-pt\/mobilidade-sustentavel\/","title":{"rendered":"Mobilidade sustent\u00e1vel com a UrbanBiker"},"content":{"rendered":"\t\t<div data-elementor-type=\"wp-page\" data-elementor-id=\"39029\" class=\"elementor elementor-39029 elementor-37954\">\n\t\t\t\t\t\t<div class=\"elementor-section elementor-top-section elementor-element elementor-element-e4bd039 elementor-section-stretched elementor-section-boxed elementor-section-height-default elementor-section-height-default\" data-id=\"e4bd039\" data-element_type=\"section\" data-e-type=\"section\" data-settings=\"{&quot;stretch_section&quot;:&quot;section-stretched&quot;}\">\n\t\t\t\t\t\t<div class=\"elementor-container elementor-column-gap-no\">\n\t\t\t\t\t<div class=\"elementor-column elementor-col-100 elementor-top-column elementor-element elementor-element-596bca5\" data-id=\"596bca5\" data-element_type=\"column\" data-e-type=\"column\">\n\t\t\t<div class=\"elementor-widget-wrap elementor-element-populated\">\n\t\t\t\t\t\t<div class=\"elementor-element elementor-element-0875ec3 arrow-style-1 dot-style-1 elementor-widget elementor-widget-bikys-post-grid\" data-id=\"0875ec3\" data-element_type=\"widget\" data-e-type=\"widget\" data-widget_type=\"bikys-post-grid.default\">\n\t\t\t\t<div class=\"elementor-widget-container\">\n\t\t\t\t\t        <div class=\"elementor-post-wrapper post-style-special\">\n            <div class=\"row\" data-elementor-columns=\"3\" data-elementor-columns-tablet=\"2\" data-elementor-columns-mobile=\"1\">\n\n                <div class=\"column-item post-style-2\">\n    <div class=\"post-inner\">\n        <div class=\"post-thumbnail\"><img fetchpriority=\"high\" decoding=\"async\" width=\"940\" height=\"1040\" src=\"https:\/\/www.urbanbiker.com\/wp-content\/uploads\/2026\/03\/Baterias-UrbanBiker-940x1040.png\" class=\"attachment-bikys-post-grid size-bikys-post-grid wp-post-image\" alt=\"\" \/><\/div>        <div class=\"post-content\">\n            <div class=\"entry-header\">\n                <div class=\"categories-link\"><span class=\"screen-reader-text\">Categorias<\/span><a href=\"https:\/\/www.urbanbiker.com\/pt-pt\/categoria\/conselhos\/\" rel=\"category tag\">Conselhos<\/a> <a href=\"https:\/\/www.urbanbiker.com\/pt-pt\/categoria\/mobilidade-sustentavel\/\" rel=\"category tag\">Mobilidade sustent\u00e1vel<\/a><\/div>                <h3 class=\"delta entry-title\"><a href=\"https:\/\/www.urbanbiker.com\/pt-pt\/baterias-de-litio-e-mobilidade-eletrica-o-que-esta-por-detras-de-uma-urbanbiker\/\" rel=\"bookmark\">Baterias de l\u00edtio e mobilidade el\u00e9trica: o que est\u00e1 por detr\u00e1s de uma UrbanBiker<\/a><\/h3>                <div class=\"entry-meta\">\n                      <div class=\"posted-on\"><a href=\"https:\/\/www.urbanbiker.com\/pt-pt\/baterias-de-litio-e-mobilidade-eletrica-o-que-esta-por-detras-de-uma-urbanbiker\/\" rel=\"bookmark\">11 de Mar\u00e7o, 2026<\/a><\/div> <div class=\"post-author\"><span class=\"text-author\">POSTADO POR <\/span><a href=\"https:\/\/www.urbanbiker.com\/pt-pt\/author\/urbanbikeres\/\" class=\"url fn\" rel=\"author\">UrbanBiker Espa\u00f1a<\/a><\/div>                <\/div>\n            <\/div>\n        <\/div>\n    <\/div>\n<\/div>\n<div class=\"column-item post-style-1\">\n    <div class=\"post-inner\">\n        <div class=\"post-thumbnail\"><div class=\"categories-link\"><span class=\"screen-reader-text\">Categorias<\/span><a href=\"https:\/\/www.urbanbiker.com\/pt-pt\/categoria\/mobilidade-sustentavel\/\" rel=\"category tag\">Mobilidade sustent\u00e1vel<\/a> <a href=\"https:\/\/www.urbanbiker.com\/pt-pt\/categoria\/noticias\/\" rel=\"category tag\">Not\u00edcias<\/a><\/div><img decoding=\"async\" width=\"940\" height=\"1040\" src=\"https:\/\/www.urbanbiker.com\/wp-content\/uploads\/2025\/12\/Portada-entradas-blog-1-940x1040.png\" class=\"attachment-bikys-post-grid size-bikys-post-grid wp-post-image\" alt=\"\" \/><\/div>        <div class=\"post-content\">\n            <div class=\"entry-header\">\n                <h3 class=\"sigma entry-title\"><a href=\"https:\/\/www.urbanbiker.com\/pt-pt\/urbanbiker-refuerza-presencia-alemania\/\" rel=\"bookmark\">UrbanBiker en Alemania: cinco a\u00f1os creciendo en uno de los mercados m\u00e1s exigentes de la ebike<\/a><\/h3>                <div class=\"entry-meta\">\n                      <div class=\"posted-on\"><a href=\"https:\/\/www.urbanbiker.com\/pt-pt\/urbanbiker-refuerza-presencia-alemania\/\" rel=\"bookmark\">27 de Janeiro, 2026<\/a><\/div> <div class=\"post-author\"><span class=\"text-author\">POSTADO POR <\/span><a href=\"https:\/\/www.urbanbiker.com\/pt-pt\/author\/urbanbikeres\/\" class=\"url fn\" rel=\"author\">UrbanBiker Espa\u00f1a<\/a><\/div>                <\/div>\n            <\/div>\n        <\/div>\n    <\/div>\n<\/div>\n<div class=\"column-item post-style-1\">\n    <div class=\"post-inner\">\n        <div class=\"post-thumbnail\"><div class=\"categories-link\"><span class=\"screen-reader-text\">Categorias<\/span><a href=\"https:\/\/www.urbanbiker.com\/pt-pt\/categoria\/mobilidade-sustentavel\/\" rel=\"category tag\">Mobilidade sustent\u00e1vel<\/a> <a href=\"https:\/\/www.urbanbiker.com\/pt-pt\/categoria\/noticias\/\" rel=\"category tag\">Not\u00edcias<\/a><\/div><img decoding=\"async\" width=\"940\" height=\"1040\" src=\"https:\/\/www.urbanbiker.com\/wp-content\/uploads\/2025\/12\/imagen-blog-mas-alla-del-pedaleo-940x1040.jpg\" class=\"attachment-bikys-post-grid size-bikys-post-grid wp-post-image\" alt=\"\" \/><\/div>        <div class=\"post-content\">\n            <div class=\"entry-header\">\n                <h3 class=\"sigma entry-title\"><a href=\"https:\/\/www.urbanbiker.com\/pt-pt\/para-alem-da-pedalata\/\" rel=\"bookmark\">PARA AL\u00c9M DA PEDALADA<\/a><\/h3>                <div class=\"entry-meta\">\n                      <div class=\"posted-on\"><a href=\"https:\/\/www.urbanbiker.com\/pt-pt\/para-alem-da-pedalata\/\" rel=\"bookmark\">18 de Abril, 2026<\/a><\/div> <div class=\"post-author\"><span class=\"text-author\">POSTADO POR <\/span><a href=\"https:\/\/www.urbanbiker.com\/pt-pt\/author\/urbanbikeres\/\" class=\"url fn\" rel=\"author\">UrbanBiker Espa\u00f1a<\/a><\/div>                <\/div>\n            <\/div>\n        <\/div>\n    <\/div>\n<\/div>\n<div class=\"column-item post-style-1\">\n    <div class=\"post-inner\">\n        <div class=\"post-thumbnail\"><div class=\"categories-link\"><span class=\"screen-reader-text\">Categorias<\/span><a href=\"https:\/\/www.urbanbiker.com\/pt-pt\/categoria\/mobilidade-sustentavel\/\" rel=\"category tag\">Mobilidade sustent\u00e1vel<\/a> <a href=\"https:\/\/www.urbanbiker.com\/pt-pt\/categoria\/noticias\/\" rel=\"category tag\">Not\u00edcias<\/a><\/div><img loading=\"lazy\" decoding=\"async\" width=\"940\" height=\"1040\" src=\"https:\/\/www.urbanbiker.com\/wp-content\/uploads\/2025\/10\/Asi-hablan-de-Urbanbiker-en-el-mercado-internacional-de-ebikes-1-940x1040.jpg\" class=\"attachment-bikys-post-grid size-bikys-post-grid wp-post-image\" alt=\"\" \/><\/div>        <div class=\"post-content\">\n            <div class=\"entry-header\">\n                <h3 class=\"sigma entry-title\"><a href=\"https:\/\/www.urbanbiker.com\/pt-pt\/uma-viagem-eletrica-de-leon-a-gijon-em-e-bike-com-urbanbiker\/\" rel=\"bookmark\">Uma viagem el\u00e9trica de Le\u00f3n a Gij\u00f3n em e-bike com UrbanBiker | 30 dias de bicicleta<\/a><\/h3>                <div class=\"entry-meta\">\n                      <div class=\"posted-on\"><a href=\"https:\/\/www.urbanbiker.com\/pt-pt\/uma-viagem-eletrica-de-leon-a-gijon-em-e-bike-com-urbanbiker\/\" rel=\"bookmark\">26 de Outubro, 2025<\/a><\/div> <div class=\"post-author\"><span class=\"text-author\">POSTADO POR <\/span><a href=\"https:\/\/www.urbanbiker.com\/pt-pt\/author\/urbanbikeres\/\" class=\"url fn\" rel=\"author\">UrbanBiker Espa\u00f1a<\/a><\/div>                <\/div>\n            <\/div>\n        <\/div>\n    <\/div>\n<\/div>\n<div class=\"column-item post-style-1\">\n    <div class=\"post-inner\">\n        <div class=\"post-thumbnail\"><div class=\"categories-link\"><span class=\"screen-reader-text\">Categorias<\/span><a href=\"https:\/\/www.urbanbiker.com\/pt-pt\/categoria\/mobilidade-sustentavel\/\" rel=\"category tag\">Mobilidade sustent\u00e1vel<\/a> <a href=\"https:\/\/www.urbanbiker.com\/pt-pt\/categoria\/noticias\/\" rel=\"category tag\">Not\u00edcias<\/a><\/div><img loading=\"lazy\" decoding=\"async\" width=\"940\" height=\"1040\" src=\"https:\/\/www.urbanbiker.com\/wp-content\/uploads\/2025\/09\/Asi-hablan-de-Urbanbiker-en-el-mercado-internacional-de-ebikes--940x1040.png\" class=\"attachment-bikys-post-grid size-bikys-post-grid wp-post-image\" alt=\"\" \/><\/div>        <div class=\"post-content\">\n            <div class=\"entry-header\">\n                <h3 class=\"sigma entry-title\"><a href=\"https:\/\/www.urbanbiker.com\/pt-pt\/assim-falam-da-urbanbiker-no-mercado-internacional-bicicleta-eletrica\/\" rel=\"bookmark\">Assim falam da UrbanBiker no mercado internacional | Bicicleta El\u00e9trica<\/a><\/h3>                <div class=\"entry-meta\">\n                      <div class=\"posted-on\"><a href=\"https:\/\/www.urbanbiker.com\/pt-pt\/assim-falam-da-urbanbiker-no-mercado-internacional-bicicleta-eletrica\/\" rel=\"bookmark\">5 de Outubro, 2025<\/a><\/div> <div class=\"post-author\"><span class=\"text-author\">POSTADO POR <\/span><a href=\"https:\/\/www.urbanbiker.com\/pt-pt\/author\/urbanbiker\/\" class=\"url fn\" rel=\"author\">UrbanBiker<\/a><\/div>                <\/div>\n            <\/div>\n        <\/div>\n    <\/div>\n<\/div>\n<div class=\"column-item post-style-1\">\n    <div class=\"post-inner\">\n        <div class=\"post-thumbnail\"><div class=\"categories-link\"><span class=\"screen-reader-text\">Categorias<\/span><a href=\"https:\/\/www.urbanbiker.com\/pt-pt\/categoria\/mobilidade-sustentavel\/\" rel=\"category tag\">Mobilidade sustent\u00e1vel<\/a> <a href=\"https:\/\/www.urbanbiker.com\/pt-pt\/categoria\/noticias\/\" rel=\"category tag\">Not\u00edcias<\/a> <a href=\"https:\/\/www.urbanbiker.com\/pt-pt\/categoria\/sem-categoria\/\" rel=\"category tag\">Sem categoria<\/a><\/div><img loading=\"lazy\" decoding=\"async\" width=\"940\" height=\"1040\" src=\"https:\/\/www.urbanbiker.com\/wp-content\/uploads\/2025\/09\/Banner-Italian-Bike-Festival-min-940x1040.png\" class=\"attachment-bikys-post-grid size-bikys-post-grid wp-post-image\" alt=\"\" \/><\/div>        <div class=\"post-content\">\n            <div class=\"entry-header\">\n                <h3 class=\"sigma entry-title\"><a href=\"https:\/\/www.urbanbiker.com\/pt-pt\/urbanbiker-no-italian-bike-festival-2025-ebikes\/\" rel=\"bookmark\">UrbanBiker no Italian Bike Festival 2025 | Ebikes<\/a><\/h3>                <div class=\"entry-meta\">\n                      <div class=\"posted-on\"><a href=\"https:\/\/www.urbanbiker.com\/pt-pt\/urbanbiker-no-italian-bike-festival-2025-ebikes\/\" rel=\"bookmark\">4 de Outubro, 2025<\/a><\/div> <div class=\"post-author\"><span class=\"text-author\">POSTADO POR <\/span><a href=\"https:\/\/www.urbanbiker.com\/pt-pt\/author\/urbanbikeres\/\" class=\"url fn\" rel=\"author\">UrbanBiker Espa\u00f1a<\/a><\/div>                <\/div>\n            <\/div>\n        <\/div>\n    <\/div>\n<\/div>\n<div class=\"column-item post-style-1\">\n    <div class=\"post-inner\">\n        <div class=\"post-thumbnail\"><div class=\"categories-link\"><span class=\"screen-reader-text\">Categorias<\/span><a href=\"https:\/\/www.urbanbiker.com\/pt-pt\/categoria\/mobilidade-sustentavel\/\" rel=\"category tag\">Mobilidade sustent\u00e1vel<\/a> <a href=\"https:\/\/www.urbanbiker.com\/pt-pt\/categoria\/noticias\/\" rel=\"category tag\">Not\u00edcias<\/a><\/div><img loading=\"lazy\" decoding=\"async\" width=\"940\" height=\"1040\" src=\"https:\/\/www.urbanbiker.com\/wp-content\/uploads\/2025\/09\/Mini-Urbanbiker-Tren-940x1040.png\" class=\"attachment-bikys-post-grid size-bikys-post-grid wp-post-image\" alt=\"\" \/><\/div>        <div class=\"post-content\">\n            <div class=\"entry-header\">\n                <h3 class=\"sigma entry-title\"><a href=\"https:\/\/www.urbanbiker.com\/pt-pt\/viajar-de-comboio-bicicleta-electrica-urbanbiker\/\" rel=\"bookmark\">Viajar de comboio com bicicleta el\u00e9trica | UrbanBiker<\/a><\/h3>                <div class=\"entry-meta\">\n                      <div class=\"posted-on\"><a href=\"https:\/\/www.urbanbiker.com\/pt-pt\/viajar-de-comboio-bicicleta-electrica-urbanbiker\/\" rel=\"bookmark\">4 de Outubro, 2025<\/a><\/div> <div class=\"post-author\"><span class=\"text-author\">POSTADO POR <\/span><a href=\"https:\/\/www.urbanbiker.com\/pt-pt\/author\/urbanbikeres\/\" class=\"url fn\" rel=\"author\">UrbanBiker Espa\u00f1a<\/a><\/div>                <\/div>\n            <\/div>\n        <\/div>\n    <\/div>\n<\/div>\n<div class=\"column-item post-style-1\">\n    <div class=\"post-inner\">\n        <div class=\"post-thumbnail\"><div class=\"categories-link\"><span class=\"screen-reader-text\">Categorias<\/span><a href=\"https:\/\/www.urbanbiker.com\/pt-pt\/categoria\/mobilidade-sustentavel\/\" rel=\"category tag\">Mobilidade sustent\u00e1vel<\/a> <a href=\"https:\/\/www.urbanbiker.com\/pt-pt\/categoria\/noticias\/\" rel=\"category tag\">Not\u00edcias<\/a><\/div><img loading=\"lazy\" decoding=\"async\" width=\"940\" height=\"1040\" src=\"https:\/\/www.urbanbiker.com\/wp-content\/uploads\/2025\/06\/DSC02832-X-2-1-940x1040.jpg\" class=\"attachment-bikys-post-grid size-bikys-post-grid wp-post-image\" alt=\"\" \/><\/div>        <div class=\"post-content\">\n            <div class=\"entry-header\">\n                <h3 class=\"sigma entry-title\"><a href=\"https:\/\/www.urbanbiker.com\/pt-pt\/uma-e-bike-chamada-berna-quando-a-mobilidade-tambem-e-solidariedade\/\" rel=\"bookmark\">Uma e-bike chamada Berna: quando a mobilidade tamb\u00e9m \u00e9 solidariedade<\/a><\/h3>                <div class=\"entry-meta\">\n                      <div class=\"posted-on\"><a href=\"https:\/\/www.urbanbiker.com\/pt-pt\/uma-e-bike-chamada-berna-quando-a-mobilidade-tambem-e-solidariedade\/\" rel=\"bookmark\">1 de Outubro, 2025<\/a><\/div> <div class=\"post-author\"><span class=\"text-author\">POSTADO POR <\/span><a href=\"https:\/\/www.urbanbiker.com\/pt-pt\/author\/urbanbiker\/\" class=\"url fn\" rel=\"author\">UrbanBiker<\/a><\/div>                <\/div>\n            <\/div>\n        <\/div>\n    <\/div>\n<\/div>\n<div class=\"column-item post-style-1\">\n    <div class=\"post-inner\">\n        <div class=\"post-thumbnail\"><div class=\"categories-link\"><span class=\"screen-reader-text\">Categorias<\/span><a href=\"https:\/\/www.urbanbiker.com\/pt-pt\/categoria\/mobilidade-sustentavel\/\" rel=\"category tag\">Mobilidade sustent\u00e1vel<\/a> <a href=\"https:\/\/www.urbanbiker.com\/pt-pt\/categoria\/noticias\/\" rel=\"category tag\">Not\u00edcias<\/a><\/div><img loading=\"lazy\" decoding=\"async\" width=\"940\" height=\"1040\" src=\"https:\/\/www.urbanbiker.com\/wp-content\/uploads\/2025\/04\/Diseno-sin-titulo-940x1040.jpg\" class=\"attachment-bikys-post-grid size-bikys-post-grid wp-post-image\" alt=\"\" \/><\/div>        <div class=\"post-content\">\n            <div class=\"entry-header\">\n                <h3 class=\"sigma entry-title\"><a href=\"https:\/\/www.urbanbiker.com\/pt-pt\/urbanbiker-e-doncicleto-mais-vantagens-para-te-moveres-com-liberdade\/\" rel=\"bookmark\">UrbanBiker e Don Cicleto: Mais vantagens para te moveres com liberdade<\/a><\/h3>                <div class=\"entry-meta\">\n                      <div class=\"posted-on\"><a href=\"https:\/\/www.urbanbiker.com\/pt-pt\/urbanbiker-e-doncicleto-mais-vantagens-para-te-moveres-com-liberdade\/\" rel=\"bookmark\">4 de Maio, 2025<\/a><\/div> <div class=\"post-author\"><span class=\"text-author\">POSTADO POR <\/span><a href=\"https:\/\/www.urbanbiker.com\/pt-pt\/author\/urbanbiker\/\" class=\"url fn\" rel=\"author\">UrbanBiker<\/a><\/div>                <\/div>\n            <\/div>\n        <\/div>\n    <\/div>\n<\/div>\n<div class=\"column-item post-style-1\">\n    <div class=\"post-inner\">\n        <div class=\"post-thumbnail\"><div class=\"categories-link\"><span class=\"screen-reader-text\">Categorias<\/span><a href=\"https:\/\/www.urbanbiker.com\/pt-pt\/categoria\/mobilidade-sustentavel\/\" rel=\"category tag\">Mobilidade sustent\u00e1vel<\/a><\/div><img loading=\"lazy\" decoding=\"async\" width=\"940\" height=\"576\" src=\"https:\/\/www.urbanbiker.com\/wp-content\/uploads\/2025\/03\/2025-30DEB_WHATS30DEB_HOR-940x576.jpeg\" class=\"attachment-bikys-post-grid size-bikys-post-grid wp-post-image\" alt=\"Firma hoy mismo el compromiso en \ud83d\udc49 30diasenbici.com y s\u00famate a la revoluci\u00f3n ciclista.\" \/><\/div>        <div class=\"post-content\">\n            <div class=\"entry-header\">\n                <h3 class=\"sigma entry-title\"><a href=\"https:\/\/www.urbanbiker.com\/pt-pt\/junte-se-ao-compromisso-30-days-by-bike-com-a-urbanbiker\/\" rel=\"bookmark\">Junta-te ao compromisso dos 30 Dias de Bicicleta com UrbanBiker<\/a><\/h3>                <div class=\"entry-meta\">\n                      <div class=\"posted-on\"><a href=\"https:\/\/www.urbanbiker.com\/pt-pt\/junte-se-ao-compromisso-30-days-by-bike-com-a-urbanbiker\/\" rel=\"bookmark\">19 de Mar\u00e7o, 2025<\/a><\/div> <div class=\"post-author\"><span class=\"text-author\">POSTADO POR <\/span><a href=\"https:\/\/www.urbanbiker.com\/pt-pt\/author\/urbanbiker\/\" class=\"url fn\" rel=\"author\">UrbanBiker<\/a><\/div>                <\/div>\n            <\/div>\n        <\/div>\n    <\/div>\n<\/div>\n<div class=\"column-item post-style-1\">\n    <div class=\"post-inner\">\n        <div class=\"post-thumbnail\"><div class=\"categories-link\"><span class=\"screen-reader-text\">Categorias<\/span><a href=\"https:\/\/www.urbanbiker.com\/pt-pt\/categoria\/mobilidade-sustentavel\/\" rel=\"category tag\">Mobilidade sustent\u00e1vel<\/a><\/div><img loading=\"lazy\" decoding=\"async\" width=\"625\" height=\"467\" src=\"https:\/\/www.urbanbiker.com\/wp-content\/uploads\/2025\/03\/Urbanbiker-30-Dias-en-Bici.png\" class=\"attachment-bikys-post-grid size-bikys-post-grid wp-post-image\" alt=\"Urbanbiker &amp; 30 D\u00edas en Bici\" srcset=\"https:\/\/www.urbanbiker.com\/wp-content\/uploads\/2025\/03\/Urbanbiker-30-Dias-en-Bici.png 625w, https:\/\/www.urbanbiker.com\/wp-content\/uploads\/2025\/03\/Urbanbiker-30-Dias-en-Bici-300x224.png 300w\" sizes=\"(max-width: 625px) 100vw, 625px\" \/><\/div>        <div class=\"post-content\">\n            <div class=\"entry-header\">\n                <h3 class=\"sigma entry-title\"><a href=\"https:\/\/www.urbanbiker.com\/pt-pt\/urbanbiker-e-30-giorni-in-bicicletta\/\" rel=\"bookmark\">UrbanBiker e 30 giorni in bicicletta<\/a><\/h3>                <div class=\"entry-meta\">\n                      <div class=\"posted-on\"><a href=\"https:\/\/www.urbanbiker.com\/pt-pt\/urbanbiker-e-30-giorni-in-bicicletta\/\" rel=\"bookmark\">16 de Mar\u00e7o, 2025<\/a><\/div> <div class=\"post-author\"><span class=\"text-author\">POSTADO POR <\/span><a href=\"https:\/\/www.urbanbiker.com\/pt-pt\/author\/urbanbiker\/\" class=\"url fn\" rel=\"author\">UrbanBiker<\/a><\/div>                <\/div>\n            <\/div>\n        <\/div>\n    <\/div>\n<\/div>\n            <\/div>\n\n                    <\/div>\n        \t\t\t\t<\/div>\n\t\t\t\t<\/div>\n\t\t\t\t\t<\/div>\n\t\t<\/div>\n\t\t\t\t\t<\/div>\n\t\t<\/div>\n\t\t\t\t<\/div>\n\t\t","protected":false},"excerpt":{"rendered":"<p>Categor\u00edasMovilidad Sostenible \u00danete al compromiso 30 D\u00edas En Bici con Urbanbiker 11\/03\/2025 PUBLICADO POR UrbanBiker Categor\u00edasMovilidad Sostenible Urbanbiker &amp; 30 D\u00edas en Bici 11\/03\/2025 PUBLICADO POR UrbanBiker<\/p>\n","protected":false},"author":1,"featured_media":0,"parent":0,"menu_order":0,"comment_status":"closed","ping_status":"closed","template":"","meta":{"footnotes":""},"class_list":["post-39029","page","type-page","status-publish","hentry"],"yoast_head":"<!-- This site is optimized with the Yoast SEO plugin v27.5 - https:\/\/yoast.com\/product\/yoast-seo-wordpress\/ -->\n<title>Mobilidade sustent\u00e1vel com a UrbanBiker<\/title>\n<meta name=\"description\" content=\"Mobilidade sustent\u00e1vel com a UrbanBiker\" \/>\n<meta name=\"robots\" content=\"index, follow, max-snippet:-1, max-image-preview:large, max-video-preview:-1\" \/>\n<link rel=\"canonical\" href=\"https:\/\/www.urbanbiker.com\/pt-pt\/mobilidade-sustentavel\/\" \/>\n<meta property=\"og:locale\" content=\"pt_PT\" \/>\n<meta property=\"og:type\" content=\"article\" \/>\n<meta property=\"og:title\" content=\"Mobilidade sustent\u00e1vel com a UrbanBiker\" \/>\n<meta property=\"og:description\" content=\"Mobilidade sustent\u00e1vel com a UrbanBiker\" \/>\n<meta property=\"og:url\" content=\"https:\/\/www.urbanbiker.com\/pt-pt\/mobilidade-sustentavel\/\" \/>\n<meta property=\"og:site_name\" content=\"UrbanBiker\" \/>\n<meta property=\"article:publisher\" content=\"https:\/\/www.facebook.com\/Urbanbikerbiciselectricas\" \/>\n<meta property=\"article:modified_time\" content=\"2025-03-16T15:41:01+00:00\" \/>\n<meta property=\"og:image\" content=\"http:\/\/www.urbanbiker.com\/wp-content\/uploads\/2025\/03\/2025-30DEB_WHATS30DEB_HOR-940x576.jpeg\" \/>\n<meta name=\"twitter:card\" content=\"summary_large_image\" \/>\n<meta name=\"twitter:label1\" content=\"Tempo estimado de leitura\" \/>\n\t<meta name=\"twitter:data1\" content=\"1 minuto\" \/>\n<script type=\"application\/ld+json\" class=\"yoast-schema-graph\">{\"@context\":\"https:\\\/\\\/schema.org\",\"@graph\":[{\"@type\":\"WebPage\",\"@id\":\"https:\\\/\\\/www.urbanbiker.com\\\/pt-pt\\\/mobilidade-sustentavel\\\/\",\"url\":\"https:\\\/\\\/www.urbanbiker.com\\\/pt-pt\\\/mobilidade-sustentavel\\\/\",\"name\":\"Mobilidade sustent\u00e1vel com a UrbanBiker\",\"isPartOf\":{\"@id\":\"https:\\\/\\\/www.urbanbiker.com\\\/pt-pt\\\/#website\"},\"primaryImageOfPage\":{\"@id\":\"https:\\\/\\\/www.urbanbiker.com\\\/pt-pt\\\/mobilidade-sustentavel\\\/#primaryimage\"},\"image\":{\"@id\":\"https:\\\/\\\/www.urbanbiker.com\\\/pt-pt\\\/mobilidade-sustentavel\\\/#primaryimage\"},\"thumbnailUrl\":\"http:\\\/\\\/www.urbanbiker.com\\\/wp-content\\\/uploads\\\/2025\\\/03\\\/2025-30DEB_WHATS30DEB_HOR-940x576.jpeg\",\"datePublished\":\"2025-03-11T15:49:14+00:00\",\"dateModified\":\"2025-03-16T15:41:01+00:00\",\"description\":\"Mobilidade sustent\u00e1vel com a UrbanBiker\",\"breadcrumb\":{\"@id\":\"https:\\\/\\\/www.urbanbiker.com\\\/pt-pt\\\/mobilidade-sustentavel\\\/#breadcrumb\"},\"inLanguage\":\"pt-PT\",\"potentialAction\":[{\"@type\":\"ReadAction\",\"target\":[\"https:\\\/\\\/www.urbanbiker.com\\\/pt-pt\\\/mobilidade-sustentavel\\\/\"]}]},{\"@type\":\"ImageObject\",\"inLanguage\":\"pt-PT\",\"@id\":\"https:\\\/\\\/www.urbanbiker.com\\\/pt-pt\\\/mobilidade-sustentavel\\\/#primaryimage\",\"url\":\"http:\\\/\\\/www.urbanbiker.com\\\/wp-content\\\/uploads\\\/2025\\\/03\\\/2025-30DEB_WHATS30DEB_HOR-940x576.jpeg\",\"contentUrl\":\"http:\\\/\\\/www.urbanbiker.com\\\/wp-content\\\/uploads\\\/2025\\\/03\\\/2025-30DEB_WHATS30DEB_HOR-940x576.jpeg\"},{\"@type\":\"BreadcrumbList\",\"@id\":\"https:\\\/\\\/www.urbanbiker.com\\\/pt-pt\\\/mobilidade-sustentavel\\\/#breadcrumb\",\"itemListElement\":[{\"@type\":\"ListItem\",\"position\":1,\"name\":\"Portada\",\"item\":\"https:\\\/\\\/www.urbanbiker.com\\\/pt-pt\\\/\"},{\"@type\":\"ListItem\",\"position\":2,\"name\":\"Mobilidade sustent\u00e1vel com a UrbanBiker\"}]},{\"@type\":\"WebSite\",\"@id\":\"https:\\\/\\\/www.urbanbiker.com\\\/pt-pt\\\/#website\",\"url\":\"https:\\\/\\\/www.urbanbiker.com\\\/pt-pt\\\/\",\"name\":\"UrbanBiker\",\"description\":\"Bicicletas el\u00e9ctricas\",\"publisher\":{\"@id\":\"https:\\\/\\\/www.urbanbiker.com\\\/pt-pt\\\/#organization\"},\"potentialAction\":[{\"@type\":\"SearchAction\",\"target\":{\"@type\":\"EntryPoint\",\"urlTemplate\":\"https:\\\/\\\/www.urbanbiker.com\\\/pt-pt\\\/?s={search_term_string}\"},\"query-input\":{\"@type\":\"PropertyValueSpecification\",\"valueRequired\":true,\"valueName\":\"search_term_string\"}}],\"inLanguage\":\"pt-PT\"},{\"@type\":\"Organization\",\"@id\":\"https:\\\/\\\/www.urbanbiker.com\\\/pt-pt\\\/#organization\",\"name\":\"UrbanBiker\",\"url\":\"https:\\\/\\\/www.urbanbiker.com\\\/pt-pt\\\/\",\"logo\":{\"@type\":\"ImageObject\",\"inLanguage\":\"pt-PT\",\"@id\":\"https:\\\/\\\/www.urbanbiker.com\\\/pt-pt\\\/#\\\/schema\\\/logo\\\/image\\\/\",\"url\":\"https:\\\/\\\/www.urbanbiker.com\\\/wp-content\\\/uploads\\\/2022\\\/09\\\/Logo-principal-sin-fondo.png\",\"contentUrl\":\"https:\\\/\\\/www.urbanbiker.com\\\/wp-content\\\/uploads\\\/2022\\\/09\\\/Logo-principal-sin-fondo.png\",\"width\":2560,\"height\":934,\"caption\":\"UrbanBiker\"},\"image\":{\"@id\":\"https:\\\/\\\/www.urbanbiker.com\\\/pt-pt\\\/#\\\/schema\\\/logo\\\/image\\\/\"},\"sameAs\":[\"https:\\\/\\\/www.facebook.com\\\/Urbanbikerbiciselectricas\",\"https:\\\/\\\/www.instagram.com\\\/urbanbiker_\\\/\",\"https:\\\/\\\/www.linkedin.com\\\/company\\\/2454235\",\"https:\\\/\\\/www.youtube.com\\\/channel\\\/UCWR__uH_RWJF-OhPfz-9-Qw\"]}]}<\/script>\n<!-- \/ Yoast SEO plugin. -->","yoast_head_json":{"title":"Mobilidade sustent\u00e1vel com a UrbanBiker","description":"Mobilidade sustent\u00e1vel com a UrbanBiker","robots":{"index":"index","follow":"follow","max-snippet":"max-snippet:-1","max-image-preview":"max-image-preview:large","max-video-preview":"max-video-preview:-1"},"canonical":"https:\/\/www.urbanbiker.com\/pt-pt\/mobilidade-sustentavel\/","og_locale":"pt_PT","og_type":"article","og_title":"Mobilidade sustent\u00e1vel com a UrbanBiker","og_description":"Mobilidade sustent\u00e1vel com a UrbanBiker","og_url":"https:\/\/www.urbanbiker.com\/pt-pt\/mobilidade-sustentavel\/","og_site_name":"UrbanBiker","article_publisher":"https:\/\/www.facebook.com\/Urbanbikerbiciselectricas","article_modified_time":"2025-03-16T15:41:01+00:00","og_image":[{"url":"http:\/\/www.urbanbiker.com\/wp-content\/uploads\/2025\/03\/2025-30DEB_WHATS30DEB_HOR-940x576.jpeg","type":"","width":"","height":""}],"twitter_card":"summary_large_image","twitter_misc":{"Tempo estimado de leitura":"1 minuto"},"schema":{"@context":"https:\/\/schema.org","@graph":[{"@type":"WebPage","@id":"https:\/\/www.urbanbiker.com\/pt-pt\/mobilidade-sustentavel\/","url":"https:\/\/www.urbanbiker.com\/pt-pt\/mobilidade-sustentavel\/","name":"Mobilidade sustent\u00e1vel com a UrbanBiker","isPartOf":{"@id":"https:\/\/www.urbanbiker.com\/pt-pt\/#website"},"primaryImageOfPage":{"@id":"https:\/\/www.urbanbiker.com\/pt-pt\/mobilidade-sustentavel\/#primaryimage"},"image":{"@id":"https:\/\/www.urbanbiker.com\/pt-pt\/mobilidade-sustentavel\/#primaryimage"},"thumbnailUrl":"http:\/\/www.urbanbiker.com\/wp-content\/uploads\/2025\/03\/2025-30DEB_WHATS30DEB_HOR-940x576.jpeg","datePublished":"2025-03-11T15:49:14+00:00","dateModified":"2025-03-16T15:41:01+00:00","description":"Mobilidade sustent\u00e1vel com a UrbanBiker","breadcrumb":{"@id":"https:\/\/www.urbanbiker.com\/pt-pt\/mobilidade-sustentavel\/#breadcrumb"},"inLanguage":"pt-PT","potentialAction":[{"@type":"ReadAction","target":["https:\/\/www.urbanbiker.com\/pt-pt\/mobilidade-sustentavel\/"]}]},{"@type":"ImageObject","inLanguage":"pt-PT","@id":"https:\/\/www.urbanbiker.com\/pt-pt\/mobilidade-sustentavel\/#primaryimage","url":"http:\/\/www.urbanbiker.com\/wp-content\/uploads\/2025\/03\/2025-30DEB_WHATS30DEB_HOR-940x576.jpeg","contentUrl":"http:\/\/www.urbanbiker.com\/wp-content\/uploads\/2025\/03\/2025-30DEB_WHATS30DEB_HOR-940x576.jpeg"},{"@type":"BreadcrumbList","@id":"https:\/\/www.urbanbiker.com\/pt-pt\/mobilidade-sustentavel\/#breadcrumb","itemListElement":[{"@type":"ListItem","position":1,"name":"Portada","item":"https:\/\/www.urbanbiker.com\/pt-pt\/"},{"@type":"ListItem","position":2,"name":"Mobilidade sustent\u00e1vel com a UrbanBiker"}]},{"@type":"WebSite","@id":"https:\/\/www.urbanbiker.com\/pt-pt\/#website","url":"https:\/\/www.urbanbiker.com\/pt-pt\/","name":"UrbanBiker","description":"Bicicletas el\u00e9ctricas","publisher":{"@id":"https:\/\/www.urbanbiker.com\/pt-pt\/#organization"},"potentialAction":[{"@type":"SearchAction","target":{"@type":"EntryPoint","urlTemplate":"https:\/\/www.urbanbiker.com\/pt-pt\/?s={search_term_string}"},"query-input":{"@type":"PropertyValueSpecification","valueRequired":true,"valueName":"search_term_string"}}],"inLanguage":"pt-PT"},{"@type":"Organization","@id":"https:\/\/www.urbanbiker.com\/pt-pt\/#organization","name":"UrbanBiker","url":"https:\/\/www.urbanbiker.com\/pt-pt\/","logo":{"@type":"ImageObject","inLanguage":"pt-PT","@id":"https:\/\/www.urbanbiker.com\/pt-pt\/#\/schema\/logo\/image\/","url":"https:\/\/www.urbanbiker.com\/wp-content\/uploads\/2022\/09\/Logo-principal-sin-fondo.png","contentUrl":"https:\/\/www.urbanbiker.com\/wp-content\/uploads\/2022\/09\/Logo-principal-sin-fondo.png","width":2560,"height":934,"caption":"UrbanBiker"},"image":{"@id":"https:\/\/www.urbanbiker.com\/pt-pt\/#\/schema\/logo\/image\/"},"sameAs":["https:\/\/www.facebook.com\/Urbanbikerbiciselectricas","https:\/\/www.instagram.com\/urbanbiker_\/","https:\/\/www.linkedin.com\/company\/2454235","https:\/\/www.youtube.com\/channel\/UCWR__uH_RWJF-OhPfz-9-Qw"]}]}},"_links":{"self":[{"href":"https:\/\/www.urbanbiker.com\/pt-pt\/wp-json\/wp\/v2\/pages\/39029","targetHints":{"allow":["GET"]}}],"collection":[{"href":"https:\/\/www.urbanbiker.com\/pt-pt\/wp-json\/wp\/v2\/pages"}],"about":[{"href":"https:\/\/www.urbanbiker.com\/pt-pt\/wp-json\/wp\/v2\/types\/page"}],"author":[{"embeddable":true,"href":"https:\/\/www.urbanbiker.com\/pt-pt\/wp-json\/wp\/v2\/users\/1"}],"replies":[{"embeddable":true,"href":"https:\/\/www.urbanbiker.com\/pt-pt\/wp-json\/wp\/v2\/comments?post=39029"}],"version-history":[{"count":2,"href":"https:\/\/www.urbanbiker.com\/pt-pt\/wp-json\/wp\/v2\/pages\/39029\/revisions"}],"predecessor-version":[{"id":39138,"href":"https:\/\/www.urbanbiker.com\/pt-pt\/wp-json\/wp\/v2\/pages\/39029\/revisions\/39138"}],"wp:attachment":[{"href":"https:\/\/www.urbanbiker.com\/pt-pt\/wp-json\/wp\/v2\/media?parent=39029"}],"curies":[{"name":"wp","href":"https:\/\/api.w.org\/{rel}","templated":true}]}}