{"id":35364,"date":"2023-03-20T02:30:46","date_gmt":"2023-03-20T01:30:46","guid":{"rendered":"https:\/\/www.urbanbiker.com\/nieuws\/"},"modified":"2025-03-13T13:45:37","modified_gmt":"2025-03-13T12:45:37","slug":"nieuws","status":"publish","type":"page","link":"https:\/\/www.urbanbiker.com\/nl\/nieuws\/","title":{"rendered":"Nieuws"},"content":{"rendered":"\t\t<div data-elementor-type=\"wp-page\" data-elementor-id=\"35364\" class=\"elementor elementor-35364 elementor-6963\">\n\t\t\t\t\t\t<div class=\"elementor-section elementor-top-section elementor-element elementor-element-e4bd039 elementor-section-stretched elementor-section-boxed elementor-section-height-default elementor-section-height-default\" data-id=\"e4bd039\" data-element_type=\"section\" data-e-type=\"section\" data-settings=\"{&quot;stretch_section&quot;:&quot;section-stretched&quot;}\">\n\t\t\t\t\t\t<div class=\"elementor-container elementor-column-gap-no\">\n\t\t\t\t\t<div class=\"elementor-column elementor-col-100 elementor-top-column elementor-element elementor-element-596bca5\" data-id=\"596bca5\" data-element_type=\"column\" data-e-type=\"column\">\n\t\t\t<div class=\"elementor-widget-wrap elementor-element-populated\">\n\t\t\t\t\n\t\t<div class=\"elementor-element elementor-element-0875ec3 arrow-style-1 dot-style-1 elementor-widget elementor-widget-bikys-post-grid\" data-id=\"0875ec3\" data-element_type=\"widget\" data-e-type=\"widget\" data-widget_type=\"bikys-post-grid.default\">\n\t\t\t\t<div class=\"elementor-widget-container\">\n\t\t\t\t\t        <div class=\"elementor-post-wrapper post-style-special\">\n            <div class=\"row\" data-elementor-columns=\"3\" data-elementor-columns-tablet=\"2\" data-elementor-columns-mobile=\"1\">\n\n                <div class=\"column-item post-style-2\">\n    <div class=\"post-inner\">\n        <div class=\"post-thumbnail\"><img fetchpriority=\"high\" decoding=\"async\" width=\"940\" height=\"1040\" src=\"https:\/\/www.urbanbiker.com\/wp-content\/uploads\/2026\/03\/Baterias-UrbanBiker-940x1040.png\" class=\"attachment-bikys-post-grid size-bikys-post-grid wp-post-image\" alt=\"\" \/><\/div>        <div class=\"post-content\">\n            <div class=\"entry-header\">\n                <div class=\"categories-link\"><span class=\"screen-reader-text\">Categorie\u00ebn<\/span><a href=\"https:\/\/www.urbanbiker.com\/nl\/categorie\/advies\/\" rel=\"category tag\">Advies<\/a> <a href=\"https:\/\/www.urbanbiker.com\/nl\/categorie\/duurzame-mobiliteit\/\" rel=\"category tag\">Duurzame mobiliteit<\/a><\/div>                <h3 class=\"delta entry-title\"><a href=\"https:\/\/www.urbanbiker.com\/nl\/lithiumbatterijen-en-elektrische-mobiliteit-wat-zit-er-achter-een-urbanbiker\/\" rel=\"bookmark\">Lithiumbatterijen en elektrische mobiliteit: wat zit er achter een UrbanBiker<\/a><\/h3>                <div class=\"entry-meta\">\n                      <div class=\"posted-on\"><a href=\"https:\/\/www.urbanbiker.com\/nl\/lithiumbatterijen-en-elektrische-mobiliteit-wat-zit-er-achter-een-urbanbiker\/\" rel=\"bookmark\">11 maart 2026<\/a><\/div> <div class=\"post-author\"><span class=\"text-author\">POST DOOR <\/span><a href=\"https:\/\/www.urbanbiker.com\/nl\/author\/urbanbikeres\/\" class=\"url fn\" rel=\"author\">UrbanBiker Espa\u00f1a<\/a><\/div>                <\/div>\n            <\/div>\n        <\/div>\n    <\/div>\n<\/div>\n<div class=\"column-item post-style-1\">\n    <div class=\"post-inner\">\n        <div class=\"post-thumbnail\"><div class=\"categories-link\"><span class=\"screen-reader-text\">Categorie\u00ebn<\/span><a href=\"https:\/\/www.urbanbiker.com\/nl\/categorie\/nieuws\/\" rel=\"category tag\">Nieuws<\/a><\/div><img decoding=\"async\" width=\"940\" height=\"1040\" src=\"https:\/\/www.urbanbiker.com\/wp-content\/uploads\/2026\/03\/Urbanbiker-prensa-940x1040.png\" class=\"attachment-bikys-post-grid size-bikys-post-grid wp-post-image\" alt=\"\" \/><\/div>        <div class=\"post-content\">\n            <div class=\"entry-header\">\n                <h3 class=\"sigma entry-title\"><a href=\"https:\/\/www.urbanbiker.com\/nl\/urbanbiker-in-tradebike-groei-en-reeel-gebruik-van-de-e-bike\/\" rel=\"bookmark\">UrbanBiker in TradeBike: groei en re\u00ebel gebruik van de e-bike<\/a><\/h3>                <div class=\"entry-meta\">\n                      <div class=\"posted-on\"><a href=\"https:\/\/www.urbanbiker.com\/nl\/urbanbiker-in-tradebike-groei-en-reeel-gebruik-van-de-e-bike\/\" rel=\"bookmark\">10 maart 2026<\/a><\/div> <div class=\"post-author\"><span class=\"text-author\">POST DOOR <\/span><a href=\"https:\/\/www.urbanbiker.com\/nl\/author\/urbanbikeres\/\" class=\"url fn\" rel=\"author\">UrbanBiker Espa\u00f1a<\/a><\/div>                <\/div>\n            <\/div>\n        <\/div>\n    <\/div>\n<\/div>\n<div class=\"column-item post-style-1\">\n    <div class=\"post-inner\">\n        <div class=\"post-thumbnail\"><div class=\"categories-link\"><span class=\"screen-reader-text\">Categorie\u00ebn<\/span><a href=\"https:\/\/www.urbanbiker.com\/nl\/categorie\/duurzame-mobiliteit\/\" rel=\"category tag\">Duurzame mobiliteit<\/a> <a href=\"https:\/\/www.urbanbiker.com\/nl\/categorie\/nieuws\/\" rel=\"category tag\">Nieuws<\/a><\/div><img decoding=\"async\" width=\"940\" height=\"1040\" src=\"https:\/\/www.urbanbiker.com\/wp-content\/uploads\/2025\/12\/Portada-entradas-blog-1-940x1040.png\" class=\"attachment-bikys-post-grid size-bikys-post-grid wp-post-image\" alt=\"\" \/><\/div>        <div class=\"post-content\">\n            <div class=\"entry-header\">\n                <h3 class=\"sigma entry-title\"><a href=\"https:\/\/www.urbanbiker.com\/nl\/urbanbiker-refuerza-presencia-alemania\/\" rel=\"bookmark\">UrbanBiker en Alemania: cinco a\u00f1os creciendo en uno de los mercados m\u00e1s exigentes de la ebike<\/a><\/h3>                <div class=\"entry-meta\">\n                      <div class=\"posted-on\"><a href=\"https:\/\/www.urbanbiker.com\/nl\/urbanbiker-refuerza-presencia-alemania\/\" rel=\"bookmark\">27 januari 2026<\/a><\/div> <div class=\"post-author\"><span class=\"text-author\">POST DOOR <\/span><a href=\"https:\/\/www.urbanbiker.com\/nl\/author\/urbanbikeres\/\" class=\"url fn\" rel=\"author\">UrbanBiker Espa\u00f1a<\/a><\/div>                <\/div>\n            <\/div>\n        <\/div>\n    <\/div>\n<\/div>\n<div class=\"column-item post-style-1\">\n    <div class=\"post-inner\">\n        <div class=\"post-thumbnail\"><div class=\"categories-link\"><span class=\"screen-reader-text\">Categorie\u00ebn<\/span><a href=\"https:\/\/www.urbanbiker.com\/nl\/categorie\/duurzame-mobiliteit\/\" rel=\"category tag\">Duurzame mobiliteit<\/a> <a href=\"https:\/\/www.urbanbiker.com\/nl\/categorie\/nieuws\/\" rel=\"category tag\">Nieuws<\/a><\/div><img loading=\"lazy\" decoding=\"async\" width=\"940\" height=\"1040\" src=\"https:\/\/www.urbanbiker.com\/wp-content\/uploads\/2025\/12\/imagen-blog-mas-alla-del-pedaleo-940x1040.jpg\" class=\"attachment-bikys-post-grid size-bikys-post-grid wp-post-image\" alt=\"\" \/><\/div>        <div class=\"post-content\">\n            <div class=\"entry-header\">\n                <h3 class=\"sigma entry-title\"><a href=\"https:\/\/www.urbanbiker.com\/nl\/meer-dan-alleen-fietsen\/\" rel=\"bookmark\">MEER DAN ALLEEN TRAPPEN<\/a><\/h3>                <div class=\"entry-meta\">\n                      <div class=\"posted-on\"><a href=\"https:\/\/www.urbanbiker.com\/nl\/meer-dan-alleen-fietsen\/\" rel=\"bookmark\">18 april 2026<\/a><\/div> <div class=\"post-author\"><span class=\"text-author\">POST DOOR <\/span><a href=\"https:\/\/www.urbanbiker.com\/nl\/author\/urbanbikeres\/\" class=\"url fn\" rel=\"author\">UrbanBiker Espa\u00f1a<\/a><\/div>                <\/div>\n            <\/div>\n        <\/div>\n    <\/div>\n<\/div>\n<div class=\"column-item post-style-1\">\n    <div class=\"post-inner\">\n        <div class=\"post-thumbnail\"><div class=\"categories-link\"><span class=\"screen-reader-text\">Categorie\u00ebn<\/span><a href=\"https:\/\/www.urbanbiker.com\/nl\/categorie\/duurzame-mobiliteit\/\" rel=\"category tag\">Duurzame mobiliteit<\/a> <a href=\"https:\/\/www.urbanbiker.com\/nl\/categorie\/nieuws\/\" rel=\"category tag\">Nieuws<\/a><\/div><img loading=\"lazy\" decoding=\"async\" width=\"940\" height=\"1040\" src=\"https:\/\/www.urbanbiker.com\/wp-content\/uploads\/2025\/10\/Asi-hablan-de-Urbanbiker-en-el-mercado-internacional-de-ebikes-1-940x1040.jpg\" class=\"attachment-bikys-post-grid size-bikys-post-grid wp-post-image\" alt=\"\" \/><\/div>        <div class=\"post-content\">\n            <div class=\"entry-header\">\n                <h3 class=\"sigma entry-title\"><a href=\"https:\/\/www.urbanbiker.com\/nl\/een-elektrische-reis-van-leon-naar-gijon-op-enn-e-bike-met-urbanbiker\/\" rel=\"bookmark\">Een elektrische reis van Le\u00f3n naar Gij\u00f3n op enn E-Bike met UrbanBiker | 30 dagen op de fiets<\/a><\/h3>                <div class=\"entry-meta\">\n                      <div class=\"posted-on\"><a href=\"https:\/\/www.urbanbiker.com\/nl\/een-elektrische-reis-van-leon-naar-gijon-op-enn-e-bike-met-urbanbiker\/\" rel=\"bookmark\">26 oktober 2025<\/a><\/div> <div class=\"post-author\"><span class=\"text-author\">POST DOOR <\/span><a href=\"https:\/\/www.urbanbiker.com\/nl\/author\/urbanbikeres\/\" class=\"url fn\" rel=\"author\">UrbanBiker Espa\u00f1a<\/a><\/div>                <\/div>\n            <\/div>\n        <\/div>\n    <\/div>\n<\/div>\n<div class=\"column-item post-style-1\">\n    <div class=\"post-inner\">\n        <div class=\"post-thumbnail\"><div class=\"categories-link\"><span class=\"screen-reader-text\">Categorie\u00ebn<\/span><a href=\"https:\/\/www.urbanbiker.com\/nl\/categorie\/duurzame-mobiliteit\/\" rel=\"category tag\">Duurzame mobiliteit<\/a> <a href=\"https:\/\/www.urbanbiker.com\/nl\/categorie\/nieuws\/\" rel=\"category tag\">Nieuws<\/a><\/div><img loading=\"lazy\" decoding=\"async\" width=\"940\" height=\"1040\" src=\"https:\/\/www.urbanbiker.com\/wp-content\/uploads\/2025\/09\/Asi-hablan-de-Urbanbiker-en-el-mercado-internacional-de-ebikes--940x1040.png\" class=\"attachment-bikys-post-grid size-bikys-post-grid wp-post-image\" alt=\"\" \/><\/div>        <div class=\"post-content\">\n            <div class=\"entry-header\">\n                <h3 class=\"sigma entry-title\"><a href=\"https:\/\/www.urbanbiker.com\/nl\/zo-wordt-er-over-urbanbiker-gesproken-op-de-internationale-markt-elektrische-fiets\/\" rel=\"bookmark\">Zo wordt er over UrbanBiker gesproken op de internationale markt | Elektrische Fiets<\/a><\/h3>                <div class=\"entry-meta\">\n                      <div class=\"posted-on\"><a href=\"https:\/\/www.urbanbiker.com\/nl\/zo-wordt-er-over-urbanbiker-gesproken-op-de-internationale-markt-elektrische-fiets\/\" rel=\"bookmark\">5 oktober 2025<\/a><\/div> <div class=\"post-author\"><span class=\"text-author\">POST DOOR <\/span><a href=\"https:\/\/www.urbanbiker.com\/nl\/author\/urbanbiker\/\" class=\"url fn\" rel=\"author\">UrbanBiker<\/a><\/div>                <\/div>\n            <\/div>\n        <\/div>\n    <\/div>\n<\/div>\n<div class=\"column-item post-style-1\">\n    <div class=\"post-inner\">\n        <div class=\"post-thumbnail\"><div class=\"categories-link\"><span class=\"screen-reader-text\">Categorie\u00ebn<\/span><a href=\"https:\/\/www.urbanbiker.com\/nl\/categorie\/duurzame-mobiliteit\/\" rel=\"category tag\">Duurzame mobiliteit<\/a> <a href=\"https:\/\/www.urbanbiker.com\/nl\/categorie\/nieuws\/\" rel=\"category tag\">Nieuws<\/a> <a href=\"https:\/\/www.urbanbiker.com\/nl\/categorie\/ongecategoriseerd\/\" rel=\"category tag\">Ongecategoriseerd<\/a><\/div><img loading=\"lazy\" decoding=\"async\" width=\"940\" height=\"1040\" src=\"https:\/\/www.urbanbiker.com\/wp-content\/uploads\/2025\/09\/Asi-hablan-de-Urbanbiker-en-el-mercado-internacional-de-ebikes--940x1040.png\" class=\"attachment-bikys-post-grid size-bikys-post-grid wp-post-image\" alt=\"\" \/><\/div>        <div class=\"post-content\">\n            <div class=\"entry-header\">\n                <h3 class=\"sigma entry-title\"><a href=\"https:\/\/www.urbanbiker.com\/nl\/zo-wordt-er-over-urbanbiker-gesproken-op-de-internationale-markt-elektrische-fiets-2\/\" rel=\"bookmark\">Zo wordt er over Urbanbiker gesproken op de internationale markt | Elektrische Fiets<\/a><\/h3>                <div class=\"entry-meta\">\n                      <div class=\"posted-on\"><a href=\"https:\/\/www.urbanbiker.com\/nl\/zo-wordt-er-over-urbanbiker-gesproken-op-de-internationale-markt-elektrische-fiets-2\/\" rel=\"bookmark\">5 oktober 2025<\/a><\/div> <div class=\"post-author\"><span class=\"text-author\">POST DOOR <\/span><a href=\"https:\/\/www.urbanbiker.com\/nl\/author\/urbanbiker\/\" class=\"url fn\" rel=\"author\">UrbanBiker<\/a><\/div>                <\/div>\n            <\/div>\n        <\/div>\n    <\/div>\n<\/div>\n<div class=\"column-item post-style-1\">\n    <div class=\"post-inner\">\n        <div class=\"post-thumbnail\"><div class=\"categories-link\"><span class=\"screen-reader-text\">Categorie\u00ebn<\/span><a href=\"https:\/\/www.urbanbiker.com\/nl\/categorie\/duurzame-mobiliteit\/\" rel=\"category tag\">Duurzame mobiliteit<\/a> <a href=\"https:\/\/www.urbanbiker.com\/nl\/categorie\/nieuws\/\" rel=\"category tag\">Nieuws<\/a> <a href=\"https:\/\/www.urbanbiker.com\/nl\/categorie\/ongecategoriseerd\/\" rel=\"category tag\">Ongecategoriseerd<\/a><\/div><img loading=\"lazy\" decoding=\"async\" width=\"940\" height=\"1040\" src=\"https:\/\/www.urbanbiker.com\/wp-content\/uploads\/2025\/09\/Banner-Italian-Bike-Festival-min-940x1040.png\" class=\"attachment-bikys-post-grid size-bikys-post-grid wp-post-image\" alt=\"\" \/><\/div>        <div class=\"post-content\">\n            <div class=\"entry-header\">\n                <h3 class=\"sigma entry-title\"><a href=\"https:\/\/www.urbanbiker.com\/nl\/urbanbiker-ob-het-italian-bike-festival-2025-ebikes\/\" rel=\"bookmark\">UrbanBiker op het Italian Bike Festival 2025 | Ebikes<\/a><\/h3>                <div class=\"entry-meta\">\n                      <div class=\"posted-on\"><a href=\"https:\/\/www.urbanbiker.com\/nl\/urbanbiker-ob-het-italian-bike-festival-2025-ebikes\/\" rel=\"bookmark\">4 oktober 2025<\/a><\/div> <div class=\"post-author\"><span class=\"text-author\">POST DOOR <\/span><a href=\"https:\/\/www.urbanbiker.com\/nl\/author\/urbanbikeres\/\" class=\"url fn\" rel=\"author\">UrbanBiker Espa\u00f1a<\/a><\/div>                <\/div>\n            <\/div>\n        <\/div>\n    <\/div>\n<\/div>\n<div class=\"column-item post-style-1\">\n    <div class=\"post-inner\">\n        <div class=\"post-thumbnail\"><div class=\"categories-link\"><span class=\"screen-reader-text\">Categorie\u00ebn<\/span><a href=\"https:\/\/www.urbanbiker.com\/nl\/categorie\/duurzame-mobiliteit\/\" rel=\"category tag\">Duurzame mobiliteit<\/a> <a href=\"https:\/\/www.urbanbiker.com\/nl\/categorie\/nieuws\/\" rel=\"category tag\">Nieuws<\/a><\/div><img loading=\"lazy\" decoding=\"async\" width=\"940\" height=\"1040\" src=\"https:\/\/www.urbanbiker.com\/wp-content\/uploads\/2025\/09\/Mini-Urbanbiker-Tren-940x1040.png\" class=\"attachment-bikys-post-grid size-bikys-post-grid wp-post-image\" alt=\"\" \/><\/div>        <div class=\"post-content\">\n            <div class=\"entry-header\">\n                <h3 class=\"sigma entry-title\"><a href=\"https:\/\/www.urbanbiker.com\/nl\/reizen-met-de-trein-met-een-elektrische-fiets-urbanbiker\/\" rel=\"bookmark\">Reizen met de trein met een elektrische fiets | UrbanBiker<\/a><\/h3>                <div class=\"entry-meta\">\n                      <div class=\"posted-on\"><a href=\"https:\/\/www.urbanbiker.com\/nl\/reizen-met-de-trein-met-een-elektrische-fiets-urbanbiker\/\" rel=\"bookmark\">4 oktober 2025<\/a><\/div> <div class=\"post-author\"><span class=\"text-author\">POST DOOR <\/span><a href=\"https:\/\/www.urbanbiker.com\/nl\/author\/urbanbikeres\/\" class=\"url fn\" rel=\"author\">UrbanBiker Espa\u00f1a<\/a><\/div>                <\/div>\n            <\/div>\n        <\/div>\n    <\/div>\n<\/div>\n<div class=\"column-item post-style-1\">\n    <div class=\"post-inner\">\n        <div class=\"post-thumbnail\"><div class=\"categories-link\"><span class=\"screen-reader-text\">Categorie\u00ebn<\/span><a href=\"https:\/\/www.urbanbiker.com\/nl\/categorie\/duurzame-mobiliteit\/\" rel=\"category tag\">Duurzame mobiliteit<\/a> <a href=\"https:\/\/www.urbanbiker.com\/nl\/categorie\/nieuws\/\" rel=\"category tag\">Nieuws<\/a><\/div><img loading=\"lazy\" decoding=\"async\" width=\"940\" height=\"1040\" src=\"https:\/\/www.urbanbiker.com\/wp-content\/uploads\/2025\/06\/DSC02832-X-2-1-940x1040.jpg\" class=\"attachment-bikys-post-grid size-bikys-post-grid wp-post-image\" alt=\"\" \/><\/div>        <div class=\"post-content\">\n            <div class=\"entry-header\">\n                <h3 class=\"sigma entry-title\"><a href=\"https:\/\/www.urbanbiker.com\/nl\/een-e-bike-genaamd-berna-wanneer-mobiliteit-ook-solidariteit-is\/\" rel=\"bookmark\">Een e-bike genaamd Berna: wanneer mobiliteit ook solidariteit is<\/a><\/h3>                <div class=\"entry-meta\">\n                      <div class=\"posted-on\"><a href=\"https:\/\/www.urbanbiker.com\/nl\/een-e-bike-genaamd-berna-wanneer-mobiliteit-ook-solidariteit-is\/\" rel=\"bookmark\">1 oktober 2025<\/a><\/div> <div class=\"post-author\"><span class=\"text-author\">POST DOOR <\/span><a href=\"https:\/\/www.urbanbiker.com\/nl\/author\/urbanbiker\/\" class=\"url fn\" rel=\"author\">UrbanBiker<\/a><\/div>                <\/div>\n            <\/div>\n        <\/div>\n    <\/div>\n<\/div>\n<div class=\"column-item post-style-1\">\n    <div class=\"post-inner\">\n        <div class=\"post-thumbnail\"><div class=\"categories-link\"><span class=\"screen-reader-text\">Categorie\u00ebn<\/span><a href=\"https:\/\/www.urbanbiker.com\/nl\/categorie\/advies\/\" rel=\"category tag\">Advies<\/a><\/div><img loading=\"lazy\" decoding=\"async\" width=\"940\" height=\"1040\" src=\"https:\/\/www.urbanbiker.com\/wp-content\/uploads\/2024\/11\/7-Sidney-PLUS-contexto-940x1040.jpg\" class=\"attachment-bikys-post-grid size-bikys-post-grid wp-post-image\" alt=\"Stedelijke elektrische fiets met centrale motor\" \/><\/div>        <div class=\"post-content\">\n            <div class=\"entry-header\">\n                <h3 class=\"sigma entry-title\"><a href=\"https:\/\/www.urbanbiker.com\/nl\/homologatie-van-e-bikes-de-sleutel-tot-zorgeloos-fietsen\/\" rel=\"bookmark\">Homologatie van e-bikes: de sleutel tot zorgeloos fietsen<\/a><\/h3>                <div class=\"entry-meta\">\n                      <div class=\"posted-on\"><a href=\"https:\/\/www.urbanbiker.com\/nl\/homologatie-van-e-bikes-de-sleutel-tot-zorgeloos-fietsen\/\" rel=\"bookmark\">26 juni 2025<\/a><\/div> <div class=\"post-author\"><span class=\"text-author\">POST DOOR <\/span><a href=\"https:\/\/www.urbanbiker.com\/nl\/author\/urbanbiker\/\" class=\"url fn\" rel=\"author\">UrbanBiker<\/a><\/div>                <\/div>\n            <\/div>\n        <\/div>\n    <\/div>\n<\/div>\n<div class=\"column-item post-style-1\">\n    <div class=\"post-inner\">\n        <div class=\"post-thumbnail\"><div class=\"categories-link\"><span class=\"screen-reader-text\">Categorie\u00ebn<\/span><a href=\"https:\/\/www.urbanbiker.com\/nl\/categorie\/duurzame-mobiliteit\/\" rel=\"category tag\">Duurzame mobiliteit<\/a> <a href=\"https:\/\/www.urbanbiker.com\/nl\/categorie\/nieuws\/\" rel=\"category tag\">Nieuws<\/a><\/div><img loading=\"lazy\" decoding=\"async\" width=\"940\" height=\"1040\" src=\"https:\/\/www.urbanbiker.com\/wp-content\/uploads\/2025\/04\/Diseno-sin-titulo-940x1040.jpg\" class=\"attachment-bikys-post-grid size-bikys-post-grid wp-post-image\" alt=\"\" \/><\/div>        <div class=\"post-content\">\n            <div class=\"entry-header\">\n                <h3 class=\"sigma entry-title\"><a href=\"https:\/\/www.urbanbiker.com\/nl\/urbanbiker-en-don-cicleto-meer-voordelen-voor-jouw-vrijheid-van-bewegen\/\" rel=\"bookmark\">UrbanBiker en Don Cicleto: Meer voordelen voor jouw vrijheid van bewegen<\/a><\/h3>                <div class=\"entry-meta\">\n                      <div class=\"posted-on\"><a href=\"https:\/\/www.urbanbiker.com\/nl\/urbanbiker-en-don-cicleto-meer-voordelen-voor-jouw-vrijheid-van-bewegen\/\" rel=\"bookmark\">4 mei 2025<\/a><\/div> <div class=\"post-author\"><span class=\"text-author\">POST DOOR <\/span><a href=\"https:\/\/www.urbanbiker.com\/nl\/author\/urbanbiker\/\" class=\"url fn\" rel=\"author\">UrbanBiker<\/a><\/div>                <\/div>\n            <\/div>\n        <\/div>\n    <\/div>\n<\/div>\n<div class=\"column-item post-style-1\">\n    <div class=\"post-inner\">\n        <div class=\"post-thumbnail\"><div class=\"categories-link\"><span class=\"screen-reader-text\">Categorie\u00ebn<\/span><a href=\"https:\/\/www.urbanbiker.com\/nl\/categorie\/advies\/\" rel=\"category tag\">Advies<\/a> <a href=\"https:\/\/www.urbanbiker.com\/nl\/categorie\/modellen\/\" rel=\"category tag\">Modellen<\/a><\/div><img loading=\"lazy\" decoding=\"async\" width=\"940\" height=\"1040\" src=\"https:\/\/www.urbanbiker.com\/wp-content\/uploads\/2024\/12\/7-Contexto-DSC02497-940x1040.jpg\" class=\"attachment-bikys-post-grid size-bikys-post-grid wp-post-image\" alt=\"\" \/><\/div>        <div class=\"post-content\">\n            <div class=\"entry-header\">\n                <h3 class=\"sigma entry-title\"><a href=\"https:\/\/www.urbanbiker.com\/nl\/dubbele-vering-op-een-elektrische-fiets-wanneer-deze-optie-kiezen\/\" rel=\"bookmark\">Dubbele vering op een elektrische fiets? Wanneer deze optie kiezen?<\/a><\/h3>                <div class=\"entry-meta\">\n                      <div class=\"posted-on\"><a href=\"https:\/\/www.urbanbiker.com\/nl\/dubbele-vering-op-een-elektrische-fiets-wanneer-deze-optie-kiezen\/\" rel=\"bookmark\">18 maart 2025<\/a><\/div> <div class=\"post-author\"><span class=\"text-author\">POST DOOR <\/span><a href=\"https:\/\/www.urbanbiker.com\/nl\/author\/urbanbiker\/\" class=\"url fn\" rel=\"author\">UrbanBiker<\/a><\/div>                <\/div>\n            <\/div>\n        <\/div>\n    <\/div>\n<\/div>\n<div class=\"column-item post-style-1\">\n    <div class=\"post-inner\">\n        <div class=\"post-thumbnail\"><div class=\"categories-link\"><span class=\"screen-reader-text\">Categorie\u00ebn<\/span><a href=\"https:\/\/www.urbanbiker.com\/nl\/categorie\/advies\/\" rel=\"category tag\">Advies<\/a><\/div><img loading=\"lazy\" decoding=\"async\" width=\"677\" height=\"430\" src=\"https:\/\/www.urbanbiker.com\/wp-content\/uploads\/2025\/03\/la-importancia-la-potencia-adecuada-en-tu-bicicleta-electrica.png\" class=\"attachment-bikys-post-grid size-bikys-post-grid wp-post-image\" alt=\"la importancia la potencia adecuada en tu bicicleta-electrica\" srcset=\"https:\/\/www.urbanbiker.com\/wp-content\/uploads\/2025\/03\/la-importancia-la-potencia-adecuada-en-tu-bicicleta-electrica.png 677w, https:\/\/www.urbanbiker.com\/wp-content\/uploads\/2025\/03\/la-importancia-la-potencia-adecuada-en-tu-bicicleta-electrica-300x191.png 300w\" sizes=\"(max-width: 677px) 100vw, 677px\" \/><\/div>        <div class=\"post-content\">\n            <div class=\"entry-header\">\n                <h3 class=\"sigma entry-title\"><a href=\"https:\/\/www.urbanbiker.com\/nl\/het-belang-van-het-juiste-vermogen-voor-je-elektrische-fiets\/\" rel=\"bookmark\">Het belang van het juiste vermogen voor je elektrische fiets<\/a><\/h3>                <div class=\"entry-meta\">\n                      <div class=\"posted-on\"><a href=\"https:\/\/www.urbanbiker.com\/nl\/het-belang-van-het-juiste-vermogen-voor-je-elektrische-fiets\/\" rel=\"bookmark\">11 januari 2025<\/a><\/div> <div class=\"post-author\"><span class=\"text-author\">POST DOOR <\/span><a href=\"https:\/\/www.urbanbiker.com\/nl\/author\/urbanbiker\/\" class=\"url fn\" rel=\"author\">UrbanBiker<\/a><\/div>                <\/div>\n            <\/div>\n        <\/div>\n    <\/div>\n<\/div>\n<div class=\"column-item post-style-1\">\n    <div class=\"post-inner\">\n        <div class=\"post-thumbnail\"><div class=\"categories-link\"><span class=\"screen-reader-text\">Categorie\u00ebn<\/span><a href=\"https:\/\/www.urbanbiker.com\/nl\/categorie\/modellen\/\" rel=\"category tag\">Modellen<\/a> <a href=\"https:\/\/www.urbanbiker.com\/nl\/categorie\/nieuws\/\" rel=\"category tag\">Nieuws<\/a><\/div><img loading=\"lazy\" decoding=\"async\" width=\"940\" height=\"860\" src=\"https:\/\/www.urbanbiker.com\/wp-content\/uploads\/2024\/11\/NUEVO-Banner-Berna-para-la-HOME-h6_bg1_Berna-NUEVO-940x860.jpg\" class=\"attachment-bikys-post-grid size-bikys-post-grid wp-post-image\" alt=\"\" \/><\/div>        <div class=\"post-content\">\n            <div class=\"entry-header\">\n                <h3 class=\"sigma entry-title\"><a href=\"https:\/\/www.urbanbiker.com\/nl\/berna-een-elektrische-fiets-voor-kinderen\/\" rel=\"bookmark\">Berna. Een elektrische fiets voor kinderen<\/a><\/h3>                <div class=\"entry-meta\">\n                      <div class=\"posted-on\"><a href=\"https:\/\/www.urbanbiker.com\/nl\/berna-een-elektrische-fiets-voor-kinderen\/\" rel=\"bookmark\">19 maart 2025<\/a><\/div> <div class=\"post-author\"><span class=\"text-author\">POST DOOR <\/span><a href=\"https:\/\/www.urbanbiker.com\/nl\/author\/urbanbiker\/\" class=\"url fn\" rel=\"author\">UrbanBiker<\/a><\/div>                <\/div>\n            <\/div>\n        <\/div>\n    <\/div>\n<\/div>\n<div class=\"column-item post-style-1\">\n    <div class=\"post-inner\">\n        <div class=\"post-thumbnail\"><div class=\"categories-link\"><span class=\"screen-reader-text\">Categorie\u00ebn<\/span><a href=\"https:\/\/www.urbanbiker.com\/nl\/categorie\/nieuws\/\" rel=\"category tag\">Nieuws<\/a><\/div><img loading=\"lazy\" decoding=\"async\" width=\"940\" height=\"900\" src=\"https:\/\/www.urbanbiker.com\/wp-content\/uploads\/2025\/03\/urbanbiker-cierre-2024-sector-bicicleta-fabricantes-leon.png-940x900.webp\" class=\"attachment-bikys-post-grid size-bikys-post-grid wp-post-image\" alt=\"\" \/><\/div>        <div class=\"post-content\">\n            <div class=\"entry-header\">\n                <h3 class=\"sigma entry-title\"><a href=\"https:\/\/www.urbanbiker.com\/nl\/ze-praten-over-ons-in-c-de-comunicacion\/\" rel=\"bookmark\">Ze praten over ons in C de Comunicaci\u00f3n<\/a><\/h3>                <div class=\"entry-meta\">\n                      <div class=\"posted-on\"><a href=\"https:\/\/www.urbanbiker.com\/nl\/ze-praten-over-ons-in-c-de-comunicacion\/\" rel=\"bookmark\">11 november 2024<\/a><\/div> <div class=\"post-author\"><span class=\"text-author\">POST DOOR <\/span><a href=\"https:\/\/www.urbanbiker.com\/nl\/author\/urbanbiker\/\" class=\"url fn\" rel=\"author\">UrbanBiker<\/a><\/div>                <\/div>\n            <\/div>\n        <\/div>\n    <\/div>\n<\/div>\n<div class=\"column-item post-style-1\">\n    <div class=\"post-inner\">\n        <div class=\"post-thumbnail\"><div class=\"categories-link\"><span class=\"screen-reader-text\">Categorie\u00ebn<\/span><a href=\"https:\/\/www.urbanbiker.com\/nl\/categorie\/nieuws\/\" rel=\"category tag\">Nieuws<\/a><\/div><img loading=\"lazy\" decoding=\"async\" width=\"940\" height=\"900\" src=\"https:\/\/www.urbanbiker.com\/wp-content\/uploads\/2024\/11\/Empresa-y-Universidad-UrbanBiker-940x900.jpg\" class=\"attachment-bikys-post-grid size-bikys-post-grid wp-post-image\" alt=\"\" \/><\/div>        <div class=\"post-content\">\n            <div class=\"entry-header\">\n                <h3 class=\"sigma entry-title\"><a href=\"https:\/\/www.urbanbiker.com\/nl\/bedrijf-en-universiteit-een-noodzakelijke-alliantie\/\" rel=\"bookmark\">Bedrijf en universiteit, een noodzakelijke alliantie<\/a><\/h3>                <div class=\"entry-meta\">\n                      <div class=\"posted-on\"><a href=\"https:\/\/www.urbanbiker.com\/nl\/bedrijf-en-universiteit-een-noodzakelijke-alliantie\/\" rel=\"bookmark\">13 maart 2025<\/a><\/div> <div class=\"post-author\"><span class=\"text-author\">POST DOOR <\/span><a href=\"https:\/\/www.urbanbiker.com\/nl\/author\/urbanbiker\/\" class=\"url fn\" rel=\"author\">UrbanBiker<\/a><\/div>                <\/div>\n            <\/div>\n        <\/div>\n    <\/div>\n<\/div>\n<div class=\"column-item post-style-1\">\n    <div class=\"post-inner\">\n        <div class=\"post-thumbnail\"><div class=\"categories-link\"><span class=\"screen-reader-text\">Categorie\u00ebn<\/span><a href=\"https:\/\/www.urbanbiker.com\/nl\/categorie\/advies\/\" rel=\"category tag\">Advies<\/a><\/div><img loading=\"lazy\" decoding=\"async\" width=\"940\" height=\"1040\" src=\"https:\/\/www.urbanbiker.com\/wp-content\/uploads\/2024\/10\/numero-de-serie-940x1040.jpg\" class=\"attachment-bikys-post-grid size-bikys-post-grid wp-post-image\" alt=\"\" \/><\/div>        <div class=\"post-content\">\n            <div class=\"entry-header\">\n                <h3 class=\"sigma entry-title\"><a href=\"https:\/\/www.urbanbiker.com\/nl\/waar-is-het-serienummer-van-de-fiets\/\" rel=\"bookmark\">Waar is het serienummer van de fiets?<\/a><\/h3>                <div class=\"entry-meta\">\n                      <div class=\"posted-on\"><a href=\"https:\/\/www.urbanbiker.com\/nl\/waar-is-het-serienummer-van-de-fiets\/\" rel=\"bookmark\">19 maart 2025<\/a><\/div> <div class=\"post-author\"><span class=\"text-author\">POST DOOR <\/span><a href=\"https:\/\/www.urbanbiker.com\/nl\/author\/urbanbiker\/\" class=\"url fn\" rel=\"author\">UrbanBiker<\/a><\/div>                <\/div>\n            <\/div>\n        <\/div>\n    <\/div>\n<\/div>\n<div class=\"column-item post-style-1\">\n    <div class=\"post-inner\">\n        <div class=\"post-thumbnail\"><div class=\"categories-link\"><span class=\"screen-reader-text\">Categorie\u00ebn<\/span><a href=\"https:\/\/www.urbanbiker.com\/nl\/categorie\/advies\/\" rel=\"category tag\">Advies<\/a><\/div><img loading=\"lazy\" decoding=\"async\" width=\"940\" height=\"1040\" src=\"https:\/\/www.urbanbiker.com\/wp-content\/uploads\/2024\/11\/casco-940x1040.jpg\" class=\"attachment-bikys-post-grid size-bikys-post-grid wp-post-image\" alt=\"\" \/><\/div>        <div class=\"post-content\">\n            <div class=\"entry-header\">\n                <h3 class=\"sigma entry-title\"><a href=\"https:\/\/www.urbanbiker.com\/nl\/is-het-dragen-van-een-helm-op-een-elektrische-fiets-verplicht\/\" rel=\"bookmark\">Is het dragen van een helm op een elektrische fiets verplicht?<\/a><\/h3>                <div class=\"entry-meta\">\n                      <div class=\"posted-on\"><a href=\"https:\/\/www.urbanbiker.com\/nl\/is-het-dragen-van-een-helm-op-een-elektrische-fiets-verplicht\/\" rel=\"bookmark\">19 maart 2025<\/a><\/div> <div class=\"post-author\"><span class=\"text-author\">POST DOOR <\/span><a href=\"https:\/\/www.urbanbiker.com\/nl\/author\/urbanbiker\/\" class=\"url fn\" rel=\"author\">UrbanBiker<\/a><\/div>                <\/div>\n            <\/div>\n        <\/div>\n    <\/div>\n<\/div>\n<div class=\"column-item post-style-1\">\n    <div class=\"post-inner\">\n        <div class=\"post-thumbnail\"><div class=\"categories-link\"><span class=\"screen-reader-text\">Categorie\u00ebn<\/span><a href=\"https:\/\/www.urbanbiker.com\/nl\/categorie\/advies\/\" rel=\"category tag\">Advies<\/a><\/div><img loading=\"lazy\" decoding=\"async\" width=\"940\" height=\"1040\" src=\"https:\/\/www.urbanbiker.com\/wp-content\/uploads\/2024\/05\/Sidney23-MEDIDAS-940x1040.jpg\" class=\"attachment-bikys-post-grid size-bikys-post-grid wp-post-image\" alt=\"\" \/><\/div>        <div class=\"post-content\">\n            <div class=\"entry-header\">\n                <h3 class=\"sigma entry-title\"><a href=\"https:\/\/www.urbanbiker.com\/nl\/de-stack-en-reach-op-een-fiets-zijn-belangrijk-omdat\/\" rel=\"bookmark\">De STACK en REACH op een fiets zijn belangrijk omdat&#8230;<\/a><\/h3>                <div class=\"entry-meta\">\n                      <div class=\"posted-on\"><a href=\"https:\/\/www.urbanbiker.com\/nl\/de-stack-en-reach-op-een-fiets-zijn-belangrijk-omdat\/\" rel=\"bookmark\">18 maart 2025<\/a><\/div> <div class=\"post-author\"><span class=\"text-author\">POST DOOR <\/span><a href=\"https:\/\/www.urbanbiker.com\/nl\/author\/urbanbiker\/\" class=\"url fn\" rel=\"author\">UrbanBiker<\/a><\/div>                <\/div>\n            <\/div>\n        <\/div>\n    <\/div>\n<\/div>\n<div class=\"column-item post-style-1\">\n    <div class=\"post-inner\">\n        <div class=\"post-thumbnail\"><div class=\"categories-link\"><span class=\"screen-reader-text\">Categorie\u00ebn<\/span><a href=\"https:\/\/www.urbanbiker.com\/nl\/categorie\/advies\/\" rel=\"category tag\">Advies<\/a><\/div><img loading=\"lazy\" decoding=\"async\" width=\"940\" height=\"934\" src=\"https:\/\/www.urbanbiker.com\/wp-content\/uploads\/2024\/04\/como_conducir_un_vehiculo_con_motor_sin_carne_de_conducir.jpg-940x934.webp\" class=\"attachment-bikys-post-grid size-bikys-post-grid wp-post-image\" alt=\"\" srcset=\"https:\/\/www.urbanbiker.com\/wp-content\/uploads\/2024\/04\/como_conducir_un_vehiculo_con_motor_sin_carne_de_conducir.jpg-940x934.webp 940w, https:\/\/www.urbanbiker.com\/wp-content\/uploads\/2024\/04\/como_conducir_un_vehiculo_con_motor_sin_carne_de_conducir.jpg-150x150.webp 150w, https:\/\/www.urbanbiker.com\/wp-content\/uploads\/2024\/04\/como_conducir_un_vehiculo_con_motor_sin_carne_de_conducir.jpg-100x100.webp 100w, https:\/\/www.urbanbiker.com\/wp-content\/uploads\/2024\/04\/como_conducir_un_vehiculo_con_motor_sin_carne_de_conducir.jpg-50x50.webp 50w, https:\/\/www.urbanbiker.com\/wp-content\/uploads\/2024\/04\/como_conducir_un_vehiculo_con_motor_sin_carne_de_conducir.jpg-96x96.webp 96w\" sizes=\"(max-width: 940px) 100vw, 940px\" \/><\/div>        <div class=\"post-content\">\n            <div class=\"entry-header\">\n                <h3 class=\"sigma entry-title\"><a href=\"https:\/\/www.urbanbiker.com\/nl\/een-gemotoriseerd-voertuig-besturen-zonder-rijbewijs\/\" rel=\"bookmark\">Een gemotoriseerd voertuig besturen zonder rijbewijs<\/a><\/h3>                <div class=\"entry-meta\">\n                      <div class=\"posted-on\"><a href=\"https:\/\/www.urbanbiker.com\/nl\/een-gemotoriseerd-voertuig-besturen-zonder-rijbewijs\/\" rel=\"bookmark\">18 maart 2025<\/a><\/div> <div class=\"post-author\"><span class=\"text-author\">POST DOOR <\/span><a href=\"https:\/\/www.urbanbiker.com\/nl\/author\/urbanbiker\/\" class=\"url fn\" rel=\"author\">UrbanBiker<\/a><\/div>                <\/div>\n            <\/div>\n        <\/div>\n    <\/div>\n<\/div>\n<div class=\"column-item post-style-1\">\n    <div class=\"post-inner\">\n        <div class=\"post-thumbnail\"><div class=\"categories-link\"><span class=\"screen-reader-text\">Categorie\u00ebn<\/span><a href=\"https:\/\/www.urbanbiker.com\/nl\/categorie\/advies\/\" rel=\"category tag\">Advies<\/a> <a href=\"https:\/\/www.urbanbiker.com\/nl\/categorie\/modellen\/\" rel=\"category tag\">Modellen<\/a> <a href=\"https:\/\/www.urbanbiker.com\/nl\/categorie\/onderdelen\/\" rel=\"category tag\">Onderdelen<\/a><\/div><img loading=\"lazy\" decoding=\"async\" width=\"940\" height=\"800\" src=\"https:\/\/www.urbanbiker.com\/wp-content\/uploads\/2024\/03\/kilometros-940x800.jpg\" class=\"attachment-bikys-post-grid size-bikys-post-grid wp-post-image\" alt=\"\" \/><\/div>        <div class=\"post-content\">\n            <div class=\"entry-header\">\n                <h3 class=\"sigma entry-title\"><a href=\"https:\/\/www.urbanbiker.com\/nl\/hoeveel-kilometer-kan-ik-afleggen-met-een-elektrische-fiets\/\" rel=\"bookmark\">Hoeveel kilometer kan ik afleggen met een elektrische fiets?<\/a><\/h3>                <div class=\"entry-meta\">\n                      <div class=\"posted-on\"><a href=\"https:\/\/www.urbanbiker.com\/nl\/hoeveel-kilometer-kan-ik-afleggen-met-een-elektrische-fiets\/\" rel=\"bookmark\">18 maart 2025<\/a><\/div> <div class=\"post-author\"><span class=\"text-author\">POST DOOR <\/span><a href=\"https:\/\/www.urbanbiker.com\/nl\/author\/urbanbiker\/\" class=\"url fn\" rel=\"author\">UrbanBiker<\/a><\/div>                <\/div>\n            <\/div>\n        <\/div>\n    <\/div>\n<\/div>\n<div class=\"column-item post-style-1\">\n    <div class=\"post-inner\">\n        <div class=\"post-thumbnail\"><div class=\"categories-link\"><span class=\"screen-reader-text\">Categorie\u00ebn<\/span><a href=\"https:\/\/www.urbanbiker.com\/nl\/categorie\/advies\/\" rel=\"category tag\">Advies<\/a><\/div><img loading=\"lazy\" decoding=\"async\" width=\"940\" height=\"1040\" src=\"https:\/\/www.urbanbiker.com\/wp-content\/uploads\/2023\/09\/display-940x1040.jpg\" class=\"attachment-bikys-post-grid size-bikys-post-grid wp-post-image\" alt=\"\" \/><\/div>        <div class=\"post-content\">\n            <div class=\"entry-header\">\n                <h3 class=\"sigma entry-title\"><a href=\"https:\/\/www.urbanbiker.com\/nl\/hoe-een-display-op-een-elektrische-fiets-werkt\/\" rel=\"bookmark\">Hoe een display op een elektrische fiets werkt<\/a><\/h3>                <div class=\"entry-meta\">\n                      <div class=\"posted-on\"><a href=\"https:\/\/www.urbanbiker.com\/nl\/hoe-een-display-op-een-elektrische-fiets-werkt\/\" rel=\"bookmark\">19 maart 2025<\/a><\/div> <div class=\"post-author\"><span class=\"text-author\">POST DOOR <\/span><a href=\"https:\/\/www.urbanbiker.com\/nl\/author\/urbanbiker\/\" class=\"url fn\" rel=\"author\">UrbanBiker<\/a><\/div>                <\/div>\n            <\/div>\n        <\/div>\n    <\/div>\n<\/div>\n<div class=\"column-item post-style-1\">\n    <div class=\"post-inner\">\n        <div class=\"post-thumbnail\"><div class=\"categories-link\"><span class=\"screen-reader-text\">Categorie\u00ebn<\/span><a href=\"https:\/\/www.urbanbiker.com\/nl\/categorie\/advies\/\" rel=\"category tag\">Advies<\/a><\/div><img loading=\"lazy\" decoding=\"async\" width=\"940\" height=\"1040\" src=\"https:\/\/www.urbanbiker.com\/wp-content\/uploads\/2023\/06\/9-940x1040.jpg\" class=\"attachment-bikys-post-grid size-bikys-post-grid wp-post-image\" alt=\"\" \/><\/div>        <div class=\"post-content\">\n            <div class=\"entry-header\">\n                <h3 class=\"sigma entry-title\"><a href=\"https:\/\/www.urbanbiker.com\/nl\/de-levensduur-van-de-batterij-verlengen\/\" rel=\"bookmark\">De levensduur van de batterij verlengen<\/a><\/h3>                <div class=\"entry-meta\">\n                      <div class=\"posted-on\"><a href=\"https:\/\/www.urbanbiker.com\/nl\/de-levensduur-van-de-batterij-verlengen\/\" rel=\"bookmark\">21 maart 2025<\/a><\/div> <div class=\"post-author\"><span class=\"text-author\">POST DOOR <\/span><a href=\"https:\/\/www.urbanbiker.com\/nl\/author\/urbanbiker\/\" class=\"url fn\" rel=\"author\">UrbanBiker<\/a><\/div>                <\/div>\n            <\/div>\n        <\/div>\n    <\/div>\n<\/div>\n<div class=\"column-item post-style-1\">\n    <div class=\"post-inner\">\n        <div class=\"post-thumbnail\"><div class=\"categories-link\"><span class=\"screen-reader-text\">Categorie\u00ebn<\/span><a href=\"https:\/\/www.urbanbiker.com\/nl\/categorie\/advies\/\" rel=\"category tag\">Advies<\/a><\/div><img loading=\"lazy\" decoding=\"async\" width=\"940\" height=\"600\" src=\"https:\/\/www.urbanbiker.com\/wp-content\/uploads\/2023\/05\/Diseno-sin-titulo-19-940x600.png\" class=\"attachment-bikys-post-grid size-bikys-post-grid wp-post-image\" alt=\"\" \/><\/div>        <div class=\"post-content\">\n            <div class=\"entry-header\">\n                <h3 class=\"sigma entry-title\"><a href=\"https:\/\/www.urbanbiker.com\/nl\/als-er-fysieke-problemen-zijn-is-een-elektrische-fiets-beter\/\" rel=\"bookmark\">Als er fysieke problemen zijn, is een elektrische fiets beter<\/a><\/h3>                <div class=\"entry-meta\">\n                      <div class=\"posted-on\"><a href=\"https:\/\/www.urbanbiker.com\/nl\/als-er-fysieke-problemen-zijn-is-een-elektrische-fiets-beter\/\" rel=\"bookmark\">19 maart 2025<\/a><\/div> <div class=\"post-author\"><span class=\"text-author\">POST DOOR <\/span><a href=\"https:\/\/www.urbanbiker.com\/nl\/author\/urbanbiker\/\" class=\"url fn\" rel=\"author\">UrbanBiker<\/a><\/div>                <\/div>\n            <\/div>\n        <\/div>\n    <\/div>\n<\/div>\n<div class=\"column-item post-style-1\">\n    <div class=\"post-inner\">\n        <div class=\"post-thumbnail\"><div class=\"categories-link\"><span class=\"screen-reader-text\">Categorie\u00ebn<\/span><a href=\"https:\/\/www.urbanbiker.com\/nl\/categorie\/advies\/\" rel=\"category tag\">Advies<\/a> <a href=\"https:\/\/www.urbanbiker.com\/nl\/categorie\/onderdelen\/\" rel=\"category tag\">Onderdelen<\/a><\/div><img loading=\"lazy\" decoding=\"async\" width=\"940\" height=\"1040\" src=\"https:\/\/www.urbanbiker.com\/wp-content\/uploads\/2023\/05\/2-Felicidad-scaled-1-940x1040.jpg\" class=\"attachment-bikys-post-grid size-bikys-post-grid wp-post-image\" alt=\"\" \/><\/div>        <div class=\"post-content\">\n            <div class=\"entry-header\">\n                <h3 class=\"sigma entry-title\"><a href=\"https:\/\/www.urbanbiker.com\/nl\/hoe-een-elektrische-fiets-werkt\/\" rel=\"bookmark\">Hoe een elektrische fiets werkt<\/a><\/h3>                <div class=\"entry-meta\">\n                      <div class=\"posted-on\"><a href=\"https:\/\/www.urbanbiker.com\/nl\/hoe-een-elektrische-fiets-werkt\/\" rel=\"bookmark\">19 maart 2025<\/a><\/div> <div class=\"post-author\"><span class=\"text-author\">POST DOOR <\/span><a href=\"https:\/\/www.urbanbiker.com\/nl\/author\/urbanbiker\/\" class=\"url fn\" rel=\"author\">UrbanBiker<\/a><\/div>                <\/div>\n            <\/div>\n        <\/div>\n    <\/div>\n<\/div>\n<div class=\"column-item post-style-1\">\n    <div class=\"post-inner\">\n        <div class=\"post-thumbnail\"><div class=\"categories-link\"><span class=\"screen-reader-text\">Categorie\u00ebn<\/span><a href=\"https:\/\/www.urbanbiker.com\/nl\/categorie\/advies\/\" rel=\"category tag\">Advies<\/a> <a href=\"https:\/\/www.urbanbiker.com\/nl\/categorie\/onderdelen\/\" rel=\"category tag\">Onderdelen<\/a><\/div><img loading=\"lazy\" decoding=\"async\" width=\"600\" height=\"600\" src=\"https:\/\/www.urbanbiker.com\/wp-content\/uploads\/2023\/04\/bike-repair-shop-1.jpg\" class=\"attachment-bikys-post-grid size-bikys-post-grid wp-post-image\" alt=\"\" srcset=\"https:\/\/www.urbanbiker.com\/wp-content\/uploads\/2023\/04\/bike-repair-shop-1.jpg 600w, https:\/\/www.urbanbiker.com\/wp-content\/uploads\/2023\/04\/bike-repair-shop-1-300x300.jpg 300w, https:\/\/www.urbanbiker.com\/wp-content\/uploads\/2023\/04\/bike-repair-shop-1-150x150.jpg 150w, https:\/\/www.urbanbiker.com\/wp-content\/uploads\/2023\/04\/bike-repair-shop-1-450x450.jpg 450w, https:\/\/www.urbanbiker.com\/wp-content\/uploads\/2023\/04\/bike-repair-shop-1-100x100.jpg 100w, https:\/\/www.urbanbiker.com\/wp-content\/uploads\/2023\/04\/bike-repair-shop-1-50x50.jpg 50w, https:\/\/www.urbanbiker.com\/wp-content\/uploads\/2023\/04\/bike-repair-shop-1-96x96.jpg 96w, https:\/\/www.urbanbiker.com\/wp-content\/uploads\/2023\/04\/bike-repair-shop-1-460x460.jpg 460w\" sizes=\"(max-width: 600px) 100vw, 600px\" \/><\/div>        <div class=\"post-content\">\n            <div class=\"entry-header\">\n                <h3 class=\"sigma entry-title\"><a href=\"https:\/\/www.urbanbiker.com\/nl\/elektrische-storingen-op-elektrische-fietsen\/\" rel=\"bookmark\">Elektrische storingen op elektrische fietsen<\/a><\/h3>                <div class=\"entry-meta\">\n                      <div class=\"posted-on\"><a href=\"https:\/\/www.urbanbiker.com\/nl\/elektrische-storingen-op-elektrische-fietsen\/\" rel=\"bookmark\">18 maart 2025<\/a><\/div> <div class=\"post-author\"><span class=\"text-author\">POST DOOR <\/span><a href=\"https:\/\/www.urbanbiker.com\/nl\/author\/urbanbiker\/\" class=\"url fn\" rel=\"author\">UrbanBiker<\/a><\/div>                <\/div>\n            <\/div>\n        <\/div>\n    <\/div>\n<\/div>\n<div class=\"column-item post-style-1\">\n    <div class=\"post-inner\">\n        <div class=\"post-thumbnail\"><div class=\"categories-link\"><span class=\"screen-reader-text\">Categorie\u00ebn<\/span><a href=\"https:\/\/www.urbanbiker.com\/nl\/categorie\/advies\/\" rel=\"category tag\">Advies<\/a> <a href=\"https:\/\/www.urbanbiker.com\/nl\/categorie\/onderdelen\/\" rel=\"category tag\">Onderdelen<\/a><\/div><img loading=\"lazy\" decoding=\"async\" width=\"940\" height=\"1040\" src=\"https:\/\/www.urbanbiker.com\/wp-content\/uploads\/2023\/03\/urbanbiker-dakota-11-940x1040.jpg\" class=\"attachment-bikys-post-grid size-bikys-post-grid wp-post-image\" alt=\"\" \/><\/div>        <div class=\"post-content\">\n            <div class=\"entry-header\">\n                <h3 class=\"sigma entry-title\"><a href=\"https:\/\/www.urbanbiker.com\/nl\/waarom-een-elektrische-fiets-zoveel-weegt\/\" rel=\"bookmark\">Waarom een elektrische fiets zoveel weegt<\/a><\/h3>                <div class=\"entry-meta\">\n                      <div class=\"posted-on\"><a href=\"https:\/\/www.urbanbiker.com\/nl\/waarom-een-elektrische-fiets-zoveel-weegt\/\" rel=\"bookmark\">18 maart 2025<\/a><\/div> <div class=\"post-author\"><span class=\"text-author\">POST DOOR <\/span><a href=\"https:\/\/www.urbanbiker.com\/nl\/author\/urbanbiker\/\" class=\"url fn\" rel=\"author\">UrbanBiker<\/a><\/div>                <\/div>\n            <\/div>\n        <\/div>\n    <\/div>\n<\/div>\n<div class=\"column-item post-style-1\">\n    <div class=\"post-inner\">\n        <div class=\"post-thumbnail\"><div class=\"categories-link\"><span class=\"screen-reader-text\">Categorie\u00ebn<\/span><a href=\"https:\/\/www.urbanbiker.com\/nl\/categorie\/onderhoud\/\" rel=\"category tag\">Onderhoud<\/a><\/div><img loading=\"lazy\" decoding=\"async\" width=\"940\" height=\"800\" src=\"https:\/\/www.urbanbiker.com\/wp-content\/uploads\/2023\/03\/presion_neumaticos_mtb_revisado_1-940x800.jpg\" class=\"attachment-bikys-post-grid size-bikys-post-grid wp-post-image\" alt=\"\" \/><\/div>        <div class=\"post-content\">\n            <div class=\"entry-header\">\n                <h3 class=\"sigma entry-title\"><a href=\"https:\/\/www.urbanbiker.com\/nl\/een-lekke-band-repareren-op-een-elektrische-fiets\/\" rel=\"bookmark\">Een lekke band repareren op een elektrische fiets<\/a><\/h3>                <div class=\"entry-meta\">\n                      <div class=\"posted-on\"><a href=\"https:\/\/www.urbanbiker.com\/nl\/een-lekke-band-repareren-op-een-elektrische-fiets\/\" rel=\"bookmark\">16 december 2024<\/a><\/div> <div class=\"post-author\"><span class=\"text-author\">POST DOOR <\/span><a href=\"https:\/\/www.urbanbiker.com\/nl\/author\/urbanbiker\/\" class=\"url fn\" rel=\"author\">UrbanBiker<\/a><\/div>                <\/div>\n            <\/div>\n        <\/div>\n    <\/div>\n<\/div>\n<div class=\"column-item post-style-1\">\n    <div class=\"post-inner\">\n        <div class=\"post-thumbnail\"><div class=\"categories-link\"><span class=\"screen-reader-text\">Categorie\u00ebn<\/span><a href=\"https:\/\/www.urbanbiker.com\/nl\/categorie\/advies\/\" rel=\"category tag\">Advies<\/a> <a href=\"https:\/\/www.urbanbiker.com\/nl\/categorie\/onderhoud\/\" rel=\"category tag\">Onderhoud<\/a><\/div><img loading=\"lazy\" decoding=\"async\" width=\"940\" height=\"1040\" src=\"https:\/\/www.urbanbiker.com\/wp-content\/uploads\/2023\/03\/limpiar_ebike-940x1040.webp\" class=\"attachment-bikys-post-grid size-bikys-post-grid wp-post-image\" alt=\"\" \/><\/div>        <div class=\"post-content\">\n            <div class=\"entry-header\">\n                <h3 class=\"sigma entry-title\"><a href=\"https:\/\/www.urbanbiker.com\/nl\/een-elektrische-fiets-wassen\/\" rel=\"bookmark\">Een elektrische fiets wassen<\/a><\/h3>                <div class=\"entry-meta\">\n                      <div class=\"posted-on\"><a href=\"https:\/\/www.urbanbiker.com\/nl\/een-elektrische-fiets-wassen\/\" rel=\"bookmark\">16 december 2024<\/a><\/div> <div class=\"post-author\"><span class=\"text-author\">POST DOOR <\/span><a href=\"https:\/\/www.urbanbiker.com\/nl\/author\/urbanbiker\/\" class=\"url fn\" rel=\"author\">UrbanBiker<\/a><\/div>                <\/div>\n            <\/div>\n        <\/div>\n    <\/div>\n<\/div>\n<div class=\"column-item post-style-1\">\n    <div class=\"post-inner\">\n        <div class=\"post-thumbnail\"><div class=\"categories-link\"><span class=\"screen-reader-text\">Categorie\u00ebn<\/span><a href=\"https:\/\/www.urbanbiker.com\/nl\/categorie\/advies\/\" rel=\"category tag\">Advies<\/a> <a href=\"https:\/\/www.urbanbiker.com\/nl\/categorie\/nieuws\/\" rel=\"category tag\">Nieuws<\/a><\/div><img loading=\"lazy\" decoding=\"async\" width=\"463\" height=\"463\" src=\"https:\/\/www.urbanbiker.com\/wp-content\/uploads\/2023\/03\/Urbanbiker-display-ub-2.png\" class=\"attachment-bikys-post-grid size-bikys-post-grid wp-post-image\" alt=\"\" srcset=\"https:\/\/www.urbanbiker.com\/wp-content\/uploads\/2023\/03\/Urbanbiker-display-ub-2.png 463w, https:\/\/www.urbanbiker.com\/wp-content\/uploads\/2023\/03\/Urbanbiker-display-ub-2-300x300.png 300w, https:\/\/www.urbanbiker.com\/wp-content\/uploads\/2023\/03\/Urbanbiker-display-ub-2-150x150.png 150w, https:\/\/www.urbanbiker.com\/wp-content\/uploads\/2023\/03\/Urbanbiker-display-ub-2-450x450.png 450w, https:\/\/www.urbanbiker.com\/wp-content\/uploads\/2023\/03\/Urbanbiker-display-ub-2-100x100.png 100w, https:\/\/www.urbanbiker.com\/wp-content\/uploads\/2023\/03\/Urbanbiker-display-ub-2-50x50.png 50w, https:\/\/www.urbanbiker.com\/wp-content\/uploads\/2023\/03\/Urbanbiker-display-ub-2-96x96.png 96w, https:\/\/www.urbanbiker.com\/wp-content\/uploads\/2023\/03\/Urbanbiker-display-ub-2-460x460.png 460w\" sizes=\"(max-width: 463px) 100vw, 463px\" \/><\/div>        <div class=\"post-content\">\n            <div class=\"entry-header\">\n                <h3 class=\"sigma entry-title\"><a href=\"https:\/\/www.urbanbiker.com\/nl\/wat-is-de-loopmodus-op-een-elektrische-fiets\/\" rel=\"bookmark\">Wat is de loopmodus op een elektrische fiets<\/a><\/h3>                <div class=\"entry-meta\">\n                      <div class=\"posted-on\"><a href=\"https:\/\/www.urbanbiker.com\/nl\/wat-is-de-loopmodus-op-een-elektrische-fiets\/\" rel=\"bookmark\">16 december 2024<\/a><\/div> <div class=\"post-author\"><span class=\"text-author\">POST DOOR <\/span><a href=\"https:\/\/www.urbanbiker.com\/nl\/author\/urbanbiker\/\" class=\"url fn\" rel=\"author\">UrbanBiker<\/a><\/div>                <\/div>\n            <\/div>\n        <\/div>\n    <\/div>\n<\/div>\n            <\/div>\n\n                    <\/div>\n        \t\t\t\t<\/div>\n\t\t\t\t<\/div>\n\t\t\t\t\t<\/div>\n\t\t<\/div>\n\t\t\t\t\t<\/div>\n\t\t<\/div>\n\t\t\t\t<\/div>\n\t\t","protected":false},"excerpt":{"rendered":"<p>Categor\u00edasConsejos Modelos \u00bfDoble suspensi\u00f3n en una bicicleta el\u00e9ctrica? Cuando elegir esta opci\u00f3n 11\/03\/2025 PUBLICADO POR UrbanBiker Categor\u00edasConsejos La importancia de la potencia adecuada en tu bicicleta el\u00e9ctrica 11\/03\/2025 PUBLICADO POR UrbanBiker Categor\u00edasModelos Novedades Berna. Una bici el\u00e9ctrica para ni\u00f1os 11\/03\/2025 PUBLICADO POR UrbanBiker Categor\u00edasNovedades Hablan de nosotros en C de Comunicaci\u00f3n 11\/03\/2025 PUBLICADO POR UrbanBiker [&hellip;]<\/p>\n","protected":false},"author":1,"featured_media":0,"parent":0,"menu_order":0,"comment_status":"closed","ping_status":"closed","template":"","meta":{"footnotes":""},"class_list":["post-35364","page","type-page","status-publish","hentry"],"yoast_head":"<!-- This site is optimized with the Yoast SEO plugin v27.5 - https:\/\/yoast.com\/product\/yoast-seo-wordpress\/ -->\n<title>Nieuws | UrbanBiker<\/title>\n<meta name=\"robots\" content=\"index, follow, max-snippet:-1, max-image-preview:large, max-video-preview:-1\" \/>\n<link rel=\"canonical\" href=\"https:\/\/www.urbanbiker.com\/nl\/nieuws\/\" \/>\n<meta property=\"og:locale\" content=\"nl_NL\" \/>\n<meta property=\"og:type\" content=\"article\" \/>\n<meta property=\"og:title\" content=\"Nieuws | UrbanBiker\" \/>\n<meta property=\"og:description\" content=\"Categor\u00edasConsejos Modelos \u00bfDoble suspensi\u00f3n en una bicicleta el\u00e9ctrica? Cuando elegir esta opci\u00f3n 11\/03\/2025 PUBLICADO POR UrbanBiker Categor\u00edasConsejos La importancia de la potencia adecuada en tu bicicleta el\u00e9ctrica 11\/03\/2025 PUBLICADO POR UrbanBiker Categor\u00edasModelos Novedades Berna. Una bici el\u00e9ctrica para ni\u00f1os 11\/03\/2025 PUBLICADO POR UrbanBiker Categor\u00edasNovedades Hablan de nosotros en C de Comunicaci\u00f3n 11\/03\/2025 PUBLICADO POR UrbanBiker [&hellip;]\" \/>\n<meta property=\"og:url\" content=\"https:\/\/www.urbanbiker.com\/nl\/nieuws\/\" \/>\n<meta property=\"og:site_name\" content=\"UrbanBiker\" \/>\n<meta property=\"article:publisher\" content=\"https:\/\/www.facebook.com\/Urbanbikerbiciselectricas\" \/>\n<meta property=\"article:modified_time\" content=\"2025-03-13T12:45:37+00:00\" \/>\n<meta property=\"og:image\" content=\"http:\/\/www.urbanbiker.com\/wp-content\/uploads\/2024\/12\/7-Contexto-DSC02497-940x1040.jpg\" \/>\n<meta name=\"twitter:card\" content=\"summary_large_image\" \/>\n<meta name=\"twitter:label1\" content=\"Geschatte leestijd\" \/>\n\t<meta name=\"twitter:data1\" content=\"1 minuut\" \/>\n<script type=\"application\/ld+json\" class=\"yoast-schema-graph\">{\"@context\":\"https:\\\/\\\/schema.org\",\"@graph\":[{\"@type\":\"WebPage\",\"@id\":\"https:\\\/\\\/www.urbanbiker.com\\\/nl\\\/nieuws\\\/\",\"url\":\"https:\\\/\\\/www.urbanbiker.com\\\/nl\\\/nieuws\\\/\",\"name\":\"Nieuws | UrbanBiker\",\"isPartOf\":{\"@id\":\"https:\\\/\\\/www.urbanbiker.com\\\/nl\\\/#website\"},\"primaryImageOfPage\":{\"@id\":\"https:\\\/\\\/www.urbanbiker.com\\\/nl\\\/nieuws\\\/#primaryimage\"},\"image\":{\"@id\":\"https:\\\/\\\/www.urbanbiker.com\\\/nl\\\/nieuws\\\/#primaryimage\"},\"thumbnailUrl\":\"http:\\\/\\\/www.urbanbiker.com\\\/wp-content\\\/uploads\\\/2024\\\/12\\\/7-Contexto-DSC02497-940x1040.jpg\",\"datePublished\":\"2023-03-20T01:30:46+00:00\",\"dateModified\":\"2025-03-13T12:45:37+00:00\",\"breadcrumb\":{\"@id\":\"https:\\\/\\\/www.urbanbiker.com\\\/nl\\\/nieuws\\\/#breadcrumb\"},\"inLanguage\":\"nl-NL\",\"potentialAction\":[{\"@type\":\"ReadAction\",\"target\":[\"https:\\\/\\\/www.urbanbiker.com\\\/nl\\\/nieuws\\\/\"]}]},{\"@type\":\"ImageObject\",\"inLanguage\":\"nl-NL\",\"@id\":\"https:\\\/\\\/www.urbanbiker.com\\\/nl\\\/nieuws\\\/#primaryimage\",\"url\":\"http:\\\/\\\/www.urbanbiker.com\\\/wp-content\\\/uploads\\\/2024\\\/12\\\/7-Contexto-DSC02497-940x1040.jpg\",\"contentUrl\":\"http:\\\/\\\/www.urbanbiker.com\\\/wp-content\\\/uploads\\\/2024\\\/12\\\/7-Contexto-DSC02497-940x1040.jpg\"},{\"@type\":\"BreadcrumbList\",\"@id\":\"https:\\\/\\\/www.urbanbiker.com\\\/nl\\\/nieuws\\\/#breadcrumb\",\"itemListElement\":[{\"@type\":\"ListItem\",\"position\":1,\"name\":\"Portada\",\"item\":\"https:\\\/\\\/www.urbanbiker.com\\\/nl\\\/\"},{\"@type\":\"ListItem\",\"position\":2,\"name\":\"Nieuws\"}]},{\"@type\":\"WebSite\",\"@id\":\"https:\\\/\\\/www.urbanbiker.com\\\/nl\\\/#website\",\"url\":\"https:\\\/\\\/www.urbanbiker.com\\\/nl\\\/\",\"name\":\"UrbanBiker\",\"description\":\"Elektrische fietsen\",\"publisher\":{\"@id\":\"https:\\\/\\\/www.urbanbiker.com\\\/nl\\\/#organization\"},\"potentialAction\":[{\"@type\":\"SearchAction\",\"target\":{\"@type\":\"EntryPoint\",\"urlTemplate\":\"https:\\\/\\\/www.urbanbiker.com\\\/nl\\\/?s={search_term_string}\"},\"query-input\":{\"@type\":\"PropertyValueSpecification\",\"valueRequired\":true,\"valueName\":\"search_term_string\"}}],\"inLanguage\":\"nl-NL\"},{\"@type\":\"Organization\",\"@id\":\"https:\\\/\\\/www.urbanbiker.com\\\/nl\\\/#organization\",\"name\":\"UrbanBiker\",\"url\":\"https:\\\/\\\/www.urbanbiker.com\\\/nl\\\/\",\"logo\":{\"@type\":\"ImageObject\",\"inLanguage\":\"nl-NL\",\"@id\":\"https:\\\/\\\/www.urbanbiker.com\\\/nl\\\/#\\\/schema\\\/logo\\\/image\\\/\",\"url\":\"https:\\\/\\\/www.urbanbiker.com\\\/wp-content\\\/uploads\\\/2022\\\/09\\\/Logo-principal-sin-fondo.png\",\"contentUrl\":\"https:\\\/\\\/www.urbanbiker.com\\\/wp-content\\\/uploads\\\/2022\\\/09\\\/Logo-principal-sin-fondo.png\",\"width\":2560,\"height\":934,\"caption\":\"UrbanBiker\"},\"image\":{\"@id\":\"https:\\\/\\\/www.urbanbiker.com\\\/nl\\\/#\\\/schema\\\/logo\\\/image\\\/\"},\"sameAs\":[\"https:\\\/\\\/www.facebook.com\\\/Urbanbikerbiciselectricas\",\"https:\\\/\\\/www.instagram.com\\\/urbanbiker_\\\/\",\"https:\\\/\\\/www.linkedin.com\\\/company\\\/2454235\",\"https:\\\/\\\/www.youtube.com\\\/channel\\\/UCWR__uH_RWJF-OhPfz-9-Qw\"]}]}<\/script>\n<!-- \/ Yoast SEO plugin. -->","yoast_head_json":{"title":"Nieuws | UrbanBiker","robots":{"index":"index","follow":"follow","max-snippet":"max-snippet:-1","max-image-preview":"max-image-preview:large","max-video-preview":"max-video-preview:-1"},"canonical":"https:\/\/www.urbanbiker.com\/nl\/nieuws\/","og_locale":"nl_NL","og_type":"article","og_title":"Nieuws | UrbanBiker","og_description":"Categor\u00edasConsejos Modelos \u00bfDoble suspensi\u00f3n en una bicicleta el\u00e9ctrica? Cuando elegir esta opci\u00f3n 11\/03\/2025 PUBLICADO POR UrbanBiker Categor\u00edasConsejos La importancia de la potencia adecuada en tu bicicleta el\u00e9ctrica 11\/03\/2025 PUBLICADO POR UrbanBiker Categor\u00edasModelos Novedades Berna. Una bici el\u00e9ctrica para ni\u00f1os 11\/03\/2025 PUBLICADO POR UrbanBiker Categor\u00edasNovedades Hablan de nosotros en C de Comunicaci\u00f3n 11\/03\/2025 PUBLICADO POR UrbanBiker [&hellip;]","og_url":"https:\/\/www.urbanbiker.com\/nl\/nieuws\/","og_site_name":"UrbanBiker","article_publisher":"https:\/\/www.facebook.com\/Urbanbikerbiciselectricas","article_modified_time":"2025-03-13T12:45:37+00:00","og_image":[{"url":"http:\/\/www.urbanbiker.com\/wp-content\/uploads\/2024\/12\/7-Contexto-DSC02497-940x1040.jpg","type":"","width":"","height":""}],"twitter_card":"summary_large_image","twitter_misc":{"Geschatte leestijd":"1 minuut"},"schema":{"@context":"https:\/\/schema.org","@graph":[{"@type":"WebPage","@id":"https:\/\/www.urbanbiker.com\/nl\/nieuws\/","url":"https:\/\/www.urbanbiker.com\/nl\/nieuws\/","name":"Nieuws | UrbanBiker","isPartOf":{"@id":"https:\/\/www.urbanbiker.com\/nl\/#website"},"primaryImageOfPage":{"@id":"https:\/\/www.urbanbiker.com\/nl\/nieuws\/#primaryimage"},"image":{"@id":"https:\/\/www.urbanbiker.com\/nl\/nieuws\/#primaryimage"},"thumbnailUrl":"http:\/\/www.urbanbiker.com\/wp-content\/uploads\/2024\/12\/7-Contexto-DSC02497-940x1040.jpg","datePublished":"2023-03-20T01:30:46+00:00","dateModified":"2025-03-13T12:45:37+00:00","breadcrumb":{"@id":"https:\/\/www.urbanbiker.com\/nl\/nieuws\/#breadcrumb"},"inLanguage":"nl-NL","potentialAction":[{"@type":"ReadAction","target":["https:\/\/www.urbanbiker.com\/nl\/nieuws\/"]}]},{"@type":"ImageObject","inLanguage":"nl-NL","@id":"https:\/\/www.urbanbiker.com\/nl\/nieuws\/#primaryimage","url":"http:\/\/www.urbanbiker.com\/wp-content\/uploads\/2024\/12\/7-Contexto-DSC02497-940x1040.jpg","contentUrl":"http:\/\/www.urbanbiker.com\/wp-content\/uploads\/2024\/12\/7-Contexto-DSC02497-940x1040.jpg"},{"@type":"BreadcrumbList","@id":"https:\/\/www.urbanbiker.com\/nl\/nieuws\/#breadcrumb","itemListElement":[{"@type":"ListItem","position":1,"name":"Portada","item":"https:\/\/www.urbanbiker.com\/nl\/"},{"@type":"ListItem","position":2,"name":"Nieuws"}]},{"@type":"WebSite","@id":"https:\/\/www.urbanbiker.com\/nl\/#website","url":"https:\/\/www.urbanbiker.com\/nl\/","name":"UrbanBiker","description":"Elektrische fietsen","publisher":{"@id":"https:\/\/www.urbanbiker.com\/nl\/#organization"},"potentialAction":[{"@type":"SearchAction","target":{"@type":"EntryPoint","urlTemplate":"https:\/\/www.urbanbiker.com\/nl\/?s={search_term_string}"},"query-input":{"@type":"PropertyValueSpecification","valueRequired":true,"valueName":"search_term_string"}}],"inLanguage":"nl-NL"},{"@type":"Organization","@id":"https:\/\/www.urbanbiker.com\/nl\/#organization","name":"UrbanBiker","url":"https:\/\/www.urbanbiker.com\/nl\/","logo":{"@type":"ImageObject","inLanguage":"nl-NL","@id":"https:\/\/www.urbanbiker.com\/nl\/#\/schema\/logo\/image\/","url":"https:\/\/www.urbanbiker.com\/wp-content\/uploads\/2022\/09\/Logo-principal-sin-fondo.png","contentUrl":"https:\/\/www.urbanbiker.com\/wp-content\/uploads\/2022\/09\/Logo-principal-sin-fondo.png","width":2560,"height":934,"caption":"UrbanBiker"},"image":{"@id":"https:\/\/www.urbanbiker.com\/nl\/#\/schema\/logo\/image\/"},"sameAs":["https:\/\/www.facebook.com\/Urbanbikerbiciselectricas","https:\/\/www.instagram.com\/urbanbiker_\/","https:\/\/www.linkedin.com\/company\/2454235","https:\/\/www.youtube.com\/channel\/UCWR__uH_RWJF-OhPfz-9-Qw"]}]}},"_links":{"self":[{"href":"https:\/\/www.urbanbiker.com\/nl\/wp-json\/wp\/v2\/pages\/35364","targetHints":{"allow":["GET"]}}],"collection":[{"href":"https:\/\/www.urbanbiker.com\/nl\/wp-json\/wp\/v2\/pages"}],"about":[{"href":"https:\/\/www.urbanbiker.com\/nl\/wp-json\/wp\/v2\/types\/page"}],"author":[{"embeddable":true,"href":"https:\/\/www.urbanbiker.com\/nl\/wp-json\/wp\/v2\/users\/1"}],"replies":[{"embeddable":true,"href":"https:\/\/www.urbanbiker.com\/nl\/wp-json\/wp\/v2\/comments?post=35364"}],"version-history":[{"count":3,"href":"https:\/\/www.urbanbiker.com\/nl\/wp-json\/wp\/v2\/pages\/35364\/revisions"}],"predecessor-version":[{"id":38597,"href":"https:\/\/www.urbanbiker.com\/nl\/wp-json\/wp\/v2\/pages\/35364\/revisions\/38597"}],"wp:attachment":[{"href":"https:\/\/www.urbanbiker.com\/nl\/wp-json\/wp\/v2\/media?parent=35364"}],"curies":[{"name":"wp","href":"https:\/\/api.w.org\/{rel}","templated":true}]}}