{"id":60183,"date":"2026-03-01T15:00:45","date_gmt":"2026-03-01T14:00:45","guid":{"rendered":"https:\/\/www.urbanbiker.com\/?post_type=product&#038;p=60183"},"modified":"2026-04-21T19:16:06","modified_gmt":"2026-04-21T17:16:06","slug":"ub310b-e-bike-montagna-motore-centrale","status":"publish","type":"product","link":"https:\/\/www.urbanbiker.com\/it\/prodotto\/ub310b-e-bike-montagna-motore-centrale\/","title":{"rendered":"UB310B | E-Bike Montagna | Motore Centrale"},"content":{"rendered":"\t\t<div data-elementor-type=\"wp-post\" data-elementor-id=\"60183\" class=\"elementor elementor-60183 elementor-60171\">\n\t\t\t\t\t\t<section class=\"elementor-section elementor-top-section elementor-element elementor-element-7a7f464 elementor-section-boxed elementor-section-height-default elementor-section-height-default\" data-id=\"7a7f464\" data-element_type=\"section\" data-e-type=\"section\">\n\t\t\t\t\t\t<div class=\"elementor-container elementor-column-gap-default\">\n\t\t\t\t\t<div class=\"elementor-column elementor-col-100 elementor-top-column elementor-element elementor-element-7cc48a35\" data-id=\"7cc48a35\" data-element_type=\"column\" data-e-type=\"column\">\n\t\t\t<div class=\"elementor-widget-wrap elementor-element-populated\">\n\t\t\t\t\n\t\t<div class=\"elementor-element elementor-element-6133a932 elementor-widget elementor-widget-text-editor\" data-id=\"6133a932\" data-element_type=\"widget\" data-e-type=\"widget\" data-widget_type=\"text-editor.default\">\n\t\t\t\t<div class=\"elementor-widget-container\">\n\t\t\t\t\t\t\t\t\t<h2 style=\"text-align: center;\"><strong>Bicicletta Elettrica da Montagna UB310B Semirigida<\/strong><\/h2><p><strong>Motore centrale, per una pedalata pi\u00f9 equilibrata e naturale<\/strong><\/p><ul><li><strong>Motore centrale Bafang M510 \u2013 110 Nm di coppia:<\/strong> Situato al centro del telaio per una distribuzione dei pesi equilibrata. Il motore centrale offre un&#8217;assistenza fluida e progressiva che accompagna la pedalata in modo naturale, aiutando specialmente quando il terreno pende o il sentiero diventa pi\u00f9 irregolare. Assiste fino a 25 km\/h, facilitando l&#8217;avanzamento senza richiedere uno sforzo eccessivo.<\/li><li><strong>Batteria integrata nel telaio con Smart BMS. 48 V e 720 Wh (15 Ah) (estraibile):<\/strong> Grande capacit\u00e0 per percorrere lunghi tragitti senza preoccuparsi dell&#8217;autonomia. Fino a 140 km in modalit\u00e0 ECO. Integrata nel telaio per una maggiore stabilit\u00e0, con sistema antifurto ed estrazione semplice per la ricarica. Caricabatterie incluso.<\/li><li><strong>Freni a disco idraulici Shimano:<\/strong> Dischi da 180 mm all&#8217;anteriore e 160 mm al posteriore che offrono una frenata sicura, stabile e facile da dosare, infondendo fiducia in ogni situazione.<\/li><li><strong>Display Bafang TFT DP C080 con Bluetooth:<\/strong> Schermo a colori chiaro e facile da usare. Permette di consultare velocit\u00e0, livello di assistenza, distanza e autonomia residua a colpo d&#8217;occhio. Include connettivit\u00e0 Bluetooth e porta di ricarica per dispositivi.<\/li><\/ul><p>La <strong>UB310B<\/strong> \u00e8 una mountain bike elettrica semirigida con motore centrale, orientata a una guida equilibrata e naturale su piste e sentieri.<\/p><p>La <strong>UB310B<\/strong> \u00e8 pensata perch\u00e9 l&#8217;utente si senta comodo e sicuro fin dal primo momento. Il <strong>motore centrale<\/strong> aiuta a mantenere una sensazione di pedalata equilibrata, evitando scatti e migliorando la stabilit\u00e0 generale della bicicletta. Le ruote da 29\u201d, la geometria del telaio e la sospensione anteriore lavorano insieme per <strong>assorbire le irregolarit\u00e0<\/strong> del terreno, mantenere la traiettoria e ridurre la stanchezza nei percorsi lunghi.<\/p><p>La trasmissione Shimano a 10 velocit\u00e0, con cassetta 11\u201343, permette di adattare il ritmo con facilit\u00e0, mentre la posizione di pedalata favorisce una guida rilassata e accessibile, pensata per godersi il percorso.<\/p>\t\t\t\t\t\t\t\t<\/div>\n\t\t\t\t<\/div>\n\t\t\t\t\t<\/div>\n\t\t<\/div>\n\t\t\t\t\t<\/div>\n\t\t<\/section>\n\t\t\t\t<section class=\"elementor-section elementor-top-section elementor-element elementor-element-923693c elementor-section-boxed elementor-section-height-default elementor-section-height-default\" data-id=\"923693c\" data-element_type=\"section\" data-e-type=\"section\">\n\t\t\t\t\t\t<div class=\"elementor-container elementor-column-gap-default\">\n\t\t\t\t\t<div class=\"elementor-column elementor-col-50 elementor-top-column elementor-element elementor-element-236b255\" data-id=\"236b255\" data-element_type=\"column\" data-e-type=\"column\">\n\t\t\t<div class=\"elementor-widget-wrap elementor-element-populated\">\n\t\t\t\t\t\t<div class=\"elementor-element elementor-element-8de6a4e elementor-widget elementor-widget-video\" data-id=\"8de6a4e\" data-element_type=\"widget\" data-e-type=\"widget\" data-settings=\"{&quot;youtube_url&quot;:&quot;https:\\\/\\\/www.youtube.com\\\/watch?v=jd8cSRfJmsc&quot;,&quot;video_type&quot;:&quot;youtube&quot;}\" data-widget_type=\"video.default\">\n\t\t\t\t<div class=\"elementor-widget-container\">\n\t\t\t\t\t\t\t<div class=\"elementor-wrapper elementor-open-inline\">\n\t\t\t<div class=\"elementor-video\"><\/div>\t\t<\/div>\n\t\t\t\t\t\t<\/div>\n\t\t\t\t<\/div>\n\t\t\t\t\t<\/div>\n\t\t<\/div>\n\t\t\t\t<div class=\"elementor-column elementor-col-50 elementor-top-column elementor-element elementor-element-d5bff8a\" data-id=\"d5bff8a\" data-element_type=\"column\" data-e-type=\"column\">\n\t\t\t<div class=\"elementor-widget-wrap elementor-element-populated\">\n\t\t\t\t\t\t<div class=\"elementor-element elementor-element-ab7c6a4 elementor-widget elementor-widget-video\" data-id=\"ab7c6a4\" data-element_type=\"widget\" data-e-type=\"widget\" data-settings=\"{&quot;youtube_url&quot;:&quot;https:\\\/\\\/youtu.be\\\/OGHeSgzJ9No&quot;,&quot;video_type&quot;:&quot;youtube&quot;}\" data-widget_type=\"video.default\">\n\t\t\t\t<div class=\"elementor-widget-container\">\n\t\t\t\t\t\t\t<div class=\"elementor-wrapper elementor-open-inline\">\n\t\t\t<div class=\"elementor-video\"><\/div>\t\t<\/div>\n\t\t\t\t\t\t<\/div>\n\t\t\t\t<\/div>\n\t\t\t\t\t<\/div>\n\t\t<\/div>\n\t\t\t\t\t<\/div>\n\t\t<\/section>\n\t\t\t\t<section class=\"elementor-section elementor-top-section elementor-element elementor-element-4f27456 elementor-section-boxed elementor-section-height-default elementor-section-height-default\" data-id=\"4f27456\" data-element_type=\"section\" data-e-type=\"section\">\n\t\t\t\t\t\t<div class=\"elementor-container elementor-column-gap-default\">\n\t\t\t\t\t<div class=\"elementor-column elementor-col-100 elementor-top-column elementor-element elementor-element-6a530dd\" data-id=\"6a530dd\" data-element_type=\"column\" data-e-type=\"column\">\n\t\t\t<div class=\"elementor-widget-wrap elementor-element-populated\">\n\t\t\t\t\t\t<div class=\"elementor-element elementor-element-566fe44 elementor-widget elementor-widget-text-editor\" data-id=\"566fe44\" data-element_type=\"widget\" data-e-type=\"widget\" data-widget_type=\"text-editor.default\">\n\t\t\t\t<div class=\"elementor-widget-container\">\n\t\t\t\t\t\t\t\t\t<h5><strong>Per chi vuole salire di livello in montagna<\/strong><\/h5><p><strong>L&#8217;UB310B \u00e8 pensata per chi cerca una e-mtb con motore centrale<\/strong>, maggiore controllo e sensazioni pi\u00f9 vicine alla pedalata tradizionale, senza rinunciare a potenza n\u00e9 autonomia.<\/p><p>Una bici per godersi di pi\u00f9 il percorso, gestire meglio lo sforzo e arrivare pi\u00f9 lontano con fiducia.<\/p><p><strong>Certificazioni di qualit\u00e0 e durata<\/strong><br \/>La mountain bike elettrica <strong>UB310B<\/strong> \u00e8 conforme alla normativa europea EN 15194, garantendo i pi\u00f9 alti standard di sicurezza e qualit\u00e0.<\/p><p><em>*Le specifiche possono variare in base alla disponibilit\u00e0, ma manteniamo sempre il massimo livello di esigenza.<\/em><\/p>\t\t\t\t\t\t\t\t<\/div>\n\t\t\t\t<\/div>\n\t\t\t\t\t<\/div>\n\t\t<\/div>\n\t\t\t\t\t<\/div>\n\t\t<\/section>\n\t\t\t\t<section class=\"elementor-section elementor-top-section elementor-element elementor-element-3c13d1b elementor-section-boxed elementor-section-height-default elementor-section-height-default\" data-id=\"3c13d1b\" data-element_type=\"section\" data-e-type=\"section\">\n\t\t\t\t\t\t<div class=\"elementor-container elementor-column-gap-default\">\n\t\t\t\t\t<div class=\"elementor-column elementor-col-100 elementor-top-column elementor-element elementor-element-8ffbb79\" data-id=\"8ffbb79\" data-element_type=\"column\" data-e-type=\"column\">\n\t\t\t<div class=\"elementor-widget-wrap elementor-element-populated\">\n\t\t\t\t\t\t<div class=\"elementor-element elementor-element-d28f04a elementor-widget elementor-widget-text-editor\" data-id=\"d28f04a\" data-element_type=\"widget\" data-e-type=\"widget\" data-widget_type=\"text-editor.default\">\n\t\t\t\t<div class=\"elementor-widget-container\">\n\t\t\t\t\t\t\t\t\t<h3 style=\"text-align: center;\">Supporto per UrbanBiker<\/h3>\t\t\t\t\t\t\t\t<\/div>\n\t\t\t\t<\/div>\n\t\t\t\t\t<\/div>\n\t\t<\/div>\n\t\t\t\t\t<\/div>\n\t\t<\/section>\n\t\t\t\t<section class=\"elementor-section elementor-top-section elementor-element elementor-element-543c89b3 elementor-section-boxed elementor-section-height-default elementor-section-height-default\" data-id=\"543c89b3\" data-element_type=\"section\" data-e-type=\"section\">\n\t\t\t\t\t\t<div class=\"elementor-container elementor-column-gap-default\">\n\t\t\t\t\t<div class=\"elementor-column elementor-col-50 elementor-top-column elementor-element elementor-element-680957cd\" data-id=\"680957cd\" data-element_type=\"column\" data-e-type=\"column\">\n\t\t\t<div class=\"elementor-widget-wrap elementor-element-populated\">\n\t\t\t\t\t\t<div class=\"elementor-element elementor-element-6525cee6 elementor-widget elementor-widget-text-editor\" data-id=\"6525cee6\" data-element_type=\"widget\" data-e-type=\"widget\" data-widget_type=\"text-editor.default\">\n\t\t\t\t<div class=\"elementor-widget-container\">\n\t\t\t\t\t\t\t\t\t<h4>Manutenzione e riparazione<\/h4><p>Guide e istruzioni, tutorial passo-passo, ricambi compatibili: trovate tutte le informazioni necessarie per eseguire facilmente la manutenzione e la riparazione del vostro prodotto.<\/p>\t\t\t\t\t\t\t\t<\/div>\n\t\t\t\t<\/div>\n\t\t\t\t<section class=\"elementor-section elementor-inner-section elementor-element elementor-element-2ba5c0dc elementor-section-boxed elementor-section-height-default elementor-section-height-default\" data-id=\"2ba5c0dc\" data-element_type=\"section\" data-e-type=\"section\">\n\t\t\t\t\t\t<div class=\"elementor-container elementor-column-gap-default\">\n\t\t\t\t\t<div class=\"elementor-column elementor-col-50 elementor-inner-column elementor-element elementor-element-3b6b2f47\" data-id=\"3b6b2f47\" data-element_type=\"column\" data-e-type=\"column\">\n\t\t\t<div class=\"elementor-widget-wrap elementor-element-populated\">\n\t\t\t\t\t\t<div class=\"elementor-element elementor-element-2adf8f33 elementor-align-center elementor-button-outline elementor-widget elementor-widget-button\" data-id=\"2adf8f33\" data-element_type=\"widget\" data-e-type=\"widget\" data-widget_type=\"button.default\">\n\t\t\t\t<div class=\"elementor-widget-container\">\n\t\t\t\t\t\t\t\t\t<div class=\"elementor-button-wrapper\">\n\t\t\t\t\t<a class=\"elementor-button elementor-button-link elementor-size-sm\" href=\"https:\/\/urbanbiker.zendesk.com\/\">\n\t\t\t\t\t\t<span class=\"elementor-button-content-wrapper\">\n\t\t\t\t\t\t\t\t\t<span class=\"elementor-button-text\">Centro di Assistenza<\/span>\n\t\t\t\t\t<\/span>\n\t\t\t\t\t<\/a>\n\t\t\t\t<\/div>\n\t\t\t\t\t\t\t\t<\/div>\n\t\t\t\t<\/div>\n\t\t\t\t\t<\/div>\n\t\t<\/div>\n\t\t\t\t<div class=\"elementor-column elementor-col-50 elementor-inner-column elementor-element elementor-element-56810c54\" data-id=\"56810c54\" data-element_type=\"column\" data-e-type=\"column\">\n\t\t\t<div class=\"elementor-widget-wrap elementor-element-populated\">\n\t\t\t\t\t\t<div class=\"elementor-element elementor-element-65117168 elementor-align-center elementor-button-default elementor-widget elementor-widget-button\" data-id=\"65117168\" data-element_type=\"widget\" data-e-type=\"widget\" data-widget_type=\"button.default\">\n\t\t\t\t<div class=\"elementor-widget-container\">\n\t\t\t\t\t\t\t\t\t<div class=\"elementor-button-wrapper\">\n\t\t\t\t\t<a class=\"elementor-button elementor-button-link elementor-size-sm\" href=\"https:\/\/www.urbanbiker.com\/it\/categoria-prodotto\/componenti\/?filter_ebike=ub310b\">\n\t\t\t\t\t\t<span class=\"elementor-button-content-wrapper\">\n\t\t\t\t\t\t\t\t\t<span class=\"elementor-button-text\">Parti di<br>ricambio<\/span>\n\t\t\t\t\t<\/span>\n\t\t\t\t\t<\/a>\n\t\t\t\t<\/div>\n\t\t\t\t\t\t\t\t<\/div>\n\t\t\t\t<\/div>\n\t\t\t\t\t<\/div>\n\t\t<\/div>\n\t\t\t\t\t<\/div>\n\t\t<\/section>\n\t\t\t\t<div class=\"elementor-element elementor-element-69aa3dc8 elementor-align-justify elementor-button-info elementor-widget elementor-widget-button\" data-id=\"69aa3dc8\" data-element_type=\"widget\" data-e-type=\"widget\" data-widget_type=\"button.default\">\n\t\t\t\t<div class=\"elementor-widget-container\">\n\t\t\t\t\t\t\t\t\t<div class=\"elementor-button-wrapper\">\n\t\t\t\t\t<a class=\"elementor-button elementor-button-link elementor-size-sm\" href=\"https:\/\/www.urbanbiker.com\/it\/distributori-ufficiali\/\">\n\t\t\t\t\t\t<span class=\"elementor-button-content-wrapper\">\n\t\t\t\t\t\t\t\t\t<span class=\"elementor-button-text\">Trova il negozio \/ laboratorio pi\u00f9 vicino a te<\/span>\n\t\t\t\t\t<\/span>\n\t\t\t\t\t<\/a>\n\t\t\t\t<\/div>\n\t\t\t\t\t\t\t\t<\/div>\n\t\t\t\t<\/div>\n\t\t\t\t\t<\/div>\n\t\t<\/div>\n\t\t\t\t<div class=\"elementor-column elementor-col-50 elementor-top-column elementor-element elementor-element-72b63c94\" data-id=\"72b63c94\" data-element_type=\"column\" data-e-type=\"column\">\n\t\t\t<div class=\"elementor-widget-wrap elementor-element-populated\">\n\t\t\t\t\t\t<div class=\"elementor-element elementor-element-101f7e21 elementor-widget elementor-widget-image\" data-id=\"101f7e21\" data-element_type=\"widget\" data-e-type=\"widget\" data-widget_type=\"image.default\">\n\t\t\t\t<div class=\"elementor-widget-container\">\n\t\t\t\t\t\t\t\t\t\t\t\t\t\t\t<img fetchpriority=\"high\" decoding=\"async\" width=\"980\" height=\"654\" src=\"https:\/\/www.urbanbiker.com\/wp-content\/uploads\/2024\/11\/servicio-tecnico-1024x683.jpg\" class=\"attachment-large size-large wp-image-35003\" alt=\"\" srcset=\"https:\/\/www.urbanbiker.com\/wp-content\/uploads\/2024\/11\/servicio-tecnico-1024x683.jpg 1024w, https:\/\/www.urbanbiker.com\/wp-content\/uploads\/2024\/11\/servicio-tecnico-300x200.jpg 300w, https:\/\/www.urbanbiker.com\/wp-content\/uploads\/2024\/11\/servicio-tecnico-768x512.jpg 768w, https:\/\/www.urbanbiker.com\/wp-content\/uploads\/2024\/11\/servicio-tecnico-800x533.jpg 800w, https:\/\/www.urbanbiker.com\/wp-content\/uploads\/2024\/11\/servicio-tecnico.jpg 1200w\" sizes=\"(max-width: 980px) 100vw, 980px\" \/>\t\t\t\t\t\t\t\t\t\t\t\t\t\t\t<\/div>\n\t\t\t\t<\/div>\n\t\t\t\t\t<\/div>\n\t\t<\/div>\n\t\t\t\t\t<\/div>\n\t\t<\/section>\n\t\t\t\t<\/div>\n\t\t","protected":false},"excerpt":{"rendered":"<h6 data-path-to-node=\"18\"><b data-path-to-node=\"18\" data-index-in-node=\"0\">UB310B: Mountain bike elettrica con motore centrale<\/b><\/h6>\n<p data-path-to-node=\"19\">La <b data-path-to-node=\"19\" data-index-in-node=\"3\">UB310B<\/b> \u00e8 una e-mtb con <b data-path-to-node=\"19\" data-index-in-node=\"26\">motore centrale<\/b> molto silenzioso che sorprende per la <b data-path-to-node=\"19\" data-index-in-node=\"80\">forza<\/b> con cui risponde fin dal primo momento. La spinta \u00e8 immediata, costante e decisamente superiore ai motori sulla ruota posteriore, segnando un prima e un dopo in termini di sensazioni e controllo. \u00c8 pensata per chi cerca un&#8217;assistenza naturale, <b data-path-to-node=\"19\" data-index-in-node=\"330\">molta coppia<\/b> e maggiore <b data-path-to-node=\"19\" data-index-in-node=\"354\">controllo<\/b> su sentieri e percorsi impegnativi, con un netto salto di qualit\u00e0 rispetto ai motori posteriori, sia nel feeling che nelle prestazioni.<\/p>\n<p data-path-to-node=\"20\">Un&#8217;elettrica che facilita la pedalata, distribuisce meglio lo sforzo e permette di godersi il percorso senza che le salite o il peso della bici diventino un ostacolo.<\/p>\n<p><a href=\"https:\/\/www.urbanbiker.com\/wp-content\/uploads\/2025\/06\/UrbanBiker-Service-IT.png\"><img decoding=\"async\" class=\"alignnone size-medium wp-image-51950\" src=\"https:\/\/www.urbanbiker.com\/wp-content\/uploads\/2025\/06\/UrbanBiker-Service-IT-300x89.png\" alt=\"UrbanBiker Service - IT\" width=\"300\" height=\"89\" srcset=\"https:\/\/www.urbanbiker.com\/wp-content\/uploads\/2025\/06\/UrbanBiker-Service-IT-300x89.png 300w, https:\/\/www.urbanbiker.com\/wp-content\/uploads\/2025\/06\/UrbanBiker-Service-IT-1024x303.png 1024w, https:\/\/www.urbanbiker.com\/wp-content\/uploads\/2025\/06\/UrbanBiker-Service-IT-768x227.png 768w, https:\/\/www.urbanbiker.com\/wp-content\/uploads\/2025\/06\/UrbanBiker-Service-IT-1140x340.png 1140w, https:\/\/www.urbanbiker.com\/wp-content\/uploads\/2025\/06\/UrbanBiker-Service-IT-800x237.png 800w, https:\/\/www.urbanbiker.com\/wp-content\/uploads\/2025\/06\/UrbanBiker-Service-IT.png 1150w\" sizes=\"(max-width: 300px) 100vw, 300px\" \/><\/a><\/p>\n","protected":false},"featured_media":60432,"template":"","meta":[],"product_cat":[152,248,219],"product_tag":[],"class_list":{"0":"post-60183","1":"product","2":"type-product","3":"status-publish","4":"has-post-thumbnail","6":"product_cat-ebikes","7":"product_cat-mountain-bike-elettriche","8":"product_cat-biciclette-elettriche-con-motore-centrale","9":"pa_capacidad-bateria-720wh","10":"pa_color-blu-navy","11":"pa_ebike-ub310b","12":"pa_talla-cuadro-l","13":"pa_talla-cuadro-m","14":"pa_tamano-rueda-29-it","16":"first","17":"instock","18":"featured","19":"taxable","20":"shipping-taxable","21":"purchasable","22":"product-type-variable"},"atum_controlled":true,"out_stock_date":null,"out_stock_threshold":null,"inheritable":true,"stock_on_hold":1,"sold_today":0,"sales_last_days":0,"out_stock_days":0,"lost_sales":0,"update_date":"2026-05-02T00:34:58","atum_locations":[],"atum_stock_status":"instock","restock_status":false,"low_stock_amount":"","sales_update_date":"2026-05-02T00:34:56","calc_backorders":null,"yoast_head":"<!-- This site is optimized with the Yoast SEO plugin v27.5 - https:\/\/yoast.com\/product\/yoast-seo-wordpress\/ -->\n<title>UB310B | E-Bike Montagna | Motore Centrale | UrbanBiker<\/title>\n<meta name=\"description\" content=\"La UB310B \u00e8 una e-mtb con motore centrale molto silenzioso che sorprende per la forza con cui risponde fin dal primo momento | UrbanBiker\" \/>\n<meta name=\"robots\" content=\"index, follow, max-snippet:-1, max-image-preview:large, max-video-preview:-1\" \/>\n<link rel=\"canonical\" href=\"https:\/\/www.urbanbiker.com\/it\/prodotto\/ub310b-e-bike-montagna-motore-centrale\/\" \/>\n<meta property=\"og:locale\" content=\"it_IT\" \/>\n<meta property=\"og:type\" content=\"article\" \/>\n<meta property=\"og:title\" content=\"UB310B | E-Bike Montagna | Motore Centrale | UrbanBiker\" \/>\n<meta property=\"og:description\" content=\"La UB310B \u00e8 una e-mtb con motore centrale molto silenzioso che sorprende per la forza con cui risponde fin dal primo momento | UrbanBiker\" \/>\n<meta property=\"og:url\" content=\"https:\/\/www.urbanbiker.com\/it\/prodotto\/ub310b-e-bike-montagna-motore-centrale\/\" \/>\n<meta property=\"og:site_name\" content=\"UrbanBiker\" \/>\n<meta property=\"article:publisher\" content=\"https:\/\/www.facebook.com\/Urbanbikerbiciselectricas\" \/>\n<meta property=\"article:modified_time\" content=\"2026-04-21T17:16:06+00:00\" \/>\n<meta property=\"og:image\" content=\"https:\/\/www.urbanbiker.com\/wp-content\/uploads\/2026\/01\/UB310B-01.jpg\" \/>\n\t<meta property=\"og:image:width\" content=\"1080\" \/>\n\t<meta property=\"og:image:height\" content=\"1080\" \/>\n\t<meta property=\"og:image:type\" content=\"image\/jpeg\" \/>\n<meta name=\"twitter:card\" content=\"summary_large_image\" \/>\n<meta name=\"twitter:label1\" content=\"Tempo di lettura stimato\" \/>\n\t<meta name=\"twitter:data1\" content=\"3 minuti\" \/>\n<script type=\"application\/ld+json\" class=\"yoast-schema-graph\">{\"@context\":\"https:\\\/\\\/schema.org\",\"@graph\":[{\"@type\":\"WebPage\",\"@id\":\"https:\\\/\\\/www.urbanbiker.com\\\/it\\\/prodotto\\\/ub310b-e-bike-montagna-motore-centrale\\\/\",\"url\":\"https:\\\/\\\/www.urbanbiker.com\\\/it\\\/prodotto\\\/ub310b-e-bike-montagna-motore-centrale\\\/\",\"name\":\"UB310B | E-Bike Montagna | Motore Centrale | UrbanBiker\",\"isPartOf\":{\"@id\":\"https:\\\/\\\/www.urbanbiker.com\\\/it\\\/#website\"},\"primaryImageOfPage\":{\"@id\":\"https:\\\/\\\/www.urbanbiker.com\\\/it\\\/prodotto\\\/ub310b-e-bike-montagna-motore-centrale\\\/#primaryimage\"},\"image\":{\"@id\":\"https:\\\/\\\/www.urbanbiker.com\\\/it\\\/prodotto\\\/ub310b-e-bike-montagna-motore-centrale\\\/#primaryimage\"},\"thumbnailUrl\":\"https:\\\/\\\/www.urbanbiker.com\\\/wp-content\\\/uploads\\\/2026\\\/01\\\/UB310B-01.jpg\",\"datePublished\":\"2026-03-01T14:00:45+00:00\",\"dateModified\":\"2026-04-21T17:16:06+00:00\",\"description\":\"La UB310B \u00e8 una e-mtb con motore centrale molto silenzioso che sorprende per la forza con cui risponde fin dal primo momento | UrbanBiker\",\"breadcrumb\":{\"@id\":\"https:\\\/\\\/www.urbanbiker.com\\\/it\\\/prodotto\\\/ub310b-e-bike-montagna-motore-centrale\\\/#breadcrumb\"},\"inLanguage\":\"it-IT\",\"potentialAction\":[{\"@type\":\"ReadAction\",\"target\":[\"https:\\\/\\\/www.urbanbiker.com\\\/it\\\/prodotto\\\/ub310b-e-bike-montagna-motore-centrale\\\/\"]}]},{\"@type\":\"ImageObject\",\"inLanguage\":\"it-IT\",\"@id\":\"https:\\\/\\\/www.urbanbiker.com\\\/it\\\/prodotto\\\/ub310b-e-bike-montagna-motore-centrale\\\/#primaryimage\",\"url\":\"https:\\\/\\\/www.urbanbiker.com\\\/wp-content\\\/uploads\\\/2026\\\/01\\\/UB310B-01.jpg\",\"contentUrl\":\"https:\\\/\\\/www.urbanbiker.com\\\/wp-content\\\/uploads\\\/2026\\\/01\\\/UB310B-01.jpg\",\"width\":1080,\"height\":1080,\"caption\":\"UB310B-01\"},{\"@type\":\"BreadcrumbList\",\"@id\":\"https:\\\/\\\/www.urbanbiker.com\\\/it\\\/prodotto\\\/ub310b-e-bike-montagna-motore-centrale\\\/#breadcrumb\",\"itemListElement\":[{\"@type\":\"ListItem\",\"position\":1,\"name\":\"Portada\",\"item\":\"https:\\\/\\\/www.urbanbiker.com\\\/it\\\/\"},{\"@type\":\"ListItem\",\"position\":2,\"name\":\"Negozio di biciclette elettriche\",\"item\":\"https:\\\/\\\/www.urbanbiker.com\\\/it\\\/negozio\\\/\"},{\"@type\":\"ListItem\",\"position\":3,\"name\":\"UB310B | E-Bike Montagna | Motore Centrale\"}]},{\"@type\":\"WebSite\",\"@id\":\"https:\\\/\\\/www.urbanbiker.com\\\/it\\\/#website\",\"url\":\"https:\\\/\\\/www.urbanbiker.com\\\/it\\\/\",\"name\":\"UrbanBiker\",\"description\":\"Biciclette elettriche\",\"publisher\":{\"@id\":\"https:\\\/\\\/www.urbanbiker.com\\\/it\\\/#organization\"},\"potentialAction\":[{\"@type\":\"SearchAction\",\"target\":{\"@type\":\"EntryPoint\",\"urlTemplate\":\"https:\\\/\\\/www.urbanbiker.com\\\/it\\\/?s={search_term_string}\"},\"query-input\":{\"@type\":\"PropertyValueSpecification\",\"valueRequired\":true,\"valueName\":\"search_term_string\"}}],\"inLanguage\":\"it-IT\"},{\"@type\":\"Organization\",\"@id\":\"https:\\\/\\\/www.urbanbiker.com\\\/it\\\/#organization\",\"name\":\"UrbanBiker\",\"url\":\"https:\\\/\\\/www.urbanbiker.com\\\/it\\\/\",\"logo\":{\"@type\":\"ImageObject\",\"inLanguage\":\"it-IT\",\"@id\":\"https:\\\/\\\/www.urbanbiker.com\\\/it\\\/#\\\/schema\\\/logo\\\/image\\\/\",\"url\":\"https:\\\/\\\/www.urbanbiker.com\\\/wp-content\\\/uploads\\\/2022\\\/09\\\/Logo-principal-sin-fondo.png\",\"contentUrl\":\"https:\\\/\\\/www.urbanbiker.com\\\/wp-content\\\/uploads\\\/2022\\\/09\\\/Logo-principal-sin-fondo.png\",\"width\":2560,\"height\":934,\"caption\":\"UrbanBiker\"},\"image\":{\"@id\":\"https:\\\/\\\/www.urbanbiker.com\\\/it\\\/#\\\/schema\\\/logo\\\/image\\\/\"},\"sameAs\":[\"https:\\\/\\\/www.facebook.com\\\/Urbanbikerbiciselectricas\",\"https:\\\/\\\/www.instagram.com\\\/urbanbiker_\\\/\",\"https:\\\/\\\/www.linkedin.com\\\/company\\\/2454235\",\"https:\\\/\\\/www.youtube.com\\\/channel\\\/UCWR__uH_RWJF-OhPfz-9-Qw\"]}]}<\/script>\n<!-- \/ Yoast SEO plugin. -->","yoast_head_json":{"title":"UB310B | E-Bike Montagna | Motore Centrale | UrbanBiker","description":"La UB310B \u00e8 una e-mtb con motore centrale molto silenzioso che sorprende per la forza con cui risponde fin dal primo momento | UrbanBiker","robots":{"index":"index","follow":"follow","max-snippet":"max-snippet:-1","max-image-preview":"max-image-preview:large","max-video-preview":"max-video-preview:-1"},"canonical":"https:\/\/www.urbanbiker.com\/it\/prodotto\/ub310b-e-bike-montagna-motore-centrale\/","og_locale":"it_IT","og_type":"article","og_title":"UB310B | E-Bike Montagna | Motore Centrale | UrbanBiker","og_description":"La UB310B \u00e8 una e-mtb con motore centrale molto silenzioso che sorprende per la forza con cui risponde fin dal primo momento | UrbanBiker","og_url":"https:\/\/www.urbanbiker.com\/it\/prodotto\/ub310b-e-bike-montagna-motore-centrale\/","og_site_name":"UrbanBiker","article_publisher":"https:\/\/www.facebook.com\/Urbanbikerbiciselectricas","article_modified_time":"2026-04-21T17:16:06+00:00","og_image":[{"width":1080,"height":1080,"url":"https:\/\/www.urbanbiker.com\/wp-content\/uploads\/2026\/01\/UB310B-01.jpg","type":"image\/jpeg"}],"twitter_card":"summary_large_image","twitter_misc":{"Tempo di lettura stimato":"3 minuti"},"schema":{"@context":"https:\/\/schema.org","@graph":[{"@type":"WebPage","@id":"https:\/\/www.urbanbiker.com\/it\/prodotto\/ub310b-e-bike-montagna-motore-centrale\/","url":"https:\/\/www.urbanbiker.com\/it\/prodotto\/ub310b-e-bike-montagna-motore-centrale\/","name":"UB310B | E-Bike Montagna | Motore Centrale | UrbanBiker","isPartOf":{"@id":"https:\/\/www.urbanbiker.com\/it\/#website"},"primaryImageOfPage":{"@id":"https:\/\/www.urbanbiker.com\/it\/prodotto\/ub310b-e-bike-montagna-motore-centrale\/#primaryimage"},"image":{"@id":"https:\/\/www.urbanbiker.com\/it\/prodotto\/ub310b-e-bike-montagna-motore-centrale\/#primaryimage"},"thumbnailUrl":"https:\/\/www.urbanbiker.com\/wp-content\/uploads\/2026\/01\/UB310B-01.jpg","datePublished":"2026-03-01T14:00:45+00:00","dateModified":"2026-04-21T17:16:06+00:00","description":"La UB310B \u00e8 una e-mtb con motore centrale molto silenzioso che sorprende per la forza con cui risponde fin dal primo momento | UrbanBiker","breadcrumb":{"@id":"https:\/\/www.urbanbiker.com\/it\/prodotto\/ub310b-e-bike-montagna-motore-centrale\/#breadcrumb"},"inLanguage":"it-IT","potentialAction":[{"@type":"ReadAction","target":["https:\/\/www.urbanbiker.com\/it\/prodotto\/ub310b-e-bike-montagna-motore-centrale\/"]}]},{"@type":"ImageObject","inLanguage":"it-IT","@id":"https:\/\/www.urbanbiker.com\/it\/prodotto\/ub310b-e-bike-montagna-motore-centrale\/#primaryimage","url":"https:\/\/www.urbanbiker.com\/wp-content\/uploads\/2026\/01\/UB310B-01.jpg","contentUrl":"https:\/\/www.urbanbiker.com\/wp-content\/uploads\/2026\/01\/UB310B-01.jpg","width":1080,"height":1080,"caption":"UB310B-01"},{"@type":"BreadcrumbList","@id":"https:\/\/www.urbanbiker.com\/it\/prodotto\/ub310b-e-bike-montagna-motore-centrale\/#breadcrumb","itemListElement":[{"@type":"ListItem","position":1,"name":"Portada","item":"https:\/\/www.urbanbiker.com\/it\/"},{"@type":"ListItem","position":2,"name":"Negozio di biciclette elettriche","item":"https:\/\/www.urbanbiker.com\/it\/negozio\/"},{"@type":"ListItem","position":3,"name":"UB310B | E-Bike Montagna | Motore Centrale"}]},{"@type":"WebSite","@id":"https:\/\/www.urbanbiker.com\/it\/#website","url":"https:\/\/www.urbanbiker.com\/it\/","name":"UrbanBiker","description":"Biciclette elettriche","publisher":{"@id":"https:\/\/www.urbanbiker.com\/it\/#organization"},"potentialAction":[{"@type":"SearchAction","target":{"@type":"EntryPoint","urlTemplate":"https:\/\/www.urbanbiker.com\/it\/?s={search_term_string}"},"query-input":{"@type":"PropertyValueSpecification","valueRequired":true,"valueName":"search_term_string"}}],"inLanguage":"it-IT"},{"@type":"Organization","@id":"https:\/\/www.urbanbiker.com\/it\/#organization","name":"UrbanBiker","url":"https:\/\/www.urbanbiker.com\/it\/","logo":{"@type":"ImageObject","inLanguage":"it-IT","@id":"https:\/\/www.urbanbiker.com\/it\/#\/schema\/logo\/image\/","url":"https:\/\/www.urbanbiker.com\/wp-content\/uploads\/2022\/09\/Logo-principal-sin-fondo.png","contentUrl":"https:\/\/www.urbanbiker.com\/wp-content\/uploads\/2022\/09\/Logo-principal-sin-fondo.png","width":2560,"height":934,"caption":"UrbanBiker"},"image":{"@id":"https:\/\/www.urbanbiker.com\/it\/#\/schema\/logo\/image\/"},"sameAs":["https:\/\/www.facebook.com\/Urbanbikerbiciselectricas","https:\/\/www.instagram.com\/urbanbiker_\/","https:\/\/www.linkedin.com\/company\/2454235","https:\/\/www.youtube.com\/channel\/UCWR__uH_RWJF-OhPfz-9-Qw"]}]}},"_links":{"self":[{"href":"https:\/\/www.urbanbiker.com\/it\/wp-json\/wp\/v2\/product\/60183","targetHints":{"allow":["GET"]}}],"collection":[{"href":"https:\/\/www.urbanbiker.com\/it\/wp-json\/wp\/v2\/product"}],"about":[{"href":"https:\/\/www.urbanbiker.com\/it\/wp-json\/wp\/v2\/types\/product"}],"version-history":[{"count":11,"href":"https:\/\/www.urbanbiker.com\/it\/wp-json\/wp\/v2\/product\/60183\/revisions"}],"predecessor-version":[{"id":61010,"href":"https:\/\/www.urbanbiker.com\/it\/wp-json\/wp\/v2\/product\/60183\/revisions\/61010"}],"wp:featuredmedia":[{"embeddable":true,"href":"https:\/\/www.urbanbiker.com\/it\/wp-json\/wp\/v2\/media\/60432"}],"wp:attachment":[{"href":"https:\/\/www.urbanbiker.com\/it\/wp-json\/wp\/v2\/media?parent=60183"}],"wp:term":[{"taxonomy":"product_cat","embeddable":true,"href":"https:\/\/www.urbanbiker.com\/it\/wp-json\/wp\/v2\/product_cat?post=60183"},{"taxonomy":"product_tag","embeddable":true,"href":"https:\/\/www.urbanbiker.com\/it\/wp-json\/wp\/v2\/product_tag?post=60183"}],"curies":[{"name":"wp","href":"https:\/\/api.w.org\/{rel}","templated":true}]}}