{"id":36724,"date":"2024-10-24T16:08:51","date_gmt":"2024-10-24T14:08:51","guid":{"rendered":"https:\/\/www.urbanbiker.com\/urbanbiker-2\/"},"modified":"2026-02-27T11:08:24","modified_gmt":"2026-02-27T10:08:24","slug":"iniziale-2","status":"publish","type":"page","link":"https:\/\/www.urbanbiker.com\/it\/","title":{"rendered":"Inizio UrbanBiker"},"content":{"rendered":"\t\t<div data-elementor-type=\"wp-page\" data-elementor-id=\"36724\" class=\"elementor elementor-36724 elementor-15711\">\n\t\t\t\t\t\t<section class=\"elementor-section elementor-top-section elementor-element elementor-element-3b77b54 elementor-section-full_width elementor-section-height-min-height elementor-section-stretched elementor-section-height-default elementor-section-items-middle\" data-id=\"3b77b54\" data-element_type=\"section\" data-e-type=\"section\" data-settings=\"{&quot;background_background&quot;:&quot;video&quot;,&quot;background_play_on_mobile&quot;:&quot;yes&quot;,&quot;stretch_section&quot;:&quot;section-stretched&quot;,&quot;background_video_link&quot;:&quot;https:\\\/\\\/www.urbanbiker.com\\\/wp-content\\\/uploads\\\/2025\\\/11\\\/Homepage.mp4&quot;,&quot;background_video_start&quot;:1}\">\n\t\t\t\t\t\t\t\t<div class=\"elementor-background-video-container\">\n\t\t\t\t\t\t\t\t\t\t\t\t\t<video class=\"elementor-background-video-hosted\" role=\"presentation\" autoplay muted playsinline loop><\/video>\n\t\t\t\t\t\t\t\t\t\t\t<\/div>\n\t\t\t\t\t\t\t\t\t<div class=\"elementor-background-overlay\"><\/div>\n\t\t\t\t\t\t\t<div class=\"elementor-container elementor-column-gap-no\">\n\t\t\t\t\t<div class=\"elementor-column elementor-col-100 elementor-top-column elementor-element elementor-element-0e09ba9\" data-id=\"0e09ba9\" data-element_type=\"column\" data-e-type=\"column\">\n\t\t\t<div class=\"elementor-widget-wrap\">\n\t\t\t\t\t\t\t<\/div>\n\t\t<\/div>\n\t\t\t\t\t<\/div>\n\t\t<\/section>\n\t\t\t\t<div class=\"elementor-section elementor-top-section elementor-element elementor-element-58029d3 elementor-section-stretched elementor-section-full_width elementor-section-height-default elementor-section-height-default\" data-id=\"58029d3\" data-element_type=\"section\" data-e-type=\"section\" data-settings=\"{&quot;stretch_section&quot;:&quot;section-stretched&quot;}\">\n\t\t\t\t\t\t<div class=\"elementor-container elementor-column-gap-no\">\n\t\t\t\t\t<div class=\"elementor-column elementor-col-50 elementor-top-column elementor-element elementor-element-5f17aad\" data-id=\"5f17aad\" data-element_type=\"column\" data-e-type=\"column\">\n\t\t\t<div class=\"elementor-widget-wrap elementor-element-populated\">\n\t\t\t\t\n\t\t<div class=\"elementor-element elementor-element-53db24c elementor-cta--valign-top box-align-left button-banner-style-bikys-link positon-subtitle-yes elementor-bg-transform elementor-bg-transform-zoom-in elementor-widget elementor-widget-bikys-banner\" data-id=\"53db24c\" data-element_type=\"widget\" data-e-type=\"widget\" data-widget_type=\"bikys-banner.default\">\n\t\t\t\t<div class=\"elementor-widget-container\">\n\t\t\t\t\t        <a href=\"https:\/\/www.urbanbiker.com\/it\/categoria-prodotto\/ebikes\/\" class=\"elementor-cta--skin-cover elementor-cta elementor-bikys-banner\">\n                <div class=\"elementor-cta__bg-wrapper\">\n            <div class=\"elementor-cta__bg elementor-bg\" style=\"background-image: url(https:\/\/www.urbanbiker.com\/wp-content\/uploads\/2024\/10\/bicicletas-urbanbiker-NUEVO-Ahora-no-deberia-tapar-el-texto.jpg);\"><\/div>\n            <div class=\"elementor-cta__bg-overlay\"><\/div>\n        <\/div>\n            <div class=\"elementor-cta__content\">\n        <div class=\"elementor-cta__content_inner\">\n                <h3 class=\"elementor-cta__title elementor-cta__content-item elementor-content-item\">\n                    <span class=\"elementor-headline-before-text elementor-headline-text-wrapper\">URBANBIKER<\/span>\n        \n        \n                <\/h3>\n                <div class=\"elementor-cta__subtitle elementor-cta__content-item elementor-content-item\">\n            <span>EBIKES<\/span>\n        <\/div>\n            \n            <div class=\"elementor-cta__button-wrapper elementor-cta__content-item elementor-content-item \">\n        <span class=\"elementor-cta__button elementor-button\">\n        <span class=\"elementor-cta__button-content-wrapper\">\n                                <span class=\"elementor-cta__button-text\"> vedi tutto <\/span>\n                            <\/span>\n        <\/span>\n        <\/div>\n            <\/div>\n        <\/div>\n        <\/a>\n        \t\t\t\t<\/div>\n\t\t\t\t<\/div>\n\t\t\t\t\t<\/div>\n\t\t<\/div>\n\t\t\t\t<div class=\"elementor-column elementor-col-25 elementor-top-column elementor-element elementor-element-d0cf49e\" data-id=\"d0cf49e\" data-element_type=\"column\" data-e-type=\"column\">\n\t\t\t<div class=\"elementor-widget-wrap elementor-element-populated\">\n\t\t\t\t\t\t<div class=\"elementor-element elementor-element-b82d763 elementor-cta--valign-top box-align-left button-banner-style-bikys-link positon-subtitle-yes elementor-bg-transform elementor-bg-transform-zoom-in elementor-widget elementor-widget-bikys-banner\" data-id=\"b82d763\" data-element_type=\"widget\" data-e-type=\"widget\" data-widget_type=\"bikys-banner.default\">\n\t\t\t\t<div class=\"elementor-widget-container\">\n\t\t\t\t\t        <a href=\"https:\/\/www.urbanbiker.com\/it\/categoria-prodotto\/componenti\/\" class=\"elementor-cta--skin-cover elementor-cta elementor-bikys-banner\">\n                <div class=\"elementor-cta__bg-wrapper\">\n            <div class=\"elementor-cta__bg elementor-bg\" style=\"background-image: url(https:\/\/www.urbanbiker.com\/wp-content\/uploads\/2024\/11\/NUEVO-componentes-2-Cambialo-por-favor-tambien-asi-va-a-quedar-un-poco-mejor.jpg);\"><\/div>\n            <div class=\"elementor-cta__bg-overlay\"><\/div>\n        <\/div>\n            <div class=\"elementor-cta__content\">\n        <div class=\"elementor-cta__content_inner\">\n                <h3 class=\"elementor-cta__title elementor-cta__content-item elementor-content-item\">\n        \n                    <span class=\"elementor-headline-dynamic-wrapper elementor-headline-text-wrapper\">\n                            <span class=\"elementor-headline-dynamic-text elementor-headline-text-active\">COMPONENTI<\/span>\n                        <\/span>\n        \n                <\/h3>\n                <div class=\"elementor-cta__subtitle elementor-cta__content-item elementor-content-item\">\n            <span>ORIGINALI<\/span>\n        <\/div>\n            \n            <div class=\"elementor-cta__button-wrapper elementor-cta__content-item elementor-content-item \">\n        <span class=\"elementor-cta__button elementor-button\">\n        <span class=\"elementor-cta__button-content-wrapper\">\n                                <span class=\"elementor-cta__button-text\"> vedi tutto <\/span>\n                            <\/span>\n        <\/span>\n        <\/div>\n            <\/div>\n        <\/div>\n        <\/a>\n        \t\t\t\t<\/div>\n\t\t\t\t<\/div>\n\t\t\t\t\t<\/div>\n\t\t<\/div>\n\t\t\t\t<div class=\"elementor-column elementor-col-25 elementor-top-column elementor-element elementor-element-bd9ece5\" data-id=\"bd9ece5\" data-element_type=\"column\" data-e-type=\"column\">\n\t\t\t<div class=\"elementor-widget-wrap elementor-element-populated\">\n\t\t\t\t\t\t<div class=\"elementor-element elementor-element-af0f5a3 elementor-cta--valign-top box-align-left button-banner-style-bikys-link positon-subtitle-yes elementor-bg-transform elementor-bg-transform-zoom-in elementor-widget elementor-widget-bikys-banner\" data-id=\"af0f5a3\" data-element_type=\"widget\" data-e-type=\"widget\" data-widget_type=\"bikys-banner.default\">\n\t\t\t\t<div class=\"elementor-widget-container\">\n\t\t\t\t\t        <a href=\"https:\/\/www.urbanbiker.com\/it\/distributori-ufficiali\/\" class=\"elementor-cta--skin-cover elementor-cta elementor-bikys-banner\">\n                <div class=\"elementor-cta__bg-wrapper\">\n            <div class=\"elementor-cta__bg elementor-bg\" style=\"background-image: url(https:\/\/www.urbanbiker.com\/wp-content\/uploads\/2024\/11\/NUEVO-distribuidores-oficiales-2.jpg);\"><\/div>\n            <div class=\"elementor-cta__bg-overlay\"><\/div>\n        <\/div>\n            <div class=\"elementor-cta__content\">\n        <div class=\"elementor-cta__content_inner\">\n                <h3 class=\"elementor-cta__title elementor-cta__content-item elementor-content-item\">\n        \n                    <span class=\"elementor-headline-dynamic-wrapper elementor-headline-text-wrapper\">\n                            <span class=\"elementor-headline-dynamic-text elementor-headline-text-active\">DISTRIBUIDORES<\/span>\n                        <\/span>\n        \n                <\/h3>\n                <div class=\"elementor-cta__subtitle elementor-cta__content-item elementor-content-item\">\n            <span>OFICIALES<\/span>\n        <\/div>\n            \n            <div class=\"elementor-cta__button-wrapper elementor-cta__content-item elementor-content-item \">\n        <span class=\"elementor-cta__button elementor-button\">\n        <span class=\"elementor-cta__button-content-wrapper\">\n                                <span class=\"elementor-cta__button-text\"> vedi tutto <\/span>\n                            <\/span>\n        <\/span>\n        <\/div>\n            <\/div>\n        <\/div>\n        <\/a>\n        \t\t\t\t<\/div>\n\t\t\t\t<\/div>\n\t\t\t\t\t<\/div>\n\t\t<\/div>\n\t\t\t\t\t<\/div>\n\t\t<\/div>\n\t\t\t\t<div class=\"elementor-section elementor-top-section elementor-element elementor-element-e6112d9 elementor-section-stretched elementor-section-boxed elementor-section-height-default elementor-section-height-default\" data-id=\"e6112d9\" data-element_type=\"section\" data-e-type=\"section\" data-settings=\"{&quot;stretch_section&quot;:&quot;section-stretched&quot;}\">\n\t\t\t\t\t\t<div class=\"elementor-container elementor-column-gap-no\">\n\t\t\t\t\t<div class=\"elementor-column elementor-col-100 elementor-top-column elementor-element elementor-element-976dddc\" data-id=\"976dddc\" data-element_type=\"column\" data-e-type=\"column\">\n\t\t\t<div class=\"elementor-widget-wrap elementor-element-populated\">\n\t\t\t\t\t\t<div class=\"elementor-element elementor-element-be184b9 elementor-widget__width-auto elementor-view-default elementor-widget elementor-widget-icon\" data-id=\"be184b9\" data-element_type=\"widget\" data-e-type=\"widget\" data-widget_type=\"icon.default\">\n\t\t\t\t<div class=\"elementor-widget-container\">\n\t\t\t\t\t\t\t<div class=\"elementor-icon-wrapper\">\n\t\t\t<div class=\"elementor-icon\">\n\t\t\t<i aria-hidden=\"true\" class=\"fas fa-square-full\"><\/i>\t\t\t<\/div>\n\t\t<\/div>\n\t\t\t\t\t\t<\/div>\n\t\t\t\t<\/div>\n\t\t\t\t<div class=\"elementor-element elementor-element-51c076f elementor-widget__width-auto elementor-widget elementor-widget-heading\" data-id=\"51c076f\" data-element_type=\"widget\" data-e-type=\"widget\" data-widget_type=\"heading.default\">\n\t\t\t\t<div class=\"elementor-widget-container\">\n\t\t\t\t\t<h2 class=\"elementor-heading-title elementor-size-default\">E-Bikes Urbane<\/h2>\t\t\t\t<\/div>\n\t\t\t\t<\/div>\n\t\t\t\t<div class=\"elementor-element elementor-element-822e16d elementor-widget__width-auto elementor-absolute elementor-button-outline elementor-widget elementor-widget-button\" data-id=\"822e16d\" data-element_type=\"widget\" data-e-type=\"widget\" data-settings=\"{&quot;_position&quot;:&quot;absolute&quot;}\" data-widget_type=\"button.default\">\n\t\t\t\t<div class=\"elementor-widget-container\">\n\t\t\t\t\t\t\t\t\t<div class=\"elementor-button-wrapper\">\n\t\t\t\t\t<a class=\"elementor-button elementor-button-link elementor-size-sm\" href=\"https:\/\/www.urbanbiker.com\/it\/categoria-prodotto\/ebikes\/biciclette-elettriche-urbane\/\">\n\t\t\t\t\t\t<span class=\"elementor-button-content-wrapper\">\n\t\t\t\t\t\t\t\t\t<span class=\"elementor-button-text\">VEDI TUTTO<\/span>\n\t\t\t\t\t<\/span>\n\t\t\t\t\t<\/a>\n\t\t\t\t<\/div>\n\t\t\t\t\t\t\t\t<\/div>\n\t\t\t\t<\/div>\n\t\t\t\t<div class=\"elementor-element elementor-element-d8c09c1 dot-style-2 mobile-switcher-style-product-yes product-alignment-flex-start arrow-style-1 elementor-widget elementor-widget-bikys-products\" data-id=\"d8c09c1\" data-element_type=\"widget\" data-e-type=\"widget\" data-settings=\"{&quot;autoplay_speed&quot;:5000}\" data-widget_type=\"bikys-products.default\">\n\t\t\t\t<div class=\"elementor-widget-container\">\n\t\t\t\t\t<div class=\"woocommerce columns-1 \"><div class=\"woocommerce-carousel\" data-settings='{\"centerMode\":false,\"variableWidth\":false,\"speed\":300,\"centerPadding\":\"50px\",\"navigation\":\"both\",\"pauseOnHover\":true,\"autoplay\":true,\"autoplaySpeed\":5000,\"items\":\"3\",\"items_laptop\":\"3\",\"items_tablet_extra\":\"3\",\"items_tablet\":\"3\",\"items_mobile_extra\":\"2\",\"items_mobile\":1,\"loop\":true,\"breakpoint_laptop\":1366,\"breakpoint_tablet_extra\":1200,\"breakpoint_tablet\":1024,\"breakpoint_mobile_extra\":880,\"breakpoint_mobile\":767,\"centerPadding_laptop\":\"50px\",\"centerPadding_tablet_extra\":\"50px\",\"centerPadding_tablet\":\"50px\",\"centerPadding_mobile_extra\":\"50px\",\"centerPadding_mobile\":\"50px\"}'><ul class=\"products columns-1\"><li class=\"product-style-default product type-product post-43073 status-publish first instock product_cat-ebikes product_cat-biciclette-elettriche-da-trekking-per-tutti-i-terreni product_cat-biciclette-elettriche-urbane has-post-thumbnail taxable shipping-taxable purchasable product-type-variable\">\n    <div class=\"product-block\">\n        <div class=\"product-label\">\n            <span class=\"stock-label\">In magazzino<\/span>        <\/div>\n        <div class=\"product-transition\">\n            <div class=\"product-image image-main\"><img fetchpriority=\"high\" decoding=\"async\" width=\"450\" height=\"450\" src=\"https:\/\/www.urbanbiker.com\/wp-content\/uploads\/2025\/04\/1-UB200-Azul-1-450x450.jpg\" class=\"attachment-woocommerce_thumbnail size-woocommerce_thumbnail\" alt=\"UB200 Blu 1\" srcset=\"https:\/\/www.urbanbiker.com\/wp-content\/uploads\/2025\/04\/1-UB200-Azul-1-450x450.jpg 450w, https:\/\/www.urbanbiker.com\/wp-content\/uploads\/2025\/04\/1-UB200-Azul-1-300x300.jpg 300w, https:\/\/www.urbanbiker.com\/wp-content\/uploads\/2025\/04\/1-UB200-Azul-1-1024x1024.jpg 1024w, https:\/\/www.urbanbiker.com\/wp-content\/uploads\/2025\/04\/1-UB200-Azul-1-150x150.jpg 150w, https:\/\/www.urbanbiker.com\/wp-content\/uploads\/2025\/04\/1-UB200-Azul-1-768x768.jpg 768w, https:\/\/www.urbanbiker.com\/wp-content\/uploads\/2025\/04\/1-UB200-Azul-1-800x800.jpg 800w, https:\/\/www.urbanbiker.com\/wp-content\/uploads\/2025\/04\/1-UB200-Azul-1-100x100.jpg 100w, https:\/\/www.urbanbiker.com\/wp-content\/uploads\/2025\/04\/1-UB200-Azul-1-50x50.jpg 50w, https:\/\/www.urbanbiker.com\/wp-content\/uploads\/2025\/04\/1-UB200-Azul-1-600x600.jpg 600w, https:\/\/www.urbanbiker.com\/wp-content\/uploads\/2025\/04\/1-UB200-Azul-1-96x96.jpg 96w, https:\/\/www.urbanbiker.com\/wp-content\/uploads\/2025\/04\/1-UB200-Azul-1-460x460.jpg 460w, https:\/\/www.urbanbiker.com\/wp-content\/uploads\/2025\/04\/1-UB200-Azul-1.jpg 1080w\" sizes=\"(max-width: 450px) 100vw, 450px\" \/><\/div>\n            <a href=\"https:\/\/www.urbanbiker.com\/it\/prodotto\/ub200-bicicletta-elettrica-urbana-multiuso-con-doppia-sospensione\/\" class=\"woocommerce-LoopProduct-link woocommerce-loop-product__link\">            <\/a>        <\/div>\n        <div class=\"product-caption\">\n            <div class=\"bikys-wrap-swatches\"><div class=\"inner\"><span class=\"bikys-tooltip bikys-product-swatches swatches-color\" data-image=\"{&quot;title&quot;:&quot;UB200 Blu 1&quot;,&quot;caption&quot;:&quot;&quot;,&quot;url&quot;:&quot;https:\\\/\\\/www.urbanbiker.com\\\/wp-content\\\/uploads\\\/2025\\\/04\\\/1-UB200-Azul-1.jpg&quot;,&quot;alt&quot;:&quot;UB200 Blu 1&quot;,&quot;src&quot;:&quot;https:\\\/\\\/www.urbanbiker.com\\\/wp-content\\\/uploads\\\/2025\\\/04\\\/1-UB200-Azul-1-800x800.jpg&quot;,&quot;srcset&quot;:&quot;https:\\\/\\\/www.urbanbiker.com\\\/wp-content\\\/uploads\\\/2025\\\/04\\\/1-UB200-Azul-1-800x800.jpg 800w, https:\\\/\\\/www.urbanbiker.com\\\/wp-content\\\/uploads\\\/2025\\\/04\\\/1-UB200-Azul-1-300x300.jpg 300w, https:\\\/\\\/www.urbanbiker.com\\\/wp-content\\\/uploads\\\/2025\\\/04\\\/1-UB200-Azul-1-1024x1024.jpg 1024w, https:\\\/\\\/www.urbanbiker.com\\\/wp-content\\\/uploads\\\/2025\\\/04\\\/1-UB200-Azul-1-150x150.jpg 150w, https:\\\/\\\/www.urbanbiker.com\\\/wp-content\\\/uploads\\\/2025\\\/04\\\/1-UB200-Azul-1-768x768.jpg 768w, https:\\\/\\\/www.urbanbiker.com\\\/wp-content\\\/uploads\\\/2025\\\/04\\\/1-UB200-Azul-1-450x450.jpg 450w, https:\\\/\\\/www.urbanbiker.com\\\/wp-content\\\/uploads\\\/2025\\\/04\\\/1-UB200-Azul-1-100x100.jpg 100w, https:\\\/\\\/www.urbanbiker.com\\\/wp-content\\\/uploads\\\/2025\\\/04\\\/1-UB200-Azul-1-50x50.jpg 50w, https:\\\/\\\/www.urbanbiker.com\\\/wp-content\\\/uploads\\\/2025\\\/04\\\/1-UB200-Azul-1-600x600.jpg 600w, https:\\\/\\\/www.urbanbiker.com\\\/wp-content\\\/uploads\\\/2025\\\/04\\\/1-UB200-Azul-1-96x96.jpg 96w, https:\\\/\\\/www.urbanbiker.com\\\/wp-content\\\/uploads\\\/2025\\\/04\\\/1-UB200-Azul-1-460x460.jpg 460w, https:\\\/\\\/www.urbanbiker.com\\\/wp-content\\\/uploads\\\/2025\\\/04\\\/1-UB200-Azul-1.jpg 1080w&quot;,&quot;sizes&quot;:&quot;(max-width: 800px) 100vw, 800px&quot;,&quot;full_src&quot;:&quot;https:\\\/\\\/www.urbanbiker.com\\\/wp-content\\\/uploads\\\/2025\\\/04\\\/1-UB200-Azul-1.jpg&quot;,&quot;full_src_w&quot;:1080,&quot;full_src_h&quot;:1080,&quot;gallery_thumbnail_src&quot;:&quot;https:\\\/\\\/www.urbanbiker.com\\\/wp-content\\\/uploads\\\/2025\\\/04\\\/1-UB200-Azul-1-300x300.jpg&quot;,&quot;gallery_thumbnail_src_w&quot;:300,&quot;gallery_thumbnail_src_h&quot;:300,&quot;thumb_src&quot;:&quot;https:\\\/\\\/www.urbanbiker.com\\\/wp-content\\\/uploads\\\/2025\\\/04\\\/1-UB200-Azul-1-450x450.jpg&quot;,&quot;thumb_src_w&quot;:450,&quot;thumb_src_h&quot;:450,&quot;src_w&quot;:800,&quot;src_h&quot;:800}\" title=\"Blu\" data-value=\"blu\"><span class=\"color\" style=\"background-color:#2691ef;\"><\/span><span class=\"screen-reader-text\">Blu<\/span><\/span><span class=\"bikys-tooltip bikys-product-swatches swatches-color\" data-image=\"{&quot;title&quot;:&quot;UB200 Rosso 1&quot;,&quot;caption&quot;:&quot;&quot;,&quot;url&quot;:&quot;https:\\\/\\\/www.urbanbiker.com\\\/wp-content\\\/uploads\\\/2025\\\/04\\\/1-UB200-Roja-1.jpg&quot;,&quot;alt&quot;:&quot;UB200 Rosso 1&quot;,&quot;src&quot;:&quot;https:\\\/\\\/www.urbanbiker.com\\\/wp-content\\\/uploads\\\/2025\\\/04\\\/1-UB200-Roja-1-800x800.jpg&quot;,&quot;srcset&quot;:&quot;https:\\\/\\\/www.urbanbiker.com\\\/wp-content\\\/uploads\\\/2025\\\/04\\\/1-UB200-Roja-1-800x800.jpg 800w, https:\\\/\\\/www.urbanbiker.com\\\/wp-content\\\/uploads\\\/2025\\\/04\\\/1-UB200-Roja-1-300x300.jpg 300w, https:\\\/\\\/www.urbanbiker.com\\\/wp-content\\\/uploads\\\/2025\\\/04\\\/1-UB200-Roja-1-1024x1024.jpg 1024w, https:\\\/\\\/www.urbanbiker.com\\\/wp-content\\\/uploads\\\/2025\\\/04\\\/1-UB200-Roja-1-150x150.jpg 150w, https:\\\/\\\/www.urbanbiker.com\\\/wp-content\\\/uploads\\\/2025\\\/04\\\/1-UB200-Roja-1-768x768.jpg 768w, https:\\\/\\\/www.urbanbiker.com\\\/wp-content\\\/uploads\\\/2025\\\/04\\\/1-UB200-Roja-1-450x450.jpg 450w, https:\\\/\\\/www.urbanbiker.com\\\/wp-content\\\/uploads\\\/2025\\\/04\\\/1-UB200-Roja-1-100x100.jpg 100w, https:\\\/\\\/www.urbanbiker.com\\\/wp-content\\\/uploads\\\/2025\\\/04\\\/1-UB200-Roja-1-50x50.jpg 50w, https:\\\/\\\/www.urbanbiker.com\\\/wp-content\\\/uploads\\\/2025\\\/04\\\/1-UB200-Roja-1-600x600.jpg 600w, https:\\\/\\\/www.urbanbiker.com\\\/wp-content\\\/uploads\\\/2025\\\/04\\\/1-UB200-Roja-1-96x96.jpg 96w, https:\\\/\\\/www.urbanbiker.com\\\/wp-content\\\/uploads\\\/2025\\\/04\\\/1-UB200-Roja-1-460x460.jpg 460w, https:\\\/\\\/www.urbanbiker.com\\\/wp-content\\\/uploads\\\/2025\\\/04\\\/1-UB200-Roja-1.jpg 1080w&quot;,&quot;sizes&quot;:&quot;(max-width: 800px) 100vw, 800px&quot;,&quot;full_src&quot;:&quot;https:\\\/\\\/www.urbanbiker.com\\\/wp-content\\\/uploads\\\/2025\\\/04\\\/1-UB200-Roja-1.jpg&quot;,&quot;full_src_w&quot;:1080,&quot;full_src_h&quot;:1080,&quot;gallery_thumbnail_src&quot;:&quot;https:\\\/\\\/www.urbanbiker.com\\\/wp-content\\\/uploads\\\/2025\\\/04\\\/1-UB200-Roja-1-300x300.jpg&quot;,&quot;gallery_thumbnail_src_w&quot;:300,&quot;gallery_thumbnail_src_h&quot;:300,&quot;thumb_src&quot;:&quot;https:\\\/\\\/www.urbanbiker.com\\\/wp-content\\\/uploads\\\/2025\\\/04\\\/1-UB200-Roja-1-450x450.jpg&quot;,&quot;thumb_src_w&quot;:450,&quot;thumb_src_h&quot;:450,&quot;src_w&quot;:800,&quot;src_h&quot;:800}\" title=\"Rosso\" data-value=\"rosso\"><span class=\"color\" style=\"background-color:#dd3333;\"><\/span><span class=\"screen-reader-text\">Rosso<\/span><\/span><\/div><\/div>            <div class=\"posted-in\"><a href=\"https:\/\/www.urbanbiker.com\/it\/categoria-prodotto\/ebikes\/\" rel=\"tag\">E-Bikes UrbanBiker<\/a>, <a href=\"https:\/\/www.urbanbiker.com\/it\/categoria-prodotto\/ebikes\/biciclette-elettriche-da-trekking-per-tutti-i-terreni\/\" rel=\"tag\">Trekking<\/a>, <a href=\"https:\/\/www.urbanbiker.com\/it\/categoria-prodotto\/ebikes\/biciclette-elettriche-urbane\/\" rel=\"tag\">Urbane<\/a><\/div>            <h3 class=\"woocommerce-loop-product__title\"><a href=\"https:\/\/www.urbanbiker.com\/it\/prodotto\/ub200-bicicletta-elettrica-urbana-multiuso-con-doppia-sospensione\/\">UB200 | E-Bike Urbane Doppia Sospensione<\/a><\/h3>            \n\t<span class=\"price\"><span class=\"woocommerce-Price-amount amount\"><bdi>1.799,00<span class=\"woocommerce-Price-currencySymbol\">&euro;<\/span><\/bdi><\/span><\/span>\n                    <\/div>\n        <div class=\"product-action\">\n            <a href=\"https:\/\/www.urbanbiker.com\/it\/prodotto\/ub200-bicicletta-elettrica-urbana-multiuso-con-doppia-sospensione\/\" aria-describedby=\"woocommerce_loop_add_to_cart_link_describedby_43073\" data-quantity=\"1\" class=\"button product_type_variable add_to_cart_button\" data-product_id=\"43073\" data-product_sku=\"UB200\" aria-label=\"Seleziona le opzioni per &ldquo;UB200 | E-Bike Urbane Doppia Sospensione&rdquo;\" rel=\"nofollow\">Scegli<\/a>\t<span id=\"woocommerce_loop_add_to_cart_link_describedby_43073\" class=\"screen-reader-text\">\n\t\tQuesto prodotto ha pi\u00f9 varianti. Le opzioni possono essere scelte nella pagina del prodotto\t<\/span>\n            <div class=\"group-action\">\n                <div class=\"shop-action\">\n                    <button class=\"woosw-btn woosw-btn-43073\" data-id=\"43073\" data-product_name=\"UB200 | E-Bike Urbane Doppia Sospensione\" data-product_image=\"https:\/\/www.urbanbiker.com\/wp-content\/uploads\/2025\/04\/1-UB200-Azul-1-150x150.jpg\" aria-label=\"Aggiungi alla Lista desideri\">Aggiungi alla Lista desideri<\/button>                    <button class=\"woosc-btn woosc-btn-43073 \" data-text=\"Confronto\" data-text_added=\"Confronto\" data-id=\"43073\" data-product_id=\"43073\" data-product_name=\"UB200 | E-Bike Urbane Doppia Sospensione\" data-product_image=\"https:\/\/www.urbanbiker.com\/wp-content\/uploads\/2025\/04\/1-UB200-Azul-1-150x150.jpg\">Confronto<\/button>                    <button class=\"woosq-btn woosq-btn-43073\" data-id=\"43073\" data-effect=\"mfp-3d-unfold\" data-context=\"default\">Vista rapida<\/button>                <\/div>\n            <\/div>\n        <\/div>\n    <\/div>\n<\/li>\n<li class=\"product-style-default product type-product post-35267 status-publish first instock product_cat-ebikes product_cat-biciclette-elettriche-pieghevoli-urbane product_cat-biciclette-elettriche-urbane has-post-thumbnail taxable shipping-taxable purchasable product-type-variable\">\n    <div class=\"product-block\">\n        <div class=\"product-label\">\n            <span class=\"stock-label\">In magazzino<\/span>        <\/div>\n        <div class=\"product-transition\">\n            <div class=\"product-image image-main\"><img decoding=\"async\" width=\"450\" height=\"450\" src=\"https:\/\/www.urbanbiker.com\/wp-content\/uploads\/2025\/04\/UrbanBiker-Mini-Blanca-25-450x450.jpg\" class=\"attachment-woocommerce_thumbnail size-woocommerce_thumbnail\" alt=\"UrbanBiker Mini Blanca 25\" srcset=\"https:\/\/www.urbanbiker.com\/wp-content\/uploads\/2025\/04\/UrbanBiker-Mini-Blanca-25-450x450.jpg 450w, https:\/\/www.urbanbiker.com\/wp-content\/uploads\/2025\/04\/UrbanBiker-Mini-Blanca-25-300x300.jpg 300w, https:\/\/www.urbanbiker.com\/wp-content\/uploads\/2025\/04\/UrbanBiker-Mini-Blanca-25-1024x1024.jpg 1024w, https:\/\/www.urbanbiker.com\/wp-content\/uploads\/2025\/04\/UrbanBiker-Mini-Blanca-25-150x150.jpg 150w, https:\/\/www.urbanbiker.com\/wp-content\/uploads\/2025\/04\/UrbanBiker-Mini-Blanca-25-768x768.jpg 768w, https:\/\/www.urbanbiker.com\/wp-content\/uploads\/2025\/04\/UrbanBiker-Mini-Blanca-25-800x800.jpg 800w, https:\/\/www.urbanbiker.com\/wp-content\/uploads\/2025\/04\/UrbanBiker-Mini-Blanca-25-100x100.jpg 100w, https:\/\/www.urbanbiker.com\/wp-content\/uploads\/2025\/04\/UrbanBiker-Mini-Blanca-25-50x50.jpg 50w, https:\/\/www.urbanbiker.com\/wp-content\/uploads\/2025\/04\/UrbanBiker-Mini-Blanca-25-600x600.jpg 600w, https:\/\/www.urbanbiker.com\/wp-content\/uploads\/2025\/04\/UrbanBiker-Mini-Blanca-25-96x96.jpg 96w, https:\/\/www.urbanbiker.com\/wp-content\/uploads\/2025\/04\/UrbanBiker-Mini-Blanca-25-460x460.jpg 460w, https:\/\/www.urbanbiker.com\/wp-content\/uploads\/2025\/04\/UrbanBiker-Mini-Blanca-25.jpg 1080w\" sizes=\"(max-width: 450px) 100vw, 450px\" \/><\/div>\n            <a href=\"https:\/\/www.urbanbiker.com\/it\/prodotto\/mini-bicicletta-elettrica-urbana-pieghevole\/\" class=\"woocommerce-LoopProduct-link woocommerce-loop-product__link\">            <\/a>        <\/div>\n        <div class=\"product-caption\">\n            <div class=\"bikys-wrap-swatches\"><div class=\"inner\"><span class=\"bikys-tooltip bikys-product-swatches swatches-color\" data-image=\"{&quot;title&quot;:&quot;Bicicletta elettrica urbana pieghevole&quot;,&quot;caption&quot;:&quot;&quot;,&quot;url&quot;:&quot;https:\\\/\\\/www.urbanbiker.com\\\/wp-content\\\/uploads\\\/2024\\\/11\\\/1-Urbanbiker-Mini-Blanca.jpg&quot;,&quot;alt&quot;:&quot;Bicicletta elettrica urbana pieghevole&quot;,&quot;src&quot;:&quot;https:\\\/\\\/www.urbanbiker.com\\\/wp-content\\\/uploads\\\/2024\\\/11\\\/1-Urbanbiker-Mini-Blanca-800x800.jpg&quot;,&quot;srcset&quot;:&quot;https:\\\/\\\/www.urbanbiker.com\\\/wp-content\\\/uploads\\\/2024\\\/11\\\/1-Urbanbiker-Mini-Blanca-800x800.jpg 800w, https:\\\/\\\/www.urbanbiker.com\\\/wp-content\\\/uploads\\\/2024\\\/11\\\/1-Urbanbiker-Mini-Blanca-300x300.jpg 300w, https:\\\/\\\/www.urbanbiker.com\\\/wp-content\\\/uploads\\\/2024\\\/11\\\/1-Urbanbiker-Mini-Blanca-1024x1024.jpg 1024w, https:\\\/\\\/www.urbanbiker.com\\\/wp-content\\\/uploads\\\/2024\\\/11\\\/1-Urbanbiker-Mini-Blanca-150x150.jpg 150w, https:\\\/\\\/www.urbanbiker.com\\\/wp-content\\\/uploads\\\/2024\\\/11\\\/1-Urbanbiker-Mini-Blanca-768x768.jpg 768w, https:\\\/\\\/www.urbanbiker.com\\\/wp-content\\\/uploads\\\/2024\\\/11\\\/1-Urbanbiker-Mini-Blanca-450x450.jpg 450w, https:\\\/\\\/www.urbanbiker.com\\\/wp-content\\\/uploads\\\/2024\\\/11\\\/1-Urbanbiker-Mini-Blanca-100x100.jpg 100w, https:\\\/\\\/www.urbanbiker.com\\\/wp-content\\\/uploads\\\/2024\\\/11\\\/1-Urbanbiker-Mini-Blanca-50x50.jpg 50w, https:\\\/\\\/www.urbanbiker.com\\\/wp-content\\\/uploads\\\/2024\\\/11\\\/1-Urbanbiker-Mini-Blanca-600x600.jpg 600w, https:\\\/\\\/www.urbanbiker.com\\\/wp-content\\\/uploads\\\/2024\\\/11\\\/1-Urbanbiker-Mini-Blanca-96x96.jpg 96w, https:\\\/\\\/www.urbanbiker.com\\\/wp-content\\\/uploads\\\/2024\\\/11\\\/1-Urbanbiker-Mini-Blanca-460x460.jpg 460w, https:\\\/\\\/www.urbanbiker.com\\\/wp-content\\\/uploads\\\/2024\\\/11\\\/1-Urbanbiker-Mini-Blanca.jpg 1080w&quot;,&quot;sizes&quot;:&quot;(max-width: 800px) 100vw, 800px&quot;,&quot;full_src&quot;:&quot;https:\\\/\\\/www.urbanbiker.com\\\/wp-content\\\/uploads\\\/2024\\\/11\\\/1-Urbanbiker-Mini-Blanca.jpg&quot;,&quot;full_src_w&quot;:1080,&quot;full_src_h&quot;:1080,&quot;gallery_thumbnail_src&quot;:&quot;https:\\\/\\\/www.urbanbiker.com\\\/wp-content\\\/uploads\\\/2024\\\/11\\\/1-Urbanbiker-Mini-Blanca-300x300.jpg&quot;,&quot;gallery_thumbnail_src_w&quot;:300,&quot;gallery_thumbnail_src_h&quot;:300,&quot;thumb_src&quot;:&quot;https:\\\/\\\/www.urbanbiker.com\\\/wp-content\\\/uploads\\\/2024\\\/11\\\/1-Urbanbiker-Mini-Blanca-450x450.jpg&quot;,&quot;thumb_src_w&quot;:450,&quot;thumb_src_h&quot;:450,&quot;src_w&quot;:800,&quot;src_h&quot;:800}\" title=\"Bianco\" data-value=\"bianco\"><span class=\"color\" style=\"background-color:#f2f2f2;\"><\/span><span class=\"screen-reader-text\">Bianco<\/span><\/span><span class=\"bikys-tooltip bikys-product-swatches swatches-color\" data-image=\"{&quot;title&quot;:&quot;Bicicletta elettrica urbana pieghevole&quot;,&quot;caption&quot;:&quot;&quot;,&quot;url&quot;:&quot;https:\\\/\\\/www.urbanbiker.com\\\/wp-content\\\/uploads\\\/2024\\\/11\\\/1-Urbanbiker-Mini-Negra.jpg&quot;,&quot;alt&quot;:&quot;Bicicletta elettrica urbana pieghevole&quot;,&quot;src&quot;:&quot;https:\\\/\\\/www.urbanbiker.com\\\/wp-content\\\/uploads\\\/2024\\\/11\\\/1-Urbanbiker-Mini-Negra-800x800.jpg&quot;,&quot;srcset&quot;:&quot;https:\\\/\\\/www.urbanbiker.com\\\/wp-content\\\/uploads\\\/2024\\\/11\\\/1-Urbanbiker-Mini-Negra-800x800.jpg 800w, https:\\\/\\\/www.urbanbiker.com\\\/wp-content\\\/uploads\\\/2024\\\/11\\\/1-Urbanbiker-Mini-Negra-300x300.jpg 300w, https:\\\/\\\/www.urbanbiker.com\\\/wp-content\\\/uploads\\\/2024\\\/11\\\/1-Urbanbiker-Mini-Negra-1024x1024.jpg 1024w, https:\\\/\\\/www.urbanbiker.com\\\/wp-content\\\/uploads\\\/2024\\\/11\\\/1-Urbanbiker-Mini-Negra-150x150.jpg 150w, https:\\\/\\\/www.urbanbiker.com\\\/wp-content\\\/uploads\\\/2024\\\/11\\\/1-Urbanbiker-Mini-Negra-768x768.jpg 768w, https:\\\/\\\/www.urbanbiker.com\\\/wp-content\\\/uploads\\\/2024\\\/11\\\/1-Urbanbiker-Mini-Negra-450x450.jpg 450w, https:\\\/\\\/www.urbanbiker.com\\\/wp-content\\\/uploads\\\/2024\\\/11\\\/1-Urbanbiker-Mini-Negra-100x100.jpg 100w, https:\\\/\\\/www.urbanbiker.com\\\/wp-content\\\/uploads\\\/2024\\\/11\\\/1-Urbanbiker-Mini-Negra-50x50.jpg 50w, https:\\\/\\\/www.urbanbiker.com\\\/wp-content\\\/uploads\\\/2024\\\/11\\\/1-Urbanbiker-Mini-Negra-600x600.jpg 600w, https:\\\/\\\/www.urbanbiker.com\\\/wp-content\\\/uploads\\\/2024\\\/11\\\/1-Urbanbiker-Mini-Negra-96x96.jpg 96w, https:\\\/\\\/www.urbanbiker.com\\\/wp-content\\\/uploads\\\/2024\\\/11\\\/1-Urbanbiker-Mini-Negra-460x460.jpg 460w, https:\\\/\\\/www.urbanbiker.com\\\/wp-content\\\/uploads\\\/2024\\\/11\\\/1-Urbanbiker-Mini-Negra.jpg 1080w&quot;,&quot;sizes&quot;:&quot;(max-width: 800px) 100vw, 800px&quot;,&quot;full_src&quot;:&quot;https:\\\/\\\/www.urbanbiker.com\\\/wp-content\\\/uploads\\\/2024\\\/11\\\/1-Urbanbiker-Mini-Negra.jpg&quot;,&quot;full_src_w&quot;:1080,&quot;full_src_h&quot;:1080,&quot;gallery_thumbnail_src&quot;:&quot;https:\\\/\\\/www.urbanbiker.com\\\/wp-content\\\/uploads\\\/2024\\\/11\\\/1-Urbanbiker-Mini-Negra-300x300.jpg&quot;,&quot;gallery_thumbnail_src_w&quot;:300,&quot;gallery_thumbnail_src_h&quot;:300,&quot;thumb_src&quot;:&quot;https:\\\/\\\/www.urbanbiker.com\\\/wp-content\\\/uploads\\\/2024\\\/11\\\/1-Urbanbiker-Mini-Negra-450x450.jpg&quot;,&quot;thumb_src_w&quot;:450,&quot;thumb_src_h&quot;:450,&quot;src_w&quot;:800,&quot;src_h&quot;:800}\" title=\"Nero\" data-value=\"nero\"><span class=\"color\" style=\"background-color:#000000;\"><\/span><span class=\"screen-reader-text\">Nero<\/span><\/span><\/div><\/div>            <div class=\"posted-in\"><a href=\"https:\/\/www.urbanbiker.com\/it\/categoria-prodotto\/ebikes\/\" rel=\"tag\">E-Bikes UrbanBiker<\/a>, <a href=\"https:\/\/www.urbanbiker.com\/it\/categoria-prodotto\/ebikes\/biciclette-elettriche-pieghevoli-urbane\/\" rel=\"tag\">Pieghevoli<\/a>, <a href=\"https:\/\/www.urbanbiker.com\/it\/categoria-prodotto\/ebikes\/biciclette-elettriche-urbane\/\" rel=\"tag\">Urbane<\/a><\/div>            <h3 class=\"woocommerce-loop-product__title\"><a href=\"https:\/\/www.urbanbiker.com\/it\/prodotto\/mini-bicicletta-elettrica-urbana-pieghevole\/\">Mini | E-Bike Pieghevole<\/a><\/h3>            \n\t<span class=\"price\"><span class=\"woocommerce-Price-amount amount\"><bdi>1.599,00<span class=\"woocommerce-Price-currencySymbol\">&euro;<\/span><\/bdi><\/span><\/span>\n                    <\/div>\n        <div class=\"product-action\">\n            <a href=\"https:\/\/www.urbanbiker.com\/it\/prodotto\/mini-bicicletta-elettrica-urbana-pieghevole\/\" aria-describedby=\"woocommerce_loop_add_to_cart_link_describedby_35267\" data-quantity=\"1\" class=\"button product_type_variable add_to_cart_button\" data-product_id=\"35267\" data-product_sku=\"UBKEBSMINI\" aria-label=\"Seleziona le opzioni per &ldquo;Mini | E-Bike Pieghevole&rdquo;\" rel=\"nofollow\">Scegli<\/a>\t<span id=\"woocommerce_loop_add_to_cart_link_describedby_35267\" class=\"screen-reader-text\">\n\t\tQuesto prodotto ha pi\u00f9 varianti. Le opzioni possono essere scelte nella pagina del prodotto\t<\/span>\n            <div class=\"group-action\">\n                <div class=\"shop-action\">\n                    <button class=\"woosw-btn woosw-btn-35267\" data-id=\"35267\" data-product_name=\"Mini | E-Bike Pieghevole\" data-product_image=\"https:\/\/www.urbanbiker.com\/wp-content\/uploads\/2025\/04\/UrbanBiker-Mini-Blanca-25-150x150.jpg\" aria-label=\"Aggiungi alla Lista desideri\">Aggiungi alla Lista desideri<\/button>                    <button class=\"woosc-btn woosc-btn-35267 \" data-text=\"Confronto\" data-text_added=\"Confronto\" data-id=\"35267\" data-product_id=\"35267\" data-product_name=\"Mini | E-Bike Pieghevole\" data-product_image=\"https:\/\/www.urbanbiker.com\/wp-content\/uploads\/2025\/04\/UrbanBiker-Mini-Blanca-25-150x150.jpg\">Confronto<\/button>                    <button class=\"woosq-btn woosq-btn-35267\" data-id=\"35267\" data-effect=\"mfp-3d-unfold\" data-context=\"default\">Vista rapida<\/button>                <\/div>\n            <\/div>\n        <\/div>\n    <\/div>\n<\/li>\n<li class=\"product-style-default product type-product post-35262 status-publish first instock product_cat-ebikes product_cat-biciclette-elettriche-con-motore-centrale product_cat-biciclette-elettriche-urbane has-post-thumbnail featured taxable shipping-taxable purchasable product-type-variable\">\n    <div class=\"product-block\">\n        <div class=\"product-label\">\n            <span class=\"stock-label\">In magazzino<\/span><span class=\"stock-label featured\">Motore Centrale<\/span>        <\/div>\n        <div class=\"product-transition\">\n            <div class=\"product-image image-main\"><img decoding=\"async\" width=\"450\" height=\"450\" src=\"https:\/\/www.urbanbiker.com\/wp-content\/uploads\/2024\/11\/1-Sidney-PLUS-28-450x450.jpg\" class=\"attachment-woocommerce_thumbnail size-woocommerce_thumbnail\" alt=\"Bicicletta elettrica urbana con motore centrale\" srcset=\"https:\/\/www.urbanbiker.com\/wp-content\/uploads\/2024\/11\/1-Sidney-PLUS-28-450x450.jpg 450w, https:\/\/www.urbanbiker.com\/wp-content\/uploads\/2024\/11\/1-Sidney-PLUS-28-300x300.jpg 300w, https:\/\/www.urbanbiker.com\/wp-content\/uploads\/2024\/11\/1-Sidney-PLUS-28-1024x1024.jpg 1024w, https:\/\/www.urbanbiker.com\/wp-content\/uploads\/2024\/11\/1-Sidney-PLUS-28-150x150.jpg 150w, https:\/\/www.urbanbiker.com\/wp-content\/uploads\/2024\/11\/1-Sidney-PLUS-28-768x768.jpg 768w, https:\/\/www.urbanbiker.com\/wp-content\/uploads\/2024\/11\/1-Sidney-PLUS-28-800x800.jpg 800w, https:\/\/www.urbanbiker.com\/wp-content\/uploads\/2024\/11\/1-Sidney-PLUS-28-100x100.jpg 100w, https:\/\/www.urbanbiker.com\/wp-content\/uploads\/2024\/11\/1-Sidney-PLUS-28-50x50.jpg 50w, https:\/\/www.urbanbiker.com\/wp-content\/uploads\/2024\/11\/1-Sidney-PLUS-28-600x600.jpg 600w, https:\/\/www.urbanbiker.com\/wp-content\/uploads\/2024\/11\/1-Sidney-PLUS-28-96x96.jpg 96w, https:\/\/www.urbanbiker.com\/wp-content\/uploads\/2024\/11\/1-Sidney-PLUS-28-460x460.jpg 460w, https:\/\/www.urbanbiker.com\/wp-content\/uploads\/2024\/11\/1-Sidney-PLUS-28.jpg 1080w\" sizes=\"(max-width: 450px) 100vw, 450px\" \/><\/div>\n            <a href=\"https:\/\/www.urbanbiker.com\/it\/prodotto\/sidney-plus-bicicletta-elettrica-urbana-con-motore-centrale\/\" class=\"woocommerce-LoopProduct-link woocommerce-loop-product__link\">            <\/a>        <\/div>\n        <div class=\"product-caption\">\n                        <div class=\"posted-in\"><a href=\"https:\/\/www.urbanbiker.com\/it\/categoria-prodotto\/ebikes\/\" rel=\"tag\">E-Bikes UrbanBiker<\/a>, <a href=\"https:\/\/www.urbanbiker.com\/it\/categoria-prodotto\/ebikes\/biciclette-elettriche-con-motore-centrale\/\" rel=\"tag\">Motore Centrale<\/a>, <a href=\"https:\/\/www.urbanbiker.com\/it\/categoria-prodotto\/ebikes\/biciclette-elettriche-urbane\/\" rel=\"tag\">Urbane<\/a><\/div>            <h3 class=\"woocommerce-loop-product__title\"><a href=\"https:\/\/www.urbanbiker.com\/it\/prodotto\/sidney-plus-bicicletta-elettrica-urbana-con-motore-centrale\/\">Sidney PLUS | E-Bike Urbana | Motore Centrale<\/a><\/h3>            \n\t<span class=\"price\"><span class=\"woocommerce-Price-amount amount\"><bdi>2.099,00<span class=\"woocommerce-Price-currencySymbol\">&euro;<\/span><\/bdi><\/span><\/span>\n                    <\/div>\n        <div class=\"product-action\">\n            <a href=\"https:\/\/www.urbanbiker.com\/it\/prodotto\/sidney-plus-bicicletta-elettrica-urbana-con-motore-centrale\/\" aria-describedby=\"woocommerce_loop_add_to_cart_link_describedby_35262\" data-quantity=\"1\" class=\"button product_type_variable add_to_cart_button\" data-product_id=\"35262\" data-product_sku=\"\" aria-label=\"Seleziona le opzioni per &ldquo;Sidney PLUS | E-Bike Urbana | Motore Centrale&rdquo;\" rel=\"nofollow\">Scegli<\/a>\t<span id=\"woocommerce_loop_add_to_cart_link_describedby_35262\" class=\"screen-reader-text\">\n\t\tQuesto prodotto ha pi\u00f9 varianti. Le opzioni possono essere scelte nella pagina del prodotto\t<\/span>\n            <div class=\"group-action\">\n                <div class=\"shop-action\">\n                    <button class=\"woosw-btn woosw-btn-35262\" data-id=\"35262\" data-product_name=\"Sidney PLUS | E-Bike Urbana | Motore Centrale\" data-product_image=\"https:\/\/www.urbanbiker.com\/wp-content\/uploads\/2024\/11\/1-Sidney-PLUS-28-150x150.jpg\" aria-label=\"Aggiungi alla Lista desideri\">Aggiungi alla Lista desideri<\/button>                    <button class=\"woosc-btn woosc-btn-35262 \" data-text=\"Confronto\" data-text_added=\"Confronto\" data-id=\"35262\" data-product_id=\"35262\" data-product_name=\"Sidney PLUS | E-Bike Urbana | Motore Centrale\" data-product_image=\"https:\/\/www.urbanbiker.com\/wp-content\/uploads\/2024\/11\/1-Sidney-PLUS-28-150x150.jpg\">Confronto<\/button>                    <button class=\"woosq-btn woosq-btn-35262\" data-id=\"35262\" data-effect=\"mfp-3d-unfold\" data-context=\"default\">Vista rapida<\/button>                <\/div>\n            <\/div>\n        <\/div>\n    <\/div>\n<\/li>\n<li class=\"product-style-default product type-product post-35275 status-publish first outofstock product_cat-ebikes product_cat-biciclette-elettriche-con-motore-centrale product_cat-biciclette-elettriche-pieghevoli-urbane product_cat-biciclette-elettriche-urbane has-post-thumbnail featured taxable shipping-taxable purchasable product-type-simple\">\n    <div class=\"product-block\">\n        <div class=\"product-label\">\n            <span class=\"stock-label out-of-stock\">Esaurito<\/span><span class=\"stock-label featured\">Motore Centrale<\/span>        <\/div>\n        <div class=\"product-transition\">\n            <div class=\"product-image image-main\"><img loading=\"lazy\" decoding=\"async\" width=\"450\" height=\"450\" src=\"https:\/\/www.urbanbiker.com\/wp-content\/uploads\/2024\/11\/1-Urbanbiker-Mini-Plus-450x450.jpg\" class=\"attachment-woocommerce_thumbnail size-woocommerce_thumbnail\" alt=\"Bicicletta elettrica urbana pieghevole con motore centrale\" srcset=\"https:\/\/www.urbanbiker.com\/wp-content\/uploads\/2024\/11\/1-Urbanbiker-Mini-Plus-450x450.jpg 450w, https:\/\/www.urbanbiker.com\/wp-content\/uploads\/2024\/11\/1-Urbanbiker-Mini-Plus-300x300.jpg 300w, https:\/\/www.urbanbiker.com\/wp-content\/uploads\/2024\/11\/1-Urbanbiker-Mini-Plus-1024x1024.jpg 1024w, https:\/\/www.urbanbiker.com\/wp-content\/uploads\/2024\/11\/1-Urbanbiker-Mini-Plus-150x150.jpg 150w, https:\/\/www.urbanbiker.com\/wp-content\/uploads\/2024\/11\/1-Urbanbiker-Mini-Plus-768x768.jpg 768w, https:\/\/www.urbanbiker.com\/wp-content\/uploads\/2024\/11\/1-Urbanbiker-Mini-Plus-800x800.jpg 800w, https:\/\/www.urbanbiker.com\/wp-content\/uploads\/2024\/11\/1-Urbanbiker-Mini-Plus-100x100.jpg 100w, https:\/\/www.urbanbiker.com\/wp-content\/uploads\/2024\/11\/1-Urbanbiker-Mini-Plus-50x50.jpg 50w, https:\/\/www.urbanbiker.com\/wp-content\/uploads\/2024\/11\/1-Urbanbiker-Mini-Plus-600x600.jpg 600w, https:\/\/www.urbanbiker.com\/wp-content\/uploads\/2024\/11\/1-Urbanbiker-Mini-Plus-96x96.jpg 96w, https:\/\/www.urbanbiker.com\/wp-content\/uploads\/2024\/11\/1-Urbanbiker-Mini-Plus-460x460.jpg 460w, https:\/\/www.urbanbiker.com\/wp-content\/uploads\/2024\/11\/1-Urbanbiker-Mini-Plus.jpg 1080w\" sizes=\"(max-width: 450px) 100vw, 450px\" \/><\/div>\n            <a href=\"https:\/\/www.urbanbiker.com\/it\/prodotto\/mini-plus-con-motore-centrale\/\" class=\"woocommerce-LoopProduct-link woocommerce-loop-product__link\">            <\/a>        <\/div>\n        <div class=\"product-caption\">\n                        <div class=\"posted-in\"><a href=\"https:\/\/www.urbanbiker.com\/it\/categoria-prodotto\/ebikes\/\" rel=\"tag\">E-Bikes UrbanBiker<\/a>, <a href=\"https:\/\/www.urbanbiker.com\/it\/categoria-prodotto\/ebikes\/biciclette-elettriche-con-motore-centrale\/\" rel=\"tag\">Motore Centrale<\/a>, <a href=\"https:\/\/www.urbanbiker.com\/it\/categoria-prodotto\/ebikes\/biciclette-elettriche-pieghevoli-urbane\/\" rel=\"tag\">Pieghevoli<\/a>, <a href=\"https:\/\/www.urbanbiker.com\/it\/categoria-prodotto\/ebikes\/biciclette-elettriche-urbane\/\" rel=\"tag\">Urbane<\/a><\/div>            <h3 class=\"woocommerce-loop-product__title\"><a href=\"https:\/\/www.urbanbiker.com\/it\/prodotto\/mini-plus-con-motore-centrale\/\">Mini PLUS | E-Bike Pieghevole | Motore Centrale<\/a><\/h3>            \n\t<span class=\"price\"><span class=\"woocommerce-Price-amount amount\"><bdi>2.099,00<span class=\"woocommerce-Price-currencySymbol\">&euro;<\/span><\/bdi><\/span><\/span>\n                    <\/div>\n        <div class=\"product-action\">\n            <a href=\"https:\/\/www.urbanbiker.com\/it\/prodotto\/mini-plus-con-motore-centrale\/\" aria-describedby=\"woocommerce_loop_add_to_cart_link_describedby_35275\" data-quantity=\"1\" class=\"button product_type_simple\" data-product_id=\"35275\" data-product_sku=\"UBKMINIPLUS\" aria-label=\"Leggi di pi\u00f9 su &quot;Mini PLUS | E-Bike Pieghevole | Motore Centrale&quot;\" rel=\"nofollow\" data-success_message=\"\">Leggi tutto<\/a>\t<span id=\"woocommerce_loop_add_to_cart_link_describedby_35275\" class=\"screen-reader-text\">\n\t\t\t<\/span>\n            <div class=\"group-action\">\n                <div class=\"shop-action\">\n                    <button class=\"woosw-btn woosw-btn-35275\" data-id=\"35275\" data-product_name=\"Mini PLUS | E-Bike Pieghevole | Motore Centrale\" data-product_image=\"https:\/\/www.urbanbiker.com\/wp-content\/uploads\/2024\/11\/1-Urbanbiker-Mini-Plus-150x150.jpg\" aria-label=\"Aggiungi alla Lista desideri\">Aggiungi alla Lista desideri<\/button>                    <button class=\"woosc-btn woosc-btn-35275 \" data-text=\"Confronto\" data-text_added=\"Confronto\" data-id=\"35275\" data-product_id=\"35275\" data-product_name=\"Mini PLUS | E-Bike Pieghevole | Motore Centrale\" data-product_image=\"https:\/\/www.urbanbiker.com\/wp-content\/uploads\/2024\/11\/1-Urbanbiker-Mini-Plus-150x150.jpg\">Confronto<\/button>                    <button class=\"woosq-btn woosq-btn-35275\" data-id=\"35275\" data-effect=\"mfp-3d-unfold\" data-context=\"default\">Vista rapida<\/button>                <\/div>\n            <\/div>\n        <\/div>\n    <\/div>\n<\/li>\n<\/ul><\/div><\/div>\t\t\t\t<\/div>\n\t\t\t\t<\/div>\n\t\t\t\t\t<\/div>\n\t\t<\/div>\n\t\t\t\t\t<\/div>\n\t\t<\/div>\n\t\t\t\t<div class=\"elementor-section elementor-top-section elementor-element elementor-element-e13be29 elementor-section-stretched elementor-section-boxed elementor-section-height-default elementor-section-height-default\" data-id=\"e13be29\" data-element_type=\"section\" data-e-type=\"section\" data-settings=\"{&quot;stretch_section&quot;:&quot;section-stretched&quot;,&quot;background_background&quot;:&quot;classic&quot;}\">\n\t\t\t\t\t\t<div class=\"elementor-container elementor-column-gap-no\">\n\t\t\t\t\t<div class=\"elementor-column elementor-col-50 elementor-top-column elementor-element elementor-element-c761ea5\" data-id=\"c761ea5\" data-element_type=\"column\" data-e-type=\"column\">\n\t\t\t<div class=\"elementor-widget-wrap elementor-element-populated\">\n\t\t\t\t\t\t<div class=\"elementor-element elementor-element-6754668 elementor-widget elementor-widget-heading\" data-id=\"6754668\" data-element_type=\"widget\" data-e-type=\"widget\" data-widget_type=\"heading.default\">\n\t\t\t\t<div class=\"elementor-widget-container\">\n\t\t\t\t\t<h2 class=\"elementor-heading-title elementor-size-default\">berna<\/h2>\t\t\t\t<\/div>\n\t\t\t\t<\/div>\n\t\t\t\t<div class=\"elementor-element elementor-element-3f87553 elementor-widget elementor-widget-heading\" data-id=\"3f87553\" data-element_type=\"widget\" data-e-type=\"widget\" data-widget_type=\"heading.default\">\n\t\t\t\t<div class=\"elementor-widget-container\">\n\t\t\t\t\t<h2 class=\"elementor-heading-title elementor-size-default\">ebike per bambini<\/h2>\t\t\t\t<\/div>\n\t\t\t\t<\/div>\n\t\t\t\t<div class=\"elementor-element elementor-element-de30b70 elementor-widget__width-initial elementor-widget elementor-widget-text-editor\" data-id=\"de30b70\" data-element_type=\"widget\" data-e-type=\"widget\" data-widget_type=\"text-editor.default\">\n\t\t\t\t<div class=\"elementor-widget-container\">\n\t\t\t\t\t\t\t\t\t<p>Progettata per i ciclisti pi\u00f9 piccoli. <strong>Motore Bafang da 250W<\/strong>, <strong>batteria <\/strong><strong> da 360Wh<\/strong> (36V 10Ah) e <strong>freni idraulici <\/strong> per potenza, autonomia e controllo durante la pedalata. Se hai un&#8217;altezza compresa tra 1,35 e 1,50 questa \u00e8 la tua ebike. Stabile, precisa e sicura.<\/p>\t\t\t\t\t\t\t\t<\/div>\n\t\t\t\t<\/div>\n\t\t\t\t<div class=\"elementor-section elementor-inner-section elementor-element elementor-element-b8e852b elementor-section-full_width elementor-section-height-default elementor-section-height-default\" data-id=\"b8e852b\" data-element_type=\"section\" data-e-type=\"section\">\n\t\t\t\t\t\t<div class=\"elementor-container elementor-column-gap-no\">\n\t\t\t\t\t<div class=\"elementor-column elementor-col-50 elementor-inner-column elementor-element elementor-element-cb148b5\" data-id=\"cb148b5\" data-element_type=\"column\" data-e-type=\"column\">\n\t\t\t<div class=\"elementor-widget-wrap elementor-element-populated\">\n\t\t\t\t\t\t<div class=\"elementor-element elementor-element-83b9e5e elementor-position-inline-start elementor-view-default elementor-mobile-position-block-start elementor-widget elementor-widget-icon-box\" data-id=\"83b9e5e\" data-element_type=\"widget\" data-e-type=\"widget\" data-widget_type=\"icon-box.default\">\n\t\t\t\t<div class=\"elementor-widget-container\">\n\t\t\t\t\t\t\t<div class=\"elementor-icon-box-wrapper\">\n\n\t\t\t\t\t\t<div class=\"elementor-icon-box-icon\">\n\t\t\t\t<span  class=\"elementor-icon\">\n\t\t\t\t<i aria-hidden=\"true\" class=\"bikys-icon- bikys-icon-frame\"><\/i>\t\t\t\t<\/span>\n\t\t\t<\/div>\n\t\t\t\n\t\t\t\t\t\t<div class=\"elementor-icon-box-content\">\n\n\t\t\t\t\t\t\t\t\t<h5 class=\"elementor-icon-box-title\">\n\t\t\t\t\t\t<span  >\n\t\t\t\t\t\t\tTelaio\t\t\t\t\t\t<\/span>\n\t\t\t\t\t<\/h5>\n\t\t\t\t\n\t\t\t\t\t\t\t\t\t<p class=\"elementor-icon-box-description\">\n\t\t\t\t\t\t39cm\t\t\t\t\t<\/p>\n\t\t\t\t\n\t\t\t<\/div>\n\t\t\t\n\t\t<\/div>\n\t\t\t\t\t\t<\/div>\n\t\t\t\t<\/div>\n\t\t\t\t<div class=\"elementor-element elementor-element-eae85d4 elementor-position-inline-start elementor-view-default elementor-mobile-position-block-start elementor-widget elementor-widget-icon-box\" data-id=\"eae85d4\" data-element_type=\"widget\" data-e-type=\"widget\" data-widget_type=\"icon-box.default\">\n\t\t\t\t<div class=\"elementor-widget-container\">\n\t\t\t\t\t\t\t<div class=\"elementor-icon-box-wrapper\">\n\n\t\t\t\t\t\t<div class=\"elementor-icon-box-icon\">\n\t\t\t\t<span  class=\"elementor-icon\">\n\t\t\t\t<i aria-hidden=\"true\" class=\"bikys-icon- bikys-icon-disc-brake\"><\/i>\t\t\t\t<\/span>\n\t\t\t<\/div>\n\t\t\t\n\t\t\t\t\t\t<div class=\"elementor-icon-box-content\">\n\n\t\t\t\t\t\t\t\t\t<h5 class=\"elementor-icon-box-title\">\n\t\t\t\t\t\t<span  >\n\t\t\t\t\t\t\tFRENI\t\t\t\t\t\t<\/span>\n\t\t\t\t\t<\/h5>\n\t\t\t\t\n\t\t\t\t\t\t\t\t\t<p class=\"elementor-icon-box-description\">\n\t\t\t\t\t\tDischi idraulici\t\t\t\t\t<\/p>\n\t\t\t\t\n\t\t\t<\/div>\n\t\t\t\n\t\t<\/div>\n\t\t\t\t\t\t<\/div>\n\t\t\t\t<\/div>\n\t\t\t\t\t<\/div>\n\t\t<\/div>\n\t\t\t\t<div class=\"elementor-column elementor-col-50 elementor-inner-column elementor-element elementor-element-4fc7d84\" data-id=\"4fc7d84\" data-element_type=\"column\" data-e-type=\"column\">\n\t\t\t<div class=\"elementor-widget-wrap elementor-element-populated\">\n\t\t\t\t\t\t<div class=\"elementor-element elementor-element-a9f40c1 elementor-position-inline-start elementor-view-default elementor-mobile-position-block-start elementor-widget elementor-widget-icon-box\" data-id=\"a9f40c1\" data-element_type=\"widget\" data-e-type=\"widget\" data-widget_type=\"icon-box.default\">\n\t\t\t\t<div class=\"elementor-widget-container\">\n\t\t\t\t\t\t\t<div class=\"elementor-icon-box-wrapper\">\n\n\t\t\t\t\t\t<div class=\"elementor-icon-box-icon\">\n\t\t\t\t<span  class=\"elementor-icon\">\n\t\t\t\t<i aria-hidden=\"true\" class=\"bikys-icon- bikys-icon-fork\"><\/i>\t\t\t\t<\/span>\n\t\t\t<\/div>\n\t\t\t\n\t\t\t\t\t\t<div class=\"elementor-icon-box-content\">\n\n\t\t\t\t\t\t\t\t\t<h5 class=\"elementor-icon-box-title\">\n\t\t\t\t\t\t<span  >\n\t\t\t\t\t\t\tSOSPENSIONE\t\t\t\t\t\t<\/span>\n\t\t\t\t\t<\/h5>\n\t\t\t\t\n\t\t\t\t\t\t\t\t\t<p class=\"elementor-icon-box-description\">\n\t\t\t\t\t\tAnteriore\t\t\t\t\t<\/p>\n\t\t\t\t\n\t\t\t<\/div>\n\t\t\t\n\t\t<\/div>\n\t\t\t\t\t\t<\/div>\n\t\t\t\t<\/div>\n\t\t\t\t<div class=\"elementor-element elementor-element-852a30c elementor-position-inline-start elementor-view-default elementor-mobile-position-block-start elementor-widget elementor-widget-icon-box\" data-id=\"852a30c\" data-element_type=\"widget\" data-e-type=\"widget\" data-widget_type=\"icon-box.default\">\n\t\t\t\t<div class=\"elementor-widget-container\">\n\t\t\t\t\t\t\t<div class=\"elementor-icon-box-wrapper\">\n\n\t\t\t\t\t\t<div class=\"elementor-icon-box-icon\">\n\t\t\t\t<span  class=\"elementor-icon\">\n\t\t\t\t<i aria-hidden=\"true\" class=\"bikys-icon- bikys-icon-wheels\"><\/i>\t\t\t\t<\/span>\n\t\t\t<\/div>\n\t\t\t\n\t\t\t\t\t\t<div class=\"elementor-icon-box-content\">\n\n\t\t\t\t\t\t\t\t\t<h5 class=\"elementor-icon-box-title\">\n\t\t\t\t\t\t<span  >\n\t\t\t\t\t\t\truota\t\t\t\t\t\t<\/span>\n\t\t\t\t\t<\/h5>\n\t\t\t\t\n\t\t\t\t\t\t\t\t\t<p class=\"elementor-icon-box-description\">\n\t\t\t\t\t\t24 pollici\t\t\t\t\t<\/p>\n\t\t\t\t\n\t\t\t<\/div>\n\t\t\t\n\t\t<\/div>\n\t\t\t\t\t\t<\/div>\n\t\t\t\t<\/div>\n\t\t\t\t\t<\/div>\n\t\t<\/div>\n\t\t\t\t\t<\/div>\n\t\t<\/div>\n\t\t\t\t<div class=\"elementor-element elementor-element-49bdc4c elementor-widget-divider--view-line elementor-widget elementor-widget-divider\" data-id=\"49bdc4c\" data-element_type=\"widget\" data-e-type=\"widget\" data-widget_type=\"divider.default\">\n\t\t\t\t<div class=\"elementor-widget-container\">\n\t\t\t\t\t\t\t<div class=\"elementor-divider\">\n\t\t\t<span class=\"elementor-divider-separator\">\n\t\t\t\t\t\t<\/span>\n\t\t<\/div>\n\t\t\t\t\t\t<\/div>\n\t\t\t\t<\/div>\n\t\t\t\t<div class=\"elementor-section elementor-inner-section elementor-element elementor-element-fdca866 elementor-section-full_width elementor-section-height-default elementor-section-height-default\" data-id=\"fdca866\" data-element_type=\"section\" data-e-type=\"section\">\n\t\t\t\t\t\t<div class=\"elementor-container elementor-column-gap-no\">\n\t\t\t\t\t<div class=\"elementor-column elementor-col-50 elementor-inner-column elementor-element elementor-element-2207592\" data-id=\"2207592\" data-element_type=\"column\" data-e-type=\"column\">\n\t\t\t<div class=\"elementor-widget-wrap elementor-element-populated\">\n\t\t\t\t\t\t<div class=\"elementor-element elementor-element-c6a2263 elementor-widget elementor-widget-icon-box\" data-id=\"c6a2263\" data-element_type=\"widget\" data-e-type=\"widget\" data-widget_type=\"icon-box.default\">\n\t\t\t\t<div class=\"elementor-widget-container\">\n\t\t\t\t\t\t\t<div class=\"elementor-icon-box-wrapper\">\n\n\t\t\t\n\t\t\t\t\t\t<div class=\"elementor-icon-box-content\">\n\n\t\t\t\t\t\t\t\t\t<h3 class=\"elementor-icon-box-title\">\n\t\t\t\t\t\t<span  >\n\t\t\t\t\t\t\tnuovo\t\t\t\t\t\t<\/span>\n\t\t\t\t\t<\/h3>\n\t\t\t\t\n\t\t\t\t\n\t\t\t<\/div>\n\t\t\t\n\t\t<\/div>\n\t\t\t\t\t\t<\/div>\n\t\t\t\t<\/div>\n\t\t\t\t\t<\/div>\n\t\t<\/div>\n\t\t\t\t<div class=\"elementor-column elementor-col-50 elementor-inner-column elementor-element elementor-element-126cc1e\" data-id=\"126cc1e\" data-element_type=\"column\" data-e-type=\"column\">\n\t\t\t<div class=\"elementor-widget-wrap elementor-element-populated\">\n\t\t\t\t\t\t<div class=\"elementor-element elementor-element-875b60a elementor-align-right elementor-mobile-align-center elementor-button-outline elementor-widget elementor-widget-button\" data-id=\"875b60a\" data-element_type=\"widget\" data-e-type=\"widget\" data-widget_type=\"button.default\">\n\t\t\t\t<div class=\"elementor-widget-container\">\n\t\t\t\t\t\t\t\t\t<div class=\"elementor-button-wrapper\">\n\t\t\t\t\t<a class=\"elementor-button elementor-button-link elementor-size-sm\" href=\"https:\/\/www.urbanbiker.com\/it\/categoria-prodotto\/ebikes\/biciclette-elettriche-per-bambini\/\">\n\t\t\t\t\t\t<span class=\"elementor-button-content-wrapper\">\n\t\t\t\t\t\t\t\t\t<span class=\"elementor-button-text\">acquistare<\/span>\n\t\t\t\t\t<\/span>\n\t\t\t\t\t<\/a>\n\t\t\t\t<\/div>\n\t\t\t\t\t\t\t\t<\/div>\n\t\t\t\t<\/div>\n\t\t\t\t\t<\/div>\n\t\t<\/div>\n\t\t\t\t\t<\/div>\n\t\t<\/div>\n\t\t\t\t\t<\/div>\n\t\t<\/div>\n\t\t\t\t<div class=\"elementor-column elementor-col-50 elementor-top-column elementor-element elementor-element-b1f8da4 elementor-hidden-mobile\" data-id=\"b1f8da4\" data-element_type=\"column\" data-e-type=\"column\">\n\t\t\t<div class=\"elementor-widget-wrap\">\n\t\t\t\t\t\t\t<\/div>\n\t\t<\/div>\n\t\t\t\t\t<\/div>\n\t\t<\/div>\n\t\t\t\t<div class=\"elementor-section elementor-top-section elementor-element elementor-element-7fe7204 elementor-section-stretched elementor-section-boxed elementor-section-height-default elementor-section-height-default\" data-id=\"7fe7204\" data-element_type=\"section\" data-e-type=\"section\" data-settings=\"{&quot;stretch_section&quot;:&quot;section-stretched&quot;}\">\n\t\t\t\t\t\t<div class=\"elementor-container elementor-column-gap-no\">\n\t\t\t\t\t<div class=\"elementor-column elementor-col-100 elementor-top-column elementor-element elementor-element-3462168\" data-id=\"3462168\" data-element_type=\"column\" data-e-type=\"column\">\n\t\t\t<div class=\"elementor-widget-wrap elementor-element-populated\">\n\t\t\t\t\t\t<div class=\"elementor-element elementor-element-b4e25ff elementor-widget__width-auto elementor-view-default elementor-widget elementor-widget-icon\" data-id=\"b4e25ff\" data-element_type=\"widget\" data-e-type=\"widget\" data-widget_type=\"icon.default\">\n\t\t\t\t<div class=\"elementor-widget-container\">\n\t\t\t\t\t\t\t<div class=\"elementor-icon-wrapper\">\n\t\t\t<div class=\"elementor-icon\">\n\t\t\t<i aria-hidden=\"true\" class=\"fas fa-square-full\"><\/i>\t\t\t<\/div>\n\t\t<\/div>\n\t\t\t\t\t\t<\/div>\n\t\t\t\t<\/div>\n\t\t\t\t<div class=\"elementor-element elementor-element-d00aaea elementor-widget__width-auto elementor-widget elementor-widget-heading\" data-id=\"d00aaea\" data-element_type=\"widget\" data-e-type=\"widget\" data-widget_type=\"heading.default\">\n\t\t\t\t<div class=\"elementor-widget-container\">\n\t\t\t\t\t<h2 class=\"elementor-heading-title elementor-size-default\">E-Bikes Montagna<\/h2>\t\t\t\t<\/div>\n\t\t\t\t<\/div>\n\t\t\t\t<div class=\"elementor-element elementor-element-5617fa6 elementor-widget__width-auto elementor-absolute elementor-button-outline elementor-widget elementor-widget-button\" data-id=\"5617fa6\" data-element_type=\"widget\" data-e-type=\"widget\" data-settings=\"{&quot;_position&quot;:&quot;absolute&quot;}\" data-widget_type=\"button.default\">\n\t\t\t\t<div class=\"elementor-widget-container\">\n\t\t\t\t\t\t\t\t\t<div class=\"elementor-button-wrapper\">\n\t\t\t\t\t<a class=\"elementor-button elementor-button-link elementor-size-sm\" href=\"https:\/\/www.urbanbiker.com\/it\/categoria-prodotto\/ebikes\/mountain-bike-elettriche\/\">\n\t\t\t\t\t\t<span class=\"elementor-button-content-wrapper\">\n\t\t\t\t\t\t\t\t\t<span class=\"elementor-button-text\">VEDI TUTTO<\/span>\n\t\t\t\t\t<\/span>\n\t\t\t\t\t<\/a>\n\t\t\t\t<\/div>\n\t\t\t\t\t\t\t\t<\/div>\n\t\t\t\t<\/div>\n\t\t\t\t<div class=\"elementor-element elementor-element-579c81a dot-style-2 mobile-switcher-style-product-yes product-alignment-flex-start arrow-style-1 elementor-widget elementor-widget-bikys-products\" data-id=\"579c81a\" data-element_type=\"widget\" data-e-type=\"widget\" data-settings=\"{&quot;autoplay_speed&quot;:5000}\" data-widget_type=\"bikys-products.default\">\n\t\t\t\t<div class=\"elementor-widget-container\">\n\t\t\t\t\t<div class=\"woocommerce columns-1 \"><div class=\"woocommerce-carousel\" data-settings='{\"centerMode\":false,\"variableWidth\":false,\"speed\":300,\"centerPadding\":\"50px\",\"navigation\":\"both\",\"pauseOnHover\":true,\"autoplay\":true,\"autoplaySpeed\":5000,\"items\":\"3\",\"items_laptop\":\"3\",\"items_tablet_extra\":\"3\",\"items_tablet\":\"3\",\"items_mobile_extra\":\"2\",\"items_mobile\":1,\"loop\":true,\"breakpoint_laptop\":1366,\"breakpoint_tablet_extra\":1200,\"breakpoint_tablet\":1024,\"breakpoint_mobile_extra\":880,\"breakpoint_mobile\":767,\"centerPadding_laptop\":\"50px\",\"centerPadding_tablet_extra\":\"50px\",\"centerPadding_tablet\":\"50px\",\"centerPadding_mobile_extra\":\"50px\",\"centerPadding_mobile\":\"50px\"}'><ul class=\"products columns-1\"><li class=\"product-style-default product type-product post-60244 status-publish first instock product_cat-ebikes product_cat-mountain-bike-elettriche product_cat-biciclette-elettriche-con-motore-centrale has-post-thumbnail featured taxable shipping-taxable purchasable product-type-variable\">\n    <div class=\"product-block\">\n        <div class=\"product-label\">\n            <span class=\"stock-label\">In magazzino<\/span><span class=\"stock-label featured\">Motore Centrale<\/span>        <\/div>\n        <div class=\"product-transition\">\n            <div class=\"product-image image-main\"><img loading=\"lazy\" decoding=\"async\" width=\"450\" height=\"450\" src=\"https:\/\/www.urbanbiker.com\/wp-content\/uploads\/2026\/01\/UB410B-01-450x450.jpg\" class=\"attachment-woocommerce_thumbnail size-woocommerce_thumbnail\" alt=\"UB410B-01\" srcset=\"https:\/\/www.urbanbiker.com\/wp-content\/uploads\/2026\/01\/UB410B-01-450x450.jpg 450w, https:\/\/www.urbanbiker.com\/wp-content\/uploads\/2026\/01\/UB410B-01-300x300.jpg 300w, https:\/\/www.urbanbiker.com\/wp-content\/uploads\/2026\/01\/UB410B-01-1024x1024.jpg 1024w, https:\/\/www.urbanbiker.com\/wp-content\/uploads\/2026\/01\/UB410B-01-150x150.jpg 150w, https:\/\/www.urbanbiker.com\/wp-content\/uploads\/2026\/01\/UB410B-01-768x768.jpg 768w, https:\/\/www.urbanbiker.com\/wp-content\/uploads\/2026\/01\/UB410B-01-800x800.jpg 800w, https:\/\/www.urbanbiker.com\/wp-content\/uploads\/2026\/01\/UB410B-01-100x100.jpg 100w, https:\/\/www.urbanbiker.com\/wp-content\/uploads\/2026\/01\/UB410B-01-50x50.jpg 50w, https:\/\/www.urbanbiker.com\/wp-content\/uploads\/2026\/01\/UB410B-01-600x600.jpg 600w, https:\/\/www.urbanbiker.com\/wp-content\/uploads\/2026\/01\/UB410B-01-96x96.jpg 96w, https:\/\/www.urbanbiker.com\/wp-content\/uploads\/2026\/01\/UB410B-01-460x460.jpg 460w, https:\/\/www.urbanbiker.com\/wp-content\/uploads\/2026\/01\/UB410B-01.jpg 1080w\" sizes=\"(max-width: 450px) 100vw, 450px\" \/><\/div>\n            <a href=\"https:\/\/www.urbanbiker.com\/it\/prodotto\/ub410b-e-bike-montagna-doppia-suspensione-motore-centrale\/\" class=\"woocommerce-LoopProduct-link woocommerce-loop-product__link\">            <\/a>        <\/div>\n        <div class=\"product-caption\">\n                        <div class=\"posted-in\"><a href=\"https:\/\/www.urbanbiker.com\/it\/categoria-prodotto\/ebikes\/\" rel=\"tag\">E-Bikes UrbanBiker<\/a>, <a href=\"https:\/\/www.urbanbiker.com\/it\/categoria-prodotto\/ebikes\/mountain-bike-elettriche\/\" rel=\"tag\">Montagna<\/a>, <a href=\"https:\/\/www.urbanbiker.com\/it\/categoria-prodotto\/ebikes\/biciclette-elettriche-con-motore-centrale\/\" rel=\"tag\">Motore Centrale<\/a><\/div>            <h3 class=\"woocommerce-loop-product__title\"><a href=\"https:\/\/www.urbanbiker.com\/it\/prodotto\/ub410b-e-bike-montagna-doppia-suspensione-motore-centrale\/\">U410B | E-Bike Montagna Doppia Sospensione | Motore Centrale<\/a><\/h3>            \n\t<span class=\"price\"><span class=\"woocommerce-Price-amount amount\"><bdi>2.799,00<span class=\"woocommerce-Price-currencySymbol\">&euro;<\/span><\/bdi><\/span><\/span>\n                    <\/div>\n        <div class=\"product-action\">\n            <a href=\"https:\/\/www.urbanbiker.com\/it\/prodotto\/ub410b-e-bike-montagna-doppia-suspensione-motore-centrale\/\" aria-describedby=\"woocommerce_loop_add_to_cart_link_describedby_60244\" data-quantity=\"1\" class=\"button product_type_variable add_to_cart_button\" data-product_id=\"60244\" data-product_sku=\"UB410B\" aria-label=\"Seleziona le opzioni per &ldquo;U410B | E-Bike Montagna Doppia Sospensione | Motore Centrale&rdquo;\" rel=\"nofollow\">Scegli<\/a>\t<span id=\"woocommerce_loop_add_to_cart_link_describedby_60244\" class=\"screen-reader-text\">\n\t\tQuesto prodotto ha pi\u00f9 varianti. Le opzioni possono essere scelte nella pagina del prodotto\t<\/span>\n            <div class=\"group-action\">\n                <div class=\"shop-action\">\n                    <button class=\"woosw-btn woosw-btn-60244\" data-id=\"60244\" data-product_name=\"U410B | E-Bike Montagna Doppia Sospensione | Motore Centrale\" data-product_image=\"https:\/\/www.urbanbiker.com\/wp-content\/uploads\/2026\/01\/UB410B-01-150x150.jpg\" aria-label=\"Aggiungi alla Lista desideri\">Aggiungi alla Lista desideri<\/button>                    <button class=\"woosc-btn woosc-btn-60244 \" data-text=\"Confronto\" data-text_added=\"Confronto\" data-id=\"60244\" data-product_id=\"60244\" data-product_name=\"U410B | E-Bike Montagna Doppia Sospensione | Motore Centrale\" data-product_image=\"https:\/\/www.urbanbiker.com\/wp-content\/uploads\/2026\/01\/UB410B-01-150x150.jpg\">Confronto<\/button>                    <button class=\"woosq-btn woosq-btn-60244\" data-id=\"60244\" data-effect=\"mfp-3d-unfold\" data-context=\"default\">Vista rapida<\/button>                <\/div>\n            <\/div>\n        <\/div>\n    <\/div>\n<\/li>\n<li class=\"product-style-default product type-product post-60183 status-publish first instock product_cat-ebikes product_cat-mountain-bike-elettriche product_cat-biciclette-elettriche-con-motore-centrale has-post-thumbnail featured taxable shipping-taxable purchasable product-type-variable\">\n    <div class=\"product-block\">\n        <div class=\"product-label\">\n            <span class=\"stock-label\">In magazzino<\/span><span class=\"stock-label featured\">Motore Centrale<\/span>        <\/div>\n        <div class=\"product-transition\">\n            <div class=\"product-image image-main\"><img loading=\"lazy\" decoding=\"async\" width=\"450\" height=\"450\" src=\"https:\/\/www.urbanbiker.com\/wp-content\/uploads\/2026\/01\/UB310B-01-450x450.jpg\" class=\"attachment-woocommerce_thumbnail size-woocommerce_thumbnail\" alt=\"UB310B-01\" srcset=\"https:\/\/www.urbanbiker.com\/wp-content\/uploads\/2026\/01\/UB310B-01-450x450.jpg 450w, https:\/\/www.urbanbiker.com\/wp-content\/uploads\/2026\/01\/UB310B-01-300x300.jpg 300w, https:\/\/www.urbanbiker.com\/wp-content\/uploads\/2026\/01\/UB310B-01-1024x1024.jpg 1024w, https:\/\/www.urbanbiker.com\/wp-content\/uploads\/2026\/01\/UB310B-01-150x150.jpg 150w, https:\/\/www.urbanbiker.com\/wp-content\/uploads\/2026\/01\/UB310B-01-768x768.jpg 768w, https:\/\/www.urbanbiker.com\/wp-content\/uploads\/2026\/01\/UB310B-01-800x800.jpg 800w, https:\/\/www.urbanbiker.com\/wp-content\/uploads\/2026\/01\/UB310B-01-100x100.jpg 100w, https:\/\/www.urbanbiker.com\/wp-content\/uploads\/2026\/01\/UB310B-01-50x50.jpg 50w, https:\/\/www.urbanbiker.com\/wp-content\/uploads\/2026\/01\/UB310B-01-600x600.jpg 600w, https:\/\/www.urbanbiker.com\/wp-content\/uploads\/2026\/01\/UB310B-01-96x96.jpg 96w, https:\/\/www.urbanbiker.com\/wp-content\/uploads\/2026\/01\/UB310B-01-460x460.jpg 460w, https:\/\/www.urbanbiker.com\/wp-content\/uploads\/2026\/01\/UB310B-01.jpg 1080w\" sizes=\"(max-width: 450px) 100vw, 450px\" \/><\/div>\n            <a href=\"https:\/\/www.urbanbiker.com\/it\/prodotto\/ub310b-e-bike-montagna-motore-centrale\/\" class=\"woocommerce-LoopProduct-link woocommerce-loop-product__link\">            <\/a>        <\/div>\n        <div class=\"product-caption\">\n                        <div class=\"posted-in\"><a href=\"https:\/\/www.urbanbiker.com\/it\/categoria-prodotto\/ebikes\/\" rel=\"tag\">E-Bikes UrbanBiker<\/a>, <a href=\"https:\/\/www.urbanbiker.com\/it\/categoria-prodotto\/ebikes\/mountain-bike-elettriche\/\" rel=\"tag\">Montagna<\/a>, <a href=\"https:\/\/www.urbanbiker.com\/it\/categoria-prodotto\/ebikes\/biciclette-elettriche-con-motore-centrale\/\" rel=\"tag\">Motore Centrale<\/a><\/div>            <h3 class=\"woocommerce-loop-product__title\"><a href=\"https:\/\/www.urbanbiker.com\/it\/prodotto\/ub310b-e-bike-montagna-motore-centrale\/\">UB310B | E-Bike Montagna | Motore Centrale<\/a><\/h3>            \n\t<span class=\"price\"><span class=\"woocommerce-Price-amount amount\"><bdi>2.299,00<span class=\"woocommerce-Price-currencySymbol\">&euro;<\/span><\/bdi><\/span><\/span>\n                    <\/div>\n        <div class=\"product-action\">\n            <a href=\"https:\/\/www.urbanbiker.com\/it\/prodotto\/ub310b-e-bike-montagna-motore-centrale\/\" aria-describedby=\"woocommerce_loop_add_to_cart_link_describedby_60183\" data-quantity=\"1\" class=\"button product_type_variable add_to_cart_button\" data-product_id=\"60183\" data-product_sku=\"UB310B\" aria-label=\"Seleziona le opzioni per &ldquo;UB310B | E-Bike Montagna | Motore Centrale&rdquo;\" rel=\"nofollow\">Scegli<\/a>\t<span id=\"woocommerce_loop_add_to_cart_link_describedby_60183\" class=\"screen-reader-text\">\n\t\tQuesto prodotto ha pi\u00f9 varianti. Le opzioni possono essere scelte nella pagina del prodotto\t<\/span>\n            <div class=\"group-action\">\n                <div class=\"shop-action\">\n                    <button class=\"woosw-btn woosw-btn-60183\" data-id=\"60183\" data-product_name=\"UB310B | E-Bike Montagna | Motore Centrale\" data-product_image=\"https:\/\/www.urbanbiker.com\/wp-content\/uploads\/2026\/01\/UB310B-01-150x150.jpg\" aria-label=\"Aggiungi alla Lista desideri\">Aggiungi alla Lista desideri<\/button>                    <button class=\"woosc-btn woosc-btn-60183 \" data-text=\"Confronto\" data-text_added=\"Confronto\" data-id=\"60183\" data-product_id=\"60183\" data-product_name=\"UB310B | E-Bike Montagna | Motore Centrale\" data-product_image=\"https:\/\/www.urbanbiker.com\/wp-content\/uploads\/2026\/01\/UB310B-01-150x150.jpg\">Confronto<\/button>                    <button class=\"woosq-btn woosq-btn-60183\" data-id=\"60183\" data-effect=\"mfp-3d-unfold\" data-context=\"default\">Vista rapida<\/button>                <\/div>\n            <\/div>\n        <\/div>\n    <\/div>\n<\/li>\n<li class=\"product-style-default product type-product post-61207 status-publish first instock product_cat-ebikes product_cat-mountain-bike-elettriche has-post-thumbnail taxable shipping-taxable purchasable product-type-variable\">\n    <div class=\"product-block\">\n        <div class=\"product-label\">\n            <span class=\"stock-label\">In magazzino<\/span>        <\/div>\n        <div class=\"product-transition\">\n            <div class=\"product-image image-main\"><img loading=\"lazy\" decoding=\"async\" width=\"450\" height=\"450\" src=\"https:\/\/www.urbanbiker.com\/wp-content\/uploads\/2025\/04\/1-UB300-450x450.jpg\" class=\"attachment-woocommerce_thumbnail size-woocommerce_thumbnail\" alt=\"UB300 1\" srcset=\"https:\/\/www.urbanbiker.com\/wp-content\/uploads\/2025\/04\/1-UB300-450x450.jpg 450w, https:\/\/www.urbanbiker.com\/wp-content\/uploads\/2025\/04\/1-UB300-300x300.jpg 300w, https:\/\/www.urbanbiker.com\/wp-content\/uploads\/2025\/04\/1-UB300-1024x1024.jpg 1024w, https:\/\/www.urbanbiker.com\/wp-content\/uploads\/2025\/04\/1-UB300-150x150.jpg 150w, https:\/\/www.urbanbiker.com\/wp-content\/uploads\/2025\/04\/1-UB300-768x768.jpg 768w, https:\/\/www.urbanbiker.com\/wp-content\/uploads\/2025\/04\/1-UB300-800x800.jpg 800w, https:\/\/www.urbanbiker.com\/wp-content\/uploads\/2025\/04\/1-UB300-100x100.jpg 100w, https:\/\/www.urbanbiker.com\/wp-content\/uploads\/2025\/04\/1-UB300-50x50.jpg 50w, https:\/\/www.urbanbiker.com\/wp-content\/uploads\/2025\/04\/1-UB300-600x600.jpg 600w, https:\/\/www.urbanbiker.com\/wp-content\/uploads\/2025\/04\/1-UB300-96x96.jpg 96w, https:\/\/www.urbanbiker.com\/wp-content\/uploads\/2025\/04\/1-UB300-460x460.jpg 460w, https:\/\/www.urbanbiker.com\/wp-content\/uploads\/2025\/04\/1-UB300.jpg 1080w\" sizes=\"(max-width: 450px) 100vw, 450px\" \/><\/div>\n            <a href=\"https:\/\/www.urbanbiker.com\/it\/prodotto\/ub300b-e-bike-montagna\/\" class=\"woocommerce-LoopProduct-link woocommerce-loop-product__link\">            <\/a>        <\/div>\n        <div class=\"product-caption\">\n                        <div class=\"posted-in\"><a href=\"https:\/\/www.urbanbiker.com\/it\/categoria-prodotto\/ebikes\/\" rel=\"tag\">E-Bikes UrbanBiker<\/a>, <a href=\"https:\/\/www.urbanbiker.com\/it\/categoria-prodotto\/ebikes\/mountain-bike-elettriche\/\" rel=\"tag\">Montagna<\/a><\/div>            <h3 class=\"woocommerce-loop-product__title\"><a href=\"https:\/\/www.urbanbiker.com\/it\/prodotto\/ub300b-e-bike-montagna\/\">UB300B | E-Bike Montagna<\/a><\/h3>            \n\t<span class=\"price\"><span class=\"woocommerce-Price-amount amount\"><bdi>1.799,00<span class=\"woocommerce-Price-currencySymbol\">&euro;<\/span><\/bdi><\/span><\/span>\n                    <\/div>\n        <div class=\"product-action\">\n            <a href=\"https:\/\/www.urbanbiker.com\/it\/prodotto\/ub300b-e-bike-montagna\/\" aria-describedby=\"woocommerce_loop_add_to_cart_link_describedby_61207\" data-quantity=\"1\" class=\"button product_type_variable add_to_cart_button\" data-product_id=\"61207\" data-product_sku=\"UB300G\" aria-label=\"Seleziona le opzioni per &ldquo;UB300B | E-Bike Montagna&rdquo;\" rel=\"nofollow\">Scegli<\/a>\t<span id=\"woocommerce_loop_add_to_cart_link_describedby_61207\" class=\"screen-reader-text\">\n\t\tQuesto prodotto ha pi\u00f9 varianti. Le opzioni possono essere scelte nella pagina del prodotto\t<\/span>\n            <div class=\"group-action\">\n                <div class=\"shop-action\">\n                    <button class=\"woosw-btn woosw-btn-61207\" data-id=\"61207\" data-product_name=\"UB300B | E-Bike Montagna\" data-product_image=\"https:\/\/www.urbanbiker.com\/wp-content\/uploads\/2025\/04\/1-UB300-150x150.jpg\" aria-label=\"Aggiungi alla Lista desideri\">Aggiungi alla Lista desideri<\/button>                    <button class=\"woosc-btn woosc-btn-61207 \" data-text=\"Confronto\" data-text_added=\"Confronto\" data-id=\"61207\" data-product_id=\"61207\" data-product_name=\"UB300B | E-Bike Montagna\" data-product_image=\"https:\/\/www.urbanbiker.com\/wp-content\/uploads\/2025\/04\/1-UB300-150x150.jpg\">Confronto<\/button>                    <button class=\"woosq-btn woosq-btn-61207\" data-id=\"61207\" data-effect=\"mfp-3d-unfold\" data-context=\"default\">Vista rapida<\/button>                <\/div>\n            <\/div>\n        <\/div>\n    <\/div>\n<\/li>\n<li class=\"product-style-default product type-product post-53782 status-publish first instock product_cat-ebikes product_cat-mountain-bike-elettriche has-post-thumbnail taxable shipping-taxable purchasable product-type-variable\">\n    <div class=\"product-block\">\n        <div class=\"product-label\">\n            <span class=\"stock-label\">In magazzino<\/span>        <\/div>\n        <div class=\"product-transition\">\n            <div class=\"product-image image-main\"><img loading=\"lazy\" decoding=\"async\" width=\"450\" height=\"450\" src=\"https:\/\/www.urbanbiker.com\/wp-content\/uploads\/2025\/04\/1-UB400-vista-lateral-450x450.jpg\" class=\"attachment-woocommerce_thumbnail size-woocommerce_thumbnail\" alt=\"UB400 vista lateral\" srcset=\"https:\/\/www.urbanbiker.com\/wp-content\/uploads\/2025\/04\/1-UB400-vista-lateral-450x450.jpg 450w, https:\/\/www.urbanbiker.com\/wp-content\/uploads\/2025\/04\/1-UB400-vista-lateral-300x300.jpg 300w, https:\/\/www.urbanbiker.com\/wp-content\/uploads\/2025\/04\/1-UB400-vista-lateral-1024x1024.jpg 1024w, https:\/\/www.urbanbiker.com\/wp-content\/uploads\/2025\/04\/1-UB400-vista-lateral-150x150.jpg 150w, https:\/\/www.urbanbiker.com\/wp-content\/uploads\/2025\/04\/1-UB400-vista-lateral-768x768.jpg 768w, https:\/\/www.urbanbiker.com\/wp-content\/uploads\/2025\/04\/1-UB400-vista-lateral-800x800.jpg 800w, https:\/\/www.urbanbiker.com\/wp-content\/uploads\/2025\/04\/1-UB400-vista-lateral-100x100.jpg 100w, https:\/\/www.urbanbiker.com\/wp-content\/uploads\/2025\/04\/1-UB400-vista-lateral-50x50.jpg 50w, https:\/\/www.urbanbiker.com\/wp-content\/uploads\/2025\/04\/1-UB400-vista-lateral-600x600.jpg 600w, https:\/\/www.urbanbiker.com\/wp-content\/uploads\/2025\/04\/1-UB400-vista-lateral-96x96.jpg 96w, https:\/\/www.urbanbiker.com\/wp-content\/uploads\/2025\/04\/1-UB400-vista-lateral-460x460.jpg 460w, https:\/\/www.urbanbiker.com\/wp-content\/uploads\/2025\/04\/1-UB400-vista-lateral.jpg 1080w\" sizes=\"(max-width: 450px) 100vw, 450px\" \/><\/div>\n            <a href=\"https:\/\/www.urbanbiker.com\/it\/prodotto\/ub400b-e-bike-montagna-doppia-sospensione\/\" class=\"woocommerce-LoopProduct-link woocommerce-loop-product__link\">            <\/a>        <\/div>\n        <div class=\"product-caption\">\n                        <div class=\"posted-in\"><a href=\"https:\/\/www.urbanbiker.com\/it\/categoria-prodotto\/ebikes\/\" rel=\"tag\">E-Bikes UrbanBiker<\/a>, <a href=\"https:\/\/www.urbanbiker.com\/it\/categoria-prodotto\/ebikes\/mountain-bike-elettriche\/\" rel=\"tag\">Montagna<\/a><\/div>            <h3 class=\"woocommerce-loop-product__title\"><a href=\"https:\/\/www.urbanbiker.com\/it\/prodotto\/ub400b-e-bike-montagna-doppia-sospensione\/\">UB400B | E-Bike Montagna Doppia Sospensione<\/a><\/h3>            \n\t<span class=\"price\"><span class=\"woocommerce-Price-amount amount\"><bdi>1.999,00<span class=\"woocommerce-Price-currencySymbol\">&euro;<\/span><\/bdi><\/span><\/span>\n                    <\/div>\n        <div class=\"product-action\">\n            <a href=\"https:\/\/www.urbanbiker.com\/it\/prodotto\/ub400b-e-bike-montagna-doppia-sospensione\/\" aria-describedby=\"woocommerce_loop_add_to_cart_link_describedby_53782\" data-quantity=\"1\" class=\"button product_type_variable add_to_cart_button\" data-product_id=\"53782\" data-product_sku=\"UB400G\" aria-label=\"Seleziona le opzioni per &ldquo;UB400B | E-Bike Montagna Doppia Sospensione&rdquo;\" rel=\"nofollow\">Scegli<\/a>\t<span id=\"woocommerce_loop_add_to_cart_link_describedby_53782\" class=\"screen-reader-text\">\n\t\tQuesto prodotto ha pi\u00f9 varianti. Le opzioni possono essere scelte nella pagina del prodotto\t<\/span>\n            <div class=\"group-action\">\n                <div class=\"shop-action\">\n                    <button class=\"woosw-btn woosw-btn-53782\" data-id=\"53782\" data-product_name=\"UB400B | E-Bike Montagna Doppia Sospensione\" data-product_image=\"https:\/\/www.urbanbiker.com\/wp-content\/uploads\/2025\/04\/1-UB400-vista-lateral-150x150.jpg\" aria-label=\"Aggiungi alla Lista desideri\">Aggiungi alla Lista desideri<\/button>                    <button class=\"woosc-btn woosc-btn-53782 \" data-text=\"Confronto\" data-text_added=\"Confronto\" data-id=\"53782\" data-product_id=\"53782\" data-product_name=\"UB400B | E-Bike Montagna Doppia Sospensione\" data-product_image=\"https:\/\/www.urbanbiker.com\/wp-content\/uploads\/2025\/04\/1-UB400-vista-lateral-150x150.jpg\">Confronto<\/button>                    <button class=\"woosq-btn woosq-btn-53782\" data-id=\"53782\" data-effect=\"mfp-3d-unfold\" data-context=\"default\">Vista rapida<\/button>                <\/div>\n            <\/div>\n        <\/div>\n    <\/div>\n<\/li>\n<\/ul><\/div><\/div>\t\t\t\t<\/div>\n\t\t\t\t<\/div>\n\t\t\t\t\t<\/div>\n\t\t<\/div>\n\t\t\t\t\t<\/div>\n\t\t<\/div>\n\t\t\t\t<div class=\"elementor-section elementor-top-section elementor-element elementor-element-681de04 elementor-section-stretched elementor-section-boxed elementor-section-height-default elementor-section-height-default\" data-id=\"681de04\" data-element_type=\"section\" data-e-type=\"section\" data-settings=\"{&quot;stretch_section&quot;:&quot;section-stretched&quot;}\">\n\t\t\t\t\t\t<div class=\"elementor-container elementor-column-gap-no\">\n\t\t\t\t\t<div class=\"elementor-column elementor-col-100 elementor-top-column elementor-element elementor-element-d1804a6\" data-id=\"d1804a6\" data-element_type=\"column\" data-e-type=\"column\">\n\t\t\t<div class=\"elementor-widget-wrap elementor-element-populated\">\n\t\t\t\t\t\t<div class=\"elementor-element elementor-element-1cc4754 elementor-widget__width-auto elementor-view-default elementor-widget elementor-widget-icon\" data-id=\"1cc4754\" data-element_type=\"widget\" data-e-type=\"widget\" data-widget_type=\"icon.default\">\n\t\t\t\t<div class=\"elementor-widget-container\">\n\t\t\t\t\t\t\t<div class=\"elementor-icon-wrapper\">\n\t\t\t<div class=\"elementor-icon\">\n\t\t\t<i aria-hidden=\"true\" class=\"fas fa-square-full\"><\/i>\t\t\t<\/div>\n\t\t<\/div>\n\t\t\t\t\t\t<\/div>\n\t\t\t\t<\/div>\n\t\t\t\t<div class=\"elementor-element elementor-element-ca71620 elementor-widget__width-auto elementor-widget elementor-widget-heading\" data-id=\"ca71620\" data-element_type=\"widget\" data-e-type=\"widget\" data-widget_type=\"heading.default\">\n\t\t\t\t<div class=\"elementor-widget-container\">\n\t\t\t\t\t<h2 class=\"elementor-heading-title elementor-size-default\">E-Bikes Pieghevoli<\/h2>\t\t\t\t<\/div>\n\t\t\t\t<\/div>\n\t\t\t\t<div class=\"elementor-element elementor-element-76c2a34 elementor-widget__width-auto elementor-absolute elementor-button-outline elementor-widget elementor-widget-button\" data-id=\"76c2a34\" data-element_type=\"widget\" data-e-type=\"widget\" data-settings=\"{&quot;_position&quot;:&quot;absolute&quot;}\" data-widget_type=\"button.default\">\n\t\t\t\t<div class=\"elementor-widget-container\">\n\t\t\t\t\t\t\t\t\t<div class=\"elementor-button-wrapper\">\n\t\t\t\t\t<a class=\"elementor-button elementor-button-link elementor-size-sm\" href=\"https:\/\/www.urbanbiker.com\/it\/categoria-prodotto\/ebikes\/biciclette-elettriche-pieghevoli-urbane\/\">\n\t\t\t\t\t\t<span class=\"elementor-button-content-wrapper\">\n\t\t\t\t\t\t\t\t\t<span class=\"elementor-button-text\">vedi tutti<\/span>\n\t\t\t\t\t<\/span>\n\t\t\t\t\t<\/a>\n\t\t\t\t<\/div>\n\t\t\t\t\t\t\t\t<\/div>\n\t\t\t\t<\/div>\n\t\t\t\t<div class=\"elementor-section elementor-inner-section elementor-element elementor-element-2732ed3 elementor-section-full_width elementor-section-height-default elementor-section-height-default\" data-id=\"2732ed3\" data-element_type=\"section\" data-e-type=\"section\">\n\t\t\t\t\t\t<div class=\"elementor-container elementor-column-gap-no\">\n\t\t\t\t\t<div class=\"elementor-column elementor-col-50 elementor-inner-column elementor-element elementor-element-ab2b37f\" data-id=\"ab2b37f\" data-element_type=\"column\" data-e-type=\"column\" data-settings=\"{&quot;background_background&quot;:&quot;classic&quot;}\">\n\t\t\t<div class=\"elementor-widget-wrap elementor-element-populated\">\n\t\t\t\t\t\t<div class=\"elementor-element elementor-element-cff9b56 elementor-widget elementor-widget-spacer\" data-id=\"cff9b56\" data-element_type=\"widget\" data-e-type=\"widget\" data-widget_type=\"spacer.default\">\n\t\t\t\t<div class=\"elementor-widget-container\">\n\t\t\t\t\t\t\t<div class=\"elementor-spacer\">\n\t\t\t<div class=\"elementor-spacer-inner\"><\/div>\n\t\t<\/div>\n\t\t\t\t\t\t<\/div>\n\t\t\t\t<\/div>\n\t\t\t\t\t<\/div>\n\t\t<\/div>\n\t\t\t\t<div class=\"elementor-column elementor-col-50 elementor-inner-column elementor-element elementor-element-9309082\" data-id=\"9309082\" data-element_type=\"column\" data-e-type=\"column\">\n\t\t\t<div class=\"elementor-widget-wrap elementor-element-populated\">\n\t\t\t\t\t\t<div class=\"elementor-element elementor-element-6e6f786 mobile-switcher-style-product-yes product-alignment-flex-start arrow-style-1 dot-style-1 elementor-widget elementor-widget-bikys-products\" data-id=\"6e6f786\" data-element_type=\"widget\" data-e-type=\"widget\" data-settings=\"{&quot;autoplay_speed&quot;:5000}\" data-widget_type=\"bikys-products.default\">\n\t\t\t\t<div class=\"elementor-widget-container\">\n\t\t\t\t\t<div class=\"woocommerce columns-1 \"><div class=\"woocommerce-carousel\" data-settings='{\"centerMode\":false,\"variableWidth\":false,\"speed\":300,\"centerPadding\":\"50px\",\"navigation\":\"none\",\"pauseOnHover\":true,\"autoplay\":true,\"autoplaySpeed\":5000,\"items\":\"2\",\"items_laptop\":\"3\",\"items_tablet_extra\":\"3\",\"items_tablet\":2,\"items_mobile_extra\":\"2\",\"items_mobile\":1,\"loop\":true,\"breakpoint_laptop\":1366,\"breakpoint_tablet_extra\":1200,\"breakpoint_tablet\":1024,\"breakpoint_mobile_extra\":880,\"breakpoint_mobile\":767,\"centerPadding_laptop\":\"50px\",\"centerPadding_tablet_extra\":\"50px\",\"centerPadding_tablet\":\"50px\",\"centerPadding_mobile_extra\":\"50px\",\"centerPadding_mobile\":\"50px\"}'><ul class=\"products columns-1\"><li class=\"product-style-default product type-product post-35267 status-publish first instock product_cat-ebikes product_cat-biciclette-elettriche-pieghevoli-urbane product_cat-biciclette-elettriche-urbane has-post-thumbnail taxable shipping-taxable purchasable product-type-variable\">\n    <div class=\"product-block\">\n        <div class=\"product-label\">\n            <span class=\"stock-label\">In magazzino<\/span>        <\/div>\n        <div class=\"product-transition\">\n            <div class=\"product-image image-main\"><img decoding=\"async\" width=\"450\" height=\"450\" src=\"https:\/\/www.urbanbiker.com\/wp-content\/uploads\/2025\/04\/UrbanBiker-Mini-Blanca-25-450x450.jpg\" class=\"attachment-woocommerce_thumbnail size-woocommerce_thumbnail\" alt=\"UrbanBiker Mini Blanca 25\" srcset=\"https:\/\/www.urbanbiker.com\/wp-content\/uploads\/2025\/04\/UrbanBiker-Mini-Blanca-25-450x450.jpg 450w, https:\/\/www.urbanbiker.com\/wp-content\/uploads\/2025\/04\/UrbanBiker-Mini-Blanca-25-300x300.jpg 300w, https:\/\/www.urbanbiker.com\/wp-content\/uploads\/2025\/04\/UrbanBiker-Mini-Blanca-25-1024x1024.jpg 1024w, https:\/\/www.urbanbiker.com\/wp-content\/uploads\/2025\/04\/UrbanBiker-Mini-Blanca-25-150x150.jpg 150w, https:\/\/www.urbanbiker.com\/wp-content\/uploads\/2025\/04\/UrbanBiker-Mini-Blanca-25-768x768.jpg 768w, https:\/\/www.urbanbiker.com\/wp-content\/uploads\/2025\/04\/UrbanBiker-Mini-Blanca-25-800x800.jpg 800w, https:\/\/www.urbanbiker.com\/wp-content\/uploads\/2025\/04\/UrbanBiker-Mini-Blanca-25-100x100.jpg 100w, https:\/\/www.urbanbiker.com\/wp-content\/uploads\/2025\/04\/UrbanBiker-Mini-Blanca-25-50x50.jpg 50w, https:\/\/www.urbanbiker.com\/wp-content\/uploads\/2025\/04\/UrbanBiker-Mini-Blanca-25-600x600.jpg 600w, https:\/\/www.urbanbiker.com\/wp-content\/uploads\/2025\/04\/UrbanBiker-Mini-Blanca-25-96x96.jpg 96w, https:\/\/www.urbanbiker.com\/wp-content\/uploads\/2025\/04\/UrbanBiker-Mini-Blanca-25-460x460.jpg 460w, https:\/\/www.urbanbiker.com\/wp-content\/uploads\/2025\/04\/UrbanBiker-Mini-Blanca-25.jpg 1080w\" sizes=\"(max-width: 450px) 100vw, 450px\" \/><\/div>\n            <a href=\"https:\/\/www.urbanbiker.com\/it\/prodotto\/mini-bicicletta-elettrica-urbana-pieghevole\/\" class=\"woocommerce-LoopProduct-link woocommerce-loop-product__link\">            <\/a>        <\/div>\n        <div class=\"product-caption\">\n            <div class=\"bikys-wrap-swatches\"><div class=\"inner\"><span class=\"bikys-tooltip bikys-product-swatches swatches-color\" data-image=\"{&quot;title&quot;:&quot;Bicicletta elettrica urbana pieghevole&quot;,&quot;caption&quot;:&quot;&quot;,&quot;url&quot;:&quot;https:\\\/\\\/www.urbanbiker.com\\\/wp-content\\\/uploads\\\/2024\\\/11\\\/1-Urbanbiker-Mini-Blanca.jpg&quot;,&quot;alt&quot;:&quot;Bicicletta elettrica urbana pieghevole&quot;,&quot;src&quot;:&quot;https:\\\/\\\/www.urbanbiker.com\\\/wp-content\\\/uploads\\\/2024\\\/11\\\/1-Urbanbiker-Mini-Blanca-800x800.jpg&quot;,&quot;srcset&quot;:&quot;https:\\\/\\\/www.urbanbiker.com\\\/wp-content\\\/uploads\\\/2024\\\/11\\\/1-Urbanbiker-Mini-Blanca-800x800.jpg 800w, https:\\\/\\\/www.urbanbiker.com\\\/wp-content\\\/uploads\\\/2024\\\/11\\\/1-Urbanbiker-Mini-Blanca-300x300.jpg 300w, https:\\\/\\\/www.urbanbiker.com\\\/wp-content\\\/uploads\\\/2024\\\/11\\\/1-Urbanbiker-Mini-Blanca-1024x1024.jpg 1024w, https:\\\/\\\/www.urbanbiker.com\\\/wp-content\\\/uploads\\\/2024\\\/11\\\/1-Urbanbiker-Mini-Blanca-150x150.jpg 150w, https:\\\/\\\/www.urbanbiker.com\\\/wp-content\\\/uploads\\\/2024\\\/11\\\/1-Urbanbiker-Mini-Blanca-768x768.jpg 768w, https:\\\/\\\/www.urbanbiker.com\\\/wp-content\\\/uploads\\\/2024\\\/11\\\/1-Urbanbiker-Mini-Blanca-450x450.jpg 450w, https:\\\/\\\/www.urbanbiker.com\\\/wp-content\\\/uploads\\\/2024\\\/11\\\/1-Urbanbiker-Mini-Blanca-100x100.jpg 100w, https:\\\/\\\/www.urbanbiker.com\\\/wp-content\\\/uploads\\\/2024\\\/11\\\/1-Urbanbiker-Mini-Blanca-50x50.jpg 50w, https:\\\/\\\/www.urbanbiker.com\\\/wp-content\\\/uploads\\\/2024\\\/11\\\/1-Urbanbiker-Mini-Blanca-600x600.jpg 600w, https:\\\/\\\/www.urbanbiker.com\\\/wp-content\\\/uploads\\\/2024\\\/11\\\/1-Urbanbiker-Mini-Blanca-96x96.jpg 96w, https:\\\/\\\/www.urbanbiker.com\\\/wp-content\\\/uploads\\\/2024\\\/11\\\/1-Urbanbiker-Mini-Blanca-460x460.jpg 460w, https:\\\/\\\/www.urbanbiker.com\\\/wp-content\\\/uploads\\\/2024\\\/11\\\/1-Urbanbiker-Mini-Blanca.jpg 1080w&quot;,&quot;sizes&quot;:&quot;(max-width: 800px) 100vw, 800px&quot;,&quot;full_src&quot;:&quot;https:\\\/\\\/www.urbanbiker.com\\\/wp-content\\\/uploads\\\/2024\\\/11\\\/1-Urbanbiker-Mini-Blanca.jpg&quot;,&quot;full_src_w&quot;:1080,&quot;full_src_h&quot;:1080,&quot;gallery_thumbnail_src&quot;:&quot;https:\\\/\\\/www.urbanbiker.com\\\/wp-content\\\/uploads\\\/2024\\\/11\\\/1-Urbanbiker-Mini-Blanca-300x300.jpg&quot;,&quot;gallery_thumbnail_src_w&quot;:300,&quot;gallery_thumbnail_src_h&quot;:300,&quot;thumb_src&quot;:&quot;https:\\\/\\\/www.urbanbiker.com\\\/wp-content\\\/uploads\\\/2024\\\/11\\\/1-Urbanbiker-Mini-Blanca-450x450.jpg&quot;,&quot;thumb_src_w&quot;:450,&quot;thumb_src_h&quot;:450,&quot;src_w&quot;:800,&quot;src_h&quot;:800}\" title=\"Bianco\" data-value=\"bianco\"><span class=\"color\" style=\"background-color:#f2f2f2;\"><\/span><span class=\"screen-reader-text\">Bianco<\/span><\/span><span class=\"bikys-tooltip bikys-product-swatches swatches-color\" data-image=\"{&quot;title&quot;:&quot;Bicicletta elettrica urbana pieghevole&quot;,&quot;caption&quot;:&quot;&quot;,&quot;url&quot;:&quot;https:\\\/\\\/www.urbanbiker.com\\\/wp-content\\\/uploads\\\/2024\\\/11\\\/1-Urbanbiker-Mini-Negra.jpg&quot;,&quot;alt&quot;:&quot;Bicicletta elettrica urbana pieghevole&quot;,&quot;src&quot;:&quot;https:\\\/\\\/www.urbanbiker.com\\\/wp-content\\\/uploads\\\/2024\\\/11\\\/1-Urbanbiker-Mini-Negra-800x800.jpg&quot;,&quot;srcset&quot;:&quot;https:\\\/\\\/www.urbanbiker.com\\\/wp-content\\\/uploads\\\/2024\\\/11\\\/1-Urbanbiker-Mini-Negra-800x800.jpg 800w, https:\\\/\\\/www.urbanbiker.com\\\/wp-content\\\/uploads\\\/2024\\\/11\\\/1-Urbanbiker-Mini-Negra-300x300.jpg 300w, https:\\\/\\\/www.urbanbiker.com\\\/wp-content\\\/uploads\\\/2024\\\/11\\\/1-Urbanbiker-Mini-Negra-1024x1024.jpg 1024w, https:\\\/\\\/www.urbanbiker.com\\\/wp-content\\\/uploads\\\/2024\\\/11\\\/1-Urbanbiker-Mini-Negra-150x150.jpg 150w, https:\\\/\\\/www.urbanbiker.com\\\/wp-content\\\/uploads\\\/2024\\\/11\\\/1-Urbanbiker-Mini-Negra-768x768.jpg 768w, https:\\\/\\\/www.urbanbiker.com\\\/wp-content\\\/uploads\\\/2024\\\/11\\\/1-Urbanbiker-Mini-Negra-450x450.jpg 450w, https:\\\/\\\/www.urbanbiker.com\\\/wp-content\\\/uploads\\\/2024\\\/11\\\/1-Urbanbiker-Mini-Negra-100x100.jpg 100w, https:\\\/\\\/www.urbanbiker.com\\\/wp-content\\\/uploads\\\/2024\\\/11\\\/1-Urbanbiker-Mini-Negra-50x50.jpg 50w, https:\\\/\\\/www.urbanbiker.com\\\/wp-content\\\/uploads\\\/2024\\\/11\\\/1-Urbanbiker-Mini-Negra-600x600.jpg 600w, https:\\\/\\\/www.urbanbiker.com\\\/wp-content\\\/uploads\\\/2024\\\/11\\\/1-Urbanbiker-Mini-Negra-96x96.jpg 96w, https:\\\/\\\/www.urbanbiker.com\\\/wp-content\\\/uploads\\\/2024\\\/11\\\/1-Urbanbiker-Mini-Negra-460x460.jpg 460w, https:\\\/\\\/www.urbanbiker.com\\\/wp-content\\\/uploads\\\/2024\\\/11\\\/1-Urbanbiker-Mini-Negra.jpg 1080w&quot;,&quot;sizes&quot;:&quot;(max-width: 800px) 100vw, 800px&quot;,&quot;full_src&quot;:&quot;https:\\\/\\\/www.urbanbiker.com\\\/wp-content\\\/uploads\\\/2024\\\/11\\\/1-Urbanbiker-Mini-Negra.jpg&quot;,&quot;full_src_w&quot;:1080,&quot;full_src_h&quot;:1080,&quot;gallery_thumbnail_src&quot;:&quot;https:\\\/\\\/www.urbanbiker.com\\\/wp-content\\\/uploads\\\/2024\\\/11\\\/1-Urbanbiker-Mini-Negra-300x300.jpg&quot;,&quot;gallery_thumbnail_src_w&quot;:300,&quot;gallery_thumbnail_src_h&quot;:300,&quot;thumb_src&quot;:&quot;https:\\\/\\\/www.urbanbiker.com\\\/wp-content\\\/uploads\\\/2024\\\/11\\\/1-Urbanbiker-Mini-Negra-450x450.jpg&quot;,&quot;thumb_src_w&quot;:450,&quot;thumb_src_h&quot;:450,&quot;src_w&quot;:800,&quot;src_h&quot;:800}\" title=\"Nero\" data-value=\"nero\"><span class=\"color\" style=\"background-color:#000000;\"><\/span><span class=\"screen-reader-text\">Nero<\/span><\/span><\/div><\/div>            <div class=\"posted-in\"><a href=\"https:\/\/www.urbanbiker.com\/it\/categoria-prodotto\/ebikes\/\" rel=\"tag\">E-Bikes UrbanBiker<\/a>, <a href=\"https:\/\/www.urbanbiker.com\/it\/categoria-prodotto\/ebikes\/biciclette-elettriche-pieghevoli-urbane\/\" rel=\"tag\">Pieghevoli<\/a>, <a href=\"https:\/\/www.urbanbiker.com\/it\/categoria-prodotto\/ebikes\/biciclette-elettriche-urbane\/\" rel=\"tag\">Urbane<\/a><\/div>            <h3 class=\"woocommerce-loop-product__title\"><a href=\"https:\/\/www.urbanbiker.com\/it\/prodotto\/mini-bicicletta-elettrica-urbana-pieghevole\/\">Mini | E-Bike Pieghevole<\/a><\/h3>            \n\t<span class=\"price\"><span class=\"woocommerce-Price-amount amount\"><bdi>1.599,00<span class=\"woocommerce-Price-currencySymbol\">&euro;<\/span><\/bdi><\/span><\/span>\n                    <\/div>\n        <div class=\"product-action\">\n            <a href=\"https:\/\/www.urbanbiker.com\/it\/prodotto\/mini-bicicletta-elettrica-urbana-pieghevole\/\" aria-describedby=\"woocommerce_loop_add_to_cart_link_describedby_35267\" data-quantity=\"1\" class=\"button product_type_variable add_to_cart_button\" data-product_id=\"35267\" data-product_sku=\"UBKEBSMINI\" aria-label=\"Seleziona le opzioni per &ldquo;Mini | E-Bike Pieghevole&rdquo;\" rel=\"nofollow\">Scegli<\/a>\t<span id=\"woocommerce_loop_add_to_cart_link_describedby_35267\" class=\"screen-reader-text\">\n\t\tQuesto prodotto ha pi\u00f9 varianti. Le opzioni possono essere scelte nella pagina del prodotto\t<\/span>\n            <div class=\"group-action\">\n                <div class=\"shop-action\">\n                    <button class=\"woosw-btn woosw-btn-35267\" data-id=\"35267\" data-product_name=\"Mini | E-Bike Pieghevole\" data-product_image=\"https:\/\/www.urbanbiker.com\/wp-content\/uploads\/2025\/04\/UrbanBiker-Mini-Blanca-25-150x150.jpg\" aria-label=\"Aggiungi alla Lista desideri\">Aggiungi alla Lista desideri<\/button>                    <button class=\"woosc-btn woosc-btn-35267 \" data-text=\"Confronto\" data-text_added=\"Confronto\" data-id=\"35267\" data-product_id=\"35267\" data-product_name=\"Mini | E-Bike Pieghevole\" data-product_image=\"https:\/\/www.urbanbiker.com\/wp-content\/uploads\/2025\/04\/UrbanBiker-Mini-Blanca-25-150x150.jpg\">Confronto<\/button>                    <button class=\"woosq-btn woosq-btn-35267\" data-id=\"35267\" data-effect=\"mfp-3d-unfold\" data-context=\"default\">Vista rapida<\/button>                <\/div>\n            <\/div>\n        <\/div>\n    <\/div>\n<\/li>\n<li class=\"product-style-default product type-product post-35275 status-publish first outofstock product_cat-ebikes product_cat-biciclette-elettriche-con-motore-centrale product_cat-biciclette-elettriche-pieghevoli-urbane product_cat-biciclette-elettriche-urbane has-post-thumbnail featured taxable shipping-taxable purchasable product-type-simple\">\n    <div class=\"product-block\">\n        <div class=\"product-label\">\n            <span class=\"stock-label out-of-stock\">Esaurito<\/span><span class=\"stock-label featured\">Motore Centrale<\/span>        <\/div>\n        <div class=\"product-transition\">\n            <div class=\"product-image image-main\"><img loading=\"lazy\" decoding=\"async\" width=\"450\" height=\"450\" src=\"https:\/\/www.urbanbiker.com\/wp-content\/uploads\/2024\/11\/1-Urbanbiker-Mini-Plus-450x450.jpg\" class=\"attachment-woocommerce_thumbnail size-woocommerce_thumbnail\" alt=\"Bicicletta elettrica urbana pieghevole con motore centrale\" srcset=\"https:\/\/www.urbanbiker.com\/wp-content\/uploads\/2024\/11\/1-Urbanbiker-Mini-Plus-450x450.jpg 450w, https:\/\/www.urbanbiker.com\/wp-content\/uploads\/2024\/11\/1-Urbanbiker-Mini-Plus-300x300.jpg 300w, https:\/\/www.urbanbiker.com\/wp-content\/uploads\/2024\/11\/1-Urbanbiker-Mini-Plus-1024x1024.jpg 1024w, https:\/\/www.urbanbiker.com\/wp-content\/uploads\/2024\/11\/1-Urbanbiker-Mini-Plus-150x150.jpg 150w, https:\/\/www.urbanbiker.com\/wp-content\/uploads\/2024\/11\/1-Urbanbiker-Mini-Plus-768x768.jpg 768w, https:\/\/www.urbanbiker.com\/wp-content\/uploads\/2024\/11\/1-Urbanbiker-Mini-Plus-800x800.jpg 800w, https:\/\/www.urbanbiker.com\/wp-content\/uploads\/2024\/11\/1-Urbanbiker-Mini-Plus-100x100.jpg 100w, https:\/\/www.urbanbiker.com\/wp-content\/uploads\/2024\/11\/1-Urbanbiker-Mini-Plus-50x50.jpg 50w, https:\/\/www.urbanbiker.com\/wp-content\/uploads\/2024\/11\/1-Urbanbiker-Mini-Plus-600x600.jpg 600w, https:\/\/www.urbanbiker.com\/wp-content\/uploads\/2024\/11\/1-Urbanbiker-Mini-Plus-96x96.jpg 96w, https:\/\/www.urbanbiker.com\/wp-content\/uploads\/2024\/11\/1-Urbanbiker-Mini-Plus-460x460.jpg 460w, https:\/\/www.urbanbiker.com\/wp-content\/uploads\/2024\/11\/1-Urbanbiker-Mini-Plus.jpg 1080w\" sizes=\"(max-width: 450px) 100vw, 450px\" \/><\/div>\n            <a href=\"https:\/\/www.urbanbiker.com\/it\/prodotto\/mini-plus-con-motore-centrale\/\" class=\"woocommerce-LoopProduct-link woocommerce-loop-product__link\">            <\/a>        <\/div>\n        <div class=\"product-caption\">\n                        <div class=\"posted-in\"><a href=\"https:\/\/www.urbanbiker.com\/it\/categoria-prodotto\/ebikes\/\" rel=\"tag\">E-Bikes UrbanBiker<\/a>, <a href=\"https:\/\/www.urbanbiker.com\/it\/categoria-prodotto\/ebikes\/biciclette-elettriche-con-motore-centrale\/\" rel=\"tag\">Motore Centrale<\/a>, <a href=\"https:\/\/www.urbanbiker.com\/it\/categoria-prodotto\/ebikes\/biciclette-elettriche-pieghevoli-urbane\/\" rel=\"tag\">Pieghevoli<\/a>, <a href=\"https:\/\/www.urbanbiker.com\/it\/categoria-prodotto\/ebikes\/biciclette-elettriche-urbane\/\" rel=\"tag\">Urbane<\/a><\/div>            <h3 class=\"woocommerce-loop-product__title\"><a href=\"https:\/\/www.urbanbiker.com\/it\/prodotto\/mini-plus-con-motore-centrale\/\">Mini PLUS | E-Bike Pieghevole | Motore Centrale<\/a><\/h3>            \n\t<span class=\"price\"><span class=\"woocommerce-Price-amount amount\"><bdi>2.099,00<span class=\"woocommerce-Price-currencySymbol\">&euro;<\/span><\/bdi><\/span><\/span>\n                    <\/div>\n        <div class=\"product-action\">\n            <a href=\"https:\/\/www.urbanbiker.com\/it\/prodotto\/mini-plus-con-motore-centrale\/\" aria-describedby=\"woocommerce_loop_add_to_cart_link_describedby_35275\" data-quantity=\"1\" class=\"button product_type_simple\" data-product_id=\"35275\" data-product_sku=\"UBKMINIPLUS\" aria-label=\"Leggi di pi\u00f9 su &quot;Mini PLUS | E-Bike Pieghevole | Motore Centrale&quot;\" rel=\"nofollow\" data-success_message=\"\">Leggi tutto<\/a>\t<span id=\"woocommerce_loop_add_to_cart_link_describedby_35275\" class=\"screen-reader-text\">\n\t\t\t<\/span>\n            <div class=\"group-action\">\n                <div class=\"shop-action\">\n                    <button class=\"woosw-btn woosw-btn-35275\" data-id=\"35275\" data-product_name=\"Mini PLUS | E-Bike Pieghevole | Motore Centrale\" data-product_image=\"https:\/\/www.urbanbiker.com\/wp-content\/uploads\/2024\/11\/1-Urbanbiker-Mini-Plus-150x150.jpg\" aria-label=\"Aggiungi alla Lista desideri\">Aggiungi alla Lista desideri<\/button>                    <button class=\"woosc-btn woosc-btn-35275 \" data-text=\"Confronto\" data-text_added=\"Confronto\" data-id=\"35275\" data-product_id=\"35275\" data-product_name=\"Mini PLUS | E-Bike Pieghevole | Motore Centrale\" data-product_image=\"https:\/\/www.urbanbiker.com\/wp-content\/uploads\/2024\/11\/1-Urbanbiker-Mini-Plus-150x150.jpg\">Confronto<\/button>                    <button class=\"woosq-btn woosq-btn-35275\" data-id=\"35275\" data-effect=\"mfp-3d-unfold\" data-context=\"default\">Vista rapida<\/button>                <\/div>\n            <\/div>\n        <\/div>\n    <\/div>\n<\/li>\n<\/ul><\/div><\/div>\t\t\t\t<\/div>\n\t\t\t\t<\/div>\n\t\t\t\t\t<\/div>\n\t\t<\/div>\n\t\t\t\t\t<\/div>\n\t\t<\/div>\n\t\t\t\t\t<\/div>\n\t\t<\/div>\n\t\t\t\t\t<\/div>\n\t\t<\/div>\n\t\t\t\t<div class=\"elementor-section elementor-top-section elementor-element elementor-element-ce6239d elementor-section-stretched elementor-section-boxed elementor-section-height-default elementor-section-height-default\" data-id=\"ce6239d\" data-element_type=\"section\" data-e-type=\"section\" data-settings=\"{&quot;stretch_section&quot;:&quot;section-stretched&quot;}\">\n\t\t\t\t\t\t<div class=\"elementor-container elementor-column-gap-no\">\n\t\t\t\t\t<div class=\"elementor-column elementor-col-100 elementor-top-column elementor-element elementor-element-4256e65\" data-id=\"4256e65\" data-element_type=\"column\" data-e-type=\"column\">\n\t\t\t<div class=\"elementor-widget-wrap elementor-element-populated\">\n\t\t\t\t\t\t<div class=\"elementor-element elementor-element-55fef33 elementor-widget__width-auto elementor-view-default elementor-widget elementor-widget-icon\" data-id=\"55fef33\" data-element_type=\"widget\" data-e-type=\"widget\" data-widget_type=\"icon.default\">\n\t\t\t\t<div class=\"elementor-widget-container\">\n\t\t\t\t\t\t\t<div class=\"elementor-icon-wrapper\">\n\t\t\t<div class=\"elementor-icon\">\n\t\t\t<i aria-hidden=\"true\" class=\"fas fa-square-full\"><\/i>\t\t\t<\/div>\n\t\t<\/div>\n\t\t\t\t\t\t<\/div>\n\t\t\t\t<\/div>\n\t\t\t\t<div class=\"elementor-element elementor-element-06665de elementor-widget__width-auto elementor-widget elementor-widget-heading\" data-id=\"06665de\" data-element_type=\"widget\" data-e-type=\"widget\" data-widget_type=\"heading.default\">\n\t\t\t\t<div class=\"elementor-widget-container\">\n\t\t\t\t\t<h2 class=\"elementor-heading-title elementor-size-default\">E-Bikes Trekking<\/h2>\t\t\t\t<\/div>\n\t\t\t\t<\/div>\n\t\t\t\t<div class=\"elementor-element elementor-element-be0615f elementor-widget__width-auto elementor-absolute elementor-button-outline elementor-widget elementor-widget-button\" data-id=\"be0615f\" data-element_type=\"widget\" data-e-type=\"widget\" data-settings=\"{&quot;_position&quot;:&quot;absolute&quot;}\" data-widget_type=\"button.default\">\n\t\t\t\t<div class=\"elementor-widget-container\">\n\t\t\t\t\t\t\t\t\t<div class=\"elementor-button-wrapper\">\n\t\t\t\t\t<a class=\"elementor-button elementor-button-link elementor-size-sm\" href=\"https:\/\/www.urbanbiker.com\/it\/categoria-prodotto\/ebikes\/biciclette-elettriche-da-trekking-per-tutti-i-terreni\/\">\n\t\t\t\t\t\t<span class=\"elementor-button-content-wrapper\">\n\t\t\t\t\t\t\t\t\t<span class=\"elementor-button-text\">vedi tutti<\/span>\n\t\t\t\t\t<\/span>\n\t\t\t\t\t<\/a>\n\t\t\t\t<\/div>\n\t\t\t\t\t\t\t\t<\/div>\n\t\t\t\t<\/div>\n\t\t\t\t<div class=\"elementor-section elementor-inner-section elementor-element elementor-element-edf6b8a elementor-section-full_width elementor-section-height-default elementor-section-height-default\" data-id=\"edf6b8a\" data-element_type=\"section\" data-e-type=\"section\">\n\t\t\t\t\t\t<div class=\"elementor-container elementor-column-gap-no\">\n\t\t\t\t\t<div class=\"elementor-column elementor-col-50 elementor-inner-column elementor-element elementor-element-004eec4\" data-id=\"004eec4\" data-element_type=\"column\" data-e-type=\"column\">\n\t\t\t<div class=\"elementor-widget-wrap elementor-element-populated\">\n\t\t\t\t\t\t<div class=\"elementor-element elementor-element-e51fb4f mobile-switcher-style-product-yes product-alignment-flex-start arrow-style-1 dot-style-1 elementor-widget elementor-widget-bikys-products\" data-id=\"e51fb4f\" data-element_type=\"widget\" data-e-type=\"widget\" data-settings=\"{&quot;autoplay_speed&quot;:5000}\" data-widget_type=\"bikys-products.default\">\n\t\t\t\t<div class=\"elementor-widget-container\">\n\t\t\t\t\t<div class=\"woocommerce columns-1 \"><div class=\"woocommerce-carousel\" data-settings='{\"centerMode\":false,\"variableWidth\":false,\"speed\":300,\"centerPadding\":\"50px\",\"navigation\":\"none\",\"pauseOnHover\":true,\"autoplay\":true,\"autoplaySpeed\":5000,\"items\":\"2\",\"items_laptop\":\"3\",\"items_tablet_extra\":\"3\",\"items_tablet\":2,\"items_mobile_extra\":\"2\",\"items_mobile\":1,\"loop\":true,\"breakpoint_laptop\":1366,\"breakpoint_tablet_extra\":1200,\"breakpoint_tablet\":1024,\"breakpoint_mobile_extra\":880,\"breakpoint_mobile\":767,\"centerPadding_laptop\":\"50px\",\"centerPadding_tablet_extra\":\"50px\",\"centerPadding_tablet\":\"50px\",\"centerPadding_mobile_extra\":\"50px\",\"centerPadding_mobile\":\"50px\"}'><ul class=\"products columns-1\"><li class=\"product-style-default product type-product post-61482 status-publish first instock product_cat-ebikes product_cat-biciclette-elettriche-da-trekking-per-tutti-i-terreni product_cat-biciclette-elettriche-urbane has-post-thumbnail taxable shipping-taxable purchasable product-type-variable\">\n    <div class=\"product-block\">\n        <div class=\"product-label\">\n            <span class=\"stock-label\">In magazzino<\/span>        <\/div>\n        <div class=\"product-transition\">\n            <div class=\"product-image image-main\"><img loading=\"lazy\" decoding=\"async\" width=\"450\" height=\"450\" src=\"https:\/\/www.urbanbiker.com\/wp-content\/uploads\/2026\/01\/UB300B-FE-01-450x450.jpg\" class=\"attachment-woocommerce_thumbnail size-woocommerce_thumbnail\" alt=\"UB300B FE 01\" srcset=\"https:\/\/www.urbanbiker.com\/wp-content\/uploads\/2026\/01\/UB300B-FE-01-450x450.jpg 450w, https:\/\/www.urbanbiker.com\/wp-content\/uploads\/2026\/01\/UB300B-FE-01-300x300.jpg 300w, https:\/\/www.urbanbiker.com\/wp-content\/uploads\/2026\/01\/UB300B-FE-01-1024x1024.jpg 1024w, https:\/\/www.urbanbiker.com\/wp-content\/uploads\/2026\/01\/UB300B-FE-01-150x150.jpg 150w, https:\/\/www.urbanbiker.com\/wp-content\/uploads\/2026\/01\/UB300B-FE-01-768x768.jpg 768w, https:\/\/www.urbanbiker.com\/wp-content\/uploads\/2026\/01\/UB300B-FE-01-800x800.jpg 800w, https:\/\/www.urbanbiker.com\/wp-content\/uploads\/2026\/01\/UB300B-FE-01-100x100.jpg 100w, https:\/\/www.urbanbiker.com\/wp-content\/uploads\/2026\/01\/UB300B-FE-01-50x50.jpg 50w, https:\/\/www.urbanbiker.com\/wp-content\/uploads\/2026\/01\/UB300B-FE-01-600x600.jpg 600w, https:\/\/www.urbanbiker.com\/wp-content\/uploads\/2026\/01\/UB300B-FE-01-96x96.jpg 96w, https:\/\/www.urbanbiker.com\/wp-content\/uploads\/2026\/01\/UB300B-FE-01-460x460.jpg 460w, https:\/\/www.urbanbiker.com\/wp-content\/uploads\/2026\/01\/UB300B-FE-01.jpg 1080w\" sizes=\"(max-width: 450px) 100vw, 450px\" \/><\/div>\n            <a href=\"https:\/\/www.urbanbiker.com\/it\/prodotto\/ub300b-fe-e-bike-trekking-completamente-equipaggiata\/\" class=\"woocommerce-LoopProduct-link woocommerce-loop-product__link\">            <\/a>        <\/div>\n        <div class=\"product-caption\">\n                        <div class=\"posted-in\"><a href=\"https:\/\/www.urbanbiker.com\/it\/categoria-prodotto\/ebikes\/\" rel=\"tag\">E-Bikes UrbanBiker<\/a>, <a href=\"https:\/\/www.urbanbiker.com\/it\/categoria-prodotto\/ebikes\/biciclette-elettriche-da-trekking-per-tutti-i-terreni\/\" rel=\"tag\">Trekking<\/a>, <a href=\"https:\/\/www.urbanbiker.com\/it\/categoria-prodotto\/ebikes\/biciclette-elettriche-urbane\/\" rel=\"tag\">Urbane<\/a><\/div>            <h3 class=\"woocommerce-loop-product__title\"><a href=\"https:\/\/www.urbanbiker.com\/it\/prodotto\/ub300b-fe-e-bike-trekking-completamente-equipaggiata\/\">UB300B FE | E-Bike Trekking Completamente Equipaggiata<\/a><\/h3>            \n\t<span class=\"price\"><span class=\"woocommerce-Price-amount amount\"><bdi>1.899,00<span class=\"woocommerce-Price-currencySymbol\">&euro;<\/span><\/bdi><\/span><\/span>\n                    <\/div>\n        <div class=\"product-action\">\n            <a href=\"https:\/\/www.urbanbiker.com\/it\/prodotto\/ub300b-fe-e-bike-trekking-completamente-equipaggiata\/\" aria-describedby=\"woocommerce_loop_add_to_cart_link_describedby_61482\" data-quantity=\"1\" class=\"button product_type_variable add_to_cart_button\" data-product_id=\"61482\" data-product_sku=\"UB300GFE\" aria-label=\"Seleziona le opzioni per &ldquo;UB300B FE | E-Bike Trekking Completamente Equipaggiata&rdquo;\" rel=\"nofollow\">Scegli<\/a>\t<span id=\"woocommerce_loop_add_to_cart_link_describedby_61482\" class=\"screen-reader-text\">\n\t\tQuesto prodotto ha pi\u00f9 varianti. Le opzioni possono essere scelte nella pagina del prodotto\t<\/span>\n            <div class=\"group-action\">\n                <div class=\"shop-action\">\n                    <button class=\"woosw-btn woosw-btn-61482\" data-id=\"61482\" data-product_name=\"UB300B FE | E-Bike Trekking Completamente Equipaggiata\" data-product_image=\"https:\/\/www.urbanbiker.com\/wp-content\/uploads\/2026\/01\/UB300B-FE-01-150x150.jpg\" aria-label=\"Aggiungi alla Lista desideri\">Aggiungi alla Lista desideri<\/button>                    <button class=\"woosc-btn woosc-btn-61482 \" data-text=\"Confronto\" data-text_added=\"Confronto\" data-id=\"61482\" data-product_id=\"61482\" data-product_name=\"UB300B FE | E-Bike Trekking Completamente Equipaggiata\" data-product_image=\"https:\/\/www.urbanbiker.com\/wp-content\/uploads\/2026\/01\/UB300B-FE-01-150x150.jpg\">Confronto<\/button>                    <button class=\"woosq-btn woosq-btn-61482\" data-id=\"61482\" data-effect=\"mfp-3d-unfold\" data-context=\"default\">Vista rapida<\/button>                <\/div>\n            <\/div>\n        <\/div>\n    <\/div>\n<\/li>\n<li class=\"product-style-default product type-product post-54390 status-publish first instock product_cat-ebikes product_cat-biciclette-elettriche-da-trekking-per-tutti-i-terreni product_cat-biciclette-elettriche-urbane has-post-thumbnail taxable shipping-taxable purchasable product-type-variable\">\n    <div class=\"product-block\">\n        <div class=\"product-label\">\n            <span class=\"stock-label\">In magazzino<\/span>        <\/div>\n        <div class=\"product-transition\">\n            <div class=\"product-image image-main\"><img loading=\"lazy\" decoding=\"async\" width=\"450\" height=\"450\" src=\"https:\/\/www.urbanbiker.com\/wp-content\/uploads\/2025\/09\/UB100B-Red-01-450x450.jpg\" class=\"attachment-woocommerce_thumbnail size-woocommerce_thumbnail\" alt=\"UB100B Red 01\" srcset=\"https:\/\/www.urbanbiker.com\/wp-content\/uploads\/2025\/09\/UB100B-Red-01-450x450.jpg 450w, https:\/\/www.urbanbiker.com\/wp-content\/uploads\/2025\/09\/UB100B-Red-01-300x300.jpg 300w, https:\/\/www.urbanbiker.com\/wp-content\/uploads\/2025\/09\/UB100B-Red-01-1024x1024.jpg 1024w, https:\/\/www.urbanbiker.com\/wp-content\/uploads\/2025\/09\/UB100B-Red-01-150x150.jpg 150w, https:\/\/www.urbanbiker.com\/wp-content\/uploads\/2025\/09\/UB100B-Red-01-768x768.jpg 768w, https:\/\/www.urbanbiker.com\/wp-content\/uploads\/2025\/09\/UB100B-Red-01-800x800.jpg 800w, https:\/\/www.urbanbiker.com\/wp-content\/uploads\/2025\/09\/UB100B-Red-01-100x100.jpg 100w, https:\/\/www.urbanbiker.com\/wp-content\/uploads\/2025\/09\/UB100B-Red-01-50x50.jpg 50w, https:\/\/www.urbanbiker.com\/wp-content\/uploads\/2025\/09\/UB100B-Red-01-600x600.jpg 600w, https:\/\/www.urbanbiker.com\/wp-content\/uploads\/2025\/09\/UB100B-Red-01-96x96.jpg 96w, https:\/\/www.urbanbiker.com\/wp-content\/uploads\/2025\/09\/UB100B-Red-01-460x460.jpg 460w, https:\/\/www.urbanbiker.com\/wp-content\/uploads\/2025\/09\/UB100B-Red-01.jpg 1080w\" sizes=\"(max-width: 450px) 100vw, 450px\" \/><\/div>\n            <a href=\"https:\/\/www.urbanbiker.com\/it\/prodotto\/ub100b-e-bike-urbana\/\" class=\"woocommerce-LoopProduct-link woocommerce-loop-product__link\">            <\/a>        <\/div>\n        <div class=\"product-caption\">\n            <div class=\"bikys-wrap-swatches\"><div class=\"inner\"><span class=\"bikys-tooltip bikys-product-swatches swatches-color\" data-image=\"{&quot;title&quot;:&quot;UB100B Blue with Ringslot 01&quot;,&quot;caption&quot;:&quot;&quot;,&quot;url&quot;:&quot;https:\\\/\\\/www.urbanbiker.com\\\/wp-content\\\/uploads\\\/2025\\\/09\\\/UB100B-Blue-with-Ringslot-01.jpg&quot;,&quot;alt&quot;:&quot;UB100B Blue with Ringslot 01&quot;,&quot;src&quot;:&quot;https:\\\/\\\/www.urbanbiker.com\\\/wp-content\\\/uploads\\\/2025\\\/09\\\/UB100B-Blue-with-Ringslot-01-800x800.jpg&quot;,&quot;srcset&quot;:&quot;https:\\\/\\\/www.urbanbiker.com\\\/wp-content\\\/uploads\\\/2025\\\/09\\\/UB100B-Blue-with-Ringslot-01-800x800.jpg 800w, https:\\\/\\\/www.urbanbiker.com\\\/wp-content\\\/uploads\\\/2025\\\/09\\\/UB100B-Blue-with-Ringslot-01-300x300.jpg 300w, https:\\\/\\\/www.urbanbiker.com\\\/wp-content\\\/uploads\\\/2025\\\/09\\\/UB100B-Blue-with-Ringslot-01-1024x1024.jpg 1024w, https:\\\/\\\/www.urbanbiker.com\\\/wp-content\\\/uploads\\\/2025\\\/09\\\/UB100B-Blue-with-Ringslot-01-150x150.jpg 150w, https:\\\/\\\/www.urbanbiker.com\\\/wp-content\\\/uploads\\\/2025\\\/09\\\/UB100B-Blue-with-Ringslot-01-768x768.jpg 768w, https:\\\/\\\/www.urbanbiker.com\\\/wp-content\\\/uploads\\\/2025\\\/09\\\/UB100B-Blue-with-Ringslot-01-450x450.jpg 450w, https:\\\/\\\/www.urbanbiker.com\\\/wp-content\\\/uploads\\\/2025\\\/09\\\/UB100B-Blue-with-Ringslot-01-100x100.jpg 100w, https:\\\/\\\/www.urbanbiker.com\\\/wp-content\\\/uploads\\\/2025\\\/09\\\/UB100B-Blue-with-Ringslot-01-50x50.jpg 50w, https:\\\/\\\/www.urbanbiker.com\\\/wp-content\\\/uploads\\\/2025\\\/09\\\/UB100B-Blue-with-Ringslot-01-600x600.jpg 600w, https:\\\/\\\/www.urbanbiker.com\\\/wp-content\\\/uploads\\\/2025\\\/09\\\/UB100B-Blue-with-Ringslot-01-96x96.jpg 96w, https:\\\/\\\/www.urbanbiker.com\\\/wp-content\\\/uploads\\\/2025\\\/09\\\/UB100B-Blue-with-Ringslot-01-460x460.jpg 460w, https:\\\/\\\/www.urbanbiker.com\\\/wp-content\\\/uploads\\\/2025\\\/09\\\/UB100B-Blue-with-Ringslot-01.jpg 1080w&quot;,&quot;sizes&quot;:&quot;(max-width: 800px) 100vw, 800px&quot;,&quot;full_src&quot;:&quot;https:\\\/\\\/www.urbanbiker.com\\\/wp-content\\\/uploads\\\/2025\\\/09\\\/UB100B-Blue-with-Ringslot-01.jpg&quot;,&quot;full_src_w&quot;:1080,&quot;full_src_h&quot;:1080,&quot;gallery_thumbnail_src&quot;:&quot;https:\\\/\\\/www.urbanbiker.com\\\/wp-content\\\/uploads\\\/2025\\\/09\\\/UB100B-Blue-with-Ringslot-01-300x300.jpg&quot;,&quot;gallery_thumbnail_src_w&quot;:300,&quot;gallery_thumbnail_src_h&quot;:300,&quot;thumb_src&quot;:&quot;https:\\\/\\\/www.urbanbiker.com\\\/wp-content\\\/uploads\\\/2025\\\/09\\\/UB100B-Blue-with-Ringslot-01-450x450.jpg&quot;,&quot;thumb_src_w&quot;:450,&quot;thumb_src_h&quot;:450,&quot;src_w&quot;:800,&quot;src_h&quot;:800}\" title=\"Blu\" data-value=\"blu\"><span class=\"color\" style=\"background-color:#2691ef;\"><\/span><span class=\"screen-reader-text\">Blu<\/span><\/span><span class=\"bikys-tooltip bikys-product-swatches swatches-color\" data-image=\"{&quot;title&quot;:&quot;UB100B Red with Ringslot 01&quot;,&quot;caption&quot;:&quot;&quot;,&quot;url&quot;:&quot;https:\\\/\\\/www.urbanbiker.com\\\/wp-content\\\/uploads\\\/2025\\\/09\\\/UB100B-Red-with-Ringslot-01.jpg&quot;,&quot;alt&quot;:&quot;UB100B Red with Ringslot 01&quot;,&quot;src&quot;:&quot;https:\\\/\\\/www.urbanbiker.com\\\/wp-content\\\/uploads\\\/2025\\\/09\\\/UB100B-Red-with-Ringslot-01-800x800.jpg&quot;,&quot;srcset&quot;:&quot;https:\\\/\\\/www.urbanbiker.com\\\/wp-content\\\/uploads\\\/2025\\\/09\\\/UB100B-Red-with-Ringslot-01-800x800.jpg 800w, https:\\\/\\\/www.urbanbiker.com\\\/wp-content\\\/uploads\\\/2025\\\/09\\\/UB100B-Red-with-Ringslot-01-300x300.jpg 300w, https:\\\/\\\/www.urbanbiker.com\\\/wp-content\\\/uploads\\\/2025\\\/09\\\/UB100B-Red-with-Ringslot-01-1024x1024.jpg 1024w, https:\\\/\\\/www.urbanbiker.com\\\/wp-content\\\/uploads\\\/2025\\\/09\\\/UB100B-Red-with-Ringslot-01-150x150.jpg 150w, https:\\\/\\\/www.urbanbiker.com\\\/wp-content\\\/uploads\\\/2025\\\/09\\\/UB100B-Red-with-Ringslot-01-768x768.jpg 768w, https:\\\/\\\/www.urbanbiker.com\\\/wp-content\\\/uploads\\\/2025\\\/09\\\/UB100B-Red-with-Ringslot-01-450x450.jpg 450w, https:\\\/\\\/www.urbanbiker.com\\\/wp-content\\\/uploads\\\/2025\\\/09\\\/UB100B-Red-with-Ringslot-01-100x100.jpg 100w, https:\\\/\\\/www.urbanbiker.com\\\/wp-content\\\/uploads\\\/2025\\\/09\\\/UB100B-Red-with-Ringslot-01-50x50.jpg 50w, https:\\\/\\\/www.urbanbiker.com\\\/wp-content\\\/uploads\\\/2025\\\/09\\\/UB100B-Red-with-Ringslot-01-600x600.jpg 600w, https:\\\/\\\/www.urbanbiker.com\\\/wp-content\\\/uploads\\\/2025\\\/09\\\/UB100B-Red-with-Ringslot-01-96x96.jpg 96w, https:\\\/\\\/www.urbanbiker.com\\\/wp-content\\\/uploads\\\/2025\\\/09\\\/UB100B-Red-with-Ringslot-01-460x460.jpg 460w, https:\\\/\\\/www.urbanbiker.com\\\/wp-content\\\/uploads\\\/2025\\\/09\\\/UB100B-Red-with-Ringslot-01.jpg 1080w&quot;,&quot;sizes&quot;:&quot;(max-width: 800px) 100vw, 800px&quot;,&quot;full_src&quot;:&quot;https:\\\/\\\/www.urbanbiker.com\\\/wp-content\\\/uploads\\\/2025\\\/09\\\/UB100B-Red-with-Ringslot-01.jpg&quot;,&quot;full_src_w&quot;:1080,&quot;full_src_h&quot;:1080,&quot;gallery_thumbnail_src&quot;:&quot;https:\\\/\\\/www.urbanbiker.com\\\/wp-content\\\/uploads\\\/2025\\\/09\\\/UB100B-Red-with-Ringslot-01-300x300.jpg&quot;,&quot;gallery_thumbnail_src_w&quot;:300,&quot;gallery_thumbnail_src_h&quot;:300,&quot;thumb_src&quot;:&quot;https:\\\/\\\/www.urbanbiker.com\\\/wp-content\\\/uploads\\\/2025\\\/09\\\/UB100B-Red-with-Ringslot-01-450x450.jpg&quot;,&quot;thumb_src_w&quot;:450,&quot;thumb_src_h&quot;:450,&quot;src_w&quot;:800,&quot;src_h&quot;:800}\" title=\"Rosso\" data-value=\"rosso\"><span class=\"color\" style=\"background-color:#dd3333;\"><\/span><span class=\"screen-reader-text\">Rosso<\/span><\/span><\/div><\/div>            <div class=\"posted-in\"><a href=\"https:\/\/www.urbanbiker.com\/it\/categoria-prodotto\/ebikes\/\" rel=\"tag\">E-Bikes UrbanBiker<\/a>, <a href=\"https:\/\/www.urbanbiker.com\/it\/categoria-prodotto\/ebikes\/biciclette-elettriche-da-trekking-per-tutti-i-terreni\/\" rel=\"tag\">Trekking<\/a>, <a href=\"https:\/\/www.urbanbiker.com\/it\/categoria-prodotto\/ebikes\/biciclette-elettriche-urbane\/\" rel=\"tag\">Urbane<\/a><\/div>            <h3 class=\"woocommerce-loop-product__title\"><a href=\"https:\/\/www.urbanbiker.com\/it\/prodotto\/ub100b-e-bike-urbana\/\">UB100B | E-Bike Urbana<\/a><\/h3>            \n\t<span class=\"price\"><span class=\"woocommerce-Price-amount amount\"><bdi>1.699,00<span class=\"woocommerce-Price-currencySymbol\">&euro;<\/span><\/bdi><\/span><\/span>\n                    <\/div>\n        <div class=\"product-action\">\n            <a href=\"https:\/\/www.urbanbiker.com\/it\/prodotto\/ub100b-e-bike-urbana\/\" aria-describedby=\"woocommerce_loop_add_to_cart_link_describedby_54390\" data-quantity=\"1\" class=\"button product_type_variable add_to_cart_button\" data-product_id=\"54390\" data-product_sku=\"UB100\" aria-label=\"Seleziona le opzioni per &ldquo;UB100B | E-Bike Urbana&rdquo;\" rel=\"nofollow\">Scegli<\/a>\t<span id=\"woocommerce_loop_add_to_cart_link_describedby_54390\" class=\"screen-reader-text\">\n\t\tQuesto prodotto ha pi\u00f9 varianti. Le opzioni possono essere scelte nella pagina del prodotto\t<\/span>\n            <div class=\"group-action\">\n                <div class=\"shop-action\">\n                    <button class=\"woosw-btn woosw-btn-54390\" data-id=\"54390\" data-product_name=\"UB100B | E-Bike Urbana\" data-product_image=\"https:\/\/www.urbanbiker.com\/wp-content\/uploads\/2025\/09\/UB100B-Red-01-150x150.jpg\" aria-label=\"Aggiungi alla Lista desideri\">Aggiungi alla Lista desideri<\/button>                    <button class=\"woosc-btn woosc-btn-54390 \" data-text=\"Confronto\" data-text_added=\"Confronto\" data-id=\"54390\" data-product_id=\"54390\" data-product_name=\"UB100B | E-Bike Urbana\" data-product_image=\"https:\/\/www.urbanbiker.com\/wp-content\/uploads\/2025\/09\/UB100B-Red-01-150x150.jpg\">Confronto<\/button>                    <button class=\"woosq-btn woosq-btn-54390\" data-id=\"54390\" data-effect=\"mfp-3d-unfold\" data-context=\"default\">Vista rapida<\/button>                <\/div>\n            <\/div>\n        <\/div>\n    <\/div>\n<\/li>\n<li class=\"product-style-default product type-product post-43073 status-publish first instock product_cat-ebikes product_cat-biciclette-elettriche-da-trekking-per-tutti-i-terreni product_cat-biciclette-elettriche-urbane has-post-thumbnail taxable shipping-taxable purchasable product-type-variable\">\n    <div class=\"product-block\">\n        <div class=\"product-label\">\n            <span class=\"stock-label\">In magazzino<\/span>        <\/div>\n        <div class=\"product-transition\">\n            <div class=\"product-image image-main\"><img fetchpriority=\"high\" decoding=\"async\" width=\"450\" height=\"450\" src=\"https:\/\/www.urbanbiker.com\/wp-content\/uploads\/2025\/04\/1-UB200-Azul-1-450x450.jpg\" class=\"attachment-woocommerce_thumbnail size-woocommerce_thumbnail\" alt=\"UB200 Blu 1\" srcset=\"https:\/\/www.urbanbiker.com\/wp-content\/uploads\/2025\/04\/1-UB200-Azul-1-450x450.jpg 450w, https:\/\/www.urbanbiker.com\/wp-content\/uploads\/2025\/04\/1-UB200-Azul-1-300x300.jpg 300w, https:\/\/www.urbanbiker.com\/wp-content\/uploads\/2025\/04\/1-UB200-Azul-1-1024x1024.jpg 1024w, https:\/\/www.urbanbiker.com\/wp-content\/uploads\/2025\/04\/1-UB200-Azul-1-150x150.jpg 150w, https:\/\/www.urbanbiker.com\/wp-content\/uploads\/2025\/04\/1-UB200-Azul-1-768x768.jpg 768w, https:\/\/www.urbanbiker.com\/wp-content\/uploads\/2025\/04\/1-UB200-Azul-1-800x800.jpg 800w, https:\/\/www.urbanbiker.com\/wp-content\/uploads\/2025\/04\/1-UB200-Azul-1-100x100.jpg 100w, https:\/\/www.urbanbiker.com\/wp-content\/uploads\/2025\/04\/1-UB200-Azul-1-50x50.jpg 50w, https:\/\/www.urbanbiker.com\/wp-content\/uploads\/2025\/04\/1-UB200-Azul-1-600x600.jpg 600w, https:\/\/www.urbanbiker.com\/wp-content\/uploads\/2025\/04\/1-UB200-Azul-1-96x96.jpg 96w, https:\/\/www.urbanbiker.com\/wp-content\/uploads\/2025\/04\/1-UB200-Azul-1-460x460.jpg 460w, https:\/\/www.urbanbiker.com\/wp-content\/uploads\/2025\/04\/1-UB200-Azul-1.jpg 1080w\" sizes=\"(max-width: 450px) 100vw, 450px\" \/><\/div>\n            <a href=\"https:\/\/www.urbanbiker.com\/it\/prodotto\/ub200-bicicletta-elettrica-urbana-multiuso-con-doppia-sospensione\/\" class=\"woocommerce-LoopProduct-link woocommerce-loop-product__link\">            <\/a>        <\/div>\n        <div class=\"product-caption\">\n            <div class=\"bikys-wrap-swatches\"><div class=\"inner\"><span class=\"bikys-tooltip bikys-product-swatches swatches-color\" data-image=\"{&quot;title&quot;:&quot;UB200 Blu 1&quot;,&quot;caption&quot;:&quot;&quot;,&quot;url&quot;:&quot;https:\\\/\\\/www.urbanbiker.com\\\/wp-content\\\/uploads\\\/2025\\\/04\\\/1-UB200-Azul-1.jpg&quot;,&quot;alt&quot;:&quot;UB200 Blu 1&quot;,&quot;src&quot;:&quot;https:\\\/\\\/www.urbanbiker.com\\\/wp-content\\\/uploads\\\/2025\\\/04\\\/1-UB200-Azul-1-800x800.jpg&quot;,&quot;srcset&quot;:&quot;https:\\\/\\\/www.urbanbiker.com\\\/wp-content\\\/uploads\\\/2025\\\/04\\\/1-UB200-Azul-1-800x800.jpg 800w, https:\\\/\\\/www.urbanbiker.com\\\/wp-content\\\/uploads\\\/2025\\\/04\\\/1-UB200-Azul-1-300x300.jpg 300w, https:\\\/\\\/www.urbanbiker.com\\\/wp-content\\\/uploads\\\/2025\\\/04\\\/1-UB200-Azul-1-1024x1024.jpg 1024w, https:\\\/\\\/www.urbanbiker.com\\\/wp-content\\\/uploads\\\/2025\\\/04\\\/1-UB200-Azul-1-150x150.jpg 150w, https:\\\/\\\/www.urbanbiker.com\\\/wp-content\\\/uploads\\\/2025\\\/04\\\/1-UB200-Azul-1-768x768.jpg 768w, https:\\\/\\\/www.urbanbiker.com\\\/wp-content\\\/uploads\\\/2025\\\/04\\\/1-UB200-Azul-1-450x450.jpg 450w, https:\\\/\\\/www.urbanbiker.com\\\/wp-content\\\/uploads\\\/2025\\\/04\\\/1-UB200-Azul-1-100x100.jpg 100w, https:\\\/\\\/www.urbanbiker.com\\\/wp-content\\\/uploads\\\/2025\\\/04\\\/1-UB200-Azul-1-50x50.jpg 50w, https:\\\/\\\/www.urbanbiker.com\\\/wp-content\\\/uploads\\\/2025\\\/04\\\/1-UB200-Azul-1-600x600.jpg 600w, https:\\\/\\\/www.urbanbiker.com\\\/wp-content\\\/uploads\\\/2025\\\/04\\\/1-UB200-Azul-1-96x96.jpg 96w, https:\\\/\\\/www.urbanbiker.com\\\/wp-content\\\/uploads\\\/2025\\\/04\\\/1-UB200-Azul-1-460x460.jpg 460w, https:\\\/\\\/www.urbanbiker.com\\\/wp-content\\\/uploads\\\/2025\\\/04\\\/1-UB200-Azul-1.jpg 1080w&quot;,&quot;sizes&quot;:&quot;(max-width: 800px) 100vw, 800px&quot;,&quot;full_src&quot;:&quot;https:\\\/\\\/www.urbanbiker.com\\\/wp-content\\\/uploads\\\/2025\\\/04\\\/1-UB200-Azul-1.jpg&quot;,&quot;full_src_w&quot;:1080,&quot;full_src_h&quot;:1080,&quot;gallery_thumbnail_src&quot;:&quot;https:\\\/\\\/www.urbanbiker.com\\\/wp-content\\\/uploads\\\/2025\\\/04\\\/1-UB200-Azul-1-300x300.jpg&quot;,&quot;gallery_thumbnail_src_w&quot;:300,&quot;gallery_thumbnail_src_h&quot;:300,&quot;thumb_src&quot;:&quot;https:\\\/\\\/www.urbanbiker.com\\\/wp-content\\\/uploads\\\/2025\\\/04\\\/1-UB200-Azul-1-450x450.jpg&quot;,&quot;thumb_src_w&quot;:450,&quot;thumb_src_h&quot;:450,&quot;src_w&quot;:800,&quot;src_h&quot;:800}\" title=\"Blu\" data-value=\"blu\"><span class=\"color\" style=\"background-color:#2691ef;\"><\/span><span class=\"screen-reader-text\">Blu<\/span><\/span><span class=\"bikys-tooltip bikys-product-swatches swatches-color\" data-image=\"{&quot;title&quot;:&quot;UB200 Rosso 1&quot;,&quot;caption&quot;:&quot;&quot;,&quot;url&quot;:&quot;https:\\\/\\\/www.urbanbiker.com\\\/wp-content\\\/uploads\\\/2025\\\/04\\\/1-UB200-Roja-1.jpg&quot;,&quot;alt&quot;:&quot;UB200 Rosso 1&quot;,&quot;src&quot;:&quot;https:\\\/\\\/www.urbanbiker.com\\\/wp-content\\\/uploads\\\/2025\\\/04\\\/1-UB200-Roja-1-800x800.jpg&quot;,&quot;srcset&quot;:&quot;https:\\\/\\\/www.urbanbiker.com\\\/wp-content\\\/uploads\\\/2025\\\/04\\\/1-UB200-Roja-1-800x800.jpg 800w, https:\\\/\\\/www.urbanbiker.com\\\/wp-content\\\/uploads\\\/2025\\\/04\\\/1-UB200-Roja-1-300x300.jpg 300w, https:\\\/\\\/www.urbanbiker.com\\\/wp-content\\\/uploads\\\/2025\\\/04\\\/1-UB200-Roja-1-1024x1024.jpg 1024w, https:\\\/\\\/www.urbanbiker.com\\\/wp-content\\\/uploads\\\/2025\\\/04\\\/1-UB200-Roja-1-150x150.jpg 150w, https:\\\/\\\/www.urbanbiker.com\\\/wp-content\\\/uploads\\\/2025\\\/04\\\/1-UB200-Roja-1-768x768.jpg 768w, https:\\\/\\\/www.urbanbiker.com\\\/wp-content\\\/uploads\\\/2025\\\/04\\\/1-UB200-Roja-1-450x450.jpg 450w, https:\\\/\\\/www.urbanbiker.com\\\/wp-content\\\/uploads\\\/2025\\\/04\\\/1-UB200-Roja-1-100x100.jpg 100w, https:\\\/\\\/www.urbanbiker.com\\\/wp-content\\\/uploads\\\/2025\\\/04\\\/1-UB200-Roja-1-50x50.jpg 50w, https:\\\/\\\/www.urbanbiker.com\\\/wp-content\\\/uploads\\\/2025\\\/04\\\/1-UB200-Roja-1-600x600.jpg 600w, https:\\\/\\\/www.urbanbiker.com\\\/wp-content\\\/uploads\\\/2025\\\/04\\\/1-UB200-Roja-1-96x96.jpg 96w, https:\\\/\\\/www.urbanbiker.com\\\/wp-content\\\/uploads\\\/2025\\\/04\\\/1-UB200-Roja-1-460x460.jpg 460w, https:\\\/\\\/www.urbanbiker.com\\\/wp-content\\\/uploads\\\/2025\\\/04\\\/1-UB200-Roja-1.jpg 1080w&quot;,&quot;sizes&quot;:&quot;(max-width: 800px) 100vw, 800px&quot;,&quot;full_src&quot;:&quot;https:\\\/\\\/www.urbanbiker.com\\\/wp-content\\\/uploads\\\/2025\\\/04\\\/1-UB200-Roja-1.jpg&quot;,&quot;full_src_w&quot;:1080,&quot;full_src_h&quot;:1080,&quot;gallery_thumbnail_src&quot;:&quot;https:\\\/\\\/www.urbanbiker.com\\\/wp-content\\\/uploads\\\/2025\\\/04\\\/1-UB200-Roja-1-300x300.jpg&quot;,&quot;gallery_thumbnail_src_w&quot;:300,&quot;gallery_thumbnail_src_h&quot;:300,&quot;thumb_src&quot;:&quot;https:\\\/\\\/www.urbanbiker.com\\\/wp-content\\\/uploads\\\/2025\\\/04\\\/1-UB200-Roja-1-450x450.jpg&quot;,&quot;thumb_src_w&quot;:450,&quot;thumb_src_h&quot;:450,&quot;src_w&quot;:800,&quot;src_h&quot;:800}\" title=\"Rosso\" data-value=\"rosso\"><span class=\"color\" style=\"background-color:#dd3333;\"><\/span><span class=\"screen-reader-text\">Rosso<\/span><\/span><\/div><\/div>            <div class=\"posted-in\"><a href=\"https:\/\/www.urbanbiker.com\/it\/categoria-prodotto\/ebikes\/\" rel=\"tag\">E-Bikes UrbanBiker<\/a>, <a href=\"https:\/\/www.urbanbiker.com\/it\/categoria-prodotto\/ebikes\/biciclette-elettriche-da-trekking-per-tutti-i-terreni\/\" rel=\"tag\">Trekking<\/a>, <a href=\"https:\/\/www.urbanbiker.com\/it\/categoria-prodotto\/ebikes\/biciclette-elettriche-urbane\/\" rel=\"tag\">Urbane<\/a><\/div>            <h3 class=\"woocommerce-loop-product__title\"><a href=\"https:\/\/www.urbanbiker.com\/it\/prodotto\/ub200-bicicletta-elettrica-urbana-multiuso-con-doppia-sospensione\/\">UB200 | E-Bike Urbane Doppia Sospensione<\/a><\/h3>            \n\t<span class=\"price\"><span class=\"woocommerce-Price-amount amount\"><bdi>1.799,00<span class=\"woocommerce-Price-currencySymbol\">&euro;<\/span><\/bdi><\/span><\/span>\n                    <\/div>\n        <div class=\"product-action\">\n            <a href=\"https:\/\/www.urbanbiker.com\/it\/prodotto\/ub200-bicicletta-elettrica-urbana-multiuso-con-doppia-sospensione\/\" aria-describedby=\"woocommerce_loop_add_to_cart_link_describedby_43073\" data-quantity=\"1\" class=\"button product_type_variable add_to_cart_button\" data-product_id=\"43073\" data-product_sku=\"UB200\" aria-label=\"Seleziona le opzioni per &ldquo;UB200 | E-Bike Urbane Doppia Sospensione&rdquo;\" rel=\"nofollow\">Scegli<\/a>\t<span id=\"woocommerce_loop_add_to_cart_link_describedby_43073\" class=\"screen-reader-text\">\n\t\tQuesto prodotto ha pi\u00f9 varianti. Le opzioni possono essere scelte nella pagina del prodotto\t<\/span>\n            <div class=\"group-action\">\n                <div class=\"shop-action\">\n                    <button class=\"woosw-btn woosw-btn-43073\" data-id=\"43073\" data-product_name=\"UB200 | E-Bike Urbane Doppia Sospensione\" data-product_image=\"https:\/\/www.urbanbiker.com\/wp-content\/uploads\/2025\/04\/1-UB200-Azul-1-150x150.jpg\" aria-label=\"Aggiungi alla Lista desideri\">Aggiungi alla Lista desideri<\/button>                    <button class=\"woosc-btn woosc-btn-43073 \" data-text=\"Confronto\" data-text_added=\"Confronto\" data-id=\"43073\" data-product_id=\"43073\" data-product_name=\"UB200 | E-Bike Urbane Doppia Sospensione\" data-product_image=\"https:\/\/www.urbanbiker.com\/wp-content\/uploads\/2025\/04\/1-UB200-Azul-1-150x150.jpg\">Confronto<\/button>                    <button class=\"woosq-btn woosq-btn-43073\" data-id=\"43073\" data-effect=\"mfp-3d-unfold\" data-context=\"default\">Vista rapida<\/button>                <\/div>\n            <\/div>\n        <\/div>\n    <\/div>\n<\/li>\n<\/ul><\/div><\/div>\t\t\t\t<\/div>\n\t\t\t\t<\/div>\n\t\t\t\t\t<\/div>\n\t\t<\/div>\n\t\t\t\t<div class=\"elementor-column elementor-col-50 elementor-inner-column elementor-element elementor-element-3c5a0e1\" data-id=\"3c5a0e1\" data-element_type=\"column\" data-e-type=\"column\" data-settings=\"{&quot;background_background&quot;:&quot;classic&quot;}\">\n\t\t\t<div class=\"elementor-widget-wrap elementor-element-populated\">\n\t\t\t\t\t\t<div class=\"elementor-element elementor-element-a138585 elementor-widget elementor-widget-spacer\" data-id=\"a138585\" data-element_type=\"widget\" data-e-type=\"widget\" data-widget_type=\"spacer.default\">\n\t\t\t\t<div class=\"elementor-widget-container\">\n\t\t\t\t\t\t\t<div class=\"elementor-spacer\">\n\t\t\t<div class=\"elementor-spacer-inner\"><\/div>\n\t\t<\/div>\n\t\t\t\t\t\t<\/div>\n\t\t\t\t<\/div>\n\t\t\t\t\t<\/div>\n\t\t<\/div>\n\t\t\t\t\t<\/div>\n\t\t<\/div>\n\t\t\t\t\t<\/div>\n\t\t<\/div>\n\t\t\t\t\t<\/div>\n\t\t<\/div>\n\t\t\t\t<section class=\"elementor-section elementor-top-section elementor-element elementor-element-5bbe9ccf elementor-section-boxed elementor-section-height-default elementor-section-height-default\" data-id=\"5bbe9ccf\" data-element_type=\"section\" data-e-type=\"section\">\n\t\t\t\t\t\t<div class=\"elementor-container elementor-column-gap-default\">\n\t\t\t\t\t<div class=\"elementor-column elementor-col-100 elementor-top-column elementor-element elementor-element-3f17148\" data-id=\"3f17148\" data-element_type=\"column\" data-e-type=\"column\">\n\t\t\t<div class=\"elementor-widget-wrap elementor-element-populated\">\n\t\t\t\t\t\t<div class=\"elementor-element elementor-element-1b6dd103 elementor-widget elementor-widget-heading\" data-id=\"1b6dd103\" data-element_type=\"widget\" data-e-type=\"widget\" data-widget_type=\"heading.default\">\n\t\t\t\t<div class=\"elementor-widget-container\">\n\t\t\t\t\t<h2 class=\"elementor-heading-title elementor-size-default\">Entra a far parte della community UrbanBiker!<\/h2>\t\t\t\t<\/div>\n\t\t\t\t<\/div>\n\t\t\t\t<div class=\"elementor-element elementor-element-4fb5c7d7 elementor-widget elementor-widget-text-editor\" data-id=\"4fb5c7d7\" data-element_type=\"widget\" data-e-type=\"widget\" data-widget_type=\"text-editor.default\">\n\t\t\t\t<div class=\"elementor-widget-container\">\n\t\t\t\t\t\t\t\t\t<p>Condividi le tue foto sui social network, taggaci (<strong>@urbanbiker_<\/strong>) o usa l&#8217;hashtag <strong>#WeAreUrbanbiker<\/strong>, e partecipa all&#8217;estrazione di una UrbanBiker * (<a href=\"https:\/\/www.urbanbiker.com\/it\/sorteggio-bicicletta\/\">Maggiori informazioni<\/a>)<\/p>\t\t\t\t\t\t\t\t<\/div>\n\t\t\t\t<\/div>\n\t\t\t\t<div class=\"elementor-element elementor-element-7985c96 elementor-widget elementor-widget-text-editor\" data-id=\"7985c96\" data-element_type=\"widget\" data-e-type=\"widget\" data-widget_type=\"text-editor.default\">\n\t\t\t\t<div class=\"elementor-widget-container\">\n\t\t\t\t\t\t\t\t\t<div id=\"js-flowbox-flow\"><\/div>\n  <script>\n    window.flowbox('init', {\n      container: '#js-flowbox-flow',\n      key: 'INsC__A6RQGDKyLx9IAlVA',\n      locale: 'it-it',\n    });\n  <\/script>\t\t\t\t\t\t\t\t<\/div>\n\t\t\t\t<\/div>\n\t\t\t\t\t<\/div>\n\t\t<\/div>\n\t\t\t\t\t<\/div>\n\t\t<\/section>\n\t\t\t\t<section class=\"elementor-section elementor-top-section elementor-element elementor-element-60dde22 elementor-section-full_width elementor-section-height-default elementor-section-height-default\" data-id=\"60dde22\" data-element_type=\"section\" data-e-type=\"section\">\n\t\t\t\t\t\t<div class=\"elementor-container elementor-column-gap-default\">\n\t\t\t\t\t<div class=\"elementor-column elementor-col-100 elementor-top-column elementor-element elementor-element-8b19431\" data-id=\"8b19431\" data-element_type=\"column\" data-e-type=\"column\">\n\t\t\t<div class=\"elementor-widget-wrap elementor-element-populated\">\n\t\t\t\t\t\t<div class=\"elementor-element elementor-element-6a1b5df elementor-widget elementor-widget-html\" data-id=\"6a1b5df\" data-element_type=\"widget\" data-e-type=\"widget\" data-widget_type=\"html.default\">\n\t\t\t\t<div class=\"elementor-widget-container\">\n\t\t\t\t\t<div data-src=\"https:\/\/cdn.trustindex.io\/loader.js?84e68c0430b63514f3764699b0c\"><\/div>\t\t\t\t<\/div>\n\t\t\t\t<\/div>\n\t\t\t\t\t<\/div>\n\t\t<\/div>\n\t\t\t\t\t<\/div>\n\t\t<\/section>\n\t\t\t\t<div class=\"elementor-section elementor-top-section elementor-element elementor-element-dae7362 elementor-section-full_width elementor-section-stretched elementor-section-height-default elementor-section-height-default\" data-id=\"dae7362\" data-element_type=\"section\" data-e-type=\"section\" data-settings=\"{&quot;stretch_section&quot;:&quot;section-stretched&quot;}\">\n\t\t\t\t\t\t<div class=\"elementor-container elementor-column-gap-no\">\n\t\t\t\t\t<div class=\"elementor-column elementor-col-100 elementor-top-column elementor-element elementor-element-dcb5091\" data-id=\"dcb5091\" data-element_type=\"column\" data-e-type=\"column\">\n\t\t\t<div class=\"elementor-widget-wrap elementor-element-populated\">\n\t\t\t\t\t\t<section class=\"elementor-section elementor-inner-section elementor-element elementor-element-12f64a0 elementor-section-boxed elementor-section-height-default elementor-section-height-default\" data-id=\"12f64a0\" data-element_type=\"section\" data-e-type=\"section\">\n\t\t\t\t\t\t<div class=\"elementor-container elementor-column-gap-default\">\n\t\t\t\t\t<div class=\"elementor-column elementor-col-50 elementor-inner-column elementor-element elementor-element-3725619\" data-id=\"3725619\" data-element_type=\"column\" data-e-type=\"column\">\n\t\t\t<div class=\"elementor-widget-wrap elementor-element-populated\">\n\t\t\t\t\t\t<div class=\"elementor-element elementor-element-9611c94 elementor-widget elementor-widget-video\" data-id=\"9611c94\" data-element_type=\"widget\" data-e-type=\"widget\" data-settings=\"{&quot;youtube_url&quot;:&quot;https:\\\/\\\/www.youtube.com\\\/watch?v=eFsTFlwOxkk&quot;,&quot;autoplay&quot;:&quot;yes&quot;,&quot;mute&quot;:&quot;yes&quot;,&quot;video_type&quot;:&quot;youtube&quot;,&quot;controls&quot;:&quot;yes&quot;}\" data-widget_type=\"video.default\">\n\t\t\t\t<div class=\"elementor-widget-container\">\n\t\t\t\t\t\t\t<div class=\"elementor-wrapper elementor-open-inline\">\n\t\t\t<div class=\"elementor-video\"><\/div>\t\t<\/div>\n\t\t\t\t\t\t<\/div>\n\t\t\t\t<\/div>\n\t\t\t\t\t<\/div>\n\t\t<\/div>\n\t\t\t\t<div class=\"elementor-column elementor-col-50 elementor-inner-column elementor-element elementor-element-4ccd14b\" data-id=\"4ccd14b\" data-element_type=\"column\" data-e-type=\"column\">\n\t\t\t<div class=\"elementor-widget-wrap elementor-element-populated\">\n\t\t\t\t\t\t<div class=\"elementor-element elementor-element-3003a88 elementor-widget elementor-widget-heading\" data-id=\"3003a88\" data-element_type=\"widget\" data-e-type=\"widget\" data-widget_type=\"heading.default\">\n\t\t\t\t<div class=\"elementor-widget-container\">\n\t\t\t\t\t<h2 class=\"elementor-heading-title elementor-size-default\">UrbanBiker<br>\nArriva Dove Vuoi<\/h2>\t\t\t\t<\/div>\n\t\t\t\t<\/div>\n\t\t\t\t<div class=\"elementor-element elementor-element-826f3b1 elementor-view-stacked elementor-shape-square elementor-position-inline-start elementor-mobile-position-block-start elementor-widget elementor-widget-icon-box\" data-id=\"826f3b1\" data-element_type=\"widget\" data-e-type=\"widget\" data-widget_type=\"icon-box.default\">\n\t\t\t\t<div class=\"elementor-widget-container\">\n\t\t\t\t\t\t\t<div class=\"elementor-icon-box-wrapper\">\n\n\t\t\t\t\t\t<div class=\"elementor-icon-box-icon\">\n\t\t\t\t<a href=\"#\" class=\"elementor-icon\" tabindex=\"-1\">\n\t\t\t\t<svg xmlns=\"http:\/\/www.w3.org\/2000\/svg\" viewBox=\"0 0 2636 1920\" width=\"659\" height=\"480\"><path transform=\"translate(1878)\" d=\"m0 0h39l3 2 16 8 12 11 7 11 4 12 1 5v20l-13 75-14 77-7 41-9 50-15 84-10 57-18 101-13 72-7 40-9 50-2 11-4 3-16 5-25 10-26 12-16 8-17 8-16 8-33 16h-2l1-10 13-72 11-62 40-224 18-101 20-112 3-17v-4l-23 10-182 77-78 33-85 36-14 6-2 6-10 57-30 170-32 182-19 109-13 73-16 91-6 33-5 12-7 11-8 8-13 8-11 4-12 2h-296l-2 13-16 90-12 70-17 99-17 100-12 68-5 16-6 11-9 11-7 7-15 10-15 6-8 2-12 1h-296l-11-2-9-4-9-7-7-10-3-8-1-12 3-21 18-103 18-102 16-91 14-80 11-63 15-84 11-64 15-85 11-63 3-17 1-2h-167v7l-8 44-12 68-12 69-132 748-15 83-7 40-4 22-2 2h-184l-12-3-10-6-8-8-6-12v-29l5-25 10-61 1-3 75-1h6l2-13 11-60 11-62 14-78 11-60 11-62 18-100 14-77 13-72 11-62 13-71 11-62 14-78 11-60 11-62 6-32 5-14 10-15 6-7 14-11 11-6 13-5 6-1 27-1h62l271 1 8 2 10 5 7 6 7 11 3 10v14l-11 63-15 84-11 64-36 204-22 125-16 90-14 80-9 51-1 2 116-1 2-5 14-80 52-294 10-56 5-15 6-10 8-10 9-9 15-10 16-6 16-2h280l2-14 33-187 13-74 16-91 21-120 15-85 16-91 5-25 6-15 8-14 11-14 14-14 15-11 19-10 36-15 45-19 43-18 40-17 43-18 40-17 88-37 133-56 43-18z\" fill=\"#fff\"><\/path><path transform=\"translate(1923,768)\" d=\"m0 0h17l22 2 25 5 21 7 27 13 15 10 14 11 13 11 7 8 10 11 7 8 9 10 9 11 14 15 7 8 9 10 7 8 9 10 7 8 9 10 7 8 9 10 9 11 7 7 7 8 9 10 9 11 10 11 9 11 11 13 5 1 106 1 16 3 16 8 8 6 7 6 8 11 6 12 4 15v20l-4 16-8 15-11 12-10 8-13 6-10 3-7 1h-176l-11-12-9-11-14-15-9-11-14-15-7-8-9-10-9-11-14-15-9-11-13-14-7-8-12-14-10-11v-2h-2l-7-8-12-14-11-12-7-8-9-10-9-11-13-14-9-11-10-9-16-8-13-3h-19l-17 3-24 8-26 12-16 8-17 8-16 8-33 16-85 41-23 11-20 10-16 10-7 7-6 10-3 10-1 7v20l3 11 6 8 16 8 35 12 16 6 26 9 24 9 26 9 20 8 18 8 16 8 14 8 13 9 10 8 12 11v2h2l10 13 10 17 8 20 4 17 2 14 1 14v17l-2 21-3 22-7 34-17 66-9 36-13 56-23 99-17 73-6 16-8 14-8 9-10 7-10 5-17 4h-21l-13-3-14-7-10-8-7-7-9-14-5-13-2-9v-16l17-74 10-43 23-98 15-65 10-44 12-48 1-7v-13l-4-11-5-5-12-6-30-11-52-18-37-14-43-17-26-12-16-10-13-10-8-7-7-8-9-11-9-15-8-17-6-18-6-28-2-16v-32l3-24 5-21 6-17 12-25 8-12 9-12 11-12 11-11 14-11 17-11 29-15 97-47 25-12 76-37 34-16 15-6 26-8 23-5 20-3z\" fill=\"#fff\"><\/path><path transform=\"translate(1255,1247)\" d=\"m0 0h27l26 2 26 4 25 6 30 10 25 11 23 12 22 14 17 13 11 9 13 12 20 20 9 11 13 17 10 15 9 15 12 23 11 26 9 29 6 27 4 27 1 16v32l-2 26-5 29-6 24-9 27-12 27-10 19-10 16-11 16-11 14-8 10h-2l-2 4-22 22-8 7-14 11-14 10-17 11-24 13-22 10-28 10-32 8-32 5-35 3h-16v-1l-38-5-29-6-26-8-28-11-22-11-17-10-15-10-17-13-13-11-16-15-5-5v-2h-2l-7-8-11-13-12-16-11-17-11-19-12-25-9-24-7-23-6-29-3-22-1-11v-43l3-28 6-31 7-24 7-20 11-25 12-22 11-17 10-14 13-16 8-10h2l2-4 15-15 8-7 16-13 17-12 19-12 24-13 26-11 21-7 23-6 21-4 24-3zm-5 127-22 3-20 5-22 8-20 10-11 7-14 10-13 11-15 15-11 14-8 11-10 17-9 19-8 24-4 18-3 24v27l4 28 5 20 7 19 10 21 10 16 10 13 11 13 12 12 11 9 11 8 18 11 21 10 23 8 25 5 19 2h25l24-3 21-5 18-6 20-9 17-10 14-10 13-11 12-11 7-8 11-14 10-15 10-19 10-26 6-25 2-15 1-15v-12l-2-24-5-25-9-27-10-21-10-16-11-15-12-13-13-13-17-13-21-13-19-9-20-7-20-5-22-3z\" fill=\"#fff\"><\/path><path transform=\"translate(2285,1247)\" d=\"m0 0h27l26 2 26 4 25 6 30 10 21 9 20 10 20 12 17 12 13 10 14 12 17 16 7 8 8 9 11 14 12 17 11 18 8 14 11 24 7 18 8 27 6 29 3 23 1 11v42l-4 33-6 30-9 29-9 22-12 25-8 14-8 12-11 16-14 17-12 13-17 17-8 7-15 12-19 13-18 11-25 13-27 11-29 9-29 6-30 4-25 2h-17v-1l-38-5-29-6-26-8-25-10-25-12-20-12-16-11-14-11-14-12-13-12-9-9-9-11-8-9-14-19-12-19-12-22-10-22-9-25-8-30-5-30-2-21v-42l4-33 5-24 7-25 8-22 8-18 13-25 14-22 16-21 12-14 5-6h2l2-4 8-8 8-7 14-12 16-12 20-13 18-10 16-8 24-10 25-8 25-6 26-4zm-5 127-22 3-23 6-21 8-21 11-18 12-11 9-15 14-11 12-12 16-8 13-10 19-8 21-6 23-3 18-1 14v19l2 21 5 25 8 24 11 23 10 16 10 13 12 14 9 9 11 9 13 10 20 12 19 9 24 8 24 5 18 2h26l18-2 24-5 21-7 20-9 14-8 16-11 13-11 10-9 12-13 12-16 12-20 9-19 8-24 5-24 2-19v-23l-3-26-5-21-7-21-12-25-10-16-10-13-10-11-6-7-8-7-15-12-17-11-23-12-22-8-21-5-22-3z\" fill=\"#fff\"><\/path><path transform=\"translate(2128,548)\" d=\"m0 0h34l18 3 20 6 16 7 18 11 14 12 9 10 10 15 6 14 4 14 2 14v12l-3 21-7 26-10 27-9 20-11 21-13 20-8 11-14 15-8 5-10 2-9-3-9-7-11-10-8-7-11-10-8-7-10-9-8-7-10-9-8-7-10-9-8-7-10-9-14-14-10-15-6-15-3-11-3-24v-25l4-16 4-10 7-11 12-13 14-11 16-9 16-6z\" fill=\"#fff\"><\/path><path transform=\"translate(2635,1563)\" d=\"m0 0h1v38h-1z\" fill=\"#fff\"><\/path><\/svg>\t\t\t\t<\/a>\n\t\t\t<\/div>\n\t\t\t\n\t\t\t\t\t\t<div class=\"elementor-icon-box-content\">\n\n\t\t\t\t\n\t\t\t\t\t\t\t\t\t<p class=\"elementor-icon-box-description\">\n\t\t\t\t\t\tProgettiamo, produciamo e commercializziamo biciclette elettriche perch\u00e9 \u00e8 quello che sappiamo fare meglio. Abbiamo la soluzione perfetta per spostarsi facilmente in citt\u00e0 o in campagna, senza affaticarsi a pedalare, ma facendo esercizio fisico per arrivare dove vuoi. \t\t\t\t\t<\/p>\n\t\t\t\t\n\t\t\t<\/div>\n\t\t\t\n\t\t<\/div>\n\t\t\t\t\t\t<\/div>\n\t\t\t\t<\/div>\n\t\t\t\t<div class=\"elementor-element elementor-element-b13dac5 elementor-button-outline elementor-mobile-align-center elementor-widget elementor-widget-button\" data-id=\"b13dac5\" data-element_type=\"widget\" data-e-type=\"widget\" data-widget_type=\"button.default\">\n\t\t\t\t<div class=\"elementor-widget-container\">\n\t\t\t\t\t\t\t\t\t<div class=\"elementor-button-wrapper\">\n\t\t\t\t\t<a class=\"elementor-button elementor-button-link elementor-size-sm\" href=\"https:\/\/www.urbanbiker.com\/it\/urbanbiker\/\">\n\t\t\t\t\t\t<span class=\"elementor-button-content-wrapper\">\n\t\t\t\t\t\t\t\t\t<span class=\"elementor-button-text\">Incontra il marchio<\/span>\n\t\t\t\t\t<\/span>\n\t\t\t\t\t<\/a>\n\t\t\t\t<\/div>\n\t\t\t\t\t\t\t\t<\/div>\n\t\t\t\t<\/div>\n\t\t\t\t\t<\/div>\n\t\t<\/div>\n\t\t\t\t\t<\/div>\n\t\t<\/section>\n\t\t\t\t<div class=\"elementor-section elementor-inner-section elementor-element elementor-element-eaa7754 elementor-section-boxed elementor-section-height-default elementor-section-height-default\" data-id=\"eaa7754\" data-element_type=\"section\" data-e-type=\"section\">\n\t\t\t\t\t\t<div class=\"elementor-container elementor-column-gap-no\">\n\t\t\t\t\t<div class=\"elementor-column elementor-col-100 elementor-inner-column elementor-element elementor-element-1bc6505\" data-id=\"1bc6505\" data-element_type=\"column\" data-e-type=\"column\">\n\t\t\t<div class=\"elementor-widget-wrap\">\n\t\t\t\t\t\t\t<\/div>\n\t\t<\/div>\n\t\t\t\t\t<\/div>\n\t\t<\/div>\n\t\t\t\t\t<\/div>\n\t\t<\/div>\n\t\t\t\t\t<\/div>\n\t\t<\/div>\n\t\t\t\t<div class=\"elementor-section elementor-top-section elementor-element elementor-element-2ce2208 elementor-section-stretched elementor-section-content-middle elementor-section-boxed elementor-section-height-default elementor-section-height-default\" data-id=\"2ce2208\" data-element_type=\"section\" data-e-type=\"section\" data-settings=\"{&quot;stretch_section&quot;:&quot;section-stretched&quot;,&quot;background_background&quot;:&quot;classic&quot;}\">\n\t\t\t\t\t\t<div class=\"elementor-container elementor-column-gap-no\">\n\t\t\t\t\t<div class=\"elementor-column elementor-col-100 elementor-top-column elementor-element elementor-element-2ff201e\" data-id=\"2ff201e\" data-element_type=\"column\" data-e-type=\"column\">\n\t\t\t<div class=\"elementor-widget-wrap elementor-element-populated\">\n\t\t\t\t\t\t<div class=\"elementor-element elementor-element-d91445c testimonial-column-6 testimonial-column-3 testimonial-column-3 testimonial-column-3 testimonial-column-3 testimonial-column-3 arrow-style-1 dot-style-1 elementor-widget elementor-widget-bikys-testimonials\" data-id=\"d91445c\" data-element_type=\"widget\" data-e-type=\"widget\" data-settings=\"{&quot;autoplay_speed&quot;:5000}\" data-widget_type=\"bikys-testimonials.default\">\n\t\t\t\t<div class=\"elementor-widget-container\">\n\t\t\t\t\t            <div class=\"elementor-testimonial-item-wrapper\">\n\n                <div class=\"row layout-3 alignment-center row bikys-carousel\" data-settings=\"{&quot;centerMode&quot;:false,&quot;variableWidth&quot;:false,&quot;speed&quot;:300,&quot;centerPadding&quot;:&quot;50px&quot;,&quot;navigation&quot;:&quot;dots&quot;,&quot;pauseOnHover&quot;:true,&quot;autoplay&quot;:true,&quot;autoplaySpeed&quot;:5000,&quot;items&quot;:&quot;6&quot;,&quot;items_laptop&quot;:&quot;3&quot;,&quot;items_tablet_extra&quot;:&quot;3&quot;,&quot;items_tablet&quot;:&quot;3&quot;,&quot;items_mobile_extra&quot;:&quot;3&quot;,&quot;items_mobile&quot;:&quot;3&quot;,&quot;loop&quot;:true,&quot;breakpoint_laptop&quot;:1366,&quot;breakpoint_tablet_extra&quot;:1200,&quot;breakpoint_tablet&quot;:1024,&quot;breakpoint_mobile_extra&quot;:880,&quot;breakpoint_mobile&quot;:767,&quot;centerPadding_laptop&quot;:&quot;50px&quot;,&quot;centerPadding_tablet_extra&quot;:&quot;50px&quot;,&quot;centerPadding_tablet&quot;:&quot;50px&quot;,&quot;centerPadding_mobile_extra&quot;:&quot;50px&quot;,&quot;centerPadding_mobile&quot;:&quot;50px&quot;}\">\n                                            <div class=\"column-item elementor-testimonial-item\">\n\n                            <div class=\"inner\">\n                                                                                                <div class=\"testimonial-content\">\n                                                                            <div class=\"content\">\u201cPremio per il \u201cMiglior ecommerce di Le\u00f3n\u201d, in quanto i partecipanti hanno potuto votare diverse aziende durante la giornata. Alla fine, il vincitore \u00e8 stato... UrbanBiker!\"<\/div>\n                                                                        <div class=\"details\">\n\n                                                                                <div class=\"details-info\">\n                                            <span class=\"name\"><a href=\"https:\/\/ecommerce-news.es\/ecommerce-tour-leon-2022\/\">Ecommerce Tour<\/a><\/span>                                                                                            <span class=\"job\">29 sep 2022<\/span>\n                                                                                    <\/div>\n                                    <\/div>\n                                <\/div>\n                            <\/div>\n                        <\/div>\n                                            <div class=\"column-item elementor-testimonial-item\">\n\n                            <div class=\"inner\">\n                                                                                                <div class=\"testimonial-content\">\n                                                                            <div class=\"content\">\u201cUrbanBiker apre una nuova sede per aumentare la produzione giornaliera di biciclette. L'azienda dedicher\u00e0 pi\u00f9 di 18.000 metri quadrati per ampliare, tra l'altro, la produzione, la linea di assemblaggio e lo spazio di stoccaggio.\u201d<\/div>\n                                                                        <div class=\"details\">\n\n                                                                                <div class=\"details-info\">\n                                            <span class=\"name\"><a href=\"https:\/\/bicicleta.cdecomunicacion.es\/fabricantes\/53775\/urbanbiker-nuevas-instalaciones-en-leon-fabricante-e-bikes\">C de Comunicaci\u00f3n<\/a><\/span>                                                                                            <span class=\"job\">10 ago 2023<\/span>\n                                                                                    <\/div>\n                                    <\/div>\n                                <\/div>\n                            <\/div>\n                        <\/div>\n                                            <div class=\"column-item elementor-testimonial-item\">\n\n                            <div class=\"inner\">\n                                                                                                <div class=\"testimonial-content\">\n                                                                            <div class=\"content\">\u201cUrbanBiker: la bicicletta deve essere vista come un mezzo di mobilit\u00e0 e non solo come un divertimento\u201d.<\/div>\n                                                                        <div class=\"details\">\n\n                                                                                <div class=\"details-info\">\n                                            <span class=\"name\"><a href=\"#\">CMD Sport<\/a><\/span>                                                                                            <span class=\"job\">18 abr 2024<\/span>\n                                                                                    <\/div>\n                                    <\/div>\n                                <\/div>\n                            <\/div>\n                        <\/div>\n                                            <div class=\"column-item elementor-testimonial-item\">\n\n                            <div class=\"inner\">\n                                                                                                <div class=\"testimonial-content\">\n                                                                            <div class=\"content\">\u201cUrbanBiker: l'elettricit\u00e0 per la giungla urbana: un marchio di biciclette elettriche progettato per rendere il vostro giro quotidiano in citt\u00e0 un'esperienza perfetta.\u201d<\/div>\n                                                                        <div class=\"details\">\n\n                                                                                <div class=\"details-info\">\n                                            <span class=\"name\"><a href=\"https:\/\/ciclosfera.com\/a\/urbanbiker\">Ciclosfera<\/a><\/span>                                                                                            <span class=\"job\">16 mar 2016<\/span>\n                                                                                    <\/div>\n                                    <\/div>\n                                <\/div>\n                            <\/div>\n                        <\/div>\n                                            <div class=\"column-item elementor-testimonial-item\">\n\n                            <div class=\"inner\">\n                                                                                                <div class=\"testimonial-content\">\n                                                                            <div class=\"content\">\u201cUrbanBiker e MultiSafepay: la cassa perfetta per un successo internazionale. L'obiettivo di UrbanBiker \u00e8 quello di avvicinare il ciclismo alla vita quotidiana non solo degli atleti, ma di tutte le persone che amano pedalare, a prescindere dall'et\u00e0 e dalle condizioni fisiche.\"<\/div>\n                                                                        <div class=\"details\">\n\n                                                                                <div class=\"details-info\">\n                                            <span class=\"name\"><a href=\"https:\/\/www.multisafepay.com\/es_es\/blog\/urbanbiker-y-multisafepay-el-checkout-perfecto-para-un-exito-internacional\">Multisafepay<\/a><\/span>                                                                                            <span class=\"job\">10 ago 2023<\/span>\n                                                                                    <\/div>\n                                    <\/div>\n                                <\/div>\n                            <\/div>\n                        <\/div>\n                                            <div class=\"column-item elementor-testimonial-item\">\n\n                            <div class=\"inner\">\n                                                                                                <div class=\"testimonial-content\">\n                                                                            <div class=\"content\">\u201cUrbanBiker \u00e8 un marchio che produce biciclette elettriche da 11 anni. Vende sia attraverso i distributori che attraverso il canale online. Nel nostro eCommerce Tour di Le\u00f3n sono stati premiati come il miglior eCommerce di Le\u00f3n.\u201d<\/div>\n                                                                        <div class=\"details\">\n\n                                                                                <div class=\"details-info\">\n                                            <span class=\"name\"><a href=\"#\">Ecommerce news<\/a><\/span>                                                                                            <span class=\"job\">15 dic 2022<\/span>\n                                                                                    <\/div>\n                                    <\/div>\n                                <\/div>\n                            <\/div>\n                        <\/div>\n                                    <\/div>\n                                    <div class=\"testimonial-image-wrap\">\n                        <div class=\"testimonial-image-style\">\n                                                                        <div class=\"elementor-testimonial-image\">\n                <img loading=\"lazy\" decoding=\"async\" width=\"300\" height=\"259\" src=\"https:\/\/www.urbanbiker.com\/wp-content\/uploads\/2024\/11\/ecommerce-tour.jpg\" class=\"attachment-full size-full wp-image-31612\" alt=\"ecommerce tour\" \/>            <\/div>\n                                                                                <div class=\"elementor-testimonial-image\">\n                <img loading=\"lazy\" decoding=\"async\" width=\"512\" height=\"512\" src=\"https:\/\/www.urbanbiker.com\/wp-content\/uploads\/2024\/11\/cdecomunicacion.webp\" class=\"attachment-full size-full wp-image-31600\" alt=\"\" srcset=\"https:\/\/www.urbanbiker.com\/wp-content\/uploads\/2024\/11\/cdecomunicacion.webp 512w, https:\/\/www.urbanbiker.com\/wp-content\/uploads\/2024\/11\/cdecomunicacion-300x300.webp 300w, https:\/\/www.urbanbiker.com\/wp-content\/uploads\/2024\/11\/cdecomunicacion-150x150.webp 150w, https:\/\/www.urbanbiker.com\/wp-content\/uploads\/2024\/11\/cdecomunicacion-450x450.webp 450w, https:\/\/www.urbanbiker.com\/wp-content\/uploads\/2024\/11\/cdecomunicacion-100x100.webp 100w, https:\/\/www.urbanbiker.com\/wp-content\/uploads\/2024\/11\/cdecomunicacion-50x50.webp 50w, https:\/\/www.urbanbiker.com\/wp-content\/uploads\/2024\/11\/cdecomunicacion-96x96.webp 96w, https:\/\/www.urbanbiker.com\/wp-content\/uploads\/2024\/11\/cdecomunicacion-460x460.webp 460w\" sizes=\"(max-width: 512px) 100vw, 512px\" \/>            <\/div>\n                                                                                <div class=\"elementor-testimonial-image\">\n                <img loading=\"lazy\" decoding=\"async\" width=\"250\" height=\"250\" src=\"https:\/\/www.urbanbiker.com\/wp-content\/uploads\/2024\/11\/logo-cmd-sport.jpg\" class=\"attachment-full size-full wp-image-31607\" alt=\"\" srcset=\"https:\/\/www.urbanbiker.com\/wp-content\/uploads\/2024\/11\/logo-cmd-sport.jpg 250w, https:\/\/www.urbanbiker.com\/wp-content\/uploads\/2024\/11\/logo-cmd-sport-150x150.jpg 150w, https:\/\/www.urbanbiker.com\/wp-content\/uploads\/2024\/11\/logo-cmd-sport-100x100.jpg 100w, https:\/\/www.urbanbiker.com\/wp-content\/uploads\/2024\/11\/logo-cmd-sport-50x50.jpg 50w, https:\/\/www.urbanbiker.com\/wp-content\/uploads\/2024\/11\/logo-cmd-sport-96x96.jpg 96w\" sizes=\"(max-width: 250px) 100vw, 250px\" \/>            <\/div>\n                                                                                <div class=\"elementor-testimonial-image\">\n                <img loading=\"lazy\" decoding=\"async\" width=\"225\" height=\"225\" src=\"https:\/\/www.urbanbiker.com\/wp-content\/uploads\/2024\/11\/ciclosfera.png\" class=\"attachment-full size-full wp-image-31598\" alt=\"\" srcset=\"https:\/\/www.urbanbiker.com\/wp-content\/uploads\/2024\/11\/ciclosfera.png 225w, https:\/\/www.urbanbiker.com\/wp-content\/uploads\/2024\/11\/ciclosfera-150x150.png 150w, https:\/\/www.urbanbiker.com\/wp-content\/uploads\/2024\/11\/ciclosfera-100x100.png 100w, https:\/\/www.urbanbiker.com\/wp-content\/uploads\/2024\/11\/ciclosfera-50x50.png 50w, https:\/\/www.urbanbiker.com\/wp-content\/uploads\/2024\/11\/ciclosfera-96x96.png 96w\" sizes=\"(max-width: 225px) 100vw, 225px\" \/>            <\/div>\n                                                                                <div class=\"elementor-testimonial-image\">\n                <img loading=\"lazy\" decoding=\"async\" width=\"280\" height=\"280\" src=\"https:\/\/www.urbanbiker.com\/wp-content\/uploads\/2024\/11\/multisafepay.png\" class=\"attachment-full size-full wp-image-31599\" alt=\"multisafepay\" srcset=\"https:\/\/www.urbanbiker.com\/wp-content\/uploads\/2024\/11\/multisafepay.png 280w, https:\/\/www.urbanbiker.com\/wp-content\/uploads\/2024\/11\/multisafepay-150x150.png 150w, https:\/\/www.urbanbiker.com\/wp-content\/uploads\/2024\/11\/multisafepay-100x100.png 100w, https:\/\/www.urbanbiker.com\/wp-content\/uploads\/2024\/11\/multisafepay-50x50.png 50w, https:\/\/www.urbanbiker.com\/wp-content\/uploads\/2024\/11\/multisafepay-96x96.png 96w\" sizes=\"(max-width: 280px) 100vw, 280px\" \/>            <\/div>\n                                                                                <div class=\"elementor-testimonial-image\">\n                <img loading=\"lazy\" decoding=\"async\" width=\"225\" height=\"225\" src=\"https:\/\/www.urbanbiker.com\/wp-content\/uploads\/2024\/11\/ecommerce-news.jpg\" class=\"attachment-full size-full wp-image-31594\" alt=\"ecommerce news\" srcset=\"https:\/\/www.urbanbiker.com\/wp-content\/uploads\/2024\/11\/ecommerce-news.jpg 225w, https:\/\/www.urbanbiker.com\/wp-content\/uploads\/2024\/11\/ecommerce-news-150x150.jpg 150w, https:\/\/www.urbanbiker.com\/wp-content\/uploads\/2024\/11\/ecommerce-news-100x100.jpg 100w, https:\/\/www.urbanbiker.com\/wp-content\/uploads\/2024\/11\/ecommerce-news-50x50.jpg 50w, https:\/\/www.urbanbiker.com\/wp-content\/uploads\/2024\/11\/ecommerce-news-96x96.jpg 96w\" sizes=\"(max-width: 225px) 100vw, 225px\" \/>            <\/div>\n                                                            <\/div>\n                    <\/div>\n                            <\/div>\n            \t\t\t\t<\/div>\n\t\t\t\t<\/div>\n\t\t\t\t\t<\/div>\n\t\t<\/div>\n\t\t\t\t\t<\/div>\n\t\t<\/div>\n\t\t\t\t<div class=\"elementor-section elementor-top-section elementor-element elementor-element-88db2ed elementor-section-stretched elementor-section-boxed elementor-section-height-default elementor-section-height-default\" data-id=\"88db2ed\" data-element_type=\"section\" data-e-type=\"section\" data-settings=\"{&quot;stretch_section&quot;:&quot;section-stretched&quot;}\">\n\t\t\t\t\t\t<div class=\"elementor-container elementor-column-gap-no\">\n\t\t\t\t\t<div class=\"elementor-column elementor-col-50 elementor-top-column elementor-element elementor-element-edea55d\" data-id=\"edea55d\" data-element_type=\"column\" data-e-type=\"column\">\n\t\t\t<div class=\"elementor-widget-wrap elementor-element-populated\">\n\t\t\t\t\t\t<div class=\"elementor-element elementor-element-feb2613 elementor-widget__width-auto elementor-view-default elementor-widget elementor-widget-icon\" data-id=\"feb2613\" data-element_type=\"widget\" data-e-type=\"widget\" data-widget_type=\"icon.default\">\n\t\t\t\t<div class=\"elementor-widget-container\">\n\t\t\t\t\t\t\t<div class=\"elementor-icon-wrapper\">\n\t\t\t<div class=\"elementor-icon\">\n\t\t\t<i aria-hidden=\"true\" class=\"fas fa-square-full\"><\/i>\t\t\t<\/div>\n\t\t<\/div>\n\t\t\t\t\t\t<\/div>\n\t\t\t\t<\/div>\n\t\t\t\t<div class=\"elementor-element elementor-element-84a72d2 elementor-widget__width-auto elementor-widget elementor-widget-heading\" data-id=\"84a72d2\" data-element_type=\"widget\" data-e-type=\"widget\" data-widget_type=\"heading.default\">\n\t\t\t\t<div class=\"elementor-widget-container\">\n\t\t\t\t\t<h2 class=\"elementor-heading-title elementor-size-default\">Ultime notizie<\/h2>\t\t\t\t<\/div>\n\t\t\t\t<\/div>\n\t\t\t\t\t<\/div>\n\t\t<\/div>\n\t\t\t\t<div class=\"elementor-column elementor-col-50 elementor-top-column elementor-element elementor-element-39b7208\" data-id=\"39b7208\" data-element_type=\"column\" data-e-type=\"column\">\n\t\t\t<div class=\"elementor-widget-wrap elementor-element-populated\">\n\t\t\t\t\t\t<div class=\"elementor-element elementor-element-0a6e7d6 elementor-align-right elementor-mobile-align-center elementor-button-outline elementor-widget elementor-widget-button\" data-id=\"0a6e7d6\" data-element_type=\"widget\" data-e-type=\"widget\" data-widget_type=\"button.default\">\n\t\t\t\t<div class=\"elementor-widget-container\">\n\t\t\t\t\t\t\t\t\t<div class=\"elementor-button-wrapper\">\n\t\t\t\t\t<a class=\"elementor-button elementor-button-link elementor-size-sm\" href=\"https:\/\/www.urbanbiker.com\/it\/notizie\/\">\n\t\t\t\t\t\t<span class=\"elementor-button-content-wrapper\">\n\t\t\t\t\t\t\t\t\t<span class=\"elementor-button-text\">VEDI TUTTO<\/span>\n\t\t\t\t\t<\/span>\n\t\t\t\t\t<\/a>\n\t\t\t\t<\/div>\n\t\t\t\t\t\t\t\t<\/div>\n\t\t\t\t<\/div>\n\t\t\t\t\t<\/div>\n\t\t<\/div>\n\t\t\t\t\t<\/div>\n\t\t<\/div>\n\t\t\t\t<div class=\"elementor-section elementor-top-section elementor-element elementor-element-dfea347 elementor-section-stretched elementor-section-boxed elementor-section-height-default elementor-section-height-default\" data-id=\"dfea347\" data-element_type=\"section\" data-e-type=\"section\" data-settings=\"{&quot;stretch_section&quot;:&quot;section-stretched&quot;}\">\n\t\t\t\t\t\t<div class=\"elementor-container elementor-column-gap-no\">\n\t\t\t\t\t<div class=\"elementor-column elementor-col-100 elementor-top-column elementor-element elementor-element-6d407ab\" data-id=\"6d407ab\" data-element_type=\"column\" data-e-type=\"column\">\n\t\t\t<div class=\"elementor-widget-wrap elementor-element-populated\">\n\t\t\t\t\t\t<div class=\"elementor-element elementor-element-83ae3c0 arrow-style-1 dot-style-1 elementor-widget elementor-widget-bikys-post-grid\" data-id=\"83ae3c0\" data-element_type=\"widget\" data-e-type=\"widget\" data-widget_type=\"bikys-post-grid.default\">\n\t\t\t\t<div class=\"elementor-widget-container\">\n\t\t\t\t\t        <div class=\"elementor-post-wrapper\">\n            <div class=\"row\" data-elementor-columns=\"3\" data-elementor-columns-tablet=\"2\" data-elementor-columns-mobile=\"1\">\n\n                <div class=\"column-item post-style-1\">\n    <div class=\"post-inner\">\n        <div class=\"post-thumbnail\"><div class=\"categories-link\"><span class=\"screen-reader-text\">Categorie<\/span><a href=\"https:\/\/www.urbanbiker.com\/it\/categoria\/consigli\/\" rel=\"category tag\">Consigli<\/a> <a href=\"https:\/\/www.urbanbiker.com\/it\/categoria\/mobilita-sostenibile\/\" rel=\"category tag\">Mobilit\u00e0 sostenibile<\/a><\/div><img loading=\"lazy\" decoding=\"async\" width=\"940\" height=\"1040\" src=\"https:\/\/www.urbanbiker.com\/wp-content\/uploads\/2026\/03\/Baterias-UrbanBiker-940x1040.png\" class=\"attachment-bikys-post-grid size-bikys-post-grid wp-post-image\" alt=\"\" \/><\/div>        <div class=\"post-content\">\n            <div class=\"entry-header\">\n                <h3 class=\"sigma entry-title\"><a href=\"https:\/\/www.urbanbiker.com\/it\/batterie-al-litio-e-mobilita-elettrica-cosa-ce-dietro-a-una-urbanbiker\/\" rel=\"bookmark\">Batterie al litio e mobilit\u00e0 elettrica: cosa c&#8217;\u00e8 dietro a una UrbanBiker<\/a><\/h3>                <div class=\"entry-meta\">\n                      <div class=\"posted-on\"><a href=\"https:\/\/www.urbanbiker.com\/it\/batterie-al-litio-e-mobilita-elettrica-cosa-ce-dietro-a-una-urbanbiker\/\" rel=\"bookmark\">11 Marzo 2026<\/a><\/div> <div class=\"post-author\"><span class=\"text-author\">PUBBLICATO DA <\/span><a href=\"https:\/\/www.urbanbiker.com\/it\/author\/urbanbikeres\/\" class=\"url fn\" rel=\"author\">UrbanBiker Espa\u00f1a<\/a><\/div>                <\/div>\n            <\/div>\n        <\/div>\n    <\/div>\n<\/div>\n<div class=\"column-item post-style-1\">\n    <div class=\"post-inner\">\n        <div class=\"post-thumbnail\"><div class=\"categories-link\"><span class=\"screen-reader-text\">Categorie<\/span><a href=\"https:\/\/www.urbanbiker.com\/it\/categoria\/notizie\/\" rel=\"category tag\">Notizie<\/a><\/div><img loading=\"lazy\" decoding=\"async\" width=\"940\" height=\"1040\" src=\"https:\/\/www.urbanbiker.com\/wp-content\/uploads\/2026\/03\/Urbanbiker-prensa-940x1040.png\" class=\"attachment-bikys-post-grid size-bikys-post-grid wp-post-image\" alt=\"\" \/><\/div>        <div class=\"post-content\">\n            <div class=\"entry-header\">\n                <h3 class=\"sigma entry-title\"><a href=\"https:\/\/www.urbanbiker.com\/it\/urbanbiker-su-tradebike-crescita-e-uso-reale-della-e-bike\/\" rel=\"bookmark\">UrbanBiker su TradeBike: crescita e uso reale della e-bike<\/a><\/h3>                <div class=\"entry-meta\">\n                      <div class=\"posted-on\"><a href=\"https:\/\/www.urbanbiker.com\/it\/urbanbiker-su-tradebike-crescita-e-uso-reale-della-e-bike\/\" rel=\"bookmark\">10 Marzo 2026<\/a><\/div> <div class=\"post-author\"><span class=\"text-author\">PUBBLICATO DA <\/span><a href=\"https:\/\/www.urbanbiker.com\/it\/author\/urbanbikeres\/\" class=\"url fn\" rel=\"author\">UrbanBiker Espa\u00f1a<\/a><\/div>                <\/div>\n            <\/div>\n        <\/div>\n    <\/div>\n<\/div>\n<div class=\"column-item post-style-1\">\n    <div class=\"post-inner\">\n        <div class=\"post-thumbnail\"><div class=\"categories-link\"><span class=\"screen-reader-text\">Categorie<\/span><a href=\"https:\/\/www.urbanbiker.com\/it\/categoria\/mobilita-sostenibile\/\" rel=\"category tag\">Mobilit\u00e0 sostenibile<\/a> <a href=\"https:\/\/www.urbanbiker.com\/it\/categoria\/notizie\/\" rel=\"category tag\">Notizie<\/a><\/div><img loading=\"lazy\" decoding=\"async\" width=\"940\" height=\"1040\" src=\"https:\/\/www.urbanbiker.com\/wp-content\/uploads\/2025\/12\/Portada-entradas-blog-1-940x1040.png\" class=\"attachment-bikys-post-grid size-bikys-post-grid wp-post-image\" alt=\"\" \/><\/div>        <div class=\"post-content\">\n            <div class=\"entry-header\">\n                <h3 class=\"sigma entry-title\"><a href=\"https:\/\/www.urbanbiker.com\/it\/urbanbiker-refuerza-presencia-alemania\/\" rel=\"bookmark\">UrbanBiker en Alemania: cinco a\u00f1os creciendo en uno de los mercados m\u00e1s exigentes de la ebike<\/a><\/h3>                <div class=\"entry-meta\">\n                      <div class=\"posted-on\"><a href=\"https:\/\/www.urbanbiker.com\/it\/urbanbiker-refuerza-presencia-alemania\/\" rel=\"bookmark\">27 Gennaio 2026<\/a><\/div> <div class=\"post-author\"><span class=\"text-author\">PUBBLICATO DA <\/span><a href=\"https:\/\/www.urbanbiker.com\/it\/author\/urbanbikeres\/\" class=\"url fn\" rel=\"author\">UrbanBiker Espa\u00f1a<\/a><\/div>                <\/div>\n            <\/div>\n        <\/div>\n    <\/div>\n<\/div>\n            <\/div>\n\n                    <\/div>\n        \t\t\t\t<\/div>\n\t\t\t\t<\/div>\n\t\t\t\t\t<\/div>\n\t\t<\/div>\n\t\t\t\t\t<\/div>\n\t\t<\/div>\n\t\t\t\t<div class=\"elementor-section elementor-top-section elementor-element elementor-element-112d624 elementor-section-stretched elementor-section-boxed elementor-section-height-default elementor-section-height-default\" data-id=\"112d624\" data-element_type=\"section\" data-e-type=\"section\" data-settings=\"{&quot;stretch_section&quot;:&quot;section-stretched&quot;}\">\n\t\t\t\t\t\t<div class=\"elementor-container elementor-column-gap-no\">\n\t\t\t\t\t<div class=\"elementor-column elementor-col-50 elementor-top-column elementor-element elementor-element-9c5a977\" data-id=\"9c5a977\" data-element_type=\"column\" data-e-type=\"column\">\n\t\t\t<div class=\"elementor-widget-wrap elementor-element-populated\">\n\t\t\t\t\t\t<div class=\"elementor-element elementor-element-2c39044 elementor-cta--valign-middle button-banner-style-bikys-outline elementor-bg-transform elementor-bg-transform-zoom-in elementor-widget elementor-widget-bikys-banner\" data-id=\"2c39044\" data-element_type=\"widget\" data-e-type=\"widget\" data-widget_type=\"bikys-banner.default\">\n\t\t\t\t<div class=\"elementor-widget-container\">\n\t\t\t\t\t        <a href=\"https:\/\/www.youtube.com\/channel\/UCWR__uH_RWJF-OhPfz-9-Qw\" target=\"_blank\" rel=\"nofollow\" class=\"elementor-cta--skin-cover elementor-cta elementor-bikys-banner\">\n                <div class=\"elementor-cta__bg-wrapper\">\n            <div class=\"elementor-cta__bg elementor-bg\" style=\"background-image: url(https:\/\/www.urbanbiker.com\/wp-content\/uploads\/2024\/11\/youtube-urbanbiker.jpg);\"><\/div>\n            <div class=\"elementor-cta__bg-overlay\"><\/div>\n        <\/div>\n            <div class=\"elementor-cta__content\">\n        <div class=\"elementor-cta__content_inner\">\n                <h3 class=\"elementor-cta__title elementor-cta__content-item elementor-content-item\">\n        \n                    <span class=\"elementor-headline-dynamic-wrapper elementor-headline-text-wrapper\">\n                            <span class=\"elementor-headline-dynamic-text elementor-headline-text-active\">youtube<\/span>\n                        <\/span>\n        \n                <\/h3>\n                <div class=\"elementor-cta__subtitle elementor-cta__content-item elementor-content-item\">\n            <span>consigli, allestimenti...<\/span>\n        <\/div>\n            \n            <div class=\"elementor-cta__button-wrapper elementor-cta__content-item elementor-content-item \">\n        <span class=\"elementor-cta__button elementor-button\">\n        <span class=\"elementor-cta__button-content-wrapper\">\n                                <span class=\"elementor-cta__button-text\"> abbonarsi <\/span>\n                            <\/span>\n        <\/span>\n        <\/div>\n            <\/div>\n        <\/div>\n        <\/a>\n        \t\t\t\t<\/div>\n\t\t\t\t<\/div>\n\t\t\t\t\t<\/div>\n\t\t<\/div>\n\t\t\t\t<div class=\"elementor-column elementor-col-50 elementor-top-column elementor-element elementor-element-69bafb3\" data-id=\"69bafb3\" data-element_type=\"column\" data-e-type=\"column\">\n\t\t\t<div class=\"elementor-widget-wrap elementor-element-populated\">\n\t\t\t\t\t\t<div class=\"elementor-element elementor-element-6148548 elementor-cta--valign-middle button-banner-style-bikys-outline elementor-bg-transform elementor-bg-transform-zoom-in elementor-widget elementor-widget-bikys-banner\" data-id=\"6148548\" data-element_type=\"widget\" data-e-type=\"widget\" data-widget_type=\"bikys-banner.default\">\n\t\t\t\t<div class=\"elementor-widget-container\">\n\t\t\t\t\t        <a href=\"https:\/\/urbanbiker.zendesk.com\/\" target=\"_blank\" rel=\"nofollow\" class=\"elementor-cta--skin-cover elementor-cta elementor-bikys-banner\">\n                <div class=\"elementor-cta__bg-wrapper\">\n            <div class=\"elementor-cta__bg elementor-bg\" style=\"background-image: url(https:\/\/www.urbanbiker.com\/wp-content\/uploads\/2024\/11\/centro-de-ayuda-1.jpg);\"><\/div>\n            <div class=\"elementor-cta__bg-overlay\"><\/div>\n        <\/div>\n            <div class=\"elementor-cta__content\">\n        <div class=\"elementor-cta__content_inner\">\n                <h3 class=\"elementor-cta__title elementor-cta__content-item elementor-content-item\">\n                    <span class=\"elementor-headline-before-text elementor-headline-text-wrapper\">CENTRO <br><\/span>\n        \n                    <span class=\"elementor-headline-dynamic-wrapper elementor-headline-text-wrapper\">\n                            <span class=\"elementor-headline-dynamic-text elementor-headline-text-active\">DI AIUTO<\/span>\n                        <\/span>\n        \n                <\/h3>\n                <div class=\"elementor-cta__subtitle elementor-cta__content-item elementor-content-item\">\n            <span>manuales, soluciones...<\/span>\n        <\/div>\n            \n            <div class=\"elementor-cta__button-wrapper elementor-cta__content-item elementor-content-item \">\n        <span class=\"elementor-cta__button elementor-button\">\n        <span class=\"elementor-cta__button-content-wrapper\">\n                                <span class=\"elementor-cta__button-text\"> entrare <\/span>\n                            <\/span>\n        <\/span>\n        <\/div>\n            <\/div>\n        <\/div>\n        <\/a>\n        \t\t\t\t<\/div>\n\t\t\t\t<\/div>\n\t\t\t\t\t<\/div>\n\t\t<\/div>\n\t\t\t\t\t<\/div>\n\t\t<\/div>\n\t\t\t\t<div class=\"elementor-section elementor-top-section elementor-element elementor-element-4eae922 elementor-section-full_width elementor-section-stretched elementor-section-height-default elementor-section-height-default\" data-id=\"4eae922\" data-element_type=\"section\" data-e-type=\"section\" data-settings=\"{&quot;stretch_section&quot;:&quot;section-stretched&quot;}\">\n\t\t\t\t\t\t<div class=\"elementor-container elementor-column-gap-no\">\n\t\t\t\t\t<div class=\"elementor-column elementor-col-50 elementor-top-column elementor-element elementor-element-3e0b3e3\" data-id=\"3e0b3e3\" data-element_type=\"column\" data-e-type=\"column\">\n\t\t\t<div class=\"elementor-widget-wrap elementor-element-populated\">\n\t\t\t\t\t\t<div class=\"elementor-element elementor-element-b2da8a0 arrow-style-1 dot-style-1 elementor-widget elementor-widget-bikys-image-gallery\" data-id=\"b2da8a0\" data-element_type=\"widget\" data-e-type=\"widget\" data-widget_type=\"bikys-image-gallery.default\">\n\t\t\t\t<div class=\"elementor-widget-container\">\n\t\t\t\t\t\n        <div class=\"elementor-opal-image-gallery\">\n            <div class=\"row grid row\" data-elementor-columns=\"5\" data-elementor-columns-laptop=\"5\" data-elementor-columns-tablet-extra=\"5\" data-elementor-columns-tablet=\"5\" data-elementor-columns-mobile-extra=\"5\" data-elementor-columns-mobile=\"5\">\n                                    <div class=\"column-item grid__item masonry-item__all gallery_group_0\">\n                        <a data-elementor-open-lightbox=\"yes\" data-elementor-lightbox-slideshow=\"b2da8a0\"                           href=\"https:\/\/www.urbanbiker.com\/wp-content\/uploads\/2024\/10\/3-Urbanbiker.jpg\">\n                            <img decoding=\"async\" src=\"https:\/\/www.urbanbiker.com\/wp-content\/uploads\/2024\/10\/3-Urbanbiker.jpg\"\n                                 alt=\"Bicicletas el\u00e9ctricas Urbanbiker\"\/>\n                        <\/a>\n                    <\/div>\n                                    <div class=\"column-item grid__item masonry-item__all gallery_group_0\">\n                        <a data-elementor-open-lightbox=\"yes\" data-elementor-lightbox-slideshow=\"b2da8a0\"                           href=\"https:\/\/www.urbanbiker.com\/wp-content\/uploads\/2024\/10\/4-Urbanbiker.jpg\">\n                            <img decoding=\"async\" src=\"https:\/\/www.urbanbiker.com\/wp-content\/uploads\/2024\/10\/4-Urbanbiker.jpg\"\n                                 alt=\"Bicicletas el\u00e9ctricas Urbanbiker\"\/>\n                        <\/a>\n                    <\/div>\n                                    <div class=\"column-item grid__item masonry-item__all gallery_group_0\">\n                        <a data-elementor-open-lightbox=\"yes\" data-elementor-lightbox-slideshow=\"b2da8a0\"                           href=\"https:\/\/www.urbanbiker.com\/wp-content\/uploads\/2024\/10\/Urbanbiker_Dakota-122M-PLUS5.jpg\">\n                            <img decoding=\"async\" src=\"https:\/\/www.urbanbiker.com\/wp-content\/uploads\/2024\/10\/Urbanbiker_Dakota-122M-PLUS5.jpg\"\n                                 alt=\"Bicicletas el\u00e9ctricas Urbanbiker\"\/>\n                        <\/a>\n                    <\/div>\n                                    <div class=\"column-item grid__item masonry-item__all gallery_group_0\">\n                        <a data-elementor-open-lightbox=\"yes\" data-elementor-lightbox-slideshow=\"b2da8a0\"                           href=\"https:\/\/www.urbanbiker.com\/wp-content\/uploads\/2024\/10\/1-Urbanbiker.jpg\">\n                            <img decoding=\"async\" src=\"https:\/\/www.urbanbiker.com\/wp-content\/uploads\/2024\/10\/1-Urbanbiker.jpg\"\n                                 alt=\"Bicicletas el\u00e9ctricas Urbanbiker\"\/>\n                        <\/a>\n                    <\/div>\n                                    <div class=\"column-item grid__item masonry-item__all gallery_group_0\">\n                        <a data-elementor-open-lightbox=\"yes\" data-elementor-lightbox-slideshow=\"b2da8a0\"                           href=\"https:\/\/www.urbanbiker.com\/wp-content\/uploads\/2024\/10\/2-Urbanbiker.jpg\">\n                            <img decoding=\"async\" src=\"https:\/\/www.urbanbiker.com\/wp-content\/uploads\/2024\/10\/2-Urbanbiker.jpg\"\n                                 alt=\"Bicicletas el\u00e9ctricas Urbanbiker\"\/>\n                        <\/a>\n                    <\/div>\n                            <\/div>\n        <\/div>\n\n        \t\t\t\t<\/div>\n\t\t\t\t<\/div>\n\t\t\t\t\t<\/div>\n\t\t<\/div>\n\t\t\t\t<div class=\"elementor-column elementor-col-50 elementor-top-column elementor-element elementor-element-14af137\" data-id=\"14af137\" data-element_type=\"column\" data-e-type=\"column\" data-settings=\"{&quot;background_background&quot;:&quot;classic&quot;}\">\n\t\t\t<div class=\"elementor-widget-wrap elementor-element-populated\">\n\t\t\t\t\t<div class=\"elementor-background-overlay\"><\/div>\n\t\t\t\t\t\t<div class=\"elementor-element elementor-element-9d41d80 elementor-view-default elementor-position-block-start elementor-mobile-position-block-start elementor-widget elementor-widget-icon-box\" data-id=\"9d41d80\" data-element_type=\"widget\" data-e-type=\"widget\" data-widget_type=\"icon-box.default\">\n\t\t\t\t<div class=\"elementor-widget-container\">\n\t\t\t\t\t\t\t<div class=\"elementor-icon-box-wrapper\">\n\n\t\t\t\t\t\t<div class=\"elementor-icon-box-icon\">\n\t\t\t\t<a href=\"https:\/\/www.instagram.com\/urbanbiker_\" class=\"elementor-icon\" tabindex=\"-1\" aria-label=\"TAG US\">\n\t\t\t\t<i aria-hidden=\"true\" class=\"fab fa-instagram\"><\/i>\t\t\t\t<\/a>\n\t\t\t<\/div>\n\t\t\t\n\t\t\t\t\t\t<div class=\"elementor-icon-box-content\">\n\n\t\t\t\t\t\t\t\t\t<h3 class=\"elementor-icon-box-title\">\n\t\t\t\t\t\t<a href=\"https:\/\/www.instagram.com\/urbanbiker_\" >\n\t\t\t\t\t\t\tTAG US\t\t\t\t\t\t<\/a>\n\t\t\t\t\t<\/h3>\n\t\t\t\t\n\t\t\t\t\t\t\t\t\t<p class=\"elementor-icon-box-description\">\n\t\t\t\t\t\t@urbanbiker_\t\t\t\t\t<\/p>\n\t\t\t\t\n\t\t\t<\/div>\n\t\t\t\n\t\t<\/div>\n\t\t\t\t\t\t<\/div>\n\t\t\t\t<\/div>\n\t\t\t\t\t<\/div>\n\t\t<\/div>\n\t\t\t\t\t<\/div>\n\t\t<\/div>\n\t\t\t\t<\/div>\n\t\t","protected":false},"excerpt":{"rendered":"<p>URBANBIKER EBIKES vedi tutto COMPONENTI ORIGINALI vedi tutto DISTRIBUIDORES OFICIALES vedi tutto E-Bikes Urbane VEDI TUTTO berna ebike per bambini Progettata per i ciclisti pi\u00f9 piccoli. Motore Bafang da 250W, batteria da 360Wh (36V 10Ah) e freni idraulici per potenza, autonomia e controllo durante la pedalata. Se hai un&#8217;altezza compresa tra 1,35 e 1,50 questa [&hellip;]<\/p>\n","protected":false},"author":1,"featured_media":0,"parent":0,"menu_order":0,"comment_status":"closed","ping_status":"closed","template":"","meta":{"footnotes":""},"class_list":["post-36724","page","type-page","status-publish","hentry"],"yoast_head":"<!-- This site is optimized with the Yoast SEO plugin v27.5 - https:\/\/yoast.com\/product\/yoast-seo-wordpress\/ -->\n<title>Inizio UrbanBiker<\/title>\n<meta name=\"description\" content=\"Inizio UrbanBiker\" \/>\n<meta name=\"robots\" content=\"index, follow, max-snippet:-1, max-image-preview:large, max-video-preview:-1\" \/>\n<link rel=\"canonical\" href=\"https:\/\/www.urbanbiker.com\/it\/\" \/>\n<meta property=\"og:locale\" content=\"it_IT\" \/>\n<meta property=\"og:type\" content=\"article\" \/>\n<meta property=\"og:title\" content=\"Inizio UrbanBiker\" \/>\n<meta property=\"og:description\" content=\"Inizio UrbanBiker\" \/>\n<meta property=\"og:url\" content=\"https:\/\/www.urbanbiker.com\/it\/\" \/>\n<meta property=\"og:site_name\" content=\"UrbanBiker\" \/>\n<meta property=\"article:publisher\" content=\"https:\/\/www.facebook.com\/Urbanbikerbiciselectricas\" \/>\n<meta property=\"article:modified_time\" content=\"2026-02-27T10:08:24+00:00\" \/>\n<meta property=\"og:image\" content=\"https:\/\/www.urbanbiker.com\/wp-content\/uploads\/2025\/04\/1-UB300-450x450.jpg\" \/>\n<meta name=\"twitter:card\" content=\"summary_large_image\" \/>\n<meta name=\"twitter:label1\" content=\"Tempo di lettura stimato\" \/>\n\t<meta name=\"twitter:data1\" content=\"8 minuti\" \/>\n<script type=\"application\/ld+json\" class=\"yoast-schema-graph\">{\"@context\":\"https:\\\/\\\/schema.org\",\"@graph\":[{\"@type\":\"WebPage\",\"@id\":\"https:\\\/\\\/www.urbanbiker.com\\\/it\\\/\",\"url\":\"https:\\\/\\\/www.urbanbiker.com\\\/it\\\/\",\"name\":\"Inizio UrbanBiker\",\"isPartOf\":{\"@id\":\"https:\\\/\\\/www.urbanbiker.com\\\/it\\\/#website\"},\"primaryImageOfPage\":{\"@id\":\"https:\\\/\\\/www.urbanbiker.com\\\/it\\\/#primaryimage\"},\"image\":{\"@id\":\"https:\\\/\\\/www.urbanbiker.com\\\/it\\\/#primaryimage\"},\"thumbnailUrl\":\"https:\\\/\\\/www.urbanbiker.com\\\/wp-content\\\/uploads\\\/2025\\\/04\\\/1-UB300-450x450.jpg\",\"datePublished\":\"2024-10-24T14:08:51+00:00\",\"dateModified\":\"2026-02-27T10:08:24+00:00\",\"description\":\"Inizio UrbanBiker\",\"breadcrumb\":{\"@id\":\"https:\\\/\\\/www.urbanbiker.com\\\/it\\\/#breadcrumb\"},\"inLanguage\":\"it-IT\",\"potentialAction\":[{\"@type\":\"ReadAction\",\"target\":[\"https:\\\/\\\/www.urbanbiker.com\\\/it\\\/\"]}]},{\"@type\":\"ImageObject\",\"inLanguage\":\"it-IT\",\"@id\":\"https:\\\/\\\/www.urbanbiker.com\\\/it\\\/#primaryimage\",\"url\":\"https:\\\/\\\/www.urbanbiker.com\\\/wp-content\\\/uploads\\\/2025\\\/04\\\/1-UB300-450x450.jpg\",\"contentUrl\":\"https:\\\/\\\/www.urbanbiker.com\\\/wp-content\\\/uploads\\\/2025\\\/04\\\/1-UB300-450x450.jpg\"},{\"@type\":\"BreadcrumbList\",\"@id\":\"https:\\\/\\\/www.urbanbiker.com\\\/it\\\/#breadcrumb\",\"itemListElement\":[{\"@type\":\"ListItem\",\"position\":1,\"name\":\"Portada\",\"item\":\"https:\\\/\\\/www.urbanbiker.com\\\/it\\\/\"},{\"@type\":\"ListItem\",\"position\":2,\"name\":\"Inizio UrbanBiker\"}]},{\"@type\":\"WebSite\",\"@id\":\"https:\\\/\\\/www.urbanbiker.com\\\/it\\\/#website\",\"url\":\"https:\\\/\\\/www.urbanbiker.com\\\/it\\\/\",\"name\":\"UrbanBiker\",\"description\":\"Biciclette elettriche\",\"publisher\":{\"@id\":\"https:\\\/\\\/www.urbanbiker.com\\\/it\\\/#organization\"},\"potentialAction\":[{\"@type\":\"SearchAction\",\"target\":{\"@type\":\"EntryPoint\",\"urlTemplate\":\"https:\\\/\\\/www.urbanbiker.com\\\/it\\\/?s={search_term_string}\"},\"query-input\":{\"@type\":\"PropertyValueSpecification\",\"valueRequired\":true,\"valueName\":\"search_term_string\"}}],\"inLanguage\":\"it-IT\"},{\"@type\":\"Organization\",\"@id\":\"https:\\\/\\\/www.urbanbiker.com\\\/it\\\/#organization\",\"name\":\"UrbanBiker\",\"url\":\"https:\\\/\\\/www.urbanbiker.com\\\/it\\\/\",\"logo\":{\"@type\":\"ImageObject\",\"inLanguage\":\"it-IT\",\"@id\":\"https:\\\/\\\/www.urbanbiker.com\\\/it\\\/#\\\/schema\\\/logo\\\/image\\\/\",\"url\":\"https:\\\/\\\/www.urbanbiker.com\\\/wp-content\\\/uploads\\\/2022\\\/09\\\/Logo-principal-sin-fondo.png\",\"contentUrl\":\"https:\\\/\\\/www.urbanbiker.com\\\/wp-content\\\/uploads\\\/2022\\\/09\\\/Logo-principal-sin-fondo.png\",\"width\":2560,\"height\":934,\"caption\":\"UrbanBiker\"},\"image\":{\"@id\":\"https:\\\/\\\/www.urbanbiker.com\\\/it\\\/#\\\/schema\\\/logo\\\/image\\\/\"},\"sameAs\":[\"https:\\\/\\\/www.facebook.com\\\/Urbanbikerbiciselectricas\",\"https:\\\/\\\/www.instagram.com\\\/urbanbiker_\\\/\",\"https:\\\/\\\/www.linkedin.com\\\/company\\\/2454235\",\"https:\\\/\\\/www.youtube.com\\\/channel\\\/UCWR__uH_RWJF-OhPfz-9-Qw\"]}]}<\/script>\n<!-- \/ Yoast SEO plugin. -->","yoast_head_json":{"title":"Inizio UrbanBiker","description":"Inizio UrbanBiker","robots":{"index":"index","follow":"follow","max-snippet":"max-snippet:-1","max-image-preview":"max-image-preview:large","max-video-preview":"max-video-preview:-1"},"canonical":"https:\/\/www.urbanbiker.com\/it\/","og_locale":"it_IT","og_type":"article","og_title":"Inizio UrbanBiker","og_description":"Inizio UrbanBiker","og_url":"https:\/\/www.urbanbiker.com\/it\/","og_site_name":"UrbanBiker","article_publisher":"https:\/\/www.facebook.com\/Urbanbikerbiciselectricas","article_modified_time":"2026-02-27T10:08:24+00:00","og_image":[{"url":"https:\/\/www.urbanbiker.com\/wp-content\/uploads\/2025\/04\/1-UB300-450x450.jpg","type":"","width":"","height":""}],"twitter_card":"summary_large_image","twitter_misc":{"Tempo di lettura stimato":"8 minuti"},"schema":{"@context":"https:\/\/schema.org","@graph":[{"@type":"WebPage","@id":"https:\/\/www.urbanbiker.com\/it\/","url":"https:\/\/www.urbanbiker.com\/it\/","name":"Inizio UrbanBiker","isPartOf":{"@id":"https:\/\/www.urbanbiker.com\/it\/#website"},"primaryImageOfPage":{"@id":"https:\/\/www.urbanbiker.com\/it\/#primaryimage"},"image":{"@id":"https:\/\/www.urbanbiker.com\/it\/#primaryimage"},"thumbnailUrl":"https:\/\/www.urbanbiker.com\/wp-content\/uploads\/2025\/04\/1-UB300-450x450.jpg","datePublished":"2024-10-24T14:08:51+00:00","dateModified":"2026-02-27T10:08:24+00:00","description":"Inizio UrbanBiker","breadcrumb":{"@id":"https:\/\/www.urbanbiker.com\/it\/#breadcrumb"},"inLanguage":"it-IT","potentialAction":[{"@type":"ReadAction","target":["https:\/\/www.urbanbiker.com\/it\/"]}]},{"@type":"ImageObject","inLanguage":"it-IT","@id":"https:\/\/www.urbanbiker.com\/it\/#primaryimage","url":"https:\/\/www.urbanbiker.com\/wp-content\/uploads\/2025\/04\/1-UB300-450x450.jpg","contentUrl":"https:\/\/www.urbanbiker.com\/wp-content\/uploads\/2025\/04\/1-UB300-450x450.jpg"},{"@type":"BreadcrumbList","@id":"https:\/\/www.urbanbiker.com\/it\/#breadcrumb","itemListElement":[{"@type":"ListItem","position":1,"name":"Portada","item":"https:\/\/www.urbanbiker.com\/it\/"},{"@type":"ListItem","position":2,"name":"Inizio UrbanBiker"}]},{"@type":"WebSite","@id":"https:\/\/www.urbanbiker.com\/it\/#website","url":"https:\/\/www.urbanbiker.com\/it\/","name":"UrbanBiker","description":"Biciclette elettriche","publisher":{"@id":"https:\/\/www.urbanbiker.com\/it\/#organization"},"potentialAction":[{"@type":"SearchAction","target":{"@type":"EntryPoint","urlTemplate":"https:\/\/www.urbanbiker.com\/it\/?s={search_term_string}"},"query-input":{"@type":"PropertyValueSpecification","valueRequired":true,"valueName":"search_term_string"}}],"inLanguage":"it-IT"},{"@type":"Organization","@id":"https:\/\/www.urbanbiker.com\/it\/#organization","name":"UrbanBiker","url":"https:\/\/www.urbanbiker.com\/it\/","logo":{"@type":"ImageObject","inLanguage":"it-IT","@id":"https:\/\/www.urbanbiker.com\/it\/#\/schema\/logo\/image\/","url":"https:\/\/www.urbanbiker.com\/wp-content\/uploads\/2022\/09\/Logo-principal-sin-fondo.png","contentUrl":"https:\/\/www.urbanbiker.com\/wp-content\/uploads\/2022\/09\/Logo-principal-sin-fondo.png","width":2560,"height":934,"caption":"UrbanBiker"},"image":{"@id":"https:\/\/www.urbanbiker.com\/it\/#\/schema\/logo\/image\/"},"sameAs":["https:\/\/www.facebook.com\/Urbanbikerbiciselectricas","https:\/\/www.instagram.com\/urbanbiker_\/","https:\/\/www.linkedin.com\/company\/2454235","https:\/\/www.youtube.com\/channel\/UCWR__uH_RWJF-OhPfz-9-Qw"]}]}},"_links":{"self":[{"href":"https:\/\/www.urbanbiker.com\/it\/wp-json\/wp\/v2\/pages\/36724","targetHints":{"allow":["GET"]}}],"collection":[{"href":"https:\/\/www.urbanbiker.com\/it\/wp-json\/wp\/v2\/pages"}],"about":[{"href":"https:\/\/www.urbanbiker.com\/it\/wp-json\/wp\/v2\/types\/page"}],"author":[{"embeddable":true,"href":"https:\/\/www.urbanbiker.com\/it\/wp-json\/wp\/v2\/users\/1"}],"replies":[{"embeddable":true,"href":"https:\/\/www.urbanbiker.com\/it\/wp-json\/wp\/v2\/comments?post=36724"}],"version-history":[{"count":5,"href":"https:\/\/www.urbanbiker.com\/it\/wp-json\/wp\/v2\/pages\/36724\/revisions"}],"predecessor-version":[{"id":61881,"href":"https:\/\/www.urbanbiker.com\/it\/wp-json\/wp\/v2\/pages\/36724\/revisions\/61881"}],"wp:attachment":[{"href":"https:\/\/www.urbanbiker.com\/it\/wp-json\/wp\/v2\/media?parent=36724"}],"curies":[{"name":"wp","href":"https:\/\/api.w.org\/{rel}","templated":true}]}}