{"id":60180,"date":"2026-03-01T15:00:45","date_gmt":"2026-03-01T14:00:45","guid":{"rendered":"https:\/\/www.urbanbiker.com\/?post_type=product&#038;p=60180"},"modified":"2026-04-17T13:39:10","modified_gmt":"2026-04-17T11:39:10","slug":"ub310b-vtt-electrique-moteur-central","status":"publish","type":"product","link":"https:\/\/www.urbanbiker.com\/fr\/produit\/ub310b-vtt-electrique-moteur-central\/","title":{"rendered":"UB310B | VTT \u00c9lectrique | Moteur Central"},"content":{"rendered":"\t\t<div data-elementor-type=\"wp-post\" data-elementor-id=\"60180\" class=\"elementor elementor-60180 elementor-60171\">\n\t\t\t\t\t\t<section class=\"elementor-section elementor-top-section elementor-element elementor-element-7a7f464 elementor-section-boxed elementor-section-height-default elementor-section-height-default\" data-id=\"7a7f464\" data-element_type=\"section\" data-e-type=\"section\">\n\t\t\t\t\t\t<div class=\"elementor-container elementor-column-gap-default\">\n\t\t\t\t\t<div class=\"elementor-column elementor-col-100 elementor-top-column elementor-element elementor-element-7cc48a35\" data-id=\"7cc48a35\" data-element_type=\"column\" data-e-type=\"column\">\n\t\t\t<div class=\"elementor-widget-wrap elementor-element-populated\">\n\t\t\t\t\n\t\t<div class=\"elementor-element elementor-element-6133a932 elementor-widget elementor-widget-text-editor\" data-id=\"6133a932\" data-element_type=\"widget\" data-e-type=\"widget\" data-widget_type=\"text-editor.default\">\n\t\t\t\t<div class=\"elementor-widget-container\">\n\t\t\t\t\t\t\t\t\t<h2 style=\"text-align: center;\"><strong>VTT \u00c9lectrique UB310B Semi-rigide<\/strong><\/h2><p><strong>Moteur central, pour un p\u00e9dalage plus \u00e9quilibr\u00e9 et naturel<\/strong><\/p><ul><li><strong>Moteur central Bafang M510 \u2013 110 Nm de couple :<\/strong> Situ\u00e9 au centre du cadre pour une r\u00e9partition \u00e9quilibr\u00e9e du poids. Le moteur central offre une assistance douce et progressive qui accompagne le p\u00e9dalage de mani\u00e8re naturelle, aidant particuli\u00e8rement lorsque le terrain s&rsquo;incline ou que le chemin devient plus irr\u00e9gulier. Assiste jusqu&rsquo;\u00e0 25 km\/h, facilitant l&rsquo;avance sans exiger d&rsquo;effort excessif.<\/li><li><strong>Batterie int\u00e9gr\u00e9e au cadre avec Smart BMS. 48 V et 720 Wh (15 Ah) (amovible) :<\/strong> Grande capacit\u00e9 pour effectuer de longs trajets sans se soucier de l&rsquo;autonomie. Jusqu&rsquo;\u00e0 140 km en mode ECO. Int\u00e9gr\u00e9e au cadre pour plus de stabilit\u00e9, avec syst\u00e8me antivol et extraction facile pour la recharge. Chargeur inclus.<\/li><li><strong>Freins \u00e0 disque hydrauliques Shimano :<\/strong> Disques de 180 mm \u00e0 l&rsquo;avant et 160 mm \u00e0 l&rsquo;arri\u00e8re offrant un freinage s\u00fbr, stable et facile \u00e0 doser, apportant de la confiance en toute situation.<\/li><li><strong>\u00c9cran Bafang TFT DP C080 avec Bluetooth :<\/strong> \u00c9cran couleur clair et facile \u00e0 utiliser. Permet de consulter la vitesse, le niveau d&rsquo;assistance, la distance et l&rsquo;autonomie restante en un coup d&rsquo;\u0153il. Inclut la connectivit\u00e9 Bluetooth et un port de charge pour appareils.<\/li><\/ul><p>L&rsquo;<strong>UB310B<\/strong> est un VTT \u00e9lectrique semi-rigide avec moteur central, orient\u00e9 vers une conduite \u00e9quilibr\u00e9e et naturelle sur les pistes et chemins.<\/p><p>L&rsquo;<strong>UB310B<\/strong> est con\u00e7u pour que l&rsquo;utilisateur se sente \u00e0 l&rsquo;aise et en s\u00e9curit\u00e9 d\u00e8s le premier instant. Le <strong>moteur central<\/strong> aide \u00e0 maintenir une sensation de p\u00e9dalage \u00e9quilibr\u00e9e, \u00e9vitant les secousses et am\u00e9liorant la stabilit\u00e9 g\u00e9n\u00e9rale du v\u00e9lo. Les roues de 29&Prime;, la g\u00e9om\u00e9trie du cadre et la suspension avant travaillent ensemble pour <strong>absorber les irr\u00e9gularit\u00e9s<\/strong> du terrain, maintenir la trajectoire et r\u00e9duire la fatigue lors de longs parcours.<\/p><p>La transmission Shimano \u00e0 10 vitesses, avec cassette 11\u201343, permet d&rsquo;adapter le rythme facilement, tandis que la position de p\u00e9dalage favorise une conduite d\u00e9tendue et accessible, pens\u00e9e pour profiter du chemin.<\/p>\t\t\t\t\t\t\t\t<\/div>\n\t\t\t\t<\/div>\n\t\t\t\t\t<\/div>\n\t\t<\/div>\n\t\t\t\t\t<\/div>\n\t\t<\/section>\n\t\t\t\t<section class=\"elementor-section elementor-top-section elementor-element elementor-element-923693c elementor-section-boxed elementor-section-height-default elementor-section-height-default\" data-id=\"923693c\" data-element_type=\"section\" data-e-type=\"section\">\n\t\t\t\t\t\t<div class=\"elementor-container elementor-column-gap-default\">\n\t\t\t\t\t<div class=\"elementor-column elementor-col-50 elementor-top-column elementor-element elementor-element-236b255\" data-id=\"236b255\" data-element_type=\"column\" data-e-type=\"column\">\n\t\t\t<div class=\"elementor-widget-wrap elementor-element-populated\">\n\t\t\t\t\t\t<div class=\"elementor-element elementor-element-8de6a4e elementor-widget elementor-widget-video\" data-id=\"8de6a4e\" data-element_type=\"widget\" data-e-type=\"widget\" data-settings=\"{&quot;youtube_url&quot;:&quot;https:\\\/\\\/www.youtube.com\\\/watch?v=jd8cSRfJmsc&quot;,&quot;video_type&quot;:&quot;youtube&quot;}\" data-widget_type=\"video.default\">\n\t\t\t\t<div class=\"elementor-widget-container\">\n\t\t\t\t\t\t\t<div class=\"elementor-wrapper elementor-open-inline\">\n\t\t\t<div class=\"elementor-video\"><\/div>\t\t<\/div>\n\t\t\t\t\t\t<\/div>\n\t\t\t\t<\/div>\n\t\t\t\t\t<\/div>\n\t\t<\/div>\n\t\t\t\t<div class=\"elementor-column elementor-col-50 elementor-top-column elementor-element elementor-element-d5bff8a\" data-id=\"d5bff8a\" data-element_type=\"column\" data-e-type=\"column\">\n\t\t\t<div class=\"elementor-widget-wrap elementor-element-populated\">\n\t\t\t\t\t\t<div class=\"elementor-element elementor-element-ab7c6a4 elementor-widget elementor-widget-video\" data-id=\"ab7c6a4\" data-element_type=\"widget\" data-e-type=\"widget\" data-settings=\"{&quot;youtube_url&quot;:&quot;https:\\\/\\\/youtu.be\\\/OGHeSgzJ9No&quot;,&quot;video_type&quot;:&quot;youtube&quot;}\" data-widget_type=\"video.default\">\n\t\t\t\t<div class=\"elementor-widget-container\">\n\t\t\t\t\t\t\t<div class=\"elementor-wrapper elementor-open-inline\">\n\t\t\t<div class=\"elementor-video\"><\/div>\t\t<\/div>\n\t\t\t\t\t\t<\/div>\n\t\t\t\t<\/div>\n\t\t\t\t\t<\/div>\n\t\t<\/div>\n\t\t\t\t\t<\/div>\n\t\t<\/section>\n\t\t\t\t<section class=\"elementor-section elementor-top-section elementor-element elementor-element-4f27456 elementor-section-boxed elementor-section-height-default elementor-section-height-default\" data-id=\"4f27456\" data-element_type=\"section\" data-e-type=\"section\">\n\t\t\t\t\t\t<div class=\"elementor-container elementor-column-gap-default\">\n\t\t\t\t\t<div class=\"elementor-column elementor-col-100 elementor-top-column elementor-element elementor-element-6a530dd\" data-id=\"6a530dd\" data-element_type=\"column\" data-e-type=\"column\">\n\t\t\t<div class=\"elementor-widget-wrap elementor-element-populated\">\n\t\t\t\t\t\t<div class=\"elementor-element elementor-element-566fe44 elementor-widget elementor-widget-text-editor\" data-id=\"566fe44\" data-element_type=\"widget\" data-e-type=\"widget\" data-widget_type=\"text-editor.default\">\n\t\t\t\t<div class=\"elementor-widget-container\">\n\t\t\t\t\t\t\t\t\t<h5><strong>Pour ceux qui veulent passer au niveau sup\u00e9rieur en montagne<\/strong><\/h5><p><strong>L&rsquo;UB310B est con\u00e7u pour ceux qui recherchent un VAE de montagne avec moteur central<\/strong>, offrant plus de contr\u00f4le et des sensations proches du p\u00e9dalage traditionnel, sans renoncer \u00e0 la puissance ni \u00e0 l&rsquo;autonomie.<\/p><p>Un v\u00e9lo pour mieux profiter du chemin, mieux g\u00e9rer l&rsquo;effort et aller plus loin en toute confiance.<\/p><p><strong>Certifications de qualit\u00e9 et de durabilit\u00e9<\/strong><br \/>Le v\u00e9lo \u00e9lectrique de montagne <strong>UB310B<\/strong> est conforme \u00e0 la norme europ\u00e9enne EN 15194, garantissant les plus hauts standards de s\u00e9curit\u00e9 et de qualit\u00e9.<\/p><p><em>*Les sp\u00e9cifications peuvent varier selon la disponibilit\u00e9, mais nous maintenons toujours le niveau d&rsquo;exigence le plus \u00e9lev\u00e9.<\/em><\/p>\t\t\t\t\t\t\t\t<\/div>\n\t\t\t\t<\/div>\n\t\t\t\t\t<\/div>\n\t\t<\/div>\n\t\t\t\t\t<\/div>\n\t\t<\/section>\n\t\t\t\t<section class=\"elementor-section elementor-top-section elementor-element elementor-element-4d0281a elementor-section-boxed elementor-section-height-default elementor-section-height-default\" data-id=\"4d0281a\" data-element_type=\"section\" data-e-type=\"section\">\n\t\t\t\t\t\t<div class=\"elementor-container elementor-column-gap-default\">\n\t\t\t\t\t<div class=\"elementor-column elementor-col-100 elementor-top-column elementor-element elementor-element-de2ec28\" data-id=\"de2ec28\" data-element_type=\"column\" data-e-type=\"column\">\n\t\t\t<div class=\"elementor-widget-wrap elementor-element-populated\">\n\t\t\t\t\t\t<div class=\"elementor-element elementor-element-5ef6ec0 elementor-widget elementor-widget-text-editor\" data-id=\"5ef6ec0\" data-element_type=\"widget\" data-e-type=\"widget\" data-widget_type=\"text-editor.default\">\n\t\t\t\t<div class=\"elementor-widget-container\">\n\t\t\t\t\t\t\t\t\t<h3 style=\"text-align: center;\"><strong>UrbanBiker Support<\/strong><\/h3>\t\t\t\t\t\t\t\t<\/div>\n\t\t\t\t<\/div>\n\t\t\t\t\t<\/div>\n\t\t<\/div>\n\t\t\t\t\t<\/div>\n\t\t<\/section>\n\t\t\t\t<section class=\"elementor-section elementor-top-section elementor-element elementor-element-6b2f196 elementor-section-boxed elementor-section-height-default elementor-section-height-default\" data-id=\"6b2f196\" data-element_type=\"section\" data-e-type=\"section\">\n\t\t\t\t\t\t<div class=\"elementor-container elementor-column-gap-default\">\n\t\t\t\t\t<div class=\"elementor-column elementor-col-50 elementor-top-column elementor-element elementor-element-361c700\" data-id=\"361c700\" data-element_type=\"column\" data-e-type=\"column\">\n\t\t\t<div class=\"elementor-widget-wrap elementor-element-populated\">\n\t\t\t\t\t\t<div class=\"elementor-element elementor-element-d2a179e elementor-widget elementor-widget-text-editor\" data-id=\"d2a179e\" data-element_type=\"widget\" data-e-type=\"widget\" data-widget_type=\"text-editor.default\">\n\t\t\t\t<div class=\"elementor-widget-container\">\n\t\t\t\t\t\t\t\t\t<h4 style=\"margin-bottom: 0.540791em; color: #000000; font-family: 'Bikys Heading';\">Entretien et r\u00e9paration<\/h4><p style=\"color: #404040; font-family: Heebo, sans-serif; font-size: 16px; font-weight: 400; letter-spacing: normal;\">Guides et instructions, tutoriels pas \u00e0 pas, pi\u00e8ces d\u00e9tach\u00e9es compatibles : trouvez toutes les informations dont vous avez besoin pour entretenir et r\u00e9parer facilement votre produit.<\/p>\t\t\t\t\t\t\t\t<\/div>\n\t\t\t\t<\/div>\n\t\t\t\t<section class=\"elementor-section elementor-inner-section elementor-element elementor-element-1424878 elementor-section-boxed elementor-section-height-default elementor-section-height-default\" data-id=\"1424878\" data-element_type=\"section\" data-e-type=\"section\">\n\t\t\t\t\t\t<div class=\"elementor-container elementor-column-gap-default\">\n\t\t\t\t\t<div class=\"elementor-column elementor-col-50 elementor-inner-column elementor-element elementor-element-5ae90d9\" data-id=\"5ae90d9\" data-element_type=\"column\" data-e-type=\"column\">\n\t\t\t<div class=\"elementor-widget-wrap elementor-element-populated\">\n\t\t\t\t\t\t<div class=\"elementor-element elementor-element-5cc7341 elementor-align-center elementor-button-outline elementor-widget elementor-widget-button\" data-id=\"5cc7341\" data-element_type=\"widget\" data-e-type=\"widget\" data-widget_type=\"button.default\">\n\t\t\t\t<div class=\"elementor-widget-container\">\n\t\t\t\t\t\t\t\t\t<div class=\"elementor-button-wrapper\">\n\t\t\t\t\t<a class=\"elementor-button elementor-button-link elementor-size-sm\" href=\"https:\/\/ebikestockfrance.zendesk.com\/\">\n\t\t\t\t\t\t<span class=\"elementor-button-content-wrapper\">\n\t\t\t\t\t\t\t\t\t<span class=\"elementor-button-text\">centre de<br \/>aide<\/span>\n\t\t\t\t\t<\/span>\n\t\t\t\t\t<\/a>\n\t\t\t\t<\/div>\n\t\t\t\t\t\t\t\t<\/div>\n\t\t\t\t<\/div>\n\t\t\t\t\t<\/div>\n\t\t<\/div>\n\t\t\t\t<div class=\"elementor-column elementor-col-50 elementor-inner-column elementor-element elementor-element-8f3b8fb\" data-id=\"8f3b8fb\" data-element_type=\"column\" data-e-type=\"column\">\n\t\t\t<div class=\"elementor-widget-wrap elementor-element-populated\">\n\t\t\t\t\t\t<div class=\"elementor-element elementor-element-69487f4 elementor-align-center elementor-button-default elementor-widget elementor-widget-button\" data-id=\"69487f4\" data-element_type=\"widget\" data-e-type=\"widget\" data-widget_type=\"button.default\">\n\t\t\t\t<div class=\"elementor-widget-container\">\n\t\t\t\t\t\t\t\t\t<div class=\"elementor-button-wrapper\">\n\t\t\t\t\t<a class=\"elementor-button elementor-button-link elementor-size-sm\" href=\"https:\/\/www.urbanbiker.com\/fr\/categorie-produit\/composants\/?filter_ebike=ub310b\">\n\t\t\t\t\t\t<span class=\"elementor-button-content-wrapper\">\n\t\t\t\t\t\t\t\t\t<span class=\"elementor-button-text\">Pi\u00e8ces de rechange<\/span>\n\t\t\t\t\t<\/span>\n\t\t\t\t\t<\/a>\n\t\t\t\t<\/div>\n\t\t\t\t\t\t\t\t<\/div>\n\t\t\t\t<\/div>\n\t\t\t\t\t<\/div>\n\t\t<\/div>\n\t\t\t\t\t<\/div>\n\t\t<\/section>\n\t\t\t\t<div class=\"elementor-element elementor-element-847a9f3 elementor-align-center elementor-button-default elementor-widget elementor-widget-button\" data-id=\"847a9f3\" data-element_type=\"widget\" data-e-type=\"widget\" data-widget_type=\"button.default\">\n\t\t\t\t<div class=\"elementor-widget-container\">\n\t\t\t\t\t\t\t\t\t<div class=\"elementor-button-wrapper\">\n\t\t\t\t\t<a class=\"elementor-button elementor-button-link elementor-size-sm\" href=\"https:\/\/www.urbanbiker.com\/fr\/distributeurs-officiels\/\">\n\t\t\t\t\t\t<span class=\"elementor-button-content-wrapper\">\n\t\t\t\t\t\t\t\t\t<span class=\"elementor-button-text\">Trouver le magasin \/ l'atelier le plus proche<\/span>\n\t\t\t\t\t<\/span>\n\t\t\t\t\t<\/a>\n\t\t\t\t<\/div>\n\t\t\t\t\t\t\t\t<\/div>\n\t\t\t\t<\/div>\n\t\t\t\t\t<\/div>\n\t\t<\/div>\n\t\t\t\t<div class=\"elementor-column elementor-col-50 elementor-top-column elementor-element elementor-element-444d541\" data-id=\"444d541\" data-element_type=\"column\" data-e-type=\"column\">\n\t\t\t<div class=\"elementor-widget-wrap elementor-element-populated\">\n\t\t\t\t\t\t<div class=\"elementor-element elementor-element-165c87b elementor-widget elementor-widget-image\" data-id=\"165c87b\" data-element_type=\"widget\" data-e-type=\"widget\" data-widget_type=\"image.default\">\n\t\t\t\t<div class=\"elementor-widget-container\">\n\t\t\t\t\t\t\t\t\t\t\t\t\t\t\t<img fetchpriority=\"high\" decoding=\"async\" width=\"980\" height=\"654\" src=\"https:\/\/www.urbanbiker.com\/wp-content\/uploads\/2024\/11\/servicio-tecnico-1024x683.jpg\" class=\"attachment-large size-large wp-image-35001\" alt=\"\" srcset=\"https:\/\/www.urbanbiker.com\/wp-content\/uploads\/2024\/11\/servicio-tecnico-1024x683.jpg 1024w, https:\/\/www.urbanbiker.com\/wp-content\/uploads\/2024\/11\/servicio-tecnico-300x200.jpg 300w, https:\/\/www.urbanbiker.com\/wp-content\/uploads\/2024\/11\/servicio-tecnico-768x512.jpg 768w, https:\/\/www.urbanbiker.com\/wp-content\/uploads\/2024\/11\/servicio-tecnico-800x533.jpg 800w, https:\/\/www.urbanbiker.com\/wp-content\/uploads\/2024\/11\/servicio-tecnico.jpg 1200w\" sizes=\"(max-width: 980px) 100vw, 980px\" \/>\t\t\t\t\t\t\t\t\t\t\t\t\t\t\t<\/div>\n\t\t\t\t<\/div>\n\t\t\t\t\t<\/div>\n\t\t<\/div>\n\t\t\t\t\t<\/div>\n\t\t<\/section>\n\t\t\t\t<\/div>\n\t\t","protected":false},"excerpt":{"rendered":"<h6 data-path-to-node=\"13\"><b data-path-to-node=\"13\" data-index-in-node=\"0\">UB310B : V\u00e9lo de montagne \u00e9lectrique avec moteur central<\/b><\/h6>\n<p data-path-to-node=\"14\">Le <b data-path-to-node=\"14\" data-index-in-node=\"3\">UB310B<\/b> est un VTT \u00e9lectrique dot\u00e9 d&rsquo;un <b data-path-to-node=\"14\" data-index-in-node=\"42\">moteur central<\/b> tr\u00e8s silencieux qui surprend par la <b data-path-to-node=\"14\" data-index-in-node=\"93\">force<\/b> de sa r\u00e9ponse d\u00e8s le premier instant. La pouss\u00e9e est imm\u00e9diate, constante et bien sup\u00e9rieure \u00e0 celle des moteurs sur roue arri\u00e8re, marquant un avant et un apr\u00e8s en termes de sensations et de contr\u00f4le. Il est con\u00e7u pour ceux qui recherchent une assistance naturelle, un <b data-path-to-node=\"14\" data-index-in-node=\"368\">couple \u00e9lev\u00e9<\/b> et un meilleur <b data-path-to-node=\"14\" data-index-in-node=\"396\">contr\u00f4le<\/b> sur les chemins exigeants, offrant un saut qualitatif par rapport aux moteurs arri\u00e8re, tant au niveau du ressenti que des performances.<\/p>\n<p data-path-to-node=\"15\">Un v\u00e9lo \u00e9lectrique qui facilite le p\u00e9dalage, r\u00e9partit mieux l&rsquo;effort et permet de profiter du parcours sans que les mont\u00e9es ou le poids du v\u00e9lo ne deviennent un obstacle.<\/p>\n<p><a href=\"https:\/\/www.urbanbiker.com\/wp-content\/uploads\/2025\/04\/UrbanBiker-Service-FR.png\"><img decoding=\"async\" class=\"alignnone size-medium wp-image-51974\" src=\"https:\/\/www.urbanbiker.com\/wp-content\/uploads\/2025\/04\/UrbanBiker-Service-FR-300x89.png\" alt=\"UrbanBiker Service - FR\" width=\"300\" height=\"89\" srcset=\"https:\/\/www.urbanbiker.com\/wp-content\/uploads\/2025\/04\/UrbanBiker-Service-FR-300x89.png 300w, https:\/\/www.urbanbiker.com\/wp-content\/uploads\/2025\/04\/UrbanBiker-Service-FR-1024x303.png 1024w, https:\/\/www.urbanbiker.com\/wp-content\/uploads\/2025\/04\/UrbanBiker-Service-FR-768x227.png 768w, https:\/\/www.urbanbiker.com\/wp-content\/uploads\/2025\/04\/UrbanBiker-Service-FR-1140x340.png 1140w, https:\/\/www.urbanbiker.com\/wp-content\/uploads\/2025\/04\/UrbanBiker-Service-FR-800x237.png 800w, https:\/\/www.urbanbiker.com\/wp-content\/uploads\/2025\/04\/UrbanBiker-Service-FR.png 1150w\" sizes=\"(max-width: 300px) 100vw, 300px\" \/><\/a><\/p>\n","protected":false},"featured_media":60430,"template":"","meta":[],"product_cat":[150,258,207],"product_tag":[],"class_list":{"0":"post-60180","1":"product","2":"type-product","3":"status-publish","4":"has-post-thumbnail","6":"product_cat-ebikes","7":"product_cat-velos-electriques-de-montagne","8":"product_cat-velos-electriques-a-moteur-central","9":"pa_capacidad-bateria-720wh","10":"pa_color-bleu-marine","11":"pa_ebike-ub310b","12":"pa_talla-cuadro-l","13":"pa_talla-cuadro-m","14":"pa_tamano-rueda-29-fr","16":"first","17":"instock","18":"featured","19":"taxable","20":"shipping-taxable","21":"purchasable","22":"product-type-variable"},"atum_controlled":true,"out_stock_date":null,"out_stock_threshold":null,"inheritable":true,"stock_on_hold":1,"sold_today":0,"sales_last_days":0,"out_stock_days":0,"lost_sales":0,"update_date":"2026-05-02T00:34:58","atum_locations":[],"atum_stock_status":"instock","restock_status":false,"low_stock_amount":"","sales_update_date":"2026-05-02T00:34:56","calc_backorders":null,"yoast_head":"<!-- This site is optimized with the Yoast SEO plugin v27.5 - https:\/\/yoast.com\/product\/yoast-seo-wordpress\/ -->\n<title>UB310B | VTT \u00c9lectrique | Moteur Central | UrbanBiker<\/title>\n<meta name=\"description\" content=\"Le UB310B est un VTT \u00e9lectrique dot\u00e9 d&#039;un moteur central tr\u00e8s silencieux qui surprend par la force de sa r\u00e9ponse d\u00e8s le premier instant | UrbanBiker\" \/>\n<meta name=\"robots\" content=\"index, follow, max-snippet:-1, max-image-preview:large, max-video-preview:-1\" \/>\n<link rel=\"canonical\" href=\"https:\/\/www.urbanbiker.com\/fr\/produit\/ub310b-vtt-electrique-moteur-central\/\" \/>\n<meta property=\"og:locale\" content=\"fr_FR\" \/>\n<meta property=\"og:type\" content=\"article\" \/>\n<meta property=\"og:title\" content=\"UB310B | VTT \u00c9lectrique | Moteur Central | UrbanBiker\" \/>\n<meta property=\"og:description\" content=\"Le UB310B est un VTT \u00e9lectrique dot\u00e9 d&#039;un moteur central tr\u00e8s silencieux qui surprend par la force de sa r\u00e9ponse d\u00e8s le premier instant | UrbanBiker\" \/>\n<meta property=\"og:url\" content=\"https:\/\/www.urbanbiker.com\/fr\/produit\/ub310b-vtt-electrique-moteur-central\/\" \/>\n<meta property=\"og:site_name\" content=\"UrbanBiker\" \/>\n<meta property=\"article:publisher\" content=\"https:\/\/www.facebook.com\/Urbanbikerbiciselectricas\" \/>\n<meta property=\"article:modified_time\" content=\"2026-04-17T11:39:10+00:00\" \/>\n<meta property=\"og:image\" content=\"https:\/\/www.urbanbiker.com\/wp-content\/uploads\/2026\/01\/UB310B-01.jpg\" \/>\n\t<meta property=\"og:image:width\" content=\"1080\" \/>\n\t<meta property=\"og:image:height\" content=\"1080\" \/>\n\t<meta property=\"og:image:type\" content=\"image\/jpeg\" \/>\n<meta name=\"twitter:card\" content=\"summary_large_image\" \/>\n<meta name=\"twitter:label1\" content=\"Dur\u00e9e de lecture estim\u00e9e\" \/>\n\t<meta name=\"twitter:data1\" content=\"3 minutes\" \/>\n<script type=\"application\/ld+json\" class=\"yoast-schema-graph\">{\"@context\":\"https:\\\/\\\/schema.org\",\"@graph\":[{\"@type\":\"WebPage\",\"@id\":\"https:\\\/\\\/www.urbanbiker.com\\\/fr\\\/produit\\\/ub310b-vtt-electrique-moteur-central\\\/\",\"url\":\"https:\\\/\\\/www.urbanbiker.com\\\/fr\\\/produit\\\/ub310b-vtt-electrique-moteur-central\\\/\",\"name\":\"UB310B | VTT \u00c9lectrique | Moteur Central | UrbanBiker\",\"isPartOf\":{\"@id\":\"https:\\\/\\\/www.urbanbiker.com\\\/fr\\\/#website\"},\"primaryImageOfPage\":{\"@id\":\"https:\\\/\\\/www.urbanbiker.com\\\/fr\\\/produit\\\/ub310b-vtt-electrique-moteur-central\\\/#primaryimage\"},\"image\":{\"@id\":\"https:\\\/\\\/www.urbanbiker.com\\\/fr\\\/produit\\\/ub310b-vtt-electrique-moteur-central\\\/#primaryimage\"},\"thumbnailUrl\":\"https:\\\/\\\/www.urbanbiker.com\\\/wp-content\\\/uploads\\\/2026\\\/01\\\/UB310B-01.jpg\",\"datePublished\":\"2026-03-01T14:00:45+00:00\",\"dateModified\":\"2026-04-17T11:39:10+00:00\",\"description\":\"Le UB310B est un VTT \u00e9lectrique dot\u00e9 d'un moteur central tr\u00e8s silencieux qui surprend par la force de sa r\u00e9ponse d\u00e8s le premier instant | UrbanBiker\",\"breadcrumb\":{\"@id\":\"https:\\\/\\\/www.urbanbiker.com\\\/fr\\\/produit\\\/ub310b-vtt-electrique-moteur-central\\\/#breadcrumb\"},\"inLanguage\":\"fr-FR\",\"potentialAction\":[{\"@type\":\"ReadAction\",\"target\":[\"https:\\\/\\\/www.urbanbiker.com\\\/fr\\\/produit\\\/ub310b-vtt-electrique-moteur-central\\\/\"]}]},{\"@type\":\"ImageObject\",\"inLanguage\":\"fr-FR\",\"@id\":\"https:\\\/\\\/www.urbanbiker.com\\\/fr\\\/produit\\\/ub310b-vtt-electrique-moteur-central\\\/#primaryimage\",\"url\":\"https:\\\/\\\/www.urbanbiker.com\\\/wp-content\\\/uploads\\\/2026\\\/01\\\/UB310B-01.jpg\",\"contentUrl\":\"https:\\\/\\\/www.urbanbiker.com\\\/wp-content\\\/uploads\\\/2026\\\/01\\\/UB310B-01.jpg\",\"width\":1080,\"height\":1080,\"caption\":\"UB310B-01\"},{\"@type\":\"BreadcrumbList\",\"@id\":\"https:\\\/\\\/www.urbanbiker.com\\\/fr\\\/produit\\\/ub310b-vtt-electrique-moteur-central\\\/#breadcrumb\",\"itemListElement\":[{\"@type\":\"ListItem\",\"position\":1,\"name\":\"Portada\",\"item\":\"https:\\\/\\\/www.urbanbiker.com\\\/fr\\\/\"},{\"@type\":\"ListItem\",\"position\":2,\"name\":\"Boutique de v\u00e9los \u00e9lectriques\",\"item\":\"https:\\\/\\\/www.urbanbiker.com\\\/fr\\\/boutique-velos-electriques\\\/\"},{\"@type\":\"ListItem\",\"position\":3,\"name\":\"UB310B | VTT \u00c9lectrique | Moteur Central\"}]},{\"@type\":\"WebSite\",\"@id\":\"https:\\\/\\\/www.urbanbiker.com\\\/fr\\\/#website\",\"url\":\"https:\\\/\\\/www.urbanbiker.com\\\/fr\\\/\",\"name\":\"UrbanBiker\",\"description\":\"V\u00e9los \u00e9lectriques\",\"publisher\":{\"@id\":\"https:\\\/\\\/www.urbanbiker.com\\\/fr\\\/#organization\"},\"potentialAction\":[{\"@type\":\"SearchAction\",\"target\":{\"@type\":\"EntryPoint\",\"urlTemplate\":\"https:\\\/\\\/www.urbanbiker.com\\\/fr\\\/?s={search_term_string}\"},\"query-input\":{\"@type\":\"PropertyValueSpecification\",\"valueRequired\":true,\"valueName\":\"search_term_string\"}}],\"inLanguage\":\"fr-FR\"},{\"@type\":\"Organization\",\"@id\":\"https:\\\/\\\/www.urbanbiker.com\\\/fr\\\/#organization\",\"name\":\"UrbanBiker\",\"url\":\"https:\\\/\\\/www.urbanbiker.com\\\/fr\\\/\",\"logo\":{\"@type\":\"ImageObject\",\"inLanguage\":\"fr-FR\",\"@id\":\"https:\\\/\\\/www.urbanbiker.com\\\/fr\\\/#\\\/schema\\\/logo\\\/image\\\/\",\"url\":\"https:\\\/\\\/www.urbanbiker.com\\\/wp-content\\\/uploads\\\/2022\\\/09\\\/Logo-principal-sin-fondo.png\",\"contentUrl\":\"https:\\\/\\\/www.urbanbiker.com\\\/wp-content\\\/uploads\\\/2022\\\/09\\\/Logo-principal-sin-fondo.png\",\"width\":2560,\"height\":934,\"caption\":\"UrbanBiker\"},\"image\":{\"@id\":\"https:\\\/\\\/www.urbanbiker.com\\\/fr\\\/#\\\/schema\\\/logo\\\/image\\\/\"},\"sameAs\":[\"https:\\\/\\\/www.facebook.com\\\/Urbanbikerbiciselectricas\",\"https:\\\/\\\/www.instagram.com\\\/urbanbiker_\\\/\",\"https:\\\/\\\/www.linkedin.com\\\/company\\\/2454235\",\"https:\\\/\\\/www.youtube.com\\\/channel\\\/UCWR__uH_RWJF-OhPfz-9-Qw\"]}]}<\/script>\n<!-- \/ Yoast SEO plugin. -->","yoast_head_json":{"title":"UB310B | VTT \u00c9lectrique | Moteur Central | UrbanBiker","description":"Le UB310B est un VTT \u00e9lectrique dot\u00e9 d'un moteur central tr\u00e8s silencieux qui surprend par la force de sa r\u00e9ponse d\u00e8s le premier instant | UrbanBiker","robots":{"index":"index","follow":"follow","max-snippet":"max-snippet:-1","max-image-preview":"max-image-preview:large","max-video-preview":"max-video-preview:-1"},"canonical":"https:\/\/www.urbanbiker.com\/fr\/produit\/ub310b-vtt-electrique-moteur-central\/","og_locale":"fr_FR","og_type":"article","og_title":"UB310B | VTT \u00c9lectrique | Moteur Central | UrbanBiker","og_description":"Le UB310B est un VTT \u00e9lectrique dot\u00e9 d'un moteur central tr\u00e8s silencieux qui surprend par la force de sa r\u00e9ponse d\u00e8s le premier instant | UrbanBiker","og_url":"https:\/\/www.urbanbiker.com\/fr\/produit\/ub310b-vtt-electrique-moteur-central\/","og_site_name":"UrbanBiker","article_publisher":"https:\/\/www.facebook.com\/Urbanbikerbiciselectricas","article_modified_time":"2026-04-17T11:39:10+00:00","og_image":[{"width":1080,"height":1080,"url":"https:\/\/www.urbanbiker.com\/wp-content\/uploads\/2026\/01\/UB310B-01.jpg","type":"image\/jpeg"}],"twitter_card":"summary_large_image","twitter_misc":{"Dur\u00e9e de lecture estim\u00e9e":"3 minutes"},"schema":{"@context":"https:\/\/schema.org","@graph":[{"@type":"WebPage","@id":"https:\/\/www.urbanbiker.com\/fr\/produit\/ub310b-vtt-electrique-moteur-central\/","url":"https:\/\/www.urbanbiker.com\/fr\/produit\/ub310b-vtt-electrique-moteur-central\/","name":"UB310B | VTT \u00c9lectrique | Moteur Central | UrbanBiker","isPartOf":{"@id":"https:\/\/www.urbanbiker.com\/fr\/#website"},"primaryImageOfPage":{"@id":"https:\/\/www.urbanbiker.com\/fr\/produit\/ub310b-vtt-electrique-moteur-central\/#primaryimage"},"image":{"@id":"https:\/\/www.urbanbiker.com\/fr\/produit\/ub310b-vtt-electrique-moteur-central\/#primaryimage"},"thumbnailUrl":"https:\/\/www.urbanbiker.com\/wp-content\/uploads\/2026\/01\/UB310B-01.jpg","datePublished":"2026-03-01T14:00:45+00:00","dateModified":"2026-04-17T11:39:10+00:00","description":"Le UB310B est un VTT \u00e9lectrique dot\u00e9 d'un moteur central tr\u00e8s silencieux qui surprend par la force de sa r\u00e9ponse d\u00e8s le premier instant | UrbanBiker","breadcrumb":{"@id":"https:\/\/www.urbanbiker.com\/fr\/produit\/ub310b-vtt-electrique-moteur-central\/#breadcrumb"},"inLanguage":"fr-FR","potentialAction":[{"@type":"ReadAction","target":["https:\/\/www.urbanbiker.com\/fr\/produit\/ub310b-vtt-electrique-moteur-central\/"]}]},{"@type":"ImageObject","inLanguage":"fr-FR","@id":"https:\/\/www.urbanbiker.com\/fr\/produit\/ub310b-vtt-electrique-moteur-central\/#primaryimage","url":"https:\/\/www.urbanbiker.com\/wp-content\/uploads\/2026\/01\/UB310B-01.jpg","contentUrl":"https:\/\/www.urbanbiker.com\/wp-content\/uploads\/2026\/01\/UB310B-01.jpg","width":1080,"height":1080,"caption":"UB310B-01"},{"@type":"BreadcrumbList","@id":"https:\/\/www.urbanbiker.com\/fr\/produit\/ub310b-vtt-electrique-moteur-central\/#breadcrumb","itemListElement":[{"@type":"ListItem","position":1,"name":"Portada","item":"https:\/\/www.urbanbiker.com\/fr\/"},{"@type":"ListItem","position":2,"name":"Boutique de v\u00e9los \u00e9lectriques","item":"https:\/\/www.urbanbiker.com\/fr\/boutique-velos-electriques\/"},{"@type":"ListItem","position":3,"name":"UB310B | VTT \u00c9lectrique | Moteur Central"}]},{"@type":"WebSite","@id":"https:\/\/www.urbanbiker.com\/fr\/#website","url":"https:\/\/www.urbanbiker.com\/fr\/","name":"UrbanBiker","description":"V\u00e9los \u00e9lectriques","publisher":{"@id":"https:\/\/www.urbanbiker.com\/fr\/#organization"},"potentialAction":[{"@type":"SearchAction","target":{"@type":"EntryPoint","urlTemplate":"https:\/\/www.urbanbiker.com\/fr\/?s={search_term_string}"},"query-input":{"@type":"PropertyValueSpecification","valueRequired":true,"valueName":"search_term_string"}}],"inLanguage":"fr-FR"},{"@type":"Organization","@id":"https:\/\/www.urbanbiker.com\/fr\/#organization","name":"UrbanBiker","url":"https:\/\/www.urbanbiker.com\/fr\/","logo":{"@type":"ImageObject","inLanguage":"fr-FR","@id":"https:\/\/www.urbanbiker.com\/fr\/#\/schema\/logo\/image\/","url":"https:\/\/www.urbanbiker.com\/wp-content\/uploads\/2022\/09\/Logo-principal-sin-fondo.png","contentUrl":"https:\/\/www.urbanbiker.com\/wp-content\/uploads\/2022\/09\/Logo-principal-sin-fondo.png","width":2560,"height":934,"caption":"UrbanBiker"},"image":{"@id":"https:\/\/www.urbanbiker.com\/fr\/#\/schema\/logo\/image\/"},"sameAs":["https:\/\/www.facebook.com\/Urbanbikerbiciselectricas","https:\/\/www.instagram.com\/urbanbiker_\/","https:\/\/www.linkedin.com\/company\/2454235","https:\/\/www.youtube.com\/channel\/UCWR__uH_RWJF-OhPfz-9-Qw"]}]}},"_links":{"self":[{"href":"https:\/\/www.urbanbiker.com\/fr\/wp-json\/wp\/v2\/product\/60180","targetHints":{"allow":["GET"]}}],"collection":[{"href":"https:\/\/www.urbanbiker.com\/fr\/wp-json\/wp\/v2\/product"}],"about":[{"href":"https:\/\/www.urbanbiker.com\/fr\/wp-json\/wp\/v2\/types\/product"}],"version-history":[{"count":12,"href":"https:\/\/www.urbanbiker.com\/fr\/wp-json\/wp\/v2\/product\/60180\/revisions"}],"predecessor-version":[{"id":61003,"href":"https:\/\/www.urbanbiker.com\/fr\/wp-json\/wp\/v2\/product\/60180\/revisions\/61003"}],"wp:featuredmedia":[{"embeddable":true,"href":"https:\/\/www.urbanbiker.com\/fr\/wp-json\/wp\/v2\/media\/60430"}],"wp:attachment":[{"href":"https:\/\/www.urbanbiker.com\/fr\/wp-json\/wp\/v2\/media?parent=60180"}],"wp:term":[{"taxonomy":"product_cat","embeddable":true,"href":"https:\/\/www.urbanbiker.com\/fr\/wp-json\/wp\/v2\/product_cat?post=60180"},{"taxonomy":"product_tag","embeddable":true,"href":"https:\/\/www.urbanbiker.com\/fr\/wp-json\/wp\/v2\/product_tag?post=60180"}],"curies":[{"name":"wp","href":"https:\/\/api.w.org\/{rel}","templated":true}]}}