{"id":37183,"date":"2025-02-24T12:19:40","date_gmt":"2025-02-24T11:19:40","guid":{"rendered":"https:\/\/www.urbanbiker.com\/tienda-bicicletas-electricas\/phare-led-alimente-par-batterie\/"},"modified":"2026-03-11T18:17:21","modified_gmt":"2026-03-11T17:17:21","slug":"phare-led-alimente-par-batterie","status":"publish","type":"product","link":"https:\/\/www.urbanbiker.com\/fr\/produit\/phare-led-alimente-par-batterie\/","title":{"rendered":"Phare LED aliment\u00e9 par batterie"},"content":{"rendered":"\t\t<div data-elementor-type=\"wp-post\" data-elementor-id=\"37183\" class=\"elementor elementor-37183 elementor-36482\">\n\t\t\t\t\n\t\t<section class=\"elementor-section elementor-top-section elementor-element elementor-element-8eb3e6d elementor-section-boxed elementor-section-height-default elementor-section-height-default\" data-id=\"8eb3e6d\" data-element_type=\"section\" data-e-type=\"section\">\n\t\t\t\t\t\t<div class=\"elementor-container elementor-column-gap-default\">\n\t\t\t\t\t<div class=\"elementor-column elementor-col-100 elementor-top-column elementor-element elementor-element-9fd65ba\" data-id=\"9fd65ba\" data-element_type=\"column\" data-e-type=\"column\">\n\t\t\t<div class=\"elementor-widget-wrap elementor-element-populated\">\n\t\t\t\t\t\t<div class=\"elementor-element elementor-element-15cd560 elementor-widget elementor-widget-text-editor\" data-id=\"15cd560\" data-element_type=\"widget\" data-e-type=\"widget\" data-widget_type=\"text-editor.default\">\n\t\t\t\t<div class=\"elementor-widget-container\">\n\t\t\t\t\t\t\t\t\t<p data-start=\"0\" data-end=\"36\"><strong data-start=\"0\" data-end=\"34\">Importante: Diagn\u00f3stico previo<\/strong><\/p><p data-start=\"38\" data-end=\"253\">Para garantizar que compras la pieza correcta, es imprescindible un diagn\u00f3stico preciso. Si el problema no est\u00e1 bien identificado, el componente podr\u00eda no solucionar la aver\u00eda o incluso da\u00f1ar el sistema el\u00e9ctrico.<\/p><p data-start=\"255\" data-end=\"383\" data-is-last-node=\"\" data-is-only-node=\"\">\u2757 <strong data-start=\"257\" data-end=\"289\">No se admitir\u00e1n devoluciones<\/strong> sin un diagn\u00f3stico previo con nuestro equipo. Contacta con nuestros agentes antes de comprar.<\/p>\t\t\t\t\t\t\t\t<\/div>\n\t\t\t\t<\/div>\n\t\t\t\t\t<\/div>\n\t\t<\/div>\n\t\t\t\t\t<\/div>\n\t\t<\/section>\n\t\t\t\t<\/div>\n\t\t","protected":false},"excerpt":{"rendered":"<h6><strong>Phare LED aliment\u00e9 par batterie<\/strong><\/h6>\n<p><strong>Convient \u00e0 Dakota (FE), Mini, Viena et Sidney<\/strong>. Moderne et abordable<a class=\"detail-information-items\" title=\"Projecteurs avant Spanninga Classic\" href=\"https:\/\/hollandbikeshop.com\/es-es\/faros-de-bicicleta\/faros-de-bicicleta-spanninga\/faros-delanteros-de-pilas-spanninga\/faros-delanteros-clasicos-spanninga\/\">.<\/a> Le GALEO est un phare \u00e0 LED avec r\u00e9flecteur int\u00e9gr\u00e9. Le GALEO est r\u00e9glable avec des supports de fourche fixes en acier, des supports de fourche solides en plastique et des adaptateurs sp\u00e9ciaux pour les fourches \u00e0 couronne Suntour et RST ICS. Comprend 2 piles AA. Interrupteur marche\/arr\u00eat. Poids 95 grammes. 40 heures de lumi\u00e8re.<\/p>\n","protected":false},"featured_media":36487,"template":"","meta":[],"product_cat":[342,398],"product_tag":[],"class_list":{"0":"post-37183","1":"product","2":"type-product","3":"status-publish","4":"has-post-thumbnail","6":"product_cat-composants","7":"product_cat-luminaires","8":"pa_ebike-dakota","9":"pa_ebike-dakota-plus","10":"pa_ebike-mini","11":"pa_ebike-sidney","12":"pa_ebike-viena","14":"first","15":"instock","16":"taxable","17":"shipping-taxable","18":"purchasable","19":"product-type-simple"},"atum_controlled":true,"out_stock_date":null,"out_stock_threshold":null,"inheritable":false,"stock_on_hold":0,"sold_today":0,"sales_last_days":0,"out_stock_days":0,"lost_sales":0,"update_date":"2026-04-29T14:43:24","atum_locations":[],"atum_stock_status":"instock","restock_status":false,"low_stock_amount":"","sales_update_date":"2026-04-29T00:29:14","calc_backorders":null,"yoast_head":"<!-- This site is optimized with the Yoast SEO plugin v27.5 - https:\/\/yoast.com\/product\/yoast-seo-wordpress\/ -->\n<title>Phare LED aliment\u00e9 par batterie | Accessoires UrbanBiker<\/title>\n<meta name=\"description\" content=\"Lampe frontale de v\u00e9lo \u00e0 piles pour une meilleure visibilit\u00e9, pour mieux voir et \u00eatre vu plus t\u00f4t, compatible avec nos diff\u00e9rents mod\u00e8les.\" \/>\n<meta name=\"robots\" content=\"index, follow, max-snippet:-1, max-image-preview:large, max-video-preview:-1\" \/>\n<link rel=\"canonical\" href=\"https:\/\/www.urbanbiker.com\/fr\/produit\/phare-led-alimente-par-batterie\/\" \/>\n<meta property=\"og:locale\" content=\"fr_FR\" \/>\n<meta property=\"og:type\" content=\"article\" \/>\n<meta property=\"og:title\" content=\"Phare LED aliment\u00e9 par batterie | Accessoires UrbanBiker\" \/>\n<meta property=\"og:description\" content=\"Lampe frontale de v\u00e9lo \u00e0 piles pour une meilleure visibilit\u00e9, pour mieux voir et \u00eatre vu plus t\u00f4t, compatible avec nos diff\u00e9rents mod\u00e8les.\" \/>\n<meta property=\"og:url\" content=\"https:\/\/www.urbanbiker.com\/fr\/produit\/phare-led-alimente-par-batterie\/\" \/>\n<meta property=\"og:site_name\" content=\"UrbanBiker\" \/>\n<meta property=\"article:publisher\" content=\"https:\/\/www.facebook.com\/Urbanbikerbiciselectricas\" \/>\n<meta property=\"article:modified_time\" content=\"2026-03-11T17:17:21+00:00\" \/>\n<meta property=\"og:image\" content=\"https:\/\/www.urbanbiker.com\/wp-content\/uploads\/2025\/02\/Luz-delantera-LED-a-pilas.jpg\" \/>\n\t<meta property=\"og:image:width\" content=\"800\" \/>\n\t<meta property=\"og:image:height\" content=\"800\" \/>\n\t<meta property=\"og:image:type\" content=\"image\/jpeg\" \/>\n<meta name=\"twitter:card\" content=\"summary_large_image\" \/>\n<meta name=\"twitter:label1\" content=\"Dur\u00e9e de lecture estim\u00e9e\" \/>\n\t<meta name=\"twitter:data1\" content=\"1 minute\" \/>\n<script type=\"application\/ld+json\" class=\"yoast-schema-graph\">{\"@context\":\"https:\\\/\\\/schema.org\",\"@graph\":[{\"@type\":\"WebPage\",\"@id\":\"https:\\\/\\\/www.urbanbiker.com\\\/fr\\\/produit\\\/phare-led-alimente-par-batterie\\\/\",\"url\":\"https:\\\/\\\/www.urbanbiker.com\\\/fr\\\/produit\\\/phare-led-alimente-par-batterie\\\/\",\"name\":\"Phare LED aliment\u00e9 par batterie | Accessoires UrbanBiker\",\"isPartOf\":{\"@id\":\"https:\\\/\\\/www.urbanbiker.com\\\/fr\\\/#website\"},\"primaryImageOfPage\":{\"@id\":\"https:\\\/\\\/www.urbanbiker.com\\\/fr\\\/produit\\\/phare-led-alimente-par-batterie\\\/#primaryimage\"},\"image\":{\"@id\":\"https:\\\/\\\/www.urbanbiker.com\\\/fr\\\/produit\\\/phare-led-alimente-par-batterie\\\/#primaryimage\"},\"thumbnailUrl\":\"https:\\\/\\\/www.urbanbiker.com\\\/wp-content\\\/uploads\\\/2025\\\/02\\\/Luz-delantera-LED-a-pilas.jpg\",\"datePublished\":\"2025-02-24T11:19:40+00:00\",\"dateModified\":\"2026-03-11T17:17:21+00:00\",\"description\":\"Lampe frontale de v\u00e9lo \u00e0 piles pour une meilleure visibilit\u00e9, pour mieux voir et \u00eatre vu plus t\u00f4t, compatible avec nos diff\u00e9rents mod\u00e8les.\",\"breadcrumb\":{\"@id\":\"https:\\\/\\\/www.urbanbiker.com\\\/fr\\\/produit\\\/phare-led-alimente-par-batterie\\\/#breadcrumb\"},\"inLanguage\":\"fr-FR\",\"potentialAction\":[{\"@type\":\"ReadAction\",\"target\":[\"https:\\\/\\\/www.urbanbiker.com\\\/fr\\\/produit\\\/phare-led-alimente-par-batterie\\\/\"]}]},{\"@type\":\"ImageObject\",\"inLanguage\":\"fr-FR\",\"@id\":\"https:\\\/\\\/www.urbanbiker.com\\\/fr\\\/produit\\\/phare-led-alimente-par-batterie\\\/#primaryimage\",\"url\":\"https:\\\/\\\/www.urbanbiker.com\\\/wp-content\\\/uploads\\\/2025\\\/02\\\/Luz-delantera-LED-a-pilas.jpg\",\"contentUrl\":\"https:\\\/\\\/www.urbanbiker.com\\\/wp-content\\\/uploads\\\/2025\\\/02\\\/Luz-delantera-LED-a-pilas.jpg\",\"width\":800,\"height\":800,\"caption\":\"Phare LED aliment\u00e9 par batterie\"},{\"@type\":\"BreadcrumbList\",\"@id\":\"https:\\\/\\\/www.urbanbiker.com\\\/fr\\\/produit\\\/phare-led-alimente-par-batterie\\\/#breadcrumb\",\"itemListElement\":[{\"@type\":\"ListItem\",\"position\":1,\"name\":\"Portada\",\"item\":\"https:\\\/\\\/www.urbanbiker.com\\\/fr\\\/\"},{\"@type\":\"ListItem\",\"position\":2,\"name\":\"Boutique de v\u00e9los \u00e9lectriques\",\"item\":\"https:\\\/\\\/www.urbanbiker.com\\\/fr\\\/boutique-velos-electriques\\\/\"},{\"@type\":\"ListItem\",\"position\":3,\"name\":\"Phare LED aliment\u00e9 par batterie\"}]},{\"@type\":\"WebSite\",\"@id\":\"https:\\\/\\\/www.urbanbiker.com\\\/fr\\\/#website\",\"url\":\"https:\\\/\\\/www.urbanbiker.com\\\/fr\\\/\",\"name\":\"UrbanBiker\",\"description\":\"V\u00e9los \u00e9lectriques\",\"publisher\":{\"@id\":\"https:\\\/\\\/www.urbanbiker.com\\\/fr\\\/#organization\"},\"potentialAction\":[{\"@type\":\"SearchAction\",\"target\":{\"@type\":\"EntryPoint\",\"urlTemplate\":\"https:\\\/\\\/www.urbanbiker.com\\\/fr\\\/?s={search_term_string}\"},\"query-input\":{\"@type\":\"PropertyValueSpecification\",\"valueRequired\":true,\"valueName\":\"search_term_string\"}}],\"inLanguage\":\"fr-FR\"},{\"@type\":\"Organization\",\"@id\":\"https:\\\/\\\/www.urbanbiker.com\\\/fr\\\/#organization\",\"name\":\"UrbanBiker\",\"url\":\"https:\\\/\\\/www.urbanbiker.com\\\/fr\\\/\",\"logo\":{\"@type\":\"ImageObject\",\"inLanguage\":\"fr-FR\",\"@id\":\"https:\\\/\\\/www.urbanbiker.com\\\/fr\\\/#\\\/schema\\\/logo\\\/image\\\/\",\"url\":\"https:\\\/\\\/www.urbanbiker.com\\\/wp-content\\\/uploads\\\/2022\\\/09\\\/Logo-principal-sin-fondo.png\",\"contentUrl\":\"https:\\\/\\\/www.urbanbiker.com\\\/wp-content\\\/uploads\\\/2022\\\/09\\\/Logo-principal-sin-fondo.png\",\"width\":2560,\"height\":934,\"caption\":\"UrbanBiker\"},\"image\":{\"@id\":\"https:\\\/\\\/www.urbanbiker.com\\\/fr\\\/#\\\/schema\\\/logo\\\/image\\\/\"},\"sameAs\":[\"https:\\\/\\\/www.facebook.com\\\/Urbanbikerbiciselectricas\",\"https:\\\/\\\/www.instagram.com\\\/urbanbiker_\\\/\",\"https:\\\/\\\/www.linkedin.com\\\/company\\\/2454235\",\"https:\\\/\\\/www.youtube.com\\\/channel\\\/UCWR__uH_RWJF-OhPfz-9-Qw\"]}]}<\/script>\n<!-- \/ Yoast SEO plugin. -->","yoast_head_json":{"title":"Phare LED aliment\u00e9 par batterie | Accessoires UrbanBiker","description":"Lampe frontale de v\u00e9lo \u00e0 piles pour une meilleure visibilit\u00e9, pour mieux voir et \u00eatre vu plus t\u00f4t, compatible avec nos diff\u00e9rents mod\u00e8les.","robots":{"index":"index","follow":"follow","max-snippet":"max-snippet:-1","max-image-preview":"max-image-preview:large","max-video-preview":"max-video-preview:-1"},"canonical":"https:\/\/www.urbanbiker.com\/fr\/produit\/phare-led-alimente-par-batterie\/","og_locale":"fr_FR","og_type":"article","og_title":"Phare LED aliment\u00e9 par batterie | Accessoires UrbanBiker","og_description":"Lampe frontale de v\u00e9lo \u00e0 piles pour une meilleure visibilit\u00e9, pour mieux voir et \u00eatre vu plus t\u00f4t, compatible avec nos diff\u00e9rents mod\u00e8les.","og_url":"https:\/\/www.urbanbiker.com\/fr\/produit\/phare-led-alimente-par-batterie\/","og_site_name":"UrbanBiker","article_publisher":"https:\/\/www.facebook.com\/Urbanbikerbiciselectricas","article_modified_time":"2026-03-11T17:17:21+00:00","og_image":[{"width":800,"height":800,"url":"https:\/\/www.urbanbiker.com\/wp-content\/uploads\/2025\/02\/Luz-delantera-LED-a-pilas.jpg","type":"image\/jpeg"}],"twitter_card":"summary_large_image","twitter_misc":{"Dur\u00e9e de lecture estim\u00e9e":"1 minute"},"schema":{"@context":"https:\/\/schema.org","@graph":[{"@type":"WebPage","@id":"https:\/\/www.urbanbiker.com\/fr\/produit\/phare-led-alimente-par-batterie\/","url":"https:\/\/www.urbanbiker.com\/fr\/produit\/phare-led-alimente-par-batterie\/","name":"Phare LED aliment\u00e9 par batterie | Accessoires UrbanBiker","isPartOf":{"@id":"https:\/\/www.urbanbiker.com\/fr\/#website"},"primaryImageOfPage":{"@id":"https:\/\/www.urbanbiker.com\/fr\/produit\/phare-led-alimente-par-batterie\/#primaryimage"},"image":{"@id":"https:\/\/www.urbanbiker.com\/fr\/produit\/phare-led-alimente-par-batterie\/#primaryimage"},"thumbnailUrl":"https:\/\/www.urbanbiker.com\/wp-content\/uploads\/2025\/02\/Luz-delantera-LED-a-pilas.jpg","datePublished":"2025-02-24T11:19:40+00:00","dateModified":"2026-03-11T17:17:21+00:00","description":"Lampe frontale de v\u00e9lo \u00e0 piles pour une meilleure visibilit\u00e9, pour mieux voir et \u00eatre vu plus t\u00f4t, compatible avec nos diff\u00e9rents mod\u00e8les.","breadcrumb":{"@id":"https:\/\/www.urbanbiker.com\/fr\/produit\/phare-led-alimente-par-batterie\/#breadcrumb"},"inLanguage":"fr-FR","potentialAction":[{"@type":"ReadAction","target":["https:\/\/www.urbanbiker.com\/fr\/produit\/phare-led-alimente-par-batterie\/"]}]},{"@type":"ImageObject","inLanguage":"fr-FR","@id":"https:\/\/www.urbanbiker.com\/fr\/produit\/phare-led-alimente-par-batterie\/#primaryimage","url":"https:\/\/www.urbanbiker.com\/wp-content\/uploads\/2025\/02\/Luz-delantera-LED-a-pilas.jpg","contentUrl":"https:\/\/www.urbanbiker.com\/wp-content\/uploads\/2025\/02\/Luz-delantera-LED-a-pilas.jpg","width":800,"height":800,"caption":"Phare LED aliment\u00e9 par batterie"},{"@type":"BreadcrumbList","@id":"https:\/\/www.urbanbiker.com\/fr\/produit\/phare-led-alimente-par-batterie\/#breadcrumb","itemListElement":[{"@type":"ListItem","position":1,"name":"Portada","item":"https:\/\/www.urbanbiker.com\/fr\/"},{"@type":"ListItem","position":2,"name":"Boutique de v\u00e9los \u00e9lectriques","item":"https:\/\/www.urbanbiker.com\/fr\/boutique-velos-electriques\/"},{"@type":"ListItem","position":3,"name":"Phare LED aliment\u00e9 par batterie"}]},{"@type":"WebSite","@id":"https:\/\/www.urbanbiker.com\/fr\/#website","url":"https:\/\/www.urbanbiker.com\/fr\/","name":"UrbanBiker","description":"V\u00e9los \u00e9lectriques","publisher":{"@id":"https:\/\/www.urbanbiker.com\/fr\/#organization"},"potentialAction":[{"@type":"SearchAction","target":{"@type":"EntryPoint","urlTemplate":"https:\/\/www.urbanbiker.com\/fr\/?s={search_term_string}"},"query-input":{"@type":"PropertyValueSpecification","valueRequired":true,"valueName":"search_term_string"}}],"inLanguage":"fr-FR"},{"@type":"Organization","@id":"https:\/\/www.urbanbiker.com\/fr\/#organization","name":"UrbanBiker","url":"https:\/\/www.urbanbiker.com\/fr\/","logo":{"@type":"ImageObject","inLanguage":"fr-FR","@id":"https:\/\/www.urbanbiker.com\/fr\/#\/schema\/logo\/image\/","url":"https:\/\/www.urbanbiker.com\/wp-content\/uploads\/2022\/09\/Logo-principal-sin-fondo.png","contentUrl":"https:\/\/www.urbanbiker.com\/wp-content\/uploads\/2022\/09\/Logo-principal-sin-fondo.png","width":2560,"height":934,"caption":"UrbanBiker"},"image":{"@id":"https:\/\/www.urbanbiker.com\/fr\/#\/schema\/logo\/image\/"},"sameAs":["https:\/\/www.facebook.com\/Urbanbikerbiciselectricas","https:\/\/www.instagram.com\/urbanbiker_\/","https:\/\/www.linkedin.com\/company\/2454235","https:\/\/www.youtube.com\/channel\/UCWR__uH_RWJF-OhPfz-9-Qw"]}]}},"_links":{"self":[{"href":"https:\/\/www.urbanbiker.com\/fr\/wp-json\/wp\/v2\/product\/37183","targetHints":{"allow":["GET"]}}],"collection":[{"href":"https:\/\/www.urbanbiker.com\/fr\/wp-json\/wp\/v2\/product"}],"about":[{"href":"https:\/\/www.urbanbiker.com\/fr\/wp-json\/wp\/v2\/types\/product"}],"version-history":[{"count":2,"href":"https:\/\/www.urbanbiker.com\/fr\/wp-json\/wp\/v2\/product\/37183\/revisions"}],"predecessor-version":[{"id":55982,"href":"https:\/\/www.urbanbiker.com\/fr\/wp-json\/wp\/v2\/product\/37183\/revisions\/55982"}],"wp:featuredmedia":[{"embeddable":true,"href":"https:\/\/www.urbanbiker.com\/fr\/wp-json\/wp\/v2\/media\/36487"}],"wp:attachment":[{"href":"https:\/\/www.urbanbiker.com\/fr\/wp-json\/wp\/v2\/media?parent=37183"}],"wp:term":[{"taxonomy":"product_cat","embeddable":true,"href":"https:\/\/www.urbanbiker.com\/fr\/wp-json\/wp\/v2\/product_cat?post=37183"},{"taxonomy":"product_tag","embeddable":true,"href":"https:\/\/www.urbanbiker.com\/fr\/wp-json\/wp\/v2\/product_tag?post=37183"}],"curies":[{"name":"wp","href":"https:\/\/api.w.org\/{rel}","templated":true}]}}