
{"id":40121,"date":"2024-11-28T15:20:43","date_gmt":"2024-11-28T14:20:43","guid":{"rendered":"https:\/\/www.urbanbiker.com\/expedition\/"},"modified":"2025-11-06T11:38:59","modified_gmt":"2025-11-06T10:38:59","slug":"expedition","status":"publish","type":"page","link":"https:\/\/www.urbanbiker.com\/fr\/expedition\/","title":{"rendered":"Exp\u00e9dition"},"content":{"rendered":"\t\t<div data-elementor-type=\"wp-page\" data-elementor-id=\"40121\" class=\"elementor elementor-40121 elementor-32106\">\n\t\t\t\t\t\t<div class=\"elementor-section elementor-top-section elementor-element elementor-element-2e11527 elementor-section-stretched elementor-section-boxed elementor-section-height-default elementor-section-height-default\" data-id=\"2e11527\" data-element_type=\"section\" data-e-type=\"section\" data-settings=\"{&quot;stretch_section&quot;:&quot;section-stretched&quot;}\">\n\t\t\t\t\t\t<div class=\"elementor-container elementor-column-gap-no\">\n\t\t\t\t\t<div class=\"elementor-column elementor-col-100 elementor-top-column elementor-element elementor-element-d2bd899\" data-id=\"d2bd899\" data-element_type=\"column\" data-e-type=\"column\">\n\t\t\t<div class=\"elementor-widget-wrap elementor-element-populated\">\n\t\t\t\t\t\t<div class=\"elementor-element elementor-element-a637689 elementor-widget elementor-widget-text-editor\" data-id=\"a637689\" data-element_type=\"widget\" data-e-type=\"widget\" data-widget_type=\"text-editor.default\">\n\t\t\t\t<div class=\"elementor-widget-container\">\n\t\t\t\t\t\t\t\t\t<h2>Informations sur l&rsquo;exp\u00e9dition<\/h2><h3>Frais d&rsquo;exp\u00e9dition<\/h3><p>Les frais de port sont de 15 euros pour les commandes inf\u00e9rieures \u00e0 100 euros.<\/p><p>Les frais de port sont gratuits pour les commandes sup\u00e9rieures \u00e0 100 euros.<\/p><h3>Disponibilit\u00e9<\/h3><p>Si le produit est disponible, il sera exp\u00e9di\u00e9 dans un d\u00e9lai de 2\/5 jours ouvrables selon le pays pour les v\u00e9los et de 1\/4 jours ouvrables selon le pays pour les pi\u00e8ces d\u00e9tach\u00e9es ou les accessoires.<\/p><p>En cas d&rsquo;indisponibilit\u00e9, le message de rupture de stock s&rsquo;affiche.<\/p><p>Les d\u00e9lais de livraison sont approximatifs et peuvent \u00eatre modifi\u00e9s par les agences de transport elles-m\u00eames. Il n&rsquo;est en aucun cas possible de pr\u00e9ciser un d\u00e9lai de livraison. <\/p><p>Note : Les commandes sont re\u00e7ues par Urbanbiker.com exclusivement du lundi au vendredi. Les commandes ne sont pas trait\u00e9es les week-ends et les jours f\u00e9ri\u00e9s. <\/p><h3>Emballage<\/h3><p>La plupart des v\u00e9los sont livr\u00e9s pr\u00e9-assembl\u00e9s dans un grand carton (que nous vous recommandons de conserver). Le guidon, la selle et les p\u00e9dales sont g\u00e9n\u00e9ralement d\u00e9mont\u00e9s pour gagner de la place. <\/p><h3>Assembl\u00e9e<\/h3><p>En g\u00e9n\u00e9ral, il s&rsquo;agit d&rsquo;un processus simple, mais il doit \u00eatre effectu\u00e9 correctement pour que le v\u00e9lo soit parfait \u00e0 100 %. Nous vous recommandons de regarder les vid\u00e9os sur la cha\u00eene YouTube que chaque marque poss\u00e8de habituellement, et de lire attentivement le guide d&rsquo;assemblage et d&rsquo;entretien qui accompagne chaque v\u00e9lo. <\/p><h3>Suivi des commandes<\/h3><p>Nos commandes utilisent un syst\u00e8me de suivi avec un num\u00e9ro d&rsquo;exp\u00e9dition fourni par l&rsquo;entreprise de transport, que vous recevrez une fois votre commande termin\u00e9e. Chaque agence de transport a ses propres caract\u00e9ristiques et, une fois que la commande a quitt\u00e9 nos locaux, c&rsquo;est l&rsquo;agence de transport elle-m\u00eame qui est charg\u00e9e de coordonner les d\u00e9tails de la livraison de votre commande. <\/p><p>Il est conseill\u00e9 de v\u00e9rifier l&rsquo;adresse \u00e9lectronique et le num\u00e9ro de t\u00e9l\u00e9phone portable fournis lors de la commande pour recevoir les informations de suivi.<\/p><p>Nous travaillons exclusivement avec des entreprises internationales de premier plan telles que :<\/p><p><strong>FEDEX<\/strong> <a href=\"https:\/\/www.fedex.com\/es-es\/tracking.html\" target=\"_blank\" rel=\"noopener\">:<\/a><strong>https:\/\/www.fedex.com\/es-es\/tracking.html<\/strong><br><strong>DHL<\/strong> <a href=\"https:\/\/www.dhl.com\/es-es\/home\/seguimiento.html\" target=\"_blank\" rel=\"noopener\">:<\/a><strong>https:\/\/www.dhl.com\/es-es\/home\/seguimiento.html<\/strong><br><strong>DHL Parcel<\/strong> <a href=\"https:\/\/clientesparcel.dhl.es\/LiveTracking\/seguimiento-envio-empresas\" target=\"_blank\" rel=\"noopener\">:<\/a><strong>https:\/\/clientesparcel.dhl.es\/LiveTracking\/seguimiento-envio-empresas<\/strong><br><strong> GLS <a href=\"https:\/\/www.gls-spain.es\/es\/recibir-paquetes\/seguimiento-envio\/\" target=\"_blank\" rel=\"noopener\">:<\/a><strong>https:\/\/www.gls-spain.es\/es\/recibir-paquetes\/seguimiento-envio\/<\/strong><br><strong>UPS<\/strong> <a href=\"https:\/\/www.ups.com\/track?loc=es_ES&amp;requester=ST\/\" target=\"_blank\" rel=\"noopener\">:<\/a> https:\/\/www.ups.com\/track?loc=es_ES&amp;requester=ST\/<br>et d&rsquo;autres partenaires logistiques sur la base du CP de livraison, garantissant ainsi un suivi fiable des envois de nos clients finaux.<\/strong><\/p><h3>R\u00e9clamations concernant l&rsquo;envoi<\/h3><p>Lorsque vous recevez votre commande, v\u00e9rifiez que l&#8217;emballage est en parfait \u00e9tat et que le nombre de colis est correct. Si vous constatez une anomalie, indiquez-la sur le bon de livraison que vous signerez au transporteur. Notez sur le bon de livraison tout signe de mauvaise manipulation de la marchandise, d&rsquo;endommagement ou d&rsquo;alt\u00e9ration de l&#8217;emballage, m\u00eame si le mat\u00e9riel semble en bon \u00e9tat, afin de pouvoir faire une r\u00e9clamation le cas \u00e9ch\u00e9ant.  <\/p><p>Veuillez noter que toute r\u00e9clamation pour dommage et\/ou casse doit \u00eatre faite aupr\u00e8s du transporteur dans les 24 heures suivant la r\u00e9ception des marchandises. Pass\u00e9 ce d\u00e9lai, ni le transporteur ni Ebikestock ne pourront \u00eatre tenus responsables des dommages caus\u00e9s pendant le transport, et l&rsquo;acheteur sera responsable de tous les frais ou pertes encourus. <\/p>\t\t\t\t\t\t\t\t<\/div>\n\t\t\t\t<\/div>\n\t\t\t\t\t<\/div>\n\t\t<\/div>\n\t\t\t\t\t<\/div>\n\t\t<\/div>\n\t\t\t\t<\/div>\n\t\t","protected":false},"excerpt":{"rendered":"<p>Informations sur l&rsquo;exp\u00e9dition Frais d&rsquo;exp\u00e9dition Les frais de port sont de 15 euros pour les commandes inf\u00e9rieures \u00e0 100 euros. Les frais de port sont gratuits pour les commandes sup\u00e9rieures \u00e0 100 euros. Disponibilit\u00e9 Si le produit est disponible, il sera exp\u00e9di\u00e9 dans un d\u00e9lai de 2\/5 jours ouvrables selon le pays pour les v\u00e9los [&hellip;]<\/p>\n","protected":false},"author":1,"featured_media":0,"parent":0,"menu_order":0,"comment_status":"closed","ping_status":"closed","template":"template-homepage.php","meta":{"footnotes":""},"class_list":["post-40121","page","type-page","status-publish","hentry"],"yoast_head":"<!-- This site is optimized with the Yoast SEO plugin v27.5 - https:\/\/yoast.com\/product\/yoast-seo-wordpress\/ -->\n<title>Exp\u00e9dition UrbanBiker<\/title>\n<meta name=\"description\" content=\"Exp\u00e9dition UrbanBiker\" \/>\n<meta name=\"robots\" content=\"noindex, nofollow\" \/>\n<meta property=\"og:locale\" content=\"fr_FR\" \/>\n<meta property=\"og:type\" content=\"article\" \/>\n<meta property=\"og:title\" content=\"Exp\u00e9dition UrbanBiker\" \/>\n<meta property=\"og:description\" content=\"Exp\u00e9dition UrbanBiker\" \/>\n<meta property=\"og:url\" content=\"https:\/\/www.urbanbiker.com\/fr\/expedition\/\" \/>\n<meta property=\"og:site_name\" content=\"UrbanBiker\" \/>\n<meta property=\"article:publisher\" content=\"https:\/\/www.facebook.com\/Urbanbikerbiciselectricas\" \/>\n<meta property=\"article:modified_time\" content=\"2025-11-06T10:38:59+00:00\" \/>\n<meta name=\"twitter:card\" content=\"summary_large_image\" \/>\n<meta name=\"twitter:label1\" content=\"Dur\u00e9e de lecture estim\u00e9e\" \/>\n\t<meta name=\"twitter:data1\" content=\"3 minutes\" \/>\n<script type=\"application\/ld+json\" class=\"yoast-schema-graph\">{\"@context\":\"https:\\\/\\\/schema.org\",\"@graph\":[{\"@type\":\"WebPage\",\"@id\":\"https:\\\/\\\/www.urbanbiker.com\\\/fr\\\/expedition\\\/\",\"url\":\"https:\\\/\\\/www.urbanbiker.com\\\/fr\\\/expedition\\\/\",\"name\":\"Exp\u00e9dition UrbanBiker\",\"isPartOf\":{\"@id\":\"https:\\\/\\\/www.urbanbiker.com\\\/fr\\\/#website\"},\"datePublished\":\"2024-11-28T14:20:43+00:00\",\"dateModified\":\"2025-11-06T10:38:59+00:00\",\"description\":\"Exp\u00e9dition UrbanBiker\",\"breadcrumb\":{\"@id\":\"https:\\\/\\\/www.urbanbiker.com\\\/fr\\\/expedition\\\/#breadcrumb\"},\"inLanguage\":\"fr-FR\",\"potentialAction\":[{\"@type\":\"ReadAction\",\"target\":[\"https:\\\/\\\/www.urbanbiker.com\\\/fr\\\/expedition\\\/\"]}]},{\"@type\":\"BreadcrumbList\",\"@id\":\"https:\\\/\\\/www.urbanbiker.com\\\/fr\\\/expedition\\\/#breadcrumb\",\"itemListElement\":[{\"@type\":\"ListItem\",\"position\":1,\"name\":\"Portada\",\"item\":\"https:\\\/\\\/www.urbanbiker.com\\\/fr\\\/\"},{\"@type\":\"ListItem\",\"position\":2,\"name\":\"Exp\u00e9dition\"}]},{\"@type\":\"WebSite\",\"@id\":\"https:\\\/\\\/www.urbanbiker.com\\\/fr\\\/#website\",\"url\":\"https:\\\/\\\/www.urbanbiker.com\\\/fr\\\/\",\"name\":\"UrbanBiker\",\"description\":\"V\u00e9los \u00e9lectriques\",\"publisher\":{\"@id\":\"https:\\\/\\\/www.urbanbiker.com\\\/fr\\\/#organization\"},\"potentialAction\":[{\"@type\":\"SearchAction\",\"target\":{\"@type\":\"EntryPoint\",\"urlTemplate\":\"https:\\\/\\\/www.urbanbiker.com\\\/fr\\\/?s={search_term_string}\"},\"query-input\":{\"@type\":\"PropertyValueSpecification\",\"valueRequired\":true,\"valueName\":\"search_term_string\"}}],\"inLanguage\":\"fr-FR\"},{\"@type\":\"Organization\",\"@id\":\"https:\\\/\\\/www.urbanbiker.com\\\/fr\\\/#organization\",\"name\":\"UrbanBiker\",\"url\":\"https:\\\/\\\/www.urbanbiker.com\\\/fr\\\/\",\"logo\":{\"@type\":\"ImageObject\",\"inLanguage\":\"fr-FR\",\"@id\":\"https:\\\/\\\/www.urbanbiker.com\\\/fr\\\/#\\\/schema\\\/logo\\\/image\\\/\",\"url\":\"https:\\\/\\\/www.urbanbiker.com\\\/wp-content\\\/uploads\\\/2022\\\/09\\\/Logo-principal-sin-fondo.png\",\"contentUrl\":\"https:\\\/\\\/www.urbanbiker.com\\\/wp-content\\\/uploads\\\/2022\\\/09\\\/Logo-principal-sin-fondo.png\",\"width\":2560,\"height\":934,\"caption\":\"UrbanBiker\"},\"image\":{\"@id\":\"https:\\\/\\\/www.urbanbiker.com\\\/fr\\\/#\\\/schema\\\/logo\\\/image\\\/\"},\"sameAs\":[\"https:\\\/\\\/www.facebook.com\\\/Urbanbikerbiciselectricas\",\"https:\\\/\\\/www.instagram.com\\\/urbanbiker_\\\/\",\"https:\\\/\\\/www.linkedin.com\\\/company\\\/2454235\",\"https:\\\/\\\/www.youtube.com\\\/channel\\\/UCWR__uH_RWJF-OhPfz-9-Qw\"]}]}<\/script>\n<!-- \/ Yoast SEO plugin. -->","yoast_head_json":{"title":"Exp\u00e9dition UrbanBiker","description":"Exp\u00e9dition UrbanBiker","robots":{"index":"noindex","follow":"nofollow"},"og_locale":"fr_FR","og_type":"article","og_title":"Exp\u00e9dition UrbanBiker","og_description":"Exp\u00e9dition UrbanBiker","og_url":"https:\/\/www.urbanbiker.com\/fr\/expedition\/","og_site_name":"UrbanBiker","article_publisher":"https:\/\/www.facebook.com\/Urbanbikerbiciselectricas","article_modified_time":"2025-11-06T10:38:59+00:00","twitter_card":"summary_large_image","twitter_misc":{"Dur\u00e9e de lecture estim\u00e9e":"3 minutes"},"schema":{"@context":"https:\/\/schema.org","@graph":[{"@type":"WebPage","@id":"https:\/\/www.urbanbiker.com\/fr\/expedition\/","url":"https:\/\/www.urbanbiker.com\/fr\/expedition\/","name":"Exp\u00e9dition UrbanBiker","isPartOf":{"@id":"https:\/\/www.urbanbiker.com\/fr\/#website"},"datePublished":"2024-11-28T14:20:43+00:00","dateModified":"2025-11-06T10:38:59+00:00","description":"Exp\u00e9dition UrbanBiker","breadcrumb":{"@id":"https:\/\/www.urbanbiker.com\/fr\/expedition\/#breadcrumb"},"inLanguage":"fr-FR","potentialAction":[{"@type":"ReadAction","target":["https:\/\/www.urbanbiker.com\/fr\/expedition\/"]}]},{"@type":"BreadcrumbList","@id":"https:\/\/www.urbanbiker.com\/fr\/expedition\/#breadcrumb","itemListElement":[{"@type":"ListItem","position":1,"name":"Portada","item":"https:\/\/www.urbanbiker.com\/fr\/"},{"@type":"ListItem","position":2,"name":"Exp\u00e9dition"}]},{"@type":"WebSite","@id":"https:\/\/www.urbanbiker.com\/fr\/#website","url":"https:\/\/www.urbanbiker.com\/fr\/","name":"UrbanBiker","description":"V\u00e9los \u00e9lectriques","publisher":{"@id":"https:\/\/www.urbanbiker.com\/fr\/#organization"},"potentialAction":[{"@type":"SearchAction","target":{"@type":"EntryPoint","urlTemplate":"https:\/\/www.urbanbiker.com\/fr\/?s={search_term_string}"},"query-input":{"@type":"PropertyValueSpecification","valueRequired":true,"valueName":"search_term_string"}}],"inLanguage":"fr-FR"},{"@type":"Organization","@id":"https:\/\/www.urbanbiker.com\/fr\/#organization","name":"UrbanBiker","url":"https:\/\/www.urbanbiker.com\/fr\/","logo":{"@type":"ImageObject","inLanguage":"fr-FR","@id":"https:\/\/www.urbanbiker.com\/fr\/#\/schema\/logo\/image\/","url":"https:\/\/www.urbanbiker.com\/wp-content\/uploads\/2022\/09\/Logo-principal-sin-fondo.png","contentUrl":"https:\/\/www.urbanbiker.com\/wp-content\/uploads\/2022\/09\/Logo-principal-sin-fondo.png","width":2560,"height":934,"caption":"UrbanBiker"},"image":{"@id":"https:\/\/www.urbanbiker.com\/fr\/#\/schema\/logo\/image\/"},"sameAs":["https:\/\/www.facebook.com\/Urbanbikerbiciselectricas","https:\/\/www.instagram.com\/urbanbiker_\/","https:\/\/www.linkedin.com\/company\/2454235","https:\/\/www.youtube.com\/channel\/UCWR__uH_RWJF-OhPfz-9-Qw"]}]}},"_links":{"self":[{"href":"https:\/\/www.urbanbiker.com\/fr\/wp-json\/wp\/v2\/pages\/40121","targetHints":{"allow":["GET"]}}],"collection":[{"href":"https:\/\/www.urbanbiker.com\/fr\/wp-json\/wp\/v2\/pages"}],"about":[{"href":"https:\/\/www.urbanbiker.com\/fr\/wp-json\/wp\/v2\/types\/page"}],"author":[{"embeddable":true,"href":"https:\/\/www.urbanbiker.com\/fr\/wp-json\/wp\/v2\/users\/1"}],"replies":[{"embeddable":true,"href":"https:\/\/www.urbanbiker.com\/fr\/wp-json\/wp\/v2\/comments?post=40121"}],"version-history":[{"count":2,"href":"https:\/\/www.urbanbiker.com\/fr\/wp-json\/wp\/v2\/pages\/40121\/revisions"}],"predecessor-version":[{"id":57336,"href":"https:\/\/www.urbanbiker.com\/fr\/wp-json\/wp\/v2\/pages\/40121\/revisions\/57336"}],"wp:attachment":[{"href":"https:\/\/www.urbanbiker.com\/fr\/wp-json\/wp\/v2\/media?parent=40121"}],"curies":[{"name":"wp","href":"https:\/\/api.w.org\/{rel}","templated":true}]}}