{"id":39026,"date":"2025-03-11T16:49:14","date_gmt":"2025-03-11T15:49:14","guid":{"rendered":"https:\/\/www.urbanbiker.com\/movilidad-sostenible\/"},"modified":"2025-03-16T16:37:41","modified_gmt":"2025-03-16T15:37:41","slug":"mobilite-durable","status":"publish","type":"page","link":"https:\/\/www.urbanbiker.com\/fr\/mobilite-durable\/","title":{"rendered":"Mobilit\u00e9 durable"},"content":{"rendered":"\t\t<div data-elementor-type=\"wp-page\" data-elementor-id=\"39026\" class=\"elementor elementor-39026 elementor-37954\">\n\t\t\t\t\t\t<div class=\"elementor-section elementor-top-section elementor-element elementor-element-e4bd039 elementor-section-stretched elementor-section-boxed elementor-section-height-default elementor-section-height-default\" data-id=\"e4bd039\" data-element_type=\"section\" data-e-type=\"section\" data-settings=\"{&quot;stretch_section&quot;:&quot;section-stretched&quot;}\">\n\t\t\t\t\t\t<div class=\"elementor-container elementor-column-gap-no\">\n\t\t\t\t\t<div class=\"elementor-column elementor-col-100 elementor-top-column elementor-element elementor-element-596bca5\" data-id=\"596bca5\" data-element_type=\"column\" data-e-type=\"column\">\n\t\t\t<div class=\"elementor-widget-wrap elementor-element-populated\">\n\t\t\t\t\n\t\t<div class=\"elementor-element elementor-element-0875ec3 arrow-style-1 dot-style-1 elementor-widget elementor-widget-bikys-post-grid\" data-id=\"0875ec3\" data-element_type=\"widget\" data-e-type=\"widget\" data-widget_type=\"bikys-post-grid.default\">\n\t\t\t\t<div class=\"elementor-widget-container\">\n\t\t\t\t\t        <div class=\"elementor-post-wrapper post-style-special\">\n            <div class=\"row\" data-elementor-columns=\"3\" data-elementor-columns-tablet=\"2\" data-elementor-columns-mobile=\"1\">\n\n                <div class=\"column-item post-style-2\">\n    <div class=\"post-inner\">\n        <div class=\"post-thumbnail\"><img fetchpriority=\"high\" decoding=\"async\" width=\"940\" height=\"1040\" src=\"https:\/\/www.urbanbiker.com\/wp-content\/uploads\/2026\/03\/Baterias-UrbanBiker-940x1040.png\" class=\"attachment-bikys-post-grid size-bikys-post-grid wp-post-image\" alt=\"\" \/><\/div>        <div class=\"post-content\">\n            <div class=\"entry-header\">\n                <div class=\"categories-link\"><span class=\"screen-reader-text\">Cat\u00e9gories<\/span><a href=\"https:\/\/www.urbanbiker.com\/fr\/categorie\/conseil\/\" rel=\"category tag\">Conseil<\/a> <a href=\"https:\/\/www.urbanbiker.com\/fr\/categorie\/mobilite-durable\/\" rel=\"category tag\">Mobilit\u00e9 durable<\/a><\/div>                <h3 class=\"delta entry-title\"><a href=\"https:\/\/www.urbanbiker.com\/fr\/batteries-au-lithium-et-mobilite-electrique-ce-qui-se-cache-derriere-un-urbanbiker\/\" rel=\"bookmark\">Batteries au lithium et mobilit\u00e9 \u00e9lectrique : ce qui se cache derri\u00e8re un UrbanBiker<\/a><\/h3>                <div class=\"entry-meta\">\n                      <div class=\"posted-on\"><a href=\"https:\/\/www.urbanbiker.com\/fr\/batteries-au-lithium-et-mobilite-electrique-ce-qui-se-cache-derriere-un-urbanbiker\/\" rel=\"bookmark\">11 mars 2026<\/a><\/div> <div class=\"post-author\"><span class=\"text-author\">PUBLIER PAR <\/span><a href=\"https:\/\/www.urbanbiker.com\/fr\/author\/urbanbikeres\/\" class=\"url fn\" rel=\"author\">UrbanBiker Espa\u00f1a<\/a><\/div>                <\/div>\n            <\/div>\n        <\/div>\n    <\/div>\n<\/div>\n<div class=\"column-item post-style-1\">\n    <div class=\"post-inner\">\n        <div class=\"post-thumbnail\"><div class=\"categories-link\"><span class=\"screen-reader-text\">Cat\u00e9gories<\/span><a href=\"https:\/\/www.urbanbiker.com\/fr\/categorie\/actualites\/\" rel=\"category tag\">Actualit\u00e9s<\/a> <a href=\"https:\/\/www.urbanbiker.com\/fr\/categorie\/mobilite-durable\/\" rel=\"category tag\">Mobilit\u00e9 durable<\/a><\/div><img decoding=\"async\" width=\"940\" height=\"1040\" src=\"https:\/\/www.urbanbiker.com\/wp-content\/uploads\/2025\/12\/Portada-entradas-blog-1-940x1040.png\" class=\"attachment-bikys-post-grid size-bikys-post-grid wp-post-image\" alt=\"\" \/><\/div>        <div class=\"post-content\">\n            <div class=\"entry-header\">\n                <h3 class=\"sigma entry-title\"><a href=\"https:\/\/www.urbanbiker.com\/fr\/urbanbiker-refuerza-presencia-alemania\/\" rel=\"bookmark\">UrbanBiker en Alemania: cinco a\u00f1os creciendo en uno de los mercados m\u00e1s exigentes de la ebike<\/a><\/h3>                <div class=\"entry-meta\">\n                      <div class=\"posted-on\"><a href=\"https:\/\/www.urbanbiker.com\/fr\/urbanbiker-refuerza-presencia-alemania\/\" rel=\"bookmark\">27 janvier 2026<\/a><\/div> <div class=\"post-author\"><span class=\"text-author\">PUBLIER PAR <\/span><a href=\"https:\/\/www.urbanbiker.com\/fr\/author\/urbanbikeres\/\" class=\"url fn\" rel=\"author\">UrbanBiker Espa\u00f1a<\/a><\/div>                <\/div>\n            <\/div>\n        <\/div>\n    <\/div>\n<\/div>\n<div class=\"column-item post-style-1\">\n    <div class=\"post-inner\">\n        <div class=\"post-thumbnail\"><div class=\"categories-link\"><span class=\"screen-reader-text\">Cat\u00e9gories<\/span><a href=\"https:\/\/www.urbanbiker.com\/fr\/categorie\/actualites\/\" rel=\"category tag\">Actualit\u00e9s<\/a> <a href=\"https:\/\/www.urbanbiker.com\/fr\/categorie\/mobilite-durable\/\" rel=\"category tag\">Mobilit\u00e9 durable<\/a><\/div><img decoding=\"async\" width=\"940\" height=\"1040\" src=\"https:\/\/www.urbanbiker.com\/wp-content\/uploads\/2025\/12\/imagen-blog-mas-alla-del-pedaleo-940x1040.jpg\" class=\"attachment-bikys-post-grid size-bikys-post-grid wp-post-image\" alt=\"\" \/><\/div>        <div class=\"post-content\">\n            <div class=\"entry-header\">\n                <h3 class=\"sigma entry-title\"><a href=\"https:\/\/www.urbanbiker.com\/fr\/au-dela-du-pedalage\/\" rel=\"bookmark\">AU-DEL\u00c0 DU P\u00c9DALAGE<\/a><\/h3>                <div class=\"entry-meta\">\n                      <div class=\"posted-on\"><a href=\"https:\/\/www.urbanbiker.com\/fr\/au-dela-du-pedalage\/\" rel=\"bookmark\">18 avril 2026<\/a><\/div> <div class=\"post-author\"><span class=\"text-author\">PUBLIER PAR <\/span><a href=\"https:\/\/www.urbanbiker.com\/fr\/author\/urbanbikeres\/\" class=\"url fn\" rel=\"author\">UrbanBiker Espa\u00f1a<\/a><\/div>                <\/div>\n            <\/div>\n        <\/div>\n    <\/div>\n<\/div>\n<div class=\"column-item post-style-1\">\n    <div class=\"post-inner\">\n        <div class=\"post-thumbnail\"><div class=\"categories-link\"><span class=\"screen-reader-text\">Cat\u00e9gories<\/span><a href=\"https:\/\/www.urbanbiker.com\/fr\/categorie\/actualites\/\" rel=\"category tag\">Actualit\u00e9s<\/a> <a href=\"https:\/\/www.urbanbiker.com\/fr\/categorie\/mobilite-durable\/\" rel=\"category tag\">Mobilit\u00e9 durable<\/a><\/div><img loading=\"lazy\" decoding=\"async\" width=\"940\" height=\"1040\" src=\"https:\/\/www.urbanbiker.com\/wp-content\/uploads\/2025\/10\/Asi-hablan-de-Urbanbiker-en-el-mercado-internacional-de-ebikes-1-940x1040.jpg\" class=\"attachment-bikys-post-grid size-bikys-post-grid wp-post-image\" alt=\"\" \/><\/div>        <div class=\"post-content\">\n            <div class=\"entry-header\">\n                <h3 class=\"sigma entry-title\"><a href=\"https:\/\/www.urbanbiker.com\/fr\/un-voyage-electrique-de-leon-a-gijon-en-e-bike-avec-urbanbiker\/\" rel=\"bookmark\">Un voyage \u00e9lectrique de Le\u00f3n \u00e0 Gij\u00f3n en E-Bike avec UrbanBiker | 30 jours \u00e0 v\u00e9lo<\/a><\/h3>                <div class=\"entry-meta\">\n                      <div class=\"posted-on\"><a href=\"https:\/\/www.urbanbiker.com\/fr\/un-voyage-electrique-de-leon-a-gijon-en-e-bike-avec-urbanbiker\/\" rel=\"bookmark\">26 octobre 2025<\/a><\/div> <div class=\"post-author\"><span class=\"text-author\">PUBLIER PAR <\/span><a href=\"https:\/\/www.urbanbiker.com\/fr\/author\/urbanbikeres\/\" class=\"url fn\" rel=\"author\">UrbanBiker Espa\u00f1a<\/a><\/div>                <\/div>\n            <\/div>\n        <\/div>\n    <\/div>\n<\/div>\n<div class=\"column-item post-style-1\">\n    <div class=\"post-inner\">\n        <div class=\"post-thumbnail\"><div class=\"categories-link\"><span class=\"screen-reader-text\">Cat\u00e9gories<\/span><a href=\"https:\/\/www.urbanbiker.com\/fr\/categorie\/actualites\/\" rel=\"category tag\">Actualit\u00e9s<\/a> <a href=\"https:\/\/www.urbanbiker.com\/fr\/categorie\/mobilite-durable\/\" rel=\"category tag\">Mobilit\u00e9 durable<\/a> <a href=\"https:\/\/www.urbanbiker.com\/fr\/categorie\/sans-categorie\/\" rel=\"category tag\">Sans cat\u00e9gorie<\/a><\/div><img loading=\"lazy\" decoding=\"async\" width=\"940\" height=\"1040\" src=\"https:\/\/www.urbanbiker.com\/wp-content\/uploads\/2025\/09\/Asi-hablan-de-Urbanbiker-en-el-mercado-internacional-de-ebikes--940x1040.png\" class=\"attachment-bikys-post-grid size-bikys-post-grid wp-post-image\" alt=\"\" \/><\/div>        <div class=\"post-content\">\n            <div class=\"entry-header\">\n                <h3 class=\"sigma entry-title\"><a href=\"https:\/\/www.urbanbiker.com\/fr\/ce-quon-dit-durbanbiker-sur-le-marche-international-velo-electrique\/\" rel=\"bookmark\">Ce qu&rsquo;on dit d&rsquo;Urbanbiker sur le march\u00e9 international | V\u00e9lo \u00c9lectrique<\/a><\/h3>                <div class=\"entry-meta\">\n                      <div class=\"posted-on\"><a href=\"https:\/\/www.urbanbiker.com\/fr\/ce-quon-dit-durbanbiker-sur-le-marche-international-velo-electrique\/\" rel=\"bookmark\">5 octobre 2025<\/a><\/div> <div class=\"post-author\"><span class=\"text-author\">PUBLIER PAR <\/span><a href=\"https:\/\/www.urbanbiker.com\/fr\/author\/urbanbiker\/\" class=\"url fn\" rel=\"author\">UrbanBiker<\/a><\/div>                <\/div>\n            <\/div>\n        <\/div>\n    <\/div>\n<\/div>\n<div class=\"column-item post-style-1\">\n    <div class=\"post-inner\">\n        <div class=\"post-thumbnail\"><div class=\"categories-link\"><span class=\"screen-reader-text\">Cat\u00e9gories<\/span><a href=\"https:\/\/www.urbanbiker.com\/fr\/categorie\/actualites\/\" rel=\"category tag\">Actualit\u00e9s<\/a> <a href=\"https:\/\/www.urbanbiker.com\/fr\/categorie\/mobilite-durable\/\" rel=\"category tag\">Mobilit\u00e9 durable<\/a> <a href=\"https:\/\/www.urbanbiker.com\/fr\/categorie\/sans-categorie\/\" rel=\"category tag\">Sans cat\u00e9gorie<\/a><\/div><img loading=\"lazy\" decoding=\"async\" width=\"940\" height=\"1040\" src=\"https:\/\/www.urbanbiker.com\/wp-content\/uploads\/2025\/09\/Banner-Italian-Bike-Festival-min-940x1040.png\" class=\"attachment-bikys-post-grid size-bikys-post-grid wp-post-image\" alt=\"\" \/><\/div>        <div class=\"post-content\">\n            <div class=\"entry-header\">\n                <h3 class=\"sigma entry-title\"><a href=\"https:\/\/www.urbanbiker.com\/fr\/urbanbiker-au-italian-bike-festival-2025-ebikes\/\" rel=\"bookmark\">UrbanBiker au Italian Bike Festival 2025 | Ebikes<\/a><\/h3>                <div class=\"entry-meta\">\n                      <div class=\"posted-on\"><a href=\"https:\/\/www.urbanbiker.com\/fr\/urbanbiker-au-italian-bike-festival-2025-ebikes\/\" rel=\"bookmark\">4 octobre 2025<\/a><\/div> <div class=\"post-author\"><span class=\"text-author\">PUBLIER PAR <\/span><a href=\"https:\/\/www.urbanbiker.com\/fr\/author\/urbanbikeres\/\" class=\"url fn\" rel=\"author\">UrbanBiker Espa\u00f1a<\/a><\/div>                <\/div>\n            <\/div>\n        <\/div>\n    <\/div>\n<\/div>\n<div class=\"column-item post-style-1\">\n    <div class=\"post-inner\">\n        <div class=\"post-thumbnail\"><div class=\"categories-link\"><span class=\"screen-reader-text\">Cat\u00e9gories<\/span><a href=\"https:\/\/www.urbanbiker.com\/fr\/categorie\/actualites\/\" rel=\"category tag\">Actualit\u00e9s<\/a> <a href=\"https:\/\/www.urbanbiker.com\/fr\/categorie\/mobilite-durable\/\" rel=\"category tag\">Mobilit\u00e9 durable<\/a><\/div><img loading=\"lazy\" decoding=\"async\" width=\"940\" height=\"1040\" src=\"https:\/\/www.urbanbiker.com\/wp-content\/uploads\/2025\/09\/Mini-Urbanbiker-Tren-940x1040.png\" class=\"attachment-bikys-post-grid size-bikys-post-grid wp-post-image\" alt=\"\" \/><\/div>        <div class=\"post-content\">\n            <div class=\"entry-header\">\n                <h3 class=\"sigma entry-title\"><a href=\"https:\/\/www.urbanbiker.com\/fr\/voyager-en-train-avec-un-velo-electrique-urbanbiker\/\" rel=\"bookmark\">Voyager en train avec un v\u00e9lo \u00e9lectrique | UrbanBiker<\/a><\/h3>                <div class=\"entry-meta\">\n                      <div class=\"posted-on\"><a href=\"https:\/\/www.urbanbiker.com\/fr\/voyager-en-train-avec-un-velo-electrique-urbanbiker\/\" rel=\"bookmark\">4 octobre 2025<\/a><\/div> <div class=\"post-author\"><span class=\"text-author\">PUBLIER PAR <\/span><a href=\"https:\/\/www.urbanbiker.com\/fr\/author\/urbanbikeres\/\" class=\"url fn\" rel=\"author\">UrbanBiker Espa\u00f1a<\/a><\/div>                <\/div>\n            <\/div>\n        <\/div>\n    <\/div>\n<\/div>\n<div class=\"column-item post-style-1\">\n    <div class=\"post-inner\">\n        <div class=\"post-thumbnail\"><div class=\"categories-link\"><span class=\"screen-reader-text\">Cat\u00e9gories<\/span><a href=\"https:\/\/www.urbanbiker.com\/fr\/categorie\/actualites\/\" rel=\"category tag\">Actualit\u00e9s<\/a> <a href=\"https:\/\/www.urbanbiker.com\/fr\/categorie\/mobilite-durable\/\" rel=\"category tag\">Mobilit\u00e9 durable<\/a><\/div><img loading=\"lazy\" decoding=\"async\" width=\"940\" height=\"1040\" src=\"https:\/\/www.urbanbiker.com\/wp-content\/uploads\/2025\/06\/DSC02832-X-2-1-940x1040.jpg\" class=\"attachment-bikys-post-grid size-bikys-post-grid wp-post-image\" alt=\"\" \/><\/div>        <div class=\"post-content\">\n            <div class=\"entry-header\">\n                <h3 class=\"sigma entry-title\"><a href=\"https:\/\/www.urbanbiker.com\/fr\/un-velo-electrique-nomme-berna-quand-la-mobilite-est-aussi-synonyme-de-solidarite\/\" rel=\"bookmark\">Un v\u00e9lo \u00e9lectrique nomm\u00e9 Berna : quand la mobilit\u00e9 est aussi synonyme de solidarit\u00e9<\/a><\/h3>                <div class=\"entry-meta\">\n                      <div class=\"posted-on\"><a href=\"https:\/\/www.urbanbiker.com\/fr\/un-velo-electrique-nomme-berna-quand-la-mobilite-est-aussi-synonyme-de-solidarite\/\" rel=\"bookmark\">1 octobre 2025<\/a><\/div> <div class=\"post-author\"><span class=\"text-author\">PUBLIER PAR <\/span><a href=\"https:\/\/www.urbanbiker.com\/fr\/author\/urbanbiker\/\" class=\"url fn\" rel=\"author\">UrbanBiker<\/a><\/div>                <\/div>\n            <\/div>\n        <\/div>\n    <\/div>\n<\/div>\n<div class=\"column-item post-style-1\">\n    <div class=\"post-inner\">\n        <div class=\"post-thumbnail\"><div class=\"categories-link\"><span class=\"screen-reader-text\">Cat\u00e9gories<\/span><a href=\"https:\/\/www.urbanbiker.com\/fr\/categorie\/actualites\/\" rel=\"category tag\">Actualit\u00e9s<\/a> <a href=\"https:\/\/www.urbanbiker.com\/fr\/categorie\/mobilite-durable\/\" rel=\"category tag\">Mobilit\u00e9 durable<\/a><\/div><img loading=\"lazy\" decoding=\"async\" width=\"940\" height=\"1040\" src=\"https:\/\/www.urbanbiker.com\/wp-content\/uploads\/2025\/04\/Diseno-sin-titulo-940x1040.jpg\" class=\"attachment-bikys-post-grid size-bikys-post-grid wp-post-image\" alt=\"\" \/><\/div>        <div class=\"post-content\">\n            <div class=\"entry-header\">\n                <h3 class=\"sigma entry-title\"><a href=\"https:\/\/www.urbanbiker.com\/fr\/urbanbiker-et-don-cicleto-plus-davantages-pour-te-deplacer-en-toute-liberte\/\" rel=\"bookmark\">UrbanBiker et Don Cicleto : Plus d\u2019avantages pour te d\u00e9placer en toute libert\u00e9<\/a><\/h3>                <div class=\"entry-meta\">\n                      <div class=\"posted-on\"><a href=\"https:\/\/www.urbanbiker.com\/fr\/urbanbiker-et-don-cicleto-plus-davantages-pour-te-deplacer-en-toute-liberte\/\" rel=\"bookmark\">4 mai 2025<\/a><\/div> <div class=\"post-author\"><span class=\"text-author\">PUBLIER PAR <\/span><a href=\"https:\/\/www.urbanbiker.com\/fr\/author\/urbanbiker\/\" class=\"url fn\" rel=\"author\">UrbanBiker<\/a><\/div>                <\/div>\n            <\/div>\n        <\/div>\n    <\/div>\n<\/div>\n<div class=\"column-item post-style-1\">\n    <div class=\"post-inner\">\n        <div class=\"post-thumbnail\"><div class=\"categories-link\"><span class=\"screen-reader-text\">Cat\u00e9gories<\/span><a href=\"https:\/\/www.urbanbiker.com\/fr\/categorie\/mobilite-durable\/\" rel=\"category tag\">Mobilit\u00e9 durable<\/a><\/div><img loading=\"lazy\" decoding=\"async\" width=\"940\" height=\"576\" src=\"https:\/\/www.urbanbiker.com\/wp-content\/uploads\/2025\/03\/2025-30DEB_WHATS30DEB_HOR-940x576.jpeg\" class=\"attachment-bikys-post-grid size-bikys-post-grid wp-post-image\" alt=\"Firma hoy mismo el compromiso en \ud83d\udc49 30diasenbici.com y s\u00famate a la revoluci\u00f3n ciclista.\" \/><\/div>        <div class=\"post-content\">\n            <div class=\"entry-header\">\n                <h3 class=\"sigma entry-title\"><a href=\"https:\/\/www.urbanbiker.com\/fr\/join-the-30-days-by-bike-commitment-with-urbanbiker\/\" rel=\"bookmark\">Participez \u00e0 l&rsquo;engagement 30 jours \u00e0 v\u00e9lo avec UrbanBiker<\/a><\/h3>                <div class=\"entry-meta\">\n                      <div class=\"posted-on\"><a href=\"https:\/\/www.urbanbiker.com\/fr\/join-the-30-days-by-bike-commitment-with-urbanbiker\/\" rel=\"bookmark\">19 mars 2025<\/a><\/div> <div class=\"post-author\"><span class=\"text-author\">PUBLIER PAR <\/span><a href=\"https:\/\/www.urbanbiker.com\/fr\/author\/urbanbiker\/\" class=\"url fn\" rel=\"author\">UrbanBiker<\/a><\/div>                <\/div>\n            <\/div>\n        <\/div>\n    <\/div>\n<\/div>\n<div class=\"column-item post-style-1\">\n    <div class=\"post-inner\">\n        <div class=\"post-thumbnail\"><div class=\"categories-link\"><span class=\"screen-reader-text\">Cat\u00e9gories<\/span><a href=\"https:\/\/www.urbanbiker.com\/fr\/categorie\/mobilite-durable\/\" rel=\"category tag\">Mobilit\u00e9 durable<\/a><\/div><img loading=\"lazy\" decoding=\"async\" width=\"625\" height=\"467\" src=\"https:\/\/www.urbanbiker.com\/wp-content\/uploads\/2025\/03\/Urbanbiker-30-Dias-en-Bici.png\" class=\"attachment-bikys-post-grid size-bikys-post-grid wp-post-image\" alt=\"Urbanbiker &amp; 30 D\u00edas en Bici\" srcset=\"https:\/\/www.urbanbiker.com\/wp-content\/uploads\/2025\/03\/Urbanbiker-30-Dias-en-Bici.png 625w, https:\/\/www.urbanbiker.com\/wp-content\/uploads\/2025\/03\/Urbanbiker-30-Dias-en-Bici-300x224.png 300w\" sizes=\"(max-width: 625px) 100vw, 625px\" \/><\/div>        <div class=\"post-content\">\n            <div class=\"entry-header\">\n                <h3 class=\"sigma entry-title\"><a href=\"https:\/\/www.urbanbiker.com\/fr\/urbanbiker-30-jours-a-velo\/\" rel=\"bookmark\">UrbanBiker &#038; 30 jours \u00e0 v\u00e9lo<\/a><\/h3>                <div class=\"entry-meta\">\n                      <div class=\"posted-on\"><a href=\"https:\/\/www.urbanbiker.com\/fr\/urbanbiker-30-jours-a-velo\/\" rel=\"bookmark\">16 mars 2025<\/a><\/div> <div class=\"post-author\"><span class=\"text-author\">PUBLIER PAR <\/span><a href=\"https:\/\/www.urbanbiker.com\/fr\/author\/urbanbiker\/\" class=\"url fn\" rel=\"author\">UrbanBiker<\/a><\/div>                <\/div>\n            <\/div>\n        <\/div>\n    <\/div>\n<\/div>\n            <\/div>\n\n                    <\/div>\n        \t\t\t\t<\/div>\n\t\t\t\t<\/div>\n\t\t\t\t\t<\/div>\n\t\t<\/div>\n\t\t\t\t\t<\/div>\n\t\t<\/div>\n\t\t\t\t<\/div>\n\t\t","protected":false},"excerpt":{"rendered":"<p>Categor\u00edasMovilidad Sostenible \u00danete al compromiso 30 D\u00edas En Bici con Urbanbiker 11\/03\/2025 PUBLICADO POR UrbanBiker Categor\u00edasMovilidad Sostenible Urbanbiker &amp; 30 D\u00edas en Bici 11\/03\/2025 PUBLICADO POR UrbanBiker<\/p>\n","protected":false},"author":1,"featured_media":0,"parent":0,"menu_order":0,"comment_status":"closed","ping_status":"closed","template":"","meta":{"footnotes":""},"class_list":["post-39026","page","type-page","status-publish","hentry"],"yoast_head":"<!-- This site is optimized with the Yoast SEO plugin v27.5 - https:\/\/yoast.com\/product\/yoast-seo-wordpress\/ -->\n<title>Mobilit\u00e9 durable avec Urbnabiker<\/title>\n<meta name=\"description\" content=\"Movilidad Sostenible con UrbnabikerMobilit\u00e9 durable avec Urbnabiker\" \/>\n<meta name=\"robots\" content=\"index, follow, max-snippet:-1, max-image-preview:large, max-video-preview:-1\" \/>\n<link rel=\"canonical\" href=\"https:\/\/www.urbanbiker.com\/fr\/mobilite-durable\/\" \/>\n<meta property=\"og:locale\" content=\"fr_FR\" \/>\n<meta property=\"og:type\" content=\"article\" \/>\n<meta property=\"og:title\" content=\"Mobilit\u00e9 durable avec Urbnabiker\" \/>\n<meta property=\"og:description\" content=\"Movilidad Sostenible con UrbnabikerMobilit\u00e9 durable avec Urbnabiker\" \/>\n<meta property=\"og:url\" content=\"https:\/\/www.urbanbiker.com\/fr\/mobilite-durable\/\" \/>\n<meta property=\"og:site_name\" content=\"UrbanBiker\" \/>\n<meta property=\"article:publisher\" content=\"https:\/\/www.facebook.com\/Urbanbikerbiciselectricas\" \/>\n<meta property=\"article:modified_time\" content=\"2025-03-16T15:37:41+00:00\" \/>\n<meta property=\"og:image\" content=\"http:\/\/www.urbanbiker.com\/wp-content\/uploads\/2025\/03\/2025-30DEB_WHATS30DEB_HOR-940x576.jpeg\" \/>\n<meta name=\"twitter:card\" content=\"summary_large_image\" \/>\n<meta name=\"twitter:label1\" content=\"Dur\u00e9e de lecture estim\u00e9e\" \/>\n\t<meta name=\"twitter:data1\" content=\"1 minute\" \/>\n<script type=\"application\/ld+json\" class=\"yoast-schema-graph\">{\"@context\":\"https:\\\/\\\/schema.org\",\"@graph\":[{\"@type\":\"WebPage\",\"@id\":\"https:\\\/\\\/www.urbanbiker.com\\\/fr\\\/mobilite-durable\\\/\",\"url\":\"https:\\\/\\\/www.urbanbiker.com\\\/fr\\\/mobilite-durable\\\/\",\"name\":\"Mobilit\u00e9 durable avec Urbnabiker\",\"isPartOf\":{\"@id\":\"https:\\\/\\\/www.urbanbiker.com\\\/fr\\\/#website\"},\"primaryImageOfPage\":{\"@id\":\"https:\\\/\\\/www.urbanbiker.com\\\/fr\\\/mobilite-durable\\\/#primaryimage\"},\"image\":{\"@id\":\"https:\\\/\\\/www.urbanbiker.com\\\/fr\\\/mobilite-durable\\\/#primaryimage\"},\"thumbnailUrl\":\"http:\\\/\\\/www.urbanbiker.com\\\/wp-content\\\/uploads\\\/2025\\\/03\\\/2025-30DEB_WHATS30DEB_HOR-940x576.jpeg\",\"datePublished\":\"2025-03-11T15:49:14+00:00\",\"dateModified\":\"2025-03-16T15:37:41+00:00\",\"description\":\"Movilidad Sostenible con UrbnabikerMobilit\u00e9 durable avec Urbnabiker\",\"breadcrumb\":{\"@id\":\"https:\\\/\\\/www.urbanbiker.com\\\/fr\\\/mobilite-durable\\\/#breadcrumb\"},\"inLanguage\":\"fr-FR\",\"potentialAction\":[{\"@type\":\"ReadAction\",\"target\":[\"https:\\\/\\\/www.urbanbiker.com\\\/fr\\\/mobilite-durable\\\/\"]}]},{\"@type\":\"ImageObject\",\"inLanguage\":\"fr-FR\",\"@id\":\"https:\\\/\\\/www.urbanbiker.com\\\/fr\\\/mobilite-durable\\\/#primaryimage\",\"url\":\"http:\\\/\\\/www.urbanbiker.com\\\/wp-content\\\/uploads\\\/2025\\\/03\\\/2025-30DEB_WHATS30DEB_HOR-940x576.jpeg\",\"contentUrl\":\"http:\\\/\\\/www.urbanbiker.com\\\/wp-content\\\/uploads\\\/2025\\\/03\\\/2025-30DEB_WHATS30DEB_HOR-940x576.jpeg\"},{\"@type\":\"BreadcrumbList\",\"@id\":\"https:\\\/\\\/www.urbanbiker.com\\\/fr\\\/mobilite-durable\\\/#breadcrumb\",\"itemListElement\":[{\"@type\":\"ListItem\",\"position\":1,\"name\":\"Portada\",\"item\":\"https:\\\/\\\/www.urbanbiker.com\\\/fr\\\/\"},{\"@type\":\"ListItem\",\"position\":2,\"name\":\"Mobilit\u00e9 durable\"}]},{\"@type\":\"WebSite\",\"@id\":\"https:\\\/\\\/www.urbanbiker.com\\\/fr\\\/#website\",\"url\":\"https:\\\/\\\/www.urbanbiker.com\\\/fr\\\/\",\"name\":\"UrbanBiker\",\"description\":\"V\u00e9los \u00e9lectriques\",\"publisher\":{\"@id\":\"https:\\\/\\\/www.urbanbiker.com\\\/fr\\\/#organization\"},\"potentialAction\":[{\"@type\":\"SearchAction\",\"target\":{\"@type\":\"EntryPoint\",\"urlTemplate\":\"https:\\\/\\\/www.urbanbiker.com\\\/fr\\\/?s={search_term_string}\"},\"query-input\":{\"@type\":\"PropertyValueSpecification\",\"valueRequired\":true,\"valueName\":\"search_term_string\"}}],\"inLanguage\":\"fr-FR\"},{\"@type\":\"Organization\",\"@id\":\"https:\\\/\\\/www.urbanbiker.com\\\/fr\\\/#organization\",\"name\":\"UrbanBiker\",\"url\":\"https:\\\/\\\/www.urbanbiker.com\\\/fr\\\/\",\"logo\":{\"@type\":\"ImageObject\",\"inLanguage\":\"fr-FR\",\"@id\":\"https:\\\/\\\/www.urbanbiker.com\\\/fr\\\/#\\\/schema\\\/logo\\\/image\\\/\",\"url\":\"https:\\\/\\\/www.urbanbiker.com\\\/wp-content\\\/uploads\\\/2022\\\/09\\\/Logo-principal-sin-fondo.png\",\"contentUrl\":\"https:\\\/\\\/www.urbanbiker.com\\\/wp-content\\\/uploads\\\/2022\\\/09\\\/Logo-principal-sin-fondo.png\",\"width\":2560,\"height\":934,\"caption\":\"UrbanBiker\"},\"image\":{\"@id\":\"https:\\\/\\\/www.urbanbiker.com\\\/fr\\\/#\\\/schema\\\/logo\\\/image\\\/\"},\"sameAs\":[\"https:\\\/\\\/www.facebook.com\\\/Urbanbikerbiciselectricas\",\"https:\\\/\\\/www.instagram.com\\\/urbanbiker_\\\/\",\"https:\\\/\\\/www.linkedin.com\\\/company\\\/2454235\",\"https:\\\/\\\/www.youtube.com\\\/channel\\\/UCWR__uH_RWJF-OhPfz-9-Qw\"]}]}<\/script>\n<!-- \/ Yoast SEO plugin. -->","yoast_head_json":{"title":"Mobilit\u00e9 durable avec Urbnabiker","description":"Movilidad Sostenible con UrbnabikerMobilit\u00e9 durable avec Urbnabiker","robots":{"index":"index","follow":"follow","max-snippet":"max-snippet:-1","max-image-preview":"max-image-preview:large","max-video-preview":"max-video-preview:-1"},"canonical":"https:\/\/www.urbanbiker.com\/fr\/mobilite-durable\/","og_locale":"fr_FR","og_type":"article","og_title":"Mobilit\u00e9 durable avec Urbnabiker","og_description":"Movilidad Sostenible con UrbnabikerMobilit\u00e9 durable avec Urbnabiker","og_url":"https:\/\/www.urbanbiker.com\/fr\/mobilite-durable\/","og_site_name":"UrbanBiker","article_publisher":"https:\/\/www.facebook.com\/Urbanbikerbiciselectricas","article_modified_time":"2025-03-16T15:37:41+00:00","og_image":[{"url":"http:\/\/www.urbanbiker.com\/wp-content\/uploads\/2025\/03\/2025-30DEB_WHATS30DEB_HOR-940x576.jpeg","type":"","width":"","height":""}],"twitter_card":"summary_large_image","twitter_misc":{"Dur\u00e9e de lecture estim\u00e9e":"1 minute"},"schema":{"@context":"https:\/\/schema.org","@graph":[{"@type":"WebPage","@id":"https:\/\/www.urbanbiker.com\/fr\/mobilite-durable\/","url":"https:\/\/www.urbanbiker.com\/fr\/mobilite-durable\/","name":"Mobilit\u00e9 durable avec Urbnabiker","isPartOf":{"@id":"https:\/\/www.urbanbiker.com\/fr\/#website"},"primaryImageOfPage":{"@id":"https:\/\/www.urbanbiker.com\/fr\/mobilite-durable\/#primaryimage"},"image":{"@id":"https:\/\/www.urbanbiker.com\/fr\/mobilite-durable\/#primaryimage"},"thumbnailUrl":"http:\/\/www.urbanbiker.com\/wp-content\/uploads\/2025\/03\/2025-30DEB_WHATS30DEB_HOR-940x576.jpeg","datePublished":"2025-03-11T15:49:14+00:00","dateModified":"2025-03-16T15:37:41+00:00","description":"Movilidad Sostenible con UrbnabikerMobilit\u00e9 durable avec Urbnabiker","breadcrumb":{"@id":"https:\/\/www.urbanbiker.com\/fr\/mobilite-durable\/#breadcrumb"},"inLanguage":"fr-FR","potentialAction":[{"@type":"ReadAction","target":["https:\/\/www.urbanbiker.com\/fr\/mobilite-durable\/"]}]},{"@type":"ImageObject","inLanguage":"fr-FR","@id":"https:\/\/www.urbanbiker.com\/fr\/mobilite-durable\/#primaryimage","url":"http:\/\/www.urbanbiker.com\/wp-content\/uploads\/2025\/03\/2025-30DEB_WHATS30DEB_HOR-940x576.jpeg","contentUrl":"http:\/\/www.urbanbiker.com\/wp-content\/uploads\/2025\/03\/2025-30DEB_WHATS30DEB_HOR-940x576.jpeg"},{"@type":"BreadcrumbList","@id":"https:\/\/www.urbanbiker.com\/fr\/mobilite-durable\/#breadcrumb","itemListElement":[{"@type":"ListItem","position":1,"name":"Portada","item":"https:\/\/www.urbanbiker.com\/fr\/"},{"@type":"ListItem","position":2,"name":"Mobilit\u00e9 durable"}]},{"@type":"WebSite","@id":"https:\/\/www.urbanbiker.com\/fr\/#website","url":"https:\/\/www.urbanbiker.com\/fr\/","name":"UrbanBiker","description":"V\u00e9los \u00e9lectriques","publisher":{"@id":"https:\/\/www.urbanbiker.com\/fr\/#organization"},"potentialAction":[{"@type":"SearchAction","target":{"@type":"EntryPoint","urlTemplate":"https:\/\/www.urbanbiker.com\/fr\/?s={search_term_string}"},"query-input":{"@type":"PropertyValueSpecification","valueRequired":true,"valueName":"search_term_string"}}],"inLanguage":"fr-FR"},{"@type":"Organization","@id":"https:\/\/www.urbanbiker.com\/fr\/#organization","name":"UrbanBiker","url":"https:\/\/www.urbanbiker.com\/fr\/","logo":{"@type":"ImageObject","inLanguage":"fr-FR","@id":"https:\/\/www.urbanbiker.com\/fr\/#\/schema\/logo\/image\/","url":"https:\/\/www.urbanbiker.com\/wp-content\/uploads\/2022\/09\/Logo-principal-sin-fondo.png","contentUrl":"https:\/\/www.urbanbiker.com\/wp-content\/uploads\/2022\/09\/Logo-principal-sin-fondo.png","width":2560,"height":934,"caption":"UrbanBiker"},"image":{"@id":"https:\/\/www.urbanbiker.com\/fr\/#\/schema\/logo\/image\/"},"sameAs":["https:\/\/www.facebook.com\/Urbanbikerbiciselectricas","https:\/\/www.instagram.com\/urbanbiker_\/","https:\/\/www.linkedin.com\/company\/2454235","https:\/\/www.youtube.com\/channel\/UCWR__uH_RWJF-OhPfz-9-Qw"]}]}},"_links":{"self":[{"href":"https:\/\/www.urbanbiker.com\/fr\/wp-json\/wp\/v2\/pages\/39026","targetHints":{"allow":["GET"]}}],"collection":[{"href":"https:\/\/www.urbanbiker.com\/fr\/wp-json\/wp\/v2\/pages"}],"about":[{"href":"https:\/\/www.urbanbiker.com\/fr\/wp-json\/wp\/v2\/types\/page"}],"author":[{"embeddable":true,"href":"https:\/\/www.urbanbiker.com\/fr\/wp-json\/wp\/v2\/users\/1"}],"replies":[{"embeddable":true,"href":"https:\/\/www.urbanbiker.com\/fr\/wp-json\/wp\/v2\/comments?post=39026"}],"version-history":[{"count":2,"href":"https:\/\/www.urbanbiker.com\/fr\/wp-json\/wp\/v2\/pages\/39026\/revisions"}],"predecessor-version":[{"id":39135,"href":"https:\/\/www.urbanbiker.com\/fr\/wp-json\/wp\/v2\/pages\/39026\/revisions\/39135"}],"wp:attachment":[{"href":"https:\/\/www.urbanbiker.com\/fr\/wp-json\/wp\/v2\/media?parent=39026"}],"curies":[{"name":"wp","href":"https:\/\/api.w.org\/{rel}","templated":true}]}}