{"id":36697,"date":"2024-10-24T16:08:51","date_gmt":"2024-10-24T14:08:51","guid":{"rendered":"https:\/\/www.urbanbiker.com\/urbanbiker\/"},"modified":"2026-02-27T10:48:01","modified_gmt":"2026-02-27T09:48:01","slug":"domicile","status":"publish","type":"page","link":"https:\/\/www.urbanbiker.com\/fr\/","title":{"rendered":"Accueil UrbanBiker"},"content":{"rendered":"\t\t<div data-elementor-type=\"wp-page\" data-elementor-id=\"36697\" class=\"elementor elementor-36697 elementor-15711\">\n\t\t\t\t\t\t<section class=\"elementor-section elementor-top-section elementor-element elementor-element-3b77b54 elementor-section-full_width elementor-section-height-min-height elementor-section-stretched elementor-section-height-default elementor-section-items-middle\" data-id=\"3b77b54\" data-element_type=\"section\" data-e-type=\"section\" data-settings=\"{&quot;background_background&quot;:&quot;video&quot;,&quot;background_play_on_mobile&quot;:&quot;yes&quot;,&quot;stretch_section&quot;:&quot;section-stretched&quot;,&quot;background_video_link&quot;:&quot;https:\\\/\\\/www.urbanbiker.com\\\/wp-content\\\/uploads\\\/2025\\\/11\\\/Homepage.mp4&quot;,&quot;background_video_start&quot;:1}\">\n\t\t\t\t\t\t\t\t<div class=\"elementor-background-video-container\">\n\t\t\t\t\t\t\t\t\t\t\t\t\t<video class=\"elementor-background-video-hosted\" role=\"presentation\" autoplay muted playsinline loop><\/video>\n\t\t\t\t\t\t\t\t\t\t\t<\/div>\n\t\t\t\t\t\t\t\t\t<div class=\"elementor-background-overlay\"><\/div>\n\t\t\t\t\t\t\t<div class=\"elementor-container elementor-column-gap-no\">\n\t\t\t\t\t<div class=\"elementor-column elementor-col-100 elementor-top-column elementor-element elementor-element-0e09ba9\" data-id=\"0e09ba9\" data-element_type=\"column\" data-e-type=\"column\">\n\t\t\t<div class=\"elementor-widget-wrap\">\n\t\t\t\t\t\t\t<\/div>\n\t\t<\/div>\n\t\t\t\t\t<\/div>\n\t\t<\/section>\n\t\t\t\t<div class=\"elementor-section elementor-top-section elementor-element elementor-element-58029d3 elementor-section-stretched elementor-section-full_width elementor-section-height-default elementor-section-height-default\" data-id=\"58029d3\" data-element_type=\"section\" data-e-type=\"section\" data-settings=\"{&quot;stretch_section&quot;:&quot;section-stretched&quot;}\">\n\t\t\t\t\t\t<div class=\"elementor-container elementor-column-gap-no\">\n\t\t\t\t\t<div class=\"elementor-column elementor-col-50 elementor-top-column elementor-element elementor-element-5f17aad\" data-id=\"5f17aad\" data-element_type=\"column\" data-e-type=\"column\">\n\t\t\t<div class=\"elementor-widget-wrap elementor-element-populated\">\n\t\t\t\t\n\t\t<div class=\"elementor-element elementor-element-53db24c elementor-cta--valign-top box-align-left button-banner-style-bikys-link positon-subtitle-yes elementor-bg-transform elementor-bg-transform-zoom-in elementor-widget elementor-widget-bikys-banner\" data-id=\"53db24c\" data-element_type=\"widget\" data-e-type=\"widget\" data-widget_type=\"bikys-banner.default\">\n\t\t\t\t<div class=\"elementor-widget-container\">\n\t\t\t\t\t        <a href=\"https:\/\/www.urbanbiker.com\/tienda-bicicletas-electricas\/\" class=\"elementor-cta--skin-cover elementor-cta elementor-bikys-banner\">\n                <div class=\"elementor-cta__bg-wrapper\">\n            <div class=\"elementor-cta__bg elementor-bg\" style=\"background-image: url(https:\/\/www.urbanbiker.com\/wp-content\/uploads\/2024\/10\/bicicletas-urbanbiker-NUEVO-Ahora-no-deberia-tapar-el-texto.jpg);\"><\/div>\n            <div class=\"elementor-cta__bg-overlay\"><\/div>\n        <\/div>\n            <div class=\"elementor-cta__content\">\n        <div class=\"elementor-cta__content_inner\">\n                <h3 class=\"elementor-cta__title elementor-cta__content-item elementor-content-item\">\n                    <span class=\"elementor-headline-before-text elementor-headline-text-wrapper\">URBANBIKER<\/span>\n        \n        \n                <\/h3>\n                <div class=\"elementor-cta__subtitle elementor-cta__content-item elementor-content-item\">\n            <span>EBIKES<\/span>\n        <\/div>\n            \n            <div class=\"elementor-cta__button-wrapper elementor-cta__content-item elementor-content-item \">\n        <span class=\"elementor-cta__button elementor-button\">\n        <span class=\"elementor-cta__button-content-wrapper\">\n                                <span class=\"elementor-cta__button-text\"> voir tout <\/span>\n                            <\/span>\n        <\/span>\n        <\/div>\n            <\/div>\n        <\/div>\n        <\/a>\n        \t\t\t\t<\/div>\n\t\t\t\t<\/div>\n\t\t\t\t\t<\/div>\n\t\t<\/div>\n\t\t\t\t<div class=\"elementor-column elementor-col-25 elementor-top-column elementor-element elementor-element-d0cf49e\" data-id=\"d0cf49e\" data-element_type=\"column\" data-e-type=\"column\">\n\t\t\t<div class=\"elementor-widget-wrap elementor-element-populated\">\n\t\t\t\t\t\t<div class=\"elementor-element elementor-element-b82d763 elementor-cta--valign-top box-align-left button-banner-style-bikys-link positon-subtitle-yes elementor-bg-transform elementor-bg-transform-zoom-in elementor-widget elementor-widget-bikys-banner\" data-id=\"b82d763\" data-element_type=\"widget\" data-e-type=\"widget\" data-widget_type=\"bikys-banner.default\">\n\t\t\t\t<div class=\"elementor-widget-container\">\n\t\t\t\t\t        <a href=\"#\" class=\"elementor-cta--skin-cover elementor-cta elementor-bikys-banner\">\n                <div class=\"elementor-cta__bg-wrapper\">\n            <div class=\"elementor-cta__bg elementor-bg\" style=\"background-image: url(https:\/\/www.urbanbiker.com\/wp-content\/uploads\/2024\/11\/NUEVO-componentes-2-Cambialo-por-favor-tambien-asi-va-a-quedar-un-poco-mejor.jpg);\"><\/div>\n            <div class=\"elementor-cta__bg-overlay\"><\/div>\n        <\/div>\n            <div class=\"elementor-cta__content\">\n        <div class=\"elementor-cta__content_inner\">\n                <h3 class=\"elementor-cta__title elementor-cta__content-item elementor-content-item\">\n        \n                    <span class=\"elementor-headline-dynamic-wrapper elementor-headline-text-wrapper\">\n                            <span class=\"elementor-headline-dynamic-text elementor-headline-text-active\">COMPOSANTS<\/span>\n                        <\/span>\n        \n                <\/h3>\n                <div class=\"elementor-cta__subtitle elementor-cta__content-item elementor-content-item\">\n            <span>ORIGINAUX<\/span>\n        <\/div>\n            \n            <div class=\"elementor-cta__button-wrapper elementor-cta__content-item elementor-content-item \">\n        <span class=\"elementor-cta__button elementor-button\">\n        <span class=\"elementor-cta__button-content-wrapper\">\n                                <span class=\"elementor-cta__button-text\"> voir tout <\/span>\n                            <\/span>\n        <\/span>\n        <\/div>\n            <\/div>\n        <\/div>\n        <\/a>\n        \t\t\t\t<\/div>\n\t\t\t\t<\/div>\n\t\t\t\t\t<\/div>\n\t\t<\/div>\n\t\t\t\t<div class=\"elementor-column elementor-col-25 elementor-top-column elementor-element elementor-element-bd9ece5\" data-id=\"bd9ece5\" data-element_type=\"column\" data-e-type=\"column\">\n\t\t\t<div class=\"elementor-widget-wrap elementor-element-populated\">\n\t\t\t\t\t\t<div class=\"elementor-element elementor-element-af0f5a3 elementor-cta--valign-top box-align-left button-banner-style-bikys-link positon-subtitle-yes elementor-bg-transform elementor-bg-transform-zoom-in elementor-widget elementor-widget-bikys-banner\" data-id=\"af0f5a3\" data-element_type=\"widget\" data-e-type=\"widget\" data-widget_type=\"bikys-banner.default\">\n\t\t\t\t<div class=\"elementor-widget-container\">\n\t\t\t\t\t        <a href=\"\/distribuidores-oficiales\" class=\"elementor-cta--skin-cover elementor-cta elementor-bikys-banner\">\n                <div class=\"elementor-cta__bg-wrapper\">\n            <div class=\"elementor-cta__bg elementor-bg\" style=\"background-image: url(https:\/\/www.urbanbiker.com\/wp-content\/uploads\/2024\/11\/NUEVO-distribuidores-oficiales-2.jpg);\"><\/div>\n            <div class=\"elementor-cta__bg-overlay\"><\/div>\n        <\/div>\n            <div class=\"elementor-cta__content\">\n        <div class=\"elementor-cta__content_inner\">\n                <h3 class=\"elementor-cta__title elementor-cta__content-item elementor-content-item\">\n        \n                    <span class=\"elementor-headline-dynamic-wrapper elementor-headline-text-wrapper\">\n                            <span class=\"elementor-headline-dynamic-text elementor-headline-text-active\">DISTRIBUTEURS<\/span>\n                        <\/span>\n        \n                <\/h3>\n                <div class=\"elementor-cta__subtitle elementor-cta__content-item elementor-content-item\">\n            <span>OFFICIELS<\/span>\n        <\/div>\n            \n            <div class=\"elementor-cta__button-wrapper elementor-cta__content-item elementor-content-item \">\n        <span class=\"elementor-cta__button elementor-button\">\n        <span class=\"elementor-cta__button-content-wrapper\">\n                                <span class=\"elementor-cta__button-text\"> voir tout <\/span>\n                            <\/span>\n        <\/span>\n        <\/div>\n            <\/div>\n        <\/div>\n        <\/a>\n        \t\t\t\t<\/div>\n\t\t\t\t<\/div>\n\t\t\t\t\t<\/div>\n\t\t<\/div>\n\t\t\t\t\t<\/div>\n\t\t<\/div>\n\t\t\t\t<div class=\"elementor-section elementor-top-section elementor-element elementor-element-e6112d9 elementor-section-stretched elementor-section-boxed elementor-section-height-default elementor-section-height-default\" data-id=\"e6112d9\" data-element_type=\"section\" data-e-type=\"section\" data-settings=\"{&quot;stretch_section&quot;:&quot;section-stretched&quot;}\">\n\t\t\t\t\t\t<div class=\"elementor-container elementor-column-gap-no\">\n\t\t\t\t\t<div class=\"elementor-column elementor-col-100 elementor-top-column elementor-element elementor-element-976dddc\" data-id=\"976dddc\" data-element_type=\"column\" data-e-type=\"column\">\n\t\t\t<div class=\"elementor-widget-wrap elementor-element-populated\">\n\t\t\t\t\t\t<div class=\"elementor-element elementor-element-be184b9 elementor-widget__width-auto elementor-view-default elementor-widget elementor-widget-icon\" data-id=\"be184b9\" data-element_type=\"widget\" data-e-type=\"widget\" data-widget_type=\"icon.default\">\n\t\t\t\t<div class=\"elementor-widget-container\">\n\t\t\t\t\t\t\t<div class=\"elementor-icon-wrapper\">\n\t\t\t<div class=\"elementor-icon\">\n\t\t\t<i aria-hidden=\"true\" class=\"fas fa-square-full\"><\/i>\t\t\t<\/div>\n\t\t<\/div>\n\t\t\t\t\t\t<\/div>\n\t\t\t\t<\/div>\n\t\t\t\t<div class=\"elementor-element elementor-element-51c076f elementor-widget__width-auto elementor-widget elementor-widget-heading\" data-id=\"51c076f\" data-element_type=\"widget\" data-e-type=\"widget\" data-widget_type=\"heading.default\">\n\t\t\t\t<div class=\"elementor-widget-container\">\n\t\t\t\t\t<h2 class=\"elementor-heading-title elementor-size-default\">v\u00e9los \u00e9lectriques urbains<\/h2>\t\t\t\t<\/div>\n\t\t\t\t<\/div>\n\t\t\t\t<div class=\"elementor-element elementor-element-822e16d elementor-widget__width-auto elementor-absolute elementor-button-outline elementor-widget elementor-widget-button\" data-id=\"822e16d\" data-element_type=\"widget\" data-e-type=\"widget\" data-settings=\"{&quot;_position&quot;:&quot;absolute&quot;}\" data-widget_type=\"button.default\">\n\t\t\t\t<div class=\"elementor-widget-container\">\n\t\t\t\t\t\t\t\t\t<div class=\"elementor-button-wrapper\">\n\t\t\t\t\t<a class=\"elementor-button elementor-button-link elementor-size-sm\" href=\"https:\/\/www.urbanbiker.com\/fr\/categorie-produit\/ebikes\/velos-electriques-urbains\/\">\n\t\t\t\t\t\t<span class=\"elementor-button-content-wrapper\">\n\t\t\t\t\t\t\t\t\t<span class=\"elementor-button-text\">VOIR TOUT<\/span>\n\t\t\t\t\t<\/span>\n\t\t\t\t\t<\/a>\n\t\t\t\t<\/div>\n\t\t\t\t\t\t\t\t<\/div>\n\t\t\t\t<\/div>\n\t\t\t\t<div class=\"elementor-element elementor-element-d8c09c1 dot-style-2 mobile-switcher-style-product-yes product-alignment-flex-start arrow-style-1 elementor-widget elementor-widget-bikys-products\" data-id=\"d8c09c1\" data-element_type=\"widget\" data-e-type=\"widget\" data-settings=\"{&quot;autoplay_speed&quot;:5000}\" data-widget_type=\"bikys-products.default\">\n\t\t\t\t<div class=\"elementor-widget-container\">\n\t\t\t\t\t<div class=\"woocommerce columns-1 \"><div class=\"woocommerce-carousel\" data-settings='{\"centerMode\":false,\"variableWidth\":false,\"speed\":300,\"centerPadding\":\"50px\",\"navigation\":\"both\",\"pauseOnHover\":true,\"autoplay\":true,\"autoplaySpeed\":5000,\"items\":\"3\",\"items_laptop\":\"3\",\"items_tablet_extra\":\"3\",\"items_tablet\":\"3\",\"items_mobile_extra\":\"2\",\"items_mobile\":1,\"loop\":true,\"breakpoint_laptop\":1366,\"breakpoint_tablet_extra\":1200,\"breakpoint_tablet\":1024,\"breakpoint_mobile_extra\":880,\"breakpoint_mobile\":767,\"centerPadding_laptop\":\"50px\",\"centerPadding_tablet_extra\":\"50px\",\"centerPadding_tablet\":\"50px\",\"centerPadding_mobile_extra\":\"50px\",\"centerPadding_mobile\":\"50px\"}'><ul class=\"products columns-1\"><li class=\"product-style-default product type-product post-61479 status-publish first instock product_cat-ebikes product_cat-velos-electriques-de-randonnee-tout-terrain product_cat-velos-electriques-urbains has-post-thumbnail taxable shipping-taxable purchasable product-type-variable\">\n    <div class=\"product-block\">\n        <div class=\"product-label\">\n            <span class=\"stock-label\">En stock<\/span>        <\/div>\n        <div class=\"product-transition\">\n            <div class=\"product-image image-main\"><img fetchpriority=\"high\" decoding=\"async\" width=\"450\" height=\"450\" src=\"https:\/\/www.urbanbiker.com\/wp-content\/uploads\/2026\/01\/UB300B-FE-01-450x450.jpg\" class=\"attachment-woocommerce_thumbnail size-woocommerce_thumbnail\" alt=\"UB300B FE 01\" srcset=\"https:\/\/www.urbanbiker.com\/wp-content\/uploads\/2026\/01\/UB300B-FE-01-450x450.jpg 450w, https:\/\/www.urbanbiker.com\/wp-content\/uploads\/2026\/01\/UB300B-FE-01-300x300.jpg 300w, https:\/\/www.urbanbiker.com\/wp-content\/uploads\/2026\/01\/UB300B-FE-01-1024x1024.jpg 1024w, https:\/\/www.urbanbiker.com\/wp-content\/uploads\/2026\/01\/UB300B-FE-01-150x150.jpg 150w, https:\/\/www.urbanbiker.com\/wp-content\/uploads\/2026\/01\/UB300B-FE-01-768x768.jpg 768w, https:\/\/www.urbanbiker.com\/wp-content\/uploads\/2026\/01\/UB300B-FE-01-800x800.jpg 800w, https:\/\/www.urbanbiker.com\/wp-content\/uploads\/2026\/01\/UB300B-FE-01-100x100.jpg 100w, https:\/\/www.urbanbiker.com\/wp-content\/uploads\/2026\/01\/UB300B-FE-01-50x50.jpg 50w, https:\/\/www.urbanbiker.com\/wp-content\/uploads\/2026\/01\/UB300B-FE-01-600x600.jpg 600w, https:\/\/www.urbanbiker.com\/wp-content\/uploads\/2026\/01\/UB300B-FE-01-96x96.jpg 96w, https:\/\/www.urbanbiker.com\/wp-content\/uploads\/2026\/01\/UB300B-FE-01-460x460.jpg 460w, https:\/\/www.urbanbiker.com\/wp-content\/uploads\/2026\/01\/UB300B-FE-01.jpg 1080w\" sizes=\"(max-width: 450px) 100vw, 450px\" \/><\/div>\n            <a href=\"https:\/\/www.urbanbiker.com\/fr\/produit\/ub300b-fe-vtc-electrique-equipement-complet\/\" class=\"woocommerce-LoopProduct-link woocommerce-loop-product__link\">            <\/a>        <\/div>\n        <div class=\"product-caption\">\n                        <div class=\"posted-in\"><a href=\"https:\/\/www.urbanbiker.com\/fr\/categorie-produit\/ebikes\/\" rel=\"tag\">Ebikes UrbanBiker<\/a>, <a href=\"https:\/\/www.urbanbiker.com\/fr\/categorie-produit\/ebikes\/velos-electriques-de-randonnee-tout-terrain\/\" rel=\"tag\">Trekking<\/a>, <a href=\"https:\/\/www.urbanbiker.com\/fr\/categorie-produit\/ebikes\/velos-electriques-urbains\/\" rel=\"tag\">Urbains<\/a><\/div>            <h3 class=\"woocommerce-loop-product__title\"><a href=\"https:\/\/www.urbanbiker.com\/fr\/produit\/ub300b-fe-vtc-electrique-equipement-complet\/\">UB300B FE | VTC \u00c9lectrique Equipement complet<\/a><\/h3>            \n\t<span class=\"price\"><span class=\"woocommerce-Price-amount amount\"><bdi>1.899,00<span class=\"woocommerce-Price-currencySymbol\">&euro;<\/span><\/bdi><\/span><\/span>\n                    <\/div>\n        <div class=\"product-action\">\n            <a href=\"https:\/\/www.urbanbiker.com\/fr\/produit\/ub300b-fe-vtc-electrique-equipement-complet\/\" aria-describedby=\"woocommerce_loop_add_to_cart_link_describedby_61479\" data-quantity=\"1\" class=\"button product_type_variable add_to_cart_button\" data-product_id=\"61479\" data-product_sku=\"UB300GFE\" aria-label=\"S\u00e9lectionner les options pour &ldquo;UB300B FE | VTC \u00c9lectrique Equipement complet&rdquo;\" rel=\"nofollow\">Choix des options<\/a>\t<span id=\"woocommerce_loop_add_to_cart_link_describedby_61479\" class=\"screen-reader-text\">\n\t\tCe produit a plusieurs variations. Les options peuvent \u00eatre choisies sur la page du produit\t<\/span>\n            <div class=\"group-action\">\n                <div class=\"shop-action\">\n                    <button class=\"woosw-btn woosw-btn-61479\" data-id=\"61479\" data-product_name=\"UB300B FE | VTC \u00c9lectrique Equipement complet\" data-product_image=\"https:\/\/www.urbanbiker.com\/wp-content\/uploads\/2026\/01\/UB300B-FE-01-150x150.jpg\" aria-label=\"Ajouter \u00e0 la liste des souhaits\">Ajouter \u00e0 la liste des souhaits<\/button>                    <button class=\"woosc-btn woosc-btn-61479 \" data-text=\"Comparer\" data-text_added=\"Comparer\" data-id=\"61479\" data-product_id=\"61479\" data-product_name=\"UB300B FE | VTC \u00c9lectrique Equipement complet\" data-product_image=\"https:\/\/www.urbanbiker.com\/wp-content\/uploads\/2026\/01\/UB300B-FE-01-150x150.jpg\">Comparer<\/button>                    <button class=\"woosq-btn woosq-btn-61479\" data-id=\"61479\" data-effect=\"mfp-3d-unfold\" data-context=\"default\">Vue rapide<\/button>                <\/div>\n            <\/div>\n        <\/div>\n    <\/div>\n<\/li>\n<li class=\"product-style-default product type-product post-54385 status-publish first instock product_cat-ebikes product_cat-velos-electriques-de-randonnee-tout-terrain product_cat-velos-electriques-urbains has-post-thumbnail taxable shipping-taxable purchasable product-type-variable\">\n    <div class=\"product-block\">\n        <div class=\"product-label\">\n            <span class=\"stock-label\">En stock<\/span>        <\/div>\n        <div class=\"product-transition\">\n            <div class=\"product-image image-main\"><img decoding=\"async\" width=\"450\" height=\"450\" src=\"https:\/\/www.urbanbiker.com\/wp-content\/uploads\/2025\/09\/UB100B-Red-01-450x450.jpg\" class=\"attachment-woocommerce_thumbnail size-woocommerce_thumbnail\" alt=\"UB100B Red 01\" srcset=\"https:\/\/www.urbanbiker.com\/wp-content\/uploads\/2025\/09\/UB100B-Red-01-450x450.jpg 450w, https:\/\/www.urbanbiker.com\/wp-content\/uploads\/2025\/09\/UB100B-Red-01-300x300.jpg 300w, https:\/\/www.urbanbiker.com\/wp-content\/uploads\/2025\/09\/UB100B-Red-01-1024x1024.jpg 1024w, https:\/\/www.urbanbiker.com\/wp-content\/uploads\/2025\/09\/UB100B-Red-01-150x150.jpg 150w, https:\/\/www.urbanbiker.com\/wp-content\/uploads\/2025\/09\/UB100B-Red-01-768x768.jpg 768w, https:\/\/www.urbanbiker.com\/wp-content\/uploads\/2025\/09\/UB100B-Red-01-800x800.jpg 800w, https:\/\/www.urbanbiker.com\/wp-content\/uploads\/2025\/09\/UB100B-Red-01-100x100.jpg 100w, https:\/\/www.urbanbiker.com\/wp-content\/uploads\/2025\/09\/UB100B-Red-01-50x50.jpg 50w, https:\/\/www.urbanbiker.com\/wp-content\/uploads\/2025\/09\/UB100B-Red-01-600x600.jpg 600w, https:\/\/www.urbanbiker.com\/wp-content\/uploads\/2025\/09\/UB100B-Red-01-96x96.jpg 96w, https:\/\/www.urbanbiker.com\/wp-content\/uploads\/2025\/09\/UB100B-Red-01-460x460.jpg 460w, https:\/\/www.urbanbiker.com\/wp-content\/uploads\/2025\/09\/UB100B-Red-01.jpg 1080w\" sizes=\"(max-width: 450px) 100vw, 450px\" \/><\/div>\n            <a href=\"https:\/\/www.urbanbiker.com\/fr\/produit\/ub100b-vae-de-ville\/\" class=\"woocommerce-LoopProduct-link woocommerce-loop-product__link\">            <\/a>        <\/div>\n        <div class=\"product-caption\">\n            <div class=\"bikys-wrap-swatches\"><div class=\"inner\"><span class=\"bikys-tooltip bikys-product-swatches swatches-color\" data-image=\"{&quot;title&quot;:&quot;UB100B Blue with Ringslot 01&quot;,&quot;caption&quot;:&quot;&quot;,&quot;url&quot;:&quot;https:\\\/\\\/www.urbanbiker.com\\\/wp-content\\\/uploads\\\/2025\\\/09\\\/UB100B-Blue-with-Ringslot-01.jpg&quot;,&quot;alt&quot;:&quot;UB100B Blue with Ringslot 01&quot;,&quot;src&quot;:&quot;https:\\\/\\\/www.urbanbiker.com\\\/wp-content\\\/uploads\\\/2025\\\/09\\\/UB100B-Blue-with-Ringslot-01-800x800.jpg&quot;,&quot;srcset&quot;:&quot;https:\\\/\\\/www.urbanbiker.com\\\/wp-content\\\/uploads\\\/2025\\\/09\\\/UB100B-Blue-with-Ringslot-01-800x800.jpg 800w, https:\\\/\\\/www.urbanbiker.com\\\/wp-content\\\/uploads\\\/2025\\\/09\\\/UB100B-Blue-with-Ringslot-01-300x300.jpg 300w, https:\\\/\\\/www.urbanbiker.com\\\/wp-content\\\/uploads\\\/2025\\\/09\\\/UB100B-Blue-with-Ringslot-01-1024x1024.jpg 1024w, https:\\\/\\\/www.urbanbiker.com\\\/wp-content\\\/uploads\\\/2025\\\/09\\\/UB100B-Blue-with-Ringslot-01-150x150.jpg 150w, https:\\\/\\\/www.urbanbiker.com\\\/wp-content\\\/uploads\\\/2025\\\/09\\\/UB100B-Blue-with-Ringslot-01-768x768.jpg 768w, https:\\\/\\\/www.urbanbiker.com\\\/wp-content\\\/uploads\\\/2025\\\/09\\\/UB100B-Blue-with-Ringslot-01-450x450.jpg 450w, https:\\\/\\\/www.urbanbiker.com\\\/wp-content\\\/uploads\\\/2025\\\/09\\\/UB100B-Blue-with-Ringslot-01-100x100.jpg 100w, https:\\\/\\\/www.urbanbiker.com\\\/wp-content\\\/uploads\\\/2025\\\/09\\\/UB100B-Blue-with-Ringslot-01-50x50.jpg 50w, https:\\\/\\\/www.urbanbiker.com\\\/wp-content\\\/uploads\\\/2025\\\/09\\\/UB100B-Blue-with-Ringslot-01-600x600.jpg 600w, https:\\\/\\\/www.urbanbiker.com\\\/wp-content\\\/uploads\\\/2025\\\/09\\\/UB100B-Blue-with-Ringslot-01-96x96.jpg 96w, https:\\\/\\\/www.urbanbiker.com\\\/wp-content\\\/uploads\\\/2025\\\/09\\\/UB100B-Blue-with-Ringslot-01-460x460.jpg 460w, https:\\\/\\\/www.urbanbiker.com\\\/wp-content\\\/uploads\\\/2025\\\/09\\\/UB100B-Blue-with-Ringslot-01.jpg 1080w&quot;,&quot;sizes&quot;:&quot;(max-width: 800px) 100vw, 800px&quot;,&quot;full_src&quot;:&quot;https:\\\/\\\/www.urbanbiker.com\\\/wp-content\\\/uploads\\\/2025\\\/09\\\/UB100B-Blue-with-Ringslot-01.jpg&quot;,&quot;full_src_w&quot;:1080,&quot;full_src_h&quot;:1080,&quot;gallery_thumbnail_src&quot;:&quot;https:\\\/\\\/www.urbanbiker.com\\\/wp-content\\\/uploads\\\/2025\\\/09\\\/UB100B-Blue-with-Ringslot-01-300x300.jpg&quot;,&quot;gallery_thumbnail_src_w&quot;:300,&quot;gallery_thumbnail_src_h&quot;:300,&quot;thumb_src&quot;:&quot;https:\\\/\\\/www.urbanbiker.com\\\/wp-content\\\/uploads\\\/2025\\\/09\\\/UB100B-Blue-with-Ringslot-01-450x450.jpg&quot;,&quot;thumb_src_w&quot;:450,&quot;thumb_src_h&quot;:450,&quot;src_w&quot;:800,&quot;src_h&quot;:800}\" title=\"Bleu\" data-value=\"bleu\"><span class=\"color\" style=\"background-color:#2691ef;\"><\/span><span class=\"screen-reader-text\">Bleu<\/span><\/span><span class=\"bikys-tooltip bikys-product-swatches swatches-color\" data-image=\"{&quot;title&quot;:&quot;UB100B Red with Ringslot 01&quot;,&quot;caption&quot;:&quot;&quot;,&quot;url&quot;:&quot;https:\\\/\\\/www.urbanbiker.com\\\/wp-content\\\/uploads\\\/2025\\\/09\\\/UB100B-Red-with-Ringslot-01.jpg&quot;,&quot;alt&quot;:&quot;UB100B Red with Ringslot 01&quot;,&quot;src&quot;:&quot;https:\\\/\\\/www.urbanbiker.com\\\/wp-content\\\/uploads\\\/2025\\\/09\\\/UB100B-Red-with-Ringslot-01-800x800.jpg&quot;,&quot;srcset&quot;:&quot;https:\\\/\\\/www.urbanbiker.com\\\/wp-content\\\/uploads\\\/2025\\\/09\\\/UB100B-Red-with-Ringslot-01-800x800.jpg 800w, https:\\\/\\\/www.urbanbiker.com\\\/wp-content\\\/uploads\\\/2025\\\/09\\\/UB100B-Red-with-Ringslot-01-300x300.jpg 300w, https:\\\/\\\/www.urbanbiker.com\\\/wp-content\\\/uploads\\\/2025\\\/09\\\/UB100B-Red-with-Ringslot-01-1024x1024.jpg 1024w, https:\\\/\\\/www.urbanbiker.com\\\/wp-content\\\/uploads\\\/2025\\\/09\\\/UB100B-Red-with-Ringslot-01-150x150.jpg 150w, https:\\\/\\\/www.urbanbiker.com\\\/wp-content\\\/uploads\\\/2025\\\/09\\\/UB100B-Red-with-Ringslot-01-768x768.jpg 768w, https:\\\/\\\/www.urbanbiker.com\\\/wp-content\\\/uploads\\\/2025\\\/09\\\/UB100B-Red-with-Ringslot-01-450x450.jpg 450w, https:\\\/\\\/www.urbanbiker.com\\\/wp-content\\\/uploads\\\/2025\\\/09\\\/UB100B-Red-with-Ringslot-01-100x100.jpg 100w, https:\\\/\\\/www.urbanbiker.com\\\/wp-content\\\/uploads\\\/2025\\\/09\\\/UB100B-Red-with-Ringslot-01-50x50.jpg 50w, https:\\\/\\\/www.urbanbiker.com\\\/wp-content\\\/uploads\\\/2025\\\/09\\\/UB100B-Red-with-Ringslot-01-600x600.jpg 600w, https:\\\/\\\/www.urbanbiker.com\\\/wp-content\\\/uploads\\\/2025\\\/09\\\/UB100B-Red-with-Ringslot-01-96x96.jpg 96w, https:\\\/\\\/www.urbanbiker.com\\\/wp-content\\\/uploads\\\/2025\\\/09\\\/UB100B-Red-with-Ringslot-01-460x460.jpg 460w, https:\\\/\\\/www.urbanbiker.com\\\/wp-content\\\/uploads\\\/2025\\\/09\\\/UB100B-Red-with-Ringslot-01.jpg 1080w&quot;,&quot;sizes&quot;:&quot;(max-width: 800px) 100vw, 800px&quot;,&quot;full_src&quot;:&quot;https:\\\/\\\/www.urbanbiker.com\\\/wp-content\\\/uploads\\\/2025\\\/09\\\/UB100B-Red-with-Ringslot-01.jpg&quot;,&quot;full_src_w&quot;:1080,&quot;full_src_h&quot;:1080,&quot;gallery_thumbnail_src&quot;:&quot;https:\\\/\\\/www.urbanbiker.com\\\/wp-content\\\/uploads\\\/2025\\\/09\\\/UB100B-Red-with-Ringslot-01-300x300.jpg&quot;,&quot;gallery_thumbnail_src_w&quot;:300,&quot;gallery_thumbnail_src_h&quot;:300,&quot;thumb_src&quot;:&quot;https:\\\/\\\/www.urbanbiker.com\\\/wp-content\\\/uploads\\\/2025\\\/09\\\/UB100B-Red-with-Ringslot-01-450x450.jpg&quot;,&quot;thumb_src_w&quot;:450,&quot;thumb_src_h&quot;:450,&quot;src_w&quot;:800,&quot;src_h&quot;:800}\" title=\"Rouge\" data-value=\"rouge\"><span class=\"color\" style=\"background-color:#dd3333;\"><\/span><span class=\"screen-reader-text\">Rouge<\/span><\/span><\/div><\/div>            <div class=\"posted-in\"><a href=\"https:\/\/www.urbanbiker.com\/fr\/categorie-produit\/ebikes\/\" rel=\"tag\">Ebikes UrbanBiker<\/a>, <a href=\"https:\/\/www.urbanbiker.com\/fr\/categorie-produit\/ebikes\/velos-electriques-de-randonnee-tout-terrain\/\" rel=\"tag\">Trekking<\/a>, <a href=\"https:\/\/www.urbanbiker.com\/fr\/categorie-produit\/ebikes\/velos-electriques-urbains\/\" rel=\"tag\">Urbains<\/a><\/div>            <h3 class=\"woocommerce-loop-product__title\"><a href=\"https:\/\/www.urbanbiker.com\/fr\/produit\/ub100b-vae-de-ville\/\">UB100B | VAE de ville<\/a><\/h3>            \n\t<span class=\"price\"><span class=\"woocommerce-Price-amount amount\"><bdi>1.699,00<span class=\"woocommerce-Price-currencySymbol\">&euro;<\/span><\/bdi><\/span><\/span>\n                    <\/div>\n        <div class=\"product-action\">\n            <a href=\"https:\/\/www.urbanbiker.com\/fr\/produit\/ub100b-vae-de-ville\/\" aria-describedby=\"woocommerce_loop_add_to_cart_link_describedby_54385\" data-quantity=\"1\" class=\"button product_type_variable add_to_cart_button\" data-product_id=\"54385\" data-product_sku=\"UB100\" aria-label=\"S\u00e9lectionner les options pour &ldquo;UB100B | VAE de ville&rdquo;\" rel=\"nofollow\">Choix des options<\/a>\t<span id=\"woocommerce_loop_add_to_cart_link_describedby_54385\" class=\"screen-reader-text\">\n\t\tCe produit a plusieurs variations. Les options peuvent \u00eatre choisies sur la page du produit\t<\/span>\n            <div class=\"group-action\">\n                <div class=\"shop-action\">\n                    <button class=\"woosw-btn woosw-btn-54385\" data-id=\"54385\" data-product_name=\"UB100B | VAE de ville\" data-product_image=\"https:\/\/www.urbanbiker.com\/wp-content\/uploads\/2025\/09\/UB100B-Red-01-150x150.jpg\" aria-label=\"Ajouter \u00e0 la liste des souhaits\">Ajouter \u00e0 la liste des souhaits<\/button>                    <button class=\"woosc-btn woosc-btn-54385 \" data-text=\"Comparer\" data-text_added=\"Comparer\" data-id=\"54385\" data-product_id=\"54385\" data-product_name=\"UB100B | VAE de ville\" data-product_image=\"https:\/\/www.urbanbiker.com\/wp-content\/uploads\/2025\/09\/UB100B-Red-01-150x150.jpg\">Comparer<\/button>                    <button class=\"woosq-btn woosq-btn-54385\" data-id=\"54385\" data-effect=\"mfp-3d-unfold\" data-context=\"default\">Vue rapide<\/button>                <\/div>\n            <\/div>\n        <\/div>\n    <\/div>\n<\/li>\n<li class=\"product-style-default product type-product post-43068 status-publish first instock product_cat-ebikes product_cat-velos-electriques-de-randonnee-tout-terrain product_cat-velos-electriques-urbains has-post-thumbnail taxable shipping-taxable purchasable product-type-variable\">\n    <div class=\"product-block\">\n        <div class=\"product-label\">\n            <span class=\"stock-label\">En stock<\/span>        <\/div>\n        <div class=\"product-transition\">\n            <div class=\"product-image image-main\"><img decoding=\"async\" width=\"450\" height=\"450\" src=\"https:\/\/www.urbanbiker.com\/wp-content\/uploads\/2025\/04\/1-UB200-Azul-1-450x450.jpg\" class=\"attachment-woocommerce_thumbnail size-woocommerce_thumbnail\" alt=\"UB200 Azul 1\" srcset=\"https:\/\/www.urbanbiker.com\/wp-content\/uploads\/2025\/04\/1-UB200-Azul-1-450x450.jpg 450w, https:\/\/www.urbanbiker.com\/wp-content\/uploads\/2025\/04\/1-UB200-Azul-1-300x300.jpg 300w, https:\/\/www.urbanbiker.com\/wp-content\/uploads\/2025\/04\/1-UB200-Azul-1-1024x1024.jpg 1024w, https:\/\/www.urbanbiker.com\/wp-content\/uploads\/2025\/04\/1-UB200-Azul-1-150x150.jpg 150w, https:\/\/www.urbanbiker.com\/wp-content\/uploads\/2025\/04\/1-UB200-Azul-1-768x768.jpg 768w, https:\/\/www.urbanbiker.com\/wp-content\/uploads\/2025\/04\/1-UB200-Azul-1-800x800.jpg 800w, https:\/\/www.urbanbiker.com\/wp-content\/uploads\/2025\/04\/1-UB200-Azul-1-100x100.jpg 100w, https:\/\/www.urbanbiker.com\/wp-content\/uploads\/2025\/04\/1-UB200-Azul-1-50x50.jpg 50w, https:\/\/www.urbanbiker.com\/wp-content\/uploads\/2025\/04\/1-UB200-Azul-1-600x600.jpg 600w, https:\/\/www.urbanbiker.com\/wp-content\/uploads\/2025\/04\/1-UB200-Azul-1-96x96.jpg 96w, https:\/\/www.urbanbiker.com\/wp-content\/uploads\/2025\/04\/1-UB200-Azul-1-460x460.jpg 460w, https:\/\/www.urbanbiker.com\/wp-content\/uploads\/2025\/04\/1-UB200-Azul-1.jpg 1080w\" sizes=\"(max-width: 450px) 100vw, 450px\" \/><\/div>\n            <a href=\"https:\/\/www.urbanbiker.com\/fr\/produit\/ub200-velo-electrique-urbain-polyvalent-tout-suspendu\/\" class=\"woocommerce-LoopProduct-link woocommerce-loop-product__link\">            <\/a>        <\/div>\n        <div class=\"product-caption\">\n            <div class=\"bikys-wrap-swatches\"><div class=\"inner\"><span class=\"bikys-tooltip bikys-product-swatches swatches-color\" data-image=\"{&quot;title&quot;:&quot;1 UB200 Azul 1&quot;,&quot;caption&quot;:&quot;&quot;,&quot;url&quot;:&quot;https:\\\/\\\/www.urbanbiker.com\\\/wp-content\\\/uploads\\\/2025\\\/04\\\/1-UB200-Azul-1.jpg&quot;,&quot;alt&quot;:&quot;UB200 Azul 1&quot;,&quot;src&quot;:&quot;https:\\\/\\\/www.urbanbiker.com\\\/wp-content\\\/uploads\\\/2025\\\/04\\\/1-UB200-Azul-1-800x800.jpg&quot;,&quot;srcset&quot;:&quot;https:\\\/\\\/www.urbanbiker.com\\\/wp-content\\\/uploads\\\/2025\\\/04\\\/1-UB200-Azul-1-800x800.jpg 800w, https:\\\/\\\/www.urbanbiker.com\\\/wp-content\\\/uploads\\\/2025\\\/04\\\/1-UB200-Azul-1-300x300.jpg 300w, https:\\\/\\\/www.urbanbiker.com\\\/wp-content\\\/uploads\\\/2025\\\/04\\\/1-UB200-Azul-1-1024x1024.jpg 1024w, https:\\\/\\\/www.urbanbiker.com\\\/wp-content\\\/uploads\\\/2025\\\/04\\\/1-UB200-Azul-1-150x150.jpg 150w, https:\\\/\\\/www.urbanbiker.com\\\/wp-content\\\/uploads\\\/2025\\\/04\\\/1-UB200-Azul-1-768x768.jpg 768w, https:\\\/\\\/www.urbanbiker.com\\\/wp-content\\\/uploads\\\/2025\\\/04\\\/1-UB200-Azul-1-450x450.jpg 450w, https:\\\/\\\/www.urbanbiker.com\\\/wp-content\\\/uploads\\\/2025\\\/04\\\/1-UB200-Azul-1-100x100.jpg 100w, https:\\\/\\\/www.urbanbiker.com\\\/wp-content\\\/uploads\\\/2025\\\/04\\\/1-UB200-Azul-1-50x50.jpg 50w, https:\\\/\\\/www.urbanbiker.com\\\/wp-content\\\/uploads\\\/2025\\\/04\\\/1-UB200-Azul-1-600x600.jpg 600w, https:\\\/\\\/www.urbanbiker.com\\\/wp-content\\\/uploads\\\/2025\\\/04\\\/1-UB200-Azul-1-96x96.jpg 96w, https:\\\/\\\/www.urbanbiker.com\\\/wp-content\\\/uploads\\\/2025\\\/04\\\/1-UB200-Azul-1-460x460.jpg 460w, https:\\\/\\\/www.urbanbiker.com\\\/wp-content\\\/uploads\\\/2025\\\/04\\\/1-UB200-Azul-1.jpg 1080w&quot;,&quot;sizes&quot;:&quot;(max-width: 800px) 100vw, 800px&quot;,&quot;full_src&quot;:&quot;https:\\\/\\\/www.urbanbiker.com\\\/wp-content\\\/uploads\\\/2025\\\/04\\\/1-UB200-Azul-1.jpg&quot;,&quot;full_src_w&quot;:1080,&quot;full_src_h&quot;:1080,&quot;gallery_thumbnail_src&quot;:&quot;https:\\\/\\\/www.urbanbiker.com\\\/wp-content\\\/uploads\\\/2025\\\/04\\\/1-UB200-Azul-1-300x300.jpg&quot;,&quot;gallery_thumbnail_src_w&quot;:300,&quot;gallery_thumbnail_src_h&quot;:300,&quot;thumb_src&quot;:&quot;https:\\\/\\\/www.urbanbiker.com\\\/wp-content\\\/uploads\\\/2025\\\/04\\\/1-UB200-Azul-1-450x450.jpg&quot;,&quot;thumb_src_w&quot;:450,&quot;thumb_src_h&quot;:450,&quot;src_w&quot;:800,&quot;src_h&quot;:800}\" title=\"Bleu\" data-value=\"bleu\"><span class=\"color\" style=\"background-color:#2691ef;\"><\/span><span class=\"screen-reader-text\">Bleu<\/span><\/span><span class=\"bikys-tooltip bikys-product-swatches swatches-color\" data-image=\"{&quot;title&quot;:&quot;1 UB200 Roja 1&quot;,&quot;caption&quot;:&quot;&quot;,&quot;url&quot;:&quot;https:\\\/\\\/www.urbanbiker.com\\\/wp-content\\\/uploads\\\/2025\\\/04\\\/1-UB200-Roja-1.jpg&quot;,&quot;alt&quot;:&quot;UB200 Roja 1&quot;,&quot;src&quot;:&quot;https:\\\/\\\/www.urbanbiker.com\\\/wp-content\\\/uploads\\\/2025\\\/04\\\/1-UB200-Roja-1-800x800.jpg&quot;,&quot;srcset&quot;:&quot;https:\\\/\\\/www.urbanbiker.com\\\/wp-content\\\/uploads\\\/2025\\\/04\\\/1-UB200-Roja-1-800x800.jpg 800w, https:\\\/\\\/www.urbanbiker.com\\\/wp-content\\\/uploads\\\/2025\\\/04\\\/1-UB200-Roja-1-300x300.jpg 300w, https:\\\/\\\/www.urbanbiker.com\\\/wp-content\\\/uploads\\\/2025\\\/04\\\/1-UB200-Roja-1-1024x1024.jpg 1024w, https:\\\/\\\/www.urbanbiker.com\\\/wp-content\\\/uploads\\\/2025\\\/04\\\/1-UB200-Roja-1-150x150.jpg 150w, https:\\\/\\\/www.urbanbiker.com\\\/wp-content\\\/uploads\\\/2025\\\/04\\\/1-UB200-Roja-1-768x768.jpg 768w, https:\\\/\\\/www.urbanbiker.com\\\/wp-content\\\/uploads\\\/2025\\\/04\\\/1-UB200-Roja-1-450x450.jpg 450w, https:\\\/\\\/www.urbanbiker.com\\\/wp-content\\\/uploads\\\/2025\\\/04\\\/1-UB200-Roja-1-100x100.jpg 100w, https:\\\/\\\/www.urbanbiker.com\\\/wp-content\\\/uploads\\\/2025\\\/04\\\/1-UB200-Roja-1-50x50.jpg 50w, https:\\\/\\\/www.urbanbiker.com\\\/wp-content\\\/uploads\\\/2025\\\/04\\\/1-UB200-Roja-1-600x600.jpg 600w, https:\\\/\\\/www.urbanbiker.com\\\/wp-content\\\/uploads\\\/2025\\\/04\\\/1-UB200-Roja-1-96x96.jpg 96w, https:\\\/\\\/www.urbanbiker.com\\\/wp-content\\\/uploads\\\/2025\\\/04\\\/1-UB200-Roja-1-460x460.jpg 460w, https:\\\/\\\/www.urbanbiker.com\\\/wp-content\\\/uploads\\\/2025\\\/04\\\/1-UB200-Roja-1.jpg 1080w&quot;,&quot;sizes&quot;:&quot;(max-width: 800px) 100vw, 800px&quot;,&quot;full_src&quot;:&quot;https:\\\/\\\/www.urbanbiker.com\\\/wp-content\\\/uploads\\\/2025\\\/04\\\/1-UB200-Roja-1.jpg&quot;,&quot;full_src_w&quot;:1080,&quot;full_src_h&quot;:1080,&quot;gallery_thumbnail_src&quot;:&quot;https:\\\/\\\/www.urbanbiker.com\\\/wp-content\\\/uploads\\\/2025\\\/04\\\/1-UB200-Roja-1-300x300.jpg&quot;,&quot;gallery_thumbnail_src_w&quot;:300,&quot;gallery_thumbnail_src_h&quot;:300,&quot;thumb_src&quot;:&quot;https:\\\/\\\/www.urbanbiker.com\\\/wp-content\\\/uploads\\\/2025\\\/04\\\/1-UB200-Roja-1-450x450.jpg&quot;,&quot;thumb_src_w&quot;:450,&quot;thumb_src_h&quot;:450,&quot;src_w&quot;:800,&quot;src_h&quot;:800}\" title=\"Rouge\" data-value=\"rouge\"><span class=\"color\" style=\"background-color:#dd3333;\"><\/span><span class=\"screen-reader-text\">Rouge<\/span><\/span><\/div><\/div>            <div class=\"posted-in\"><a href=\"https:\/\/www.urbanbiker.com\/fr\/categorie-produit\/ebikes\/\" rel=\"tag\">Ebikes UrbanBiker<\/a>, <a href=\"https:\/\/www.urbanbiker.com\/fr\/categorie-produit\/ebikes\/velos-electriques-de-randonnee-tout-terrain\/\" rel=\"tag\">Trekking<\/a>, <a href=\"https:\/\/www.urbanbiker.com\/fr\/categorie-produit\/ebikes\/velos-electriques-urbains\/\" rel=\"tag\">Urbains<\/a><\/div>            <h3 class=\"woocommerce-loop-product__title\"><a href=\"https:\/\/www.urbanbiker.com\/fr\/produit\/ub200-velo-electrique-urbain-polyvalent-tout-suspendu\/\">UB200 | VAE de ville Tout Suspendu<\/a><\/h3>            \n\t<span class=\"price\"><span class=\"woocommerce-Price-amount amount\"><bdi>1.799,00<span class=\"woocommerce-Price-currencySymbol\">&euro;<\/span><\/bdi><\/span><\/span>\n                    <\/div>\n        <div class=\"product-action\">\n            <a href=\"https:\/\/www.urbanbiker.com\/fr\/produit\/ub200-velo-electrique-urbain-polyvalent-tout-suspendu\/\" aria-describedby=\"woocommerce_loop_add_to_cart_link_describedby_43068\" data-quantity=\"1\" class=\"button product_type_variable add_to_cart_button\" data-product_id=\"43068\" data-product_sku=\"UB200\" aria-label=\"S\u00e9lectionner les options pour &ldquo;UB200 | VAE de ville Tout Suspendu&rdquo;\" rel=\"nofollow\">Choix des options<\/a>\t<span id=\"woocommerce_loop_add_to_cart_link_describedby_43068\" class=\"screen-reader-text\">\n\t\tCe produit a plusieurs variations. Les options peuvent \u00eatre choisies sur la page du produit\t<\/span>\n            <div class=\"group-action\">\n                <div class=\"shop-action\">\n                    <button class=\"woosw-btn woosw-btn-43068\" data-id=\"43068\" data-product_name=\"UB200 | VAE de ville Tout Suspendu\" data-product_image=\"https:\/\/www.urbanbiker.com\/wp-content\/uploads\/2025\/04\/1-UB200-Azul-1-150x150.jpg\" aria-label=\"Ajouter \u00e0 la liste des souhaits\">Ajouter \u00e0 la liste des souhaits<\/button>                    <button class=\"woosc-btn woosc-btn-43068 \" data-text=\"Comparer\" data-text_added=\"Comparer\" data-id=\"43068\" data-product_id=\"43068\" data-product_name=\"UB200 | VAE de ville Tout Suspendu\" data-product_image=\"https:\/\/www.urbanbiker.com\/wp-content\/uploads\/2025\/04\/1-UB200-Azul-1-150x150.jpg\">Comparer<\/button>                    <button class=\"woosq-btn woosq-btn-43068\" data-id=\"43068\" data-effect=\"mfp-3d-unfold\" data-context=\"default\">Vue rapide<\/button>                <\/div>\n            <\/div>\n        <\/div>\n    <\/div>\n<\/li>\n<li class=\"product-style-default product type-product post-35282 status-publish first instock product_cat-ebikes product_cat-velos-electriques-pliants-urbains product_cat-velos-electriques-urbains has-post-thumbnail taxable shipping-taxable purchasable product-type-variable\">\n    <div class=\"product-block\">\n        <div class=\"product-label\">\n            <span class=\"stock-label\">En stock<\/span>        <\/div>\n        <div class=\"product-transition\">\n            <div class=\"product-image image-main\"><img loading=\"lazy\" decoding=\"async\" width=\"450\" height=\"450\" src=\"https:\/\/www.urbanbiker.com\/wp-content\/uploads\/2025\/04\/UrbanBiker-Mini-Blanca-25-450x450.jpg\" class=\"attachment-woocommerce_thumbnail size-woocommerce_thumbnail\" alt=\"UrbanBiker Mini Blanca 25\" srcset=\"https:\/\/www.urbanbiker.com\/wp-content\/uploads\/2025\/04\/UrbanBiker-Mini-Blanca-25-450x450.jpg 450w, https:\/\/www.urbanbiker.com\/wp-content\/uploads\/2025\/04\/UrbanBiker-Mini-Blanca-25-300x300.jpg 300w, https:\/\/www.urbanbiker.com\/wp-content\/uploads\/2025\/04\/UrbanBiker-Mini-Blanca-25-1024x1024.jpg 1024w, https:\/\/www.urbanbiker.com\/wp-content\/uploads\/2025\/04\/UrbanBiker-Mini-Blanca-25-150x150.jpg 150w, https:\/\/www.urbanbiker.com\/wp-content\/uploads\/2025\/04\/UrbanBiker-Mini-Blanca-25-768x768.jpg 768w, https:\/\/www.urbanbiker.com\/wp-content\/uploads\/2025\/04\/UrbanBiker-Mini-Blanca-25-800x800.jpg 800w, https:\/\/www.urbanbiker.com\/wp-content\/uploads\/2025\/04\/UrbanBiker-Mini-Blanca-25-100x100.jpg 100w, https:\/\/www.urbanbiker.com\/wp-content\/uploads\/2025\/04\/UrbanBiker-Mini-Blanca-25-50x50.jpg 50w, https:\/\/www.urbanbiker.com\/wp-content\/uploads\/2025\/04\/UrbanBiker-Mini-Blanca-25-600x600.jpg 600w, https:\/\/www.urbanbiker.com\/wp-content\/uploads\/2025\/04\/UrbanBiker-Mini-Blanca-25-96x96.jpg 96w, https:\/\/www.urbanbiker.com\/wp-content\/uploads\/2025\/04\/UrbanBiker-Mini-Blanca-25-460x460.jpg 460w, https:\/\/www.urbanbiker.com\/wp-content\/uploads\/2025\/04\/UrbanBiker-Mini-Blanca-25.jpg 1080w\" sizes=\"(max-width: 450px) 100vw, 450px\" \/><\/div>\n            <a href=\"https:\/\/www.urbanbiker.com\/fr\/produit\/mini-velo-electrique-urbain-pliable\/\" class=\"woocommerce-LoopProduct-link woocommerce-loop-product__link\">            <\/a>        <\/div>\n        <div class=\"product-caption\">\n            <div class=\"bikys-wrap-swatches\"><div class=\"inner\"><span class=\"bikys-tooltip bikys-product-swatches swatches-color\" data-image=\"{&quot;title&quot;:&quot;V\\u00e9lo \\u00e9lectrique urbain pliable&quot;,&quot;caption&quot;:&quot;&quot;,&quot;url&quot;:&quot;https:\\\/\\\/www.urbanbiker.com\\\/wp-content\\\/uploads\\\/2024\\\/11\\\/1-Urbanbiker-Mini-Blanca.jpg&quot;,&quot;alt&quot;:&quot;V\\u00e9lo \\u00e9lectrique urbain pliable&quot;,&quot;src&quot;:&quot;https:\\\/\\\/www.urbanbiker.com\\\/wp-content\\\/uploads\\\/2024\\\/11\\\/1-Urbanbiker-Mini-Blanca-800x800.jpg&quot;,&quot;srcset&quot;:&quot;https:\\\/\\\/www.urbanbiker.com\\\/wp-content\\\/uploads\\\/2024\\\/11\\\/1-Urbanbiker-Mini-Blanca-800x800.jpg 800w, https:\\\/\\\/www.urbanbiker.com\\\/wp-content\\\/uploads\\\/2024\\\/11\\\/1-Urbanbiker-Mini-Blanca-300x300.jpg 300w, https:\\\/\\\/www.urbanbiker.com\\\/wp-content\\\/uploads\\\/2024\\\/11\\\/1-Urbanbiker-Mini-Blanca-1024x1024.jpg 1024w, https:\\\/\\\/www.urbanbiker.com\\\/wp-content\\\/uploads\\\/2024\\\/11\\\/1-Urbanbiker-Mini-Blanca-150x150.jpg 150w, https:\\\/\\\/www.urbanbiker.com\\\/wp-content\\\/uploads\\\/2024\\\/11\\\/1-Urbanbiker-Mini-Blanca-768x768.jpg 768w, https:\\\/\\\/www.urbanbiker.com\\\/wp-content\\\/uploads\\\/2024\\\/11\\\/1-Urbanbiker-Mini-Blanca-450x450.jpg 450w, https:\\\/\\\/www.urbanbiker.com\\\/wp-content\\\/uploads\\\/2024\\\/11\\\/1-Urbanbiker-Mini-Blanca-100x100.jpg 100w, https:\\\/\\\/www.urbanbiker.com\\\/wp-content\\\/uploads\\\/2024\\\/11\\\/1-Urbanbiker-Mini-Blanca-50x50.jpg 50w, https:\\\/\\\/www.urbanbiker.com\\\/wp-content\\\/uploads\\\/2024\\\/11\\\/1-Urbanbiker-Mini-Blanca-600x600.jpg 600w, https:\\\/\\\/www.urbanbiker.com\\\/wp-content\\\/uploads\\\/2024\\\/11\\\/1-Urbanbiker-Mini-Blanca-96x96.jpg 96w, https:\\\/\\\/www.urbanbiker.com\\\/wp-content\\\/uploads\\\/2024\\\/11\\\/1-Urbanbiker-Mini-Blanca-460x460.jpg 460w, https:\\\/\\\/www.urbanbiker.com\\\/wp-content\\\/uploads\\\/2024\\\/11\\\/1-Urbanbiker-Mini-Blanca.jpg 1080w&quot;,&quot;sizes&quot;:&quot;(max-width: 800px) 100vw, 800px&quot;,&quot;full_src&quot;:&quot;https:\\\/\\\/www.urbanbiker.com\\\/wp-content\\\/uploads\\\/2024\\\/11\\\/1-Urbanbiker-Mini-Blanca.jpg&quot;,&quot;full_src_w&quot;:1080,&quot;full_src_h&quot;:1080,&quot;gallery_thumbnail_src&quot;:&quot;https:\\\/\\\/www.urbanbiker.com\\\/wp-content\\\/uploads\\\/2024\\\/11\\\/1-Urbanbiker-Mini-Blanca-300x300.jpg&quot;,&quot;gallery_thumbnail_src_w&quot;:300,&quot;gallery_thumbnail_src_h&quot;:300,&quot;thumb_src&quot;:&quot;https:\\\/\\\/www.urbanbiker.com\\\/wp-content\\\/uploads\\\/2024\\\/11\\\/1-Urbanbiker-Mini-Blanca-450x450.jpg&quot;,&quot;thumb_src_w&quot;:450,&quot;thumb_src_h&quot;:450,&quot;src_w&quot;:800,&quot;src_h&quot;:800}\" title=\"Blanc\" data-value=\"blanc\"><span class=\"color\" style=\"background-color:#f2f2f2;\"><\/span><span class=\"screen-reader-text\">Blanc<\/span><\/span><span class=\"bikys-tooltip bikys-product-swatches swatches-color\" data-image=\"{&quot;title&quot;:&quot;V\\u00e9lo \\u00e9lectrique urbain pliable&quot;,&quot;caption&quot;:&quot;&quot;,&quot;url&quot;:&quot;https:\\\/\\\/www.urbanbiker.com\\\/wp-content\\\/uploads\\\/2024\\\/11\\\/1-Urbanbiker-Mini-Negra.jpg&quot;,&quot;alt&quot;:&quot;V\\u00e9lo \\u00e9lectrique urbain pliable&quot;,&quot;src&quot;:&quot;https:\\\/\\\/www.urbanbiker.com\\\/wp-content\\\/uploads\\\/2024\\\/11\\\/1-Urbanbiker-Mini-Negra-800x800.jpg&quot;,&quot;srcset&quot;:&quot;https:\\\/\\\/www.urbanbiker.com\\\/wp-content\\\/uploads\\\/2024\\\/11\\\/1-Urbanbiker-Mini-Negra-800x800.jpg 800w, https:\\\/\\\/www.urbanbiker.com\\\/wp-content\\\/uploads\\\/2024\\\/11\\\/1-Urbanbiker-Mini-Negra-300x300.jpg 300w, https:\\\/\\\/www.urbanbiker.com\\\/wp-content\\\/uploads\\\/2024\\\/11\\\/1-Urbanbiker-Mini-Negra-1024x1024.jpg 1024w, https:\\\/\\\/www.urbanbiker.com\\\/wp-content\\\/uploads\\\/2024\\\/11\\\/1-Urbanbiker-Mini-Negra-150x150.jpg 150w, https:\\\/\\\/www.urbanbiker.com\\\/wp-content\\\/uploads\\\/2024\\\/11\\\/1-Urbanbiker-Mini-Negra-768x768.jpg 768w, https:\\\/\\\/www.urbanbiker.com\\\/wp-content\\\/uploads\\\/2024\\\/11\\\/1-Urbanbiker-Mini-Negra-450x450.jpg 450w, https:\\\/\\\/www.urbanbiker.com\\\/wp-content\\\/uploads\\\/2024\\\/11\\\/1-Urbanbiker-Mini-Negra-100x100.jpg 100w, https:\\\/\\\/www.urbanbiker.com\\\/wp-content\\\/uploads\\\/2024\\\/11\\\/1-Urbanbiker-Mini-Negra-50x50.jpg 50w, https:\\\/\\\/www.urbanbiker.com\\\/wp-content\\\/uploads\\\/2024\\\/11\\\/1-Urbanbiker-Mini-Negra-600x600.jpg 600w, https:\\\/\\\/www.urbanbiker.com\\\/wp-content\\\/uploads\\\/2024\\\/11\\\/1-Urbanbiker-Mini-Negra-96x96.jpg 96w, https:\\\/\\\/www.urbanbiker.com\\\/wp-content\\\/uploads\\\/2024\\\/11\\\/1-Urbanbiker-Mini-Negra-460x460.jpg 460w, https:\\\/\\\/www.urbanbiker.com\\\/wp-content\\\/uploads\\\/2024\\\/11\\\/1-Urbanbiker-Mini-Negra.jpg 1080w&quot;,&quot;sizes&quot;:&quot;(max-width: 800px) 100vw, 800px&quot;,&quot;full_src&quot;:&quot;https:\\\/\\\/www.urbanbiker.com\\\/wp-content\\\/uploads\\\/2024\\\/11\\\/1-Urbanbiker-Mini-Negra.jpg&quot;,&quot;full_src_w&quot;:1080,&quot;full_src_h&quot;:1080,&quot;gallery_thumbnail_src&quot;:&quot;https:\\\/\\\/www.urbanbiker.com\\\/wp-content\\\/uploads\\\/2024\\\/11\\\/1-Urbanbiker-Mini-Negra-300x300.jpg&quot;,&quot;gallery_thumbnail_src_w&quot;:300,&quot;gallery_thumbnail_src_h&quot;:300,&quot;thumb_src&quot;:&quot;https:\\\/\\\/www.urbanbiker.com\\\/wp-content\\\/uploads\\\/2024\\\/11\\\/1-Urbanbiker-Mini-Negra-450x450.jpg&quot;,&quot;thumb_src_w&quot;:450,&quot;thumb_src_h&quot;:450,&quot;src_w&quot;:800,&quot;src_h&quot;:800}\" title=\"Noir\" data-value=\"noir\"><span class=\"color\" style=\"background-color:#000000;\"><\/span><span class=\"screen-reader-text\">Noir<\/span><\/span><\/div><\/div>            <div class=\"posted-in\"><a href=\"https:\/\/www.urbanbiker.com\/fr\/categorie-produit\/ebikes\/\" rel=\"tag\">Ebikes UrbanBiker<\/a>, <a href=\"https:\/\/www.urbanbiker.com\/fr\/categorie-produit\/ebikes\/velos-electriques-pliants-urbains\/\" rel=\"tag\">Pliants<\/a>, <a href=\"https:\/\/www.urbanbiker.com\/fr\/categorie-produit\/ebikes\/velos-electriques-urbains\/\" rel=\"tag\">Urbains<\/a><\/div>            <h3 class=\"woocommerce-loop-product__title\"><a href=\"https:\/\/www.urbanbiker.com\/fr\/produit\/mini-velo-electrique-urbain-pliable\/\">Mini | VAE pliable<\/a><\/h3>            \n\t<span class=\"price\"><span class=\"woocommerce-Price-amount amount\"><bdi>1.599,00<span class=\"woocommerce-Price-currencySymbol\">&euro;<\/span><\/bdi><\/span><\/span>\n                    <\/div>\n        <div class=\"product-action\">\n            <a href=\"https:\/\/www.urbanbiker.com\/fr\/produit\/mini-velo-electrique-urbain-pliable\/\" aria-describedby=\"woocommerce_loop_add_to_cart_link_describedby_35282\" data-quantity=\"1\" class=\"button product_type_variable add_to_cart_button\" data-product_id=\"35282\" data-product_sku=\"UBKEBSMINI\" aria-label=\"S\u00e9lectionner les options pour &ldquo;Mini | VAE pliable&rdquo;\" rel=\"nofollow\">Choix des options<\/a>\t<span id=\"woocommerce_loop_add_to_cart_link_describedby_35282\" class=\"screen-reader-text\">\n\t\tCe produit a plusieurs variations. Les options peuvent \u00eatre choisies sur la page du produit\t<\/span>\n            <div class=\"group-action\">\n                <div class=\"shop-action\">\n                    <button class=\"woosw-btn woosw-btn-35282\" data-id=\"35282\" data-product_name=\"Mini | VAE pliable\" data-product_image=\"https:\/\/www.urbanbiker.com\/wp-content\/uploads\/2025\/04\/UrbanBiker-Mini-Blanca-25-150x150.jpg\" aria-label=\"Ajouter \u00e0 la liste des souhaits\">Ajouter \u00e0 la liste des souhaits<\/button>                    <button class=\"woosc-btn woosc-btn-35282 \" data-text=\"Comparer\" data-text_added=\"Comparer\" data-id=\"35282\" data-product_id=\"35282\" data-product_name=\"Mini | VAE pliable\" data-product_image=\"https:\/\/www.urbanbiker.com\/wp-content\/uploads\/2025\/04\/UrbanBiker-Mini-Blanca-25-150x150.jpg\">Comparer<\/button>                    <button class=\"woosq-btn woosq-btn-35282\" data-id=\"35282\" data-effect=\"mfp-3d-unfold\" data-context=\"default\">Vue rapide<\/button>                <\/div>\n            <\/div>\n        <\/div>\n    <\/div>\n<\/li>\n<\/ul><\/div><\/div>\t\t\t\t<\/div>\n\t\t\t\t<\/div>\n\t\t\t\t\t<\/div>\n\t\t<\/div>\n\t\t\t\t\t<\/div>\n\t\t<\/div>\n\t\t\t\t<div class=\"elementor-section elementor-top-section elementor-element elementor-element-e13be29 elementor-section-stretched elementor-section-boxed elementor-section-height-default elementor-section-height-default\" data-id=\"e13be29\" data-element_type=\"section\" data-e-type=\"section\" data-settings=\"{&quot;stretch_section&quot;:&quot;section-stretched&quot;,&quot;background_background&quot;:&quot;classic&quot;}\">\n\t\t\t\t\t\t<div class=\"elementor-container elementor-column-gap-no\">\n\t\t\t\t\t<div class=\"elementor-column elementor-col-50 elementor-top-column elementor-element elementor-element-c761ea5\" data-id=\"c761ea5\" data-element_type=\"column\" data-e-type=\"column\">\n\t\t\t<div class=\"elementor-widget-wrap elementor-element-populated\">\n\t\t\t\t\t\t<div class=\"elementor-element elementor-element-6754668 elementor-widget elementor-widget-heading\" data-id=\"6754668\" data-element_type=\"widget\" data-e-type=\"widget\" data-widget_type=\"heading.default\">\n\t\t\t\t<div class=\"elementor-widget-container\">\n\t\t\t\t\t<h2 class=\"elementor-heading-title elementor-size-default\">Berna<\/h2>\t\t\t\t<\/div>\n\t\t\t\t<\/div>\n\t\t\t\t<div class=\"elementor-element elementor-element-3f87553 elementor-widget elementor-widget-heading\" data-id=\"3f87553\" data-element_type=\"widget\" data-e-type=\"widget\" data-widget_type=\"heading.default\">\n\t\t\t\t<div class=\"elementor-widget-container\">\n\t\t\t\t\t<h2 class=\"elementor-heading-title elementor-size-default\">v\u00e9lo \u00e9lectrique pour enfants<\/h2>\t\t\t\t<\/div>\n\t\t\t\t<\/div>\n\t\t\t\t<div class=\"elementor-element elementor-element-de30b70 elementor-widget__width-initial elementor-widget elementor-widget-text-editor\" data-id=\"de30b70\" data-element_type=\"widget\" data-e-type=\"widget\" data-widget_type=\"text-editor.default\">\n\t\t\t\t<div class=\"elementor-widget-container\">\n\t\t\t\t\t\t\t\t\t<p>Con\u00e7u pour les petits gabarits. <strong>Moteur Bafang 250W<\/strong>, <strong>batterie <\/strong><strong>360Wh <\/strong>(36V 10Ah) et <strong>freins hydrauliques <\/strong>pour la puissance, l&rsquo;autonomie et le contr\u00f4le pendant que vous roulez. Si vous mesurez entre 1.35m et 1.50m, ce v\u00e9lo \u00e9lectrique est pour vous! Stable, pr\u00e9cis et certain.<\/p>\t\t\t\t\t\t\t\t<\/div>\n\t\t\t\t<\/div>\n\t\t\t\t<div class=\"elementor-section elementor-inner-section elementor-element elementor-element-b8e852b elementor-section-full_width elementor-section-height-default elementor-section-height-default\" data-id=\"b8e852b\" data-element_type=\"section\" data-e-type=\"section\">\n\t\t\t\t\t\t<div class=\"elementor-container elementor-column-gap-no\">\n\t\t\t\t\t<div class=\"elementor-column elementor-col-50 elementor-inner-column elementor-element elementor-element-cb148b5\" data-id=\"cb148b5\" data-element_type=\"column\" data-e-type=\"column\">\n\t\t\t<div class=\"elementor-widget-wrap elementor-element-populated\">\n\t\t\t\t\t\t<div class=\"elementor-element elementor-element-83b9e5e elementor-position-inline-start elementor-view-default elementor-mobile-position-block-start elementor-widget elementor-widget-icon-box\" data-id=\"83b9e5e\" data-element_type=\"widget\" data-e-type=\"widget\" data-widget_type=\"icon-box.default\">\n\t\t\t\t<div class=\"elementor-widget-container\">\n\t\t\t\t\t\t\t<div class=\"elementor-icon-box-wrapper\">\n\n\t\t\t\t\t\t<div class=\"elementor-icon-box-icon\">\n\t\t\t\t<span  class=\"elementor-icon\">\n\t\t\t\t<i aria-hidden=\"true\" class=\"bikys-icon- bikys-icon-frame\"><\/i>\t\t\t\t<\/span>\n\t\t\t<\/div>\n\t\t\t\n\t\t\t\t\t\t<div class=\"elementor-icon-box-content\">\n\n\t\t\t\t\t\t\t\t\t<h5 class=\"elementor-icon-box-title\">\n\t\t\t\t\t\t<span  >\n\t\t\t\t\t\t\tcadre\t\t\t\t\t\t<\/span>\n\t\t\t\t\t<\/h5>\n\t\t\t\t\n\t\t\t\t\t\t\t\t\t<p class=\"elementor-icon-box-description\">\n\t\t\t\t\t\t39cm\t\t\t\t\t<\/p>\n\t\t\t\t\n\t\t\t<\/div>\n\t\t\t\n\t\t<\/div>\n\t\t\t\t\t\t<\/div>\n\t\t\t\t<\/div>\n\t\t\t\t<div class=\"elementor-element elementor-element-eae85d4 elementor-position-inline-start elementor-view-default elementor-mobile-position-block-start elementor-widget elementor-widget-icon-box\" data-id=\"eae85d4\" data-element_type=\"widget\" data-e-type=\"widget\" data-widget_type=\"icon-box.default\">\n\t\t\t\t<div class=\"elementor-widget-container\">\n\t\t\t\t\t\t\t<div class=\"elementor-icon-box-wrapper\">\n\n\t\t\t\t\t\t<div class=\"elementor-icon-box-icon\">\n\t\t\t\t<span  class=\"elementor-icon\">\n\t\t\t\t<i aria-hidden=\"true\" class=\"bikys-icon- bikys-icon-disc-brake\"><\/i>\t\t\t\t<\/span>\n\t\t\t<\/div>\n\t\t\t\n\t\t\t\t\t\t<div class=\"elementor-icon-box-content\">\n\n\t\t\t\t\t\t\t\t\t<h5 class=\"elementor-icon-box-title\">\n\t\t\t\t\t\t<span  >\n\t\t\t\t\t\t\tFREINS\t\t\t\t\t\t<\/span>\n\t\t\t\t\t<\/h5>\n\t\t\t\t\n\t\t\t\t\t\t\t\t\t<p class=\"elementor-icon-box-description\">\n\t\t\t\t\t\tDisques hydrauliques\t\t\t\t\t<\/p>\n\t\t\t\t\n\t\t\t<\/div>\n\t\t\t\n\t\t<\/div>\n\t\t\t\t\t\t<\/div>\n\t\t\t\t<\/div>\n\t\t\t\t\t<\/div>\n\t\t<\/div>\n\t\t\t\t<div class=\"elementor-column elementor-col-50 elementor-inner-column elementor-element elementor-element-4fc7d84\" data-id=\"4fc7d84\" data-element_type=\"column\" data-e-type=\"column\">\n\t\t\t<div class=\"elementor-widget-wrap elementor-element-populated\">\n\t\t\t\t\t\t<div class=\"elementor-element elementor-element-a9f40c1 elementor-position-inline-start elementor-view-default elementor-mobile-position-block-start elementor-widget elementor-widget-icon-box\" data-id=\"a9f40c1\" data-element_type=\"widget\" data-e-type=\"widget\" data-widget_type=\"icon-box.default\">\n\t\t\t\t<div class=\"elementor-widget-container\">\n\t\t\t\t\t\t\t<div class=\"elementor-icon-box-wrapper\">\n\n\t\t\t\t\t\t<div class=\"elementor-icon-box-icon\">\n\t\t\t\t<span  class=\"elementor-icon\">\n\t\t\t\t<i aria-hidden=\"true\" class=\"bikys-icon- bikys-icon-fork\"><\/i>\t\t\t\t<\/span>\n\t\t\t<\/div>\n\t\t\t\n\t\t\t\t\t\t<div class=\"elementor-icon-box-content\">\n\n\t\t\t\t\t\t\t\t\t<h5 class=\"elementor-icon-box-title\">\n\t\t\t\t\t\t<span  >\n\t\t\t\t\t\t\tSUSPENSION\t\t\t\t\t\t<\/span>\n\t\t\t\t\t<\/h5>\n\t\t\t\t\n\t\t\t\t\t\t\t\t\t<p class=\"elementor-icon-box-description\">\n\t\t\t\t\t\tFrontale\t\t\t\t\t<\/p>\n\t\t\t\t\n\t\t\t<\/div>\n\t\t\t\n\t\t<\/div>\n\t\t\t\t\t\t<\/div>\n\t\t\t\t<\/div>\n\t\t\t\t<div class=\"elementor-element elementor-element-852a30c elementor-position-inline-start elementor-view-default elementor-mobile-position-block-start elementor-widget elementor-widget-icon-box\" data-id=\"852a30c\" data-element_type=\"widget\" data-e-type=\"widget\" data-widget_type=\"icon-box.default\">\n\t\t\t\t<div class=\"elementor-widget-container\">\n\t\t\t\t\t\t\t<div class=\"elementor-icon-box-wrapper\">\n\n\t\t\t\t\t\t<div class=\"elementor-icon-box-icon\">\n\t\t\t\t<span  class=\"elementor-icon\">\n\t\t\t\t<i aria-hidden=\"true\" class=\"bikys-icon- bikys-icon-wheels\"><\/i>\t\t\t\t<\/span>\n\t\t\t<\/div>\n\t\t\t\n\t\t\t\t\t\t<div class=\"elementor-icon-box-content\">\n\n\t\t\t\t\t\t\t\t\t<h5 class=\"elementor-icon-box-title\">\n\t\t\t\t\t\t<span  >\n\t\t\t\t\t\t\troue\t\t\t\t\t\t<\/span>\n\t\t\t\t\t<\/h5>\n\t\t\t\t\n\t\t\t\t\t\t\t\t\t<p class=\"elementor-icon-box-description\">\n\t\t\t\t\t\t24 pouces\t\t\t\t\t<\/p>\n\t\t\t\t\n\t\t\t<\/div>\n\t\t\t\n\t\t<\/div>\n\t\t\t\t\t\t<\/div>\n\t\t\t\t<\/div>\n\t\t\t\t\t<\/div>\n\t\t<\/div>\n\t\t\t\t\t<\/div>\n\t\t<\/div>\n\t\t\t\t<div class=\"elementor-element elementor-element-49bdc4c elementor-widget-divider--view-line elementor-widget elementor-widget-divider\" data-id=\"49bdc4c\" data-element_type=\"widget\" data-e-type=\"widget\" data-widget_type=\"divider.default\">\n\t\t\t\t<div class=\"elementor-widget-container\">\n\t\t\t\t\t\t\t<div class=\"elementor-divider\">\n\t\t\t<span class=\"elementor-divider-separator\">\n\t\t\t\t\t\t<\/span>\n\t\t<\/div>\n\t\t\t\t\t\t<\/div>\n\t\t\t\t<\/div>\n\t\t\t\t<div class=\"elementor-section elementor-inner-section elementor-element elementor-element-fdca866 elementor-section-full_width elementor-section-height-default elementor-section-height-default\" data-id=\"fdca866\" data-element_type=\"section\" data-e-type=\"section\">\n\t\t\t\t\t\t<div class=\"elementor-container elementor-column-gap-no\">\n\t\t\t\t\t<div class=\"elementor-column elementor-col-50 elementor-inner-column elementor-element elementor-element-2207592\" data-id=\"2207592\" data-element_type=\"column\" data-e-type=\"column\">\n\t\t\t<div class=\"elementor-widget-wrap elementor-element-populated\">\n\t\t\t\t\t\t<div class=\"elementor-element elementor-element-c6a2263 elementor-widget elementor-widget-icon-box\" data-id=\"c6a2263\" data-element_type=\"widget\" data-e-type=\"widget\" data-widget_type=\"icon-box.default\">\n\t\t\t\t<div class=\"elementor-widget-container\">\n\t\t\t\t\t\t\t<div class=\"elementor-icon-box-wrapper\">\n\n\t\t\t\n\t\t\t\t\t\t<div class=\"elementor-icon-box-content\">\n\n\t\t\t\t\t\t\t\t\t<h3 class=\"elementor-icon-box-title\">\n\t\t\t\t\t\t<span  >\n\t\t\t\t\t\t\tnouveau\t\t\t\t\t\t<\/span>\n\t\t\t\t\t<\/h3>\n\t\t\t\t\n\t\t\t\t\n\t\t\t<\/div>\n\t\t\t\n\t\t<\/div>\n\t\t\t\t\t\t<\/div>\n\t\t\t\t<\/div>\n\t\t\t\t\t<\/div>\n\t\t<\/div>\n\t\t\t\t<div class=\"elementor-column elementor-col-50 elementor-inner-column elementor-element elementor-element-126cc1e\" data-id=\"126cc1e\" data-element_type=\"column\" data-e-type=\"column\">\n\t\t\t<div class=\"elementor-widget-wrap elementor-element-populated\">\n\t\t\t\t\t\t<div class=\"elementor-element elementor-element-875b60a elementor-align-right elementor-mobile-align-center elementor-button-outline elementor-widget elementor-widget-button\" data-id=\"875b60a\" data-element_type=\"widget\" data-e-type=\"widget\" data-widget_type=\"button.default\">\n\t\t\t\t<div class=\"elementor-widget-container\">\n\t\t\t\t\t\t\t\t\t<div class=\"elementor-button-wrapper\">\n\t\t\t\t\t<a class=\"elementor-button elementor-button-link elementor-size-sm\" href=\"https:\/\/www.urbanbiker.com\/fr\/categorie-produit\/ebikes\/velos-electriques-pour-enfants\/\">\n\t\t\t\t\t\t<span class=\"elementor-button-content-wrapper\">\n\t\t\t\t\t\t\t\t\t<span class=\"elementor-button-text\">acheter<\/span>\n\t\t\t\t\t<\/span>\n\t\t\t\t\t<\/a>\n\t\t\t\t<\/div>\n\t\t\t\t\t\t\t\t<\/div>\n\t\t\t\t<\/div>\n\t\t\t\t\t<\/div>\n\t\t<\/div>\n\t\t\t\t\t<\/div>\n\t\t<\/div>\n\t\t\t\t\t<\/div>\n\t\t<\/div>\n\t\t\t\t<div class=\"elementor-column elementor-col-50 elementor-top-column elementor-element elementor-element-b1f8da4 elementor-hidden-mobile\" data-id=\"b1f8da4\" data-element_type=\"column\" data-e-type=\"column\">\n\t\t\t<div class=\"elementor-widget-wrap\">\n\t\t\t\t\t\t\t<\/div>\n\t\t<\/div>\n\t\t\t\t\t<\/div>\n\t\t<\/div>\n\t\t\t\t<div class=\"elementor-section elementor-top-section elementor-element elementor-element-7fe7204 elementor-section-stretched elementor-section-boxed elementor-section-height-default elementor-section-height-default\" data-id=\"7fe7204\" data-element_type=\"section\" data-e-type=\"section\" data-settings=\"{&quot;stretch_section&quot;:&quot;section-stretched&quot;}\">\n\t\t\t\t\t\t<div class=\"elementor-container elementor-column-gap-no\">\n\t\t\t\t\t<div class=\"elementor-column elementor-col-100 elementor-top-column elementor-element elementor-element-3462168\" data-id=\"3462168\" data-element_type=\"column\" data-e-type=\"column\">\n\t\t\t<div class=\"elementor-widget-wrap elementor-element-populated\">\n\t\t\t\t\t\t<div class=\"elementor-element elementor-element-b4e25ff elementor-widget__width-auto elementor-view-default elementor-widget elementor-widget-icon\" data-id=\"b4e25ff\" data-element_type=\"widget\" data-e-type=\"widget\" data-widget_type=\"icon.default\">\n\t\t\t\t<div class=\"elementor-widget-container\">\n\t\t\t\t\t\t\t<div class=\"elementor-icon-wrapper\">\n\t\t\t<div class=\"elementor-icon\">\n\t\t\t<i aria-hidden=\"true\" class=\"fas fa-square-full\"><\/i>\t\t\t<\/div>\n\t\t<\/div>\n\t\t\t\t\t\t<\/div>\n\t\t\t\t<\/div>\n\t\t\t\t<div class=\"elementor-element elementor-element-d00aaea elementor-widget__width-auto elementor-widget elementor-widget-heading\" data-id=\"d00aaea\" data-element_type=\"widget\" data-e-type=\"widget\" data-widget_type=\"heading.default\">\n\t\t\t\t<div class=\"elementor-widget-container\">\n\t\t\t\t\t<h2 class=\"elementor-heading-title elementor-size-default\">v\u00e9los \u00e9lectriques montagne<\/h2>\t\t\t\t<\/div>\n\t\t\t\t<\/div>\n\t\t\t\t<div class=\"elementor-element elementor-element-5617fa6 elementor-widget__width-auto elementor-absolute elementor-button-outline elementor-widget elementor-widget-button\" data-id=\"5617fa6\" data-element_type=\"widget\" data-e-type=\"widget\" data-settings=\"{&quot;_position&quot;:&quot;absolute&quot;}\" data-widget_type=\"button.default\">\n\t\t\t\t<div class=\"elementor-widget-container\">\n\t\t\t\t\t\t\t\t\t<div class=\"elementor-button-wrapper\">\n\t\t\t\t\t<a class=\"elementor-button elementor-button-link elementor-size-sm\" href=\"https:\/\/www.urbanbiker.com\/fr\/categorie-produit\/ebikes\/velos-electriques-de-montagne\/\">\n\t\t\t\t\t\t<span class=\"elementor-button-content-wrapper\">\n\t\t\t\t\t\t\t\t\t<span class=\"elementor-button-text\">VOIR TOUT<\/span>\n\t\t\t\t\t<\/span>\n\t\t\t\t\t<\/a>\n\t\t\t\t<\/div>\n\t\t\t\t\t\t\t\t<\/div>\n\t\t\t\t<\/div>\n\t\t\t\t<div class=\"elementor-element elementor-element-579c81a dot-style-2 mobile-switcher-style-product-yes product-alignment-flex-start arrow-style-1 elementor-widget elementor-widget-bikys-products\" data-id=\"579c81a\" data-element_type=\"widget\" data-e-type=\"widget\" data-settings=\"{&quot;autoplay_speed&quot;:5000}\" data-widget_type=\"bikys-products.default\">\n\t\t\t\t<div class=\"elementor-widget-container\">\n\t\t\t\t\t<div class=\"woocommerce columns-1 \"><div class=\"woocommerce-carousel\" data-settings='{\"centerMode\":false,\"variableWidth\":false,\"speed\":300,\"centerPadding\":\"50px\",\"navigation\":\"both\",\"pauseOnHover\":true,\"autoplay\":true,\"autoplaySpeed\":5000,\"items\":\"3\",\"items_laptop\":\"3\",\"items_tablet_extra\":\"3\",\"items_tablet\":\"3\",\"items_mobile_extra\":\"2\",\"items_mobile\":1,\"loop\":true,\"breakpoint_laptop\":1366,\"breakpoint_tablet_extra\":1200,\"breakpoint_tablet\":1024,\"breakpoint_mobile_extra\":880,\"breakpoint_mobile\":767,\"centerPadding_laptop\":\"50px\",\"centerPadding_tablet_extra\":\"50px\",\"centerPadding_tablet\":\"50px\",\"centerPadding_mobile_extra\":\"50px\",\"centerPadding_mobile\":\"50px\"}'><ul class=\"products columns-1\"><li class=\"product-style-default product type-product post-60241 status-publish first instock product_cat-ebikes product_cat-velos-electriques-de-montagne product_cat-velos-electriques-a-moteur-central has-post-thumbnail featured taxable shipping-taxable purchasable product-type-variable\">\n    <div class=\"product-block\">\n        <div class=\"product-label\">\n            <span class=\"stock-label\">En stock<\/span><span class=\"stock-label featured\">Moteur Central<\/span>        <\/div>\n        <div class=\"product-transition\">\n            <div class=\"product-image image-main\"><img loading=\"lazy\" decoding=\"async\" width=\"450\" height=\"450\" src=\"https:\/\/www.urbanbiker.com\/wp-content\/uploads\/2026\/01\/UB410B-01-450x450.jpg\" class=\"attachment-woocommerce_thumbnail size-woocommerce_thumbnail\" alt=\"UB410B-01\" srcset=\"https:\/\/www.urbanbiker.com\/wp-content\/uploads\/2026\/01\/UB410B-01-450x450.jpg 450w, https:\/\/www.urbanbiker.com\/wp-content\/uploads\/2026\/01\/UB410B-01-300x300.jpg 300w, https:\/\/www.urbanbiker.com\/wp-content\/uploads\/2026\/01\/UB410B-01-1024x1024.jpg 1024w, https:\/\/www.urbanbiker.com\/wp-content\/uploads\/2026\/01\/UB410B-01-150x150.jpg 150w, https:\/\/www.urbanbiker.com\/wp-content\/uploads\/2026\/01\/UB410B-01-768x768.jpg 768w, https:\/\/www.urbanbiker.com\/wp-content\/uploads\/2026\/01\/UB410B-01-800x800.jpg 800w, https:\/\/www.urbanbiker.com\/wp-content\/uploads\/2026\/01\/UB410B-01-100x100.jpg 100w, https:\/\/www.urbanbiker.com\/wp-content\/uploads\/2026\/01\/UB410B-01-50x50.jpg 50w, https:\/\/www.urbanbiker.com\/wp-content\/uploads\/2026\/01\/UB410B-01-600x600.jpg 600w, https:\/\/www.urbanbiker.com\/wp-content\/uploads\/2026\/01\/UB410B-01-96x96.jpg 96w, https:\/\/www.urbanbiker.com\/wp-content\/uploads\/2026\/01\/UB410B-01-460x460.jpg 460w, https:\/\/www.urbanbiker.com\/wp-content\/uploads\/2026\/01\/UB410B-01.jpg 1080w\" sizes=\"(max-width: 450px) 100vw, 450px\" \/><\/div>\n            <a href=\"https:\/\/www.urbanbiker.com\/fr\/produit\/ub410b-vtt-electrique-tout-suspendu-moteur-central\/\" class=\"woocommerce-LoopProduct-link woocommerce-loop-product__link\">            <\/a>        <\/div>\n        <div class=\"product-caption\">\n                        <div class=\"posted-in\"><a href=\"https:\/\/www.urbanbiker.com\/fr\/categorie-produit\/ebikes\/\" rel=\"tag\">Ebikes UrbanBiker<\/a>, <a href=\"https:\/\/www.urbanbiker.com\/fr\/categorie-produit\/ebikes\/velos-electriques-de-montagne\/\" rel=\"tag\">Montagne<\/a>, <a href=\"https:\/\/www.urbanbiker.com\/fr\/categorie-produit\/ebikes\/velos-electriques-a-moteur-central\/\" rel=\"tag\">Moteur Central<\/a><\/div>            <h3 class=\"woocommerce-loop-product__title\"><a href=\"https:\/\/www.urbanbiker.com\/fr\/produit\/ub410b-vtt-electrique-tout-suspendu-moteur-central\/\">UB410B | VTT \u00c9lectrique Tout Suspendu | Moteur Central<\/a><\/h3>            \n\t<span class=\"price\"><span class=\"woocommerce-Price-amount amount\"><bdi>2.799,00<span class=\"woocommerce-Price-currencySymbol\">&euro;<\/span><\/bdi><\/span><\/span>\n                    <\/div>\n        <div class=\"product-action\">\n            <a href=\"https:\/\/www.urbanbiker.com\/fr\/produit\/ub410b-vtt-electrique-tout-suspendu-moteur-central\/\" aria-describedby=\"woocommerce_loop_add_to_cart_link_describedby_60241\" data-quantity=\"1\" class=\"button product_type_variable add_to_cart_button\" data-product_id=\"60241\" data-product_sku=\"UB410B\" aria-label=\"S\u00e9lectionner les options pour &ldquo;UB410B | VTT \u00c9lectrique Tout Suspendu | Moteur Central&rdquo;\" rel=\"nofollow\">Choix des options<\/a>\t<span id=\"woocommerce_loop_add_to_cart_link_describedby_60241\" class=\"screen-reader-text\">\n\t\tCe produit a plusieurs variations. Les options peuvent \u00eatre choisies sur la page du produit\t<\/span>\n            <div class=\"group-action\">\n                <div class=\"shop-action\">\n                    <button class=\"woosw-btn woosw-btn-60241\" data-id=\"60241\" data-product_name=\"UB410B | VTT \u00c9lectrique Tout Suspendu | Moteur Central\" data-product_image=\"https:\/\/www.urbanbiker.com\/wp-content\/uploads\/2026\/01\/UB410B-01-150x150.jpg\" aria-label=\"Ajouter \u00e0 la liste des souhaits\">Ajouter \u00e0 la liste des souhaits<\/button>                    <button class=\"woosc-btn woosc-btn-60241 \" data-text=\"Comparer\" data-text_added=\"Comparer\" data-id=\"60241\" data-product_id=\"60241\" data-product_name=\"UB410B | VTT \u00c9lectrique Tout Suspendu | Moteur Central\" data-product_image=\"https:\/\/www.urbanbiker.com\/wp-content\/uploads\/2026\/01\/UB410B-01-150x150.jpg\">Comparer<\/button>                    <button class=\"woosq-btn woosq-btn-60241\" data-id=\"60241\" data-effect=\"mfp-3d-unfold\" data-context=\"default\">Vue rapide<\/button>                <\/div>\n            <\/div>\n        <\/div>\n    <\/div>\n<\/li>\n<li class=\"product-style-default product type-product post-60180 status-publish first instock product_cat-ebikes product_cat-velos-electriques-de-montagne product_cat-velos-electriques-a-moteur-central has-post-thumbnail featured taxable shipping-taxable purchasable product-type-variable\">\n    <div class=\"product-block\">\n        <div class=\"product-label\">\n            <span class=\"stock-label\">En stock<\/span><span class=\"stock-label featured\">Moteur Central<\/span>        <\/div>\n        <div class=\"product-transition\">\n            <div class=\"product-image image-main\"><img loading=\"lazy\" decoding=\"async\" width=\"450\" height=\"450\" src=\"https:\/\/www.urbanbiker.com\/wp-content\/uploads\/2026\/01\/UB310B-01-450x450.jpg\" class=\"attachment-woocommerce_thumbnail size-woocommerce_thumbnail\" alt=\"UB310B-01\" srcset=\"https:\/\/www.urbanbiker.com\/wp-content\/uploads\/2026\/01\/UB310B-01-450x450.jpg 450w, https:\/\/www.urbanbiker.com\/wp-content\/uploads\/2026\/01\/UB310B-01-300x300.jpg 300w, https:\/\/www.urbanbiker.com\/wp-content\/uploads\/2026\/01\/UB310B-01-1024x1024.jpg 1024w, https:\/\/www.urbanbiker.com\/wp-content\/uploads\/2026\/01\/UB310B-01-150x150.jpg 150w, https:\/\/www.urbanbiker.com\/wp-content\/uploads\/2026\/01\/UB310B-01-768x768.jpg 768w, https:\/\/www.urbanbiker.com\/wp-content\/uploads\/2026\/01\/UB310B-01-800x800.jpg 800w, https:\/\/www.urbanbiker.com\/wp-content\/uploads\/2026\/01\/UB310B-01-100x100.jpg 100w, https:\/\/www.urbanbiker.com\/wp-content\/uploads\/2026\/01\/UB310B-01-50x50.jpg 50w, https:\/\/www.urbanbiker.com\/wp-content\/uploads\/2026\/01\/UB310B-01-600x600.jpg 600w, https:\/\/www.urbanbiker.com\/wp-content\/uploads\/2026\/01\/UB310B-01-96x96.jpg 96w, https:\/\/www.urbanbiker.com\/wp-content\/uploads\/2026\/01\/UB310B-01-460x460.jpg 460w, https:\/\/www.urbanbiker.com\/wp-content\/uploads\/2026\/01\/UB310B-01.jpg 1080w\" sizes=\"(max-width: 450px) 100vw, 450px\" \/><\/div>\n            <a href=\"https:\/\/www.urbanbiker.com\/fr\/produit\/ub310b-vtt-electrique-moteur-central\/\" class=\"woocommerce-LoopProduct-link woocommerce-loop-product__link\">            <\/a>        <\/div>\n        <div class=\"product-caption\">\n                        <div class=\"posted-in\"><a href=\"https:\/\/www.urbanbiker.com\/fr\/categorie-produit\/ebikes\/\" rel=\"tag\">Ebikes UrbanBiker<\/a>, <a href=\"https:\/\/www.urbanbiker.com\/fr\/categorie-produit\/ebikes\/velos-electriques-de-montagne\/\" rel=\"tag\">Montagne<\/a>, <a href=\"https:\/\/www.urbanbiker.com\/fr\/categorie-produit\/ebikes\/velos-electriques-a-moteur-central\/\" rel=\"tag\">Moteur Central<\/a><\/div>            <h3 class=\"woocommerce-loop-product__title\"><a href=\"https:\/\/www.urbanbiker.com\/fr\/produit\/ub310b-vtt-electrique-moteur-central\/\">UB310B | VTT \u00c9lectrique | Moteur Central<\/a><\/h3>            \n\t<span class=\"price\"><span class=\"woocommerce-Price-amount amount\"><bdi>2.299,00<span class=\"woocommerce-Price-currencySymbol\">&euro;<\/span><\/bdi><\/span><\/span>\n                    <\/div>\n        <div class=\"product-action\">\n            <a href=\"https:\/\/www.urbanbiker.com\/fr\/produit\/ub310b-vtt-electrique-moteur-central\/\" aria-describedby=\"woocommerce_loop_add_to_cart_link_describedby_60180\" data-quantity=\"1\" class=\"button product_type_variable add_to_cart_button\" data-product_id=\"60180\" data-product_sku=\"UB310B\" aria-label=\"S\u00e9lectionner les options pour &ldquo;UB310B | VTT \u00c9lectrique | Moteur Central&rdquo;\" rel=\"nofollow\">Choix des options<\/a>\t<span id=\"woocommerce_loop_add_to_cart_link_describedby_60180\" class=\"screen-reader-text\">\n\t\tCe produit a plusieurs variations. Les options peuvent \u00eatre choisies sur la page du produit\t<\/span>\n            <div class=\"group-action\">\n                <div class=\"shop-action\">\n                    <button class=\"woosw-btn woosw-btn-60180\" data-id=\"60180\" data-product_name=\"UB310B | VTT \u00c9lectrique | Moteur Central\" data-product_image=\"https:\/\/www.urbanbiker.com\/wp-content\/uploads\/2026\/01\/UB310B-01-150x150.jpg\" aria-label=\"Ajouter \u00e0 la liste des souhaits\">Ajouter \u00e0 la liste des souhaits<\/button>                    <button class=\"woosc-btn woosc-btn-60180 \" data-text=\"Comparer\" data-text_added=\"Comparer\" data-id=\"60180\" data-product_id=\"60180\" data-product_name=\"UB310B | VTT \u00c9lectrique | Moteur Central\" data-product_image=\"https:\/\/www.urbanbiker.com\/wp-content\/uploads\/2026\/01\/UB310B-01-150x150.jpg\">Comparer<\/button>                    <button class=\"woosq-btn woosq-btn-60180\" data-id=\"60180\" data-effect=\"mfp-3d-unfold\" data-context=\"default\">Vue rapide<\/button>                <\/div>\n            <\/div>\n        <\/div>\n    <\/div>\n<\/li>\n<li class=\"product-style-default product type-product post-61204 status-publish first instock product_cat-ebikes product_cat-velos-electriques-de-montagne has-post-thumbnail taxable shipping-taxable purchasable product-type-variable\">\n    <div class=\"product-block\">\n        <div class=\"product-label\">\n            <span class=\"stock-label\">En stock<\/span>        <\/div>\n        <div class=\"product-transition\">\n            <div class=\"product-image image-main\"><img loading=\"lazy\" decoding=\"async\" width=\"450\" height=\"450\" src=\"https:\/\/www.urbanbiker.com\/wp-content\/uploads\/2025\/04\/1-UB300-450x450.jpg\" class=\"attachment-woocommerce_thumbnail size-woocommerce_thumbnail\" alt=\"UB300 1\" srcset=\"https:\/\/www.urbanbiker.com\/wp-content\/uploads\/2025\/04\/1-UB300-450x450.jpg 450w, https:\/\/www.urbanbiker.com\/wp-content\/uploads\/2025\/04\/1-UB300-300x300.jpg 300w, https:\/\/www.urbanbiker.com\/wp-content\/uploads\/2025\/04\/1-UB300-1024x1024.jpg 1024w, https:\/\/www.urbanbiker.com\/wp-content\/uploads\/2025\/04\/1-UB300-150x150.jpg 150w, https:\/\/www.urbanbiker.com\/wp-content\/uploads\/2025\/04\/1-UB300-768x768.jpg 768w, https:\/\/www.urbanbiker.com\/wp-content\/uploads\/2025\/04\/1-UB300-800x800.jpg 800w, https:\/\/www.urbanbiker.com\/wp-content\/uploads\/2025\/04\/1-UB300-100x100.jpg 100w, https:\/\/www.urbanbiker.com\/wp-content\/uploads\/2025\/04\/1-UB300-50x50.jpg 50w, https:\/\/www.urbanbiker.com\/wp-content\/uploads\/2025\/04\/1-UB300-600x600.jpg 600w, https:\/\/www.urbanbiker.com\/wp-content\/uploads\/2025\/04\/1-UB300-96x96.jpg 96w, https:\/\/www.urbanbiker.com\/wp-content\/uploads\/2025\/04\/1-UB300-460x460.jpg 460w, https:\/\/www.urbanbiker.com\/wp-content\/uploads\/2025\/04\/1-UB300.jpg 1080w\" sizes=\"(max-width: 450px) 100vw, 450px\" \/><\/div>\n            <a href=\"https:\/\/www.urbanbiker.com\/fr\/produit\/ub300b-vtt-electrique\/\" class=\"woocommerce-LoopProduct-link woocommerce-loop-product__link\">            <\/a>        <\/div>\n        <div class=\"product-caption\">\n                        <div class=\"posted-in\"><a href=\"https:\/\/www.urbanbiker.com\/fr\/categorie-produit\/ebikes\/\" rel=\"tag\">Ebikes UrbanBiker<\/a>, <a href=\"https:\/\/www.urbanbiker.com\/fr\/categorie-produit\/ebikes\/velos-electriques-de-montagne\/\" rel=\"tag\">Montagne<\/a><\/div>            <h3 class=\"woocommerce-loop-product__title\"><a href=\"https:\/\/www.urbanbiker.com\/fr\/produit\/ub300b-vtt-electrique\/\">UB300B | VTT \u00c9lectrique<\/a><\/h3>            \n\t<span class=\"price\"><span class=\"woocommerce-Price-amount amount\"><bdi>1.799,00<span class=\"woocommerce-Price-currencySymbol\">&euro;<\/span><\/bdi><\/span><\/span>\n                    <\/div>\n        <div class=\"product-action\">\n            <a href=\"https:\/\/www.urbanbiker.com\/fr\/produit\/ub300b-vtt-electrique\/\" aria-describedby=\"woocommerce_loop_add_to_cart_link_describedby_61204\" data-quantity=\"1\" class=\"button product_type_variable add_to_cart_button\" data-product_id=\"61204\" data-product_sku=\"UB300G\" aria-label=\"S\u00e9lectionner les options pour &ldquo;UB300B | VTT \u00c9lectrique&rdquo;\" rel=\"nofollow\">Choix des options<\/a>\t<span id=\"woocommerce_loop_add_to_cart_link_describedby_61204\" class=\"screen-reader-text\">\n\t\tCe produit a plusieurs variations. Les options peuvent \u00eatre choisies sur la page du produit\t<\/span>\n            <div class=\"group-action\">\n                <div class=\"shop-action\">\n                    <button class=\"woosw-btn woosw-btn-61204\" data-id=\"61204\" data-product_name=\"UB300B | VTT \u00c9lectrique\" data-product_image=\"https:\/\/www.urbanbiker.com\/wp-content\/uploads\/2025\/04\/1-UB300-150x150.jpg\" aria-label=\"Ajouter \u00e0 la liste des souhaits\">Ajouter \u00e0 la liste des souhaits<\/button>                    <button class=\"woosc-btn woosc-btn-61204 \" data-text=\"Comparer\" data-text_added=\"Comparer\" data-id=\"61204\" data-product_id=\"61204\" data-product_name=\"UB300B | VTT \u00c9lectrique\" data-product_image=\"https:\/\/www.urbanbiker.com\/wp-content\/uploads\/2025\/04\/1-UB300-150x150.jpg\">Comparer<\/button>                    <button class=\"woosq-btn woosq-btn-61204\" data-id=\"61204\" data-effect=\"mfp-3d-unfold\" data-context=\"default\">Vue rapide<\/button>                <\/div>\n            <\/div>\n        <\/div>\n    <\/div>\n<\/li>\n<li class=\"product-style-default product type-product post-53779 status-publish first instock product_cat-ebikes product_cat-velos-electriques-de-montagne has-post-thumbnail taxable shipping-taxable purchasable product-type-variable\">\n    <div class=\"product-block\">\n        <div class=\"product-label\">\n            <span class=\"stock-label\">En stock<\/span>        <\/div>\n        <div class=\"product-transition\">\n            <div class=\"product-image image-main\"><img loading=\"lazy\" decoding=\"async\" width=\"450\" height=\"450\" src=\"https:\/\/www.urbanbiker.com\/wp-content\/uploads\/2025\/04\/1-UB400-vista-lateral-450x450.jpg\" class=\"attachment-woocommerce_thumbnail size-woocommerce_thumbnail\" alt=\"UB400 vista lateral\" srcset=\"https:\/\/www.urbanbiker.com\/wp-content\/uploads\/2025\/04\/1-UB400-vista-lateral-450x450.jpg 450w, https:\/\/www.urbanbiker.com\/wp-content\/uploads\/2025\/04\/1-UB400-vista-lateral-300x300.jpg 300w, https:\/\/www.urbanbiker.com\/wp-content\/uploads\/2025\/04\/1-UB400-vista-lateral-1024x1024.jpg 1024w, https:\/\/www.urbanbiker.com\/wp-content\/uploads\/2025\/04\/1-UB400-vista-lateral-150x150.jpg 150w, https:\/\/www.urbanbiker.com\/wp-content\/uploads\/2025\/04\/1-UB400-vista-lateral-768x768.jpg 768w, https:\/\/www.urbanbiker.com\/wp-content\/uploads\/2025\/04\/1-UB400-vista-lateral-800x800.jpg 800w, https:\/\/www.urbanbiker.com\/wp-content\/uploads\/2025\/04\/1-UB400-vista-lateral-100x100.jpg 100w, https:\/\/www.urbanbiker.com\/wp-content\/uploads\/2025\/04\/1-UB400-vista-lateral-50x50.jpg 50w, https:\/\/www.urbanbiker.com\/wp-content\/uploads\/2025\/04\/1-UB400-vista-lateral-600x600.jpg 600w, https:\/\/www.urbanbiker.com\/wp-content\/uploads\/2025\/04\/1-UB400-vista-lateral-96x96.jpg 96w, https:\/\/www.urbanbiker.com\/wp-content\/uploads\/2025\/04\/1-UB400-vista-lateral-460x460.jpg 460w, https:\/\/www.urbanbiker.com\/wp-content\/uploads\/2025\/04\/1-UB400-vista-lateral.jpg 1080w\" sizes=\"(max-width: 450px) 100vw, 450px\" \/><\/div>\n            <a href=\"https:\/\/www.urbanbiker.com\/fr\/produit\/ub400b-vtt-electrique-tout-suspendu\/\" class=\"woocommerce-LoopProduct-link woocommerce-loop-product__link\">            <\/a>        <\/div>\n        <div class=\"product-caption\">\n                        <div class=\"posted-in\"><a href=\"https:\/\/www.urbanbiker.com\/fr\/categorie-produit\/ebikes\/\" rel=\"tag\">Ebikes UrbanBiker<\/a>, <a href=\"https:\/\/www.urbanbiker.com\/fr\/categorie-produit\/ebikes\/velos-electriques-de-montagne\/\" rel=\"tag\">Montagne<\/a><\/div>            <h3 class=\"woocommerce-loop-product__title\"><a href=\"https:\/\/www.urbanbiker.com\/fr\/produit\/ub400b-vtt-electrique-tout-suspendu\/\">UB400B | VTT \u00c9lectrique Tout Suspendu<\/a><\/h3>            \n\t<span class=\"price\"><span class=\"woocommerce-Price-amount amount\"><bdi>1.999,00<span class=\"woocommerce-Price-currencySymbol\">&euro;<\/span><\/bdi><\/span><\/span>\n                    <\/div>\n        <div class=\"product-action\">\n            <a href=\"https:\/\/www.urbanbiker.com\/fr\/produit\/ub400b-vtt-electrique-tout-suspendu\/\" aria-describedby=\"woocommerce_loop_add_to_cart_link_describedby_53779\" data-quantity=\"1\" class=\"button product_type_variable add_to_cart_button\" data-product_id=\"53779\" data-product_sku=\"UB400G\" aria-label=\"S\u00e9lectionner les options pour &ldquo;UB400B | VTT \u00c9lectrique Tout Suspendu&rdquo;\" rel=\"nofollow\">Choix des options<\/a>\t<span id=\"woocommerce_loop_add_to_cart_link_describedby_53779\" class=\"screen-reader-text\">\n\t\tCe produit a plusieurs variations. Les options peuvent \u00eatre choisies sur la page du produit\t<\/span>\n            <div class=\"group-action\">\n                <div class=\"shop-action\">\n                    <button class=\"woosw-btn woosw-btn-53779\" data-id=\"53779\" data-product_name=\"UB400B | VTT \u00c9lectrique Tout Suspendu\" data-product_image=\"https:\/\/www.urbanbiker.com\/wp-content\/uploads\/2025\/04\/1-UB400-vista-lateral-150x150.jpg\" aria-label=\"Ajouter \u00e0 la liste des souhaits\">Ajouter \u00e0 la liste des souhaits<\/button>                    <button class=\"woosc-btn woosc-btn-53779 \" data-text=\"Comparer\" data-text_added=\"Comparer\" data-id=\"53779\" data-product_id=\"53779\" data-product_name=\"UB400B | VTT \u00c9lectrique Tout Suspendu\" data-product_image=\"https:\/\/www.urbanbiker.com\/wp-content\/uploads\/2025\/04\/1-UB400-vista-lateral-150x150.jpg\">Comparer<\/button>                    <button class=\"woosq-btn woosq-btn-53779\" data-id=\"53779\" data-effect=\"mfp-3d-unfold\" data-context=\"default\">Vue rapide<\/button>                <\/div>\n            <\/div>\n        <\/div>\n    <\/div>\n<\/li>\n<\/ul><\/div><\/div>\t\t\t\t<\/div>\n\t\t\t\t<\/div>\n\t\t\t\t\t<\/div>\n\t\t<\/div>\n\t\t\t\t\t<\/div>\n\t\t<\/div>\n\t\t\t\t<div class=\"elementor-section elementor-top-section elementor-element elementor-element-681de04 elementor-section-stretched elementor-section-boxed elementor-section-height-default elementor-section-height-default\" data-id=\"681de04\" data-element_type=\"section\" data-e-type=\"section\" data-settings=\"{&quot;stretch_section&quot;:&quot;section-stretched&quot;}\">\n\t\t\t\t\t\t<div class=\"elementor-container elementor-column-gap-no\">\n\t\t\t\t\t<div class=\"elementor-column elementor-col-100 elementor-top-column elementor-element elementor-element-d1804a6\" data-id=\"d1804a6\" data-element_type=\"column\" data-e-type=\"column\">\n\t\t\t<div class=\"elementor-widget-wrap elementor-element-populated\">\n\t\t\t\t\t\t<div class=\"elementor-element elementor-element-1cc4754 elementor-widget__width-auto elementor-view-default elementor-widget elementor-widget-icon\" data-id=\"1cc4754\" data-element_type=\"widget\" data-e-type=\"widget\" data-widget_type=\"icon.default\">\n\t\t\t\t<div class=\"elementor-widget-container\">\n\t\t\t\t\t\t\t<div class=\"elementor-icon-wrapper\">\n\t\t\t<div class=\"elementor-icon\">\n\t\t\t<i aria-hidden=\"true\" class=\"fas fa-square-full\"><\/i>\t\t\t<\/div>\n\t\t<\/div>\n\t\t\t\t\t\t<\/div>\n\t\t\t\t<\/div>\n\t\t\t\t<div class=\"elementor-element elementor-element-ca71620 elementor-widget__width-auto elementor-widget elementor-widget-heading\" data-id=\"ca71620\" data-element_type=\"widget\" data-e-type=\"widget\" data-widget_type=\"heading.default\">\n\t\t\t\t<div class=\"elementor-widget-container\">\n\t\t\t\t\t<h2 class=\"elementor-heading-title elementor-size-default\">v\u00e9los \u00e9lectriques pliables<\/h2>\t\t\t\t<\/div>\n\t\t\t\t<\/div>\n\t\t\t\t<div class=\"elementor-element elementor-element-76c2a34 elementor-widget__width-auto elementor-absolute elementor-button-outline elementor-widget elementor-widget-button\" data-id=\"76c2a34\" data-element_type=\"widget\" data-e-type=\"widget\" data-settings=\"{&quot;_position&quot;:&quot;absolute&quot;}\" data-widget_type=\"button.default\">\n\t\t\t\t<div class=\"elementor-widget-container\">\n\t\t\t\t\t\t\t\t\t<div class=\"elementor-button-wrapper\">\n\t\t\t\t\t<a class=\"elementor-button elementor-button-link elementor-size-sm\" href=\"https:\/\/www.urbanbiker.com\/fr\/categorie-produit\/ebikes\/velos-electriques-pliants-urbains\/\">\n\t\t\t\t\t\t<span class=\"elementor-button-content-wrapper\">\n\t\t\t\t\t\t\t\t\t<span class=\"elementor-button-text\">voir tout<\/span>\n\t\t\t\t\t<\/span>\n\t\t\t\t\t<\/a>\n\t\t\t\t<\/div>\n\t\t\t\t\t\t\t\t<\/div>\n\t\t\t\t<\/div>\n\t\t\t\t<div class=\"elementor-section elementor-inner-section elementor-element elementor-element-2732ed3 elementor-section-full_width elementor-section-height-default elementor-section-height-default\" data-id=\"2732ed3\" data-element_type=\"section\" data-e-type=\"section\">\n\t\t\t\t\t\t<div class=\"elementor-container elementor-column-gap-no\">\n\t\t\t\t\t<div class=\"elementor-column elementor-col-50 elementor-inner-column elementor-element elementor-element-ab2b37f\" data-id=\"ab2b37f\" data-element_type=\"column\" data-e-type=\"column\" data-settings=\"{&quot;background_background&quot;:&quot;classic&quot;}\">\n\t\t\t<div class=\"elementor-widget-wrap elementor-element-populated\">\n\t\t\t\t\t\t<div class=\"elementor-element elementor-element-cff9b56 elementor-widget elementor-widget-spacer\" data-id=\"cff9b56\" data-element_type=\"widget\" data-e-type=\"widget\" data-widget_type=\"spacer.default\">\n\t\t\t\t<div class=\"elementor-widget-container\">\n\t\t\t\t\t\t\t<div class=\"elementor-spacer\">\n\t\t\t<div class=\"elementor-spacer-inner\"><\/div>\n\t\t<\/div>\n\t\t\t\t\t\t<\/div>\n\t\t\t\t<\/div>\n\t\t\t\t\t<\/div>\n\t\t<\/div>\n\t\t\t\t<div class=\"elementor-column elementor-col-50 elementor-inner-column elementor-element elementor-element-9309082\" data-id=\"9309082\" data-element_type=\"column\" data-e-type=\"column\">\n\t\t\t<div class=\"elementor-widget-wrap elementor-element-populated\">\n\t\t\t\t\t\t<div class=\"elementor-element elementor-element-6e6f786 mobile-switcher-style-product-yes product-alignment-flex-start arrow-style-1 dot-style-1 elementor-widget elementor-widget-bikys-products\" data-id=\"6e6f786\" data-element_type=\"widget\" data-e-type=\"widget\" data-settings=\"{&quot;autoplay_speed&quot;:5000}\" data-widget_type=\"bikys-products.default\">\n\t\t\t\t<div class=\"elementor-widget-container\">\n\t\t\t\t\t<div class=\"woocommerce columns-1 \"><div class=\"woocommerce-carousel\" data-settings='{\"centerMode\":false,\"variableWidth\":false,\"speed\":300,\"centerPadding\":\"50px\",\"navigation\":\"none\",\"pauseOnHover\":true,\"autoplay\":true,\"autoplaySpeed\":5000,\"items\":\"2\",\"items_laptop\":\"3\",\"items_tablet_extra\":\"3\",\"items_tablet\":2,\"items_mobile_extra\":\"2\",\"items_mobile\":1,\"loop\":true,\"breakpoint_laptop\":1366,\"breakpoint_tablet_extra\":1200,\"breakpoint_tablet\":1024,\"breakpoint_mobile_extra\":880,\"breakpoint_mobile\":767,\"centerPadding_laptop\":\"50px\",\"centerPadding_tablet_extra\":\"50px\",\"centerPadding_tablet\":\"50px\",\"centerPadding_mobile_extra\":\"50px\",\"centerPadding_mobile\":\"50px\"}'><ul class=\"products columns-1\"><li class=\"product-style-default product type-product post-35282 status-publish first instock product_cat-ebikes product_cat-velos-electriques-pliants-urbains product_cat-velos-electriques-urbains has-post-thumbnail taxable shipping-taxable purchasable product-type-variable\">\n    <div class=\"product-block\">\n        <div class=\"product-label\">\n            <span class=\"stock-label\">En stock<\/span>        <\/div>\n        <div class=\"product-transition\">\n            <div class=\"product-image image-main\"><img loading=\"lazy\" decoding=\"async\" width=\"450\" height=\"450\" src=\"https:\/\/www.urbanbiker.com\/wp-content\/uploads\/2025\/04\/UrbanBiker-Mini-Blanca-25-450x450.jpg\" class=\"attachment-woocommerce_thumbnail size-woocommerce_thumbnail\" alt=\"UrbanBiker Mini Blanca 25\" srcset=\"https:\/\/www.urbanbiker.com\/wp-content\/uploads\/2025\/04\/UrbanBiker-Mini-Blanca-25-450x450.jpg 450w, https:\/\/www.urbanbiker.com\/wp-content\/uploads\/2025\/04\/UrbanBiker-Mini-Blanca-25-300x300.jpg 300w, https:\/\/www.urbanbiker.com\/wp-content\/uploads\/2025\/04\/UrbanBiker-Mini-Blanca-25-1024x1024.jpg 1024w, https:\/\/www.urbanbiker.com\/wp-content\/uploads\/2025\/04\/UrbanBiker-Mini-Blanca-25-150x150.jpg 150w, https:\/\/www.urbanbiker.com\/wp-content\/uploads\/2025\/04\/UrbanBiker-Mini-Blanca-25-768x768.jpg 768w, https:\/\/www.urbanbiker.com\/wp-content\/uploads\/2025\/04\/UrbanBiker-Mini-Blanca-25-800x800.jpg 800w, https:\/\/www.urbanbiker.com\/wp-content\/uploads\/2025\/04\/UrbanBiker-Mini-Blanca-25-100x100.jpg 100w, https:\/\/www.urbanbiker.com\/wp-content\/uploads\/2025\/04\/UrbanBiker-Mini-Blanca-25-50x50.jpg 50w, https:\/\/www.urbanbiker.com\/wp-content\/uploads\/2025\/04\/UrbanBiker-Mini-Blanca-25-600x600.jpg 600w, https:\/\/www.urbanbiker.com\/wp-content\/uploads\/2025\/04\/UrbanBiker-Mini-Blanca-25-96x96.jpg 96w, https:\/\/www.urbanbiker.com\/wp-content\/uploads\/2025\/04\/UrbanBiker-Mini-Blanca-25-460x460.jpg 460w, https:\/\/www.urbanbiker.com\/wp-content\/uploads\/2025\/04\/UrbanBiker-Mini-Blanca-25.jpg 1080w\" sizes=\"(max-width: 450px) 100vw, 450px\" \/><\/div>\n            <a href=\"https:\/\/www.urbanbiker.com\/fr\/produit\/mini-velo-electrique-urbain-pliable\/\" class=\"woocommerce-LoopProduct-link woocommerce-loop-product__link\">            <\/a>        <\/div>\n        <div class=\"product-caption\">\n            <div class=\"bikys-wrap-swatches\"><div class=\"inner\"><span class=\"bikys-tooltip bikys-product-swatches swatches-color\" data-image=\"{&quot;title&quot;:&quot;V\\u00e9lo \\u00e9lectrique urbain pliable&quot;,&quot;caption&quot;:&quot;&quot;,&quot;url&quot;:&quot;https:\\\/\\\/www.urbanbiker.com\\\/wp-content\\\/uploads\\\/2024\\\/11\\\/1-Urbanbiker-Mini-Blanca.jpg&quot;,&quot;alt&quot;:&quot;V\\u00e9lo \\u00e9lectrique urbain pliable&quot;,&quot;src&quot;:&quot;https:\\\/\\\/www.urbanbiker.com\\\/wp-content\\\/uploads\\\/2024\\\/11\\\/1-Urbanbiker-Mini-Blanca-800x800.jpg&quot;,&quot;srcset&quot;:&quot;https:\\\/\\\/www.urbanbiker.com\\\/wp-content\\\/uploads\\\/2024\\\/11\\\/1-Urbanbiker-Mini-Blanca-800x800.jpg 800w, https:\\\/\\\/www.urbanbiker.com\\\/wp-content\\\/uploads\\\/2024\\\/11\\\/1-Urbanbiker-Mini-Blanca-300x300.jpg 300w, https:\\\/\\\/www.urbanbiker.com\\\/wp-content\\\/uploads\\\/2024\\\/11\\\/1-Urbanbiker-Mini-Blanca-1024x1024.jpg 1024w, https:\\\/\\\/www.urbanbiker.com\\\/wp-content\\\/uploads\\\/2024\\\/11\\\/1-Urbanbiker-Mini-Blanca-150x150.jpg 150w, https:\\\/\\\/www.urbanbiker.com\\\/wp-content\\\/uploads\\\/2024\\\/11\\\/1-Urbanbiker-Mini-Blanca-768x768.jpg 768w, https:\\\/\\\/www.urbanbiker.com\\\/wp-content\\\/uploads\\\/2024\\\/11\\\/1-Urbanbiker-Mini-Blanca-450x450.jpg 450w, https:\\\/\\\/www.urbanbiker.com\\\/wp-content\\\/uploads\\\/2024\\\/11\\\/1-Urbanbiker-Mini-Blanca-100x100.jpg 100w, https:\\\/\\\/www.urbanbiker.com\\\/wp-content\\\/uploads\\\/2024\\\/11\\\/1-Urbanbiker-Mini-Blanca-50x50.jpg 50w, https:\\\/\\\/www.urbanbiker.com\\\/wp-content\\\/uploads\\\/2024\\\/11\\\/1-Urbanbiker-Mini-Blanca-600x600.jpg 600w, https:\\\/\\\/www.urbanbiker.com\\\/wp-content\\\/uploads\\\/2024\\\/11\\\/1-Urbanbiker-Mini-Blanca-96x96.jpg 96w, https:\\\/\\\/www.urbanbiker.com\\\/wp-content\\\/uploads\\\/2024\\\/11\\\/1-Urbanbiker-Mini-Blanca-460x460.jpg 460w, https:\\\/\\\/www.urbanbiker.com\\\/wp-content\\\/uploads\\\/2024\\\/11\\\/1-Urbanbiker-Mini-Blanca.jpg 1080w&quot;,&quot;sizes&quot;:&quot;(max-width: 800px) 100vw, 800px&quot;,&quot;full_src&quot;:&quot;https:\\\/\\\/www.urbanbiker.com\\\/wp-content\\\/uploads\\\/2024\\\/11\\\/1-Urbanbiker-Mini-Blanca.jpg&quot;,&quot;full_src_w&quot;:1080,&quot;full_src_h&quot;:1080,&quot;gallery_thumbnail_src&quot;:&quot;https:\\\/\\\/www.urbanbiker.com\\\/wp-content\\\/uploads\\\/2024\\\/11\\\/1-Urbanbiker-Mini-Blanca-300x300.jpg&quot;,&quot;gallery_thumbnail_src_w&quot;:300,&quot;gallery_thumbnail_src_h&quot;:300,&quot;thumb_src&quot;:&quot;https:\\\/\\\/www.urbanbiker.com\\\/wp-content\\\/uploads\\\/2024\\\/11\\\/1-Urbanbiker-Mini-Blanca-450x450.jpg&quot;,&quot;thumb_src_w&quot;:450,&quot;thumb_src_h&quot;:450,&quot;src_w&quot;:800,&quot;src_h&quot;:800}\" title=\"Blanc\" data-value=\"blanc\"><span class=\"color\" style=\"background-color:#f2f2f2;\"><\/span><span class=\"screen-reader-text\">Blanc<\/span><\/span><span class=\"bikys-tooltip bikys-product-swatches swatches-color\" data-image=\"{&quot;title&quot;:&quot;V\\u00e9lo \\u00e9lectrique urbain pliable&quot;,&quot;caption&quot;:&quot;&quot;,&quot;url&quot;:&quot;https:\\\/\\\/www.urbanbiker.com\\\/wp-content\\\/uploads\\\/2024\\\/11\\\/1-Urbanbiker-Mini-Negra.jpg&quot;,&quot;alt&quot;:&quot;V\\u00e9lo \\u00e9lectrique urbain pliable&quot;,&quot;src&quot;:&quot;https:\\\/\\\/www.urbanbiker.com\\\/wp-content\\\/uploads\\\/2024\\\/11\\\/1-Urbanbiker-Mini-Negra-800x800.jpg&quot;,&quot;srcset&quot;:&quot;https:\\\/\\\/www.urbanbiker.com\\\/wp-content\\\/uploads\\\/2024\\\/11\\\/1-Urbanbiker-Mini-Negra-800x800.jpg 800w, https:\\\/\\\/www.urbanbiker.com\\\/wp-content\\\/uploads\\\/2024\\\/11\\\/1-Urbanbiker-Mini-Negra-300x300.jpg 300w, https:\\\/\\\/www.urbanbiker.com\\\/wp-content\\\/uploads\\\/2024\\\/11\\\/1-Urbanbiker-Mini-Negra-1024x1024.jpg 1024w, https:\\\/\\\/www.urbanbiker.com\\\/wp-content\\\/uploads\\\/2024\\\/11\\\/1-Urbanbiker-Mini-Negra-150x150.jpg 150w, https:\\\/\\\/www.urbanbiker.com\\\/wp-content\\\/uploads\\\/2024\\\/11\\\/1-Urbanbiker-Mini-Negra-768x768.jpg 768w, https:\\\/\\\/www.urbanbiker.com\\\/wp-content\\\/uploads\\\/2024\\\/11\\\/1-Urbanbiker-Mini-Negra-450x450.jpg 450w, https:\\\/\\\/www.urbanbiker.com\\\/wp-content\\\/uploads\\\/2024\\\/11\\\/1-Urbanbiker-Mini-Negra-100x100.jpg 100w, https:\\\/\\\/www.urbanbiker.com\\\/wp-content\\\/uploads\\\/2024\\\/11\\\/1-Urbanbiker-Mini-Negra-50x50.jpg 50w, https:\\\/\\\/www.urbanbiker.com\\\/wp-content\\\/uploads\\\/2024\\\/11\\\/1-Urbanbiker-Mini-Negra-600x600.jpg 600w, https:\\\/\\\/www.urbanbiker.com\\\/wp-content\\\/uploads\\\/2024\\\/11\\\/1-Urbanbiker-Mini-Negra-96x96.jpg 96w, https:\\\/\\\/www.urbanbiker.com\\\/wp-content\\\/uploads\\\/2024\\\/11\\\/1-Urbanbiker-Mini-Negra-460x460.jpg 460w, https:\\\/\\\/www.urbanbiker.com\\\/wp-content\\\/uploads\\\/2024\\\/11\\\/1-Urbanbiker-Mini-Negra.jpg 1080w&quot;,&quot;sizes&quot;:&quot;(max-width: 800px) 100vw, 800px&quot;,&quot;full_src&quot;:&quot;https:\\\/\\\/www.urbanbiker.com\\\/wp-content\\\/uploads\\\/2024\\\/11\\\/1-Urbanbiker-Mini-Negra.jpg&quot;,&quot;full_src_w&quot;:1080,&quot;full_src_h&quot;:1080,&quot;gallery_thumbnail_src&quot;:&quot;https:\\\/\\\/www.urbanbiker.com\\\/wp-content\\\/uploads\\\/2024\\\/11\\\/1-Urbanbiker-Mini-Negra-300x300.jpg&quot;,&quot;gallery_thumbnail_src_w&quot;:300,&quot;gallery_thumbnail_src_h&quot;:300,&quot;thumb_src&quot;:&quot;https:\\\/\\\/www.urbanbiker.com\\\/wp-content\\\/uploads\\\/2024\\\/11\\\/1-Urbanbiker-Mini-Negra-450x450.jpg&quot;,&quot;thumb_src_w&quot;:450,&quot;thumb_src_h&quot;:450,&quot;src_w&quot;:800,&quot;src_h&quot;:800}\" title=\"Noir\" data-value=\"noir\"><span class=\"color\" style=\"background-color:#000000;\"><\/span><span class=\"screen-reader-text\">Noir<\/span><\/span><\/div><\/div>            <div class=\"posted-in\"><a href=\"https:\/\/www.urbanbiker.com\/fr\/categorie-produit\/ebikes\/\" rel=\"tag\">Ebikes UrbanBiker<\/a>, <a href=\"https:\/\/www.urbanbiker.com\/fr\/categorie-produit\/ebikes\/velos-electriques-pliants-urbains\/\" rel=\"tag\">Pliants<\/a>, <a href=\"https:\/\/www.urbanbiker.com\/fr\/categorie-produit\/ebikes\/velos-electriques-urbains\/\" rel=\"tag\">Urbains<\/a><\/div>            <h3 class=\"woocommerce-loop-product__title\"><a href=\"https:\/\/www.urbanbiker.com\/fr\/produit\/mini-velo-electrique-urbain-pliable\/\">Mini | VAE pliable<\/a><\/h3>            \n\t<span class=\"price\"><span class=\"woocommerce-Price-amount amount\"><bdi>1.599,00<span class=\"woocommerce-Price-currencySymbol\">&euro;<\/span><\/bdi><\/span><\/span>\n                    <\/div>\n        <div class=\"product-action\">\n            <a href=\"https:\/\/www.urbanbiker.com\/fr\/produit\/mini-velo-electrique-urbain-pliable\/\" aria-describedby=\"woocommerce_loop_add_to_cart_link_describedby_35282\" data-quantity=\"1\" class=\"button product_type_variable add_to_cart_button\" data-product_id=\"35282\" data-product_sku=\"UBKEBSMINI\" aria-label=\"S\u00e9lectionner les options pour &ldquo;Mini | VAE pliable&rdquo;\" rel=\"nofollow\">Choix des options<\/a>\t<span id=\"woocommerce_loop_add_to_cart_link_describedby_35282\" class=\"screen-reader-text\">\n\t\tCe produit a plusieurs variations. Les options peuvent \u00eatre choisies sur la page du produit\t<\/span>\n            <div class=\"group-action\">\n                <div class=\"shop-action\">\n                    <button class=\"woosw-btn woosw-btn-35282\" data-id=\"35282\" data-product_name=\"Mini | VAE pliable\" data-product_image=\"https:\/\/www.urbanbiker.com\/wp-content\/uploads\/2025\/04\/UrbanBiker-Mini-Blanca-25-150x150.jpg\" aria-label=\"Ajouter \u00e0 la liste des souhaits\">Ajouter \u00e0 la liste des souhaits<\/button>                    <button class=\"woosc-btn woosc-btn-35282 \" data-text=\"Comparer\" data-text_added=\"Comparer\" data-id=\"35282\" data-product_id=\"35282\" data-product_name=\"Mini | VAE pliable\" data-product_image=\"https:\/\/www.urbanbiker.com\/wp-content\/uploads\/2025\/04\/UrbanBiker-Mini-Blanca-25-150x150.jpg\">Comparer<\/button>                    <button class=\"woosq-btn woosq-btn-35282\" data-id=\"35282\" data-effect=\"mfp-3d-unfold\" data-context=\"default\">Vue rapide<\/button>                <\/div>\n            <\/div>\n        <\/div>\n    <\/div>\n<\/li>\n<li class=\"product-style-default product type-product post-35287 status-publish first outofstock product_cat-ebikes product_cat-velos-electriques-a-moteur-central product_cat-velos-electriques-pliants-urbains product_cat-velos-electriques-urbains has-post-thumbnail featured taxable shipping-taxable purchasable product-type-simple\">\n    <div class=\"product-block\">\n        <div class=\"product-label\">\n            <span class=\"stock-label out-of-stock\">En rupture de stock<\/span><span class=\"stock-label featured\">Moteur Central<\/span>        <\/div>\n        <div class=\"product-transition\">\n            <div class=\"product-image image-main\"><img loading=\"lazy\" decoding=\"async\" width=\"450\" height=\"450\" src=\"https:\/\/www.urbanbiker.com\/wp-content\/uploads\/2024\/11\/1-Urbanbiker-Mini-Plus-450x450.jpg\" class=\"attachment-woocommerce_thumbnail size-woocommerce_thumbnail\" alt=\"V\u00e9lo \u00e9lectrique urbain pliable avec moteur central\" srcset=\"https:\/\/www.urbanbiker.com\/wp-content\/uploads\/2024\/11\/1-Urbanbiker-Mini-Plus-450x450.jpg 450w, https:\/\/www.urbanbiker.com\/wp-content\/uploads\/2024\/11\/1-Urbanbiker-Mini-Plus-300x300.jpg 300w, https:\/\/www.urbanbiker.com\/wp-content\/uploads\/2024\/11\/1-Urbanbiker-Mini-Plus-1024x1024.jpg 1024w, https:\/\/www.urbanbiker.com\/wp-content\/uploads\/2024\/11\/1-Urbanbiker-Mini-Plus-150x150.jpg 150w, https:\/\/www.urbanbiker.com\/wp-content\/uploads\/2024\/11\/1-Urbanbiker-Mini-Plus-768x768.jpg 768w, https:\/\/www.urbanbiker.com\/wp-content\/uploads\/2024\/11\/1-Urbanbiker-Mini-Plus-800x800.jpg 800w, https:\/\/www.urbanbiker.com\/wp-content\/uploads\/2024\/11\/1-Urbanbiker-Mini-Plus-100x100.jpg 100w, https:\/\/www.urbanbiker.com\/wp-content\/uploads\/2024\/11\/1-Urbanbiker-Mini-Plus-50x50.jpg 50w, https:\/\/www.urbanbiker.com\/wp-content\/uploads\/2024\/11\/1-Urbanbiker-Mini-Plus-600x600.jpg 600w, https:\/\/www.urbanbiker.com\/wp-content\/uploads\/2024\/11\/1-Urbanbiker-Mini-Plus-96x96.jpg 96w, https:\/\/www.urbanbiker.com\/wp-content\/uploads\/2024\/11\/1-Urbanbiker-Mini-Plus-460x460.jpg 460w, https:\/\/www.urbanbiker.com\/wp-content\/uploads\/2024\/11\/1-Urbanbiker-Mini-Plus.jpg 1080w\" sizes=\"(max-width: 450px) 100vw, 450px\" \/><\/div>\n            <a href=\"https:\/\/www.urbanbiker.com\/fr\/produit\/mini-plus-avec-moteur-central\/\" class=\"woocommerce-LoopProduct-link woocommerce-loop-product__link\">            <\/a>        <\/div>\n        <div class=\"product-caption\">\n                        <div class=\"posted-in\"><a href=\"https:\/\/www.urbanbiker.com\/fr\/categorie-produit\/ebikes\/\" rel=\"tag\">Ebikes UrbanBiker<\/a>, <a href=\"https:\/\/www.urbanbiker.com\/fr\/categorie-produit\/ebikes\/velos-electriques-a-moteur-central\/\" rel=\"tag\">Moteur Central<\/a>, <a href=\"https:\/\/www.urbanbiker.com\/fr\/categorie-produit\/ebikes\/velos-electriques-pliants-urbains\/\" rel=\"tag\">Pliants<\/a>, <a href=\"https:\/\/www.urbanbiker.com\/fr\/categorie-produit\/ebikes\/velos-electriques-urbains\/\" rel=\"tag\">Urbains<\/a><\/div>            <h3 class=\"woocommerce-loop-product__title\"><a href=\"https:\/\/www.urbanbiker.com\/fr\/produit\/mini-plus-avec-moteur-central\/\">Mini PLUS | VAE pliable | Moteur Central<\/a><\/h3>            \n\t<span class=\"price\"><span class=\"woocommerce-Price-amount amount\"><bdi>2.099,00<span class=\"woocommerce-Price-currencySymbol\">&euro;<\/span><\/bdi><\/span><\/span>\n                    <\/div>\n        <div class=\"product-action\">\n            <a href=\"https:\/\/www.urbanbiker.com\/fr\/produit\/mini-plus-avec-moteur-central\/\" aria-describedby=\"woocommerce_loop_add_to_cart_link_describedby_35287\" data-quantity=\"1\" class=\"button product_type_simple\" data-product_id=\"35287\" data-product_sku=\"UBKMINIPLUS\" aria-label=\"En savoir plus sur &ldquo;Mini PLUS | VAE pliable | Moteur Central&rdquo;\" rel=\"nofollow\" data-success_message=\"\">Lire la suite<\/a>\t<span id=\"woocommerce_loop_add_to_cart_link_describedby_35287\" class=\"screen-reader-text\">\n\t\t\t<\/span>\n            <div class=\"group-action\">\n                <div class=\"shop-action\">\n                    <button class=\"woosw-btn woosw-btn-35287\" data-id=\"35287\" data-product_name=\"Mini PLUS | VAE pliable | Moteur Central\" data-product_image=\"https:\/\/www.urbanbiker.com\/wp-content\/uploads\/2024\/11\/1-Urbanbiker-Mini-Plus-150x150.jpg\" aria-label=\"Ajouter \u00e0 la liste des souhaits\">Ajouter \u00e0 la liste des souhaits<\/button>                    <button class=\"woosc-btn woosc-btn-35287 \" data-text=\"Comparer\" data-text_added=\"Comparer\" data-id=\"35287\" data-product_id=\"35287\" data-product_name=\"Mini PLUS | VAE pliable | Moteur Central\" data-product_image=\"https:\/\/www.urbanbiker.com\/wp-content\/uploads\/2024\/11\/1-Urbanbiker-Mini-Plus-150x150.jpg\">Comparer<\/button>                    <button class=\"woosq-btn woosq-btn-35287\" data-id=\"35287\" data-effect=\"mfp-3d-unfold\" data-context=\"default\">Vue rapide<\/button>                <\/div>\n            <\/div>\n        <\/div>\n    <\/div>\n<\/li>\n<\/ul><\/div><\/div>\t\t\t\t<\/div>\n\t\t\t\t<\/div>\n\t\t\t\t\t<\/div>\n\t\t<\/div>\n\t\t\t\t\t<\/div>\n\t\t<\/div>\n\t\t\t\t\t<\/div>\n\t\t<\/div>\n\t\t\t\t\t<\/div>\n\t\t<\/div>\n\t\t\t\t<div class=\"elementor-section elementor-top-section elementor-element elementor-element-26091e6 elementor-section-stretched elementor-section-boxed elementor-section-height-default elementor-section-height-default\" data-id=\"26091e6\" data-element_type=\"section\" data-e-type=\"section\" data-settings=\"{&quot;stretch_section&quot;:&quot;section-stretched&quot;}\">\n\t\t\t\t\t\t<div class=\"elementor-container elementor-column-gap-no\">\n\t\t\t\t\t<div class=\"elementor-column elementor-col-100 elementor-top-column elementor-element elementor-element-3c4c858\" data-id=\"3c4c858\" data-element_type=\"column\" data-e-type=\"column\">\n\t\t\t<div class=\"elementor-widget-wrap elementor-element-populated\">\n\t\t\t\t\t\t<div class=\"elementor-element elementor-element-0d5cc5f elementor-widget__width-auto elementor-view-default elementor-widget elementor-widget-icon\" data-id=\"0d5cc5f\" data-element_type=\"widget\" data-e-type=\"widget\" data-widget_type=\"icon.default\">\n\t\t\t\t<div class=\"elementor-widget-container\">\n\t\t\t\t\t\t\t<div class=\"elementor-icon-wrapper\">\n\t\t\t<div class=\"elementor-icon\">\n\t\t\t<i aria-hidden=\"true\" class=\"fas fa-square-full\"><\/i>\t\t\t<\/div>\n\t\t<\/div>\n\t\t\t\t\t\t<\/div>\n\t\t\t\t<\/div>\n\t\t\t\t<div class=\"elementor-element elementor-element-2ee42f4 elementor-widget__width-auto elementor-widget elementor-widget-heading\" data-id=\"2ee42f4\" data-element_type=\"widget\" data-e-type=\"widget\" data-widget_type=\"heading.default\">\n\t\t\t\t<div class=\"elementor-widget-container\">\n\t\t\t\t\t<h2 class=\"elementor-heading-title elementor-size-default\">v\u00e9los \u00e9lectriques Trekking<\/h2>\t\t\t\t<\/div>\n\t\t\t\t<\/div>\n\t\t\t\t<div class=\"elementor-element elementor-element-492cb2b elementor-widget__width-auto elementor-absolute elementor-button-outline elementor-widget elementor-widget-button\" data-id=\"492cb2b\" data-element_type=\"widget\" data-e-type=\"widget\" data-settings=\"{&quot;_position&quot;:&quot;absolute&quot;}\" data-widget_type=\"button.default\">\n\t\t\t\t<div class=\"elementor-widget-container\">\n\t\t\t\t\t\t\t\t\t<div class=\"elementor-button-wrapper\">\n\t\t\t\t\t<a class=\"elementor-button elementor-button-link elementor-size-sm\" href=\"https:\/\/www.urbanbiker.com\/fr\/categorie-produit\/ebikes\/velos-electriques-de-randonnee-tout-terrain\/\">\n\t\t\t\t\t\t<span class=\"elementor-button-content-wrapper\">\n\t\t\t\t\t\t\t\t\t<span class=\"elementor-button-text\">voir tout<\/span>\n\t\t\t\t\t<\/span>\n\t\t\t\t\t<\/a>\n\t\t\t\t<\/div>\n\t\t\t\t\t\t\t\t<\/div>\n\t\t\t\t<\/div>\n\t\t\t\t<div class=\"elementor-section elementor-inner-section elementor-element elementor-element-06448d8 elementor-section-full_width elementor-section-height-default elementor-section-height-default\" data-id=\"06448d8\" data-element_type=\"section\" data-e-type=\"section\">\n\t\t\t\t\t\t<div class=\"elementor-container elementor-column-gap-no\">\n\t\t\t\t\t<div class=\"elementor-column elementor-col-50 elementor-inner-column elementor-element elementor-element-c407d04\" data-id=\"c407d04\" data-element_type=\"column\" data-e-type=\"column\">\n\t\t\t<div class=\"elementor-widget-wrap elementor-element-populated\">\n\t\t\t\t\t\t<div class=\"elementor-element elementor-element-f0bdf73 mobile-switcher-style-product-yes product-alignment-flex-start arrow-style-1 dot-style-1 elementor-widget elementor-widget-bikys-products\" data-id=\"f0bdf73\" data-element_type=\"widget\" data-e-type=\"widget\" data-settings=\"{&quot;autoplay_speed&quot;:5000}\" data-widget_type=\"bikys-products.default\">\n\t\t\t\t<div class=\"elementor-widget-container\">\n\t\t\t\t\t<div class=\"woocommerce columns-1 \"><div class=\"woocommerce-carousel\" data-settings='{\"centerMode\":false,\"variableWidth\":false,\"speed\":300,\"centerPadding\":\"50px\",\"navigation\":\"none\",\"pauseOnHover\":true,\"autoplay\":true,\"autoplaySpeed\":5000,\"items\":\"2\",\"items_laptop\":\"3\",\"items_tablet_extra\":\"3\",\"items_tablet\":2,\"items_mobile_extra\":\"2\",\"items_mobile\":1,\"loop\":true,\"breakpoint_laptop\":1366,\"breakpoint_tablet_extra\":1200,\"breakpoint_tablet\":1024,\"breakpoint_mobile_extra\":880,\"breakpoint_mobile\":767,\"centerPadding_laptop\":\"50px\",\"centerPadding_tablet_extra\":\"50px\",\"centerPadding_tablet\":\"50px\",\"centerPadding_mobile_extra\":\"50px\",\"centerPadding_mobile\":\"50px\"}'><ul class=\"products columns-1\"><li class=\"product-style-default product type-product post-61479 status-publish first instock product_cat-ebikes product_cat-velos-electriques-de-randonnee-tout-terrain product_cat-velos-electriques-urbains has-post-thumbnail taxable shipping-taxable purchasable product-type-variable\">\n    <div class=\"product-block\">\n        <div class=\"product-label\">\n            <span class=\"stock-label\">En stock<\/span>        <\/div>\n        <div class=\"product-transition\">\n            <div class=\"product-image image-main\"><img fetchpriority=\"high\" decoding=\"async\" width=\"450\" height=\"450\" src=\"https:\/\/www.urbanbiker.com\/wp-content\/uploads\/2026\/01\/UB300B-FE-01-450x450.jpg\" class=\"attachment-woocommerce_thumbnail size-woocommerce_thumbnail\" alt=\"UB300B FE 01\" srcset=\"https:\/\/www.urbanbiker.com\/wp-content\/uploads\/2026\/01\/UB300B-FE-01-450x450.jpg 450w, https:\/\/www.urbanbiker.com\/wp-content\/uploads\/2026\/01\/UB300B-FE-01-300x300.jpg 300w, https:\/\/www.urbanbiker.com\/wp-content\/uploads\/2026\/01\/UB300B-FE-01-1024x1024.jpg 1024w, https:\/\/www.urbanbiker.com\/wp-content\/uploads\/2026\/01\/UB300B-FE-01-150x150.jpg 150w, https:\/\/www.urbanbiker.com\/wp-content\/uploads\/2026\/01\/UB300B-FE-01-768x768.jpg 768w, https:\/\/www.urbanbiker.com\/wp-content\/uploads\/2026\/01\/UB300B-FE-01-800x800.jpg 800w, https:\/\/www.urbanbiker.com\/wp-content\/uploads\/2026\/01\/UB300B-FE-01-100x100.jpg 100w, https:\/\/www.urbanbiker.com\/wp-content\/uploads\/2026\/01\/UB300B-FE-01-50x50.jpg 50w, https:\/\/www.urbanbiker.com\/wp-content\/uploads\/2026\/01\/UB300B-FE-01-600x600.jpg 600w, https:\/\/www.urbanbiker.com\/wp-content\/uploads\/2026\/01\/UB300B-FE-01-96x96.jpg 96w, https:\/\/www.urbanbiker.com\/wp-content\/uploads\/2026\/01\/UB300B-FE-01-460x460.jpg 460w, https:\/\/www.urbanbiker.com\/wp-content\/uploads\/2026\/01\/UB300B-FE-01.jpg 1080w\" sizes=\"(max-width: 450px) 100vw, 450px\" \/><\/div>\n            <a href=\"https:\/\/www.urbanbiker.com\/fr\/produit\/ub300b-fe-vtc-electrique-equipement-complet\/\" class=\"woocommerce-LoopProduct-link woocommerce-loop-product__link\">            <\/a>        <\/div>\n        <div class=\"product-caption\">\n                        <div class=\"posted-in\"><a href=\"https:\/\/www.urbanbiker.com\/fr\/categorie-produit\/ebikes\/\" rel=\"tag\">Ebikes UrbanBiker<\/a>, <a href=\"https:\/\/www.urbanbiker.com\/fr\/categorie-produit\/ebikes\/velos-electriques-de-randonnee-tout-terrain\/\" rel=\"tag\">Trekking<\/a>, <a href=\"https:\/\/www.urbanbiker.com\/fr\/categorie-produit\/ebikes\/velos-electriques-urbains\/\" rel=\"tag\">Urbains<\/a><\/div>            <h3 class=\"woocommerce-loop-product__title\"><a href=\"https:\/\/www.urbanbiker.com\/fr\/produit\/ub300b-fe-vtc-electrique-equipement-complet\/\">UB300B FE | VTC \u00c9lectrique Equipement complet<\/a><\/h3>            \n\t<span class=\"price\"><span class=\"woocommerce-Price-amount amount\"><bdi>1.899,00<span class=\"woocommerce-Price-currencySymbol\">&euro;<\/span><\/bdi><\/span><\/span>\n                    <\/div>\n        <div class=\"product-action\">\n            <a href=\"https:\/\/www.urbanbiker.com\/fr\/produit\/ub300b-fe-vtc-electrique-equipement-complet\/\" aria-describedby=\"woocommerce_loop_add_to_cart_link_describedby_61479\" data-quantity=\"1\" class=\"button product_type_variable add_to_cart_button\" data-product_id=\"61479\" data-product_sku=\"UB300GFE\" aria-label=\"S\u00e9lectionner les options pour &ldquo;UB300B FE | VTC \u00c9lectrique Equipement complet&rdquo;\" rel=\"nofollow\">Choix des options<\/a>\t<span id=\"woocommerce_loop_add_to_cart_link_describedby_61479\" class=\"screen-reader-text\">\n\t\tCe produit a plusieurs variations. Les options peuvent \u00eatre choisies sur la page du produit\t<\/span>\n            <div class=\"group-action\">\n                <div class=\"shop-action\">\n                    <button class=\"woosw-btn woosw-btn-61479\" data-id=\"61479\" data-product_name=\"UB300B FE | VTC \u00c9lectrique Equipement complet\" data-product_image=\"https:\/\/www.urbanbiker.com\/wp-content\/uploads\/2026\/01\/UB300B-FE-01-150x150.jpg\" aria-label=\"Ajouter \u00e0 la liste des souhaits\">Ajouter \u00e0 la liste des souhaits<\/button>                    <button class=\"woosc-btn woosc-btn-61479 \" data-text=\"Comparer\" data-text_added=\"Comparer\" data-id=\"61479\" data-product_id=\"61479\" data-product_name=\"UB300B FE | VTC \u00c9lectrique Equipement complet\" data-product_image=\"https:\/\/www.urbanbiker.com\/wp-content\/uploads\/2026\/01\/UB300B-FE-01-150x150.jpg\">Comparer<\/button>                    <button class=\"woosq-btn woosq-btn-61479\" data-id=\"61479\" data-effect=\"mfp-3d-unfold\" data-context=\"default\">Vue rapide<\/button>                <\/div>\n            <\/div>\n        <\/div>\n    <\/div>\n<\/li>\n<li class=\"product-style-default product type-product post-43068 status-publish first instock product_cat-ebikes product_cat-velos-electriques-de-randonnee-tout-terrain product_cat-velos-electriques-urbains has-post-thumbnail taxable shipping-taxable purchasable product-type-variable\">\n    <div class=\"product-block\">\n        <div class=\"product-label\">\n            <span class=\"stock-label\">En stock<\/span>        <\/div>\n        <div class=\"product-transition\">\n            <div class=\"product-image image-main\"><img decoding=\"async\" width=\"450\" height=\"450\" src=\"https:\/\/www.urbanbiker.com\/wp-content\/uploads\/2025\/04\/1-UB200-Azul-1-450x450.jpg\" class=\"attachment-woocommerce_thumbnail size-woocommerce_thumbnail\" alt=\"UB200 Azul 1\" srcset=\"https:\/\/www.urbanbiker.com\/wp-content\/uploads\/2025\/04\/1-UB200-Azul-1-450x450.jpg 450w, https:\/\/www.urbanbiker.com\/wp-content\/uploads\/2025\/04\/1-UB200-Azul-1-300x300.jpg 300w, https:\/\/www.urbanbiker.com\/wp-content\/uploads\/2025\/04\/1-UB200-Azul-1-1024x1024.jpg 1024w, https:\/\/www.urbanbiker.com\/wp-content\/uploads\/2025\/04\/1-UB200-Azul-1-150x150.jpg 150w, https:\/\/www.urbanbiker.com\/wp-content\/uploads\/2025\/04\/1-UB200-Azul-1-768x768.jpg 768w, https:\/\/www.urbanbiker.com\/wp-content\/uploads\/2025\/04\/1-UB200-Azul-1-800x800.jpg 800w, https:\/\/www.urbanbiker.com\/wp-content\/uploads\/2025\/04\/1-UB200-Azul-1-100x100.jpg 100w, https:\/\/www.urbanbiker.com\/wp-content\/uploads\/2025\/04\/1-UB200-Azul-1-50x50.jpg 50w, https:\/\/www.urbanbiker.com\/wp-content\/uploads\/2025\/04\/1-UB200-Azul-1-600x600.jpg 600w, https:\/\/www.urbanbiker.com\/wp-content\/uploads\/2025\/04\/1-UB200-Azul-1-96x96.jpg 96w, https:\/\/www.urbanbiker.com\/wp-content\/uploads\/2025\/04\/1-UB200-Azul-1-460x460.jpg 460w, https:\/\/www.urbanbiker.com\/wp-content\/uploads\/2025\/04\/1-UB200-Azul-1.jpg 1080w\" sizes=\"(max-width: 450px) 100vw, 450px\" \/><\/div>\n            <a href=\"https:\/\/www.urbanbiker.com\/fr\/produit\/ub200-velo-electrique-urbain-polyvalent-tout-suspendu\/\" class=\"woocommerce-LoopProduct-link woocommerce-loop-product__link\">            <\/a>        <\/div>\n        <div class=\"product-caption\">\n            <div class=\"bikys-wrap-swatches\"><div class=\"inner\"><span class=\"bikys-tooltip bikys-product-swatches swatches-color\" data-image=\"{&quot;title&quot;:&quot;1 UB200 Azul 1&quot;,&quot;caption&quot;:&quot;&quot;,&quot;url&quot;:&quot;https:\\\/\\\/www.urbanbiker.com\\\/wp-content\\\/uploads\\\/2025\\\/04\\\/1-UB200-Azul-1.jpg&quot;,&quot;alt&quot;:&quot;UB200 Azul 1&quot;,&quot;src&quot;:&quot;https:\\\/\\\/www.urbanbiker.com\\\/wp-content\\\/uploads\\\/2025\\\/04\\\/1-UB200-Azul-1-800x800.jpg&quot;,&quot;srcset&quot;:&quot;https:\\\/\\\/www.urbanbiker.com\\\/wp-content\\\/uploads\\\/2025\\\/04\\\/1-UB200-Azul-1-800x800.jpg 800w, https:\\\/\\\/www.urbanbiker.com\\\/wp-content\\\/uploads\\\/2025\\\/04\\\/1-UB200-Azul-1-300x300.jpg 300w, https:\\\/\\\/www.urbanbiker.com\\\/wp-content\\\/uploads\\\/2025\\\/04\\\/1-UB200-Azul-1-1024x1024.jpg 1024w, https:\\\/\\\/www.urbanbiker.com\\\/wp-content\\\/uploads\\\/2025\\\/04\\\/1-UB200-Azul-1-150x150.jpg 150w, https:\\\/\\\/www.urbanbiker.com\\\/wp-content\\\/uploads\\\/2025\\\/04\\\/1-UB200-Azul-1-768x768.jpg 768w, https:\\\/\\\/www.urbanbiker.com\\\/wp-content\\\/uploads\\\/2025\\\/04\\\/1-UB200-Azul-1-450x450.jpg 450w, https:\\\/\\\/www.urbanbiker.com\\\/wp-content\\\/uploads\\\/2025\\\/04\\\/1-UB200-Azul-1-100x100.jpg 100w, https:\\\/\\\/www.urbanbiker.com\\\/wp-content\\\/uploads\\\/2025\\\/04\\\/1-UB200-Azul-1-50x50.jpg 50w, https:\\\/\\\/www.urbanbiker.com\\\/wp-content\\\/uploads\\\/2025\\\/04\\\/1-UB200-Azul-1-600x600.jpg 600w, https:\\\/\\\/www.urbanbiker.com\\\/wp-content\\\/uploads\\\/2025\\\/04\\\/1-UB200-Azul-1-96x96.jpg 96w, https:\\\/\\\/www.urbanbiker.com\\\/wp-content\\\/uploads\\\/2025\\\/04\\\/1-UB200-Azul-1-460x460.jpg 460w, https:\\\/\\\/www.urbanbiker.com\\\/wp-content\\\/uploads\\\/2025\\\/04\\\/1-UB200-Azul-1.jpg 1080w&quot;,&quot;sizes&quot;:&quot;(max-width: 800px) 100vw, 800px&quot;,&quot;full_src&quot;:&quot;https:\\\/\\\/www.urbanbiker.com\\\/wp-content\\\/uploads\\\/2025\\\/04\\\/1-UB200-Azul-1.jpg&quot;,&quot;full_src_w&quot;:1080,&quot;full_src_h&quot;:1080,&quot;gallery_thumbnail_src&quot;:&quot;https:\\\/\\\/www.urbanbiker.com\\\/wp-content\\\/uploads\\\/2025\\\/04\\\/1-UB200-Azul-1-300x300.jpg&quot;,&quot;gallery_thumbnail_src_w&quot;:300,&quot;gallery_thumbnail_src_h&quot;:300,&quot;thumb_src&quot;:&quot;https:\\\/\\\/www.urbanbiker.com\\\/wp-content\\\/uploads\\\/2025\\\/04\\\/1-UB200-Azul-1-450x450.jpg&quot;,&quot;thumb_src_w&quot;:450,&quot;thumb_src_h&quot;:450,&quot;src_w&quot;:800,&quot;src_h&quot;:800}\" title=\"Bleu\" data-value=\"bleu\"><span class=\"color\" style=\"background-color:#2691ef;\"><\/span><span class=\"screen-reader-text\">Bleu<\/span><\/span><span class=\"bikys-tooltip bikys-product-swatches swatches-color\" data-image=\"{&quot;title&quot;:&quot;1 UB200 Roja 1&quot;,&quot;caption&quot;:&quot;&quot;,&quot;url&quot;:&quot;https:\\\/\\\/www.urbanbiker.com\\\/wp-content\\\/uploads\\\/2025\\\/04\\\/1-UB200-Roja-1.jpg&quot;,&quot;alt&quot;:&quot;UB200 Roja 1&quot;,&quot;src&quot;:&quot;https:\\\/\\\/www.urbanbiker.com\\\/wp-content\\\/uploads\\\/2025\\\/04\\\/1-UB200-Roja-1-800x800.jpg&quot;,&quot;srcset&quot;:&quot;https:\\\/\\\/www.urbanbiker.com\\\/wp-content\\\/uploads\\\/2025\\\/04\\\/1-UB200-Roja-1-800x800.jpg 800w, https:\\\/\\\/www.urbanbiker.com\\\/wp-content\\\/uploads\\\/2025\\\/04\\\/1-UB200-Roja-1-300x300.jpg 300w, https:\\\/\\\/www.urbanbiker.com\\\/wp-content\\\/uploads\\\/2025\\\/04\\\/1-UB200-Roja-1-1024x1024.jpg 1024w, https:\\\/\\\/www.urbanbiker.com\\\/wp-content\\\/uploads\\\/2025\\\/04\\\/1-UB200-Roja-1-150x150.jpg 150w, https:\\\/\\\/www.urbanbiker.com\\\/wp-content\\\/uploads\\\/2025\\\/04\\\/1-UB200-Roja-1-768x768.jpg 768w, https:\\\/\\\/www.urbanbiker.com\\\/wp-content\\\/uploads\\\/2025\\\/04\\\/1-UB200-Roja-1-450x450.jpg 450w, https:\\\/\\\/www.urbanbiker.com\\\/wp-content\\\/uploads\\\/2025\\\/04\\\/1-UB200-Roja-1-100x100.jpg 100w, https:\\\/\\\/www.urbanbiker.com\\\/wp-content\\\/uploads\\\/2025\\\/04\\\/1-UB200-Roja-1-50x50.jpg 50w, https:\\\/\\\/www.urbanbiker.com\\\/wp-content\\\/uploads\\\/2025\\\/04\\\/1-UB200-Roja-1-600x600.jpg 600w, https:\\\/\\\/www.urbanbiker.com\\\/wp-content\\\/uploads\\\/2025\\\/04\\\/1-UB200-Roja-1-96x96.jpg 96w, https:\\\/\\\/www.urbanbiker.com\\\/wp-content\\\/uploads\\\/2025\\\/04\\\/1-UB200-Roja-1-460x460.jpg 460w, https:\\\/\\\/www.urbanbiker.com\\\/wp-content\\\/uploads\\\/2025\\\/04\\\/1-UB200-Roja-1.jpg 1080w&quot;,&quot;sizes&quot;:&quot;(max-width: 800px) 100vw, 800px&quot;,&quot;full_src&quot;:&quot;https:\\\/\\\/www.urbanbiker.com\\\/wp-content\\\/uploads\\\/2025\\\/04\\\/1-UB200-Roja-1.jpg&quot;,&quot;full_src_w&quot;:1080,&quot;full_src_h&quot;:1080,&quot;gallery_thumbnail_src&quot;:&quot;https:\\\/\\\/www.urbanbiker.com\\\/wp-content\\\/uploads\\\/2025\\\/04\\\/1-UB200-Roja-1-300x300.jpg&quot;,&quot;gallery_thumbnail_src_w&quot;:300,&quot;gallery_thumbnail_src_h&quot;:300,&quot;thumb_src&quot;:&quot;https:\\\/\\\/www.urbanbiker.com\\\/wp-content\\\/uploads\\\/2025\\\/04\\\/1-UB200-Roja-1-450x450.jpg&quot;,&quot;thumb_src_w&quot;:450,&quot;thumb_src_h&quot;:450,&quot;src_w&quot;:800,&quot;src_h&quot;:800}\" title=\"Rouge\" data-value=\"rouge\"><span class=\"color\" style=\"background-color:#dd3333;\"><\/span><span class=\"screen-reader-text\">Rouge<\/span><\/span><\/div><\/div>            <div class=\"posted-in\"><a href=\"https:\/\/www.urbanbiker.com\/fr\/categorie-produit\/ebikes\/\" rel=\"tag\">Ebikes UrbanBiker<\/a>, <a href=\"https:\/\/www.urbanbiker.com\/fr\/categorie-produit\/ebikes\/velos-electriques-de-randonnee-tout-terrain\/\" rel=\"tag\">Trekking<\/a>, <a href=\"https:\/\/www.urbanbiker.com\/fr\/categorie-produit\/ebikes\/velos-electriques-urbains\/\" rel=\"tag\">Urbains<\/a><\/div>            <h3 class=\"woocommerce-loop-product__title\"><a href=\"https:\/\/www.urbanbiker.com\/fr\/produit\/ub200-velo-electrique-urbain-polyvalent-tout-suspendu\/\">UB200 | VAE de ville Tout Suspendu<\/a><\/h3>            \n\t<span class=\"price\"><span class=\"woocommerce-Price-amount amount\"><bdi>1.799,00<span class=\"woocommerce-Price-currencySymbol\">&euro;<\/span><\/bdi><\/span><\/span>\n                    <\/div>\n        <div class=\"product-action\">\n            <a href=\"https:\/\/www.urbanbiker.com\/fr\/produit\/ub200-velo-electrique-urbain-polyvalent-tout-suspendu\/\" aria-describedby=\"woocommerce_loop_add_to_cart_link_describedby_43068\" data-quantity=\"1\" class=\"button product_type_variable add_to_cart_button\" data-product_id=\"43068\" data-product_sku=\"UB200\" aria-label=\"S\u00e9lectionner les options pour &ldquo;UB200 | VAE de ville Tout Suspendu&rdquo;\" rel=\"nofollow\">Choix des options<\/a>\t<span id=\"woocommerce_loop_add_to_cart_link_describedby_43068\" class=\"screen-reader-text\">\n\t\tCe produit a plusieurs variations. Les options peuvent \u00eatre choisies sur la page du produit\t<\/span>\n            <div class=\"group-action\">\n                <div class=\"shop-action\">\n                    <button class=\"woosw-btn woosw-btn-43068\" data-id=\"43068\" data-product_name=\"UB200 | VAE de ville Tout Suspendu\" data-product_image=\"https:\/\/www.urbanbiker.com\/wp-content\/uploads\/2025\/04\/1-UB200-Azul-1-150x150.jpg\" aria-label=\"Ajouter \u00e0 la liste des souhaits\">Ajouter \u00e0 la liste des souhaits<\/button>                    <button class=\"woosc-btn woosc-btn-43068 \" data-text=\"Comparer\" data-text_added=\"Comparer\" data-id=\"43068\" data-product_id=\"43068\" data-product_name=\"UB200 | VAE de ville Tout Suspendu\" data-product_image=\"https:\/\/www.urbanbiker.com\/wp-content\/uploads\/2025\/04\/1-UB200-Azul-1-150x150.jpg\">Comparer<\/button>                    <button class=\"woosq-btn woosq-btn-43068\" data-id=\"43068\" data-effect=\"mfp-3d-unfold\" data-context=\"default\">Vue rapide<\/button>                <\/div>\n            <\/div>\n        <\/div>\n    <\/div>\n<\/li>\n<\/ul><\/div><\/div>\t\t\t\t<\/div>\n\t\t\t\t<\/div>\n\t\t\t\t\t<\/div>\n\t\t<\/div>\n\t\t\t\t<div class=\"elementor-column elementor-col-50 elementor-inner-column elementor-element elementor-element-8b1dafe\" data-id=\"8b1dafe\" data-element_type=\"column\" data-e-type=\"column\" data-settings=\"{&quot;background_background&quot;:&quot;classic&quot;}\">\n\t\t\t<div class=\"elementor-widget-wrap elementor-element-populated\">\n\t\t\t\t\t\t<div class=\"elementor-element elementor-element-6e41541 elementor-widget elementor-widget-spacer\" data-id=\"6e41541\" data-element_type=\"widget\" data-e-type=\"widget\" data-widget_type=\"spacer.default\">\n\t\t\t\t<div class=\"elementor-widget-container\">\n\t\t\t\t\t\t\t<div class=\"elementor-spacer\">\n\t\t\t<div class=\"elementor-spacer-inner\"><\/div>\n\t\t<\/div>\n\t\t\t\t\t\t<\/div>\n\t\t\t\t<\/div>\n\t\t\t\t\t<\/div>\n\t\t<\/div>\n\t\t\t\t\t<\/div>\n\t\t<\/div>\n\t\t\t\t\t<\/div>\n\t\t<\/div>\n\t\t\t\t\t<\/div>\n\t\t<\/div>\n\t\t\t\t<section class=\"elementor-section elementor-top-section elementor-element elementor-element-65959505 elementor-section-boxed elementor-section-height-default elementor-section-height-default\" data-id=\"65959505\" data-element_type=\"section\" data-e-type=\"section\">\n\t\t\t\t\t\t<div class=\"elementor-container elementor-column-gap-default\">\n\t\t\t\t\t<div class=\"elementor-column elementor-col-100 elementor-top-column elementor-element elementor-element-1ab2fd2\" data-id=\"1ab2fd2\" data-element_type=\"column\" data-e-type=\"column\">\n\t\t\t<div class=\"elementor-widget-wrap elementor-element-populated\">\n\t\t\t\t\t\t<div class=\"elementor-element elementor-element-463d5a0 elementor-widget elementor-widget-heading\" data-id=\"463d5a0\" data-element_type=\"widget\" data-e-type=\"widget\" data-widget_type=\"heading.default\">\n\t\t\t\t<div class=\"elementor-widget-container\">\n\t\t\t\t\t<h2 class=\"elementor-heading-title elementor-size-default\">Rejoignez la communaut\u00e9 UrbanBiker !<\/h2>\t\t\t\t<\/div>\n\t\t\t\t<\/div>\n\t\t\t\t<div class=\"elementor-element elementor-element-278c7874 elementor-widget elementor-widget-text-editor\" data-id=\"278c7874\" data-element_type=\"widget\" data-e-type=\"widget\" data-widget_type=\"text-editor.default\">\n\t\t\t\t<div class=\"elementor-widget-container\">\n\t\t\t\t\t\t\t\t\t<p>Partagez vos photos sur les r\u00e9seaux sociaux, identifiez-nous (<strong>@urbanbiker_<\/strong>) ou utilisez le hashtag <strong>#WeAreUrbanbiker<\/strong>, et participez au tirage au sort pour gagner un UrbanBiker * (<a href=\"https:\/\/www.urbanbiker.com\/fr\/tombola-velo\/\">Plus d&rsquo;informations<\/a>)<\/p>\t\t\t\t\t\t\t\t<\/div>\n\t\t\t\t<\/div>\n\t\t\t\t<div class=\"elementor-element elementor-element-b0b55b6 elementor-widget elementor-widget-text-editor\" data-id=\"b0b55b6\" data-element_type=\"widget\" data-e-type=\"widget\" data-widget_type=\"text-editor.default\">\n\t\t\t\t<div class=\"elementor-widget-container\">\n\t\t\t\t\t\t\t\t\t<div id=\"js-flowbox-flow\"><\/div>\n  <script>\n    window.flowbox('init', {\n      container: '#js-flowbox-flow',\n      key: 'INsC__A6RQGDKyLx9IAlVA',\n      locale: 'fr-fr',\n    });\n  <\/script>\t\t\t\t\t\t\t\t<\/div>\n\t\t\t\t<\/div>\n\t\t\t\t\t<\/div>\n\t\t<\/div>\n\t\t\t\t\t<\/div>\n\t\t<\/section>\n\t\t\t\t<section class=\"elementor-section elementor-top-section elementor-element elementor-element-60dde22 elementor-section-full_width elementor-section-height-default elementor-section-height-default\" data-id=\"60dde22\" data-element_type=\"section\" data-e-type=\"section\">\n\t\t\t\t\t\t<div class=\"elementor-container elementor-column-gap-default\">\n\t\t\t\t\t<div class=\"elementor-column elementor-col-100 elementor-top-column elementor-element elementor-element-8b19431\" data-id=\"8b19431\" data-element_type=\"column\" data-e-type=\"column\">\n\t\t\t<div class=\"elementor-widget-wrap elementor-element-populated\">\n\t\t\t\t\t\t<div class=\"elementor-element elementor-element-6a1b5df elementor-widget elementor-widget-html\" data-id=\"6a1b5df\" data-element_type=\"widget\" data-e-type=\"widget\" data-widget_type=\"html.default\">\n\t\t\t\t<div class=\"elementor-widget-container\">\n\t\t\t\t\t<div data-src=\"https:\/\/cdn.trustindex.io\/loader.js?d3ea03237be441283046ffcb9b1\"><\/div>\t\t\t\t<\/div>\n\t\t\t\t<\/div>\n\t\t\t\t\t<\/div>\n\t\t<\/div>\n\t\t\t\t\t<\/div>\n\t\t<\/section>\n\t\t\t\t<div class=\"elementor-section elementor-top-section elementor-element elementor-element-dae7362 elementor-section-full_width elementor-section-stretched elementor-section-height-default elementor-section-height-default\" data-id=\"dae7362\" data-element_type=\"section\" data-e-type=\"section\" data-settings=\"{&quot;stretch_section&quot;:&quot;section-stretched&quot;}\">\n\t\t\t\t\t\t<div class=\"elementor-container elementor-column-gap-no\">\n\t\t\t\t\t<div class=\"elementor-column elementor-col-50 elementor-top-column elementor-element elementor-element-3b1b658 elementor-hidden-mobile\" data-id=\"3b1b658\" data-element_type=\"column\" data-e-type=\"column\" data-settings=\"{&quot;background_background&quot;:&quot;classic&quot;}\">\n\t\t\t<div class=\"elementor-widget-wrap elementor-element-populated\">\n\t\t\t\t\t\t<div class=\"elementor-element elementor-element-6d02fde elementor-widget elementor-widget-video\" data-id=\"6d02fde\" data-element_type=\"widget\" data-e-type=\"widget\" data-settings=\"{&quot;youtube_url&quot;:&quot;https:\\\/\\\/www.youtube.com\\\/watch?v=y6e3iRCKEjU&quot;,&quot;autoplay&quot;:&quot;yes&quot;,&quot;play_on_mobile&quot;:&quot;yes&quot;,&quot;mute&quot;:&quot;yes&quot;,&quot;loop&quot;:&quot;yes&quot;,&quot;lazy_load&quot;:&quot;yes&quot;,&quot;video_type&quot;:&quot;youtube&quot;,&quot;controls&quot;:&quot;yes&quot;}\" data-widget_type=\"video.default\">\n\t\t\t\t<div class=\"elementor-widget-container\">\n\t\t\t\t\t\t\t<div class=\"elementor-wrapper elementor-open-inline\">\n\t\t\t<div class=\"elementor-video\"><\/div>\t\t<\/div>\n\t\t\t\t\t\t<\/div>\n\t\t\t\t<\/div>\n\t\t\t\t\t<\/div>\n\t\t<\/div>\n\t\t\t\t<div class=\"elementor-column elementor-col-50 elementor-top-column elementor-element elementor-element-dcb5091\" data-id=\"dcb5091\" data-element_type=\"column\" data-e-type=\"column\">\n\t\t\t<div class=\"elementor-widget-wrap elementor-element-populated\">\n\t\t\t\t\t\t<div class=\"elementor-section elementor-inner-section elementor-element elementor-element-eaa7754 elementor-section-boxed elementor-section-height-default elementor-section-height-default\" data-id=\"eaa7754\" data-element_type=\"section\" data-e-type=\"section\">\n\t\t\t\t\t\t<div class=\"elementor-container elementor-column-gap-no\">\n\t\t\t\t\t<div class=\"elementor-column elementor-col-100 elementor-inner-column elementor-element elementor-element-4ccd14b\" data-id=\"4ccd14b\" data-element_type=\"column\" data-e-type=\"column\">\n\t\t\t<div class=\"elementor-widget-wrap elementor-element-populated\">\n\t\t\t\t\t\t<div class=\"elementor-element elementor-element-3003a88 elementor-widget elementor-widget-heading\" data-id=\"3003a88\" data-element_type=\"widget\" data-e-type=\"widget\" data-widget_type=\"heading.default\">\n\t\t\t\t<div class=\"elementor-widget-container\">\n\t\t\t\t\t<h2 class=\"elementor-heading-title elementor-size-default\">UrbanBiker<br>ALLEZ O\u00d9 VOUS VOULEZ<\/h2>\t\t\t\t<\/div>\n\t\t\t\t<\/div>\n\t\t\t\t<div class=\"elementor-element elementor-element-826f3b1 elementor-view-stacked elementor-shape-square elementor-position-inline-start elementor-mobile-position-block-start elementor-widget elementor-widget-icon-box\" data-id=\"826f3b1\" data-element_type=\"widget\" data-e-type=\"widget\" data-widget_type=\"icon-box.default\">\n\t\t\t\t<div class=\"elementor-widget-container\">\n\t\t\t\t\t\t\t<div class=\"elementor-icon-box-wrapper\">\n\n\t\t\t\t\t\t<div class=\"elementor-icon-box-icon\">\n\t\t\t\t<a href=\"#\" class=\"elementor-icon\" tabindex=\"-1\">\n\t\t\t\t<svg xmlns=\"http:\/\/www.w3.org\/2000\/svg\" viewBox=\"0 0 2636 1920\" width=\"659\" height=\"480\"><path transform=\"translate(1878)\" d=\"m0 0h39l3 2 16 8 12 11 7 11 4 12 1 5v20l-13 75-14 77-7 41-9 50-15 84-10 57-18 101-13 72-7 40-9 50-2 11-4 3-16 5-25 10-26 12-16 8-17 8-16 8-33 16h-2l1-10 13-72 11-62 40-224 18-101 20-112 3-17v-4l-23 10-182 77-78 33-85 36-14 6-2 6-10 57-30 170-32 182-19 109-13 73-16 91-6 33-5 12-7 11-8 8-13 8-11 4-12 2h-296l-2 13-16 90-12 70-17 99-17 100-12 68-5 16-6 11-9 11-7 7-15 10-15 6-8 2-12 1h-296l-11-2-9-4-9-7-7-10-3-8-1-12 3-21 18-103 18-102 16-91 14-80 11-63 15-84 11-64 15-85 11-63 3-17 1-2h-167v7l-8 44-12 68-12 69-132 748-15 83-7 40-4 22-2 2h-184l-12-3-10-6-8-8-6-12v-29l5-25 10-61 1-3 75-1h6l2-13 11-60 11-62 14-78 11-60 11-62 18-100 14-77 13-72 11-62 13-71 11-62 14-78 11-60 11-62 6-32 5-14 10-15 6-7 14-11 11-6 13-5 6-1 27-1h62l271 1 8 2 10 5 7 6 7 11 3 10v14l-11 63-15 84-11 64-36 204-22 125-16 90-14 80-9 51-1 2 116-1 2-5 14-80 52-294 10-56 5-15 6-10 8-10 9-9 15-10 16-6 16-2h280l2-14 33-187 13-74 16-91 21-120 15-85 16-91 5-25 6-15 8-14 11-14 14-14 15-11 19-10 36-15 45-19 43-18 40-17 43-18 40-17 88-37 133-56 43-18z\" fill=\"#fff\"><\/path><path transform=\"translate(1923,768)\" d=\"m0 0h17l22 2 25 5 21 7 27 13 15 10 14 11 13 11 7 8 10 11 7 8 9 10 9 11 14 15 7 8 9 10 7 8 9 10 7 8 9 10 7 8 9 10 9 11 7 7 7 8 9 10 9 11 10 11 9 11 11 13 5 1 106 1 16 3 16 8 8 6 7 6 8 11 6 12 4 15v20l-4 16-8 15-11 12-10 8-13 6-10 3-7 1h-176l-11-12-9-11-14-15-9-11-14-15-7-8-9-10-9-11-14-15-9-11-13-14-7-8-12-14-10-11v-2h-2l-7-8-12-14-11-12-7-8-9-10-9-11-13-14-9-11-10-9-16-8-13-3h-19l-17 3-24 8-26 12-16 8-17 8-16 8-33 16-85 41-23 11-20 10-16 10-7 7-6 10-3 10-1 7v20l3 11 6 8 16 8 35 12 16 6 26 9 24 9 26 9 20 8 18 8 16 8 14 8 13 9 10 8 12 11v2h2l10 13 10 17 8 20 4 17 2 14 1 14v17l-2 21-3 22-7 34-17 66-9 36-13 56-23 99-17 73-6 16-8 14-8 9-10 7-10 5-17 4h-21l-13-3-14-7-10-8-7-7-9-14-5-13-2-9v-16l17-74 10-43 23-98 15-65 10-44 12-48 1-7v-13l-4-11-5-5-12-6-30-11-52-18-37-14-43-17-26-12-16-10-13-10-8-7-7-8-9-11-9-15-8-17-6-18-6-28-2-16v-32l3-24 5-21 6-17 12-25 8-12 9-12 11-12 11-11 14-11 17-11 29-15 97-47 25-12 76-37 34-16 15-6 26-8 23-5 20-3z\" fill=\"#fff\"><\/path><path transform=\"translate(1255,1247)\" d=\"m0 0h27l26 2 26 4 25 6 30 10 25 11 23 12 22 14 17 13 11 9 13 12 20 20 9 11 13 17 10 15 9 15 12 23 11 26 9 29 6 27 4 27 1 16v32l-2 26-5 29-6 24-9 27-12 27-10 19-10 16-11 16-11 14-8 10h-2l-2 4-22 22-8 7-14 11-14 10-17 11-24 13-22 10-28 10-32 8-32 5-35 3h-16v-1l-38-5-29-6-26-8-28-11-22-11-17-10-15-10-17-13-13-11-16-15-5-5v-2h-2l-7-8-11-13-12-16-11-17-11-19-12-25-9-24-7-23-6-29-3-22-1-11v-43l3-28 6-31 7-24 7-20 11-25 12-22 11-17 10-14 13-16 8-10h2l2-4 15-15 8-7 16-13 17-12 19-12 24-13 26-11 21-7 23-6 21-4 24-3zm-5 127-22 3-20 5-22 8-20 10-11 7-14 10-13 11-15 15-11 14-8 11-10 17-9 19-8 24-4 18-3 24v27l4 28 5 20 7 19 10 21 10 16 10 13 11 13 12 12 11 9 11 8 18 11 21 10 23 8 25 5 19 2h25l24-3 21-5 18-6 20-9 17-10 14-10 13-11 12-11 7-8 11-14 10-15 10-19 10-26 6-25 2-15 1-15v-12l-2-24-5-25-9-27-10-21-10-16-11-15-12-13-13-13-17-13-21-13-19-9-20-7-20-5-22-3z\" fill=\"#fff\"><\/path><path transform=\"translate(2285,1247)\" d=\"m0 0h27l26 2 26 4 25 6 30 10 21 9 20 10 20 12 17 12 13 10 14 12 17 16 7 8 8 9 11 14 12 17 11 18 8 14 11 24 7 18 8 27 6 29 3 23 1 11v42l-4 33-6 30-9 29-9 22-12 25-8 14-8 12-11 16-14 17-12 13-17 17-8 7-15 12-19 13-18 11-25 13-27 11-29 9-29 6-30 4-25 2h-17v-1l-38-5-29-6-26-8-25-10-25-12-20-12-16-11-14-11-14-12-13-12-9-9-9-11-8-9-14-19-12-19-12-22-10-22-9-25-8-30-5-30-2-21v-42l4-33 5-24 7-25 8-22 8-18 13-25 14-22 16-21 12-14 5-6h2l2-4 8-8 8-7 14-12 16-12 20-13 18-10 16-8 24-10 25-8 25-6 26-4zm-5 127-22 3-23 6-21 8-21 11-18 12-11 9-15 14-11 12-12 16-8 13-10 19-8 21-6 23-3 18-1 14v19l2 21 5 25 8 24 11 23 10 16 10 13 12 14 9 9 11 9 13 10 20 12 19 9 24 8 24 5 18 2h26l18-2 24-5 21-7 20-9 14-8 16-11 13-11 10-9 12-13 12-16 12-20 9-19 8-24 5-24 2-19v-23l-3-26-5-21-7-21-12-25-10-16-10-13-10-11-6-7-8-7-15-12-17-11-23-12-22-8-21-5-22-3z\" fill=\"#fff\"><\/path><path transform=\"translate(2128,548)\" d=\"m0 0h34l18 3 20 6 16 7 18 11 14 12 9 10 10 15 6 14 4 14 2 14v12l-3 21-7 26-10 27-9 20-11 21-13 20-8 11-14 15-8 5-10 2-9-3-9-7-11-10-8-7-11-10-8-7-10-9-8-7-10-9-8-7-10-9-8-7-10-9-14-14-10-15-6-15-3-11-3-24v-25l4-16 4-10 7-11 12-13 14-11 16-9 16-6z\" fill=\"#fff\"><\/path><path transform=\"translate(2635,1563)\" d=\"m0 0h1v38h-1z\" fill=\"#fff\"><\/path><\/svg>\t\t\t\t<\/a>\n\t\t\t<\/div>\n\t\t\t\n\t\t\t\t\t\t<div class=\"elementor-icon-box-content\">\n\n\t\t\t\t\n\t\t\t\t\t\t\t\t\t<p class=\"elementor-icon-box-description\">\n\t\t\t\t\t\tNous concevons, fabriquons et commercialisons des v\u00e9los \u00e9lectriques parce que c'est ce que nous faisons le mieux. Nous avons la solution parfaite pour se d\u00e9placer facilement en ville ou \u00e0 la campagne, sans s'\u00e9puiser \u00e0 p\u00e9daler, mais en faisant de l'exercice pour aller o\u00f9 l'on veut. \t\t\t\t\t<\/p>\n\t\t\t\t\n\t\t\t<\/div>\n\t\t\t\n\t\t<\/div>\n\t\t\t\t\t\t<\/div>\n\t\t\t\t<\/div>\n\t\t\t\t<div class=\"elementor-element elementor-element-b13dac5 elementor-button-outline elementor-mobile-align-center elementor-widget elementor-widget-button\" data-id=\"b13dac5\" data-element_type=\"widget\" data-e-type=\"widget\" data-widget_type=\"button.default\">\n\t\t\t\t<div class=\"elementor-widget-container\">\n\t\t\t\t\t\t\t\t\t<div class=\"elementor-button-wrapper\">\n\t\t\t\t\t<a class=\"elementor-button elementor-button-link elementor-size-sm\" href=\"https:\/\/www.urbanbiker.com\/fr\/motard-urbain\/\">\n\t\t\t\t\t\t<span class=\"elementor-button-content-wrapper\">\n\t\t\t\t\t\t\t\t\t<span class=\"elementor-button-text\">D\u00e9couvrez la marque<\/span>\n\t\t\t\t\t<\/span>\n\t\t\t\t\t<\/a>\n\t\t\t\t<\/div>\n\t\t\t\t\t\t\t\t<\/div>\n\t\t\t\t<\/div>\n\t\t\t\t\t<\/div>\n\t\t<\/div>\n\t\t\t\t\t<\/div>\n\t\t<\/div>\n\t\t\t\t\t<\/div>\n\t\t<\/div>\n\t\t\t\t\t<\/div>\n\t\t<\/div>\n\t\t\t\t<div class=\"elementor-section elementor-top-section elementor-element elementor-element-2ce2208 elementor-section-stretched elementor-section-content-middle elementor-section-boxed elementor-section-height-default elementor-section-height-default\" data-id=\"2ce2208\" data-element_type=\"section\" data-e-type=\"section\" data-settings=\"{&quot;stretch_section&quot;:&quot;section-stretched&quot;,&quot;background_background&quot;:&quot;classic&quot;}\">\n\t\t\t\t\t\t<div class=\"elementor-container elementor-column-gap-no\">\n\t\t\t\t\t<div class=\"elementor-column elementor-col-100 elementor-top-column elementor-element elementor-element-2ff201e\" data-id=\"2ff201e\" data-element_type=\"column\" data-e-type=\"column\">\n\t\t\t<div class=\"elementor-widget-wrap elementor-element-populated\">\n\t\t\t\t\t\t<div class=\"elementor-element elementor-element-d91445c testimonial-column-6 testimonial-column-3 testimonial-column-3 testimonial-column-3 testimonial-column-3 testimonial-column-3 arrow-style-1 dot-style-1 elementor-widget elementor-widget-bikys-testimonials\" data-id=\"d91445c\" data-element_type=\"widget\" data-e-type=\"widget\" data-settings=\"{&quot;autoplay_speed&quot;:5000}\" data-widget_type=\"bikys-testimonials.default\">\n\t\t\t\t<div class=\"elementor-widget-container\">\n\t\t\t\t\t            <div class=\"elementor-testimonial-item-wrapper\">\n\n                <div class=\"row layout-3 alignment-center row bikys-carousel\" data-settings=\"{&quot;centerMode&quot;:false,&quot;variableWidth&quot;:false,&quot;speed&quot;:300,&quot;centerPadding&quot;:&quot;50px&quot;,&quot;navigation&quot;:&quot;dots&quot;,&quot;pauseOnHover&quot;:true,&quot;autoplay&quot;:true,&quot;autoplaySpeed&quot;:5000,&quot;items&quot;:&quot;6&quot;,&quot;items_laptop&quot;:&quot;3&quot;,&quot;items_tablet_extra&quot;:&quot;3&quot;,&quot;items_tablet&quot;:&quot;3&quot;,&quot;items_mobile_extra&quot;:&quot;3&quot;,&quot;items_mobile&quot;:&quot;3&quot;,&quot;loop&quot;:true,&quot;breakpoint_laptop&quot;:1366,&quot;breakpoint_tablet_extra&quot;:1200,&quot;breakpoint_tablet&quot;:1024,&quot;breakpoint_mobile_extra&quot;:880,&quot;breakpoint_mobile&quot;:767,&quot;centerPadding_laptop&quot;:&quot;50px&quot;,&quot;centerPadding_tablet_extra&quot;:&quot;50px&quot;,&quot;centerPadding_tablet&quot;:&quot;50px&quot;,&quot;centerPadding_mobile_extra&quot;:&quot;50px&quot;,&quot;centerPadding_mobile&quot;:&quot;50px&quot;}\">\n                                            <div class=\"column-item elementor-testimonial-item\">\n\n                            <div class=\"inner\">\n                                                                                                <div class=\"testimonial-content\">\n                                                                            <div class=\"content\">\u00ab Le prix du \u00ab Meilleur commerce \u00e9lectronique de Le\u00f3n \u00bb a \u00e9t\u00e9 d\u00e9cern\u00e9 aux participants, qui ont pu voter pour diff\u00e9rentes entreprises tout au long de la journ\u00e9e. \u00c0 la fin, le gagnant \u00e9tait... UrbanBiker! \u00bb<\/div>\n                                                                        <div class=\"details\">\n\n                                                                                <div class=\"details-info\">\n                                            <span class=\"name\"><a href=\"https:\/\/ecommerce-news.es\/ecommerce-tour-leon-2022\/\">Ecommerce Tour<\/a><\/span>                                                                                            <span class=\"job\">29 sep 2022<\/span>\n                                                                                    <\/div>\n                                    <\/div>\n                                <\/div>\n                            <\/div>\n                        <\/div>\n                                            <div class=\"column-item elementor-testimonial-item\">\n\n                            <div class=\"inner\">\n                                                                                                <div class=\"testimonial-content\">\n                                                                            <div class=\"content\">\u00ab UrbanBiker ouvre un nouveau si\u00e8ge pour augmenter la production quotidienne de v\u00e9los. L'entreprise consacrera plus de 18 000 m\u00e8tres carr\u00e9s \u00e0 l'agrandissement de sa production, de sa ligne d'assemblage et de son espace de stockage, entre autres. \u00bb<\/div>\n                                                                        <div class=\"details\">\n\n                                                                                <div class=\"details-info\">\n                                            <span class=\"name\"><a href=\"https:\/\/bicicleta.cdecomunicacion.es\/fabricantes\/53775\/urbanbiker-nuevas-instalaciones-en-leon-fabricante-e-bikes\">C de Comunicaci\u00f3n<\/a><\/span>                                                                                            <span class=\"job\">10 ago 2023<\/span>\n                                                                                    <\/div>\n                                    <\/div>\n                                <\/div>\n                            <\/div>\n                        <\/div>\n                                            <div class=\"column-item elementor-testimonial-item\">\n\n                            <div class=\"inner\">\n                                                                                                <div class=\"testimonial-content\">\n                                                                            <div class=\"content\">\u00ab UrbanBiker : le v\u00e9lo doit \u00eatre consid\u00e9r\u00e9 comme un moyen de mobilit\u00e9 et non comme un simple amusement. \u00bb<\/div>\n                                                                        <div class=\"details\">\n\n                                                                                <div class=\"details-info\">\n                                            <span class=\"name\"><a href=\"#\">CMD Sport<\/a><\/span>                                                                                            <span class=\"job\">18 abr 2024<\/span>\n                                                                                    <\/div>\n                                    <\/div>\n                                <\/div>\n                            <\/div>\n                        <\/div>\n                                            <div class=\"column-item elementor-testimonial-item\">\n\n                            <div class=\"inner\">\n                                                                                                <div class=\"testimonial-content\">\n                                                                            <div class=\"content\">\u00ab UrbanBiker : de l'\u00e9lectricit\u00e9 pour la jungle urbaine : une marque de v\u00e9los \u00e9lectriques con\u00e7us pour faire de vos trajets quotidiens en ville une exp\u00e9rience parfaite. \u00bb<\/div>\n                                                                        <div class=\"details\">\n\n                                                                                <div class=\"details-info\">\n                                            <span class=\"name\"><a href=\"https:\/\/ciclosfera.com\/a\/urbanbiker\">Ciclosfera<\/a><\/span>                                                                                            <span class=\"job\">16 mar 2016<\/span>\n                                                                                    <\/div>\n                                    <\/div>\n                                <\/div>\n                            <\/div>\n                        <\/div>\n                                            <div class=\"column-item elementor-testimonial-item\">\n\n                            <div class=\"inner\">\n                                                                                                <div class=\"testimonial-content\">\n                                                                            <div class=\"content\">\u00ab UrbanBiker et MultiSafepay : la combinaison parfaite pour un succ\u00e8s international. L'objectif d'UrbanBiker est de faire entrer le v\u00e9lo dans la vie quotidienne non seulement des athl\u00e8tes, mais aussi de tous ceux qui aiment faire du v\u00e9lo, quel que soit leur \u00e2ge ou leur condition physique. \u00bb<\/div>\n                                                                        <div class=\"details\">\n\n                                                                                <div class=\"details-info\">\n                                            <span class=\"name\"><a href=\"https:\/\/www.multisafepay.com\/es_es\/blog\/urbanbiker-y-multisafepay-el-checkout-perfecto-para-un-exito-internacional\">Multisafepay<\/a><\/span>                                                                                            <span class=\"job\">10 ago 2023<\/span>\n                                                                                    <\/div>\n                                    <\/div>\n                                <\/div>\n                            <\/div>\n                        <\/div>\n                                            <div class=\"column-item elementor-testimonial-item\">\n\n                            <div class=\"inner\">\n                                                                                                <div class=\"testimonial-content\">\n                                                                            <div class=\"content\">\u00ab UrbanBiker est une marque qui fabrique des v\u00e9los \u00e9lectriques depuis 11 ans. Elle vend \u00e0 la fois par l'interm\u00e9diaire de distributeurs et par le canal en ligne. Lors de notre eCommerce Tour \u00e0 Le\u00f3n, ils ont \u00e9t\u00e9 r\u00e9compens\u00e9s comme le meilleur eCommerce de Le\u00f3n. \u00bb<\/div>\n                                                                        <div class=\"details\">\n\n                                                                                <div class=\"details-info\">\n                                            <span class=\"name\"><a href=\"#\">Ecommerce news<\/a><\/span>                                                                                            <span class=\"job\">15 dic 2022<\/span>\n                                                                                    <\/div>\n                                    <\/div>\n                                <\/div>\n                            <\/div>\n                        <\/div>\n                                    <\/div>\n                                    <div class=\"testimonial-image-wrap\">\n                        <div class=\"testimonial-image-style\">\n                                                                        <div class=\"elementor-testimonial-image\">\n                <img loading=\"lazy\" decoding=\"async\" width=\"300\" height=\"259\" src=\"https:\/\/www.urbanbiker.com\/wp-content\/uploads\/2024\/11\/ecommerce-tour.jpg\" class=\"attachment-full size-full wp-image-31612\" alt=\"ecommerce tour\" \/>            <\/div>\n                                                                                <div class=\"elementor-testimonial-image\">\n                <img loading=\"lazy\" decoding=\"async\" width=\"512\" height=\"512\" src=\"https:\/\/www.urbanbiker.com\/wp-content\/uploads\/2024\/11\/cdecomunicacion.webp\" class=\"attachment-full size-full wp-image-31600\" alt=\"\" srcset=\"https:\/\/www.urbanbiker.com\/wp-content\/uploads\/2024\/11\/cdecomunicacion.webp 512w, https:\/\/www.urbanbiker.com\/wp-content\/uploads\/2024\/11\/cdecomunicacion-300x300.webp 300w, https:\/\/www.urbanbiker.com\/wp-content\/uploads\/2024\/11\/cdecomunicacion-150x150.webp 150w, https:\/\/www.urbanbiker.com\/wp-content\/uploads\/2024\/11\/cdecomunicacion-450x450.webp 450w, https:\/\/www.urbanbiker.com\/wp-content\/uploads\/2024\/11\/cdecomunicacion-100x100.webp 100w, https:\/\/www.urbanbiker.com\/wp-content\/uploads\/2024\/11\/cdecomunicacion-50x50.webp 50w, https:\/\/www.urbanbiker.com\/wp-content\/uploads\/2024\/11\/cdecomunicacion-96x96.webp 96w, https:\/\/www.urbanbiker.com\/wp-content\/uploads\/2024\/11\/cdecomunicacion-460x460.webp 460w\" sizes=\"(max-width: 512px) 100vw, 512px\" \/>            <\/div>\n                                                                                <div class=\"elementor-testimonial-image\">\n                <img loading=\"lazy\" decoding=\"async\" width=\"250\" height=\"250\" src=\"https:\/\/www.urbanbiker.com\/wp-content\/uploads\/2024\/11\/logo-cmd-sport.jpg\" class=\"attachment-full size-full wp-image-31607\" alt=\"\" srcset=\"https:\/\/www.urbanbiker.com\/wp-content\/uploads\/2024\/11\/logo-cmd-sport.jpg 250w, https:\/\/www.urbanbiker.com\/wp-content\/uploads\/2024\/11\/logo-cmd-sport-150x150.jpg 150w, https:\/\/www.urbanbiker.com\/wp-content\/uploads\/2024\/11\/logo-cmd-sport-100x100.jpg 100w, https:\/\/www.urbanbiker.com\/wp-content\/uploads\/2024\/11\/logo-cmd-sport-50x50.jpg 50w, https:\/\/www.urbanbiker.com\/wp-content\/uploads\/2024\/11\/logo-cmd-sport-96x96.jpg 96w\" sizes=\"(max-width: 250px) 100vw, 250px\" \/>            <\/div>\n                                                                                <div class=\"elementor-testimonial-image\">\n                <img loading=\"lazy\" decoding=\"async\" width=\"225\" height=\"225\" src=\"https:\/\/www.urbanbiker.com\/wp-content\/uploads\/2024\/11\/ciclosfera.png\" class=\"attachment-full size-full wp-image-31598\" alt=\"\" srcset=\"https:\/\/www.urbanbiker.com\/wp-content\/uploads\/2024\/11\/ciclosfera.png 225w, https:\/\/www.urbanbiker.com\/wp-content\/uploads\/2024\/11\/ciclosfera-150x150.png 150w, https:\/\/www.urbanbiker.com\/wp-content\/uploads\/2024\/11\/ciclosfera-100x100.png 100w, https:\/\/www.urbanbiker.com\/wp-content\/uploads\/2024\/11\/ciclosfera-50x50.png 50w, https:\/\/www.urbanbiker.com\/wp-content\/uploads\/2024\/11\/ciclosfera-96x96.png 96w\" sizes=\"(max-width: 225px) 100vw, 225px\" \/>            <\/div>\n                                                                                <div class=\"elementor-testimonial-image\">\n                <img loading=\"lazy\" decoding=\"async\" width=\"280\" height=\"280\" src=\"https:\/\/www.urbanbiker.com\/wp-content\/uploads\/2024\/11\/multisafepay.png\" class=\"attachment-full size-full wp-image-31599\" alt=\"multisafepay\" srcset=\"https:\/\/www.urbanbiker.com\/wp-content\/uploads\/2024\/11\/multisafepay.png 280w, https:\/\/www.urbanbiker.com\/wp-content\/uploads\/2024\/11\/multisafepay-150x150.png 150w, https:\/\/www.urbanbiker.com\/wp-content\/uploads\/2024\/11\/multisafepay-100x100.png 100w, https:\/\/www.urbanbiker.com\/wp-content\/uploads\/2024\/11\/multisafepay-50x50.png 50w, https:\/\/www.urbanbiker.com\/wp-content\/uploads\/2024\/11\/multisafepay-96x96.png 96w\" sizes=\"(max-width: 280px) 100vw, 280px\" \/>            <\/div>\n                                                                                <div class=\"elementor-testimonial-image\">\n                <img loading=\"lazy\" decoding=\"async\" width=\"225\" height=\"225\" src=\"https:\/\/www.urbanbiker.com\/wp-content\/uploads\/2024\/11\/ecommerce-news.jpg\" class=\"attachment-full size-full wp-image-31594\" alt=\"ecommerce news\" srcset=\"https:\/\/www.urbanbiker.com\/wp-content\/uploads\/2024\/11\/ecommerce-news.jpg 225w, https:\/\/www.urbanbiker.com\/wp-content\/uploads\/2024\/11\/ecommerce-news-150x150.jpg 150w, https:\/\/www.urbanbiker.com\/wp-content\/uploads\/2024\/11\/ecommerce-news-100x100.jpg 100w, https:\/\/www.urbanbiker.com\/wp-content\/uploads\/2024\/11\/ecommerce-news-50x50.jpg 50w, https:\/\/www.urbanbiker.com\/wp-content\/uploads\/2024\/11\/ecommerce-news-96x96.jpg 96w\" sizes=\"(max-width: 225px) 100vw, 225px\" \/>            <\/div>\n                                                            <\/div>\n                    <\/div>\n                            <\/div>\n            \t\t\t\t<\/div>\n\t\t\t\t<\/div>\n\t\t\t\t\t<\/div>\n\t\t<\/div>\n\t\t\t\t\t<\/div>\n\t\t<\/div>\n\t\t\t\t<div class=\"elementor-section elementor-top-section elementor-element elementor-element-88db2ed elementor-section-stretched elementor-section-boxed elementor-section-height-default elementor-section-height-default\" data-id=\"88db2ed\" data-element_type=\"section\" data-e-type=\"section\" data-settings=\"{&quot;stretch_section&quot;:&quot;section-stretched&quot;}\">\n\t\t\t\t\t\t<div class=\"elementor-container elementor-column-gap-no\">\n\t\t\t\t\t<div class=\"elementor-column elementor-col-50 elementor-top-column elementor-element elementor-element-edea55d\" data-id=\"edea55d\" data-element_type=\"column\" data-e-type=\"column\">\n\t\t\t<div class=\"elementor-widget-wrap elementor-element-populated\">\n\t\t\t\t\t\t<div class=\"elementor-element elementor-element-feb2613 elementor-widget__width-auto elementor-view-default elementor-widget elementor-widget-icon\" data-id=\"feb2613\" data-element_type=\"widget\" data-e-type=\"widget\" data-widget_type=\"icon.default\">\n\t\t\t\t<div class=\"elementor-widget-container\">\n\t\t\t\t\t\t\t<div class=\"elementor-icon-wrapper\">\n\t\t\t<div class=\"elementor-icon\">\n\t\t\t<i aria-hidden=\"true\" class=\"fas fa-square-full\"><\/i>\t\t\t<\/div>\n\t\t<\/div>\n\t\t\t\t\t\t<\/div>\n\t\t\t\t<\/div>\n\t\t\t\t<div class=\"elementor-element elementor-element-84a72d2 elementor-widget__width-auto elementor-widget elementor-widget-heading\" data-id=\"84a72d2\" data-element_type=\"widget\" data-e-type=\"widget\" data-widget_type=\"heading.default\">\n\t\t\t\t<div class=\"elementor-widget-container\">\n\t\t\t\t\t<h2 class=\"elementor-heading-title elementor-size-default\">derni\u00e8res actualit\u00e9s <\/h2>\t\t\t\t<\/div>\n\t\t\t\t<\/div>\n\t\t\t\t\t<\/div>\n\t\t<\/div>\n\t\t\t\t<div class=\"elementor-column elementor-col-50 elementor-top-column elementor-element elementor-element-39b7208\" data-id=\"39b7208\" data-element_type=\"column\" data-e-type=\"column\">\n\t\t\t<div class=\"elementor-widget-wrap elementor-element-populated\">\n\t\t\t\t\t\t<div class=\"elementor-element elementor-element-0a6e7d6 elementor-align-right elementor-mobile-align-center elementor-button-outline elementor-widget elementor-widget-button\" data-id=\"0a6e7d6\" data-element_type=\"widget\" data-e-type=\"widget\" data-widget_type=\"button.default\">\n\t\t\t\t<div class=\"elementor-widget-container\">\n\t\t\t\t\t\t\t\t\t<div class=\"elementor-button-wrapper\">\n\t\t\t\t\t<a class=\"elementor-button elementor-button-link elementor-size-sm\" href=\"https:\/\/www.urbanbiker.com\/fr\/actualites\/\">\n\t\t\t\t\t\t<span class=\"elementor-button-content-wrapper\">\n\t\t\t\t\t\t\t\t\t<span class=\"elementor-button-text\">VOIR TOUT<\/span>\n\t\t\t\t\t<\/span>\n\t\t\t\t\t<\/a>\n\t\t\t\t<\/div>\n\t\t\t\t\t\t\t\t<\/div>\n\t\t\t\t<\/div>\n\t\t\t\t\t<\/div>\n\t\t<\/div>\n\t\t\t\t\t<\/div>\n\t\t<\/div>\n\t\t\t\t<div class=\"elementor-section elementor-top-section elementor-element elementor-element-dfea347 elementor-section-stretched elementor-section-boxed elementor-section-height-default elementor-section-height-default\" data-id=\"dfea347\" data-element_type=\"section\" data-e-type=\"section\" data-settings=\"{&quot;stretch_section&quot;:&quot;section-stretched&quot;}\">\n\t\t\t\t\t\t<div class=\"elementor-container elementor-column-gap-no\">\n\t\t\t\t\t<div class=\"elementor-column elementor-col-100 elementor-top-column elementor-element elementor-element-6d407ab\" data-id=\"6d407ab\" data-element_type=\"column\" data-e-type=\"column\">\n\t\t\t<div class=\"elementor-widget-wrap elementor-element-populated\">\n\t\t\t\t\t\t<div class=\"elementor-element elementor-element-83ae3c0 arrow-style-1 dot-style-1 elementor-widget elementor-widget-bikys-post-grid\" data-id=\"83ae3c0\" data-element_type=\"widget\" data-e-type=\"widget\" data-widget_type=\"bikys-post-grid.default\">\n\t\t\t\t<div class=\"elementor-widget-container\">\n\t\t\t\t\t        <div class=\"elementor-post-wrapper\">\n            <div class=\"row\" data-elementor-columns=\"3\" data-elementor-columns-tablet=\"2\" data-elementor-columns-mobile=\"1\">\n\n                <div class=\"column-item post-style-1\">\n    <div class=\"post-inner\">\n        <div class=\"post-thumbnail\"><div class=\"categories-link\"><span class=\"screen-reader-text\">Cat\u00e9gories<\/span><a href=\"https:\/\/www.urbanbiker.com\/fr\/categorie\/conseil\/\" rel=\"category tag\">Conseil<\/a> <a href=\"https:\/\/www.urbanbiker.com\/fr\/categorie\/mobilite-durable\/\" rel=\"category tag\">Mobilit\u00e9 durable<\/a><\/div><img loading=\"lazy\" decoding=\"async\" width=\"940\" height=\"1040\" src=\"https:\/\/www.urbanbiker.com\/wp-content\/uploads\/2026\/03\/Baterias-UrbanBiker-940x1040.png\" class=\"attachment-bikys-post-grid size-bikys-post-grid wp-post-image\" alt=\"\" \/><\/div>        <div class=\"post-content\">\n            <div class=\"entry-header\">\n                <h3 class=\"sigma entry-title\"><a href=\"https:\/\/www.urbanbiker.com\/fr\/batteries-au-lithium-et-mobilite-electrique-ce-qui-se-cache-derriere-un-urbanbiker\/\" rel=\"bookmark\">Batteries au lithium et mobilit\u00e9 \u00e9lectrique : ce qui se cache derri\u00e8re un UrbanBiker<\/a><\/h3>                <div class=\"entry-meta\">\n                      <div class=\"posted-on\"><a href=\"https:\/\/www.urbanbiker.com\/fr\/batteries-au-lithium-et-mobilite-electrique-ce-qui-se-cache-derriere-un-urbanbiker\/\" rel=\"bookmark\">11 mars 2026<\/a><\/div> <div class=\"post-author\"><span class=\"text-author\">PUBLIER PAR <\/span><a href=\"https:\/\/www.urbanbiker.com\/fr\/author\/urbanbikeres\/\" class=\"url fn\" rel=\"author\">UrbanBiker Espa\u00f1a<\/a><\/div>                <\/div>\n            <\/div>\n        <\/div>\n    <\/div>\n<\/div>\n<div class=\"column-item post-style-1\">\n    <div class=\"post-inner\">\n        <div class=\"post-thumbnail\"><div class=\"categories-link\"><span class=\"screen-reader-text\">Cat\u00e9gories<\/span><a href=\"https:\/\/www.urbanbiker.com\/fr\/categorie\/actualites\/\" rel=\"category tag\">Actualit\u00e9s<\/a><\/div><img loading=\"lazy\" decoding=\"async\" width=\"940\" height=\"1040\" src=\"https:\/\/www.urbanbiker.com\/wp-content\/uploads\/2026\/03\/Urbanbiker-prensa-940x1040.png\" class=\"attachment-bikys-post-grid size-bikys-post-grid wp-post-image\" alt=\"\" \/><\/div>        <div class=\"post-content\">\n            <div class=\"entry-header\">\n                <h3 class=\"sigma entry-title\"><a href=\"https:\/\/www.urbanbiker.com\/fr\/urbanbiker-dans-tradebike-croissance-et-usage-reel-de-le-bike\/\" rel=\"bookmark\">UrbanBiker dans TradeBike : croissance et usage r\u00e9el de le-bike<\/a><\/h3>                <div class=\"entry-meta\">\n                      <div class=\"posted-on\"><a href=\"https:\/\/www.urbanbiker.com\/fr\/urbanbiker-dans-tradebike-croissance-et-usage-reel-de-le-bike\/\" rel=\"bookmark\">10 mars 2026<\/a><\/div> <div class=\"post-author\"><span class=\"text-author\">PUBLIER PAR <\/span><a href=\"https:\/\/www.urbanbiker.com\/fr\/author\/urbanbikeres\/\" class=\"url fn\" rel=\"author\">UrbanBiker Espa\u00f1a<\/a><\/div>                <\/div>\n            <\/div>\n        <\/div>\n    <\/div>\n<\/div>\n<div class=\"column-item post-style-1\">\n    <div class=\"post-inner\">\n        <div class=\"post-thumbnail\"><div class=\"categories-link\"><span class=\"screen-reader-text\">Cat\u00e9gories<\/span><a href=\"https:\/\/www.urbanbiker.com\/fr\/categorie\/actualites\/\" rel=\"category tag\">Actualit\u00e9s<\/a> <a href=\"https:\/\/www.urbanbiker.com\/fr\/categorie\/mobilite-durable\/\" rel=\"category tag\">Mobilit\u00e9 durable<\/a><\/div><img loading=\"lazy\" decoding=\"async\" width=\"940\" height=\"1040\" src=\"https:\/\/www.urbanbiker.com\/wp-content\/uploads\/2025\/12\/Portada-entradas-blog-1-940x1040.png\" class=\"attachment-bikys-post-grid size-bikys-post-grid wp-post-image\" alt=\"\" \/><\/div>        <div class=\"post-content\">\n            <div class=\"entry-header\">\n                <h3 class=\"sigma entry-title\"><a href=\"https:\/\/www.urbanbiker.com\/fr\/urbanbiker-refuerza-presencia-alemania\/\" rel=\"bookmark\">UrbanBiker en Alemania: cinco a\u00f1os creciendo en uno de los mercados m\u00e1s exigentes de la ebike<\/a><\/h3>                <div class=\"entry-meta\">\n                      <div class=\"posted-on\"><a href=\"https:\/\/www.urbanbiker.com\/fr\/urbanbiker-refuerza-presencia-alemania\/\" rel=\"bookmark\">27 janvier 2026<\/a><\/div> <div class=\"post-author\"><span class=\"text-author\">PUBLIER PAR <\/span><a href=\"https:\/\/www.urbanbiker.com\/fr\/author\/urbanbikeres\/\" class=\"url fn\" rel=\"author\">UrbanBiker Espa\u00f1a<\/a><\/div>                <\/div>\n            <\/div>\n        <\/div>\n    <\/div>\n<\/div>\n            <\/div>\n\n                    <\/div>\n        \t\t\t\t<\/div>\n\t\t\t\t<\/div>\n\t\t\t\t\t<\/div>\n\t\t<\/div>\n\t\t\t\t\t<\/div>\n\t\t<\/div>\n\t\t\t\t<div class=\"elementor-section elementor-top-section elementor-element elementor-element-112d624 elementor-section-stretched elementor-section-boxed elementor-section-height-default elementor-section-height-default\" data-id=\"112d624\" data-element_type=\"section\" data-e-type=\"section\" data-settings=\"{&quot;stretch_section&quot;:&quot;section-stretched&quot;}\">\n\t\t\t\t\t\t<div class=\"elementor-container elementor-column-gap-no\">\n\t\t\t\t\t<div class=\"elementor-column elementor-col-50 elementor-top-column elementor-element elementor-element-9c5a977\" data-id=\"9c5a977\" data-element_type=\"column\" data-e-type=\"column\">\n\t\t\t<div class=\"elementor-widget-wrap elementor-element-populated\">\n\t\t\t\t\t\t<div class=\"elementor-element elementor-element-2c39044 elementor-cta--valign-middle button-banner-style-bikys-outline elementor-bg-transform elementor-bg-transform-zoom-in elementor-widget elementor-widget-bikys-banner\" data-id=\"2c39044\" data-element_type=\"widget\" data-e-type=\"widget\" data-widget_type=\"bikys-banner.default\">\n\t\t\t\t<div class=\"elementor-widget-container\">\n\t\t\t\t\t        <a href=\"https:\/\/www.youtube.com\/channel\/UCWR__uH_RWJF-OhPfz-9-Qw\" target=\"_blank\" rel=\"nofollow\" class=\"elementor-cta--skin-cover elementor-cta elementor-bikys-banner\">\n                <div class=\"elementor-cta__bg-wrapper\">\n            <div class=\"elementor-cta__bg elementor-bg\" style=\"background-image: url(https:\/\/www.urbanbiker.com\/wp-content\/uploads\/2024\/11\/youtube-urbanbiker.jpg);\"><\/div>\n            <div class=\"elementor-cta__bg-overlay\"><\/div>\n        <\/div>\n            <div class=\"elementor-cta__content\">\n        <div class=\"elementor-cta__content_inner\">\n                <h3 class=\"elementor-cta__title elementor-cta__content-item elementor-content-item\">\n        \n                    <span class=\"elementor-headline-dynamic-wrapper elementor-headline-text-wrapper\">\n                            <span class=\"elementor-headline-dynamic-text elementor-headline-text-active\">youtube<\/span>\n                        <\/span>\n        \n                <\/h3>\n                <div class=\"elementor-cta__subtitle elementor-cta__content-item elementor-content-item\">\n            <span>conseils, mise en place...<\/span>\n        <\/div>\n            \n            <div class=\"elementor-cta__button-wrapper elementor-cta__content-item elementor-content-item \">\n        <span class=\"elementor-cta__button elementor-button\">\n        <span class=\"elementor-cta__button-content-wrapper\">\n                                <span class=\"elementor-cta__button-text\"> souscrire <\/span>\n                            <\/span>\n        <\/span>\n        <\/div>\n            <\/div>\n        <\/div>\n        <\/a>\n        \t\t\t\t<\/div>\n\t\t\t\t<\/div>\n\t\t\t\t\t<\/div>\n\t\t<\/div>\n\t\t\t\t<div class=\"elementor-column elementor-col-50 elementor-top-column elementor-element elementor-element-69bafb3\" data-id=\"69bafb3\" data-element_type=\"column\" data-e-type=\"column\">\n\t\t\t<div class=\"elementor-widget-wrap elementor-element-populated\">\n\t\t\t\t\t\t<div class=\"elementor-element elementor-element-6148548 elementor-cta--valign-middle button-banner-style-bikys-outline elementor-bg-transform elementor-bg-transform-zoom-in elementor-widget elementor-widget-bikys-banner\" data-id=\"6148548\" data-element_type=\"widget\" data-e-type=\"widget\" data-widget_type=\"bikys-banner.default\">\n\t\t\t\t<div class=\"elementor-widget-container\">\n\t\t\t\t\t        <a href=\"https:\/\/urbanbiker.zendesk.com\/\" target=\"_blank\" rel=\"nofollow\" class=\"elementor-cta--skin-cover elementor-cta elementor-bikys-banner\">\n                <div class=\"elementor-cta__bg-wrapper\">\n            <div class=\"elementor-cta__bg elementor-bg\" style=\"background-image: url(https:\/\/www.urbanbiker.com\/wp-content\/uploads\/2024\/11\/centro-de-ayuda-1.jpg);\"><\/div>\n            <div class=\"elementor-cta__bg-overlay\"><\/div>\n        <\/div>\n            <div class=\"elementor-cta__content\">\n        <div class=\"elementor-cta__content_inner\">\n                <h3 class=\"elementor-cta__title elementor-cta__content-item elementor-content-item\">\n                    <span class=\"elementor-headline-before-text elementor-headline-text-wrapper\">centre <br><\/span>\n        \n                    <span class=\"elementor-headline-dynamic-wrapper elementor-headline-text-wrapper\">\n                            <span class=\"elementor-headline-dynamic-text elementor-headline-text-active\">d'assistance<\/span>\n                        <\/span>\n        \n                <\/h3>\n                <div class=\"elementor-cta__subtitle elementor-cta__content-item elementor-content-item\">\n            <span>manuels, solutions...<\/span>\n        <\/div>\n            \n            <div class=\"elementor-cta__button-wrapper elementor-cta__content-item elementor-content-item \">\n        <span class=\"elementor-cta__button elementor-button\">\n        <span class=\"elementor-cta__button-content-wrapper\">\n                                <span class=\"elementor-cta__button-text\"> entrer <\/span>\n                            <\/span>\n        <\/span>\n        <\/div>\n            <\/div>\n        <\/div>\n        <\/a>\n        \t\t\t\t<\/div>\n\t\t\t\t<\/div>\n\t\t\t\t\t<\/div>\n\t\t<\/div>\n\t\t\t\t\t<\/div>\n\t\t<\/div>\n\t\t\t\t<div class=\"elementor-section elementor-top-section elementor-element elementor-element-4eae922 elementor-section-full_width elementor-section-stretched elementor-section-height-default elementor-section-height-default\" data-id=\"4eae922\" data-element_type=\"section\" data-e-type=\"section\" data-settings=\"{&quot;stretch_section&quot;:&quot;section-stretched&quot;}\">\n\t\t\t\t\t\t<div class=\"elementor-container elementor-column-gap-no\">\n\t\t\t\t\t<div class=\"elementor-column elementor-col-50 elementor-top-column elementor-element elementor-element-3e0b3e3\" data-id=\"3e0b3e3\" data-element_type=\"column\" data-e-type=\"column\">\n\t\t\t<div class=\"elementor-widget-wrap elementor-element-populated\">\n\t\t\t\t\t\t<div class=\"elementor-element elementor-element-b2da8a0 arrow-style-1 dot-style-1 elementor-widget elementor-widget-bikys-image-gallery\" data-id=\"b2da8a0\" data-element_type=\"widget\" data-e-type=\"widget\" data-widget_type=\"bikys-image-gallery.default\">\n\t\t\t\t<div class=\"elementor-widget-container\">\n\t\t\t\t\t\n        <div class=\"elementor-opal-image-gallery\">\n            <div class=\"row grid row\" data-elementor-columns=\"5\" data-elementor-columns-laptop=\"5\" data-elementor-columns-tablet-extra=\"5\" data-elementor-columns-tablet=\"5\" data-elementor-columns-mobile-extra=\"5\" data-elementor-columns-mobile=\"5\">\n                                    <div class=\"column-item grid__item masonry-item__all gallery_group_0\">\n                        <a data-elementor-open-lightbox=\"yes\" data-elementor-lightbox-slideshow=\"b2da8a0\"                           href=\"https:\/\/www.urbanbiker.com\/wp-content\/uploads\/2024\/10\/3-Urbanbiker.jpg\">\n                            <img decoding=\"async\" src=\"https:\/\/www.urbanbiker.com\/wp-content\/uploads\/2024\/10\/3-Urbanbiker.jpg\"\n                                 alt=\"Bicicletas el\u00e9ctricas Urbanbiker\"\/>\n                        <\/a>\n                    <\/div>\n                                    <div class=\"column-item grid__item masonry-item__all gallery_group_0\">\n                        <a data-elementor-open-lightbox=\"yes\" data-elementor-lightbox-slideshow=\"b2da8a0\"                           href=\"https:\/\/www.urbanbiker.com\/wp-content\/uploads\/2024\/10\/4-Urbanbiker.jpg\">\n                            <img decoding=\"async\" src=\"https:\/\/www.urbanbiker.com\/wp-content\/uploads\/2024\/10\/4-Urbanbiker.jpg\"\n                                 alt=\"Bicicletas el\u00e9ctricas Urbanbiker\"\/>\n                        <\/a>\n                    <\/div>\n                                    <div class=\"column-item grid__item masonry-item__all gallery_group_0\">\n                        <a data-elementor-open-lightbox=\"yes\" data-elementor-lightbox-slideshow=\"b2da8a0\"                           href=\"https:\/\/www.urbanbiker.com\/wp-content\/uploads\/2024\/10\/Urbanbiker_Dakota-122M-PLUS5.jpg\">\n                            <img decoding=\"async\" src=\"https:\/\/www.urbanbiker.com\/wp-content\/uploads\/2024\/10\/Urbanbiker_Dakota-122M-PLUS5.jpg\"\n                                 alt=\"Bicicletas el\u00e9ctricas Urbanbiker\"\/>\n                        <\/a>\n                    <\/div>\n                                    <div class=\"column-item grid__item masonry-item__all gallery_group_0\">\n                        <a data-elementor-open-lightbox=\"yes\" data-elementor-lightbox-slideshow=\"b2da8a0\"                           href=\"https:\/\/www.urbanbiker.com\/wp-content\/uploads\/2024\/10\/1-Urbanbiker.jpg\">\n                            <img decoding=\"async\" src=\"https:\/\/www.urbanbiker.com\/wp-content\/uploads\/2024\/10\/1-Urbanbiker.jpg\"\n                                 alt=\"Bicicletas el\u00e9ctricas Urbanbiker\"\/>\n                        <\/a>\n                    <\/div>\n                                    <div class=\"column-item grid__item masonry-item__all gallery_group_0\">\n                        <a data-elementor-open-lightbox=\"yes\" data-elementor-lightbox-slideshow=\"b2da8a0\"                           href=\"https:\/\/www.urbanbiker.com\/wp-content\/uploads\/2024\/10\/2-Urbanbiker.jpg\">\n                            <img decoding=\"async\" src=\"https:\/\/www.urbanbiker.com\/wp-content\/uploads\/2024\/10\/2-Urbanbiker.jpg\"\n                                 alt=\"Bicicletas el\u00e9ctricas Urbanbiker\"\/>\n                        <\/a>\n                    <\/div>\n                            <\/div>\n        <\/div>\n\n        \t\t\t\t<\/div>\n\t\t\t\t<\/div>\n\t\t\t\t\t<\/div>\n\t\t<\/div>\n\t\t\t\t<div class=\"elementor-column elementor-col-50 elementor-top-column elementor-element elementor-element-14af137\" data-id=\"14af137\" data-element_type=\"column\" data-e-type=\"column\" data-settings=\"{&quot;background_background&quot;:&quot;classic&quot;}\">\n\t\t\t<div class=\"elementor-widget-wrap elementor-element-populated\">\n\t\t\t\t\t<div class=\"elementor-background-overlay\"><\/div>\n\t\t\t\t\t\t<div class=\"elementor-element elementor-element-9d41d80 elementor-view-default elementor-position-block-start elementor-mobile-position-block-start elementor-widget elementor-widget-icon-box\" data-id=\"9d41d80\" data-element_type=\"widget\" data-e-type=\"widget\" data-widget_type=\"icon-box.default\">\n\t\t\t\t<div class=\"elementor-widget-container\">\n\t\t\t\t\t\t\t<div class=\"elementor-icon-box-wrapper\">\n\n\t\t\t\t\t\t<div class=\"elementor-icon-box-icon\">\n\t\t\t\t<a href=\"https:\/\/www.instagram.com\/urbanbiker_\" class=\"elementor-icon\" tabindex=\"-1\" aria-label=\"TAG US\">\n\t\t\t\t<i aria-hidden=\"true\" class=\"fab fa-instagram\"><\/i>\t\t\t\t<\/a>\n\t\t\t<\/div>\n\t\t\t\n\t\t\t\t\t\t<div class=\"elementor-icon-box-content\">\n\n\t\t\t\t\t\t\t\t\t<h3 class=\"elementor-icon-box-title\">\n\t\t\t\t\t\t<a href=\"https:\/\/www.instagram.com\/urbanbiker_\" >\n\t\t\t\t\t\t\tTAG US\t\t\t\t\t\t<\/a>\n\t\t\t\t\t<\/h3>\n\t\t\t\t\n\t\t\t\t\t\t\t\t\t<p class=\"elementor-icon-box-description\">\n\t\t\t\t\t\t@urbanbiker_\t\t\t\t\t<\/p>\n\t\t\t\t\n\t\t\t<\/div>\n\t\t\t\n\t\t<\/div>\n\t\t\t\t\t\t<\/div>\n\t\t\t\t<\/div>\n\t\t\t\t\t<\/div>\n\t\t<\/div>\n\t\t\t\t\t<\/div>\n\t\t<\/div>\n\t\t\t\t<\/div>\n\t\t","protected":false},"excerpt":{"rendered":"<p>URBANBIKER EBIKES voir tout COMPOSANTS ORIGINAUX voir tout DISTRIBUTEURS OFFICIELS voir tout v\u00e9los \u00e9lectriques urbains VOIR TOUT En stock Ebikes UrbanBiker, Trekking, Urbains UB300B FE | VTC \u00c9lectrique Equipement complet 1.799,00&euro; Choix des options Ce produit a plusieurs variations. Les options peuvent \u00eatre choisies sur la page du produit Ajouter \u00e0 la liste des souhaits [&hellip;]<\/p>\n","protected":false},"author":1,"featured_media":0,"parent":0,"menu_order":0,"comment_status":"closed","ping_status":"closed","template":"","meta":{"footnotes":""},"class_list":["post-36697","page","type-page","status-publish","hentry"],"yoast_head":"<!-- This site is optimized with the Yoast SEO plugin v27.5 - https:\/\/yoast.com\/product\/yoast-seo-wordpress\/ -->\n<title>Accueil UrbanBiker | UrbanBiker<\/title>\n<meta name=\"description\" content=\"Accueil UrbanBiker\" \/>\n<meta name=\"robots\" content=\"index, follow, max-snippet:-1, max-image-preview:large, max-video-preview:-1\" \/>\n<link rel=\"canonical\" href=\"https:\/\/www.urbanbiker.com\/fr\/\" \/>\n<meta property=\"og:locale\" content=\"fr_FR\" \/>\n<meta property=\"og:type\" content=\"article\" \/>\n<meta property=\"og:title\" content=\"Accueil UrbanBiker | UrbanBiker\" \/>\n<meta property=\"og:description\" content=\"Accueil UrbanBiker\" \/>\n<meta property=\"og:url\" content=\"https:\/\/www.urbanbiker.com\/fr\/\" \/>\n<meta property=\"og:site_name\" content=\"UrbanBiker\" \/>\n<meta property=\"article:publisher\" content=\"https:\/\/www.facebook.com\/Urbanbikerbiciselectricas\" \/>\n<meta property=\"article:modified_time\" content=\"2026-02-27T09:48:01+00:00\" \/>\n<meta property=\"og:image\" content=\"https:\/\/www.urbanbiker.com\/wp-content\/uploads\/2026\/01\/UB300B-FE-01-450x450.jpg\" \/>\n<meta name=\"twitter:card\" content=\"summary_large_image\" \/>\n<meta name=\"twitter:label1\" content=\"Dur\u00e9e de lecture estim\u00e9e\" \/>\n\t<meta name=\"twitter:data1\" content=\"10 minutes\" \/>\n<script type=\"application\/ld+json\" class=\"yoast-schema-graph\">{\"@context\":\"https:\\\/\\\/schema.org\",\"@graph\":[{\"@type\":\"WebPage\",\"@id\":\"https:\\\/\\\/www.urbanbiker.com\\\/fr\\\/\",\"url\":\"https:\\\/\\\/www.urbanbiker.com\\\/fr\\\/\",\"name\":\"Accueil UrbanBiker | UrbanBiker\",\"isPartOf\":{\"@id\":\"https:\\\/\\\/www.urbanbiker.com\\\/fr\\\/#website\"},\"primaryImageOfPage\":{\"@id\":\"https:\\\/\\\/www.urbanbiker.com\\\/fr\\\/#primaryimage\"},\"image\":{\"@id\":\"https:\\\/\\\/www.urbanbiker.com\\\/fr\\\/#primaryimage\"},\"thumbnailUrl\":\"https:\\\/\\\/www.urbanbiker.com\\\/wp-content\\\/uploads\\\/2026\\\/01\\\/UB300B-FE-01-450x450.jpg\",\"datePublished\":\"2024-10-24T14:08:51+00:00\",\"dateModified\":\"2026-02-27T09:48:01+00:00\",\"description\":\"Accueil UrbanBiker\",\"breadcrumb\":{\"@id\":\"https:\\\/\\\/www.urbanbiker.com\\\/fr\\\/#breadcrumb\"},\"inLanguage\":\"fr-FR\",\"potentialAction\":[{\"@type\":\"ReadAction\",\"target\":[\"https:\\\/\\\/www.urbanbiker.com\\\/fr\\\/\"]}]},{\"@type\":\"ImageObject\",\"inLanguage\":\"fr-FR\",\"@id\":\"https:\\\/\\\/www.urbanbiker.com\\\/fr\\\/#primaryimage\",\"url\":\"https:\\\/\\\/www.urbanbiker.com\\\/wp-content\\\/uploads\\\/2026\\\/01\\\/UB300B-FE-01-450x450.jpg\",\"contentUrl\":\"https:\\\/\\\/www.urbanbiker.com\\\/wp-content\\\/uploads\\\/2026\\\/01\\\/UB300B-FE-01-450x450.jpg\"},{\"@type\":\"BreadcrumbList\",\"@id\":\"https:\\\/\\\/www.urbanbiker.com\\\/fr\\\/#breadcrumb\",\"itemListElement\":[{\"@type\":\"ListItem\",\"position\":1,\"name\":\"Portada\",\"item\":\"https:\\\/\\\/www.urbanbiker.com\\\/fr\\\/\"},{\"@type\":\"ListItem\",\"position\":2,\"name\":\"Accueil UrbanBiker\"}]},{\"@type\":\"WebSite\",\"@id\":\"https:\\\/\\\/www.urbanbiker.com\\\/fr\\\/#website\",\"url\":\"https:\\\/\\\/www.urbanbiker.com\\\/fr\\\/\",\"name\":\"UrbanBiker\",\"description\":\"V\u00e9los \u00e9lectriques\",\"publisher\":{\"@id\":\"https:\\\/\\\/www.urbanbiker.com\\\/fr\\\/#organization\"},\"potentialAction\":[{\"@type\":\"SearchAction\",\"target\":{\"@type\":\"EntryPoint\",\"urlTemplate\":\"https:\\\/\\\/www.urbanbiker.com\\\/fr\\\/?s={search_term_string}\"},\"query-input\":{\"@type\":\"PropertyValueSpecification\",\"valueRequired\":true,\"valueName\":\"search_term_string\"}}],\"inLanguage\":\"fr-FR\"},{\"@type\":\"Organization\",\"@id\":\"https:\\\/\\\/www.urbanbiker.com\\\/fr\\\/#organization\",\"name\":\"UrbanBiker\",\"url\":\"https:\\\/\\\/www.urbanbiker.com\\\/fr\\\/\",\"logo\":{\"@type\":\"ImageObject\",\"inLanguage\":\"fr-FR\",\"@id\":\"https:\\\/\\\/www.urbanbiker.com\\\/fr\\\/#\\\/schema\\\/logo\\\/image\\\/\",\"url\":\"https:\\\/\\\/www.urbanbiker.com\\\/wp-content\\\/uploads\\\/2022\\\/09\\\/Logo-principal-sin-fondo.png\",\"contentUrl\":\"https:\\\/\\\/www.urbanbiker.com\\\/wp-content\\\/uploads\\\/2022\\\/09\\\/Logo-principal-sin-fondo.png\",\"width\":2560,\"height\":934,\"caption\":\"UrbanBiker\"},\"image\":{\"@id\":\"https:\\\/\\\/www.urbanbiker.com\\\/fr\\\/#\\\/schema\\\/logo\\\/image\\\/\"},\"sameAs\":[\"https:\\\/\\\/www.facebook.com\\\/Urbanbikerbiciselectricas\",\"https:\\\/\\\/www.instagram.com\\\/urbanbiker_\\\/\",\"https:\\\/\\\/www.linkedin.com\\\/company\\\/2454235\",\"https:\\\/\\\/www.youtube.com\\\/channel\\\/UCWR__uH_RWJF-OhPfz-9-Qw\"]}]}<\/script>\n<!-- \/ Yoast SEO plugin. -->","yoast_head_json":{"title":"Accueil UrbanBiker | UrbanBiker","description":"Accueil UrbanBiker","robots":{"index":"index","follow":"follow","max-snippet":"max-snippet:-1","max-image-preview":"max-image-preview:large","max-video-preview":"max-video-preview:-1"},"canonical":"https:\/\/www.urbanbiker.com\/fr\/","og_locale":"fr_FR","og_type":"article","og_title":"Accueil UrbanBiker | UrbanBiker","og_description":"Accueil UrbanBiker","og_url":"https:\/\/www.urbanbiker.com\/fr\/","og_site_name":"UrbanBiker","article_publisher":"https:\/\/www.facebook.com\/Urbanbikerbiciselectricas","article_modified_time":"2026-02-27T09:48:01+00:00","og_image":[{"url":"https:\/\/www.urbanbiker.com\/wp-content\/uploads\/2026\/01\/UB300B-FE-01-450x450.jpg","type":"","width":"","height":""}],"twitter_card":"summary_large_image","twitter_misc":{"Dur\u00e9e de lecture estim\u00e9e":"10 minutes"},"schema":{"@context":"https:\/\/schema.org","@graph":[{"@type":"WebPage","@id":"https:\/\/www.urbanbiker.com\/fr\/","url":"https:\/\/www.urbanbiker.com\/fr\/","name":"Accueil UrbanBiker | UrbanBiker","isPartOf":{"@id":"https:\/\/www.urbanbiker.com\/fr\/#website"},"primaryImageOfPage":{"@id":"https:\/\/www.urbanbiker.com\/fr\/#primaryimage"},"image":{"@id":"https:\/\/www.urbanbiker.com\/fr\/#primaryimage"},"thumbnailUrl":"https:\/\/www.urbanbiker.com\/wp-content\/uploads\/2026\/01\/UB300B-FE-01-450x450.jpg","datePublished":"2024-10-24T14:08:51+00:00","dateModified":"2026-02-27T09:48:01+00:00","description":"Accueil UrbanBiker","breadcrumb":{"@id":"https:\/\/www.urbanbiker.com\/fr\/#breadcrumb"},"inLanguage":"fr-FR","potentialAction":[{"@type":"ReadAction","target":["https:\/\/www.urbanbiker.com\/fr\/"]}]},{"@type":"ImageObject","inLanguage":"fr-FR","@id":"https:\/\/www.urbanbiker.com\/fr\/#primaryimage","url":"https:\/\/www.urbanbiker.com\/wp-content\/uploads\/2026\/01\/UB300B-FE-01-450x450.jpg","contentUrl":"https:\/\/www.urbanbiker.com\/wp-content\/uploads\/2026\/01\/UB300B-FE-01-450x450.jpg"},{"@type":"BreadcrumbList","@id":"https:\/\/www.urbanbiker.com\/fr\/#breadcrumb","itemListElement":[{"@type":"ListItem","position":1,"name":"Portada","item":"https:\/\/www.urbanbiker.com\/fr\/"},{"@type":"ListItem","position":2,"name":"Accueil UrbanBiker"}]},{"@type":"WebSite","@id":"https:\/\/www.urbanbiker.com\/fr\/#website","url":"https:\/\/www.urbanbiker.com\/fr\/","name":"UrbanBiker","description":"V\u00e9los \u00e9lectriques","publisher":{"@id":"https:\/\/www.urbanbiker.com\/fr\/#organization"},"potentialAction":[{"@type":"SearchAction","target":{"@type":"EntryPoint","urlTemplate":"https:\/\/www.urbanbiker.com\/fr\/?s={search_term_string}"},"query-input":{"@type":"PropertyValueSpecification","valueRequired":true,"valueName":"search_term_string"}}],"inLanguage":"fr-FR"},{"@type":"Organization","@id":"https:\/\/www.urbanbiker.com\/fr\/#organization","name":"UrbanBiker","url":"https:\/\/www.urbanbiker.com\/fr\/","logo":{"@type":"ImageObject","inLanguage":"fr-FR","@id":"https:\/\/www.urbanbiker.com\/fr\/#\/schema\/logo\/image\/","url":"https:\/\/www.urbanbiker.com\/wp-content\/uploads\/2022\/09\/Logo-principal-sin-fondo.png","contentUrl":"https:\/\/www.urbanbiker.com\/wp-content\/uploads\/2022\/09\/Logo-principal-sin-fondo.png","width":2560,"height":934,"caption":"UrbanBiker"},"image":{"@id":"https:\/\/www.urbanbiker.com\/fr\/#\/schema\/logo\/image\/"},"sameAs":["https:\/\/www.facebook.com\/Urbanbikerbiciselectricas","https:\/\/www.instagram.com\/urbanbiker_\/","https:\/\/www.linkedin.com\/company\/2454235","https:\/\/www.youtube.com\/channel\/UCWR__uH_RWJF-OhPfz-9-Qw"]}]}},"_links":{"self":[{"href":"https:\/\/www.urbanbiker.com\/fr\/wp-json\/wp\/v2\/pages\/36697","targetHints":{"allow":["GET"]}}],"collection":[{"href":"https:\/\/www.urbanbiker.com\/fr\/wp-json\/wp\/v2\/pages"}],"about":[{"href":"https:\/\/www.urbanbiker.com\/fr\/wp-json\/wp\/v2\/types\/page"}],"author":[{"embeddable":true,"href":"https:\/\/www.urbanbiker.com\/fr\/wp-json\/wp\/v2\/users\/1"}],"replies":[{"embeddable":true,"href":"https:\/\/www.urbanbiker.com\/fr\/wp-json\/wp\/v2\/comments?post=36697"}],"version-history":[{"count":6,"href":"https:\/\/www.urbanbiker.com\/fr\/wp-json\/wp\/v2\/pages\/36697\/revisions"}],"predecessor-version":[{"id":61860,"href":"https:\/\/www.urbanbiker.com\/fr\/wp-json\/wp\/v2\/pages\/36697\/revisions\/61860"}],"wp:attachment":[{"href":"https:\/\/www.urbanbiker.com\/fr\/wp-json\/wp\/v2\/media?parent=36697"}],"curies":[{"name":"wp","href":"https:\/\/api.w.org\/{rel}","templated":true}]}}