{"id":61473,"date":"2026-02-18T13:46:51","date_gmt":"2026-02-18T12:46:51","guid":{"rendered":"https:\/\/www.urbanbiker.com\/?post_type=product&#038;p=61473"},"modified":"2026-04-24T10:11:48","modified_gmt":"2026-04-24T08:11:48","slug":"ub300b-fe-trekking-e-bike-vollausgestattet","status":"publish","type":"product","link":"https:\/\/www.urbanbiker.com\/de\/produkt\/ub300b-fe-trekking-e-bike-vollausgestattet\/","title":{"rendered":"UB300B FE | Trekking E-Bike Vollausgestattet"},"content":{"rendered":"\t\t<div data-elementor-type=\"wp-post\" data-elementor-id=\"61473\" class=\"elementor elementor-61473 elementor-61470\">\n\t\t\t\t\t\t<section class=\"elementor-section elementor-top-section elementor-element elementor-element-7a7f464 elementor-section-boxed elementor-section-height-default elementor-section-height-default\" data-id=\"7a7f464\" data-element_type=\"section\" data-e-type=\"section\">\n\t\t\t\t\t\t<div class=\"elementor-container elementor-column-gap-default\">\n\t\t\t\t\t<div class=\"elementor-column elementor-col-100 elementor-top-column elementor-element elementor-element-7cc48a35\" data-id=\"7cc48a35\" data-element_type=\"column\" data-e-type=\"column\">\n\t\t\t<div class=\"elementor-widget-wrap elementor-element-populated\">\n\t\t\t\t\n\t\t<div class=\"elementor-element elementor-element-6133a932 elementor-widget elementor-widget-text-editor\" data-id=\"6133a932\" data-element_type=\"widget\" data-e-type=\"widget\" data-widget_type=\"text-editor.default\">\n\t\t\t\t<div class=\"elementor-widget-container\">\n\t\t\t\t\t\t\t\t\t<h1>Vollausgetattetes Trekking\u00a0 E-bike UB300B FE<\/h1><p>Technologie im Dienst Ihrer Mobilit\u00e4t:<\/p><p>Das <strong>UB300B FE<\/strong> vereint Technologie, die f\u00fcr lange Strecken und vielseitige Eins\u00e4tze entwickelt wurde \u2013 von Waldwegen bis hin zum t\u00e4glichen Pendeln, stets mit einem komfortablen und stabilen Fahrgef\u00fchl.<\/p><ul><li><b data-path-to-node=\"23,0,0\" data-index-in-node=\"0\">250 W Bafang-Hinterradmotor:<\/b><span class=\"citation-9 recitation citation-end-9\"> Sanfte, leise und effiziente Unterst\u00fctzung bis 25 km\/h, ideal f\u00fcr Steigungen und l\u00e4ngere Touren.<\/span><\/li><li><b data-path-to-node=\"23,1,0\" data-index-in-node=\"0\">Integrierter und entnehmbarer 48V 720 Wh (15 Ah) Akku mit Smart BMS:<\/b> Im Rahmen gesch\u00fctzt, inklusive Diebstahlsicherung und Ladeger\u00e4t. Bietet eine Reichweite von bis zu 140 km im ECO-Modus.<\/li><li><b data-path-to-node=\"23,2,0\" data-index-in-node=\"0\">Hydraulische Scheibenbremsen:<\/b> Kraftvolle und progressive Bremsleistung f\u00fcr sicheres Reagieren auf Asphalt und Pisten.<\/li><li><b data-path-to-node=\"23,3,0\" data-index-in-node=\"0\">Gr\u00f6\u00dfenspezifische Bereifung:<\/b> 2,15&#8243; und 2,2\u201d-Reifen f\u00fcr Stabilit\u00e4t und Kontrolle. Bei 27,5\u201d, Kenda 2,15\u201d f\u00fcr agileres Handling; bei 29\u201d, Maxxis 2,2\u201d f\u00fcr laufruhiges Fahren auf Langstrecken.<\/li><li><b data-path-to-node=\"23,4,0\" data-index-in-node=\"0\">Bafang LCD-Display mit Bluetooth:<\/b> \u00dcbersichtliche Schnittstelle f\u00fcr Geschwindigkeit und Unterst\u00fctzungsstufe, koppelbar mit der Bafang Go App.<\/li><li><b data-path-to-node=\"23,5,0\" data-index-in-node=\"0\">38T Kettenblatt:<\/b> Optimiert f\u00fcr leichtl\u00e4ufiges Fahren in flachem Gel\u00e4nde und ein angenehmes Tempo.<\/li><\/ul><p>Das <strong>UB300B FE<\/strong> bietet eine komfortable Fahrposition und ein ausgewogenes Fahrverhalten, um Kilometer f\u00fcr Kilometer voller Vertrauen zur\u00fcckzulegen. Die elektrische Unterst\u00fctzung erm\u00f6glicht es, die Anstrengung an die k\u00f6rperliche Verfassung des jeweiligen Nutzers anzupassen, was l\u00e4ngere Touren erleichtert, ohne das Fahrgef\u00fchl oder den Fahrspa\u00df zu beeintr\u00e4chtigen.<\/p><p>Serienm\u00e4\u00dfig ausgestattet mit SKS-Schutzblechen, Gep\u00e4cktr\u00e4ger sowie Vorder- und R\u00fccklicht, erweitert das <strong>UB300B FE<\/strong> seinen Einsatzbereich \u00fcber die Freizeit hinaus und wird zu einem E-Bike, das Sie in jeder Alltagssituation zuverl\u00e4ssig begleitet.<\/p>\t\t\t\t\t\t\t\t<\/div>\n\t\t\t\t<\/div>\n\t\t\t\t\t<\/div>\n\t\t<\/div>\n\t\t\t\t\t<\/div>\n\t\t<\/section>\n\t\t\t\t<section class=\"elementor-section elementor-top-section elementor-element elementor-element-923693c elementor-section-boxed elementor-section-height-default elementor-section-height-default\" data-id=\"923693c\" data-element_type=\"section\" data-e-type=\"section\">\n\t\t\t\t\t\t<div class=\"elementor-container elementor-column-gap-default\">\n\t\t\t\t\t<div class=\"elementor-column elementor-col-50 elementor-top-column elementor-element elementor-element-236b255\" data-id=\"236b255\" data-element_type=\"column\" data-e-type=\"column\">\n\t\t\t<div class=\"elementor-widget-wrap elementor-element-populated\">\n\t\t\t\t\t\t<div class=\"elementor-element elementor-element-8de6a4e elementor-widget elementor-widget-video\" data-id=\"8de6a4e\" data-element_type=\"widget\" data-e-type=\"widget\" data-settings=\"{&quot;youtube_url&quot;:&quot;https:\\\/\\\/www.youtube.com\\\/watch?v=jd8cSRfJmsc&quot;,&quot;video_type&quot;:&quot;youtube&quot;}\" data-widget_type=\"video.default\">\n\t\t\t\t<div class=\"elementor-widget-container\">\n\t\t\t\t\t\t\t<div class=\"elementor-wrapper elementor-open-inline\">\n\t\t\t<div class=\"elementor-video\"><\/div>\t\t<\/div>\n\t\t\t\t\t\t<\/div>\n\t\t\t\t<\/div>\n\t\t\t\t\t<\/div>\n\t\t<\/div>\n\t\t\t\t<div class=\"elementor-column elementor-col-50 elementor-top-column elementor-element elementor-element-d5bff8a\" data-id=\"d5bff8a\" data-element_type=\"column\" data-e-type=\"column\">\n\t\t\t<div class=\"elementor-widget-wrap elementor-element-populated\">\n\t\t\t\t\t\t<div class=\"elementor-element elementor-element-ab7c6a4 elementor-widget elementor-widget-video\" data-id=\"ab7c6a4\" data-element_type=\"widget\" data-e-type=\"widget\" data-settings=\"{&quot;youtube_url&quot;:&quot;https:\\\/\\\/youtu.be\\\/htxbGU6CpPU&quot;,&quot;video_type&quot;:&quot;youtube&quot;}\" data-widget_type=\"video.default\">\n\t\t\t\t<div class=\"elementor-widget-container\">\n\t\t\t\t\t\t\t<div class=\"elementor-wrapper elementor-open-inline\">\n\t\t\t<div class=\"elementor-video\"><\/div>\t\t<\/div>\n\t\t\t\t\t\t<\/div>\n\t\t\t\t<\/div>\n\t\t\t\t\t<\/div>\n\t\t<\/div>\n\t\t\t\t\t<\/div>\n\t\t<\/section>\n\t\t\t\t<section class=\"elementor-section elementor-top-section elementor-element elementor-element-4f27456 elementor-section-boxed elementor-section-height-default elementor-section-height-default\" data-id=\"4f27456\" data-element_type=\"section\" data-e-type=\"section\">\n\t\t\t\t\t\t<div class=\"elementor-container elementor-column-gap-default\">\n\t\t\t\t\t<div class=\"elementor-column elementor-col-100 elementor-top-column elementor-element elementor-element-6a530dd\" data-id=\"6a530dd\" data-element_type=\"column\" data-e-type=\"column\">\n\t\t\t<div class=\"elementor-widget-wrap elementor-element-populated\">\n\t\t\t\t\t\t<div class=\"elementor-element elementor-element-566fe44 elementor-widget elementor-widget-text-editor\" data-id=\"566fe44\" data-element_type=\"widget\" data-e-type=\"widget\" data-widget_type=\"text-editor.default\">\n\t\t\t\t<div class=\"elementor-widget-container\">\n\t\t\t\t\t\t\t\t\t<p><strong>Bereit f\u00fcr den ersten Schritt?<\/strong><br \/>W\u00e4hlen Sie Komfort, Bewegungsfreiheit und durchdachtes Design mit der\u00a0<strong>UB300B FE.<\/strong> Jetzt online bestellen und so mobil sein, wie Sie es sich immer gew\u00fcnscht haben \u2013 ohne Grenzen, mit voller Sicherheit.<\/p><p><strong>Zertifizierte Qualit\u00e4t und Langlebigkeit<\/strong><br \/>Das <strong>Elektro-Trekkingbike UB300B FE<\/strong>\u00a0ist nach den europ\u00e4ischen Richtlinien 2006\/42\/EG und 2004\/10\/EG f\u00fcr den Verkehr offiziell zugelassen und erf\u00fcllt h\u00f6chste Anforderungen an Sicherheit und Verarbeitungsqualit\u00e4t.<\/p><p><em>*Technische Komponenten k\u00f6nnen je nach Verf\u00fcgbarkeit variieren, erf\u00fcllen aber stets unsere h\u00f6chsten Qualit\u00e4tsstandards.<\/em><\/p>\t\t\t\t\t\t\t\t<\/div>\n\t\t\t\t<\/div>\n\t\t\t\t\t<\/div>\n\t\t<\/div>\n\t\t\t\t\t<\/div>\n\t\t<\/section>\n\t\t\t\t<section class=\"elementor-section elementor-top-section elementor-element elementor-element-c3398d3 elementor-section-boxed elementor-section-height-default elementor-section-height-default\" data-id=\"c3398d3\" data-element_type=\"section\" data-e-type=\"section\">\n\t\t\t\t\t\t<div class=\"elementor-container elementor-column-gap-default\">\n\t\t\t\t\t<div class=\"elementor-column elementor-col-100 elementor-top-column elementor-element elementor-element-b0a8312\" data-id=\"b0a8312\" data-element_type=\"column\" data-e-type=\"column\">\n\t\t\t<div class=\"elementor-widget-wrap elementor-element-populated\">\n\t\t\t\t\t\t<div class=\"elementor-element elementor-element-2fe6264 elementor-widget elementor-widget-text-editor\" data-id=\"2fe6264\" data-element_type=\"widget\" data-e-type=\"widget\" data-widget_type=\"text-editor.default\">\n\t\t\t\t<div class=\"elementor-widget-container\">\n\t\t\t\t\t\t\t\t\t<h3 style=\"text-align: center;\"><strong>Support durch UrbanBiker<\/strong><\/h3>\t\t\t\t\t\t\t\t<\/div>\n\t\t\t\t<\/div>\n\t\t\t\t\t<\/div>\n\t\t<\/div>\n\t\t\t\t\t<\/div>\n\t\t<\/section>\n\t\t\t\t<section class=\"elementor-section elementor-top-section elementor-element elementor-element-d211fe elementor-section-boxed elementor-section-height-default elementor-section-height-default\" data-id=\"d211fe\" data-element_type=\"section\" data-e-type=\"section\">\n\t\t\t\t\t\t<div class=\"elementor-container elementor-column-gap-default\">\n\t\t\t\t\t<div class=\"elementor-column elementor-col-50 elementor-top-column elementor-element elementor-element-79acc67b\" data-id=\"79acc67b\" data-element_type=\"column\" data-e-type=\"column\">\n\t\t\t<div class=\"elementor-widget-wrap elementor-element-populated\">\n\t\t\t\t\t\t<div class=\"elementor-element elementor-element-3194c7c elementor-widget elementor-widget-text-editor\" data-id=\"3194c7c\" data-element_type=\"widget\" data-e-type=\"widget\" data-widget_type=\"text-editor.default\">\n\t\t\t\t<div class=\"elementor-widget-container\">\n\t\t\t\t\t\t\t\t\t<h4>Wartung und Reparatur<\/h4><p>Handb\u00fccher und Anleitungen, Schritt-f\u00fcr-Schritt-Anleitungen, kompatible Ersatzteile: Hier finden Sie alle Informationen, die Sie f\u00fcr die einfache Wartung und Reparatur Ihres Produkts ben\u00f6tigen.<\/p>\t\t\t\t\t\t\t\t<\/div>\n\t\t\t\t<\/div>\n\t\t\t\t<section class=\"elementor-section elementor-inner-section elementor-element elementor-element-11e1ef3a elementor-section-boxed elementor-section-height-default elementor-section-height-default\" data-id=\"11e1ef3a\" data-element_type=\"section\" data-e-type=\"section\">\n\t\t\t\t\t\t<div class=\"elementor-container elementor-column-gap-extended\">\n\t\t\t\t\t<div class=\"elementor-column elementor-col-50 elementor-inner-column elementor-element elementor-element-50a05c70\" data-id=\"50a05c70\" data-element_type=\"column\" data-e-type=\"column\">\n\t\t\t<div class=\"elementor-widget-wrap elementor-element-populated\">\n\t\t\t\t\t\t<div class=\"elementor-element elementor-element-66e84f7 elementor-align-center elementor-button-outline elementor-widget elementor-widget-button\" data-id=\"66e84f7\" data-element_type=\"widget\" data-e-type=\"widget\" data-widget_type=\"button.default\">\n\t\t\t\t<div class=\"elementor-widget-container\">\n\t\t\t\t\t\t\t\t\t<div class=\"elementor-button-wrapper\">\n\t\t\t\t\t<a class=\"elementor-button elementor-button-link elementor-size-sm\" href=\"https:\/\/ebikedeutschland.zendesk.com\/\">\n\t\t\t\t\t\t<span class=\"elementor-button-content-wrapper\">\n\t\t\t\t\t\t\t\t\t<span class=\"elementor-button-text\">Hilfe<br>Center<\/span>\n\t\t\t\t\t<\/span>\n\t\t\t\t\t<\/a>\n\t\t\t\t<\/div>\n\t\t\t\t\t\t\t\t<\/div>\n\t\t\t\t<\/div>\n\t\t\t\t\t<\/div>\n\t\t<\/div>\n\t\t\t\t<div class=\"elementor-column elementor-col-50 elementor-inner-column elementor-element elementor-element-2860188a\" data-id=\"2860188a\" data-element_type=\"column\" data-e-type=\"column\">\n\t\t\t<div class=\"elementor-widget-wrap elementor-element-populated\">\n\t\t\t\t\t\t<div class=\"elementor-element elementor-element-9fbf08c elementor-align-center elementor-button-default elementor-widget elementor-widget-button\" data-id=\"9fbf08c\" data-element_type=\"widget\" data-e-type=\"widget\" data-widget_type=\"button.default\">\n\t\t\t\t<div class=\"elementor-widget-container\">\n\t\t\t\t\t\t\t\t\t<div class=\"elementor-button-wrapper\">\n\t\t\t\t\t<a class=\"elementor-button elementor-button-link elementor-size-sm\" href=\"https:\/\/www.urbanbiker.com\/de\/produktkategorie\/komponenten\/?filter_ebike=ub300-fe\">\n\t\t\t\t\t\t<span class=\"elementor-button-content-wrapper\">\n\t\t\t\t\t\t\t\t\t<span class=\"elementor-button-text\">Ersatz-<br>teile<\/span>\n\t\t\t\t\t<\/span>\n\t\t\t\t\t<\/a>\n\t\t\t\t<\/div>\n\t\t\t\t\t\t\t\t<\/div>\n\t\t\t\t<\/div>\n\t\t\t\t\t<\/div>\n\t\t<\/div>\n\t\t\t\t\t<\/div>\n\t\t<\/section>\n\t\t\t\t<div class=\"elementor-element elementor-element-8714ec0 elementor-align-justify elementor-button-info elementor-widget elementor-widget-button\" data-id=\"8714ec0\" data-element_type=\"widget\" data-e-type=\"widget\" data-widget_type=\"button.default\">\n\t\t\t\t<div class=\"elementor-widget-container\">\n\t\t\t\t\t\t\t\t\t<div class=\"elementor-button-wrapper\">\n\t\t\t\t\t<a class=\"elementor-button elementor-button-link elementor-size-sm\" href=\"https:\/\/www.urbanbiker.com\/de\/offizielle-vertriebspartner\/\">\n\t\t\t\t\t\t<span class=\"elementor-button-content-wrapper\">\n\t\t\t\t\t\t\t\t\t<span class=\"elementor-button-text\">Finden Sie Ihr n\u00e4chstes Gesch\u00e4ft \/ Werkstatt<\/span>\n\t\t\t\t\t<\/span>\n\t\t\t\t\t<\/a>\n\t\t\t\t<\/div>\n\t\t\t\t\t\t\t\t<\/div>\n\t\t\t\t<\/div>\n\t\t\t\t\t<\/div>\n\t\t<\/div>\n\t\t\t\t<div class=\"elementor-column elementor-col-50 elementor-top-column elementor-element elementor-element-448221a6\" data-id=\"448221a6\" data-element_type=\"column\" data-e-type=\"column\">\n\t\t\t<div class=\"elementor-widget-wrap elementor-element-populated\">\n\t\t\t\t\t\t<div class=\"elementor-element elementor-element-7212438b elementor-widget elementor-widget-image\" data-id=\"7212438b\" data-element_type=\"widget\" data-e-type=\"widget\" data-widget_type=\"image.default\">\n\t\t\t\t<div class=\"elementor-widget-container\">\n\t\t\t\t\t\t\t\t\t\t\t\t\t\t\t<img fetchpriority=\"high\" decoding=\"async\" width=\"980\" height=\"654\" src=\"https:\/\/www.urbanbiker.com\/wp-content\/uploads\/2024\/11\/servicio-tecnico-1024x683.jpg\" class=\"attachment-large size-large wp-image-35002\" alt=\"\" srcset=\"https:\/\/www.urbanbiker.com\/wp-content\/uploads\/2024\/11\/servicio-tecnico-1024x683.jpg 1024w, https:\/\/www.urbanbiker.com\/wp-content\/uploads\/2024\/11\/servicio-tecnico-300x200.jpg 300w, https:\/\/www.urbanbiker.com\/wp-content\/uploads\/2024\/11\/servicio-tecnico-768x512.jpg 768w, https:\/\/www.urbanbiker.com\/wp-content\/uploads\/2024\/11\/servicio-tecnico-800x533.jpg 800w, https:\/\/www.urbanbiker.com\/wp-content\/uploads\/2024\/11\/servicio-tecnico.jpg 1200w\" sizes=\"(max-width: 980px) 100vw, 980px\" \/>\t\t\t\t\t\t\t\t\t\t\t\t\t\t\t<\/div>\n\t\t\t\t<\/div>\n\t\t\t\t\t<\/div>\n\t\t<\/div>\n\t\t\t\t\t<\/div>\n\t\t<\/section>\n\t\t\t\t<section class=\"elementor-section elementor-top-section elementor-element elementor-element-7bcda8f6 elementor-section-boxed elementor-section-height-default elementor-section-height-default\" data-id=\"7bcda8f6\" data-element_type=\"section\" data-e-type=\"section\">\n\t\t\t\t\t\t<div class=\"elementor-container elementor-column-gap-default\">\n\t\t\t\t\t<div class=\"elementor-column elementor-col-100 elementor-top-column elementor-element elementor-element-6f337ff\" data-id=\"6f337ff\" data-element_type=\"column\" data-e-type=\"column\">\n\t\t\t<div class=\"elementor-widget-wrap elementor-element-populated\">\n\t\t\t\t\t\t<div class=\"elementor-element elementor-element-4a5e88ad elementor-widget elementor-widget-heading\" data-id=\"4a5e88ad\" data-element_type=\"widget\" data-e-type=\"widget\" data-widget_type=\"heading.default\">\n\t\t\t\t<div class=\"elementor-widget-container\">\n\t\t\t\t\t<h2 class=\"elementor-heading-title elementor-size-default\">Werde Teil der UrbanBiker-Community!<\/h2>\t\t\t\t<\/div>\n\t\t\t\t<\/div>\n\t\t\t\t<div class=\"elementor-element elementor-element-5e4d045e elementor-widget elementor-widget-text-editor\" data-id=\"5e4d045e\" data-element_type=\"widget\" data-e-type=\"widget\" data-widget_type=\"text-editor.default\">\n\t\t\t\t<div class=\"elementor-widget-container\">\n\t\t\t\t\t\t\t\t\t<p>Teilen Sie Ihre Fotos in sozialen Netzwerken, markieren Sie uns (<strong>@urbanbiker_<\/strong>) oder verwenden Sie den Hashtag <strong>#WeAreUrbanbiker<\/strong> und nehmen Sie an der Verlosung eines UrbanBiker teil * (<a href=\"https:\/\/www.urbanbiker.com\/de\/fahrradverlosung\/\">Weitere Informationen<\/a>)<\/p>\t\t\t\t\t\t\t\t<\/div>\n\t\t\t\t<\/div>\n\t\t\t\t\t<\/div>\n\t\t<\/div>\n\t\t\t\t\t<\/div>\n\t\t<\/section>\n\t\t\t\t<\/div>\n\t\t","protected":false},"excerpt":{"rendered":"<p><strong>UB300B FE: Ein Trekking-E-Bike, ausgestattet um weiter zu kommen<\/strong><\/p>\n<p>Komfort, Stabilit\u00e4t und Vielseitigkeit f\u00fcr ein E-Bike, das f\u00fcr die Kombination aus Waldwegen, Pisten und den t\u00e4glichen Einsatz entwickelt wurde. Das <b data-path-to-node=\"12\" data-index-in-node=\"149\">UB300B FE<\/b> bietet Ihnen eine komfortable Sitzposition und ein ausgewogenes Fahrverhalten, ideal f\u00fcr lange Touren und gemischtes Gel\u00e4nde. Es verf\u00fcgt \u00fcber einen im Rahmen integrierten 48V-Akku mit Smart BMS, der f\u00fcr unkomplizierte Zuverl\u00e4ssigkeit konzipiert wurde. Jetzt serienm\u00e4\u00dfig ausgestattet mit SKS-Schutzblechen, Gep\u00e4cktr\u00e4ger sowie Vorder- und R\u00fccklicht.<\/p>\n<p><a href=\"https:\/\/www.urbanbiker.com\/wp-content\/uploads\/2025\/06\/Rund-um-gesichert.png\"><img decoding=\"async\" class=\"alignnone size-medium wp-image-46631\" src=\"https:\/\/www.urbanbiker.com\/wp-content\/uploads\/2025\/06\/Rund-um-gesichert-300x89.png\" alt=\"Rund-um gesichert\" width=\"300\" height=\"89\" srcset=\"https:\/\/www.urbanbiker.com\/wp-content\/uploads\/2025\/06\/Rund-um-gesichert-300x89.png 300w, https:\/\/www.urbanbiker.com\/wp-content\/uploads\/2025\/06\/Rund-um-gesichert-1024x303.png 1024w, https:\/\/www.urbanbiker.com\/wp-content\/uploads\/2025\/06\/Rund-um-gesichert-768x227.png 768w, https:\/\/www.urbanbiker.com\/wp-content\/uploads\/2025\/06\/Rund-um-gesichert-1536x455.png 1536w, https:\/\/www.urbanbiker.com\/wp-content\/uploads\/2025\/06\/Rund-um-gesichert-2048x606.png 2048w, https:\/\/www.urbanbiker.com\/wp-content\/uploads\/2025\/06\/Rund-um-gesichert-800x237.png 800w\" sizes=\"(max-width: 300px) 100vw, 300px\" \/><\/a><\/p>\n","protected":false},"featured_media":59703,"template":"","meta":[],"product_cat":[675,184,187],"product_tag":[],"class_list":{"0":"post-61473","1":"product","2":"type-product","3":"status-publish","4":"has-post-thumbnail","6":"product_cat-ebikes","7":"product_cat-all-terrain-trekking-elektrofahrraeder","8":"product_cat-staedtische-elektrofahrraeder","9":"pa_capacidad-bateria-720wh","10":"pa_color-grau","11":"pa_ebike-ub300-fe","12":"pa_tamano-rueda-275-de","13":"pa_tamano-rueda-29-de","15":"first","16":"instock","17":"taxable","18":"shipping-taxable","19":"purchasable","20":"product-type-variable"},"atum_controlled":true,"out_stock_date":null,"out_stock_threshold":null,"inheritable":true,"stock_on_hold":1,"sold_today":0,"sales_last_days":3,"out_stock_days":0,"lost_sales":0,"update_date":"2026-04-27T06:15:20","atum_locations":[],"atum_stock_status":"instock","restock_status":false,"low_stock_amount":"","sales_update_date":"2026-04-27T00:31:29","calc_backorders":null,"yoast_head":"<!-- This site is optimized with the Yoast SEO plugin v27.4 - https:\/\/yoast.com\/product\/yoast-seo-wordpress\/ -->\n<title>UB300B FE | Trekking E-Bike Vollausgestattet | UrbanBiker<\/title>\n<meta name=\"description\" content=\"UB300B FE | Trekking E-Bike Vollausgestattet | Das UB300B FE bietet Ihnen eine komfortable Sitzposition und ein ausgewogenes Fahrverhalten | UrbanBiker\" \/>\n<meta name=\"robots\" content=\"index, follow, max-snippet:-1, max-image-preview:large, max-video-preview:-1\" \/>\n<link rel=\"canonical\" href=\"https:\/\/www.urbanbiker.com\/de\/produkt\/ub300b-fe-trekking-e-bike-vollausgestattet\/\" \/>\n<meta property=\"og:locale\" content=\"de_DE\" \/>\n<meta property=\"og:type\" content=\"article\" \/>\n<meta property=\"og:title\" content=\"UB300B FE | Trekking E-Bike Vollausgestattet | UrbanBiker\" \/>\n<meta property=\"og:description\" content=\"UB300B FE | Trekking E-Bike Vollausgestattet | Das UB300B FE bietet Ihnen eine komfortable Sitzposition und ein ausgewogenes Fahrverhalten | UrbanBiker\" \/>\n<meta property=\"og:url\" content=\"https:\/\/www.urbanbiker.com\/de\/produkt\/ub300b-fe-trekking-e-bike-vollausgestattet\/\" \/>\n<meta property=\"og:site_name\" content=\"UrbanBiker\" \/>\n<meta property=\"article:publisher\" content=\"https:\/\/www.facebook.com\/Urbanbikerbiciselectricas\" \/>\n<meta property=\"article:modified_time\" content=\"2026-04-24T08:11:48+00:00\" \/>\n<meta property=\"og:image\" content=\"https:\/\/www.urbanbiker.com\/wp-content\/uploads\/2026\/01\/UB300B-FE-01.jpg\" \/>\n\t<meta property=\"og:image:width\" content=\"1080\" \/>\n\t<meta property=\"og:image:height\" content=\"1080\" \/>\n\t<meta property=\"og:image:type\" content=\"image\/jpeg\" \/>\n<meta name=\"twitter:card\" content=\"summary_large_image\" \/>\n<meta name=\"twitter:label1\" content=\"Gesch\u00e4tzte Lesezeit\" \/>\n\t<meta name=\"twitter:data1\" content=\"3\u00a0Minute\" \/>\n<script type=\"application\/ld+json\" class=\"yoast-schema-graph\">{\"@context\":\"https:\\\/\\\/schema.org\",\"@graph\":[{\"@type\":\"WebPage\",\"@id\":\"https:\\\/\\\/www.urbanbiker.com\\\/de\\\/produkt\\\/ub300b-fe-trekking-e-bike-vollausgestattet\\\/\",\"url\":\"https:\\\/\\\/www.urbanbiker.com\\\/de\\\/produkt\\\/ub300b-fe-trekking-e-bike-vollausgestattet\\\/\",\"name\":\"UB300B FE | Trekking E-Bike Vollausgestattet | UrbanBiker\",\"isPartOf\":{\"@id\":\"https:\\\/\\\/www.urbanbiker.com\\\/de\\\/#website\"},\"primaryImageOfPage\":{\"@id\":\"https:\\\/\\\/www.urbanbiker.com\\\/de\\\/produkt\\\/ub300b-fe-trekking-e-bike-vollausgestattet\\\/#primaryimage\"},\"image\":{\"@id\":\"https:\\\/\\\/www.urbanbiker.com\\\/de\\\/produkt\\\/ub300b-fe-trekking-e-bike-vollausgestattet\\\/#primaryimage\"},\"thumbnailUrl\":\"https:\\\/\\\/www.urbanbiker.com\\\/wp-content\\\/uploads\\\/2026\\\/01\\\/UB300B-FE-01.jpg\",\"datePublished\":\"2026-02-18T12:46:51+00:00\",\"dateModified\":\"2026-04-24T08:11:48+00:00\",\"description\":\"UB300B FE | Trekking E-Bike Vollausgestattet | Das UB300B FE bietet Ihnen eine komfortable Sitzposition und ein ausgewogenes Fahrverhalten | UrbanBiker\",\"breadcrumb\":{\"@id\":\"https:\\\/\\\/www.urbanbiker.com\\\/de\\\/produkt\\\/ub300b-fe-trekking-e-bike-vollausgestattet\\\/#breadcrumb\"},\"inLanguage\":\"de\",\"potentialAction\":[{\"@type\":\"ReadAction\",\"target\":[\"https:\\\/\\\/www.urbanbiker.com\\\/de\\\/produkt\\\/ub300b-fe-trekking-e-bike-vollausgestattet\\\/\"]}]},{\"@type\":\"ImageObject\",\"inLanguage\":\"de\",\"@id\":\"https:\\\/\\\/www.urbanbiker.com\\\/de\\\/produkt\\\/ub300b-fe-trekking-e-bike-vollausgestattet\\\/#primaryimage\",\"url\":\"https:\\\/\\\/www.urbanbiker.com\\\/wp-content\\\/uploads\\\/2026\\\/01\\\/UB300B-FE-01.jpg\",\"contentUrl\":\"https:\\\/\\\/www.urbanbiker.com\\\/wp-content\\\/uploads\\\/2026\\\/01\\\/UB300B-FE-01.jpg\",\"width\":1080,\"height\":1080,\"caption\":\"UB300B FE 01\"},{\"@type\":\"BreadcrumbList\",\"@id\":\"https:\\\/\\\/www.urbanbiker.com\\\/de\\\/produkt\\\/ub300b-fe-trekking-e-bike-vollausgestattet\\\/#breadcrumb\",\"itemListElement\":[{\"@type\":\"ListItem\",\"position\":1,\"name\":\"Portada\",\"item\":\"https:\\\/\\\/www.urbanbiker.com\\\/de\\\/\"},{\"@type\":\"ListItem\",\"position\":2,\"name\":\"Elektrofahrr\u00e4der Shop\",\"item\":\"https:\\\/\\\/www.urbanbiker.com\\\/de\\\/ebike-shop\\\/\"},{\"@type\":\"ListItem\",\"position\":3,\"name\":\"UB300B FE | Trekking E-Bike Vollausgestattet\"}]},{\"@type\":\"WebSite\",\"@id\":\"https:\\\/\\\/www.urbanbiker.com\\\/de\\\/#website\",\"url\":\"https:\\\/\\\/www.urbanbiker.com\\\/de\\\/\",\"name\":\"UrbanBiker\",\"description\":\"Elektrische Fahrr\u00e4der\",\"publisher\":{\"@id\":\"https:\\\/\\\/www.urbanbiker.com\\\/de\\\/#organization\"},\"potentialAction\":[{\"@type\":\"SearchAction\",\"target\":{\"@type\":\"EntryPoint\",\"urlTemplate\":\"https:\\\/\\\/www.urbanbiker.com\\\/de\\\/?s={search_term_string}\"},\"query-input\":{\"@type\":\"PropertyValueSpecification\",\"valueRequired\":true,\"valueName\":\"search_term_string\"}}],\"inLanguage\":\"de\"},{\"@type\":\"Organization\",\"@id\":\"https:\\\/\\\/www.urbanbiker.com\\\/de\\\/#organization\",\"name\":\"UrbanBiker\",\"url\":\"https:\\\/\\\/www.urbanbiker.com\\\/de\\\/\",\"logo\":{\"@type\":\"ImageObject\",\"inLanguage\":\"de\",\"@id\":\"https:\\\/\\\/www.urbanbiker.com\\\/de\\\/#\\\/schema\\\/logo\\\/image\\\/\",\"url\":\"https:\\\/\\\/www.urbanbiker.com\\\/wp-content\\\/uploads\\\/2022\\\/09\\\/Logo-principal-sin-fondo.png\",\"contentUrl\":\"https:\\\/\\\/www.urbanbiker.com\\\/wp-content\\\/uploads\\\/2022\\\/09\\\/Logo-principal-sin-fondo.png\",\"width\":2560,\"height\":934,\"caption\":\"UrbanBiker\"},\"image\":{\"@id\":\"https:\\\/\\\/www.urbanbiker.com\\\/de\\\/#\\\/schema\\\/logo\\\/image\\\/\"},\"sameAs\":[\"https:\\\/\\\/www.facebook.com\\\/Urbanbikerbiciselectricas\",\"https:\\\/\\\/www.instagram.com\\\/urbanbiker_\\\/\",\"https:\\\/\\\/www.linkedin.com\\\/company\\\/2454235\",\"https:\\\/\\\/www.youtube.com\\\/channel\\\/UCWR__uH_RWJF-OhPfz-9-Qw\"]}]}<\/script>\n<!-- \/ Yoast SEO plugin. -->","yoast_head_json":{"title":"UB300B FE | Trekking E-Bike Vollausgestattet | UrbanBiker","description":"UB300B FE | Trekking E-Bike Vollausgestattet | Das UB300B FE bietet Ihnen eine komfortable Sitzposition und ein ausgewogenes Fahrverhalten | UrbanBiker","robots":{"index":"index","follow":"follow","max-snippet":"max-snippet:-1","max-image-preview":"max-image-preview:large","max-video-preview":"max-video-preview:-1"},"canonical":"https:\/\/www.urbanbiker.com\/de\/produkt\/ub300b-fe-trekking-e-bike-vollausgestattet\/","og_locale":"de_DE","og_type":"article","og_title":"UB300B FE | Trekking E-Bike Vollausgestattet | UrbanBiker","og_description":"UB300B FE | Trekking E-Bike Vollausgestattet | Das UB300B FE bietet Ihnen eine komfortable Sitzposition und ein ausgewogenes Fahrverhalten | UrbanBiker","og_url":"https:\/\/www.urbanbiker.com\/de\/produkt\/ub300b-fe-trekking-e-bike-vollausgestattet\/","og_site_name":"UrbanBiker","article_publisher":"https:\/\/www.facebook.com\/Urbanbikerbiciselectricas","article_modified_time":"2026-04-24T08:11:48+00:00","og_image":[{"width":1080,"height":1080,"url":"https:\/\/www.urbanbiker.com\/wp-content\/uploads\/2026\/01\/UB300B-FE-01.jpg","type":"image\/jpeg"}],"twitter_card":"summary_large_image","twitter_misc":{"Gesch\u00e4tzte Lesezeit":"3\u00a0Minute"},"schema":{"@context":"https:\/\/schema.org","@graph":[{"@type":"WebPage","@id":"https:\/\/www.urbanbiker.com\/de\/produkt\/ub300b-fe-trekking-e-bike-vollausgestattet\/","url":"https:\/\/www.urbanbiker.com\/de\/produkt\/ub300b-fe-trekking-e-bike-vollausgestattet\/","name":"UB300B FE | Trekking E-Bike Vollausgestattet | UrbanBiker","isPartOf":{"@id":"https:\/\/www.urbanbiker.com\/de\/#website"},"primaryImageOfPage":{"@id":"https:\/\/www.urbanbiker.com\/de\/produkt\/ub300b-fe-trekking-e-bike-vollausgestattet\/#primaryimage"},"image":{"@id":"https:\/\/www.urbanbiker.com\/de\/produkt\/ub300b-fe-trekking-e-bike-vollausgestattet\/#primaryimage"},"thumbnailUrl":"https:\/\/www.urbanbiker.com\/wp-content\/uploads\/2026\/01\/UB300B-FE-01.jpg","datePublished":"2026-02-18T12:46:51+00:00","dateModified":"2026-04-24T08:11:48+00:00","description":"UB300B FE | Trekking E-Bike Vollausgestattet | Das UB300B FE bietet Ihnen eine komfortable Sitzposition und ein ausgewogenes Fahrverhalten | UrbanBiker","breadcrumb":{"@id":"https:\/\/www.urbanbiker.com\/de\/produkt\/ub300b-fe-trekking-e-bike-vollausgestattet\/#breadcrumb"},"inLanguage":"de","potentialAction":[{"@type":"ReadAction","target":["https:\/\/www.urbanbiker.com\/de\/produkt\/ub300b-fe-trekking-e-bike-vollausgestattet\/"]}]},{"@type":"ImageObject","inLanguage":"de","@id":"https:\/\/www.urbanbiker.com\/de\/produkt\/ub300b-fe-trekking-e-bike-vollausgestattet\/#primaryimage","url":"https:\/\/www.urbanbiker.com\/wp-content\/uploads\/2026\/01\/UB300B-FE-01.jpg","contentUrl":"https:\/\/www.urbanbiker.com\/wp-content\/uploads\/2026\/01\/UB300B-FE-01.jpg","width":1080,"height":1080,"caption":"UB300B FE 01"},{"@type":"BreadcrumbList","@id":"https:\/\/www.urbanbiker.com\/de\/produkt\/ub300b-fe-trekking-e-bike-vollausgestattet\/#breadcrumb","itemListElement":[{"@type":"ListItem","position":1,"name":"Portada","item":"https:\/\/www.urbanbiker.com\/de\/"},{"@type":"ListItem","position":2,"name":"Elektrofahrr\u00e4der Shop","item":"https:\/\/www.urbanbiker.com\/de\/ebike-shop\/"},{"@type":"ListItem","position":3,"name":"UB300B FE | Trekking E-Bike Vollausgestattet"}]},{"@type":"WebSite","@id":"https:\/\/www.urbanbiker.com\/de\/#website","url":"https:\/\/www.urbanbiker.com\/de\/","name":"UrbanBiker","description":"Elektrische Fahrr\u00e4der","publisher":{"@id":"https:\/\/www.urbanbiker.com\/de\/#organization"},"potentialAction":[{"@type":"SearchAction","target":{"@type":"EntryPoint","urlTemplate":"https:\/\/www.urbanbiker.com\/de\/?s={search_term_string}"},"query-input":{"@type":"PropertyValueSpecification","valueRequired":true,"valueName":"search_term_string"}}],"inLanguage":"de"},{"@type":"Organization","@id":"https:\/\/www.urbanbiker.com\/de\/#organization","name":"UrbanBiker","url":"https:\/\/www.urbanbiker.com\/de\/","logo":{"@type":"ImageObject","inLanguage":"de","@id":"https:\/\/www.urbanbiker.com\/de\/#\/schema\/logo\/image\/","url":"https:\/\/www.urbanbiker.com\/wp-content\/uploads\/2022\/09\/Logo-principal-sin-fondo.png","contentUrl":"https:\/\/www.urbanbiker.com\/wp-content\/uploads\/2022\/09\/Logo-principal-sin-fondo.png","width":2560,"height":934,"caption":"UrbanBiker"},"image":{"@id":"https:\/\/www.urbanbiker.com\/de\/#\/schema\/logo\/image\/"},"sameAs":["https:\/\/www.facebook.com\/Urbanbikerbiciselectricas","https:\/\/www.instagram.com\/urbanbiker_\/","https:\/\/www.linkedin.com\/company\/2454235","https:\/\/www.youtube.com\/channel\/UCWR__uH_RWJF-OhPfz-9-Qw"]}]}},"_links":{"self":[{"href":"https:\/\/www.urbanbiker.com\/de\/wp-json\/wp\/v2\/product\/61473","targetHints":{"allow":["GET"]}}],"collection":[{"href":"https:\/\/www.urbanbiker.com\/de\/wp-json\/wp\/v2\/product"}],"about":[{"href":"https:\/\/www.urbanbiker.com\/de\/wp-json\/wp\/v2\/types\/product"}],"version-history":[{"count":5,"href":"https:\/\/www.urbanbiker.com\/de\/wp-json\/wp\/v2\/product\/61473\/revisions"}],"predecessor-version":[{"id":62825,"href":"https:\/\/www.urbanbiker.com\/de\/wp-json\/wp\/v2\/product\/61473\/revisions\/62825"}],"wp:featuredmedia":[{"embeddable":true,"href":"https:\/\/www.urbanbiker.com\/de\/wp-json\/wp\/v2\/media\/59703"}],"wp:attachment":[{"href":"https:\/\/www.urbanbiker.com\/de\/wp-json\/wp\/v2\/media?parent=61473"}],"wp:term":[{"taxonomy":"product_cat","embeddable":true,"href":"https:\/\/www.urbanbiker.com\/de\/wp-json\/wp\/v2\/product_cat?post=61473"},{"taxonomy":"product_tag","embeddable":true,"href":"https:\/\/www.urbanbiker.com\/de\/wp-json\/wp\/v2\/product_tag?post=61473"}],"curies":[{"name":"wp","href":"https:\/\/api.w.org\/{rel}","templated":true}]}}