{"id":35281,"date":"2025-04-13T15:54:11","date_gmt":"2025-04-13T13:54:11","guid":{"rendered":"https:\/\/www.urbanbiker.com\/tienda-bicicletas-electricas\/unkategorisiert\/mini-plus\/"},"modified":"2025-11-04T09:38:55","modified_gmt":"2025-11-04T08:38:55","slug":"mini-plus","status":"publish","type":"product","link":"https:\/\/www.urbanbiker.com\/de\/produkt\/mini-plus\/","title":{"rendered":"Mini PLUS | Klapprad E-Bike | Mittelmotor"},"content":{"rendered":"\t\t<div data-elementor-type=\"wp-post\" data-elementor-id=\"35281\" class=\"elementor elementor-35281 elementor-31596\">\n\t\t\t\t\t\t<section class=\"elementor-section elementor-top-section elementor-element elementor-element-7a7f464 elementor-section-boxed elementor-section-height-default elementor-section-height-default\" data-id=\"7a7f464\" data-element_type=\"section\" data-e-type=\"section\">\n\t\t\t\t\t\t<div class=\"elementor-container elementor-column-gap-no\">\n\t\t\t\t\t<div class=\"elementor-column elementor-col-100 elementor-top-column elementor-element elementor-element-7cc48a35\" data-id=\"7cc48a35\" data-element_type=\"column\" data-e-type=\"column\">\n\t\t\t<div class=\"elementor-widget-wrap elementor-element-populated\">\n\t\t\t\t\n\t\t<div class=\"elementor-element elementor-element-6133a932 elementor-widget elementor-widget-text-editor\" data-id=\"6133a932\" data-element_type=\"widget\" data-e-type=\"widget\" data-widget_type=\"text-editor.default\">\n\t\t\t\t<div class=\"elementor-widget-container\">\n\t\t\t\t\t\t\t\t\t<h2 style=\"text-align: center;\">Faltbares elektrisches Stadtrad mit Zentralmotor Mini PLUS<\/h2><p><strong>Zusammenfalten, aufklappen<\/strong> und in die <strong>Pedale<\/strong> treten. Das <strong>Mini PLUS<\/strong> macht die Fortbewegung in der Stadt einfach und effizient, denn es ist <strong>faltbar, kompakt<\/strong> und <strong>tragbar.<\/strong> Schnellspannsystem am Vorderrad. Nehmen Sie ihn in Z\u00fcgen, Bussen und Aufz\u00fcgen mit oder verstauen Sie ihn zu Hause, ohne dass er Platz wegnimmt. Kombinieren Sie ihn mit \u00f6ffentlichen Verkehrsmitteln oder verstauen Sie ihn im Kofferraum eines Autos, wenn Sie ihn brauchen.<\/p><ul><li>Der <strong>UBK MID-S 50Nm Mittelmotor<\/strong> verwandelt jeden Pedaltritt in ein sanftes und nahtloses Erlebnis, denn er bietet eine nat\u00fcrliche Unterst\u00fctzung, die sich perfekt an Ihre Anstrengung anpasst.<\/li><li>Herausnehmbarer <strong>36V-Akku 540 Wh<\/strong> (15 Ah) Tesla 2170 Zellen. Genie\u00dfen Sie eine Reichweite von <strong>bis zu 100 km<\/strong> im ECO-Modus. Inklusive Ladeger\u00e4t.<\/li><li><strong>Hydraulische Bremsen<\/strong>, die bei jedem Bremsman\u00f6ver f\u00fcr Kontrolle und Sicherheit sorgen. Die Schwalbe Big Apple Plus Reifen sind pannensicher, so dass Sie jede Fahrt unbesorgt genie\u00dfen k\u00f6nnen.<\/li><li><strong>UBK Systems<\/strong> &#8222;Walk Mode&#8220; 6 km\/h LCD-Anzeige: Perfekt, um mit Ihrem <strong>Elektro-Fahrrad<\/strong> m\u00fchelos bergauf zu fahren oder Fu\u00dfg\u00e4ngerzonen zu \u00fcberqueren.<\/li><\/ul><p>Mit dem <strong>Mini PLUS<\/strong> ist das Fahren mit dem <strong>E-Bike<\/strong> nicht nur einfach, sondern auch bequem. Bei der Entwicklung wurde an Sie gedacht und jede Komponente wurde f\u00fcr Ihre Anstrengungen optimiert: ergonomischer Sattel mit Gel f\u00fcr maximalen Komfort an langen Tagen auf dem Rad, angepasst an die Bed\u00fcrfnisse des Stadtradfahrers mit ergonomischen Griffen f\u00fcr bequemen und sicheren Halt.<\/p>\t\t\t\t\t\t\t\t<\/div>\n\t\t\t\t<\/div>\n\t\t\t\t\t<\/div>\n\t\t<\/div>\n\t\t\t\t\t<\/div>\n\t\t<\/section>\n\t\t\t\t<section class=\"elementor-section elementor-top-section elementor-element elementor-element-b0b3488 elementor-section-boxed elementor-section-height-default elementor-section-height-default\" data-id=\"b0b3488\" data-element_type=\"section\" data-e-type=\"section\">\n\t\t\t\t\t\t<div class=\"elementor-container elementor-column-gap-default\">\n\t\t\t\t\t<div class=\"elementor-column elementor-col-50 elementor-top-column elementor-element elementor-element-9ee0a28\" data-id=\"9ee0a28\" data-element_type=\"column\" data-e-type=\"column\">\n\t\t\t<div class=\"elementor-widget-wrap elementor-element-populated\">\n\t\t\t\t\t\t<div class=\"elementor-element elementor-element-c80e85d elementor-widget elementor-widget-video\" data-id=\"c80e85d\" data-element_type=\"widget\" data-e-type=\"widget\" data-settings=\"{&quot;youtube_url&quot;:&quot;https:\\\/\\\/www.youtube.com\\\/watch?v=y6e3iRCKEjU&quot;,&quot;video_type&quot;:&quot;youtube&quot;}\" data-widget_type=\"video.default\">\n\t\t\t\t<div class=\"elementor-widget-container\">\n\t\t\t\t\t\t\t<div class=\"elementor-wrapper elementor-open-inline\">\n\t\t\t<div class=\"elementor-video\"><\/div>\t\t<\/div>\n\t\t\t\t\t\t<\/div>\n\t\t\t\t<\/div>\n\t\t\t\t\t<\/div>\n\t\t<\/div>\n\t\t\t\t<div class=\"elementor-column elementor-col-50 elementor-top-column elementor-element elementor-element-fa76fc3\" data-id=\"fa76fc3\" data-element_type=\"column\" data-e-type=\"column\">\n\t\t\t<div class=\"elementor-widget-wrap elementor-element-populated\">\n\t\t\t\t\t\t<div class=\"elementor-element elementor-element-b90617f elementor-widget elementor-widget-video\" data-id=\"b90617f\" data-element_type=\"widget\" data-e-type=\"widget\" data-settings=\"{&quot;youtube_url&quot;:&quot;https:\\\/\\\/www.youtube.com\\\/watch?v=eFsTFlwOxkk&quot;,&quot;video_type&quot;:&quot;youtube&quot;}\" data-widget_type=\"video.default\">\n\t\t\t\t<div class=\"elementor-widget-container\">\n\t\t\t\t\t\t\t<div class=\"elementor-wrapper elementor-open-inline\">\n\t\t\t<div class=\"elementor-video\"><\/div>\t\t<\/div>\n\t\t\t\t\t\t<\/div>\n\t\t\t\t<\/div>\n\t\t\t\t\t<\/div>\n\t\t<\/div>\n\t\t\t\t\t<\/div>\n\t\t<\/section>\n\t\t\t\t<section class=\"elementor-section elementor-top-section elementor-element elementor-element-4f27456 elementor-section-boxed elementor-section-height-default elementor-section-height-default\" data-id=\"4f27456\" data-element_type=\"section\" data-e-type=\"section\">\n\t\t\t\t\t\t<div class=\"elementor-container elementor-column-gap-no\">\n\t\t\t\t\t<div class=\"elementor-column elementor-col-100 elementor-top-column elementor-element elementor-element-6a530dd\" data-id=\"6a530dd\" data-element_type=\"column\" data-e-type=\"column\">\n\t\t\t<div class=\"elementor-widget-wrap elementor-element-populated\">\n\t\t\t\t\t\t<div class=\"elementor-element elementor-element-566fe44 elementor-widget elementor-widget-text-editor\" data-id=\"566fe44\" data-element_type=\"widget\" data-e-type=\"widget\" data-widget_type=\"text-editor.default\">\n\t\t\t\t<div class=\"elementor-widget-container\">\n\t\t\t\t\t\t\t\t\t<p>Kaufen Sie jetzt online und entdecken Sie eine neue Art der Fortbewegung &#8211; mit dem <strong>Mini PLUS<\/strong> war Fortbewegung noch nie so einfach und macht Spa\u00df!<\/p><p><strong>Europ\u00e4ische Qualit\u00e4ts- und Haltbarkeitszertifizierung<\/strong><br \/>Das <strong>klappbare Elektrofahrrad Mini<\/strong> <strong>PLUS<\/strong> ist nach den europ\u00e4ischen Normen (2006\/42\/CE und 2004\/10\/CE) zertifiziert und garantiert somit maximale Sicherheit und Qualit\u00e4t.<\/p><p><em>*Obwohl die Spezifikationen je nach Verf\u00fcgbarkeit variieren k\u00f6nnen, werden immer die h\u00f6chsten Standards eingehalten.<\/em><\/p>\t\t\t\t\t\t\t\t<\/div>\n\t\t\t\t<\/div>\n\t\t\t\t\t<\/div>\n\t\t<\/div>\n\t\t\t\t\t<\/div>\n\t\t<\/section>\n\t\t\t\t<section class=\"elementor-section elementor-top-section elementor-element elementor-element-9126182 elementor-section-boxed elementor-section-height-default elementor-section-height-default\" data-id=\"9126182\" data-element_type=\"section\" data-e-type=\"section\">\n\t\t\t\t\t\t<div class=\"elementor-container elementor-column-gap-default\">\n\t\t\t\t\t<div class=\"elementor-column elementor-col-100 elementor-top-column elementor-element elementor-element-45c36a8\" data-id=\"45c36a8\" data-element_type=\"column\" data-e-type=\"column\">\n\t\t\t<div class=\"elementor-widget-wrap elementor-element-populated\">\n\t\t\t\t\t\t<div class=\"elementor-element elementor-element-a8f48bc elementor-widget elementor-widget-text-editor\" data-id=\"a8f48bc\" data-element_type=\"widget\" data-e-type=\"widget\" data-widget_type=\"text-editor.default\">\n\t\t\t\t<div class=\"elementor-widget-container\">\n\t\t\t\t\t\t\t\t\t<h3 style=\"text-align: center;\"><strong>Support durch UrbanBiker<\/strong><\/h3>\t\t\t\t\t\t\t\t<\/div>\n\t\t\t\t<\/div>\n\t\t\t\t\t<\/div>\n\t\t<\/div>\n\t\t\t\t\t<\/div>\n\t\t<\/section>\n\t\t\t\t<section class=\"elementor-section elementor-top-section elementor-element elementor-element-5d5a5201 elementor-section-boxed elementor-section-height-default elementor-section-height-default\" data-id=\"5d5a5201\" data-element_type=\"section\" data-e-type=\"section\">\n\t\t\t\t\t\t<div class=\"elementor-container elementor-column-gap-default\">\n\t\t\t\t\t<div class=\"elementor-column elementor-col-50 elementor-top-column elementor-element elementor-element-2032d790\" data-id=\"2032d790\" data-element_type=\"column\" data-e-type=\"column\">\n\t\t\t<div class=\"elementor-widget-wrap elementor-element-populated\">\n\t\t\t\t\t\t<div class=\"elementor-element elementor-element-6056ef29 elementor-widget elementor-widget-text-editor\" data-id=\"6056ef29\" data-element_type=\"widget\" data-e-type=\"widget\" data-widget_type=\"text-editor.default\">\n\t\t\t\t<div class=\"elementor-widget-container\">\n\t\t\t\t\t\t\t\t\t<h4>Wartung und Reparatur<\/h4><p>Handb\u00fccher und Anleitungen, Schritt-f\u00fcr-Schritt-Anleitungen, kompatible Ersatzteile: Hier finden Sie alle Informationen, die Sie f\u00fcr die einfache Wartung und Reparatur Ihres Produkts ben\u00f6tigen.<\/p>\t\t\t\t\t\t\t\t<\/div>\n\t\t\t\t<\/div>\n\t\t\t\t<section class=\"elementor-section elementor-inner-section elementor-element elementor-element-25233dac elementor-section-boxed elementor-section-height-default elementor-section-height-default\" data-id=\"25233dac\" data-element_type=\"section\" data-e-type=\"section\">\n\t\t\t\t\t\t<div class=\"elementor-container elementor-column-gap-default\">\n\t\t\t\t\t<div class=\"elementor-column elementor-col-50 elementor-inner-column elementor-element elementor-element-3f345946\" data-id=\"3f345946\" data-element_type=\"column\" data-e-type=\"column\">\n\t\t\t<div class=\"elementor-widget-wrap elementor-element-populated\">\n\t\t\t\t\t\t<div class=\"elementor-element elementor-element-7633e2be elementor-align-center elementor-button-outline elementor-widget elementor-widget-button\" data-id=\"7633e2be\" data-element_type=\"widget\" data-e-type=\"widget\" data-widget_type=\"button.default\">\n\t\t\t\t<div class=\"elementor-widget-container\">\n\t\t\t\t\t\t\t\t\t<div class=\"elementor-button-wrapper\">\n\t\t\t\t\t<a class=\"elementor-button elementor-button-link elementor-size-sm\" href=\"https:\/\/ebikedeutschland.zendesk.com\/\">\n\t\t\t\t\t\t<span class=\"elementor-button-content-wrapper\">\n\t\t\t\t\t\t\t\t\t<span class=\"elementor-button-text\">Hilfe<br>Center<\/span>\n\t\t\t\t\t<\/span>\n\t\t\t\t\t<\/a>\n\t\t\t\t<\/div>\n\t\t\t\t\t\t\t\t<\/div>\n\t\t\t\t<\/div>\n\t\t\t\t\t<\/div>\n\t\t<\/div>\n\t\t\t\t<div class=\"elementor-column elementor-col-50 elementor-inner-column elementor-element elementor-element-c5e4c10\" data-id=\"c5e4c10\" data-element_type=\"column\" data-e-type=\"column\">\n\t\t\t<div class=\"elementor-widget-wrap elementor-element-populated\">\n\t\t\t\t\t\t<div class=\"elementor-element elementor-element-2551333d elementor-align-center elementor-button-default elementor-widget elementor-widget-button\" data-id=\"2551333d\" data-element_type=\"widget\" data-e-type=\"widget\" data-widget_type=\"button.default\">\n\t\t\t\t<div class=\"elementor-widget-container\">\n\t\t\t\t\t\t\t\t\t<div class=\"elementor-button-wrapper\">\n\t\t\t\t\t<a class=\"elementor-button elementor-button-link elementor-size-sm\" href=\"https:\/\/www.urbanbiker.com\/de\/produktkategorie\/komponenten\/?filter_ebike=mini-plus\">\n\t\t\t\t\t\t<span class=\"elementor-button-content-wrapper\">\n\t\t\t\t\t\t\t\t\t<span class=\"elementor-button-text\">Ersatz-<br>teile<\/span>\n\t\t\t\t\t<\/span>\n\t\t\t\t\t<\/a>\n\t\t\t\t<\/div>\n\t\t\t\t\t\t\t\t<\/div>\n\t\t\t\t<\/div>\n\t\t\t\t\t<\/div>\n\t\t<\/div>\n\t\t\t\t\t<\/div>\n\t\t<\/section>\n\t\t\t\t<div class=\"elementor-element elementor-element-417bb30 elementor-align-justify elementor-button-info elementor-widget elementor-widget-button\" data-id=\"417bb30\" data-element_type=\"widget\" data-e-type=\"widget\" data-widget_type=\"button.default\">\n\t\t\t\t<div class=\"elementor-widget-container\">\n\t\t\t\t\t\t\t\t\t<div class=\"elementor-button-wrapper\">\n\t\t\t\t\t<a class=\"elementor-button elementor-button-link elementor-size-sm\" href=\"https:\/\/www.urbanbiker.com\/de\/offizielle-vertriebspartner\/\">\n\t\t\t\t\t\t<span class=\"elementor-button-content-wrapper\">\n\t\t\t\t\t\t\t\t\t<span class=\"elementor-button-text\">Finden Sie Ihr n\u00e4chstes Gesch\u00e4ft \/ Werkstatt<\/span>\n\t\t\t\t\t<\/span>\n\t\t\t\t\t<\/a>\n\t\t\t\t<\/div>\n\t\t\t\t\t\t\t\t<\/div>\n\t\t\t\t<\/div>\n\t\t\t\t\t<\/div>\n\t\t<\/div>\n\t\t\t\t<div class=\"elementor-column elementor-col-50 elementor-top-column elementor-element elementor-element-58a883d1\" data-id=\"58a883d1\" data-element_type=\"column\" data-e-type=\"column\">\n\t\t\t<div class=\"elementor-widget-wrap elementor-element-populated\">\n\t\t\t\t\t\t<div class=\"elementor-element elementor-element-11eb78c1 elementor-widget elementor-widget-image\" data-id=\"11eb78c1\" data-element_type=\"widget\" data-e-type=\"widget\" data-widget_type=\"image.default\">\n\t\t\t\t<div class=\"elementor-widget-container\">\n\t\t\t\t\t\t\t\t\t\t\t\t\t\t\t<img fetchpriority=\"high\" decoding=\"async\" width=\"980\" height=\"654\" src=\"https:\/\/www.urbanbiker.com\/wp-content\/uploads\/2024\/11\/servicio-tecnico-1024x683.jpg\" class=\"attachment-large size-large wp-image-35002\" alt=\"\" srcset=\"https:\/\/www.urbanbiker.com\/wp-content\/uploads\/2024\/11\/servicio-tecnico-1024x683.jpg 1024w, https:\/\/www.urbanbiker.com\/wp-content\/uploads\/2024\/11\/servicio-tecnico-300x200.jpg 300w, https:\/\/www.urbanbiker.com\/wp-content\/uploads\/2024\/11\/servicio-tecnico-768x512.jpg 768w, https:\/\/www.urbanbiker.com\/wp-content\/uploads\/2024\/11\/servicio-tecnico-800x533.jpg 800w, https:\/\/www.urbanbiker.com\/wp-content\/uploads\/2024\/11\/servicio-tecnico.jpg 1200w\" sizes=\"(max-width: 980px) 100vw, 980px\" \/>\t\t\t\t\t\t\t\t\t\t\t\t\t\t\t<\/div>\n\t\t\t\t<\/div>\n\t\t\t\t\t<\/div>\n\t\t<\/div>\n\t\t\t\t\t<\/div>\n\t\t<\/section>\n\t\t\t\t<\/div>\n\t\t","protected":false},"excerpt":{"rendered":"<h6><strong>Mini PLUS: Das faltbare E-Bike, das mit einem zentralen Motor dorthin f\u00e4hrt, wo Sie hingehen.<\/strong><\/h6>\n<p>Vergessen Sie Verkehrsstaus, lange Wartezeiten und Einschr\u00e4nkungen. Das <strong>Mini PLUS<\/strong>, ein <strong>faltbares Elektrofahrrad mit Mittelmotor<\/strong>, ist so konzipiert, dass es zu Ihrem Lebensstil passt. Es ist leicht, praktisch und ergonomisch und erm\u00f6glicht es Ihnen, verschiedene Transportmittel zu kombinieren, w\u00e4hrend Sie m\u00fchelos und bequem unterwegs sind.<\/p>\n<p><a href=\"https:\/\/www.urbanbiker.com\/wp-content\/uploads\/2025\/04\/UrbanBiker-Service-DE.png\"><img decoding=\"async\" class=\"alignnone size-medium wp-image-51983\" src=\"https:\/\/www.urbanbiker.com\/wp-content\/uploads\/2025\/04\/UrbanBiker-Service-DE-300x89.png\" alt=\"UrbanBiker Service - DE\" width=\"300\" height=\"89\" srcset=\"https:\/\/www.urbanbiker.com\/wp-content\/uploads\/2025\/04\/UrbanBiker-Service-DE-300x89.png 300w, https:\/\/www.urbanbiker.com\/wp-content\/uploads\/2025\/04\/UrbanBiker-Service-DE-1024x303.png 1024w, https:\/\/www.urbanbiker.com\/wp-content\/uploads\/2025\/04\/UrbanBiker-Service-DE-768x227.png 768w, https:\/\/www.urbanbiker.com\/wp-content\/uploads\/2025\/04\/UrbanBiker-Service-DE-1140x340.png 1140w, https:\/\/www.urbanbiker.com\/wp-content\/uploads\/2025\/04\/UrbanBiker-Service-DE-800x237.png 800w, https:\/\/www.urbanbiker.com\/wp-content\/uploads\/2025\/04\/UrbanBiker-Service-DE.png 1150w\" sizes=\"(max-width: 300px) 100vw, 300px\" \/><\/a><\/p>\n","protected":false},"featured_media":34750,"template":"","meta":[],"product_cat":[675,225,222,187],"product_tag":[],"class_list":{"0":"post-35281","1":"product","2":"type-product","3":"status-publish","4":"has-post-thumbnail","6":"product_cat-ebikes","7":"product_cat-faltbare-ebikes-fuer-die-stadt","8":"product_cat-elektrofahrraeder-mit-mittelmotor","9":"product_cat-staedtische-elektrofahrraeder","10":"pa_capacidad-bateria-540wh","11":"pa_color-metallisch-grau","12":"pa_ebike-mini-plus","13":"pa_tamano-rueda-20-de","15":"first","16":"outofstock","17":"featured","18":"taxable","19":"shipping-taxable","20":"purchasable","21":"product-type-simple"},"atum_controlled":true,"out_stock_date":null,"out_stock_threshold":null,"inheritable":false,"stock_on_hold":0,"sold_today":0,"sales_last_days":0,"out_stock_days":0,"lost_sales":0,"update_date":"2026-04-30T00:28:26","atum_locations":[],"atum_stock_status":"outofstock","restock_status":false,"low_stock_amount":"","sales_update_date":"2026-04-30T00:28:25","calc_backorders":null,"yoast_head":"<!-- This site is optimized with the Yoast SEO plugin v27.5 - https:\/\/yoast.com\/product\/yoast-seo-wordpress\/ -->\n<title>Mini PLUS | Faltbares elektrisches Stadtrad mit Mittelmotor<\/title>\n<meta name=\"description\" content=\"Das faltbare Stadtelektrofahrrad mit Mittelmotor Mini PLUS ist schnell, vielseitig und leicht. Zusammenfalten, aufklappen, in die Pedale treten.\" \/>\n<meta name=\"robots\" content=\"index, follow, max-snippet:-1, max-image-preview:large, max-video-preview:-1\" \/>\n<link rel=\"canonical\" href=\"https:\/\/www.urbanbiker.com\/de\/produkt\/mini-plus\/\" \/>\n<meta property=\"og:locale\" content=\"de_DE\" \/>\n<meta property=\"og:type\" content=\"article\" \/>\n<meta property=\"og:title\" content=\"Mini PLUS | Faltbares elektrisches Stadtrad mit Mittelmotor\" \/>\n<meta property=\"og:description\" content=\"Das faltbare Stadtelektrofahrrad mit Mittelmotor Mini PLUS ist schnell, vielseitig und leicht. Zusammenfalten, aufklappen, in die Pedale treten.\" \/>\n<meta property=\"og:url\" content=\"https:\/\/www.urbanbiker.com\/de\/produkt\/mini-plus\/\" \/>\n<meta property=\"og:site_name\" content=\"UrbanBiker\" \/>\n<meta property=\"article:publisher\" content=\"https:\/\/www.facebook.com\/Urbanbikerbiciselectricas\" \/>\n<meta property=\"article:modified_time\" content=\"2025-11-04T08:38:55+00:00\" \/>\n<meta property=\"og:image\" content=\"https:\/\/www.urbanbiker.com\/wp-content\/uploads\/2024\/11\/1-Urbanbiker-Mini-Plus.jpg\" \/>\n\t<meta property=\"og:image:width\" content=\"1080\" \/>\n\t<meta property=\"og:image:height\" content=\"1080\" \/>\n\t<meta property=\"og:image:type\" content=\"image\/jpeg\" \/>\n<meta name=\"twitter:card\" content=\"summary_large_image\" \/>\n<meta name=\"twitter:label1\" content=\"Gesch\u00e4tzte Lesezeit\" \/>\n\t<meta name=\"twitter:data1\" content=\"3\u00a0Minute\" \/>\n<script type=\"application\/ld+json\" class=\"yoast-schema-graph\">{\"@context\":\"https:\\\/\\\/schema.org\",\"@graph\":[{\"@type\":\"WebPage\",\"@id\":\"https:\\\/\\\/www.urbanbiker.com\\\/de\\\/produkt\\\/mini-plus\\\/\",\"url\":\"https:\\\/\\\/www.urbanbiker.com\\\/de\\\/produkt\\\/mini-plus\\\/\",\"name\":\"Mini PLUS | Faltbares elektrisches Stadtrad mit Mittelmotor\",\"isPartOf\":{\"@id\":\"https:\\\/\\\/www.urbanbiker.com\\\/de\\\/#website\"},\"primaryImageOfPage\":{\"@id\":\"https:\\\/\\\/www.urbanbiker.com\\\/de\\\/produkt\\\/mini-plus\\\/#primaryimage\"},\"image\":{\"@id\":\"https:\\\/\\\/www.urbanbiker.com\\\/de\\\/produkt\\\/mini-plus\\\/#primaryimage\"},\"thumbnailUrl\":\"https:\\\/\\\/www.urbanbiker.com\\\/wp-content\\\/uploads\\\/2024\\\/11\\\/1-Urbanbiker-Mini-Plus.jpg\",\"datePublished\":\"2025-04-13T13:54:11+00:00\",\"dateModified\":\"2025-11-04T08:38:55+00:00\",\"description\":\"Das faltbare Stadtelektrofahrrad mit Mittelmotor Mini PLUS ist schnell, vielseitig und leicht. Zusammenfalten, aufklappen, in die Pedale treten.\",\"breadcrumb\":{\"@id\":\"https:\\\/\\\/www.urbanbiker.com\\\/de\\\/produkt\\\/mini-plus\\\/#breadcrumb\"},\"inLanguage\":\"de\",\"potentialAction\":[{\"@type\":\"ReadAction\",\"target\":[\"https:\\\/\\\/www.urbanbiker.com\\\/de\\\/produkt\\\/mini-plus\\\/\"]}]},{\"@type\":\"ImageObject\",\"inLanguage\":\"de\",\"@id\":\"https:\\\/\\\/www.urbanbiker.com\\\/de\\\/produkt\\\/mini-plus\\\/#primaryimage\",\"url\":\"https:\\\/\\\/www.urbanbiker.com\\\/wp-content\\\/uploads\\\/2024\\\/11\\\/1-Urbanbiker-Mini-Plus.jpg\",\"contentUrl\":\"https:\\\/\\\/www.urbanbiker.com\\\/wp-content\\\/uploads\\\/2024\\\/11\\\/1-Urbanbiker-Mini-Plus.jpg\",\"width\":1080,\"height\":1080,\"caption\":\"Zusammenklappbares Elektrofahrrad mit Zentralmotor\"},{\"@type\":\"BreadcrumbList\",\"@id\":\"https:\\\/\\\/www.urbanbiker.com\\\/de\\\/produkt\\\/mini-plus\\\/#breadcrumb\",\"itemListElement\":[{\"@type\":\"ListItem\",\"position\":1,\"name\":\"Portada\",\"item\":\"https:\\\/\\\/www.urbanbiker.com\\\/de\\\/\"},{\"@type\":\"ListItem\",\"position\":2,\"name\":\"Elektrofahrr\u00e4der Shop\",\"item\":\"https:\\\/\\\/www.urbanbiker.com\\\/de\\\/ebike-shop\\\/\"},{\"@type\":\"ListItem\",\"position\":3,\"name\":\"Mini PLUS | Klapprad E-Bike | Mittelmotor\"}]},{\"@type\":\"WebSite\",\"@id\":\"https:\\\/\\\/www.urbanbiker.com\\\/de\\\/#website\",\"url\":\"https:\\\/\\\/www.urbanbiker.com\\\/de\\\/\",\"name\":\"UrbanBiker\",\"description\":\"Elektrische Fahrr\u00e4der\",\"publisher\":{\"@id\":\"https:\\\/\\\/www.urbanbiker.com\\\/de\\\/#organization\"},\"potentialAction\":[{\"@type\":\"SearchAction\",\"target\":{\"@type\":\"EntryPoint\",\"urlTemplate\":\"https:\\\/\\\/www.urbanbiker.com\\\/de\\\/?s={search_term_string}\"},\"query-input\":{\"@type\":\"PropertyValueSpecification\",\"valueRequired\":true,\"valueName\":\"search_term_string\"}}],\"inLanguage\":\"de\"},{\"@type\":\"Organization\",\"@id\":\"https:\\\/\\\/www.urbanbiker.com\\\/de\\\/#organization\",\"name\":\"UrbanBiker\",\"url\":\"https:\\\/\\\/www.urbanbiker.com\\\/de\\\/\",\"logo\":{\"@type\":\"ImageObject\",\"inLanguage\":\"de\",\"@id\":\"https:\\\/\\\/www.urbanbiker.com\\\/de\\\/#\\\/schema\\\/logo\\\/image\\\/\",\"url\":\"https:\\\/\\\/www.urbanbiker.com\\\/wp-content\\\/uploads\\\/2022\\\/09\\\/Logo-principal-sin-fondo.png\",\"contentUrl\":\"https:\\\/\\\/www.urbanbiker.com\\\/wp-content\\\/uploads\\\/2022\\\/09\\\/Logo-principal-sin-fondo.png\",\"width\":2560,\"height\":934,\"caption\":\"UrbanBiker\"},\"image\":{\"@id\":\"https:\\\/\\\/www.urbanbiker.com\\\/de\\\/#\\\/schema\\\/logo\\\/image\\\/\"},\"sameAs\":[\"https:\\\/\\\/www.facebook.com\\\/Urbanbikerbiciselectricas\",\"https:\\\/\\\/www.instagram.com\\\/urbanbiker_\\\/\",\"https:\\\/\\\/www.linkedin.com\\\/company\\\/2454235\",\"https:\\\/\\\/www.youtube.com\\\/channel\\\/UCWR__uH_RWJF-OhPfz-9-Qw\"]}]}<\/script>\n<!-- \/ Yoast SEO plugin. -->","yoast_head_json":{"title":"Mini PLUS | Faltbares elektrisches Stadtrad mit Mittelmotor","description":"Das faltbare Stadtelektrofahrrad mit Mittelmotor Mini PLUS ist schnell, vielseitig und leicht. Zusammenfalten, aufklappen, in die Pedale treten.","robots":{"index":"index","follow":"follow","max-snippet":"max-snippet:-1","max-image-preview":"max-image-preview:large","max-video-preview":"max-video-preview:-1"},"canonical":"https:\/\/www.urbanbiker.com\/de\/produkt\/mini-plus\/","og_locale":"de_DE","og_type":"article","og_title":"Mini PLUS | Faltbares elektrisches Stadtrad mit Mittelmotor","og_description":"Das faltbare Stadtelektrofahrrad mit Mittelmotor Mini PLUS ist schnell, vielseitig und leicht. Zusammenfalten, aufklappen, in die Pedale treten.","og_url":"https:\/\/www.urbanbiker.com\/de\/produkt\/mini-plus\/","og_site_name":"UrbanBiker","article_publisher":"https:\/\/www.facebook.com\/Urbanbikerbiciselectricas","article_modified_time":"2025-11-04T08:38:55+00:00","og_image":[{"width":1080,"height":1080,"url":"https:\/\/www.urbanbiker.com\/wp-content\/uploads\/2024\/11\/1-Urbanbiker-Mini-Plus.jpg","type":"image\/jpeg"}],"twitter_card":"summary_large_image","twitter_misc":{"Gesch\u00e4tzte Lesezeit":"3\u00a0Minute"},"schema":{"@context":"https:\/\/schema.org","@graph":[{"@type":"WebPage","@id":"https:\/\/www.urbanbiker.com\/de\/produkt\/mini-plus\/","url":"https:\/\/www.urbanbiker.com\/de\/produkt\/mini-plus\/","name":"Mini PLUS | Faltbares elektrisches Stadtrad mit Mittelmotor","isPartOf":{"@id":"https:\/\/www.urbanbiker.com\/de\/#website"},"primaryImageOfPage":{"@id":"https:\/\/www.urbanbiker.com\/de\/produkt\/mini-plus\/#primaryimage"},"image":{"@id":"https:\/\/www.urbanbiker.com\/de\/produkt\/mini-plus\/#primaryimage"},"thumbnailUrl":"https:\/\/www.urbanbiker.com\/wp-content\/uploads\/2024\/11\/1-Urbanbiker-Mini-Plus.jpg","datePublished":"2025-04-13T13:54:11+00:00","dateModified":"2025-11-04T08:38:55+00:00","description":"Das faltbare Stadtelektrofahrrad mit Mittelmotor Mini PLUS ist schnell, vielseitig und leicht. Zusammenfalten, aufklappen, in die Pedale treten.","breadcrumb":{"@id":"https:\/\/www.urbanbiker.com\/de\/produkt\/mini-plus\/#breadcrumb"},"inLanguage":"de","potentialAction":[{"@type":"ReadAction","target":["https:\/\/www.urbanbiker.com\/de\/produkt\/mini-plus\/"]}]},{"@type":"ImageObject","inLanguage":"de","@id":"https:\/\/www.urbanbiker.com\/de\/produkt\/mini-plus\/#primaryimage","url":"https:\/\/www.urbanbiker.com\/wp-content\/uploads\/2024\/11\/1-Urbanbiker-Mini-Plus.jpg","contentUrl":"https:\/\/www.urbanbiker.com\/wp-content\/uploads\/2024\/11\/1-Urbanbiker-Mini-Plus.jpg","width":1080,"height":1080,"caption":"Zusammenklappbares Elektrofahrrad mit Zentralmotor"},{"@type":"BreadcrumbList","@id":"https:\/\/www.urbanbiker.com\/de\/produkt\/mini-plus\/#breadcrumb","itemListElement":[{"@type":"ListItem","position":1,"name":"Portada","item":"https:\/\/www.urbanbiker.com\/de\/"},{"@type":"ListItem","position":2,"name":"Elektrofahrr\u00e4der Shop","item":"https:\/\/www.urbanbiker.com\/de\/ebike-shop\/"},{"@type":"ListItem","position":3,"name":"Mini PLUS | Klapprad E-Bike | Mittelmotor"}]},{"@type":"WebSite","@id":"https:\/\/www.urbanbiker.com\/de\/#website","url":"https:\/\/www.urbanbiker.com\/de\/","name":"UrbanBiker","description":"Elektrische Fahrr\u00e4der","publisher":{"@id":"https:\/\/www.urbanbiker.com\/de\/#organization"},"potentialAction":[{"@type":"SearchAction","target":{"@type":"EntryPoint","urlTemplate":"https:\/\/www.urbanbiker.com\/de\/?s={search_term_string}"},"query-input":{"@type":"PropertyValueSpecification","valueRequired":true,"valueName":"search_term_string"}}],"inLanguage":"de"},{"@type":"Organization","@id":"https:\/\/www.urbanbiker.com\/de\/#organization","name":"UrbanBiker","url":"https:\/\/www.urbanbiker.com\/de\/","logo":{"@type":"ImageObject","inLanguage":"de","@id":"https:\/\/www.urbanbiker.com\/de\/#\/schema\/logo\/image\/","url":"https:\/\/www.urbanbiker.com\/wp-content\/uploads\/2022\/09\/Logo-principal-sin-fondo.png","contentUrl":"https:\/\/www.urbanbiker.com\/wp-content\/uploads\/2022\/09\/Logo-principal-sin-fondo.png","width":2560,"height":934,"caption":"UrbanBiker"},"image":{"@id":"https:\/\/www.urbanbiker.com\/de\/#\/schema\/logo\/image\/"},"sameAs":["https:\/\/www.facebook.com\/Urbanbikerbiciselectricas","https:\/\/www.instagram.com\/urbanbiker_\/","https:\/\/www.linkedin.com\/company\/2454235","https:\/\/www.youtube.com\/channel\/UCWR__uH_RWJF-OhPfz-9-Qw"]}]}},"_links":{"self":[{"href":"https:\/\/www.urbanbiker.com\/de\/wp-json\/wp\/v2\/product\/35281","targetHints":{"allow":["GET"]}}],"collection":[{"href":"https:\/\/www.urbanbiker.com\/de\/wp-json\/wp\/v2\/product"}],"about":[{"href":"https:\/\/www.urbanbiker.com\/de\/wp-json\/wp\/v2\/types\/product"}],"version-history":[{"count":26,"href":"https:\/\/www.urbanbiker.com\/de\/wp-json\/wp\/v2\/product\/35281\/revisions"}],"predecessor-version":[{"id":52049,"href":"https:\/\/www.urbanbiker.com\/de\/wp-json\/wp\/v2\/product\/35281\/revisions\/52049"}],"wp:featuredmedia":[{"embeddable":true,"href":"https:\/\/www.urbanbiker.com\/de\/wp-json\/wp\/v2\/media\/34750"}],"wp:attachment":[{"href":"https:\/\/www.urbanbiker.com\/de\/wp-json\/wp\/v2\/media?parent=35281"}],"wp:term":[{"taxonomy":"product_cat","embeddable":true,"href":"https:\/\/www.urbanbiker.com\/de\/wp-json\/wp\/v2\/product_cat?post=35281"},{"taxonomy":"product_tag","embeddable":true,"href":"https:\/\/www.urbanbiker.com\/de\/wp-json\/wp\/v2\/product_tag?post=35281"}],"curies":[{"name":"wp","href":"https:\/\/api.w.org\/{rel}","templated":true}]}}