{"id":35276,"date":"2025-04-13T17:13:41","date_gmt":"2025-04-13T15:13:41","guid":{"rendered":"https:\/\/www.urbanbiker.com\/tienda-bicicletas-electricas\/unkategorisiert\/mini\/"},"modified":"2026-04-17T13:12:36","modified_gmt":"2026-04-17T11:12:36","slug":"mini-faltabares-elektrofahrrad-fuer-die-stadt","status":"publish","type":"product","link":"https:\/\/www.urbanbiker.com\/de\/produkt\/mini-faltabares-elektrofahrrad-fuer-die-stadt\/","title":{"rendered":"Mini | Klapprad E-Bike"},"content":{"rendered":"\t\t<div data-elementor-type=\"wp-post\" data-elementor-id=\"35276\" class=\"elementor elementor-35276 elementor-31561\">\n\t\t\t\t\t\t<section class=\"elementor-section elementor-top-section elementor-element elementor-element-7a7f464 elementor-section-boxed elementor-section-height-default elementor-section-height-default\" data-id=\"7a7f464\" data-element_type=\"section\" data-e-type=\"section\">\n\t\t\t\t\t\t<div class=\"elementor-container elementor-column-gap-default\">\n\t\t\t\t\t<div class=\"elementor-column elementor-col-100 elementor-top-column elementor-element elementor-element-7cc48a35\" data-id=\"7cc48a35\" data-element_type=\"column\" data-e-type=\"column\">\n\t\t\t<div class=\"elementor-widget-wrap elementor-element-populated\">\n\t\t\t\t\n\t\t<div class=\"elementor-element elementor-element-6133a932 elementor-widget elementor-widget-text-editor\" data-id=\"6133a932\" data-element_type=\"widget\" data-e-type=\"widget\" data-widget_type=\"text-editor.default\">\n\t\t\t\t<div class=\"elementor-widget-container\">\n\t\t\t\t\t\t\t\t\t<h2 style=\"text-align: center;\">Faltbares Elektrofahrrad f\u00fcr die Stadt Mini<\/h2><p><strong>Sie m\u00fcssen nicht mehr abgeholt oder abgesetzt werden<\/strong>. Mit dem <strong>klappbaren Elektrofahrrad Mini<\/strong> k\u00f6nnen Sie fahren, wohin Sie wollen und wann Sie wollen. Durch sein <strong>faltbares Design<\/strong> l\u00e4sst es sich perfekt <strong>mit anderen Transportmitteln kombinieren oder platzsparend<\/strong> zu Hause <strong>verstauen.<\/strong><\/p><ul><li>Der <strong>250W-Hinterradmotor<\/strong> von <strong>Bafang sorgt f\u00fcr absolute Stabilit\u00e4t<\/strong> und bietet genug Leistung, um 25 km\/h zu erreichen (gesetzlich erlaubte H\u00f6chstgeschwindigkeit).<\/li><li><strong>Herausnehmbarer Akku<\/strong> (Samsung Zellen) 36V 15Ah (540Wh), der Ihnen <strong>bis zu 90 km Reichweite<\/strong> im ECO-Modus bietet. Kombiniert Leistung und Leichtigkeit, so dass Sie Ihre Fahrten genie\u00dfen k\u00f6nnen, ohne sich Gedanken \u00fcber das Aufladen machen zu m\u00fcssen.<\/li><li>Hydraulische Scheibenbremsen sorgen f\u00fcr <strong>Kontrolle und Sicherheit bei jedem Stopp<\/strong>. Pannensichere Schwalbe Big Apple Plus Reifen mit nat\u00fcrlicher Federung f\u00fcr ein sanftes und komfortables Fahrgef\u00fchl, auch auf Asphalt. <strong>Urbane<\/strong> Mobilit\u00e4t ohne Stress oder unangenehme Vibrationen.<\/li><li>Beleuchtetes <b>Bafang\u00a0<\/b><strong>LCD-Display mit allen notwendigen Informationen auf Knopfdruck<\/strong>, 5 Unterst\u00fctzungsstufen, inklusive &#8222;Walk Mode&#8220; f\u00fcr einen einfachen Start. Zu den weiteren Komfortmerkmalen geh\u00f6ren ein ergonomischer Gel-Sattel und ergonomische Griffe, denn Komfort wird gro\u00df geschrieben.<\/li><\/ul><p>Der <strong>urbane Mini mit Bafang-System<\/strong>\u00a0ist so konzipiert, dass er zu Ihnen passt. Dank seines schnellen <strong>Faltsystems<\/strong> und seiner kompakten Gr\u00f6\u00dfe k\u00f6nnen Sie ihn problemlos im Kofferraum Ihres Autos transportieren, ihn im Zug mitnehmen oder ihn m\u00fchelos in kleinen R\u00e4umen verstauen.<\/p>\t\t\t\t\t\t\t\t<\/div>\n\t\t\t\t<\/div>\n\t\t\t\t\t<\/div>\n\t\t<\/div>\n\t\t\t\t\t<\/div>\n\t\t<\/section>\n\t\t\t\t<section class=\"elementor-section elementor-top-section elementor-element elementor-element-923693c elementor-section-boxed elementor-section-height-default elementor-section-height-default\" data-id=\"923693c\" data-element_type=\"section\" data-e-type=\"section\">\n\t\t\t\t\t\t<div class=\"elementor-container elementor-column-gap-default\">\n\t\t\t\t\t<div class=\"elementor-column elementor-col-50 elementor-top-column elementor-element elementor-element-236b255\" data-id=\"236b255\" data-element_type=\"column\" data-e-type=\"column\">\n\t\t\t<div class=\"elementor-widget-wrap elementor-element-populated\">\n\t\t\t\t\t\t<div class=\"elementor-element elementor-element-8de6a4e elementor-widget elementor-widget-video\" data-id=\"8de6a4e\" data-element_type=\"widget\" data-e-type=\"widget\" data-settings=\"{&quot;youtube_url&quot;:&quot;https:\\\/\\\/www.youtube.com\\\/watch?v=y6e3iRCKEjU&quot;,&quot;video_type&quot;:&quot;youtube&quot;}\" data-widget_type=\"video.default\">\n\t\t\t\t<div class=\"elementor-widget-container\">\n\t\t\t\t\t\t\t<div class=\"elementor-wrapper elementor-open-inline\">\n\t\t\t<div class=\"elementor-video\"><\/div>\t\t<\/div>\n\t\t\t\t\t\t<\/div>\n\t\t\t\t<\/div>\n\t\t\t\t\t<\/div>\n\t\t<\/div>\n\t\t\t\t<div class=\"elementor-column elementor-col-50 elementor-top-column elementor-element elementor-element-d5bff8a\" data-id=\"d5bff8a\" data-element_type=\"column\" data-e-type=\"column\">\n\t\t\t<div class=\"elementor-widget-wrap elementor-element-populated\">\n\t\t\t\t\t\t<div class=\"elementor-element elementor-element-ab7c6a4 elementor-widget elementor-widget-video\" data-id=\"ab7c6a4\" data-element_type=\"widget\" data-e-type=\"widget\" data-settings=\"{&quot;youtube_url&quot;:&quot;https:\\\/\\\/www.youtube.com\\\/watch?v=eFsTFlwOxkk&quot;,&quot;video_type&quot;:&quot;youtube&quot;}\" data-widget_type=\"video.default\">\n\t\t\t\t<div class=\"elementor-widget-container\">\n\t\t\t\t\t\t\t<div class=\"elementor-wrapper elementor-open-inline\">\n\t\t\t<div class=\"elementor-video\"><\/div>\t\t<\/div>\n\t\t\t\t\t\t<\/div>\n\t\t\t\t<\/div>\n\t\t\t\t\t<\/div>\n\t\t<\/div>\n\t\t\t\t\t<\/div>\n\t\t<\/section>\n\t\t\t\t<section class=\"elementor-section elementor-top-section elementor-element elementor-element-4f27456 elementor-section-boxed elementor-section-height-default elementor-section-height-default\" data-id=\"4f27456\" data-element_type=\"section\" data-e-type=\"section\">\n\t\t\t\t\t\t<div class=\"elementor-container elementor-column-gap-default\">\n\t\t\t\t\t<div class=\"elementor-column elementor-col-100 elementor-top-column elementor-element elementor-element-6a530dd\" data-id=\"6a530dd\" data-element_type=\"column\" data-e-type=\"column\">\n\t\t\t<div class=\"elementor-widget-wrap elementor-element-populated\">\n\t\t\t\t\t\t<div class=\"elementor-element elementor-element-566fe44 elementor-widget elementor-widget-text-editor\" data-id=\"566fe44\" data-element_type=\"widget\" data-e-type=\"widget\" data-widget_type=\"text-editor.default\">\n\t\t\t\t<div class=\"elementor-widget-container\">\n\t\t\t\t\t\t\t\t\t<p>Das Leben ist zu kurz, um von anderen abh\u00e4ngig zu sein. Mit dem <strong>faltbarem Mini City-E-Bike mit Bafang-System<\/strong> gewinnen Sie Ihre Freiheit zur\u00fcck und genie\u00dfen jeden Moment auf der Stra\u00dfe.<\/p><p><strong>Sind Sie bereit, den Sprung zu wagen?<\/strong><br \/>Tun Sie es noch heute und ver\u00e4ndern Sie Ihre Mobilit\u00e4t!<\/p><p><strong>Qualit\u00e4ts- und Haltbarkeitszertifikate<\/strong><br \/>Das <strong>faltbare E-Bike Mini<\/strong> ist nach den europ\u00e4ischen Normen (2006\/42\/CE und 2004\/10\/CE) zertifiziert und garantiert somit maximale Sicherheit und Qualit\u00e4t.<\/p><p><em>*Obwohl die Spezifikationen je nach Verf\u00fcgbarkeit variieren k\u00f6nnen, werden immer die h\u00f6chsten Standards eingehalten.<\/em><\/p>\t\t\t\t\t\t\t\t<\/div>\n\t\t\t\t<\/div>\n\t\t\t\t\t<\/div>\n\t\t<\/div>\n\t\t\t\t\t<\/div>\n\t\t<\/section>\n\t\t\t\t<section class=\"elementor-section elementor-top-section elementor-element elementor-element-3f562c7 elementor-section-boxed elementor-section-height-default elementor-section-height-default\" data-id=\"3f562c7\" data-element_type=\"section\" data-e-type=\"section\">\n\t\t\t\t\t\t<div class=\"elementor-container elementor-column-gap-default\">\n\t\t\t\t\t<div class=\"elementor-column elementor-col-100 elementor-top-column elementor-element elementor-element-c5e03d2\" data-id=\"c5e03d2\" data-element_type=\"column\" data-e-type=\"column\">\n\t\t\t<div class=\"elementor-widget-wrap elementor-element-populated\">\n\t\t\t\t\t\t<div class=\"elementor-element elementor-element-6f50011 elementor-widget elementor-widget-text-editor\" data-id=\"6f50011\" data-element_type=\"widget\" data-e-type=\"widget\" data-widget_type=\"text-editor.default\">\n\t\t\t\t<div class=\"elementor-widget-container\">\n\t\t\t\t\t\t\t\t\t<h3 style=\"text-align: center;\"><strong>Support durch UrbanBiker<\/strong><\/h3>\t\t\t\t\t\t\t\t<\/div>\n\t\t\t\t<\/div>\n\t\t\t\t\t<\/div>\n\t\t<\/div>\n\t\t\t\t\t<\/div>\n\t\t<\/section>\n\t\t\t\t<section class=\"elementor-section elementor-top-section elementor-element elementor-element-60bb5212 elementor-section-boxed elementor-section-height-default elementor-section-height-default\" data-id=\"60bb5212\" data-element_type=\"section\" data-e-type=\"section\">\n\t\t\t\t\t\t<div class=\"elementor-container elementor-column-gap-default\">\n\t\t\t\t\t<div class=\"elementor-column elementor-col-50 elementor-top-column elementor-element elementor-element-668d0891\" data-id=\"668d0891\" data-element_type=\"column\" data-e-type=\"column\">\n\t\t\t<div class=\"elementor-widget-wrap elementor-element-populated\">\n\t\t\t\t\t\t<div class=\"elementor-element elementor-element-8ab51d2 elementor-widget elementor-widget-text-editor\" data-id=\"8ab51d2\" data-element_type=\"widget\" data-e-type=\"widget\" data-widget_type=\"text-editor.default\">\n\t\t\t\t<div class=\"elementor-widget-container\">\n\t\t\t\t\t\t\t\t\t<h4>Wartung und Reparatur<\/h4><p>Handb\u00fccher und Anleitungen, Schritt-f\u00fcr-Schritt-Anleitungen, kompatible Ersatzteile: Hier finden Sie alle Informationen, die Sie f\u00fcr die einfache Wartung und Reparatur Ihres Produkts ben\u00f6tigen.<\/p>\t\t\t\t\t\t\t\t<\/div>\n\t\t\t\t<\/div>\n\t\t\t\t<section class=\"elementor-section elementor-inner-section elementor-element elementor-element-ad85594 elementor-section-boxed elementor-section-height-default elementor-section-height-default\" data-id=\"ad85594\" data-element_type=\"section\" data-e-type=\"section\">\n\t\t\t\t\t\t<div class=\"elementor-container elementor-column-gap-default\">\n\t\t\t\t\t<div class=\"elementor-column elementor-col-50 elementor-inner-column elementor-element elementor-element-44dffe02\" data-id=\"44dffe02\" data-element_type=\"column\" data-e-type=\"column\">\n\t\t\t<div class=\"elementor-widget-wrap elementor-element-populated\">\n\t\t\t\t\t\t<div class=\"elementor-element elementor-element-224234fa elementor-align-center elementor-button-outline elementor-widget elementor-widget-button\" data-id=\"224234fa\" data-element_type=\"widget\" data-e-type=\"widget\" data-widget_type=\"button.default\">\n\t\t\t\t<div class=\"elementor-widget-container\">\n\t\t\t\t\t\t\t\t\t<div class=\"elementor-button-wrapper\">\n\t\t\t\t\t<a class=\"elementor-button elementor-button-link elementor-size-sm\" href=\"https:\/\/ebikedeutschland.zendesk.com\/\">\n\t\t\t\t\t\t<span class=\"elementor-button-content-wrapper\">\n\t\t\t\t\t\t\t\t\t<span class=\"elementor-button-text\">Hilfe<br>Center<\/span>\n\t\t\t\t\t<\/span>\n\t\t\t\t\t<\/a>\n\t\t\t\t<\/div>\n\t\t\t\t\t\t\t\t<\/div>\n\t\t\t\t<\/div>\n\t\t\t\t\t<\/div>\n\t\t<\/div>\n\t\t\t\t<div class=\"elementor-column elementor-col-50 elementor-inner-column elementor-element elementor-element-25cf5fc\" data-id=\"25cf5fc\" data-element_type=\"column\" data-e-type=\"column\">\n\t\t\t<div class=\"elementor-widget-wrap elementor-element-populated\">\n\t\t\t\t\t\t<div class=\"elementor-element elementor-element-49bf57cd elementor-align-center elementor-button-default elementor-widget elementor-widget-button\" data-id=\"49bf57cd\" data-element_type=\"widget\" data-e-type=\"widget\" data-widget_type=\"button.default\">\n\t\t\t\t<div class=\"elementor-widget-container\">\n\t\t\t\t\t\t\t\t\t<div class=\"elementor-button-wrapper\">\n\t\t\t\t\t<a class=\"elementor-button elementor-button-link elementor-size-sm\" href=\"https:\/\/www.urbanbiker.com\/de\/produktkategorie\/komponenten\/?filter_ebike=mini\">\n\t\t\t\t\t\t<span class=\"elementor-button-content-wrapper\">\n\t\t\t\t\t\t\t\t\t<span class=\"elementor-button-text\">Ersatz-<br>teile<\/span>\n\t\t\t\t\t<\/span>\n\t\t\t\t\t<\/a>\n\t\t\t\t<\/div>\n\t\t\t\t\t\t\t\t<\/div>\n\t\t\t\t<\/div>\n\t\t\t\t\t<\/div>\n\t\t<\/div>\n\t\t\t\t\t<\/div>\n\t\t<\/section>\n\t\t\t\t<div class=\"elementor-element elementor-element-4a77b57 elementor-align-justify elementor-button-info elementor-widget elementor-widget-button\" data-id=\"4a77b57\" data-element_type=\"widget\" data-e-type=\"widget\" data-widget_type=\"button.default\">\n\t\t\t\t<div class=\"elementor-widget-container\">\n\t\t\t\t\t\t\t\t\t<div class=\"elementor-button-wrapper\">\n\t\t\t\t\t<a class=\"elementor-button elementor-button-link elementor-size-sm\" href=\"https:\/\/www.urbanbiker.com\/de\/offizielle-vertriebspartner\/\">\n\t\t\t\t\t\t<span class=\"elementor-button-content-wrapper\">\n\t\t\t\t\t\t\t\t\t<span class=\"elementor-button-text\">Finden Sie Ihr n\u00e4chstes Gesch\u00e4ft \/ Werkstatt<\/span>\n\t\t\t\t\t<\/span>\n\t\t\t\t\t<\/a>\n\t\t\t\t<\/div>\n\t\t\t\t\t\t\t\t<\/div>\n\t\t\t\t<\/div>\n\t\t\t\t\t<\/div>\n\t\t<\/div>\n\t\t\t\t<div class=\"elementor-column elementor-col-50 elementor-top-column elementor-element elementor-element-11bf550c\" data-id=\"11bf550c\" data-element_type=\"column\" data-e-type=\"column\">\n\t\t\t<div class=\"elementor-widget-wrap elementor-element-populated\">\n\t\t\t\t\t\t<div class=\"elementor-element elementor-element-287ba5ba elementor-widget elementor-widget-image\" data-id=\"287ba5ba\" data-element_type=\"widget\" data-e-type=\"widget\" data-widget_type=\"image.default\">\n\t\t\t\t<div class=\"elementor-widget-container\">\n\t\t\t\t\t\t\t\t\t\t\t\t\t\t\t<img fetchpriority=\"high\" decoding=\"async\" width=\"980\" height=\"654\" src=\"https:\/\/www.urbanbiker.com\/wp-content\/uploads\/2024\/11\/servicio-tecnico-1024x683.jpg\" class=\"attachment-large size-large wp-image-35002\" alt=\"\" srcset=\"https:\/\/www.urbanbiker.com\/wp-content\/uploads\/2024\/11\/servicio-tecnico-1024x683.jpg 1024w, https:\/\/www.urbanbiker.com\/wp-content\/uploads\/2024\/11\/servicio-tecnico-300x200.jpg 300w, https:\/\/www.urbanbiker.com\/wp-content\/uploads\/2024\/11\/servicio-tecnico-768x512.jpg 768w, https:\/\/www.urbanbiker.com\/wp-content\/uploads\/2024\/11\/servicio-tecnico-800x533.jpg 800w, https:\/\/www.urbanbiker.com\/wp-content\/uploads\/2024\/11\/servicio-tecnico.jpg 1200w\" sizes=\"(max-width: 980px) 100vw, 980px\" \/>\t\t\t\t\t\t\t\t\t\t\t\t\t\t\t<\/div>\n\t\t\t\t<\/div>\n\t\t\t\t\t<\/div>\n\t\t<\/div>\n\t\t\t\t\t<\/div>\n\t\t<\/section>\n\t\t\t\t<\/div>\n\t\t","protected":false},"excerpt":{"rendered":"<p><strong>Mini: Das faltbare E-Bike, das Sie \u00fcberall hin begleitet<\/strong><\/p>\n<p><strong>Gewinnen Sie Ihre Freiheit zur\u00fcck und \u00fcbernehmen Sie die Kontrolle \u00fcber Ihre Fahrten<\/strong> mit dem <strong>Mini klappbaren Elektrofahrrad mit Bafang-System f\u00fcr die Stadt<\/strong>. Vergessen Sie, dass Sie von Zeitpl\u00e4nen oder anderen Menschen abh\u00e4ngig sind. Mit seinem praktischen, einfach zu bedienenden Design bringt Sie dieses <strong>Fahrrad<\/strong> nicht nur ans Ziel, sondern gibt Ihnen auch die Unabh\u00e4ngigkeit zur\u00fcck, die Sie verdienen. Leicht, komfortabel und geschaffen, um Ihren Alltag zu vereinfachen, ist es mehr als nur ein Transportmittel: Es ist Ihre L\u00f6sung, um v\u00f6llig unabh\u00e4ngig unterwegs zu sein und Ihre Zeit auf Ihre Art zu genie\u00dfen.<\/p>\n<p><a href=\"https:\/\/www.urbanbiker.com\/wp-content\/uploads\/2025\/04\/UrbanBiker-Service-DE.png\"><img decoding=\"async\" class=\"alignnone size-medium wp-image-51983\" src=\"https:\/\/www.urbanbiker.com\/wp-content\/uploads\/2025\/04\/UrbanBiker-Service-DE-300x89.png\" alt=\"UrbanBiker Service - DE\" width=\"300\" height=\"89\" srcset=\"https:\/\/www.urbanbiker.com\/wp-content\/uploads\/2025\/04\/UrbanBiker-Service-DE-300x89.png 300w, https:\/\/www.urbanbiker.com\/wp-content\/uploads\/2025\/04\/UrbanBiker-Service-DE-1024x303.png 1024w, https:\/\/www.urbanbiker.com\/wp-content\/uploads\/2025\/04\/UrbanBiker-Service-DE-768x227.png 768w, https:\/\/www.urbanbiker.com\/wp-content\/uploads\/2025\/04\/UrbanBiker-Service-DE-1140x340.png 1140w, https:\/\/www.urbanbiker.com\/wp-content\/uploads\/2025\/04\/UrbanBiker-Service-DE-800x237.png 800w, https:\/\/www.urbanbiker.com\/wp-content\/uploads\/2025\/04\/UrbanBiker-Service-DE.png 1150w\" sizes=\"(max-width: 300px) 100vw, 300px\" \/><\/a><\/p>\n","protected":false},"featured_media":57555,"template":"","meta":[],"product_cat":[675,225,187],"product_tag":[],"class_list":{"0":"post-35276","1":"product","2":"type-product","3":"status-publish","4":"has-post-thumbnail","6":"product_cat-ebikes","7":"product_cat-faltbare-ebikes-fuer-die-stadt","8":"product_cat-staedtische-elektrofahrraeder","9":"pa_capacidad-bateria-540wh","10":"pa_color-schwarz","11":"pa_color-weis","12":"pa_ebike-mini","14":"first","15":"instock","16":"taxable","17":"shipping-taxable","18":"purchasable","19":"product-type-variable"},"atum_controlled":true,"out_stock_date":null,"out_stock_threshold":null,"inheritable":true,"stock_on_hold":1,"sold_today":0,"sales_last_days":0,"out_stock_days":0,"lost_sales":0,"update_date":"2026-04-29T00:31:25","atum_locations":[],"atum_stock_status":"instock","restock_status":false,"low_stock_amount":"","sales_update_date":"2026-04-29T00:31:25","calc_backorders":null,"yoast_head":"<!-- This site is optimized with the Yoast SEO plugin v27.5 - https:\/\/yoast.com\/product\/yoast-seo-wordpress\/ -->\n<title>Mini | Elektro-Klapprad f\u00fcr die Stadt | UrbanBiker<\/title>\n<meta name=\"description\" content=\"Mini | Das faltbare Elektro-City-Bike mit Bafang-System wurde f\u00fcr den urbanen Radfahrer entwickelt und ist schnell, vielseitig und leicht. | UrbanBiker\" \/>\n<meta name=\"robots\" content=\"index, follow, max-snippet:-1, max-image-preview:large, max-video-preview:-1\" \/>\n<link rel=\"canonical\" href=\"https:\/\/www.urbanbiker.com\/de\/produkt\/mini-faltabares-elektrofahrrad-fuer-die-stadt\/\" \/>\n<meta property=\"og:locale\" content=\"de_DE\" \/>\n<meta property=\"og:type\" content=\"article\" \/>\n<meta property=\"og:title\" content=\"Mini | Elektro-Klapprad f\u00fcr die Stadt | UrbanBiker\" \/>\n<meta property=\"og:description\" content=\"Mini | Das faltbare Elektro-City-Bike mit Bafang-System wurde f\u00fcr den urbanen Radfahrer entwickelt und ist schnell, vielseitig und leicht. | UrbanBiker\" \/>\n<meta property=\"og:url\" content=\"https:\/\/www.urbanbiker.com\/de\/produkt\/mini-faltabares-elektrofahrrad-fuer-die-stadt\/\" \/>\n<meta property=\"og:site_name\" content=\"UrbanBiker\" \/>\n<meta property=\"article:publisher\" content=\"https:\/\/www.facebook.com\/Urbanbikerbiciselectricas\" \/>\n<meta property=\"article:modified_time\" content=\"2026-04-17T11:12:36+00:00\" \/>\n<meta property=\"og:image\" content=\"https:\/\/www.urbanbiker.com\/wp-content\/uploads\/2025\/04\/UrbanBiker-Mini-Blanca-25.jpg\" \/>\n\t<meta property=\"og:image:width\" content=\"1080\" \/>\n\t<meta property=\"og:image:height\" content=\"1080\" \/>\n\t<meta property=\"og:image:type\" content=\"image\/jpeg\" \/>\n<meta name=\"twitter:card\" content=\"summary_large_image\" \/>\n<meta name=\"twitter:label1\" content=\"Gesch\u00e4tzte Lesezeit\" \/>\n\t<meta name=\"twitter:data1\" content=\"3\u00a0Minute\" \/>\n<script type=\"application\/ld+json\" class=\"yoast-schema-graph\">{\"@context\":\"https:\\\/\\\/schema.org\",\"@graph\":[{\"@type\":\"WebPage\",\"@id\":\"https:\\\/\\\/www.urbanbiker.com\\\/de\\\/produkt\\\/mini-faltabares-elektrofahrrad-fuer-die-stadt\\\/\",\"url\":\"https:\\\/\\\/www.urbanbiker.com\\\/de\\\/produkt\\\/mini-faltabares-elektrofahrrad-fuer-die-stadt\\\/\",\"name\":\"Mini | Elektro-Klapprad f\u00fcr die Stadt | UrbanBiker\",\"isPartOf\":{\"@id\":\"https:\\\/\\\/www.urbanbiker.com\\\/de\\\/#website\"},\"primaryImageOfPage\":{\"@id\":\"https:\\\/\\\/www.urbanbiker.com\\\/de\\\/produkt\\\/mini-faltabares-elektrofahrrad-fuer-die-stadt\\\/#primaryimage\"},\"image\":{\"@id\":\"https:\\\/\\\/www.urbanbiker.com\\\/de\\\/produkt\\\/mini-faltabares-elektrofahrrad-fuer-die-stadt\\\/#primaryimage\"},\"thumbnailUrl\":\"https:\\\/\\\/www.urbanbiker.com\\\/wp-content\\\/uploads\\\/2025\\\/04\\\/UrbanBiker-Mini-Blanca-25.jpg\",\"datePublished\":\"2025-04-13T15:13:41+00:00\",\"dateModified\":\"2026-04-17T11:12:36+00:00\",\"description\":\"Mini | Das faltbare Elektro-City-Bike mit Bafang-System wurde f\u00fcr den urbanen Radfahrer entwickelt und ist schnell, vielseitig und leicht. | UrbanBiker\",\"breadcrumb\":{\"@id\":\"https:\\\/\\\/www.urbanbiker.com\\\/de\\\/produkt\\\/mini-faltabares-elektrofahrrad-fuer-die-stadt\\\/#breadcrumb\"},\"inLanguage\":\"de\",\"potentialAction\":[{\"@type\":\"ReadAction\",\"target\":[\"https:\\\/\\\/www.urbanbiker.com\\\/de\\\/produkt\\\/mini-faltabares-elektrofahrrad-fuer-die-stadt\\\/\"]}]},{\"@type\":\"ImageObject\",\"inLanguage\":\"de\",\"@id\":\"https:\\\/\\\/www.urbanbiker.com\\\/de\\\/produkt\\\/mini-faltabares-elektrofahrrad-fuer-die-stadt\\\/#primaryimage\",\"url\":\"https:\\\/\\\/www.urbanbiker.com\\\/wp-content\\\/uploads\\\/2025\\\/04\\\/UrbanBiker-Mini-Blanca-25.jpg\",\"contentUrl\":\"https:\\\/\\\/www.urbanbiker.com\\\/wp-content\\\/uploads\\\/2025\\\/04\\\/UrbanBiker-Mini-Blanca-25.jpg\",\"width\":1080,\"height\":1080,\"caption\":\"UrbanBiker Mini Blanca 25\"},{\"@type\":\"BreadcrumbList\",\"@id\":\"https:\\\/\\\/www.urbanbiker.com\\\/de\\\/produkt\\\/mini-faltabares-elektrofahrrad-fuer-die-stadt\\\/#breadcrumb\",\"itemListElement\":[{\"@type\":\"ListItem\",\"position\":1,\"name\":\"Portada\",\"item\":\"https:\\\/\\\/www.urbanbiker.com\\\/de\\\/\"},{\"@type\":\"ListItem\",\"position\":2,\"name\":\"Elektrofahrr\u00e4der Shop\",\"item\":\"https:\\\/\\\/www.urbanbiker.com\\\/de\\\/ebike-shop\\\/\"},{\"@type\":\"ListItem\",\"position\":3,\"name\":\"Mini | Klapprad E-Bike\"}]},{\"@type\":\"WebSite\",\"@id\":\"https:\\\/\\\/www.urbanbiker.com\\\/de\\\/#website\",\"url\":\"https:\\\/\\\/www.urbanbiker.com\\\/de\\\/\",\"name\":\"UrbanBiker\",\"description\":\"Elektrische Fahrr\u00e4der\",\"publisher\":{\"@id\":\"https:\\\/\\\/www.urbanbiker.com\\\/de\\\/#organization\"},\"potentialAction\":[{\"@type\":\"SearchAction\",\"target\":{\"@type\":\"EntryPoint\",\"urlTemplate\":\"https:\\\/\\\/www.urbanbiker.com\\\/de\\\/?s={search_term_string}\"},\"query-input\":{\"@type\":\"PropertyValueSpecification\",\"valueRequired\":true,\"valueName\":\"search_term_string\"}}],\"inLanguage\":\"de\"},{\"@type\":\"Organization\",\"@id\":\"https:\\\/\\\/www.urbanbiker.com\\\/de\\\/#organization\",\"name\":\"UrbanBiker\",\"url\":\"https:\\\/\\\/www.urbanbiker.com\\\/de\\\/\",\"logo\":{\"@type\":\"ImageObject\",\"inLanguage\":\"de\",\"@id\":\"https:\\\/\\\/www.urbanbiker.com\\\/de\\\/#\\\/schema\\\/logo\\\/image\\\/\",\"url\":\"https:\\\/\\\/www.urbanbiker.com\\\/wp-content\\\/uploads\\\/2022\\\/09\\\/Logo-principal-sin-fondo.png\",\"contentUrl\":\"https:\\\/\\\/www.urbanbiker.com\\\/wp-content\\\/uploads\\\/2022\\\/09\\\/Logo-principal-sin-fondo.png\",\"width\":2560,\"height\":934,\"caption\":\"UrbanBiker\"},\"image\":{\"@id\":\"https:\\\/\\\/www.urbanbiker.com\\\/de\\\/#\\\/schema\\\/logo\\\/image\\\/\"},\"sameAs\":[\"https:\\\/\\\/www.facebook.com\\\/Urbanbikerbiciselectricas\",\"https:\\\/\\\/www.instagram.com\\\/urbanbiker_\\\/\",\"https:\\\/\\\/www.linkedin.com\\\/company\\\/2454235\",\"https:\\\/\\\/www.youtube.com\\\/channel\\\/UCWR__uH_RWJF-OhPfz-9-Qw\"]}]}<\/script>\n<!-- \/ Yoast SEO plugin. -->","yoast_head_json":{"title":"Mini | Elektro-Klapprad f\u00fcr die Stadt | UrbanBiker","description":"Mini | Das faltbare Elektro-City-Bike mit Bafang-System wurde f\u00fcr den urbanen Radfahrer entwickelt und ist schnell, vielseitig und leicht. | UrbanBiker","robots":{"index":"index","follow":"follow","max-snippet":"max-snippet:-1","max-image-preview":"max-image-preview:large","max-video-preview":"max-video-preview:-1"},"canonical":"https:\/\/www.urbanbiker.com\/de\/produkt\/mini-faltabares-elektrofahrrad-fuer-die-stadt\/","og_locale":"de_DE","og_type":"article","og_title":"Mini | Elektro-Klapprad f\u00fcr die Stadt | UrbanBiker","og_description":"Mini | Das faltbare Elektro-City-Bike mit Bafang-System wurde f\u00fcr den urbanen Radfahrer entwickelt und ist schnell, vielseitig und leicht. | UrbanBiker","og_url":"https:\/\/www.urbanbiker.com\/de\/produkt\/mini-faltabares-elektrofahrrad-fuer-die-stadt\/","og_site_name":"UrbanBiker","article_publisher":"https:\/\/www.facebook.com\/Urbanbikerbiciselectricas","article_modified_time":"2026-04-17T11:12:36+00:00","og_image":[{"width":1080,"height":1080,"url":"https:\/\/www.urbanbiker.com\/wp-content\/uploads\/2025\/04\/UrbanBiker-Mini-Blanca-25.jpg","type":"image\/jpeg"}],"twitter_card":"summary_large_image","twitter_misc":{"Gesch\u00e4tzte Lesezeit":"3\u00a0Minute"},"schema":{"@context":"https:\/\/schema.org","@graph":[{"@type":"WebPage","@id":"https:\/\/www.urbanbiker.com\/de\/produkt\/mini-faltabares-elektrofahrrad-fuer-die-stadt\/","url":"https:\/\/www.urbanbiker.com\/de\/produkt\/mini-faltabares-elektrofahrrad-fuer-die-stadt\/","name":"Mini | Elektro-Klapprad f\u00fcr die Stadt | UrbanBiker","isPartOf":{"@id":"https:\/\/www.urbanbiker.com\/de\/#website"},"primaryImageOfPage":{"@id":"https:\/\/www.urbanbiker.com\/de\/produkt\/mini-faltabares-elektrofahrrad-fuer-die-stadt\/#primaryimage"},"image":{"@id":"https:\/\/www.urbanbiker.com\/de\/produkt\/mini-faltabares-elektrofahrrad-fuer-die-stadt\/#primaryimage"},"thumbnailUrl":"https:\/\/www.urbanbiker.com\/wp-content\/uploads\/2025\/04\/UrbanBiker-Mini-Blanca-25.jpg","datePublished":"2025-04-13T15:13:41+00:00","dateModified":"2026-04-17T11:12:36+00:00","description":"Mini | Das faltbare Elektro-City-Bike mit Bafang-System wurde f\u00fcr den urbanen Radfahrer entwickelt und ist schnell, vielseitig und leicht. | UrbanBiker","breadcrumb":{"@id":"https:\/\/www.urbanbiker.com\/de\/produkt\/mini-faltabares-elektrofahrrad-fuer-die-stadt\/#breadcrumb"},"inLanguage":"de","potentialAction":[{"@type":"ReadAction","target":["https:\/\/www.urbanbiker.com\/de\/produkt\/mini-faltabares-elektrofahrrad-fuer-die-stadt\/"]}]},{"@type":"ImageObject","inLanguage":"de","@id":"https:\/\/www.urbanbiker.com\/de\/produkt\/mini-faltabares-elektrofahrrad-fuer-die-stadt\/#primaryimage","url":"https:\/\/www.urbanbiker.com\/wp-content\/uploads\/2025\/04\/UrbanBiker-Mini-Blanca-25.jpg","contentUrl":"https:\/\/www.urbanbiker.com\/wp-content\/uploads\/2025\/04\/UrbanBiker-Mini-Blanca-25.jpg","width":1080,"height":1080,"caption":"UrbanBiker Mini Blanca 25"},{"@type":"BreadcrumbList","@id":"https:\/\/www.urbanbiker.com\/de\/produkt\/mini-faltabares-elektrofahrrad-fuer-die-stadt\/#breadcrumb","itemListElement":[{"@type":"ListItem","position":1,"name":"Portada","item":"https:\/\/www.urbanbiker.com\/de\/"},{"@type":"ListItem","position":2,"name":"Elektrofahrr\u00e4der Shop","item":"https:\/\/www.urbanbiker.com\/de\/ebike-shop\/"},{"@type":"ListItem","position":3,"name":"Mini | Klapprad E-Bike"}]},{"@type":"WebSite","@id":"https:\/\/www.urbanbiker.com\/de\/#website","url":"https:\/\/www.urbanbiker.com\/de\/","name":"UrbanBiker","description":"Elektrische Fahrr\u00e4der","publisher":{"@id":"https:\/\/www.urbanbiker.com\/de\/#organization"},"potentialAction":[{"@type":"SearchAction","target":{"@type":"EntryPoint","urlTemplate":"https:\/\/www.urbanbiker.com\/de\/?s={search_term_string}"},"query-input":{"@type":"PropertyValueSpecification","valueRequired":true,"valueName":"search_term_string"}}],"inLanguage":"de"},{"@type":"Organization","@id":"https:\/\/www.urbanbiker.com\/de\/#organization","name":"UrbanBiker","url":"https:\/\/www.urbanbiker.com\/de\/","logo":{"@type":"ImageObject","inLanguage":"de","@id":"https:\/\/www.urbanbiker.com\/de\/#\/schema\/logo\/image\/","url":"https:\/\/www.urbanbiker.com\/wp-content\/uploads\/2022\/09\/Logo-principal-sin-fondo.png","contentUrl":"https:\/\/www.urbanbiker.com\/wp-content\/uploads\/2022\/09\/Logo-principal-sin-fondo.png","width":2560,"height":934,"caption":"UrbanBiker"},"image":{"@id":"https:\/\/www.urbanbiker.com\/de\/#\/schema\/logo\/image\/"},"sameAs":["https:\/\/www.facebook.com\/Urbanbikerbiciselectricas","https:\/\/www.instagram.com\/urbanbiker_\/","https:\/\/www.linkedin.com\/company\/2454235","https:\/\/www.youtube.com\/channel\/UCWR__uH_RWJF-OhPfz-9-Qw"]}]}},"_links":{"self":[{"href":"https:\/\/www.urbanbiker.com\/de\/wp-json\/wp\/v2\/product\/35276","targetHints":{"allow":["GET"]}}],"collection":[{"href":"https:\/\/www.urbanbiker.com\/de\/wp-json\/wp\/v2\/product"}],"about":[{"href":"https:\/\/www.urbanbiker.com\/de\/wp-json\/wp\/v2\/types\/product"}],"version-history":[{"count":38,"href":"https:\/\/www.urbanbiker.com\/de\/wp-json\/wp\/v2\/product\/35276\/revisions"}],"predecessor-version":[{"id":54851,"href":"https:\/\/www.urbanbiker.com\/de\/wp-json\/wp\/v2\/product\/35276\/revisions\/54851"}],"wp:featuredmedia":[{"embeddable":true,"href":"https:\/\/www.urbanbiker.com\/de\/wp-json\/wp\/v2\/media\/57555"}],"wp:attachment":[{"href":"https:\/\/www.urbanbiker.com\/de\/wp-json\/wp\/v2\/media?parent=35276"}],"wp:term":[{"taxonomy":"product_cat","embeddable":true,"href":"https:\/\/www.urbanbiker.com\/de\/wp-json\/wp\/v2\/product_cat?post=35276"},{"taxonomy":"product_tag","embeddable":true,"href":"https:\/\/www.urbanbiker.com\/de\/wp-json\/wp\/v2\/product_tag?post=35276"}],"curies":[{"name":"wp","href":"https:\/\/api.w.org\/{rel}","templated":true}]}}