{"id":38797,"date":"2024-11-28T16:12:45","date_gmt":"2024-11-28T15:12:45","guid":{"rendered":"https:\/\/www.urbanbiker.com\/?page_id=38797"},"modified":"2025-05-27T20:35:02","modified_gmt":"2025-05-27T18:35:02","slug":"garantiebedingungen","status":"publish","type":"page","link":"https:\/\/www.urbanbiker.com\/de\/garantiebedingungen\/","title":{"rendered":"Garantiebedingungen"},"content":{"rendered":"\t\t<div data-elementor-type=\"wp-page\" data-elementor-id=\"38797\" class=\"elementor elementor-38797 elementor-32137\">\n\t\t\t\t\t\t<div class=\"elementor-section elementor-top-section elementor-element elementor-element-2e11527 elementor-section-stretched elementor-section-boxed elementor-section-height-default elementor-section-height-default\" data-id=\"2e11527\" data-element_type=\"section\" data-e-type=\"section\" data-settings=\"{&quot;stretch_section&quot;:&quot;section-stretched&quot;}\">\n\t\t\t\t\t\t<div class=\"elementor-container elementor-column-gap-no\">\n\t\t\t\t\t<div class=\"elementor-column elementor-col-100 elementor-top-column elementor-element elementor-element-d2bd899\" data-id=\"d2bd899\" data-element_type=\"column\" data-e-type=\"column\">\n\t\t\t<div class=\"elementor-widget-wrap elementor-element-populated\">\n\t\t\t\t\n\t\t<div class=\"elementor-element elementor-element-a637689 elementor-widget elementor-widget-text-editor\" data-id=\"a637689\" data-element_type=\"widget\" data-e-type=\"widget\" data-widget_type=\"text-editor.default\">\n\t\t\t\t<div class=\"elementor-widget-container\">\n\t\t\t\t\t\t\t\t\t<h2>LAUFZEIT UND REGELN DER GARANTIE<\/h2><p>F\u00fcr alle von <strong>URBANBIKER TRADING SL<\/strong> hergestellten Produkte gilt eine Garantie gem\u00e4\u00df der <strong>Richtlinie 1999\/44\/EG der Europ\u00e4ischen Union \u00fcber den Verkauf und die Garantie von Verbrauchsg\u00fctern<\/strong>.<\/p><p>Die Bedingungen dieser Garantie werden f\u00fcr Produkte, die in <strong>Spanien<\/strong> gekauft und in Rechnung gestellt werden, <strong>durch das K\u00f6nigliche Gesetzesdekret 7\/2021<\/strong> erg\u00e4nzt <strong>.<\/strong><\/p><p>F\u00fcr alle Produkte unter dem Markennamen <strong>UrbanBiker<\/strong> und <strong>UBK-Systeme<\/strong> gilt eine Garantie von <strong>2 Jahren<\/strong> f\u00fcr Produkte, die innerhalb der <strong>Europ\u00e4ischen Union<\/strong> gekauft wurden, mit Ausnahme von Verbrauchsmaterialien und unter der Voraussetzung, dass die im Benutzerhandbuch beschriebenen Nutzungsbedingungen eingehalten und die entsprechende Wartung durchgef\u00fchrt wird.<\/p><p>Die Garantie f\u00fcr Produkte, die <strong>ab dem 1. Januar 2022 <\/strong>in <strong>Spanien und Portugal<\/strong> gekauft und in Rechnung gestellt werden, betr\u00e4gt <strong>3 Jahre<\/strong>, mit Ausnahme von Verbrauchsmaterialien und unter der Voraussetzung, dass die im Benutzerhandbuch beschriebenen Nutzungsbedingungen eingehalten und die entsprechenden Wartungsarbeiten durchgef\u00fchrt werden.<\/p><p>F\u00fcr Fahrr\u00e4der, die f\u00fcr die <strong>gewerbliche Nutzung <\/strong> bestimmt sind (Vermietung, Lieferung usw.), gilt eine <strong>6-monatige <\/strong>Garantie.<\/p><h3>GARANTIEABDECKUNG<\/h3><p>Urbanbiker garantiert f\u00fcr seine Elektrofahrr\u00e4der und andere verwandte Produkte unter der Marke UrbanBiker und UBK Systems gegen jegliche <strong>Herstellungs- oder Montagefehler<\/strong>:<\/p><ul><li>Die Reparatur oder der Austausch von defekten <strong>Teilen <\/strong>durch neue Teile.<\/li><li>Die f\u00fcr den Einbau oder die Reparatur von Teilen und Komponenten erforderliche <strong>Arbeitszeit<\/strong>, entweder durch Sie selbst oder durch einen Dritten (UrbanBiker ist nicht verpflichtet, eine Werkstatt in Ihrer N\u00e4he zu finden).<\/li><li>Die <strong>Kosten <\/strong>f\u00fcr den <strong>Versand <\/strong>(falls zutreffend) von Teilen an die Benutzer oder offiziellen Verkaufsstellen, bei denen der Kauf get\u00e4tigt wurde.<\/li><\/ul><p>M\u00e4ngel, die sich aus der <strong>ersten Montage oder Einstellung des Fahrrads<\/strong> ergeben <strong>, wie z.B. die Einstellung der Gangschaltung, die Einstellung der Bremsen und Bremsbel\u00e4ge, die Verlegung der Kabel, die Spannung der Speichen und die automatischen Verschl\u00fcsse an Lenkern, S\u00e4tteln, R\u00e4dern und Faltmodellen<\/strong>, m\u00fcssen innerhalb der ersten 30 Tage nach Erhalt des Artikels reklamiert werden. Nach Ablauf dieser Frist wird davon ausgegangen, dass der Benutzer f\u00fcr den Zustand des Artikels oder dessen Einstellung verantwortlich ist.<\/p><p>Die <strong>Versandkosten <\/strong>, wenn der Vorfall au\u00dferhalb der Garantie liegt, werden vom Kunden oder der offiziellen Verkaufsstelle getragen.<\/p><p>Der <strong>Verlust der Autonomie des Akkus<\/strong> als Folge des Zeitablaufs ist kein Herstellungsfehler, sondern ein inh\u00e4rentes Verhalten der Eigenschaften des Lithiums, aus dem diese Komponente besteht. Daher gilt die Garantie nur, wenn der Autonomieverlust unter <strong>50%<\/strong> liegt oder wenn nicht 500 vollst\u00e4ndige Ladezyklen durchgef\u00fchrt wurden.<\/p><p>Die elektrischen Teile des Fahrrads entsprechen der Norm IP65, die unter normalen Bedingungen Schutz vor Staub und Wasser bietet. Sch\u00e4den, die durch <strong>Hochdruckreinigung<\/strong>, \u00fcberm\u00e4\u00dfige Feuchtigkeit im Lagerraum, Eintauchen des Fahrrads oder seiner Komponenten in Wasser oder Nichttrocknen nach dem Fahren in starkem Regen verursacht wurden, <strong>werden nicht <\/strong>von der Garantie abgedeckt.<\/p><p>Die Garantie<strong> beinhaltet<\/strong> in keinem Fall die Bereitstellung eines <strong>Ersatzfahrzeugs<\/strong> w\u00e4hrend der Zeit, die f\u00fcr die Behebung eines unter die Garantie fallenden Vorfalls erforderlich ist.<\/p><p>Die Garantie <strong>deckt<\/strong> unter keinen Umst\u00e4nden <strong>Personen-<\/strong> und Sachsch\u00e4den <strong>ab<\/strong>, die sich direkt oder indirekt aus dem Versagen w\u00e4hrend der Nutzung ergeben k\u00f6nnen.<\/p><p>Die Garantie <strong>deckt<\/strong> unter keinen Umst\u00e4nden den normalen Verschlei\u00df von <strong>Verbrauchsmaterialien<\/strong> ab. Diese Artikel, die dem Verschlei\u00df unterliegen, sind:<\/p><ul><li>Abdeckungen und Schl\u00e4uche.<\/li><li>Ketten, Scheibenbremsscheiben und Bremsbacken.<\/li><li>Sattel, Griffe und Riemen.<\/li><li>Kerne, O-Ringe und Sto\u00dfd\u00e4mpfergelenke.<\/li><li>Lampen, Kabel und Abdeckungen.<\/li><li>Dichtungen, Zahnkr\u00e4nze und Becher.<\/li><li>Pedale, Gewinde und Pedale.<\/li><li>Lager \/ Kugellager.<\/li><\/ul><p><em>*Diese Liste ist lediglich eine Aufz\u00e4hlung und in keiner Weise einschr\u00e4nkend.<\/em><\/p><h3>ANWENDUNG DER GARANTIE<\/h3><p>Garantieanspr\u00fcche d\u00fcrfen nur <strong>\u00fcber den<\/strong> mit dem Produkt <strong>verbundenen Vertriebskanal<\/strong> abgewickelt werden. Mit anderen Worten: Wenn Sie ein Produkt bei einer <strong>offiziellen Verkaufsstelle<\/strong> kaufen (egal ob physisch oder online), muss die Garantie ausschlie\u00dflich \u00fcber diese Verkaufsstelle abgewickelt werden und \u00fcber keine andere, da UrbanBiker nur eine weitere offizielle Verkaufsstelle ist.<\/p><p>Um die Garantie wirksam werden zu lassen, muss der Kunde immer die <strong>Kaufrechnung<\/strong> vorlegen.<\/p><p>In jedem Fall unterliegt die wirksame Anwendung der Garantie der <strong>Beurteilung des Technischen Dienstes <\/strong>von UrbanBiker, der den Ausschluss der Garantie aufgrund des folgenden Punktes in Betracht ziehen kann.<\/p><h3>AUSSCHL\u00dcSSE VON DER GARANTIE<\/h3><p>Die Anwendung der Garantie ist ausgeschlossen, wenn das Versagen des defekten Teils\/der defekten Teile auf eine <strong>unsachgem\u00e4\u00dfe und\/oder fahrl\u00e4ssige Verwendung<\/strong> des Produkts zur\u00fcckzuf\u00fchren ist.<\/p><p>Unangemessener und\/oder fahrl\u00e4ssiger Gebrauch wird als unangemessener und\/oder fahrl\u00e4ssiger Gebrauch verstanden:<\/p><ul><li>Jegliche <strong>Verwendung, die nicht<\/strong> der Beschaffenheit des Produkts entspricht und\/oder nicht in der Gebrauchsanweisung empfohlen wird.<\/li><li>F\u00fchren Sie die in der <strong>Bedienungsanleitung<\/strong> angegebenen <strong>Wartungsarbeiten <\/strong>nicht aus und f\u00fchren Sie keine anderen als die genannten Arbeiten durch, die die Funktion des Produkts beeintr\u00e4chtigen k\u00f6nnten.<\/li><li>Durchf\u00fchrung von Reparaturen au\u00dferhalb von <strong>Vertragswerkst\u00e4tten<\/strong> und\/oder mit <strong>Nicht-Originalteilen<\/strong> oder Teilen, die nicht von UrbanBiker zugelassen sind.<\/li><\/ul><p>Die Anwendung der Garantie ist ausgeschlossen bei Sch\u00e4den, Funktionsst\u00f6rungen oder Leistungsproblemen, die durch <strong>industrielle Luftschadstoffe oder \u00e4u\u00dfere Einfl\u00fcsse<\/strong> verursacht werden, die die Ursache f\u00fcr den Schaden sind.<\/p><p>Defekte, die auf <strong>unsachgem\u00e4\u00dfe Montage oder Einstellungen<\/strong> zur\u00fcckzuf\u00fchren sind <strong>.<\/strong><\/p>\t\t\t\t\t\t\t\t<\/div>\n\t\t\t\t<\/div>\n\t\t\t\t\t<\/div>\n\t\t<\/div>\n\t\t\t\t\t<\/div>\n\t\t<\/div>\n\t\t\t\t<\/div>\n\t\t","protected":false},"excerpt":{"rendered":"<p>LAUFZEIT UND REGELN DER GARANTIE F\u00fcr alle von URBANBIKER TRADING SL hergestellten Produkte gilt eine Garantie gem\u00e4\u00df der Richtlinie 1999\/44\/EG der Europ\u00e4ischen Union \u00fcber den Verkauf und die Garantie von Verbrauchsg\u00fctern. Die Bedingungen dieser Garantie werden f\u00fcr Produkte, die in Spanien gekauft und in Rechnung gestellt werden, durch das K\u00f6nigliche Gesetzesdekret 7\/2021 erg\u00e4nzt . F\u00fcr [&hellip;]<\/p>\n","protected":false},"author":1,"featured_media":0,"parent":0,"menu_order":0,"comment_status":"closed","ping_status":"closed","template":"template-homepage.php","meta":{"footnotes":""},"class_list":["post-38797","page","type-page","status-publish","hentry"],"yoast_head":"<!-- This site is optimized with the Yoast SEO plugin v27.5 - https:\/\/yoast.com\/product\/yoast-seo-wordpress\/ -->\n<title>Garantiebedingungen | UrbanBiker<\/title>\n<meta name=\"description\" content=\"Garantiebedingungen\" \/>\n<meta name=\"robots\" content=\"noindex, nofollow\" \/>\n<meta property=\"og:locale\" content=\"de_DE\" \/>\n<meta property=\"og:type\" content=\"article\" \/>\n<meta property=\"og:title\" content=\"Garantiebedingungen | UrbanBiker\" \/>\n<meta property=\"og:description\" content=\"Garantiebedingungen\" \/>\n<meta property=\"og:url\" content=\"https:\/\/www.urbanbiker.com\/de\/garantiebedingungen\/\" \/>\n<meta property=\"og:site_name\" content=\"UrbanBiker\" \/>\n<meta property=\"article:publisher\" content=\"https:\/\/www.facebook.com\/Urbanbikerbiciselectricas\" \/>\n<meta property=\"article:modified_time\" content=\"2025-05-27T18:35:02+00:00\" \/>\n<meta name=\"twitter:card\" content=\"summary_large_image\" \/>\n<meta name=\"twitter:label1\" content=\"Gesch\u00e4tzte Lesezeit\" \/>\n\t<meta name=\"twitter:data1\" content=\"5\u00a0Minute\" \/>\n<script type=\"application\/ld+json\" class=\"yoast-schema-graph\">{\"@context\":\"https:\\\/\\\/schema.org\",\"@graph\":[{\"@type\":\"WebPage\",\"@id\":\"https:\\\/\\\/www.urbanbiker.com\\\/de\\\/garantiebedingungen\\\/\",\"url\":\"https:\\\/\\\/www.urbanbiker.com\\\/de\\\/garantiebedingungen\\\/\",\"name\":\"Garantiebedingungen | UrbanBiker\",\"isPartOf\":{\"@id\":\"https:\\\/\\\/www.urbanbiker.com\\\/de\\\/#website\"},\"datePublished\":\"2024-11-28T15:12:45+00:00\",\"dateModified\":\"2025-05-27T18:35:02+00:00\",\"description\":\"Garantiebedingungen\",\"breadcrumb\":{\"@id\":\"https:\\\/\\\/www.urbanbiker.com\\\/de\\\/garantiebedingungen\\\/#breadcrumb\"},\"inLanguage\":\"de\",\"potentialAction\":[{\"@type\":\"ReadAction\",\"target\":[\"https:\\\/\\\/www.urbanbiker.com\\\/de\\\/garantiebedingungen\\\/\"]}]},{\"@type\":\"BreadcrumbList\",\"@id\":\"https:\\\/\\\/www.urbanbiker.com\\\/de\\\/garantiebedingungen\\\/#breadcrumb\",\"itemListElement\":[{\"@type\":\"ListItem\",\"position\":1,\"name\":\"Portada\",\"item\":\"https:\\\/\\\/www.urbanbiker.com\\\/de\\\/\"},{\"@type\":\"ListItem\",\"position\":2,\"name\":\"Garantiebedingungen\"}]},{\"@type\":\"WebSite\",\"@id\":\"https:\\\/\\\/www.urbanbiker.com\\\/de\\\/#website\",\"url\":\"https:\\\/\\\/www.urbanbiker.com\\\/de\\\/\",\"name\":\"UrbanBiker\",\"description\":\"Elektrische Fahrr\u00e4der\",\"publisher\":{\"@id\":\"https:\\\/\\\/www.urbanbiker.com\\\/de\\\/#organization\"},\"potentialAction\":[{\"@type\":\"SearchAction\",\"target\":{\"@type\":\"EntryPoint\",\"urlTemplate\":\"https:\\\/\\\/www.urbanbiker.com\\\/de\\\/?s={search_term_string}\"},\"query-input\":{\"@type\":\"PropertyValueSpecification\",\"valueRequired\":true,\"valueName\":\"search_term_string\"}}],\"inLanguage\":\"de\"},{\"@type\":\"Organization\",\"@id\":\"https:\\\/\\\/www.urbanbiker.com\\\/de\\\/#organization\",\"name\":\"UrbanBiker\",\"url\":\"https:\\\/\\\/www.urbanbiker.com\\\/de\\\/\",\"logo\":{\"@type\":\"ImageObject\",\"inLanguage\":\"de\",\"@id\":\"https:\\\/\\\/www.urbanbiker.com\\\/de\\\/#\\\/schema\\\/logo\\\/image\\\/\",\"url\":\"https:\\\/\\\/www.urbanbiker.com\\\/wp-content\\\/uploads\\\/2022\\\/09\\\/Logo-principal-sin-fondo.png\",\"contentUrl\":\"https:\\\/\\\/www.urbanbiker.com\\\/wp-content\\\/uploads\\\/2022\\\/09\\\/Logo-principal-sin-fondo.png\",\"width\":2560,\"height\":934,\"caption\":\"UrbanBiker\"},\"image\":{\"@id\":\"https:\\\/\\\/www.urbanbiker.com\\\/de\\\/#\\\/schema\\\/logo\\\/image\\\/\"},\"sameAs\":[\"https:\\\/\\\/www.facebook.com\\\/Urbanbikerbiciselectricas\",\"https:\\\/\\\/www.instagram.com\\\/urbanbiker_\\\/\",\"https:\\\/\\\/www.linkedin.com\\\/company\\\/2454235\",\"https:\\\/\\\/www.youtube.com\\\/channel\\\/UCWR__uH_RWJF-OhPfz-9-Qw\"]}]}<\/script>\n<!-- \/ Yoast SEO plugin. -->","yoast_head_json":{"title":"Garantiebedingungen | UrbanBiker","description":"Garantiebedingungen","robots":{"index":"noindex","follow":"nofollow"},"og_locale":"de_DE","og_type":"article","og_title":"Garantiebedingungen | UrbanBiker","og_description":"Garantiebedingungen","og_url":"https:\/\/www.urbanbiker.com\/de\/garantiebedingungen\/","og_site_name":"UrbanBiker","article_publisher":"https:\/\/www.facebook.com\/Urbanbikerbiciselectricas","article_modified_time":"2025-05-27T18:35:02+00:00","twitter_card":"summary_large_image","twitter_misc":{"Gesch\u00e4tzte Lesezeit":"5\u00a0Minute"},"schema":{"@context":"https:\/\/schema.org","@graph":[{"@type":"WebPage","@id":"https:\/\/www.urbanbiker.com\/de\/garantiebedingungen\/","url":"https:\/\/www.urbanbiker.com\/de\/garantiebedingungen\/","name":"Garantiebedingungen | UrbanBiker","isPartOf":{"@id":"https:\/\/www.urbanbiker.com\/de\/#website"},"datePublished":"2024-11-28T15:12:45+00:00","dateModified":"2025-05-27T18:35:02+00:00","description":"Garantiebedingungen","breadcrumb":{"@id":"https:\/\/www.urbanbiker.com\/de\/garantiebedingungen\/#breadcrumb"},"inLanguage":"de","potentialAction":[{"@type":"ReadAction","target":["https:\/\/www.urbanbiker.com\/de\/garantiebedingungen\/"]}]},{"@type":"BreadcrumbList","@id":"https:\/\/www.urbanbiker.com\/de\/garantiebedingungen\/#breadcrumb","itemListElement":[{"@type":"ListItem","position":1,"name":"Portada","item":"https:\/\/www.urbanbiker.com\/de\/"},{"@type":"ListItem","position":2,"name":"Garantiebedingungen"}]},{"@type":"WebSite","@id":"https:\/\/www.urbanbiker.com\/de\/#website","url":"https:\/\/www.urbanbiker.com\/de\/","name":"UrbanBiker","description":"Elektrische Fahrr\u00e4der","publisher":{"@id":"https:\/\/www.urbanbiker.com\/de\/#organization"},"potentialAction":[{"@type":"SearchAction","target":{"@type":"EntryPoint","urlTemplate":"https:\/\/www.urbanbiker.com\/de\/?s={search_term_string}"},"query-input":{"@type":"PropertyValueSpecification","valueRequired":true,"valueName":"search_term_string"}}],"inLanguage":"de"},{"@type":"Organization","@id":"https:\/\/www.urbanbiker.com\/de\/#organization","name":"UrbanBiker","url":"https:\/\/www.urbanbiker.com\/de\/","logo":{"@type":"ImageObject","inLanguage":"de","@id":"https:\/\/www.urbanbiker.com\/de\/#\/schema\/logo\/image\/","url":"https:\/\/www.urbanbiker.com\/wp-content\/uploads\/2022\/09\/Logo-principal-sin-fondo.png","contentUrl":"https:\/\/www.urbanbiker.com\/wp-content\/uploads\/2022\/09\/Logo-principal-sin-fondo.png","width":2560,"height":934,"caption":"UrbanBiker"},"image":{"@id":"https:\/\/www.urbanbiker.com\/de\/#\/schema\/logo\/image\/"},"sameAs":["https:\/\/www.facebook.com\/Urbanbikerbiciselectricas","https:\/\/www.instagram.com\/urbanbiker_\/","https:\/\/www.linkedin.com\/company\/2454235","https:\/\/www.youtube.com\/channel\/UCWR__uH_RWJF-OhPfz-9-Qw"]}]}},"_links":{"self":[{"href":"https:\/\/www.urbanbiker.com\/de\/wp-json\/wp\/v2\/pages\/38797","targetHints":{"allow":["GET"]}}],"collection":[{"href":"https:\/\/www.urbanbiker.com\/de\/wp-json\/wp\/v2\/pages"}],"about":[{"href":"https:\/\/www.urbanbiker.com\/de\/wp-json\/wp\/v2\/types\/page"}],"author":[{"embeddable":true,"href":"https:\/\/www.urbanbiker.com\/de\/wp-json\/wp\/v2\/users\/1"}],"replies":[{"embeddable":true,"href":"https:\/\/www.urbanbiker.com\/de\/wp-json\/wp\/v2\/comments?post=38797"}],"version-history":[{"count":16,"href":"https:\/\/www.urbanbiker.com\/de\/wp-json\/wp\/v2\/pages\/38797\/revisions"}],"predecessor-version":[{"id":44988,"href":"https:\/\/www.urbanbiker.com\/de\/wp-json\/wp\/v2\/pages\/38797\/revisions\/44988"}],"wp:attachment":[{"href":"https:\/\/www.urbanbiker.com\/de\/wp-json\/wp\/v2\/media?parent=38797"}],"curies":[{"name":"wp","href":"https:\/\/api.w.org\/{rel}","templated":true}]}}