
{"id":35370,"date":"2023-03-20T02:30:46","date_gmt":"2023-03-20T01:30:46","guid":{"rendered":"https:\/\/www.urbanbiker.com\/nachrichten\/"},"modified":"2025-03-13T13:46:41","modified_gmt":"2025-03-13T12:46:41","slug":"nachrichten","status":"publish","type":"page","link":"https:\/\/www.urbanbiker.com\/de\/nachrichten\/","title":{"rendered":"News"},"content":{"rendered":"\t\t<div data-elementor-type=\"wp-page\" data-elementor-id=\"35370\" class=\"elementor elementor-35370 elementor-6963\">\n\t\t\t\t\t\t<div class=\"elementor-section elementor-top-section elementor-element elementor-element-e4bd039 elementor-section-stretched elementor-section-boxed elementor-section-height-default elementor-section-height-default\" data-id=\"e4bd039\" data-element_type=\"section\" data-e-type=\"section\" data-settings=\"{&quot;stretch_section&quot;:&quot;section-stretched&quot;}\">\n\t\t\t\t\t\t<div class=\"elementor-container elementor-column-gap-no\">\n\t\t\t\t\t<div class=\"elementor-column elementor-col-100 elementor-top-column elementor-element elementor-element-596bca5\" data-id=\"596bca5\" data-element_type=\"column\" data-e-type=\"column\">\n\t\t\t<div class=\"elementor-widget-wrap elementor-element-populated\">\n\t\t\t\t\t\t<div class=\"elementor-element elementor-element-0875ec3 arrow-style-1 dot-style-1 elementor-widget elementor-widget-bikys-post-grid\" data-id=\"0875ec3\" data-element_type=\"widget\" data-e-type=\"widget\" data-widget_type=\"bikys-post-grid.default\">\n\t\t\t\t<div class=\"elementor-widget-container\">\n\t\t\t\t\t        <div class=\"elementor-post-wrapper post-style-special\">\n            <div class=\"row\" data-elementor-columns=\"3\" data-elementor-columns-tablet=\"2\" data-elementor-columns-mobile=\"1\">\n\n                <div class=\"column-item post-style-2\">\n    <div class=\"post-inner\">\n        <div class=\"post-thumbnail\"><img fetchpriority=\"high\" decoding=\"async\" width=\"940\" height=\"1040\" src=\"https:\/\/www.urbanbiker.com\/wp-content\/uploads\/2026\/03\/Baterias-UrbanBiker-940x1040.png\" class=\"attachment-bikys-post-grid size-bikys-post-grid wp-post-image\" alt=\"\" \/><\/div>        <div class=\"post-content\">\n            <div class=\"entry-header\">\n                <div class=\"categories-link\"><span class=\"screen-reader-text\">Kategorien<\/span><a href=\"https:\/\/www.urbanbiker.com\/de\/kategorie\/empfehlungen\/\" rel=\"category tag\">Empfehlungen<\/a> <a href=\"https:\/\/www.urbanbiker.com\/de\/kategorie\/nachhaltige-mobilitaet\/\" rel=\"category tag\">Nachhaltige Mobilit\u00e4t<\/a><\/div>                <h3 class=\"delta entry-title\"><a href=\"https:\/\/www.urbanbiker.com\/de\/lithiumbatterien-und-elektromobilitat-was-steckt-hinter-einem-urbanbiker\/\" rel=\"bookmark\">Lithiumbatterien und Elektromobilit\u00e4t: Was steckt hinter einem UrbanBiker?<\/a><\/h3>                <div class=\"entry-meta\">\n                      <div class=\"posted-on\"><a href=\"https:\/\/www.urbanbiker.com\/de\/lithiumbatterien-und-elektromobilitat-was-steckt-hinter-einem-urbanbiker\/\" rel=\"bookmark\">11. M\u00e4rz 2026<\/a><\/div> <div class=\"post-author\"><span class=\"text-author\">GEPOSTED VON <\/span><a href=\"https:\/\/www.urbanbiker.com\/de\/author\/urbanbikeres\/\" class=\"url fn\" rel=\"author\">UrbanBiker Espa\u00f1a<\/a><\/div>                <\/div>\n            <\/div>\n        <\/div>\n    <\/div>\n<\/div>\n<div class=\"column-item post-style-1\">\n    <div class=\"post-inner\">\n        <div class=\"post-thumbnail\"><div class=\"categories-link\"><span class=\"screen-reader-text\">Kategorien<\/span><a href=\"https:\/\/www.urbanbiker.com\/de\/kategorie\/nachrichten\/\" rel=\"category tag\">Nachrichten<\/a><\/div><img decoding=\"async\" width=\"940\" height=\"1040\" src=\"https:\/\/www.urbanbiker.com\/wp-content\/uploads\/2026\/03\/Urbanbiker-prensa-940x1040.png\" class=\"attachment-bikys-post-grid size-bikys-post-grid wp-post-image\" alt=\"\" \/><\/div>        <div class=\"post-content\">\n            <div class=\"entry-header\">\n                <h3 class=\"sigma entry-title\"><a href=\"https:\/\/www.urbanbiker.com\/de\/urbanbiker-in-tradebike-wachstum-und-realer-einsatz-des-e-bikes\/\" rel=\"bookmark\">UrbanBiker in TradeBike: Wachstum und realer Einsatz des E-Bikes<\/a><\/h3>                <div class=\"entry-meta\">\n                      <div class=\"posted-on\"><a href=\"https:\/\/www.urbanbiker.com\/de\/urbanbiker-in-tradebike-wachstum-und-realer-einsatz-des-e-bikes\/\" rel=\"bookmark\">10. M\u00e4rz 2026<\/a><\/div> <div class=\"post-author\"><span class=\"text-author\">GEPOSTED VON <\/span><a href=\"https:\/\/www.urbanbiker.com\/de\/author\/urbanbikeres\/\" class=\"url fn\" rel=\"author\">UrbanBiker Espa\u00f1a<\/a><\/div>                <\/div>\n            <\/div>\n        <\/div>\n    <\/div>\n<\/div>\n<div class=\"column-item post-style-1\">\n    <div class=\"post-inner\">\n        <div class=\"post-thumbnail\"><div class=\"categories-link\"><span class=\"screen-reader-text\">Kategorien<\/span><a href=\"https:\/\/www.urbanbiker.com\/de\/kategorie\/nachhaltige-mobilitaet\/\" rel=\"category tag\">Nachhaltige Mobilit\u00e4t<\/a> <a href=\"https:\/\/www.urbanbiker.com\/de\/kategorie\/nachrichten\/\" rel=\"category tag\">Nachrichten<\/a><\/div><img decoding=\"async\" width=\"940\" height=\"1040\" src=\"https:\/\/www.urbanbiker.com\/wp-content\/uploads\/2025\/12\/Portada-entradas-blog-1-940x1040.png\" class=\"attachment-bikys-post-grid size-bikys-post-grid wp-post-image\" alt=\"\" \/><\/div>        <div class=\"post-content\">\n            <div class=\"entry-header\">\n                <h3 class=\"sigma entry-title\"><a href=\"https:\/\/www.urbanbiker.com\/de\/urbanbiker-refuerza-presencia-alemania\/\" rel=\"bookmark\">UrbanBiker en Alemania: cinco a\u00f1os creciendo en uno de los mercados m\u00e1s exigentes de la ebike<\/a><\/h3>                <div class=\"entry-meta\">\n                      <div class=\"posted-on\"><a href=\"https:\/\/www.urbanbiker.com\/de\/urbanbiker-refuerza-presencia-alemania\/\" rel=\"bookmark\">27. Januar 2026<\/a><\/div> <div class=\"post-author\"><span class=\"text-author\">GEPOSTED VON <\/span><a href=\"https:\/\/www.urbanbiker.com\/de\/author\/urbanbikeres\/\" class=\"url fn\" rel=\"author\">UrbanBiker Espa\u00f1a<\/a><\/div>                <\/div>\n            <\/div>\n        <\/div>\n    <\/div>\n<\/div>\n<div class=\"column-item post-style-1\">\n    <div class=\"post-inner\">\n        <div class=\"post-thumbnail\"><div class=\"categories-link\"><span class=\"screen-reader-text\">Kategorien<\/span><a href=\"https:\/\/www.urbanbiker.com\/de\/kategorie\/nachhaltige-mobilitaet\/\" rel=\"category tag\">Nachhaltige Mobilit\u00e4t<\/a> <a href=\"https:\/\/www.urbanbiker.com\/de\/kategorie\/nachrichten\/\" rel=\"category tag\">Nachrichten<\/a><\/div><img loading=\"lazy\" decoding=\"async\" width=\"940\" height=\"1040\" src=\"https:\/\/www.urbanbiker.com\/wp-content\/uploads\/2025\/12\/imagen-blog-mas-alla-del-pedaleo-940x1040.jpg\" class=\"attachment-bikys-post-grid size-bikys-post-grid wp-post-image\" alt=\"\" \/><\/div>        <div class=\"post-content\">\n            <div class=\"entry-header\">\n                <h3 class=\"sigma entry-title\"><a href=\"https:\/\/www.urbanbiker.com\/de\/mehr-als-nur-radfahren\/\" rel=\"bookmark\">MEHR ALS NUR RADFAHREN<\/a><\/h3>                <div class=\"entry-meta\">\n                      <div class=\"posted-on\"><a href=\"https:\/\/www.urbanbiker.com\/de\/mehr-als-nur-radfahren\/\" rel=\"bookmark\">18. April 2026<\/a><\/div> <div class=\"post-author\"><span class=\"text-author\">GEPOSTED VON <\/span><a href=\"https:\/\/www.urbanbiker.com\/de\/author\/urbanbikeres\/\" class=\"url fn\" rel=\"author\">UrbanBiker Espa\u00f1a<\/a><\/div>                <\/div>\n            <\/div>\n        <\/div>\n    <\/div>\n<\/div>\n<div class=\"column-item post-style-1\">\n    <div class=\"post-inner\">\n        <div class=\"post-thumbnail\"><div class=\"categories-link\"><span class=\"screen-reader-text\">Kategorien<\/span><a href=\"https:\/\/www.urbanbiker.com\/de\/kategorie\/nachhaltige-mobilitaet\/\" rel=\"category tag\">Nachhaltige Mobilit\u00e4t<\/a> <a href=\"https:\/\/www.urbanbiker.com\/de\/kategorie\/nachrichten\/\" rel=\"category tag\">Nachrichten<\/a><\/div><img loading=\"lazy\" decoding=\"async\" width=\"940\" height=\"1040\" src=\"https:\/\/www.urbanbiker.com\/wp-content\/uploads\/2025\/10\/Asi-hablan-de-Urbanbiker-en-el-mercado-internacional-de-ebikes-1-940x1040.jpg\" class=\"attachment-bikys-post-grid size-bikys-post-grid wp-post-image\" alt=\"\" \/><\/div>        <div class=\"post-content\">\n            <div class=\"entry-header\">\n                <h3 class=\"sigma entry-title\"><a href=\"https:\/\/www.urbanbiker.com\/de\/eine-elektrische-reise-von-leon-nach-gijon-auf-dem-e-bike-mit-urbanbiker\/\" rel=\"bookmark\">Eine elektrische Reise von Le\u00f3n nach Gij\u00f3n auf dem E-Bike mit UrbanBiker | 30 Tage auf dem Rad<\/a><\/h3>                <div class=\"entry-meta\">\n                      <div class=\"posted-on\"><a href=\"https:\/\/www.urbanbiker.com\/de\/eine-elektrische-reise-von-leon-nach-gijon-auf-dem-e-bike-mit-urbanbiker\/\" rel=\"bookmark\">26. Oktober 2025<\/a><\/div> <div class=\"post-author\"><span class=\"text-author\">GEPOSTED VON <\/span><a href=\"https:\/\/www.urbanbiker.com\/de\/author\/urbanbikeres\/\" class=\"url fn\" rel=\"author\">UrbanBiker Espa\u00f1a<\/a><\/div>                <\/div>\n            <\/div>\n        <\/div>\n    <\/div>\n<\/div>\n<div class=\"column-item post-style-1\">\n    <div class=\"post-inner\">\n        <div class=\"post-thumbnail\"><div class=\"categories-link\"><span class=\"screen-reader-text\">Kategorien<\/span><a href=\"https:\/\/www.urbanbiker.com\/de\/kategorie\/nachhaltige-mobilitaet\/\" rel=\"category tag\">Nachhaltige Mobilit\u00e4t<\/a> <a href=\"https:\/\/www.urbanbiker.com\/de\/kategorie\/nachrichten\/\" rel=\"category tag\">Nachrichten<\/a><\/div><img loading=\"lazy\" decoding=\"async\" width=\"940\" height=\"1040\" src=\"https:\/\/www.urbanbiker.com\/wp-content\/uploads\/2025\/09\/Asi-hablan-de-Urbanbiker-en-el-mercado-internacional-de-ebikes--940x1040.png\" class=\"attachment-bikys-post-grid size-bikys-post-grid wp-post-image\" alt=\"\" \/><\/div>        <div class=\"post-content\">\n            <div class=\"entry-header\">\n                <h3 class=\"sigma entry-title\"><a href=\"https:\/\/www.urbanbiker.com\/de\/so-spricht-der-internationale-markt-ueber-urbanbiker-elektrofahrrad\/\" rel=\"bookmark\">So spricht der internationale Markt \u00fcber UrbanBiker | Elektrofahrrad<\/a><\/h3>                <div class=\"entry-meta\">\n                      <div class=\"posted-on\"><a href=\"https:\/\/www.urbanbiker.com\/de\/so-spricht-der-internationale-markt-ueber-urbanbiker-elektrofahrrad\/\" rel=\"bookmark\">5. Oktober 2025<\/a><\/div> <div class=\"post-author\"><span class=\"text-author\">GEPOSTED VON <\/span><a href=\"https:\/\/www.urbanbiker.com\/de\/author\/urbanbiker\/\" class=\"url fn\" rel=\"author\">UrbanBiker<\/a><\/div>                <\/div>\n            <\/div>\n        <\/div>\n    <\/div>\n<\/div>\n<div class=\"column-item post-style-1\">\n    <div class=\"post-inner\">\n        <div class=\"post-thumbnail\"><div class=\"categories-link\"><span class=\"screen-reader-text\">Kategorien<\/span><a href=\"https:\/\/www.urbanbiker.com\/de\/kategorie\/nachhaltige-mobilitaet\/\" rel=\"category tag\">Nachhaltige Mobilit\u00e4t<\/a> <a href=\"https:\/\/www.urbanbiker.com\/de\/kategorie\/nachrichten\/\" rel=\"category tag\">Nachrichten<\/a> <a href=\"https:\/\/www.urbanbiker.com\/de\/kategorie\/nicht-kategorisiert\/\" rel=\"category tag\">Nicht kategorisiert<\/a><\/div><img loading=\"lazy\" decoding=\"async\" width=\"940\" height=\"1040\" src=\"https:\/\/www.urbanbiker.com\/wp-content\/uploads\/2025\/09\/Banner-Italian-Bike-Festival-min-940x1040.png\" class=\"attachment-bikys-post-grid size-bikys-post-grid wp-post-image\" alt=\"\" \/><\/div>        <div class=\"post-content\">\n            <div class=\"entry-header\">\n                <h3 class=\"sigma entry-title\"><a href=\"https:\/\/www.urbanbiker.com\/de\/urbanbiker-auf-dem-italian-bike-festival-2025-ebikes\/\" rel=\"bookmark\">UrbanBiker auf dem Italian Bike Festival 2025 | Ebikes<\/a><\/h3>                <div class=\"entry-meta\">\n                      <div class=\"posted-on\"><a href=\"https:\/\/www.urbanbiker.com\/de\/urbanbiker-auf-dem-italian-bike-festival-2025-ebikes\/\" rel=\"bookmark\">4. Oktober 2025<\/a><\/div> <div class=\"post-author\"><span class=\"text-author\">GEPOSTED VON <\/span><a href=\"https:\/\/www.urbanbiker.com\/de\/author\/urbanbikeres\/\" class=\"url fn\" rel=\"author\">UrbanBiker Espa\u00f1a<\/a><\/div>                <\/div>\n            <\/div>\n        <\/div>\n    <\/div>\n<\/div>\n<div class=\"column-item post-style-1\">\n    <div class=\"post-inner\">\n        <div class=\"post-thumbnail\"><div class=\"categories-link\"><span class=\"screen-reader-text\">Kategorien<\/span><a href=\"https:\/\/www.urbanbiker.com\/de\/kategorie\/nachhaltige-mobilitaet\/\" rel=\"category tag\">Nachhaltige Mobilit\u00e4t<\/a> <a href=\"https:\/\/www.urbanbiker.com\/de\/kategorie\/nachrichten\/\" rel=\"category tag\">Nachrichten<\/a><\/div><img loading=\"lazy\" decoding=\"async\" width=\"940\" height=\"1040\" src=\"https:\/\/www.urbanbiker.com\/wp-content\/uploads\/2025\/09\/Mini-Urbanbiker-Tren-940x1040.png\" class=\"attachment-bikys-post-grid size-bikys-post-grid wp-post-image\" alt=\"\" \/><\/div>        <div class=\"post-content\">\n            <div class=\"entry-header\">\n                <h3 class=\"sigma entry-title\"><a href=\"https:\/\/www.urbanbiker.com\/de\/mit-dem-zug-und-dem-e-bike-reisen-urbanbiker\/\" rel=\"bookmark\">Mit dem Zug und dem E-Bike reisen | UrbanBiker<\/a><\/h3>                <div class=\"entry-meta\">\n                      <div class=\"posted-on\"><a href=\"https:\/\/www.urbanbiker.com\/de\/mit-dem-zug-und-dem-e-bike-reisen-urbanbiker\/\" rel=\"bookmark\">4. Oktober 2025<\/a><\/div> <div class=\"post-author\"><span class=\"text-author\">GEPOSTED VON <\/span><a href=\"https:\/\/www.urbanbiker.com\/de\/author\/urbanbikeres\/\" class=\"url fn\" rel=\"author\">UrbanBiker Espa\u00f1a<\/a><\/div>                <\/div>\n            <\/div>\n        <\/div>\n    <\/div>\n<\/div>\n<div class=\"column-item post-style-1\">\n    <div class=\"post-inner\">\n        <div class=\"post-thumbnail\"><div class=\"categories-link\"><span class=\"screen-reader-text\">Kategorien<\/span><a href=\"https:\/\/www.urbanbiker.com\/de\/kategorie\/nachhaltige-mobilitaet\/\" rel=\"category tag\">Nachhaltige Mobilit\u00e4t<\/a> <a href=\"https:\/\/www.urbanbiker.com\/de\/kategorie\/nachrichten\/\" rel=\"category tag\">Nachrichten<\/a><\/div><img loading=\"lazy\" decoding=\"async\" width=\"940\" height=\"1040\" src=\"https:\/\/www.urbanbiker.com\/wp-content\/uploads\/2025\/06\/DSC02832-X-2-1-940x1040.jpg\" class=\"attachment-bikys-post-grid size-bikys-post-grid wp-post-image\" alt=\"\" \/><\/div>        <div class=\"post-content\">\n            <div class=\"entry-header\">\n                <h3 class=\"sigma entry-title\"><a href=\"https:\/\/www.urbanbiker.com\/de\/ein-e-bike-namens-berna-wenn-mobilitaet-auch-solidaritaet-bedeutet\/\" rel=\"bookmark\">Ein E-Bike namens Berna: wenn Mobilit\u00e4t auch Solidarit\u00e4t bedeutet<\/a><\/h3>                <div class=\"entry-meta\">\n                      <div class=\"posted-on\"><a href=\"https:\/\/www.urbanbiker.com\/de\/ein-e-bike-namens-berna-wenn-mobilitaet-auch-solidaritaet-bedeutet\/\" rel=\"bookmark\">1. Oktober 2025<\/a><\/div> <div class=\"post-author\"><span class=\"text-author\">GEPOSTED VON <\/span><a href=\"https:\/\/www.urbanbiker.com\/de\/author\/urbanbiker\/\" class=\"url fn\" rel=\"author\">UrbanBiker<\/a><\/div>                <\/div>\n            <\/div>\n        <\/div>\n    <\/div>\n<\/div>\n<div class=\"column-item post-style-1\">\n    <div class=\"post-inner\">\n        <div class=\"post-thumbnail\"><div class=\"categories-link\"><span class=\"screen-reader-text\">Kategorien<\/span><a href=\"https:\/\/www.urbanbiker.com\/de\/kategorie\/empfehlungen\/\" rel=\"category tag\">Empfehlungen<\/a><\/div><img loading=\"lazy\" decoding=\"async\" width=\"940\" height=\"1040\" src=\"https:\/\/www.urbanbiker.com\/wp-content\/uploads\/2024\/11\/7-Sidney-PLUS-contexto-940x1040.jpg\" class=\"attachment-bikys-post-grid size-bikys-post-grid wp-post-image\" alt=\"Urbanes Elektrofahrrad mit Zentralmotor\" \/><\/div>        <div class=\"post-content\">\n            <div class=\"entry-header\">\n                <h3 class=\"sigma entry-title\"><a href=\"https:\/\/www.urbanbiker.com\/de\/homologierung-bei-e-bikes-der-schluessel-zum-sorgenfreien-radeln\/\" rel=\"bookmark\">Homologierung bei E-Bikes: Der Schl\u00fcssel zum sorgenfreien Radeln<\/a><\/h3>                <div class=\"entry-meta\">\n                      <div class=\"posted-on\"><a href=\"https:\/\/www.urbanbiker.com\/de\/homologierung-bei-e-bikes-der-schluessel-zum-sorgenfreien-radeln\/\" rel=\"bookmark\">26. Juni 2025<\/a><\/div> <div class=\"post-author\"><span class=\"text-author\">GEPOSTED VON <\/span><a href=\"https:\/\/www.urbanbiker.com\/de\/author\/urbanbiker\/\" class=\"url fn\" rel=\"author\">UrbanBiker<\/a><\/div>                <\/div>\n            <\/div>\n        <\/div>\n    <\/div>\n<\/div>\n<div class=\"column-item post-style-1\">\n    <div class=\"post-inner\">\n        <div class=\"post-thumbnail\"><div class=\"categories-link\"><span class=\"screen-reader-text\">Kategorien<\/span><a href=\"https:\/\/www.urbanbiker.com\/de\/kategorie\/nachhaltige-mobilitaet\/\" rel=\"category tag\">Nachhaltige Mobilit\u00e4t<\/a> <a href=\"https:\/\/www.urbanbiker.com\/de\/kategorie\/nachrichten\/\" rel=\"category tag\">Nachrichten<\/a><\/div><img loading=\"lazy\" decoding=\"async\" width=\"940\" height=\"1040\" src=\"https:\/\/www.urbanbiker.com\/wp-content\/uploads\/2025\/04\/Diseno-sin-titulo-940x1040.jpg\" class=\"attachment-bikys-post-grid size-bikys-post-grid wp-post-image\" alt=\"\" \/><\/div>        <div class=\"post-content\">\n            <div class=\"entry-header\">\n                <h3 class=\"sigma entry-title\"><a href=\"https:\/\/www.urbanbiker.com\/de\/urbanbiker-und-doncicleto-mehr-vorteile-fuer-deine-freie-mobilitaet\/\" rel=\"bookmark\">UrbanBiker und Don Cicleto: Mehr Vorteile f\u00fcr deine freie Mobilit\u00e4t<\/a><\/h3>                <div class=\"entry-meta\">\n                      <div class=\"posted-on\"><a href=\"https:\/\/www.urbanbiker.com\/de\/urbanbiker-und-doncicleto-mehr-vorteile-fuer-deine-freie-mobilitaet\/\" rel=\"bookmark\">4. Mai 2025<\/a><\/div> <div class=\"post-author\"><span class=\"text-author\">GEPOSTED VON <\/span><a href=\"https:\/\/www.urbanbiker.com\/de\/author\/urbanbiker\/\" class=\"url fn\" rel=\"author\">UrbanBiker<\/a><\/div>                <\/div>\n            <\/div>\n        <\/div>\n    <\/div>\n<\/div>\n<div class=\"column-item post-style-1\">\n    <div class=\"post-inner\">\n        <div class=\"post-thumbnail\"><div class=\"categories-link\"><span class=\"screen-reader-text\">Kategorien<\/span><a href=\"https:\/\/www.urbanbiker.com\/de\/kategorie\/empfehlungen\/\" rel=\"category tag\">Empfehlungen<\/a> <a href=\"https:\/\/www.urbanbiker.com\/de\/kategorie\/modelle\/\" rel=\"category tag\">Modelle<\/a><\/div><img loading=\"lazy\" decoding=\"async\" width=\"940\" height=\"1040\" src=\"https:\/\/www.urbanbiker.com\/wp-content\/uploads\/2024\/12\/7-Contexto-DSC02497-940x1040.jpg\" class=\"attachment-bikys-post-grid size-bikys-post-grid wp-post-image\" alt=\"\" \/><\/div>        <div class=\"post-content\">\n            <div class=\"entry-header\">\n                <h3 class=\"sigma entry-title\"><a href=\"https:\/\/www.urbanbiker.com\/de\/doppelte-federung-bei-einem-elektrofahrrad-wann-sie-diese-option-waehlen-sollten\/\" rel=\"bookmark\">Doppelte Federung bei einem Elektrofahrrad? Wann Sie diese Option w\u00e4hlen sollten<\/a><\/h3>                <div class=\"entry-meta\">\n                      <div class=\"posted-on\"><a href=\"https:\/\/www.urbanbiker.com\/de\/doppelte-federung-bei-einem-elektrofahrrad-wann-sie-diese-option-waehlen-sollten\/\" rel=\"bookmark\">18. M\u00e4rz 2025<\/a><\/div> <div class=\"post-author\"><span class=\"text-author\">GEPOSTED VON <\/span><a href=\"https:\/\/www.urbanbiker.com\/de\/author\/urbanbiker\/\" class=\"url fn\" rel=\"author\">UrbanBiker<\/a><\/div>                <\/div>\n            <\/div>\n        <\/div>\n    <\/div>\n<\/div>\n<div class=\"column-item post-style-1\">\n    <div class=\"post-inner\">\n        <div class=\"post-thumbnail\"><div class=\"categories-link\"><span class=\"screen-reader-text\">Kategorien<\/span><a href=\"https:\/\/www.urbanbiker.com\/de\/kategorie\/empfehlungen\/\" rel=\"category tag\">Empfehlungen<\/a><\/div><img loading=\"lazy\" decoding=\"async\" width=\"677\" height=\"430\" src=\"https:\/\/www.urbanbiker.com\/wp-content\/uploads\/2025\/03\/la-importancia-la-potencia-adecuada-en-tu-bicicleta-electrica.png\" class=\"attachment-bikys-post-grid size-bikys-post-grid wp-post-image\" alt=\"la importancia la potencia adecuada en tu bicicleta-electrica\" srcset=\"https:\/\/www.urbanbiker.com\/wp-content\/uploads\/2025\/03\/la-importancia-la-potencia-adecuada-en-tu-bicicleta-electrica.png 677w, https:\/\/www.urbanbiker.com\/wp-content\/uploads\/2025\/03\/la-importancia-la-potencia-adecuada-en-tu-bicicleta-electrica-300x191.png 300w\" sizes=\"(max-width: 677px) 100vw, 677px\" \/><\/div>        <div class=\"post-content\">\n            <div class=\"entry-header\">\n                <h3 class=\"sigma entry-title\"><a href=\"https:\/\/www.urbanbiker.com\/de\/die-bedeutung-der-richtigen-leistung-fuer-ihr-elektrofahrrad\/\" rel=\"bookmark\">Die Bedeutung der richtigen Leistung f\u00fcr Ihr Elektrofahrrad<\/a><\/h3>                <div class=\"entry-meta\">\n                      <div class=\"posted-on\"><a href=\"https:\/\/www.urbanbiker.com\/de\/die-bedeutung-der-richtigen-leistung-fuer-ihr-elektrofahrrad\/\" rel=\"bookmark\">11. Januar 2025<\/a><\/div> <div class=\"post-author\"><span class=\"text-author\">GEPOSTED VON <\/span><a href=\"https:\/\/www.urbanbiker.com\/de\/author\/urbanbiker\/\" class=\"url fn\" rel=\"author\">UrbanBiker<\/a><\/div>                <\/div>\n            <\/div>\n        <\/div>\n    <\/div>\n<\/div>\n<div class=\"column-item post-style-1\">\n    <div class=\"post-inner\">\n        <div class=\"post-thumbnail\"><div class=\"categories-link\"><span class=\"screen-reader-text\">Kategorien<\/span><a href=\"https:\/\/www.urbanbiker.com\/de\/kategorie\/modelle\/\" rel=\"category tag\">Modelle<\/a> <a href=\"https:\/\/www.urbanbiker.com\/de\/kategorie\/nachrichten\/\" rel=\"category tag\">Nachrichten<\/a><\/div><img loading=\"lazy\" decoding=\"async\" width=\"940\" height=\"860\" src=\"https:\/\/www.urbanbiker.com\/wp-content\/uploads\/2024\/11\/NUEVO-Banner-Berna-para-la-HOME-h6_bg1_Berna-NUEVO-940x860.jpg\" class=\"attachment-bikys-post-grid size-bikys-post-grid wp-post-image\" alt=\"\" \/><\/div>        <div class=\"post-content\">\n            <div class=\"entry-header\">\n                <h3 class=\"sigma entry-title\"><a href=\"https:\/\/www.urbanbiker.com\/de\/berna-ein-elektrisches-fahrrad-fuer-kinder\/\" rel=\"bookmark\">Berna. Ein elektrisches Fahrrad f\u00fcr Kinder<\/a><\/h3>                <div class=\"entry-meta\">\n                      <div class=\"posted-on\"><a href=\"https:\/\/www.urbanbiker.com\/de\/berna-ein-elektrisches-fahrrad-fuer-kinder\/\" rel=\"bookmark\">19. M\u00e4rz 2025<\/a><\/div> <div class=\"post-author\"><span class=\"text-author\">GEPOSTED VON <\/span><a href=\"https:\/\/www.urbanbiker.com\/de\/author\/urbanbiker\/\" class=\"url fn\" rel=\"author\">UrbanBiker<\/a><\/div>                <\/div>\n            <\/div>\n        <\/div>\n    <\/div>\n<\/div>\n<div class=\"column-item post-style-1\">\n    <div class=\"post-inner\">\n        <div class=\"post-thumbnail\"><div class=\"categories-link\"><span class=\"screen-reader-text\">Kategorien<\/span><a href=\"https:\/\/www.urbanbiker.com\/de\/kategorie\/nachrichten\/\" rel=\"category tag\">Nachrichten<\/a><\/div><img loading=\"lazy\" decoding=\"async\" width=\"940\" height=\"900\" src=\"https:\/\/www.urbanbiker.com\/wp-content\/uploads\/2025\/03\/urbanbiker-cierre-2024-sector-bicicleta-fabricantes-leon.png-940x900.webp\" class=\"attachment-bikys-post-grid size-bikys-post-grid wp-post-image\" alt=\"\" \/><\/div>        <div class=\"post-content\">\n            <div class=\"entry-header\">\n                <h3 class=\"sigma entry-title\"><a href=\"https:\/\/www.urbanbiker.com\/de\/sie-sprechen-ueber-uns-in-c-de-comunicacion\/\" rel=\"bookmark\">Sie sprechen \u00fcber uns in C de Comunicaci\u00f3n<\/a><\/h3>                <div class=\"entry-meta\">\n                      <div class=\"posted-on\"><a href=\"https:\/\/www.urbanbiker.com\/de\/sie-sprechen-ueber-uns-in-c-de-comunicacion\/\" rel=\"bookmark\">11. November 2024<\/a><\/div> <div class=\"post-author\"><span class=\"text-author\">GEPOSTED VON <\/span><a href=\"https:\/\/www.urbanbiker.com\/de\/author\/urbanbiker\/\" class=\"url fn\" rel=\"author\">UrbanBiker<\/a><\/div>                <\/div>\n            <\/div>\n        <\/div>\n    <\/div>\n<\/div>\n<div class=\"column-item post-style-1\">\n    <div class=\"post-inner\">\n        <div class=\"post-thumbnail\"><div class=\"categories-link\"><span class=\"screen-reader-text\">Kategorien<\/span><a href=\"https:\/\/www.urbanbiker.com\/de\/kategorie\/nachrichten\/\" rel=\"category tag\">Nachrichten<\/a><\/div><img loading=\"lazy\" decoding=\"async\" width=\"940\" height=\"900\" src=\"https:\/\/www.urbanbiker.com\/wp-content\/uploads\/2024\/11\/Empresa-y-Universidad-UrbanBiker-940x900.jpg\" class=\"attachment-bikys-post-grid size-bikys-post-grid wp-post-image\" alt=\"\" \/><\/div>        <div class=\"post-content\">\n            <div class=\"entry-header\">\n                <h3 class=\"sigma entry-title\"><a href=\"https:\/\/www.urbanbiker.com\/de\/wirtschaft-und-universitaet-eine-notwendige-allianz\/\" rel=\"bookmark\">Wirtschaft und Universit\u00e4t, eine notwendige Allianz<\/a><\/h3>                <div class=\"entry-meta\">\n                      <div class=\"posted-on\"><a href=\"https:\/\/www.urbanbiker.com\/de\/wirtschaft-und-universitaet-eine-notwendige-allianz\/\" rel=\"bookmark\">13. M\u00e4rz 2025<\/a><\/div> <div class=\"post-author\"><span class=\"text-author\">GEPOSTED VON <\/span><a href=\"https:\/\/www.urbanbiker.com\/de\/author\/urbanbiker\/\" class=\"url fn\" rel=\"author\">UrbanBiker<\/a><\/div>                <\/div>\n            <\/div>\n        <\/div>\n    <\/div>\n<\/div>\n<div class=\"column-item post-style-1\">\n    <div class=\"post-inner\">\n        <div class=\"post-thumbnail\"><div class=\"categories-link\"><span class=\"screen-reader-text\">Kategorien<\/span><a href=\"https:\/\/www.urbanbiker.com\/de\/kategorie\/empfehlungen\/\" rel=\"category tag\">Empfehlungen<\/a><\/div><img loading=\"lazy\" decoding=\"async\" width=\"940\" height=\"1040\" src=\"https:\/\/www.urbanbiker.com\/wp-content\/uploads\/2024\/10\/numero-de-serie-940x1040.jpg\" class=\"attachment-bikys-post-grid size-bikys-post-grid wp-post-image\" alt=\"\" \/><\/div>        <div class=\"post-content\">\n            <div class=\"entry-header\">\n                <h3 class=\"sigma entry-title\"><a href=\"https:\/\/www.urbanbiker.com\/de\/wo-ist-die-seriennummer-des-fahrrads\/\" rel=\"bookmark\">Wo ist die Seriennummer des Fahrrads?<\/a><\/h3>                <div class=\"entry-meta\">\n                      <div class=\"posted-on\"><a href=\"https:\/\/www.urbanbiker.com\/de\/wo-ist-die-seriennummer-des-fahrrads\/\" rel=\"bookmark\">19. M\u00e4rz 2025<\/a><\/div> <div class=\"post-author\"><span class=\"text-author\">GEPOSTED VON <\/span><a href=\"https:\/\/www.urbanbiker.com\/de\/author\/urbanbiker\/\" class=\"url fn\" rel=\"author\">UrbanBiker<\/a><\/div>                <\/div>\n            <\/div>\n        <\/div>\n    <\/div>\n<\/div>\n<div class=\"column-item post-style-1\">\n    <div class=\"post-inner\">\n        <div class=\"post-thumbnail\"><div class=\"categories-link\"><span class=\"screen-reader-text\">Kategorien<\/span><a href=\"https:\/\/www.urbanbiker.com\/de\/kategorie\/empfehlungen\/\" rel=\"category tag\">Empfehlungen<\/a><\/div><img loading=\"lazy\" decoding=\"async\" width=\"940\" height=\"1040\" src=\"https:\/\/www.urbanbiker.com\/wp-content\/uploads\/2024\/11\/casco-940x1040.jpg\" class=\"attachment-bikys-post-grid size-bikys-post-grid wp-post-image\" alt=\"\" \/><\/div>        <div class=\"post-content\">\n            <div class=\"entry-header\">\n                <h3 class=\"sigma entry-title\"><a href=\"https:\/\/www.urbanbiker.com\/de\/ist-das-tragen-eines-helms-auf-einem-elektrofahrrad-pflicht\/\" rel=\"bookmark\">Ist das Tragen eines Helms auf einem Elektrofahrrad Pflicht?<\/a><\/h3>                <div class=\"entry-meta\">\n                      <div class=\"posted-on\"><a href=\"https:\/\/www.urbanbiker.com\/de\/ist-das-tragen-eines-helms-auf-einem-elektrofahrrad-pflicht\/\" rel=\"bookmark\">19. M\u00e4rz 2025<\/a><\/div> <div class=\"post-author\"><span class=\"text-author\">GEPOSTED VON <\/span><a href=\"https:\/\/www.urbanbiker.com\/de\/author\/urbanbiker\/\" class=\"url fn\" rel=\"author\">UrbanBiker<\/a><\/div>                <\/div>\n            <\/div>\n        <\/div>\n    <\/div>\n<\/div>\n<div class=\"column-item post-style-1\">\n    <div class=\"post-inner\">\n        <div class=\"post-thumbnail\"><div class=\"categories-link\"><span class=\"screen-reader-text\">Kategorien<\/span><a href=\"https:\/\/www.urbanbiker.com\/de\/kategorie\/empfehlungen\/\" rel=\"category tag\">Empfehlungen<\/a><\/div><img loading=\"lazy\" decoding=\"async\" width=\"940\" height=\"1040\" src=\"https:\/\/www.urbanbiker.com\/wp-content\/uploads\/2024\/05\/Sidney23-MEDIDAS-940x1040.jpg\" class=\"attachment-bikys-post-grid size-bikys-post-grid wp-post-image\" alt=\"\" \/><\/div>        <div class=\"post-content\">\n            <div class=\"entry-header\">\n                <h3 class=\"sigma entry-title\"><a href=\"https:\/\/www.urbanbiker.com\/de\/stack-und-reach-sind-bei-einem-fahrrad-wichtig-weil\/\" rel=\"bookmark\">STACK und REACH sind bei einem Fahrrad wichtig, weil&#8230;<\/a><\/h3>                <div class=\"entry-meta\">\n                      <div class=\"posted-on\"><a href=\"https:\/\/www.urbanbiker.com\/de\/stack-und-reach-sind-bei-einem-fahrrad-wichtig-weil\/\" rel=\"bookmark\">18. M\u00e4rz 2025<\/a><\/div> <div class=\"post-author\"><span class=\"text-author\">GEPOSTED VON <\/span><a href=\"https:\/\/www.urbanbiker.com\/de\/author\/urbanbiker\/\" class=\"url fn\" rel=\"author\">UrbanBiker<\/a><\/div>                <\/div>\n            <\/div>\n        <\/div>\n    <\/div>\n<\/div>\n<div class=\"column-item post-style-1\">\n    <div class=\"post-inner\">\n        <div class=\"post-thumbnail\"><div class=\"categories-link\"><span class=\"screen-reader-text\">Kategorien<\/span><a href=\"https:\/\/www.urbanbiker.com\/de\/kategorie\/empfehlungen\/\" rel=\"category tag\">Empfehlungen<\/a><\/div><img loading=\"lazy\" decoding=\"async\" width=\"940\" height=\"934\" src=\"https:\/\/www.urbanbiker.com\/wp-content\/uploads\/2024\/04\/como_conducir_un_vehiculo_con_motor_sin_carne_de_conducir.jpg-940x934.webp\" class=\"attachment-bikys-post-grid size-bikys-post-grid wp-post-image\" alt=\"\" srcset=\"https:\/\/www.urbanbiker.com\/wp-content\/uploads\/2024\/04\/como_conducir_un_vehiculo_con_motor_sin_carne_de_conducir.jpg-940x934.webp 940w, https:\/\/www.urbanbiker.com\/wp-content\/uploads\/2024\/04\/como_conducir_un_vehiculo_con_motor_sin_carne_de_conducir.jpg-150x150.webp 150w, https:\/\/www.urbanbiker.com\/wp-content\/uploads\/2024\/04\/como_conducir_un_vehiculo_con_motor_sin_carne_de_conducir.jpg-100x100.webp 100w, https:\/\/www.urbanbiker.com\/wp-content\/uploads\/2024\/04\/como_conducir_un_vehiculo_con_motor_sin_carne_de_conducir.jpg-50x50.webp 50w, https:\/\/www.urbanbiker.com\/wp-content\/uploads\/2024\/04\/como_conducir_un_vehiculo_con_motor_sin_carne_de_conducir.jpg-96x96.webp 96w\" sizes=\"(max-width: 940px) 100vw, 940px\" \/><\/div>        <div class=\"post-content\">\n            <div class=\"entry-header\">\n                <h3 class=\"sigma entry-title\"><a href=\"https:\/\/www.urbanbiker.com\/de\/wie-man-ein-motorisiertes-fahrzeug-ohne-fuehrerschein-faehrt\/\" rel=\"bookmark\">Wie man ein motorisiertes Fahrzeug ohne F\u00fchrerschein f\u00e4hrt<\/a><\/h3>                <div class=\"entry-meta\">\n                      <div class=\"posted-on\"><a href=\"https:\/\/www.urbanbiker.com\/de\/wie-man-ein-motorisiertes-fahrzeug-ohne-fuehrerschein-faehrt\/\" rel=\"bookmark\">19. M\u00e4rz 2025<\/a><\/div> <div class=\"post-author\"><span class=\"text-author\">GEPOSTED VON <\/span><a href=\"https:\/\/www.urbanbiker.com\/de\/author\/urbanbiker\/\" class=\"url fn\" rel=\"author\">UrbanBiker<\/a><\/div>                <\/div>\n            <\/div>\n        <\/div>\n    <\/div>\n<\/div>\n<div class=\"column-item post-style-1\">\n    <div class=\"post-inner\">\n        <div class=\"post-thumbnail\"><div class=\"categories-link\"><span class=\"screen-reader-text\">Kategorien<\/span><a href=\"https:\/\/www.urbanbiker.com\/de\/kategorie\/empfehlungen\/\" rel=\"category tag\">Empfehlungen<\/a> <a href=\"https:\/\/www.urbanbiker.com\/de\/kategorie\/modelle\/\" rel=\"category tag\">Modelle<\/a> <a href=\"https:\/\/www.urbanbiker.com\/de\/kategorie\/teile\/\" rel=\"category tag\">Teile<\/a><\/div><img loading=\"lazy\" decoding=\"async\" width=\"940\" height=\"800\" src=\"https:\/\/www.urbanbiker.com\/wp-content\/uploads\/2024\/03\/kilometros-940x800.jpg\" class=\"attachment-bikys-post-grid size-bikys-post-grid wp-post-image\" alt=\"\" \/><\/div>        <div class=\"post-content\">\n            <div class=\"entry-header\">\n                <h3 class=\"sigma entry-title\"><a href=\"https:\/\/www.urbanbiker.com\/de\/wie-viele-kilometer-kann-man-mit-einem-elektrofahrrad-zuruecklegen\/\" rel=\"bookmark\">Wie viele Kilometer kann man mit einem Elektrofahrrad zur\u00fccklegen?<\/a><\/h3>                <div class=\"entry-meta\">\n                      <div class=\"posted-on\"><a href=\"https:\/\/www.urbanbiker.com\/de\/wie-viele-kilometer-kann-man-mit-einem-elektrofahrrad-zuruecklegen\/\" rel=\"bookmark\">18. M\u00e4rz 2025<\/a><\/div> <div class=\"post-author\"><span class=\"text-author\">GEPOSTED VON <\/span><a href=\"https:\/\/www.urbanbiker.com\/de\/author\/urbanbiker\/\" class=\"url fn\" rel=\"author\">UrbanBiker<\/a><\/div>                <\/div>\n            <\/div>\n        <\/div>\n    <\/div>\n<\/div>\n<div class=\"column-item post-style-1\">\n    <div class=\"post-inner\">\n        <div class=\"post-thumbnail\"><div class=\"categories-link\"><span class=\"screen-reader-text\">Kategorien<\/span><a href=\"https:\/\/www.urbanbiker.com\/de\/kategorie\/empfehlungen\/\" rel=\"category tag\">Empfehlungen<\/a><\/div><img loading=\"lazy\" decoding=\"async\" width=\"940\" height=\"1040\" src=\"https:\/\/www.urbanbiker.com\/wp-content\/uploads\/2023\/09\/display-940x1040.jpg\" class=\"attachment-bikys-post-grid size-bikys-post-grid wp-post-image\" alt=\"\" \/><\/div>        <div class=\"post-content\">\n            <div class=\"entry-header\">\n                <h3 class=\"sigma entry-title\"><a href=\"https:\/\/www.urbanbiker.com\/de\/wie-ein-display-an-einem-elektrofahrrad-funktioniert\/\" rel=\"bookmark\">Wie ein Display an einem Elektrofahrrad funktioniert<\/a><\/h3>                <div class=\"entry-meta\">\n                      <div class=\"posted-on\"><a href=\"https:\/\/www.urbanbiker.com\/de\/wie-ein-display-an-einem-elektrofahrrad-funktioniert\/\" rel=\"bookmark\">19. M\u00e4rz 2025<\/a><\/div> <div class=\"post-author\"><span class=\"text-author\">GEPOSTED VON <\/span><a href=\"https:\/\/www.urbanbiker.com\/de\/author\/urbanbiker\/\" class=\"url fn\" rel=\"author\">UrbanBiker<\/a><\/div>                <\/div>\n            <\/div>\n        <\/div>\n    <\/div>\n<\/div>\n<div class=\"column-item post-style-1\">\n    <div class=\"post-inner\">\n        <div class=\"post-thumbnail\"><div class=\"categories-link\"><span class=\"screen-reader-text\">Kategorien<\/span><a href=\"https:\/\/www.urbanbiker.com\/de\/kategorie\/empfehlungen\/\" rel=\"category tag\">Empfehlungen<\/a><\/div><img loading=\"lazy\" decoding=\"async\" width=\"940\" height=\"1040\" src=\"https:\/\/www.urbanbiker.com\/wp-content\/uploads\/2023\/06\/9-940x1040.jpg\" class=\"attachment-bikys-post-grid size-bikys-post-grid wp-post-image\" alt=\"\" \/><\/div>        <div class=\"post-content\">\n            <div class=\"entry-header\">\n                <h3 class=\"sigma entry-title\"><a href=\"https:\/\/www.urbanbiker.com\/de\/wie-sie-die-lebensdauer-des-akkus-verlaengern-koennen\/\" rel=\"bookmark\">Wie Sie die Lebensdauer des Akkus verl\u00e4ngern k\u00f6nnen<\/a><\/h3>                <div class=\"entry-meta\">\n                      <div class=\"posted-on\"><a href=\"https:\/\/www.urbanbiker.com\/de\/wie-sie-die-lebensdauer-des-akkus-verlaengern-koennen\/\" rel=\"bookmark\">21. M\u00e4rz 2025<\/a><\/div> <div class=\"post-author\"><span class=\"text-author\">GEPOSTED VON <\/span><a href=\"https:\/\/www.urbanbiker.com\/de\/author\/urbanbiker\/\" class=\"url fn\" rel=\"author\">UrbanBiker<\/a><\/div>                <\/div>\n            <\/div>\n        <\/div>\n    <\/div>\n<\/div>\n<div class=\"column-item post-style-1\">\n    <div class=\"post-inner\">\n        <div class=\"post-thumbnail\"><div class=\"categories-link\"><span class=\"screen-reader-text\">Kategorien<\/span><a href=\"https:\/\/www.urbanbiker.com\/de\/kategorie\/empfehlungen\/\" rel=\"category tag\">Empfehlungen<\/a><\/div><img loading=\"lazy\" decoding=\"async\" width=\"940\" height=\"600\" src=\"https:\/\/www.urbanbiker.com\/wp-content\/uploads\/2023\/05\/Diseno-sin-titulo-19-940x600.png\" class=\"attachment-bikys-post-grid size-bikys-post-grid wp-post-image\" alt=\"\" \/><\/div>        <div class=\"post-content\">\n            <div class=\"entry-header\">\n                <h3 class=\"sigma entry-title\"><a href=\"https:\/\/www.urbanbiker.com\/de\/wenn-sie-koerperliche-probleme-haben-ist-ein-elektrisches-fahrrad-besser\/\" rel=\"bookmark\">Wenn Sie k\u00f6rperliche Probleme haben, ist ein elektrisches Fahrrad besser<\/a><\/h3>                <div class=\"entry-meta\">\n                      <div class=\"posted-on\"><a href=\"https:\/\/www.urbanbiker.com\/de\/wenn-sie-koerperliche-probleme-haben-ist-ein-elektrisches-fahrrad-besser\/\" rel=\"bookmark\">19. M\u00e4rz 2025<\/a><\/div> <div class=\"post-author\"><span class=\"text-author\">GEPOSTED VON <\/span><a href=\"https:\/\/www.urbanbiker.com\/de\/author\/urbanbiker\/\" class=\"url fn\" rel=\"author\">UrbanBiker<\/a><\/div>                <\/div>\n            <\/div>\n        <\/div>\n    <\/div>\n<\/div>\n<div class=\"column-item post-style-1\">\n    <div class=\"post-inner\">\n        <div class=\"post-thumbnail\"><div class=\"categories-link\"><span class=\"screen-reader-text\">Kategorien<\/span><a href=\"https:\/\/www.urbanbiker.com\/de\/kategorie\/empfehlungen\/\" rel=\"category tag\">Empfehlungen<\/a> <a href=\"https:\/\/www.urbanbiker.com\/de\/kategorie\/teile\/\" rel=\"category tag\">Teile<\/a><\/div><img loading=\"lazy\" decoding=\"async\" width=\"940\" height=\"1040\" src=\"https:\/\/www.urbanbiker.com\/wp-content\/uploads\/2023\/05\/2-Felicidad-scaled-1-940x1040.jpg\" class=\"attachment-bikys-post-grid size-bikys-post-grid wp-post-image\" alt=\"\" \/><\/div>        <div class=\"post-content\">\n            <div class=\"entry-header\">\n                <h3 class=\"sigma entry-title\"><a href=\"https:\/\/www.urbanbiker.com\/de\/wie-ein-elektrofahrrad-funktioniert\/\" rel=\"bookmark\">Wie ein Elektrofahrrad funktioniert<\/a><\/h3>                <div class=\"entry-meta\">\n                      <div class=\"posted-on\"><a href=\"https:\/\/www.urbanbiker.com\/de\/wie-ein-elektrofahrrad-funktioniert\/\" rel=\"bookmark\">19. M\u00e4rz 2025<\/a><\/div> <div class=\"post-author\"><span class=\"text-author\">GEPOSTED VON <\/span><a href=\"https:\/\/www.urbanbiker.com\/de\/author\/urbanbiker\/\" class=\"url fn\" rel=\"author\">UrbanBiker<\/a><\/div>                <\/div>\n            <\/div>\n        <\/div>\n    <\/div>\n<\/div>\n<div class=\"column-item post-style-1\">\n    <div class=\"post-inner\">\n        <div class=\"post-thumbnail\"><div class=\"categories-link\"><span class=\"screen-reader-text\">Kategorien<\/span><a href=\"https:\/\/www.urbanbiker.com\/de\/kategorie\/empfehlungen\/\" rel=\"category tag\">Empfehlungen<\/a> <a href=\"https:\/\/www.urbanbiker.com\/de\/kategorie\/teile\/\" rel=\"category tag\">Teile<\/a><\/div><img loading=\"lazy\" decoding=\"async\" width=\"600\" height=\"600\" src=\"https:\/\/www.urbanbiker.com\/wp-content\/uploads\/2023\/04\/bike-repair-shop-1.jpg\" class=\"attachment-bikys-post-grid size-bikys-post-grid wp-post-image\" alt=\"\" srcset=\"https:\/\/www.urbanbiker.com\/wp-content\/uploads\/2023\/04\/bike-repair-shop-1.jpg 600w, https:\/\/www.urbanbiker.com\/wp-content\/uploads\/2023\/04\/bike-repair-shop-1-300x300.jpg 300w, https:\/\/www.urbanbiker.com\/wp-content\/uploads\/2023\/04\/bike-repair-shop-1-150x150.jpg 150w, https:\/\/www.urbanbiker.com\/wp-content\/uploads\/2023\/04\/bike-repair-shop-1-450x450.jpg 450w, https:\/\/www.urbanbiker.com\/wp-content\/uploads\/2023\/04\/bike-repair-shop-1-100x100.jpg 100w, https:\/\/www.urbanbiker.com\/wp-content\/uploads\/2023\/04\/bike-repair-shop-1-50x50.jpg 50w, https:\/\/www.urbanbiker.com\/wp-content\/uploads\/2023\/04\/bike-repair-shop-1-96x96.jpg 96w, https:\/\/www.urbanbiker.com\/wp-content\/uploads\/2023\/04\/bike-repair-shop-1-460x460.jpg 460w\" sizes=\"(max-width: 600px) 100vw, 600px\" \/><\/div>        <div class=\"post-content\">\n            <div class=\"entry-header\">\n                <h3 class=\"sigma entry-title\"><a href=\"https:\/\/www.urbanbiker.com\/de\/elektrische-fehler-an-elektrofahrraedern\/\" rel=\"bookmark\">Elektrische Fehler an Elektrofahrr\u00e4dern<\/a><\/h3>                <div class=\"entry-meta\">\n                      <div class=\"posted-on\"><a href=\"https:\/\/www.urbanbiker.com\/de\/elektrische-fehler-an-elektrofahrraedern\/\" rel=\"bookmark\">18. M\u00e4rz 2025<\/a><\/div> <div class=\"post-author\"><span class=\"text-author\">GEPOSTED VON <\/span><a href=\"https:\/\/www.urbanbiker.com\/de\/author\/urbanbiker\/\" class=\"url fn\" rel=\"author\">UrbanBiker<\/a><\/div>                <\/div>\n            <\/div>\n        <\/div>\n    <\/div>\n<\/div>\n<div class=\"column-item post-style-1\">\n    <div class=\"post-inner\">\n        <div class=\"post-thumbnail\"><div class=\"categories-link\"><span class=\"screen-reader-text\">Kategorien<\/span><a href=\"https:\/\/www.urbanbiker.com\/de\/kategorie\/empfehlungen\/\" rel=\"category tag\">Empfehlungen<\/a> <a href=\"https:\/\/www.urbanbiker.com\/de\/kategorie\/teile\/\" rel=\"category tag\">Teile<\/a><\/div><img loading=\"lazy\" decoding=\"async\" width=\"940\" height=\"1040\" src=\"https:\/\/www.urbanbiker.com\/wp-content\/uploads\/2023\/03\/urbanbiker-dakota-11-940x1040.jpg\" class=\"attachment-bikys-post-grid size-bikys-post-grid wp-post-image\" alt=\"\" \/><\/div>        <div class=\"post-content\">\n            <div class=\"entry-header\">\n                <h3 class=\"sigma entry-title\"><a href=\"https:\/\/www.urbanbiker.com\/de\/warum-ein-elektrofahrrad-so-viel-wiegt\/\" rel=\"bookmark\">Warum ein Elektrofahrrad so viel wiegt<\/a><\/h3>                <div class=\"entry-meta\">\n                      <div class=\"posted-on\"><a href=\"https:\/\/www.urbanbiker.com\/de\/warum-ein-elektrofahrrad-so-viel-wiegt\/\" rel=\"bookmark\">18. M\u00e4rz 2025<\/a><\/div> <div class=\"post-author\"><span class=\"text-author\">GEPOSTED VON <\/span><a href=\"https:\/\/www.urbanbiker.com\/de\/author\/urbanbiker\/\" class=\"url fn\" rel=\"author\">UrbanBiker<\/a><\/div>                <\/div>\n            <\/div>\n        <\/div>\n    <\/div>\n<\/div>\n<div class=\"column-item post-style-1\">\n    <div class=\"post-inner\">\n        <div class=\"post-thumbnail\"><div class=\"categories-link\"><span class=\"screen-reader-text\">Kategorien<\/span><a href=\"https:\/\/www.urbanbiker.com\/de\/kategorie\/wartung\/\" rel=\"category tag\">Wartung<\/a><\/div><img loading=\"lazy\" decoding=\"async\" width=\"940\" height=\"800\" src=\"https:\/\/www.urbanbiker.com\/wp-content\/uploads\/2023\/03\/presion_neumaticos_mtb_revisado_1-940x800.jpg\" class=\"attachment-bikys-post-grid size-bikys-post-grid wp-post-image\" alt=\"\" \/><\/div>        <div class=\"post-content\">\n            <div class=\"entry-header\">\n                <h3 class=\"sigma entry-title\"><a href=\"https:\/\/www.urbanbiker.com\/de\/wie-man-eine-reifenpanne-an-einem-elektrofahrrad-behebt\/\" rel=\"bookmark\">Wie man eine Reifenpanne an einem Elektrofahrrad behebt<\/a><\/h3>                <div class=\"entry-meta\">\n                      <div class=\"posted-on\"><a href=\"https:\/\/www.urbanbiker.com\/de\/wie-man-eine-reifenpanne-an-einem-elektrofahrrad-behebt\/\" rel=\"bookmark\">16. Dezember 2024<\/a><\/div> <div class=\"post-author\"><span class=\"text-author\">GEPOSTED VON <\/span><a href=\"https:\/\/www.urbanbiker.com\/de\/author\/urbanbiker\/\" class=\"url fn\" rel=\"author\">UrbanBiker<\/a><\/div>                <\/div>\n            <\/div>\n        <\/div>\n    <\/div>\n<\/div>\n<div class=\"column-item post-style-1\">\n    <div class=\"post-inner\">\n        <div class=\"post-thumbnail\"><div class=\"categories-link\"><span class=\"screen-reader-text\">Kategorien<\/span><a href=\"https:\/\/www.urbanbiker.com\/de\/kategorie\/empfehlungen\/\" rel=\"category tag\">Empfehlungen<\/a> <a href=\"https:\/\/www.urbanbiker.com\/de\/kategorie\/wartung\/\" rel=\"category tag\">Wartung<\/a><\/div><img loading=\"lazy\" decoding=\"async\" width=\"940\" height=\"1040\" src=\"https:\/\/www.urbanbiker.com\/wp-content\/uploads\/2023\/03\/limpiar_ebike-940x1040.webp\" class=\"attachment-bikys-post-grid size-bikys-post-grid wp-post-image\" alt=\"\" \/><\/div>        <div class=\"post-content\">\n            <div class=\"entry-header\">\n                <h3 class=\"sigma entry-title\"><a href=\"https:\/\/www.urbanbiker.com\/de\/wie-man-ein-elektrofahrrad-waescht\/\" rel=\"bookmark\">Wie man ein Elektrofahrrad w\u00e4scht<\/a><\/h3>                <div class=\"entry-meta\">\n                      <div class=\"posted-on\"><a href=\"https:\/\/www.urbanbiker.com\/de\/wie-man-ein-elektrofahrrad-waescht\/\" rel=\"bookmark\">16. Dezember 2024<\/a><\/div> <div class=\"post-author\"><span class=\"text-author\">GEPOSTED VON <\/span><a href=\"https:\/\/www.urbanbiker.com\/de\/author\/urbanbiker\/\" class=\"url fn\" rel=\"author\">UrbanBiker<\/a><\/div>                <\/div>\n            <\/div>\n        <\/div>\n    <\/div>\n<\/div>\n<div class=\"column-item post-style-1\">\n    <div class=\"post-inner\">\n        <div class=\"post-thumbnail\"><div class=\"categories-link\"><span class=\"screen-reader-text\">Kategorien<\/span><a href=\"https:\/\/www.urbanbiker.com\/de\/kategorie\/empfehlungen\/\" rel=\"category tag\">Empfehlungen<\/a> <a href=\"https:\/\/www.urbanbiker.com\/de\/kategorie\/nachrichten\/\" rel=\"category tag\">Nachrichten<\/a><\/div><img loading=\"lazy\" decoding=\"async\" width=\"463\" height=\"463\" src=\"https:\/\/www.urbanbiker.com\/wp-content\/uploads\/2023\/03\/Urbanbiker-display-ub-2.png\" class=\"attachment-bikys-post-grid size-bikys-post-grid wp-post-image\" alt=\"\" srcset=\"https:\/\/www.urbanbiker.com\/wp-content\/uploads\/2023\/03\/Urbanbiker-display-ub-2.png 463w, https:\/\/www.urbanbiker.com\/wp-content\/uploads\/2023\/03\/Urbanbiker-display-ub-2-300x300.png 300w, https:\/\/www.urbanbiker.com\/wp-content\/uploads\/2023\/03\/Urbanbiker-display-ub-2-150x150.png 150w, https:\/\/www.urbanbiker.com\/wp-content\/uploads\/2023\/03\/Urbanbiker-display-ub-2-450x450.png 450w, https:\/\/www.urbanbiker.com\/wp-content\/uploads\/2023\/03\/Urbanbiker-display-ub-2-100x100.png 100w, https:\/\/www.urbanbiker.com\/wp-content\/uploads\/2023\/03\/Urbanbiker-display-ub-2-50x50.png 50w, https:\/\/www.urbanbiker.com\/wp-content\/uploads\/2023\/03\/Urbanbiker-display-ub-2-96x96.png 96w, https:\/\/www.urbanbiker.com\/wp-content\/uploads\/2023\/03\/Urbanbiker-display-ub-2-460x460.png 460w\" sizes=\"(max-width: 463px) 100vw, 463px\" \/><\/div>        <div class=\"post-content\">\n            <div class=\"entry-header\">\n                <h3 class=\"sigma entry-title\"><a href=\"https:\/\/www.urbanbiker.com\/de\/was-ist-der-gehmodus-bei-einem-elektrofahrrad\/\" rel=\"bookmark\">Was ist der Gehmodus bei einem Elektrofahrrad?<\/a><\/h3>                <div class=\"entry-meta\">\n                      <div class=\"posted-on\"><a href=\"https:\/\/www.urbanbiker.com\/de\/was-ist-der-gehmodus-bei-einem-elektrofahrrad\/\" rel=\"bookmark\">16. Dezember 2024<\/a><\/div> <div class=\"post-author\"><span class=\"text-author\">GEPOSTED VON <\/span><a href=\"https:\/\/www.urbanbiker.com\/de\/author\/urbanbiker\/\" class=\"url fn\" rel=\"author\">UrbanBiker<\/a><\/div>                <\/div>\n            <\/div>\n        <\/div>\n    <\/div>\n<\/div>\n            <\/div>\n\n                    <\/div>\n        \t\t\t\t<\/div>\n\t\t\t\t<\/div>\n\t\t\t\t\t<\/div>\n\t\t<\/div>\n\t\t\t\t\t<\/div>\n\t\t<\/div>\n\t\t\t\t<\/div>\n\t\t","protected":false},"excerpt":{"rendered":"<p>Categor\u00edasConsejos Modelos \u00bfDoble suspensi\u00f3n en una bicicleta el\u00e9ctrica? Cuando elegir esta opci\u00f3n 11\/03\/2025 PUBLICADO POR UrbanBiker Categor\u00edasConsejos La importancia de la potencia adecuada en tu bicicleta el\u00e9ctrica 11\/03\/2025 PUBLICADO POR UrbanBiker Categor\u00edasModelos Novedades Berna. Una bici el\u00e9ctrica para ni\u00f1os 11\/03\/2025 PUBLICADO POR UrbanBiker Categor\u00edasNovedades Hablan de nosotros en C de Comunicaci\u00f3n 11\/03\/2025 PUBLICADO POR UrbanBiker [&hellip;]<\/p>\n","protected":false},"author":1,"featured_media":0,"parent":0,"menu_order":0,"comment_status":"closed","ping_status":"closed","template":"","meta":{"footnotes":""},"class_list":["post-35370","page","type-page","status-publish","hentry"],"yoast_head":"<!-- This site is optimized with the Yoast SEO plugin v27.5 - https:\/\/yoast.com\/product\/yoast-seo-wordpress\/ -->\n<title>News | UrbanBiker<\/title>\n<meta name=\"robots\" content=\"index, follow, max-snippet:-1, max-image-preview:large, max-video-preview:-1\" \/>\n<link rel=\"canonical\" href=\"https:\/\/www.urbanbiker.com\/de\/nachrichten\/\" \/>\n<meta property=\"og:locale\" content=\"de_DE\" \/>\n<meta property=\"og:type\" content=\"article\" \/>\n<meta property=\"og:title\" content=\"News | UrbanBiker\" \/>\n<meta property=\"og:description\" content=\"Categor\u00edasConsejos Modelos \u00bfDoble suspensi\u00f3n en una bicicleta el\u00e9ctrica? Cuando elegir esta opci\u00f3n 11\/03\/2025 PUBLICADO POR UrbanBiker Categor\u00edasConsejos La importancia de la potencia adecuada en tu bicicleta el\u00e9ctrica 11\/03\/2025 PUBLICADO POR UrbanBiker Categor\u00edasModelos Novedades Berna. Una bici el\u00e9ctrica para ni\u00f1os 11\/03\/2025 PUBLICADO POR UrbanBiker Categor\u00edasNovedades Hablan de nosotros en C de Comunicaci\u00f3n 11\/03\/2025 PUBLICADO POR UrbanBiker [&hellip;]\" \/>\n<meta property=\"og:url\" content=\"https:\/\/www.urbanbiker.com\/de\/nachrichten\/\" \/>\n<meta property=\"og:site_name\" content=\"UrbanBiker\" \/>\n<meta property=\"article:publisher\" content=\"https:\/\/www.facebook.com\/Urbanbikerbiciselectricas\" \/>\n<meta property=\"article:modified_time\" content=\"2025-03-13T12:46:41+00:00\" \/>\n<meta property=\"og:image\" content=\"http:\/\/www.urbanbiker.com\/wp-content\/uploads\/2024\/12\/7-Contexto-DSC02497-940x1040.jpg\" \/>\n<meta name=\"twitter:card\" content=\"summary_large_image\" \/>\n<meta name=\"twitter:label1\" content=\"Gesch\u00e4tzte Lesezeit\" \/>\n\t<meta name=\"twitter:data1\" content=\"1\u00a0Minute\" \/>\n<script type=\"application\/ld+json\" class=\"yoast-schema-graph\">{\"@context\":\"https:\\\/\\\/schema.org\",\"@graph\":[{\"@type\":\"WebPage\",\"@id\":\"https:\\\/\\\/www.urbanbiker.com\\\/de\\\/nachrichten\\\/\",\"url\":\"https:\\\/\\\/www.urbanbiker.com\\\/de\\\/nachrichten\\\/\",\"name\":\"News | UrbanBiker\",\"isPartOf\":{\"@id\":\"https:\\\/\\\/www.urbanbiker.com\\\/de\\\/#website\"},\"primaryImageOfPage\":{\"@id\":\"https:\\\/\\\/www.urbanbiker.com\\\/de\\\/nachrichten\\\/#primaryimage\"},\"image\":{\"@id\":\"https:\\\/\\\/www.urbanbiker.com\\\/de\\\/nachrichten\\\/#primaryimage\"},\"thumbnailUrl\":\"http:\\\/\\\/www.urbanbiker.com\\\/wp-content\\\/uploads\\\/2024\\\/12\\\/7-Contexto-DSC02497-940x1040.jpg\",\"datePublished\":\"2023-03-20T01:30:46+00:00\",\"dateModified\":\"2025-03-13T12:46:41+00:00\",\"breadcrumb\":{\"@id\":\"https:\\\/\\\/www.urbanbiker.com\\\/de\\\/nachrichten\\\/#breadcrumb\"},\"inLanguage\":\"de\",\"potentialAction\":[{\"@type\":\"ReadAction\",\"target\":[\"https:\\\/\\\/www.urbanbiker.com\\\/de\\\/nachrichten\\\/\"]}]},{\"@type\":\"ImageObject\",\"inLanguage\":\"de\",\"@id\":\"https:\\\/\\\/www.urbanbiker.com\\\/de\\\/nachrichten\\\/#primaryimage\",\"url\":\"http:\\\/\\\/www.urbanbiker.com\\\/wp-content\\\/uploads\\\/2024\\\/12\\\/7-Contexto-DSC02497-940x1040.jpg\",\"contentUrl\":\"http:\\\/\\\/www.urbanbiker.com\\\/wp-content\\\/uploads\\\/2024\\\/12\\\/7-Contexto-DSC02497-940x1040.jpg\"},{\"@type\":\"BreadcrumbList\",\"@id\":\"https:\\\/\\\/www.urbanbiker.com\\\/de\\\/nachrichten\\\/#breadcrumb\",\"itemListElement\":[{\"@type\":\"ListItem\",\"position\":1,\"name\":\"Portada\",\"item\":\"https:\\\/\\\/www.urbanbiker.com\\\/de\\\/\"},{\"@type\":\"ListItem\",\"position\":2,\"name\":\"News\"}]},{\"@type\":\"WebSite\",\"@id\":\"https:\\\/\\\/www.urbanbiker.com\\\/de\\\/#website\",\"url\":\"https:\\\/\\\/www.urbanbiker.com\\\/de\\\/\",\"name\":\"UrbanBiker\",\"description\":\"Elektrische Fahrr\u00e4der\",\"publisher\":{\"@id\":\"https:\\\/\\\/www.urbanbiker.com\\\/de\\\/#organization\"},\"potentialAction\":[{\"@type\":\"SearchAction\",\"target\":{\"@type\":\"EntryPoint\",\"urlTemplate\":\"https:\\\/\\\/www.urbanbiker.com\\\/de\\\/?s={search_term_string}\"},\"query-input\":{\"@type\":\"PropertyValueSpecification\",\"valueRequired\":true,\"valueName\":\"search_term_string\"}}],\"inLanguage\":\"de\"},{\"@type\":\"Organization\",\"@id\":\"https:\\\/\\\/www.urbanbiker.com\\\/de\\\/#organization\",\"name\":\"UrbanBiker\",\"url\":\"https:\\\/\\\/www.urbanbiker.com\\\/de\\\/\",\"logo\":{\"@type\":\"ImageObject\",\"inLanguage\":\"de\",\"@id\":\"https:\\\/\\\/www.urbanbiker.com\\\/de\\\/#\\\/schema\\\/logo\\\/image\\\/\",\"url\":\"https:\\\/\\\/www.urbanbiker.com\\\/wp-content\\\/uploads\\\/2022\\\/09\\\/Logo-principal-sin-fondo.png\",\"contentUrl\":\"https:\\\/\\\/www.urbanbiker.com\\\/wp-content\\\/uploads\\\/2022\\\/09\\\/Logo-principal-sin-fondo.png\",\"width\":2560,\"height\":934,\"caption\":\"UrbanBiker\"},\"image\":{\"@id\":\"https:\\\/\\\/www.urbanbiker.com\\\/de\\\/#\\\/schema\\\/logo\\\/image\\\/\"},\"sameAs\":[\"https:\\\/\\\/www.facebook.com\\\/Urbanbikerbiciselectricas\",\"https:\\\/\\\/www.instagram.com\\\/urbanbiker_\\\/\",\"https:\\\/\\\/www.linkedin.com\\\/company\\\/2454235\",\"https:\\\/\\\/www.youtube.com\\\/channel\\\/UCWR__uH_RWJF-OhPfz-9-Qw\"]}]}<\/script>\n<!-- \/ Yoast SEO plugin. -->","yoast_head_json":{"title":"News | UrbanBiker","robots":{"index":"index","follow":"follow","max-snippet":"max-snippet:-1","max-image-preview":"max-image-preview:large","max-video-preview":"max-video-preview:-1"},"canonical":"https:\/\/www.urbanbiker.com\/de\/nachrichten\/","og_locale":"de_DE","og_type":"article","og_title":"News | UrbanBiker","og_description":"Categor\u00edasConsejos Modelos \u00bfDoble suspensi\u00f3n en una bicicleta el\u00e9ctrica? Cuando elegir esta opci\u00f3n 11\/03\/2025 PUBLICADO POR UrbanBiker Categor\u00edasConsejos La importancia de la potencia adecuada en tu bicicleta el\u00e9ctrica 11\/03\/2025 PUBLICADO POR UrbanBiker Categor\u00edasModelos Novedades Berna. Una bici el\u00e9ctrica para ni\u00f1os 11\/03\/2025 PUBLICADO POR UrbanBiker Categor\u00edasNovedades Hablan de nosotros en C de Comunicaci\u00f3n 11\/03\/2025 PUBLICADO POR UrbanBiker [&hellip;]","og_url":"https:\/\/www.urbanbiker.com\/de\/nachrichten\/","og_site_name":"UrbanBiker","article_publisher":"https:\/\/www.facebook.com\/Urbanbikerbiciselectricas","article_modified_time":"2025-03-13T12:46:41+00:00","og_image":[{"url":"http:\/\/www.urbanbiker.com\/wp-content\/uploads\/2024\/12\/7-Contexto-DSC02497-940x1040.jpg","type":"","width":"","height":""}],"twitter_card":"summary_large_image","twitter_misc":{"Gesch\u00e4tzte Lesezeit":"1\u00a0Minute"},"schema":{"@context":"https:\/\/schema.org","@graph":[{"@type":"WebPage","@id":"https:\/\/www.urbanbiker.com\/de\/nachrichten\/","url":"https:\/\/www.urbanbiker.com\/de\/nachrichten\/","name":"News | UrbanBiker","isPartOf":{"@id":"https:\/\/www.urbanbiker.com\/de\/#website"},"primaryImageOfPage":{"@id":"https:\/\/www.urbanbiker.com\/de\/nachrichten\/#primaryimage"},"image":{"@id":"https:\/\/www.urbanbiker.com\/de\/nachrichten\/#primaryimage"},"thumbnailUrl":"http:\/\/www.urbanbiker.com\/wp-content\/uploads\/2024\/12\/7-Contexto-DSC02497-940x1040.jpg","datePublished":"2023-03-20T01:30:46+00:00","dateModified":"2025-03-13T12:46:41+00:00","breadcrumb":{"@id":"https:\/\/www.urbanbiker.com\/de\/nachrichten\/#breadcrumb"},"inLanguage":"de","potentialAction":[{"@type":"ReadAction","target":["https:\/\/www.urbanbiker.com\/de\/nachrichten\/"]}]},{"@type":"ImageObject","inLanguage":"de","@id":"https:\/\/www.urbanbiker.com\/de\/nachrichten\/#primaryimage","url":"http:\/\/www.urbanbiker.com\/wp-content\/uploads\/2024\/12\/7-Contexto-DSC02497-940x1040.jpg","contentUrl":"http:\/\/www.urbanbiker.com\/wp-content\/uploads\/2024\/12\/7-Contexto-DSC02497-940x1040.jpg"},{"@type":"BreadcrumbList","@id":"https:\/\/www.urbanbiker.com\/de\/nachrichten\/#breadcrumb","itemListElement":[{"@type":"ListItem","position":1,"name":"Portada","item":"https:\/\/www.urbanbiker.com\/de\/"},{"@type":"ListItem","position":2,"name":"News"}]},{"@type":"WebSite","@id":"https:\/\/www.urbanbiker.com\/de\/#website","url":"https:\/\/www.urbanbiker.com\/de\/","name":"UrbanBiker","description":"Elektrische Fahrr\u00e4der","publisher":{"@id":"https:\/\/www.urbanbiker.com\/de\/#organization"},"potentialAction":[{"@type":"SearchAction","target":{"@type":"EntryPoint","urlTemplate":"https:\/\/www.urbanbiker.com\/de\/?s={search_term_string}"},"query-input":{"@type":"PropertyValueSpecification","valueRequired":true,"valueName":"search_term_string"}}],"inLanguage":"de"},{"@type":"Organization","@id":"https:\/\/www.urbanbiker.com\/de\/#organization","name":"UrbanBiker","url":"https:\/\/www.urbanbiker.com\/de\/","logo":{"@type":"ImageObject","inLanguage":"de","@id":"https:\/\/www.urbanbiker.com\/de\/#\/schema\/logo\/image\/","url":"https:\/\/www.urbanbiker.com\/wp-content\/uploads\/2022\/09\/Logo-principal-sin-fondo.png","contentUrl":"https:\/\/www.urbanbiker.com\/wp-content\/uploads\/2022\/09\/Logo-principal-sin-fondo.png","width":2560,"height":934,"caption":"UrbanBiker"},"image":{"@id":"https:\/\/www.urbanbiker.com\/de\/#\/schema\/logo\/image\/"},"sameAs":["https:\/\/www.facebook.com\/Urbanbikerbiciselectricas","https:\/\/www.instagram.com\/urbanbiker_\/","https:\/\/www.linkedin.com\/company\/2454235","https:\/\/www.youtube.com\/channel\/UCWR__uH_RWJF-OhPfz-9-Qw"]}]}},"_links":{"self":[{"href":"https:\/\/www.urbanbiker.com\/de\/wp-json\/wp\/v2\/pages\/35370","targetHints":{"allow":["GET"]}}],"collection":[{"href":"https:\/\/www.urbanbiker.com\/de\/wp-json\/wp\/v2\/pages"}],"about":[{"href":"https:\/\/www.urbanbiker.com\/de\/wp-json\/wp\/v2\/types\/page"}],"author":[{"embeddable":true,"href":"https:\/\/www.urbanbiker.com\/de\/wp-json\/wp\/v2\/users\/1"}],"replies":[{"embeddable":true,"href":"https:\/\/www.urbanbiker.com\/de\/wp-json\/wp\/v2\/comments?post=35370"}],"version-history":[{"count":3,"href":"https:\/\/www.urbanbiker.com\/de\/wp-json\/wp\/v2\/pages\/35370\/revisions"}],"predecessor-version":[{"id":38601,"href":"https:\/\/www.urbanbiker.com\/de\/wp-json\/wp\/v2\/pages\/35370\/revisions\/38601"}],"wp:attachment":[{"href":"https:\/\/www.urbanbiker.com\/de\/wp-json\/wp\/v2\/media?parent=35370"}],"curies":[{"name":"wp","href":"https:\/\/api.w.org\/{rel}","templated":true}]}}